{"id":3241,"date":"2020-12-15T13:49:26","date_gmt":"2020-12-15T12:49:26","guid":{"rendered":"https:\/\/agripedia.ch\/zusammenarbeit\/?page_id=3241"},"modified":"2023-11-13T16:08:28","modified_gmt":"2023-11-13T15:08:28","slug":"raggruppamento-dellutilizzo","status":"publish","type":"page","link":"https:\/\/agripedia.ch\/zusammenarbeit\/it\/forme-di-cooperazione\/raggruppamento-dellutilizzo\/","title":{"rendered":"Raggruppamento dell\u2019utilizzo"},"content":{"rendered":"<p><div class=\"fusion-fullwidth fullwidth-box fusion-builder-row-1 nonhundred-percent-fullwidth non-hundred-percent-height-scrolling\" style=\"--awb-border-radius-top-left:0px;--awb-border-radius-top-right:0px;--awb-border-radius-bottom-right:0px;--awb-border-radius-bottom-left:0px;--awb-flex-wrap:wrap;\" ><div class=\"fusion-builder-row fusion-row\"><div class=\"fusion-layout-column fusion_builder_column fusion-builder-column-0 fusion_builder_column_1_1 1_1 fusion-one-full fusion-column-first fusion-column-last\" style=\"--awb-bg-size:cover;\"><div class=\"fusion-column-wrapper fusion-column-has-shadow fusion-flex-column-wrapper-legacy\"><div class=\"fusion-text fusion-text-1\"><h5><em><span style=\"color: #808080;\">gestione pi\u00f9 efficiente \u2013 pacchi contigui \u2013 solo cambio di gestione \u2013 immobile immutato<\/span><\/em><\/h5>\n<\/div><div class=\"fusion-clearfix\"><\/div><\/div><\/div><\/div><\/div><div class=\"fusion-fullwidth fullwidth-box fusion-builder-row-2 nonhundred-percent-fullwidth non-hundred-percent-height-scrolling\" style=\"--awb-border-radius-top-left:0px;--awb-border-radius-top-right:0px;--awb-border-radius-bottom-right:0px;--awb-border-radius-bottom-left:0px;--awb-flex-wrap:wrap;\" ><div class=\"fusion-builder-row fusion-row\"><div class=\"fusion-layout-column fusion_builder_column fusion-builder-column-1 fusion_builder_column_2_3 2_3 fusion-two-third fusion-column-first\" style=\"--awb-bg-size:cover;width:66.666666666667%;width:calc(66.666666666667% - ( ( 4% ) * 0.66666666666667 ) );margin-right: 4%;\"><div class=\"fusion-column-wrapper fusion-flex-column-wrapper-legacy\"><div class=\"fusion-text fusion-text-2\"><p>Il raggruppamento dell\u2019utilizzo \u2013 detto anche raggruppamento gestionale \u2013 \u00e8 uno strumento per ottimizzare e adeguare la gestione e l\u2019utilizzo dello spazio rurale. Si basa sulla partecipazione volontaria dei gestori e tiene conto dei loro terreni in affitto e di propriet\u00e0. Anche se in caso di raggruppamento dell\u2019utilizzo non vi sono cambiamenti nella propriet\u00e0 fondiaria pu\u00f2 capitare che i propri terreni non vengano pi\u00f9 gestiti in prima persona. In questa procedura non sono previsti provvedimenti edilizi.<\/p>\n<p>Includendo sia i terreni di propriet\u00e0 che quelli in affitto, il raggruppamento dell\u2019utilizzo migliora nettamente le condizioni di gestione, poich\u00e9 vengono a crearsi particelle di dimensioni maggiori e gestibili in modo pi\u00f9 razionale.<\/p>\n<\/div><div class=\"fusion-clearfix\"><\/div><\/div><\/div><div class=\"fusion-layout-column fusion_builder_column fusion-builder-column-2 fusion_builder_column_1_3 1_3 fusion-one-third fusion-column-last\" style=\"--awb-bg-size:cover;width:33.333333333333%;width:calc(33.333333333333% - ( ( 4% ) * 0.33333333333333 ) );\"><div class=\"fusion-column-wrapper fusion-flex-column-wrapper-legacy\"><div class=\"fusion-image-element in-legacy-container\" style=\"--awb-max-width:558px;--awb-caption-title-font-family:var(--h2_typography-font-family);--awb-caption-title-font-weight:var(--h2_typography-font-weight);--awb-caption-title-font-style:var(--h2_typography-font-style);--awb-caption-title-size:var(--h2_typography-font-size);--awb-caption-title-transform:var(--h2_typography-text-transform);--awb-caption-title-line-height:var(--h2_typography-line-height);--awb-caption-title-letter-spacing:var(--h2_typography-letter-spacing);\"><span class=\" fusion-imageframe imageframe-none imageframe-1 hover-type-none agri-gif-placeholder\"><img decoding=\"async\" width=\"818\" height=\"452\" alt=\"Bild\" title=\"Nutzungsarrondierung\" src=\"https:\/\/agripedia.ch\/zusammenarbeit\/wp-content\/uploads\/sites\/24\/2020\/09\/nutzungsarrondierung.jpg\" class=\"img-responsive wp-image-3203\" srcset=\"https:\/\/agripedia.ch\/zusammenarbeit\/wp-content\/uploads\/sites\/24\/2020\/09\/nutzungsarrondierung-200x111.jpg 200w, https:\/\/agripedia.ch\/zusammenarbeit\/wp-content\/uploads\/sites\/24\/2020\/09\/nutzungsarrondierung-400x221.jpg 400w, https:\/\/agripedia.ch\/zusammenarbeit\/wp-content\/uploads\/sites\/24\/2020\/09\/nutzungsarrondierung-600x332.jpg 600w, https:\/\/agripedia.ch\/zusammenarbeit\/wp-content\/uploads\/sites\/24\/2020\/09\/nutzungsarrondierung-800x442.jpg 800w, https:\/\/agripedia.ch\/zusammenarbeit\/wp-content\/uploads\/sites\/24\/2020\/09\/nutzungsarrondierung.jpg 818w\" sizes=\"(max-width: 800px) 100vw, 400px\" \/><\/span><\/div><script type=\"text\/javascript\" src=\"https:\/\/agripedia.ch\/wp-content\/uploads\/sites\/24\/js\/libgif.js\"><\/script>\n<script id=\"agri-gif-controller\" type=\"text\/javascript\" src=\"https:\/\/agripedia.ch\/wp-content\/uploads\/sites\/24\/js\/agri-gif-controller.js\" data-img-selector=\".agri-gif-placeholder img\" data-gif-path=\"https:\/\/agripedia.ch\/wp-content\/uploads\/sites\/24\/gifs\/\"><\/script><div class=\"fusion-clearfix\"><\/div><\/div><\/div><div class=\"fusion-layout-column fusion_builder_column fusion-builder-column-3 fusion_builder_column_1_1 1_1 fusion-one-full fusion-column-first fusion-column-last\" style=\"--awb-bg-size:cover;\"><div class=\"fusion-column-wrapper fusion-flex-column-wrapper-legacy\"><div class=\"fusion-alert alert custom alert-custom fusion-alert-left awb-alert-native-link-color\" style=\"--awb-background-color:#ff9800;--awb-accent-color:#333333;--awb-border-size:0px;--awb-border-top-left-radius:0px;--awb-border-top-right-radius:0px;--awb-border-bottom-left-radius:0px;--awb-border-bottom-right-radius:0px;\" role=\"alert\"><div class=\"fusion-alert-content-wrapper\"><span class=\"alert-icon\"><i class=\"fa-info-circle fas\" aria-hidden=\"true\"><\/i><\/span><span class=\"fusion-alert-content\">Purtroppo i file pdf sono disponibili solo in francese e tedesco.<\/span><\/div><\/div>\n<div class=\"fusion-button-wrapper\"><a class=\"fusion-button button-flat fusion-button-default-size button-default fusion-button-default button-1 fusion-button-default-span fusion-button-default-type\" style=\"--button-border-radius-top-left:0;--button-border-radius-top-right:0;--button-border-radius-bottom-right:0;--button-border-radius-bottom-left:0;\" target=\"_blank\" rel=\"noopener noreferrer\" href=\"https:\/\/agripedia.ch\/wp-content\/uploads\/sites\/24\/pdf\/fr\/RTE_description-detaillee.pdf\"><span class=\"fusion-button-text awb-button__text awb-button__text--default\">Descrizione dettagliata (pdf)<\/span><\/a><\/div><div class=\"fusion-button-wrapper\"><a class=\"fusion-button button-flat fusion-button-default-size button-default fusion-button-default button-2 fusion-button-default-span fusion-button-default-type\" style=\"--button-border-radius-top-left:0;--button-border-radius-top-right:0;--button-border-radius-bottom-right:0;--button-border-radius-bottom-left:0;\" target=\"_blank\" rel=\"noopener noreferrer\" href=\"https:\/\/agripedia.ch\/wp-content\/uploads\/sites\/24\/pdf\/fr\/RTE_toutes-les-informations.pdf\"><span class=\"fusion-button-text awb-button__text awb-button__text--default\">Tutte le informazioni (pdf) <\/span><\/a><\/div><div class=\"fusion-button-wrapper\"><a class=\"fusion-button button-flat fusion-button-default-size button-default fusion-button-default button-3 fusion-button-default-span fusion-button-default-type\" style=\"--button-border-radius-top-left:0;--button-border-radius-top-right:0;--button-border-radius-bottom-right:0;--button-border-radius-bottom-left:0;\" target=\"_blank\" rel=\"noopener noreferrer\" href=\"https:\/\/agripedia.ch\/wp-content\/uploads\/sites\/24\/pdf\/fr\/RTE_toutes-les-informations.pdf\"><span class=\"fusion-button-text awb-button__text awb-button__text--default\">Fattori chiave (pdf)<\/span><\/a><\/div><div class=\"fusion-sep-clear\"><\/div><div class=\"fusion-separator fusion-full-width-sep agri-separator\" style=\"margin-left: auto;margin-right: auto;width:100%;\"><\/div><div class=\"fusion-sep-clear\"><\/div><div class=\"fusion-clearfix\"><\/div><\/div><\/div><\/div><\/div><div class=\"fusion-fullwidth fullwidth-box fusion-builder-row-3 nonhundred-percent-fullwidth non-hundred-percent-height-scrolling\" style=\"--awb-border-radius-top-left:0px;--awb-border-radius-top-right:0px;--awb-border-radius-bottom-right:0px;--awb-border-radius-bottom-left:0px;--awb-flex-wrap:wrap;\" ><div class=\"fusion-builder-row fusion-row\"><div class=\"fusion-layout-column fusion_builder_column fusion-builder-column-4 fusion_builder_column_3_5 3_5 fusion-three-fifth fusion-column-first\" style=\"--awb-bg-size:cover;width:60%;width:calc(60% - ( ( 4% ) * 0.6 ) );margin-right: 4%;\"><div class=\"fusion-column-wrapper fusion-column-has-shadow fusion-flex-column-wrapper-legacy\"><div id=\"ytplayer\"><\/div><div class=\"fusion-clearfix\"><\/div><\/div><\/div><div class=\"fusion-layout-column fusion_builder_column fusion-builder-column-5 fusion_builder_column_2_5 2_5 fusion-two-fifth fusion-column-last\" style=\"--awb-bg-size:cover;width:40%;width:calc(40% - ( ( 4% ) * 0.4 ) );\"><div class=\"fusion-column-wrapper fusion-column-has-shadow fusion-flex-column-wrapper-legacy\"><div class=\"fusion-testimonials classic awb-speech-bubble-show fusion-testimonials-1\" style=\"--awb-textcolor:#747474;--awb-backgroundcolor:#ffffff;--awb-testimonial-border-style:solid;--awb-testimonial-border-color:var(--awb-color3);--awb-border-top-left-radius:0px;--awb-border-top-right-radius:0px;--awb-border-bottom-left-radius:0px;--awb-border-bottom-right-radius:0px;--testimonial-border-width-top:0px;--testimonial-border-width-right:0px;--testimonial-border-width-bottom:0px;--testimonial-border-width-left:0px;\" data-random=\"1\" data-speed=\"7000\"><div class=\"reviews\"><div class=\"review active-testimonial no-avatar\"><blockquote><div class=\"awb-quote\"><div class=\"awb-quote-content\">\n<p>\u00abA questo proposito, ho l\u2019impressione che siamo posizionati in maniera ottimale e che riusciamo a sfruttare efficacemente le risorse naturali prendendoci, allo stesso tempo, cura di esse.\u00bb<\/p>\n<\/div><\/div><span class=\"awb-triangle\"><\/span><\/blockquote><div class=\"author\"><span class=\"company-name\"><strong>Daniel Ritler<\/strong><span>, <\/span><span>agricoltore e presidente della Cooperativa per la zona agricola della L\u00f6tschental<\/span><\/span><\/div><\/div><div class=\"review no-avatar\"><blockquote><div class=\"awb-quote\"><div class=\"awb-quote-content\">\n<p>\u00abInoltre le aziende diventano pi\u00f9 attrattive perch\u00e9 se la gestione dei terreni di un\u2019aziende viene raggruppata \u00e8 pi\u00f9 facile trovare dei successori interessati a riprenderla.\u00bb<\/p>\n<\/div><\/div><span class=\"awb-triangle\"><\/span><\/blockquote><div class=\"author\"><span class=\"company-name\"><strong>Urs Andereggen<\/strong><span>, <\/span><span>Ingegnere distrettuale, Ufficio per i miglioramenti strutturali del Cantone del Vallese<\/span><\/span><\/div><\/div><div class=\"review no-avatar\"><blockquote><div class=\"awb-quote\"><div class=\"awb-quote-content\">\n<p>\u00abPenso che sia molto pi\u00f9 facile portare avanti questi progetti come cooperativa che come singoli attori o con la struttura che avevamo in precedenza.\u00bb<\/p>\n<\/div><\/div><span class=\"awb-triangle\"><\/span><\/blockquote><div class=\"author\"><span class=\"company-name\"><strong>Daniel Ritler<\/strong><span>, <\/span><span>agricoltore e presidente della Cooperativa per la zona agricola della L\u00f6tschental<\/span><\/span><\/div><\/div><div class=\"review no-avatar\"><blockquote><div class=\"awb-quote\"><div class=\"awb-quote-content\">\n<p>\u00abLa mia prima sensazione \u00e8 che il progetto sia vantaggioso per tutti. In base alle cifre che ho riportato prima mi chiedo perch\u00e9 il raggruppamento gestionale non sia stato fatto prima\u2026\u00bb<\/p>\n<\/div><\/div><span class=\"awb-triangle\"><\/span><\/blockquote><div class=\"author\"><span class=\"company-name\"><strong>Urs Andereggen<\/strong><span>, <\/span><span>Ingegnere distrettuale, Ufficio per i miglioramenti strutturali del Cantone del Vallese<\/span><\/span><\/div><\/div><div class=\"review no-avatar\"><blockquote><div class=\"awb-quote\"><div class=\"awb-quote-content\">\n<p>\u00abAgridea ha fatto i conti ed \u00e8 giunta alla conclusione che un\u2019azienda di 10 ha risparmia ca. CHF 16\u2019000.- all\u2019anno se \u00e8 in grado di attuare efficacemente la gestione agronomica in questo modo.\u00bb<\/p>\n<\/div><\/div><span class=\"awb-triangle\"><\/span><\/blockquote><div class=\"author\"><span class=\"company-name\"><strong>Urs Andereggen<\/strong><span>, <\/span><span>Ingegnere distrettuale, Ufficio per i miglioramenti strutturali del Cantone del Vallese<\/span><\/span><\/div><\/div><\/div><div class=\"testimonial-pagination\" id=\"fusion-testimonials-1\"><a href=\"#\" aria-label=\"Testimonial Pagination\"  class=\"activeSlide\"><\/a><a href=\"#\" aria-label=\"Testimonial Pagination\" ><\/a><a href=\"#\" aria-label=\"Testimonial Pagination\" ><\/a><a href=\"#\" aria-label=\"Testimonial Pagination\" ><\/a><a href=\"#\" aria-label=\"Testimonial Pagination\" ><\/a><\/div><\/div><div class=\"fusion-clearfix\"><\/div><\/div><\/div><\/div><\/div><div class=\"fusion-fullwidth fullwidth-box fusion-builder-row-4 nonhundred-percent-fullwidth non-hundred-percent-height-scrolling\" style=\"--awb-border-radius-top-left:0px;--awb-border-radius-top-right:0px;--awb-border-radius-bottom-right:0px;--awb-border-radius-bottom-left:0px;--awb-flex-wrap:wrap;\" ><div class=\"fusion-builder-row fusion-row\"><div class=\"fusion-layout-column fusion_builder_column fusion-builder-column-6 fusion_builder_column_1_1 1_1 fusion-one-full fusion-column-first fusion-column-last\" style=\"--awb-bg-size:cover;\"><div class=\"fusion-column-wrapper fusion-flex-column-wrapper-legacy\"><div class=\"fusion-tabs fusion-tabs-1 classic nav-is-justified horizontal-tabs icon-position-left mobile-mode-accordion\" style=\"--awb-title-border-radius-top-left:0px;--awb-title-border-radius-top-right:0px;--awb-title-border-radius-bottom-right:0px;--awb-title-border-radius-bottom-left:0px;--awb-inactive-color:#ebeaea;--awb-background-color:#ffffff;--awb-border-color:#ebeaea;--awb-active-border-color:#e72200;\"><div class=\"nav\"><ul class=\"nav-tabs nav-justified\" role=\"tablist\"><li class=\"active\" role=\"presentation\"><a class=\"tab-link\" data-toggle=\"tab\" role=\"tab\" aria-controls=\"tab-a8181b1d337ed214844\" aria-selected=\"true\" id=\"fusion-tab-requisiti\" href=\"#tab-a8181b1d337ed214844\"><h4 class=\"fusion-tab-heading\">Requisiti<\/h4><\/a><\/li><li role=\"presentation\"><a class=\"tab-link\" data-toggle=\"tab\" role=\"tab\" aria-controls=\"tab-daf8c08b273a433672d\" aria-selected=\"false\" tabindex=\"-1\" id=\"fusion-tab-fattoridisuccesso\" href=\"#tab-daf8c08b273a433672d\"><h4 class=\"fusion-tab-heading\">Fattori di successo<\/h4><\/a><\/li><li role=\"presentation\"><a class=\"tab-link\" data-toggle=\"tab\" role=\"tab\" aria-controls=\"tab-1b0f18d99b02f1d317f\" aria-selected=\"false\" tabindex=\"-1\" id=\"fusion-tab-questionilegali\" href=\"#tab-1b0f18d99b02f1d317f\"><h4 class=\"fusion-tab-heading\">Questioni legali<\/h4><\/a><\/li><li role=\"presentation\"><a class=\"tab-link\" data-toggle=\"tab\" role=\"tab\" aria-controls=\"tab-b2f136e332a36b7d68a\" aria-selected=\"false\" tabindex=\"-1\" id=\"fusion-tab-tempistiche\" href=\"#tab-b2f136e332a36b7d68a\"><h4 class=\"fusion-tab-heading\">Tempistiche<\/h4><\/a><\/li><li role=\"presentation\"><a class=\"tab-link\" data-toggle=\"tab\" role=\"tab\" aria-controls=\"tab-2cbe7e34ed3f97dfc1d\" aria-selected=\"false\" tabindex=\"-1\" id=\"fusion-tab-informazioni\" href=\"#tab-2cbe7e34ed3f97dfc1d\"><h4 class=\"fusion-tab-heading\">Informazioni<\/h4><\/a><\/li><li role=\"presentation\"><a class=\"tab-link\" data-toggle=\"tab\" role=\"tab\" aria-controls=\"tab-f80abb602c18e5c370a\" aria-selected=\"false\" tabindex=\"-1\" id=\"fusion-tab-risoluzionedeiconflitti\" href=\"#tab-f80abb602c18e5c370a\"><h4 class=\"fusion-tab-heading\">Risoluzione dei conflitti<\/h4><\/a><\/li><\/ul><\/div><div class=\"tab-content\"><div class=\"nav fusion-mobile-tab-nav\"><ul class=\"nav-tabs nav-justified\" role=\"tablist\"><li class=\"active\" role=\"presentation\"><a class=\"tab-link\" data-toggle=\"tab\" role=\"tab\" aria-controls=\"tab-a8181b1d337ed214844\" aria-selected=\"true\" id=\"mobile-fusion-tab-requisiti\" href=\"#tab-a8181b1d337ed214844\"><h4 class=\"fusion-tab-heading\">Requisiti<\/h4><\/a><\/li><\/ul><\/div><div class=\"tab-pane fade fusion-clearfix in active\" role=\"tabpanel\" tabindex=\"0\" aria-labelledby=\"fusion-tab-requisiti\" id=\"tab-a8181b1d337ed214844\">Per avere senso, un raggruppamento dell\u2019utilizzo deve soddisfare i seguenti requisiti:<\/p>\n<ul>\n<li>necessit\u00e0 di modificare le condizioni di gestione;<\/li>\n<li>tutti i gestori partecipanti vorrebbero rendere la gestione pi\u00f9 efficiente;<\/li>\n<li>le superfici, sia di propriet\u00e0 sia in affitto, sono frammentate e in posizione sfavorevole (distanti dalle aziende);<\/li>\n<li>la opera (strade rurali, sistemi di irrigazione) sono in buone condizioni e non hanno bisogno di essere modificate \u2192 In caso contrario \u00e8 meglio optare per una miglioria integrale.<\/li>\n<\/ul>\n<p>Maggiori informazioni sui <a href=\"https:\/\/agripedia.ch\/wp-content\/uploads\/sites\/24\/pdf\/fr\/RTE_conditions-prealables.pdf\" target=\"_blank\" rel=\"noopener noreferrer\"><em>requisiti per i raggruppamenti dell\u2019utilizzo (pdf)<\/em><\/a><br \/>\nInformazioni sulla <a href=\"https:\/\/agripedia.ch\/wp-content\/uploads\/sites\/24\/pdf\/fr\/RTE_marche-a-suivre.pdf\" target=\"_blank\" rel=\"noopener noreferrer\"><em>procedura per i raggruppamenti dell\u2019utilizzo (pdf)<\/em><\/a><em><br \/>\n<\/em><\/p>\n<p><a id=\"ausloeser\" href=\"#ytplayer\"><i class=\"fb-icon-element-1 fb-icon-element fontawesome-icon fa-video fas circle-yes fusion-text-flow\" style=\"--awb-iconcolor:#ff1919;--awb-circlecolor:#ffffff;--awb-circlecolor-hover:#ffffff;--awb-circlebordercolor:#ffffff;--awb-circlebordercolor-hover:#ffffff;--awb-circlebordersize:1px;--awb-font-size:17.6px;--awb-width:35.2px;--awb-height:35.2px;--awb-line-height:33.2px;--awb-margin-right:10px;\"><\/i> <strong>Cosa ha scatenato il raggruppamento dell\u2019utilizzo nella L\u00f6tschental?<\/strong><\/a><br \/>\n<a id=\"ausgangslage\" href=\"#ytplayer\"><i class=\"fb-icon-element-2 fb-icon-element fontawesome-icon fa-video fas circle-yes fusion-text-flow\" style=\"--awb-iconcolor:#ff1919;--awb-circlecolor:#ffffff;--awb-circlecolor-hover:#ffffff;--awb-circlebordercolor:#ffffff;--awb-circlebordercolor-hover:#ffffff;--awb-circlebordersize:1px;--awb-font-size:17.6px;--awb-width:35.2px;--awb-height:35.2px;--awb-line-height:33.2px;--awb-margin-right:10px;\"><\/i> <strong>Qual era la situazione iniziale del progetto e cosa \u00e8 cambiato?<\/strong><\/a><br \/>\n<a id=\"gedanke\" href=\"#ytplayer\"><i class=\"fb-icon-element-3 fb-icon-element fontawesome-icon fa-video fas circle-yes fusion-text-flow\" style=\"--awb-iconcolor:#ff1919;--awb-circlecolor:#ffffff;--awb-circlecolor-hover:#ffffff;--awb-circlebordercolor:#ffffff;--awb-circlebordercolor-hover:#ffffff;--awb-circlebordersize:1px;--awb-font-size:17.6px;--awb-width:35.2px;--awb-height:35.2px;--awb-line-height:33.2px;--awb-margin-right:10px;\"><\/i> <strong>Qual \u00e8 il suo primo pensiero quando pensa alla raggruppamento dell\u2019utilizzo della L\u00f6tschental?<\/strong><\/a><br \/>\n<a id=\"anwendbarkeit\" href=\"#ytplayer\"><i class=\"fb-icon-element-4 fb-icon-element fontawesome-icon fa-video fas circle-yes fusion-text-flow\" style=\"--awb-iconcolor:#ff1919;--awb-circlecolor:#ffffff;--awb-circlecolor-hover:#ffffff;--awb-circlebordercolor:#ffffff;--awb-circlebordercolor-hover:#ffffff;--awb-circlebordersize:1px;--awb-font-size:17.6px;--awb-width:35.2px;--awb-height:35.2px;--awb-line-height:33.2px;--awb-margin-right:10px;\"><\/i> <strong>La procedura del progetto pilota della L\u00f6tschental potrebbe essere utilizzata anche in altre regioni?<\/strong><\/a><br \/>\n<a id=\"voraussetzungen-anwendbarkeit\" href=\"#ytplayer\"><i class=\"fb-icon-element-5 fb-icon-element fontawesome-icon fa-video fas circle-yes fusion-text-flow\" style=\"--awb-iconcolor:#ff1919;--awb-circlecolor:#ffffff;--awb-circlecolor-hover:#ffffff;--awb-circlebordercolor:#ffffff;--awb-circlebordercolor-hover:#ffffff;--awb-circlebordersize:1px;--awb-font-size:17.6px;--awb-width:35.2px;--awb-height:35.2px;--awb-line-height:33.2px;--awb-margin-right:10px;\"><\/i> <strong>Cosa serve perch\u00e9 la procedura sia utilizzata in altri cantoni?<\/strong><\/a><br \/>\n<a id=\"anforderungen\" href=\"#ytplayer\"><i class=\"fb-icon-element-6 fb-icon-element fontawesome-icon fa-video fas circle-yes fusion-text-flow\" style=\"--awb-iconcolor:#ff1919;--awb-circlecolor:#ffffff;--awb-circlecolor-hover:#ffffff;--awb-circlebordercolor:#ffffff;--awb-circlebordercolor-hover:#ffffff;--awb-circlebordersize:1px;--awb-font-size:17.6px;--awb-width:35.2px;--awb-height:35.2px;--awb-line-height:33.2px;--awb-margin-right:10px;\"><\/i> <strong>Quali requisiti deve soddisfare l\u2019ufficio di pianificazione per il raggruppamento dell\u2019utilizzo?<\/strong><\/a><br \/>\n<a id=\"eigenschaften\" href=\"#ytplayer\"><i class=\"fb-icon-element-7 fb-icon-element fontawesome-icon fa-video fas circle-yes fusion-text-flow\" style=\"--awb-iconcolor:#ff1919;--awb-circlecolor:#ffffff;--awb-circlecolor-hover:#ffffff;--awb-circlebordercolor:#ffffff;--awb-circlebordercolor-hover:#ffffff;--awb-circlebordersize:1px;--awb-font-size:17.6px;--awb-width:35.2px;--awb-height:35.2px;--awb-line-height:33.2px;--awb-margin-right:10px;\"><\/i> <strong>Quali qualit\u00e0 sono necessarie per una presidenza cooperativa di successo?<\/strong><\/a><br \/>\n<a id=\"neuer-weg\" href=\"#ytplayer\"><i class=\"fb-icon-element-8 fb-icon-element fontawesome-icon fa-video fas circle-yes fusion-text-flow\" style=\"--awb-iconcolor:#ff1919;--awb-circlecolor:#ffffff;--awb-circlecolor-hover:#ffffff;--awb-circlebordercolor:#ffffff;--awb-circlebordercolor-hover:#ffffff;--awb-circlebordersize:1px;--awb-font-size:17.6px;--awb-width:35.2px;--awb-height:35.2px;--awb-line-height:33.2px;--awb-margin-right:10px;\"><\/i> <strong>Perch\u00e9 la L\u00f6tschental ha preso la nuova strada delle raggruppamento dell\u2019utilizzo?<\/strong><\/a><\/div><div class=\"nav fusion-mobile-tab-nav\"><ul class=\"nav-tabs nav-justified\" role=\"tablist\"><li role=\"presentation\"><a class=\"tab-link\" data-toggle=\"tab\" role=\"tab\" aria-controls=\"tab-daf8c08b273a433672d\" aria-selected=\"false\" tabindex=\"-1\" id=\"mobile-fusion-tab-fattoridisuccesso\" href=\"#tab-daf8c08b273a433672d\"><h4 class=\"fusion-tab-heading\">Fattori di successo<\/h4><\/a><\/li><\/ul><\/div><div class=\"tab-pane fade fusion-clearfix\" role=\"tabpanel\" tabindex=\"0\" aria-labelledby=\"fusion-tab-fattoridisuccesso\" id=\"tab-daf8c08b273a433672d\">Per attuare un raggruppamento dell\u2019utilizzo i fattori di successo sono i seguenti:<\/p>\n<ul>\n<li>disponibilit\u00e0 degli agricoltori al compromesso e al cambiamento (iniziativa dei gestori);<\/li>\n<li>elevata partecipazione alla procedura, in quanto ci\u00f2 consente di coinvolgere pi\u00f9 terreni e di ottenere un risultato migliore;<\/li>\n<li>partecipazione attiva dei gestori in ogni fase del progetto (discussioni, eventi informativi, ecc.), considerazione delle richieste e delle esigenze dei partecipanti;<\/li>\n<li>trasparenza nella procedura con eventuale valutazione del suolo e criteri di nuovo riparto formulati con chiarezza.<\/li>\n<\/ul>\n<p>Maggiori informazioni sui <a href=\"https:\/\/agripedia.ch\/wp-content\/uploads\/sites\/24\/pdf\/fr\/RTE_conditions-prealables.pdf\" target=\"_blank\" rel=\"noopener noreferrer\"><em>requisiti per i raggruppamenti dell\u2019utilizzo (pdf)<\/em><\/a><br \/>\nInformazioni sulla <a href=\"https:\/\/agripedia.ch\/wp-content\/uploads\/sites\/24\/pdf\/fr\/RTE_marche-a-suivre.pdf\" target=\"_blank\" rel=\"noopener noreferrer\"><em>procedura per i raggruppamenti dell\u2019utilizzo (pdf)<\/em><\/a><em><br \/>\n<\/em><\/p>\n<p><a id=\"vorteile\" href=\"#ytplayer\"><i class=\"fb-icon-element-9 fb-icon-element fontawesome-icon fa-video fas circle-yes fusion-text-flow\" style=\"--awb-iconcolor:#ff1919;--awb-circlecolor:#ffffff;--awb-circlecolor-hover:#ffffff;--awb-circlebordercolor:#ffffff;--awb-circlebordercolor-hover:#ffffff;--awb-circlebordersize:1px;--awb-font-size:17.6px;--awb-width:35.2px;--awb-height:35.2px;--awb-line-height:33.2px;--awb-margin-right:10px;\"><\/i> <strong>Quali sono i vantaggi del raggruppamento dell\u2019utilizzo nella L\u00f6tschental?<\/strong><\/a><br \/>\n<a id=\"nachteile\" href=\"#ytplayer\"><i class=\"fb-icon-element-10 fb-icon-element fontawesome-icon fa-video fas circle-yes fusion-text-flow\" style=\"--awb-iconcolor:#ff1919;--awb-circlecolor:#ffffff;--awb-circlecolor-hover:#ffffff;--awb-circlebordercolor:#ffffff;--awb-circlebordercolor-hover:#ffffff;--awb-circlebordersize:1px;--awb-font-size:17.6px;--awb-width:35.2px;--awb-height:35.2px;--awb-line-height:33.2px;--awb-margin-right:10px;\"><\/i> <strong>Ci sono anche degli svantaggi?<\/strong><\/a><br \/>\n<a id=\"positives\" href=\"#ytplayer\"><i class=\"fb-icon-element-11 fb-icon-element fontawesome-icon fa-video fas circle-yes fusion-text-flow\" style=\"--awb-iconcolor:#ff1919;--awb-circlecolor:#ffffff;--awb-circlecolor-hover:#ffffff;--awb-circlebordercolor:#ffffff;--awb-circlebordercolor-hover:#ffffff;--awb-circlebordersize:1px;--awb-font-size:17.6px;--awb-width:35.2px;--awb-height:35.2px;--awb-line-height:33.2px;--awb-margin-right:10px;\"><\/i> <strong>Quali altre cose positive ha portato il progetto nella L\u00f6tschental?<\/strong><\/a><br \/>\n<a id=\"erfolgsfaktoren\" href=\"#ytplayer\"><i class=\"fb-icon-element-12 fb-icon-element fontawesome-icon fa-video fas circle-yes fusion-text-flow\" style=\"--awb-iconcolor:#ff1919;--awb-circlecolor:#ffffff;--awb-circlecolor-hover:#ffffff;--awb-circlebordercolor:#ffffff;--awb-circlebordercolor-hover:#ffffff;--awb-circlebordersize:1px;--awb-font-size:17.6px;--awb-width:35.2px;--awb-height:35.2px;--awb-line-height:33.2px;--awb-margin-right:10px;\"><\/i> <strong>Cosa \u00e8 servito per portare il progetto ad una conclusione positiva?<\/strong><\/a><br \/>\n<a id=\"erfolgsfaktoren-anwendbarkeit\" href=\"#ytplayer\"><i class=\"fb-icon-element-13 fb-icon-element fontawesome-icon fa-video fas circle-yes fusion-text-flow\" style=\"--awb-iconcolor:#ff1919;--awb-circlecolor:#ffffff;--awb-circlecolor-hover:#ffffff;--awb-circlebordercolor:#ffffff;--awb-circlebordercolor-hover:#ffffff;--awb-circlebordersize:1px;--awb-font-size:17.6px;--awb-width:35.2px;--awb-height:35.2px;--awb-line-height:33.2px;--awb-margin-right:10px;\"><\/i> <strong>A quali condizioni un project manager deve prestare attenzione per essere in grado di condurre al successo un tale processo?<\/strong><\/a><br \/>\n<a id=\"anders-machen\" href=\"#ytplayer\"><i class=\"fb-icon-element-14 fb-icon-element fontawesome-icon fa-video fas circle-yes fusion-text-flow\" style=\"--awb-iconcolor:#ff1919;--awb-circlecolor:#ffffff;--awb-circlecolor-hover:#ffffff;--awb-circlebordercolor:#ffffff;--awb-circlebordercolor-hover:#ffffff;--awb-circlebordersize:1px;--awb-font-size:17.6px;--awb-width:35.2px;--awb-height:35.2px;--awb-line-height:33.2px;--awb-margin-right:10px;\"><\/i> <strong>Cosa faresti diversamente in retrospettiva?<\/strong><\/a><br \/>\n<a id=\"stellenwert\" href=\"#ytplayer\"><i class=\"fb-icon-element-15 fb-icon-element fontawesome-icon fa-video fas circle-yes fusion-text-flow\" style=\"--awb-iconcolor:#ff1919;--awb-circlecolor:#ffffff;--awb-circlecolor-hover:#ffffff;--awb-circlebordercolor:#ffffff;--awb-circlebordercolor-hover:#ffffff;--awb-circlebordersize:1px;--awb-font-size:17.6px;--awb-width:35.2px;--awb-height:35.2px;--awb-line-height:33.2px;--awb-margin-right:10px;\"><\/i> <strong>Qual \u00e8 l\u2019importanza del progetto per lo sviluppo regionale?<\/strong><\/a><br \/>\n<a id=\"dokumentation\" href=\"#ytplayer\"><i class=\"fb-icon-element-16 fb-icon-element fontawesome-icon fa-video fas circle-yes fusion-text-flow\" style=\"--awb-iconcolor:#ff1919;--awb-circlecolor:#ffffff;--awb-circlecolor-hover:#ffffff;--awb-circlebordercolor:#ffffff;--awb-circlebordercolor-hover:#ffffff;--awb-circlebordersize:1px;--awb-font-size:17.6px;--awb-width:35.2px;--awb-height:35.2px;--awb-line-height:33.2px;--awb-margin-right:10px;\"><\/i> <strong>Come valuta la documentazione per gli agricoltori con tabelle e piani?<\/strong><\/a><\/div><div class=\"nav fusion-mobile-tab-nav\"><ul class=\"nav-tabs nav-justified\" role=\"tablist\"><li role=\"presentation\"><a class=\"tab-link\" data-toggle=\"tab\" role=\"tab\" aria-controls=\"tab-1b0f18d99b02f1d317f\" aria-selected=\"false\" tabindex=\"-1\" id=\"mobile-fusion-tab-questionilegali\" href=\"#tab-1b0f18d99b02f1d317f\"><h4 class=\"fusion-tab-heading\">Questioni legali<\/h4><\/a><\/li><\/ul><\/div><div class=\"tab-pane fade fusion-clearfix\" role=\"tabpanel\" tabindex=\"0\" aria-labelledby=\"fusion-tab-questionilegali\" id=\"tab-1b0f18d99b02f1d317f\">\n<p>Per pianificare e attuare un raggruppamento dell\u2019utilizzo si devono soddisfare le seguenti condizioni legali:<\/p>\n<ul>\n<li>la legislazione prevede una procedura flessibile e individuale secondo i desideri e le esigenze dei partecipanti;<\/li>\n<li>spesso si fonda un consorzio che rappresenta i capiazienda all\u2019esterno e funge da intermediario tra locatori e locatari;<\/li>\n<li>secondo l\u2019ordinanza sui miglioramenti strutturali, il Comune, il Cantone e la Confederazione sostengono parte dei costi.<\/li>\n<\/ul>\n<p>I Cantoni dispongono di servizi che si occupano di diritto fondiario e affitto. Questi possono fornire consulenza sugli aspetti legali dei raggruppamenti dell\u2019utilizzo: <a href=\"https:\/\/www.suissemelio.ch\/fr\/portrait\/contact\/ti\/\" target=\"_blank\" rel=\"noopener noreferrer\"><em>sito Internet delle autorit\u00e0 cantonali<\/em><\/a><\/p>\n<p>Maggiori informazioni sulle <a href=\"https:\/\/agripedia.ch\/wp-content\/uploads\/sites\/24\/pdf\/fr\/RTE_bases-legales.pdf\" target=\"_blank\" rel=\"noopener noreferrer\"><em>basi legali per i raggruppamenti dell\u2019utilizzo (pdf)<\/em><\/a><br \/>\nMaggiori informazioni sulle <a href=\"https:\/\/agripedia.ch\/wp-content\/uploads\/sites\/24\/pdf\/fr\/RTE_modalites-de-sortie.pdf\" target=\"_blank\" rel=\"noopener noreferrer\"><em>modalit\u00e0 di abbandono dei raggruppamenti dell\u2019utilizzo (pdf)<\/em><\/a><\/p>\n<p><a id=\"finanzierung\" href=\"#ytplayer\"><i class=\"fb-icon-element-17 fb-icon-element fontawesome-icon fa-video fas circle-yes fusion-text-flow\" style=\"--awb-iconcolor:#ff1919;--awb-circlecolor:#ffffff;--awb-circlecolor-hover:#ffffff;--awb-circlebordercolor:#ffffff;--awb-circlebordercolor-hover:#ffffff;--awb-circlebordersize:1px;--awb-font-size:17.6px;--awb-width:35.2px;--awb-height:35.2px;--awb-line-height:33.2px;--awb-margin-right:10px;\"><\/i> <strong>Come \u00e8 stata finanziata la realizzazione del progetto?<\/strong><\/a><\/p>\n<\/div><div class=\"nav fusion-mobile-tab-nav\"><ul class=\"nav-tabs nav-justified\" role=\"tablist\"><li role=\"presentation\"><a class=\"tab-link\" data-toggle=\"tab\" role=\"tab\" aria-controls=\"tab-b2f136e332a36b7d68a\" aria-selected=\"false\" tabindex=\"-1\" id=\"mobile-fusion-tab-tempistiche\" href=\"#tab-b2f136e332a36b7d68a\"><h4 class=\"fusion-tab-heading\">Tempistiche<\/h4><\/a><\/li><\/ul><\/div><div class=\"tab-pane fade fusion-clearfix\" role=\"tabpanel\" tabindex=\"0\" aria-labelledby=\"fusion-tab-tempistiche\" id=\"tab-b2f136e332a36b7d68a\"><strong>Durata di attuazione: <\/strong>in genere \u00e8 difficile esprimersi in modo universalmente valido sulla durata di attuazione di un raggruppamento dell\u2019utilizzo; i comprensori hanno dimensioni differenti, sono costituiti da un numero diverso di superfici gestite e sono gestiti da un numero variabile di agricoltori. La durata delle procedure varia di conseguenza.<\/p>\n<p>Tuttavia, poich\u00e9 non vi sono modifiche nella propriet\u00e0 e i tempi di realizzazione di progetti infrastrutturali non allungano la procedura, la fase di pianificazione \u00e8 relativamente breve rispetto ad altre procedure nell\u2019ambito dei miglioramenti strutturali.<\/p>\n<p><strong>Durata dell\u2019effetto: <\/strong>la durata dell\u2019effetto dipende dalla base legale della Confederazione. Nel caso dei rapporti di affitto, la legge sull\u2019affitto agricolo prevede una durata minima di sei anni; in questo periodo, le nuove unit\u00e0 di gestione assegnate rimangono invariate. Quando i contratti di affitto scadono, raramente i rapporti di gestione cambiano, poich\u00e9 spesso non vi \u00e8 alcun motivo di cambiare.<\/p>\n<p>Maggiori informazioni sulla <a href=\"https:\/\/agripedia.ch\/wp-content\/uploads\/sites\/24\/pdf\/fr\/RTE_duree.pdf\" target=\"_blank\" rel=\"noopener noreferrer\"><em>durata dei raggruppamenti dell\u2019utilizzo (pdf)<\/em><\/a><br \/>\nMaggiori informazioni sulle <a href=\"https:\/\/agripedia.ch\/wp-content\/uploads\/sites\/24\/pdf\/fr\/RTE_bases-legales.pdf\" target=\"_blank\" rel=\"noopener noreferrer\"><em>basi legali per i raggruppamenti dell\u2019utilizzo (pdf)<\/em><\/a><br \/>\nMaggiori informazioni sulle <a href=\"https:\/\/agripedia.ch\/wp-content\/uploads\/sites\/24\/pdf\/fr\/RTE_modalites-de-sortie.pdf\" target=\"_blank\" rel=\"noopener noreferrer\"><em>modalit\u00e0 di abbandono dei raggruppamenti dell\u2019utilizzo (pdf)<\/em><\/a><\/p>\n<p><a id=\"dauer\" href=\"#ytplayer\"><i class=\"fb-icon-element-18 fb-icon-element fontawesome-icon fa-video fas circle-yes fusion-text-flow\" style=\"--awb-iconcolor:#ff1919;--awb-circlecolor:#ffffff;--awb-circlecolor-hover:#ffffff;--awb-circlebordercolor:#ffffff;--awb-circlebordercolor-hover:#ffffff;--awb-circlebordersize:1px;--awb-font-size:17.6px;--awb-width:35.2px;--awb-height:35.2px;--awb-line-height:33.2px;--awb-margin-right:10px;\"><\/i> <strong>Perch\u00e9 la procedura ha richiesto cos\u00ec tanto tempo?<\/strong><\/a><br \/>\n<a id=\"zukunft\" href=\"#ytplayer\"><i class=\"fb-icon-element-19 fb-icon-element fontawesome-icon fa-video fas circle-yes fusion-text-flow\" style=\"--awb-iconcolor:#ff1919;--awb-circlecolor:#ffffff;--awb-circlecolor-hover:#ffffff;--awb-circlebordercolor:#ffffff;--awb-circlebordercolor-hover:#ffffff;--awb-circlebordersize:1px;--awb-font-size:17.6px;--awb-width:35.2px;--awb-height:35.2px;--awb-line-height:33.2px;--awb-margin-right:10px;\"><\/i> <strong>Quali piani ha il cooperativa per il futuro?<\/strong><\/a><\/div><div class=\"nav fusion-mobile-tab-nav\"><ul class=\"nav-tabs nav-justified\" role=\"tablist\"><li role=\"presentation\"><a class=\"tab-link\" data-toggle=\"tab\" role=\"tab\" aria-controls=\"tab-2cbe7e34ed3f97dfc1d\" aria-selected=\"false\" tabindex=\"-1\" id=\"mobile-fusion-tab-informazioni\" href=\"#tab-2cbe7e34ed3f97dfc1d\"><h4 class=\"fusion-tab-heading\">Informazioni<\/h4><\/a><\/li><\/ul><\/div><div class=\"tab-pane fade fusion-clearfix\" role=\"tabpanel\" tabindex=\"0\" aria-labelledby=\"fusion-tab-informazioni\" id=\"tab-2cbe7e34ed3f97dfc1d\">\n<p>Maggiori informazioni sui raggruppamenti dell\u2019utilizzo si possono ottenere:<\/p>\n<ul>\n<li>parlando direttamente con i colleghi o con altri Comuni che hanno gi\u00e0 esperienza in materia di raggruppamenti dell\u2019utilizzo;<\/li>\n<li>contattando i centri di consulenza tecnica le autorit\u00e0 cantonali e gli esperti, che si possono anche consultare in via preliminare o in fase di realizzazione di un raggruppamento dell\u2019utilizzo.<\/li>\n<\/ul>\n<div class=\"accordian fusion-accordian\"><\/div>\n<div class=\"accordian fusion-accordian\" style=\"--awb-border-size:1px;--awb-icon-size:10px;--awb-content-font-size:var(--awb-typography4-font-size);--awb-icon-alignment:left;--awb-hover-color:#f9f9f9;--awb-border-color:#cccccc;--awb-background-color:#ffffff;--awb-divider-color:var(--awb-color3);--awb-divider-hover-color:var(--awb-color3);--awb-icon-color:#ffffff;--awb-title-color:var(--awb-color8);--awb-content-color:var(--awb-color8);--awb-icon-box-color:#7a7a7a;--awb-toggle-hover-accent-color:#000000;--awb-title-font-family:var(--awb-typography1-font-family);--awb-title-font-weight:var(--awb-typography1-font-weight);--awb-title-font-style:var(--awb-typography1-font-style);--awb-title-font-size:20px;--awb-title-line-height:1.5;--awb-content-font-family:var(--awb-typography4-font-family);--awb-content-font-weight:var(--awb-typography4-font-weight);--awb-content-font-style:var(--awb-typography4-font-style);\"><div class=\"panel-group fusion-toggle-icon-boxed\" id=\"accordion-3241-1\"><div class=\"fusion-panel panel-default panel-632dc11c50b228fcf fusion-toggle-has-divider\"><div class=\"panel-heading\"><h4 class=\"panel-title toggle\" id=\"toggle_632dc11c50b228fcf\"><a aria-expanded=\"false\" aria-controls=\"632dc11c50b228fcf\" role=\"button\" data-toggle=\"collapse\" data-parent=\"#accordion-3241-1\" data-target=\"#632dc11c50b228fcf\" href=\"#632dc11c50b228fcf\"><span class=\"fusion-toggle-icon-wrapper\" aria-hidden=\"true\"><i class=\"fa-fusion-box active-icon awb-icon-minus\" aria-hidden=\"true\"><\/i><i class=\"fa-fusion-box inactive-icon awb-icon-plus\" aria-hidden=\"true\"><\/i><\/span><span class=\"fusion-toggle-heading\">Offerte di consulenza per un raggruppamento dell'utilizzo'<\/span><\/a><\/h4><\/div><div id=\"632dc11c50b228fcf\" class=\"panel-collapse collapse \" aria-labelledby=\"toggle_632dc11c50b228fcf\"><div class=\"panel-body toggle-content fusion-clearfix\">\n<div id=\"address-list\"><\/div>\n<\/div><\/div><\/div><\/div><\/div>\n<\/div><div class=\"nav fusion-mobile-tab-nav\"><ul class=\"nav-tabs nav-justified\" role=\"tablist\"><li role=\"presentation\"><a class=\"tab-link\" data-toggle=\"tab\" role=\"tab\" aria-controls=\"tab-f80abb602c18e5c370a\" aria-selected=\"false\" tabindex=\"-1\" id=\"mobile-fusion-tab-risoluzionedeiconflitti\" href=\"#tab-f80abb602c18e5c370a\"><h4 class=\"fusion-tab-heading\">Risoluzione dei conflitti<\/h4><\/a><\/li><\/ul><\/div><div class=\"tab-pane fade fusion-clearfix\" role=\"tabpanel\" tabindex=\"0\" aria-labelledby=\"fusion-tab-risoluzionedeiconflitti\" id=\"tab-f80abb602c18e5c370a\">Quando le persone lavorano insieme, molte cose possono andare storte: incidenti, crollo delle vendite, errori, mancato rispetto degli accordi, divergenze di opinione e malintesi, eccetera \u00c8 normale e non \u00e8 il caso di preoccuparsi, ma \u00e8 molto importante che i partner interessati reagiscano correttamente in tali situazioni ed evitino di compiere costosi passi falsi per inezie o che si instaurino controversie perenni a causa di valutazioni divergenti della situazione.<\/p>\n<p><a id=\"konfliktpotential\" href=\"#ytplayer\"><i class=\"fb-icon-element-20 fb-icon-element fontawesome-icon fa-video fas circle-yes fusion-text-flow\" style=\"--awb-iconcolor:#ff1919;--awb-circlecolor:#ffffff;--awb-circlecolor-hover:#ffffff;--awb-circlebordercolor:#ffffff;--awb-circlebordercolor-hover:#ffffff;--awb-circlebordersize:1px;--awb-font-size:17.6px;--awb-width:35.2px;--awb-height:35.2px;--awb-line-height:33.2px;--awb-margin-right:10px;\"><\/i> <strong>Dov\u2019\u00e8 il maggior potenziale di conflitto?<\/strong><\/a><br \/>\n<a id=\"kommunikation\" href=\"#ytplayer\"><i class=\"fb-icon-element-21 fb-icon-element fontawesome-icon fa-video fas circle-yes fusion-text-flow\" style=\"--awb-iconcolor:#ff1919;--awb-circlecolor:#ffffff;--awb-circlecolor-hover:#ffffff;--awb-circlebordercolor:#ffffff;--awb-circlebordercolor-hover:#ffffff;--awb-circlebordersize:1px;--awb-font-size:17.6px;--awb-width:35.2px;--awb-height:35.2px;--awb-line-height:33.2px;--awb-margin-right:10px;\"><\/i> <strong>La comunicazione con gli agricoltori coinvolti ha funzionato bene?<\/strong><\/a><\/p>\n<p>Di seguito sono elencate alcune risorse che possono essere utili per affrontare i conflitti.<\/p>\n<p>Informazioni generali sulla <a href=\"https:\/\/agripedia.ch\/wp-content\/uploads\/sites\/24\/pdf\/fr\/RTE_resolution-des-conflits.pdf\" target=\"_blank\" rel=\"noopener noreferrer\"><em>risoluzione dei conflitti nei raggruppamenti dell\u2019utilizzo (pdf)<\/em><\/a><br \/>\nSito Internet <a href=\"https:\/\/agripedia.ch\/zusammenarbeit\/it\/teoria-dei-conflitti\/\" rel=\"noopener noreferrer\"><em>Teoria dei conflitti <\/em><\/a><\/div><\/div><\/div><script id=\"agri-address-lister\" src=\"https:\/\/agripedia.ch\/wp-content\/uploads\/sites\/24\/js\/agri-address-lister.js\" data-csv-src=\"https:\/\/agripedia.ch\/wp-content\/uploads\/sites\/24\/csv\/anlaufstellen.csv\" data-node-selector=\"#address-list\" data-filter=\"NA=Ja\"><\/script><script>\n\/\/ Load the IFrame Player API code asynchronously.\nconst tag = document.createElement('script');\ntag.src = \"https:\/\/www.youtube.com\/player_api\";\nconst firstScriptTag = document.getElementsByTagName('script')[0];\nfirstScriptTag.parentNode.insertBefore(tag, firstScriptTag);\n\n\/\/ Replace the 'ytplayer' element with an <iframe> and\n\/\/ YouTube player after the API code downloads.\nlet player;\nfunction onYouTubePlayerAPIReady() {\n  player = new YT.Player('ytplayer', {\n    height: '360',\n    width: '640',\n    videoId: '-xeQN69Y_Zw',\n    playerVars: {\n      cc_load_policy: 1, \n      rel: 0,\n      enablejsapi: 1,\n      origin: 'https:\/\/agripedia.ch',\n      hl: 'it'\n    }\n  });\n}\n\n(() => {\n  const videoID = '-xeQN69Y_Zw';\n  const pls = {\n    'ausloeser': {videoId: videoID, startSeconds: 10, endSeconds: 50},\n    'ausgangslage': {videoId: videoID, startSeconds: 51, endSeconds: 149},\n    'vorteile': {videoId: videoID, startSeconds: 150, endSeconds: 231},\n    'nachteile': {videoId: videoID, startSeconds: 232, endSeconds: 282},\n    'finanzierung': {videoId: videoID, startSeconds: 283, endSeconds: 317},\n    'zukunft': {videoId: videoID, startSeconds: 317, endSeconds: 380},\n    'gedanke': {videoId: videoID, startSeconds: 380, endSeconds: 548},\n    'dauer': {videoId: videoID, startSeconds: 549, endSeconds: 638},\n    'kommunikation': {videoId: videoID, startSeconds: 638, endSeconds: 706},\n    'dokumentation': {videoId: videoID, startSeconds: 706, endSeconds: 761},\n    'neuer-weg': {videoId: videoID, startSeconds: 762, endSeconds: 816},\n    'stellenwert': {videoId: videoID, startSeconds: 817, endSeconds: 866},\n    'anders-machen': {videoId: videoID, startSeconds: 867, endSeconds: 933},\n    'konfliktpotential': {videoId: videoID, startSeconds: 933, endSeconds: 971},\n    'erfolgsfaktoren': {videoId: videoID, startSeconds: 972, endSeconds: 1093},\n    'anwendbarkeit': {videoId: videoID, startSeconds: 1094, endSeconds: 1161},\n    'voraussetzungen-anwendbarkeit': {videoId: videoID, startSeconds: 1162, endSeconds: 1188},\n    'erfolgsfaktoren-anwendbarkeit': {videoId: videoID, startSeconds: 1188, endSeconds: 1263},\n    'eigenschaften': {videoId: videoID, startSeconds: 1263, endSeconds: 1287},\n    'positives': {videoId: videoID, startSeconds: 1287, endSeconds: 1419},\n    'anforderungen': {videoId: videoID, startSeconds: 1420, endSeconds: 1441}\n  };\n  \n  const keys = Object.keys(pls);\n\n  keys.forEach((key) => {\n    try {\n      const link = document.querySelector(`a#${key}`);\n      link.addEventListener('click', () => {\n        player.loadVideoById(pls[key]);\n      });\n    } catch (e){\n      \/\/ do nothing\n    }\n    \n  });\n  \n})();\n<\/script><div class=\"fusion-clearfix\"><\/div><\/div><\/div><\/div><\/div><div class=\"fusion-fullwidth fullwidth-box fusion-builder-row-5 nonhundred-percent-fullwidth non-hundred-percent-height-scrolling\" style=\"--awb-border-radius-top-left:0px;--awb-border-radius-top-right:0px;--awb-border-radius-bottom-right:0px;--awb-border-radius-bottom-left:0px;--awb-flex-wrap:wrap;\" ><div class=\"fusion-builder-row fusion-row\"><div class=\"fusion-layout-column fusion_builder_column fusion-builder-column-7 fusion_builder_column_1_1 1_1 fusion-one-full fusion-column-first fusion-column-last\" style=\"--awb-bg-size:cover;\"><div class=\"fusion-column-wrapper fusion-column-has-shadow fusion-flex-column-wrapper-legacy\"><div class=\"fusion-title title fusion-title-1 fusion-sep-none fusion-title-text fusion-title-size-two\"><h2 class=\"fusion-title-heading title-heading-left fusion-responsive-typography-calculated\" style=\"margin:0;--fontSize:40;line-height:1.5;\"><i class=\"fb-icon-element-22 fb-icon-element fontawesome-icon fa-question fas circle-yes fusion-text-flow\" style=\"--awb-circlebordersize:1px;--awb-font-size:19.36px;--awb-width:38.72px;--awb-height:38.72px;--awb-line-height:36.72px;--awb-margin-right:11px;\"><\/i> Domande frequenti<\/p><\/h2><\/div><style type=\"text\/css\">.fusion-faqs-wrapper #accordian-1 .fusion-panel { border-color:var(--awb-color3); }.fusion-faqs-wrapper #accordian-1 .fusion-panel:hover{ border-color: var(--awb-color3); }.fusion-accordian #accordian-1 .panel-title a .fa-fusion-box:before{ font-size: 13px;width: 13px;}.fusion-accordian #accordian-1 .panel-title a .fa-fusion-box{ color: #ffffff;}.fusion-accordian  #accordian-1 .panel-title a{font-size:18px;font-family:var(--awb-typography1-font-family);font-weight:var(--awb-typography1-font-weight);font-style:var(--awb-typography1-font-style);}.fusion-accordian  #accordian-1 .panel-title a:not(:hover){}.fusion-accordian  #accordian-1 .toggle-content{font-family:var(--awb-typography4-font-family);font-weight:var(--awb-typography4-font-weight);font-style:var(--awb-typography4-font-style);}.fusion-accordian #accordian-1 .fa-fusion-box { background-color: #333333 !important;border-color: #333333 !important;}.fusion-accordian #accordian-1 .panel-title a:hover,.fusion-accordian #accordian-1 .panel-title a.hover { color: #e10707;}.fusion-faq-shortcode .fusion-accordian #accordian-1 .fusion-toggle-boxed-mode:hover .panel-title a { color: #e10707;}.fusion-accordian #accordian-1 .panel-title .active .fa-fusion-box,.fusion-accordian #accordian-1 .panel-title a:hover .fa-fusion-box,.fusion-accordian #accordian-1 .panel-title a.hover .fa-fusion-box { background-color: #e10707!important;border-color: #e10707!important;}<\/style><div class=\"fusion-faq-shortcode\" style=\"\"><div class=\"fusion-faqs-wrapper\"><div class=\"accordian fusion-accordian\"><div class=\"panel-group \" id=\"accordian-1\"><div class=\"fusion-panel panel-default fusion-faq-post fusion-faq-post-3802 domande-frequenti-raggruppamento-dellutilizzo \"><span class=\"entry-title rich-snippet-hidden\">Noi agricoltori vorremmo finalmente ottimizzare l\u2019utilizzo delle piccole superfici suddivise in particelle del nostro villaggio. Saremmo interessati a un raggruppamento dell\u2019utilizzo \u2013 chi ci pu\u00f2 aiutare a pianificarlo e ad attuarlo?<\/span><span class=\"vcard rich-snippet-hidden\"><span class=\"fn\"><a href=\"https:\/\/agripedia.ch\/zusammenarbeit\/it\/author\/bge0\/\" title=\"Articoli scritti da bge\" rel=\"author\">bge<\/a><\/span><\/span><span class=\"updated rich-snippet-hidden\">2021-02-02T13:23:40+01:00<\/span><div class=\"panel-heading\"><h4 id=\"faq_1-3802\" class=\"panel-title toggle\"><a data-toggle=\"collapse\" class=\"collapsed\" data-parent=\"#accordian-1\" data-target=\"#collapse-1-3802\" href=\"#collapse-1-3802\" aria-expanded=\"false\"><div class=\"fusion-toggle-icon-wrapper\"><div class=\"fusion-toggle-icon-wrapper-main\"><div class=\"fusion-toggle-icon-wrapper-sub\"><i class=\"fa-fusion-box active-icon awb-icon-minus\" aria-hidden=\"true\"><\/i><i class=\"fa-fusion-box inactive-icon awb-icon-plus\" aria-hidden=\"true\"><\/i><\/div><\/div><\/div><div class=\"fusion-toggle-heading\">Noi agricoltori vorremmo finalmente ottimizzare l\u2019utilizzo delle piccole superfici suddivise in particelle del nostro villaggio. Saremmo interessati a un raggruppamento dell\u2019utilizzo \u2013 chi ci pu\u00f2 aiutare a pianificarlo e ad attuarlo?<\/div><\/a><\/h4><\/div><div id=\"collapse-1-3802\" aria-labelledby=\"faq_1-3802\" class=\"panel-collapse collapse\"><div class=\"panel-body toggle-content post-content\"><p>In quasi tutti i Cantoni, la partecipazione a un raggruppamento dell\u2019utilizzo \u00e8 volontaria e, in linea di principio, pu\u00f2 essere strutturata individualmente. Un raggruppamento dell\u2019utilizzo dev\u2019essere quindi lanciato su iniziativa dei gestori i quali auspicano che i loro terreni in affitto e di propriet\u00e0 vengano considerati in questo processo. Tuttavia, se si prospetta il coinvolgimento di un numero elevato di persone interessate di un determinato comprensorio, la realizzazione del progetto pu\u00f2 diventare complicata. In questo caso, vale la pena presentare il progetto al consiglio comunale, che pu\u00f2 poi avviare i lavori preliminari. Se necessario, si pu\u00f2 fondare un consorzio per rappresentare i capiazienda nei confronti degli attori esterni e per mediare tra i locatori e gli affittuari. I servizi cantonali competenti in materia di diritto fondiario e di locazione possono offrire consulenza legale, ma anche gli istituti di consulenza pubblici e privati possono fornire consigli ai promotori di un raggruppamento dell\u2019utilizzo. Nel caso di progetti pi\u00f9 grandi, gli agricoltori sottopongono le loro esigenze al consiglio comunale.<\/p>\n<\/div><\/div><\/div><div class=\"fusion-panel panel-default fusion-faq-post fusion-faq-post-3804 domande-frequenti-raggruppamento-dellutilizzo \"><span class=\"entry-title rich-snippet-hidden\">Come si fa a garantire una nuova attribuzione equa e trasparente delle superfici?<\/span><span class=\"vcard rich-snippet-hidden\"><span class=\"fn\"><a href=\"https:\/\/agripedia.ch\/zusammenarbeit\/it\/author\/bge0\/\" title=\"Articoli scritti da bge\" rel=\"author\">bge<\/a><\/span><\/span><span class=\"updated rich-snippet-hidden\">2021-02-02T13:23:11+01:00<\/span><div class=\"panel-heading\"><h4 id=\"faq_1-3804\" class=\"panel-title toggle\"><a data-toggle=\"collapse\" class=\"collapsed\" data-parent=\"#accordian-1\" data-target=\"#collapse-1-3804\" href=\"#collapse-1-3804\" aria-expanded=\"false\"><div class=\"fusion-toggle-icon-wrapper\"><div class=\"fusion-toggle-icon-wrapper-main\"><div class=\"fusion-toggle-icon-wrapper-sub\"><i class=\"fa-fusion-box active-icon awb-icon-minus\" aria-hidden=\"true\"><\/i><i class=\"fa-fusion-box inactive-icon awb-icon-plus\" aria-hidden=\"true\"><\/i><\/div><\/div><\/div><div class=\"fusion-toggle-heading\">Come si fa a garantire una nuova attribuzione equa e trasparente delle superfici?<\/div><\/a><\/h4><\/div><div id=\"collapse-1-3804\" aria-labelledby=\"faq_1-3804\" class=\"panel-collapse collapse\"><div class=\"panel-body toggle-content post-content\"><p>L\u2019obiettivo \u00e8 assegnare a ciascuno dei gestori coinvolti una superficie di suolo il pi\u00f9 possibile equivalente alla situazione in essere, ma con un raggruppamento nettamente migliore, sulla base dei rapporti di propriet\u00e0 e di affitto esistenti (quote di superficie). Inoltre, anche se non \u00e8 assolutamente obbligatorio, \u00e8 possibile eventualmente determinare la qualit\u00e0 delle particelle di terreno con una valutazione del suolo (stima) o una mappatura dei prati. Per accelerare la procedura e risparmiare sui costi, \u00e8 anche ipotizzabile una compensazione basata sulla superficie senza un\u2019effettiva valutazione del suolo, tanto pi\u00f9 che non si modifica la propriet\u00e0 fondiaria. Ovviamente \u00e8 essenziale che questo processo di nuova attribuzione sia trasparente per tutti e che si tenga conto il pi\u00f9 possibile dei desideri e delle richieste individuali. Si raccomanda di far eseguire la nuova attribuzione a un servizio neutrale, alla direzione tecnica. Diverse aziende, ad esempio studi di ingegneria e di consulenza, possono svolgere questi compiti.<\/p>\n<\/div><\/div><\/div><div class=\"fusion-panel panel-default fusion-faq-post fusion-faq-post-3806 domande-frequenti-raggruppamento-dellutilizzo \"><span class=\"entry-title rich-snippet-hidden\">Quanto tempo serve per completare la pianificazione di un raggruppamento dell\u2019utilizzo, dall\u2019inizio fino all\u2019attribuzione delle nuove superfici?<\/span><span class=\"vcard rich-snippet-hidden\"><span class=\"fn\"><a href=\"https:\/\/agripedia.ch\/zusammenarbeit\/it\/author\/bge0\/\" title=\"Articoli scritti da bge\" rel=\"author\">bge<\/a><\/span><\/span><span class=\"updated rich-snippet-hidden\">2021-02-02T13:22:26+01:00<\/span><div class=\"panel-heading\"><h4 id=\"faq_1-3806\" class=\"panel-title toggle\"><a data-toggle=\"collapse\" class=\"collapsed\" data-parent=\"#accordian-1\" data-target=\"#collapse-1-3806\" href=\"#collapse-1-3806\" aria-expanded=\"false\"><div class=\"fusion-toggle-icon-wrapper\"><div class=\"fusion-toggle-icon-wrapper-main\"><div class=\"fusion-toggle-icon-wrapper-sub\"><i class=\"fa-fusion-box active-icon awb-icon-minus\" aria-hidden=\"true\"><\/i><i class=\"fa-fusion-box inactive-icon awb-icon-plus\" aria-hidden=\"true\"><\/i><\/div><\/div><\/div><div class=\"fusion-toggle-heading\">Quanto tempo serve per completare la pianificazione di un raggruppamento dell\u2019utilizzo, dall\u2019inizio fino all\u2019attribuzione delle nuove superfici?<\/div><\/a><\/h4><\/div><div id=\"collapse-1-3806\" aria-labelledby=\"faq_1-3806\" class=\"panel-collapse collapse\"><div class=\"panel-body toggle-content post-content\"><p>Siccome la propriet\u00e0 fondiaria non viene modificata in caso di raggruppamento dell\u2019utilizzo e non si attuano provvedimenti edilizi, la procedura pu\u00f2 essere attuata in tempi relativamente rapidi. Inoltre, in genere non \u00e8 richiesta una valutazione dettagliata del suolo (stima), poich\u00e9 lo scambio avviene di solito tra superfici delle stesse dimensioni. Le prime esperienze maturate in questo campo mostrano che serve circa un anno per preparare il raggruppamento dell\u2019utilizzo e circa due anni per attuarlo.<\/p>\n<\/div><\/div><\/div><\/div><\/div><\/div><\/div><div class=\"fusion-sep-clear\"><\/div><div class=\"fusion-separator fusion-full-width-sep agri-separator\" style=\"margin-left: auto;margin-right: auto;width:100%;\"><\/div><div class=\"fusion-sep-clear\"><\/div><div class=\"fusion-clearfix\"><\/div><\/div><\/div><\/div><\/div><div class=\"fusion-fullwidth fullwidth-box fusion-builder-row-6 nonhundred-percent-fullwidth non-hundred-percent-height-scrolling\" style=\"--awb-border-radius-top-left:0px;--awb-border-radius-top-right:0px;--awb-border-radius-bottom-right:0px;--awb-border-radius-bottom-left:0px;--awb-flex-wrap:wrap;\" ><div class=\"fusion-builder-row fusion-row\"><div class=\"fusion-layout-column fusion_builder_column fusion-builder-column-8 fusion_builder_column_1_1 1_1 fusion-one-full fusion-column-first fusion-column-last\" style=\"--awb-bg-size:cover;\"><div class=\"fusion-column-wrapper fusion-flex-column-wrapper-legacy\"><div class=\"fusion-title title fusion-title-2 fusion-sep-none fusion-title-text fusion-title-size-two\" id=\"praxisbeispiele\"><h2 class=\"fusion-title-heading title-heading-left fusion-responsive-typography-calculated\" style=\"margin:0;--fontSize:40;line-height:1.5;\">Esempi pratici<\/h2><\/div><div class=\"fusion-alert alert custom alert-custom fusion-alert-left awb-alert-native-link-color fusion-animated\" style=\"--awb-background-color:#ff9800;--awb-accent-color:#333333;--awb-border-size:0px;--awb-border-top-left-radius:0px;--awb-border-top-right-radius:0px;--awb-border-bottom-left-radius:0px;--awb-border-bottom-right-radius:0px;\" role=\"alert\" data-animationType=\"slideInLeft\" data-animationDuration=\"0.3\" data-animationOffset=\"top-into-view\"><div class=\"fusion-alert-content-wrapper\"><span class=\"alert-icon\"><i class=\"fa-info-circle fas\" aria-hidden=\"true\"><\/i><\/span><span class=\"fusion-alert-content\">Purtroppo gli esempi pratici sono disponibili solo in francese e tedesco.<\/span><\/div><\/div>\n<div class=\"fusion-clearfix\"><\/div><\/div><\/div><div class=\"fusion-layout-column fusion_builder_column fusion-builder-column-9 fusion_builder_column_1_1 1_1 fusion-one-full fusion-column-first fusion-column-last\" style=\"--awb-bg-size:cover;\"><div class=\"fusion-column-wrapper fusion-flex-column-wrapper-legacy\"><div class=\"fusion-recent-posts fusion-recent-posts-1 avada-container layout-default layout-columns-3\"><section class=\"fusion-columns columns fusion-columns-3 columns-3\"><article class=\"post fusion-column column col col-lg-4 col-md-4 col-sm-4\"><div class=\"fusion-flexslider fusion-flexslider-loading flexslider flexslider-hover-type-none\"><ul class=\"slides\"><li><a href=\"https:\/\/agripedia.ch\/zusammenarbeit\/it\/projet-modele-de-remembrement-volontaire-de-terres-exploitees-a-zuzgen\/\" aria-label=\"Projet-mod\u00e8le de remembrement volontaire de terres exploit\u00e9es \u00e0 Zuzgen\" class=\"hover-type-none\"><img decoding=\"async\" width=\"251\" height=\"201\" src=\"https:\/\/agripedia.ch\/zusammenarbeit\/wp-content\/uploads\/sites\/24\/2020\/10\/images.jpg\" class=\"attachment-recent-posts size-recent-posts\" alt=\"\" srcset=\"https:\/\/agripedia.ch\/zusammenarbeit\/wp-content\/uploads\/sites\/24\/2020\/10\/images-177x142.jpg 177w, https:\/\/agripedia.ch\/zusammenarbeit\/wp-content\/uploads\/sites\/24\/2020\/10\/images-200x160.jpg 200w, https:\/\/agripedia.ch\/zusammenarbeit\/wp-content\/uploads\/sites\/24\/2020\/10\/images.jpg 251w\" sizes=\"(max-width: 251px) 100vw, 251px\" \/><\/a><\/li><\/ul><\/div><div class=\"recent-posts-content\"><span class=\"vcard\" style=\"display: none;\"><span class=\"fn\"><a href=\"https:\/\/agripedia.ch\/zusammenarbeit\/it\/author\/bge0\/\" title=\"Articoli scritti da bge\" rel=\"author\">bge<\/a><\/span><\/span><span class=\"updated\" style=\"display:none;\">2021-06-29T10:51:28+01:00<\/span><h4 class=\"entry-title\"><a href=\"https:\/\/agripedia.ch\/zusammenarbeit\/it\/projet-modele-de-remembrement-volontaire-de-terres-exploitees-a-zuzgen\/\">Projet-mod\u00e8le de remembrement volontaire de terres exploit\u00e9es \u00e0 Zuzgen<\/a><\/h4><p> La participation au remembrement des terres exploit\u00e9es \u00e0 Zuzgen \u00e9tait volontaire. Aucune contrainte ne pouvait \u00eatre exerc\u00e9e ...<\/p><\/div><\/article><article class=\"post fusion-column column col col-lg-4 col-md-4 col-sm-4\"><div class=\"fusion-flexslider fusion-flexslider-loading flexslider flexslider-hover-type-none\"><ul class=\"slides\"><li><a href=\"https:\/\/agripedia.ch\/zusammenarbeit\/it\/regroupement-de-terres-exploitees-dans-le-loetschental\/\" aria-label=\"Regroupement de terres exploit\u00e9es dans le L\u00f6tschental\" class=\"hover-type-none\"><img decoding=\"async\" width=\"648\" height=\"441\" src=\"https:\/\/agripedia.ch\/zusammenarbeit\/wp-content\/uploads\/sites\/24\/2020\/10\/1599300003257-648x441.png\" class=\"attachment-recent-posts size-recent-posts\" alt=\"\" \/><\/a><\/li><\/ul><\/div><div class=\"recent-posts-content\"><span class=\"vcard\" style=\"display: none;\"><span class=\"fn\"><a href=\"https:\/\/agripedia.ch\/zusammenarbeit\/it\/author\/bge0\/\" title=\"Articoli scritti da bge\" rel=\"author\">bge<\/a><\/span><\/span><span class=\"updated\" style=\"display:none;\">2021-06-29T12:32:09+01:00<\/span><h4 class=\"entry-title\"><a href=\"https:\/\/agripedia.ch\/zusammenarbeit\/it\/regroupement-de-terres-exploitees-dans-le-loetschental\/\">Regroupement de terres exploit\u00e9es dans le L\u00f6tschental<\/a><\/h4><p> Le remembrement des terres exploit\u00e9es dans le L\u00f6tschental est un projet-pilote \u00e0 l\u2019\u00e9chelle suisse. Le p\u00e9rim\u00e8tre du ...<\/p><\/div><\/article><article class=\"post fusion-column column col col-lg-4 col-md-4 col-sm-4\"><div class=\"fusion-flexslider fusion-flexslider-loading flexslider flexslider-hover-type-none\"><ul class=\"slides\"><li><a href=\"https:\/\/agripedia.ch\/zusammenarbeit\/it\/regroupement-de-terres-exploitees-riedhausen-de\/\" aria-label=\"Regroupement de terres exploit\u00e9es Riedhausen (DE)\" class=\"hover-type-none\"><img decoding=\"async\" width=\"700\" height=\"441\" src=\"https:\/\/agripedia.ch\/zusammenarbeit\/wp-content\/uploads\/sites\/24\/2020\/11\/Unbenannt-1-700x441.jpg\" class=\"attachment-recent-posts size-recent-posts\" alt=\"\" srcset=\"https:\/\/agripedia.ch\/zusammenarbeit\/wp-content\/uploads\/sites\/24\/2020\/11\/Unbenannt-1-320x202.jpg 320w, https:\/\/agripedia.ch\/zusammenarbeit\/wp-content\/uploads\/sites\/24\/2020\/11\/Unbenannt-1-700x441.jpg 700w\" sizes=\"(max-width: 700px) 100vw, 700px\" \/><\/a><\/li><\/ul><\/div><div class=\"recent-posts-content\"><span class=\"vcard\" style=\"display: none;\"><span class=\"fn\"><a href=\"https:\/\/agripedia.ch\/zusammenarbeit\/it\/author\/bge0\/\" title=\"Articoli scritti da bge\" rel=\"author\">bge<\/a><\/span><\/span><span class=\"updated\" style=\"display:none;\">2021-05-17T09:37:40+01:00<\/span><h4 class=\"entry-title\"><a href=\"https:\/\/agripedia.ch\/zusammenarbeit\/it\/regroupement-de-terres-exploitees-riedhausen-de\/\">Regroupement de terres exploit\u00e9es Riedhausen (DE)<\/a><\/h4><p> Gewann Kirchsteig (22 ha) dans le territoire de Riedhausen, compos\u00e9 de 40 parcelles partielles (Gasser 2002).  ...<\/p><\/div><\/article><\/section><\/div><div class=\"fusion-clearfix\"><\/div><\/div><\/div><\/div><\/div><\/p>\n","protected":false},"excerpt":{"rendered":"","protected":false},"author":192,"featured_media":0,"parent":3393,"menu_order":0,"comment_status":"closed","ping_status":"closed","template":"","meta":{"_sb_is_suggestion_mode":false,"_sb_show_suggestion_boards":false,"_sb_show_comment_boards":false,"_sb_suggestion_history":"","_sb_update_block_changes":"","_monsterinsights_skip_tracking":false,"_monsterinsights_sitenote_active":false,"_monsterinsights_sitenote_note":"","_monsterinsights_sitenote_category":0,"footnotes":""},"class_list":["post-3241","page","type-page","status-publish","hentry"],"_links":{"self":[{"href":"https:\/\/agripedia.ch\/zusammenarbeit\/it\/wp-json\/wp\/v2\/pages\/3241","targetHints":{"allow":["GET"]}}],"collection":[{"href":"https:\/\/agripedia.ch\/zusammenarbeit\/it\/wp-json\/wp\/v2\/pages"}],"about":[{"href":"https:\/\/agripedia.ch\/zusammenarbeit\/it\/wp-json\/wp\/v2\/types\/page"}],"author":[{"embeddable":true,"href":"https:\/\/agripedia.ch\/zusammenarbeit\/it\/wp-json\/wp\/v2\/users\/192"}],"replies":[{"embeddable":true,"href":"https:\/\/agripedia.ch\/zusammenarbeit\/it\/wp-json\/wp\/v2\/comments?post=3241"}],"version-history":[{"count":22,"href":"https:\/\/agripedia.ch\/zusammenarbeit\/it\/wp-json\/wp\/v2\/pages\/3241\/revisions"}],"predecessor-version":[{"id":5376,"href":"https:\/\/agripedia.ch\/zusammenarbeit\/it\/wp-json\/wp\/v2\/pages\/3241\/revisions\/5376"}],"up":[{"embeddable":true,"href":"https:\/\/agripedia.ch\/zusammenarbeit\/it\/wp-json\/wp\/v2\/pages\/3393"}],"wp:attachment":[{"href":"https:\/\/agripedia.ch\/zusammenarbeit\/it\/wp-json\/wp\/v2\/media?parent=3241"}],"curies":[{"name":"wp","href":"https:\/\/api.w.org\/{rel}","templated":true}]}}