{"id":2906,"date":"2020-12-03T09:08:49","date_gmt":"2020-12-03T08:08:49","guid":{"rendered":"https:\/\/agripedia.ch\/zusammenarbeit\/?page_id=2906"},"modified":"2024-11-29T11:34:48","modified_gmt":"2024-11-29T10:34:48","slug":"ressources-pour-des-collaborations-existantes","status":"publish","type":"page","link":"https:\/\/agripedia.ch\/zusammenarbeit\/fr\/ressources-pour-des-collaborations-existantes\/","title":{"rendered":"Ressources pour des collaborations existantes"},"content":{"rendered":"<p><div class=\"fusion-fullwidth fullwidth-box fusion-builder-row-1 nonhundred-percent-fullwidth non-hundred-percent-height-scrolling\" style=\"--awb-border-radius-top-left:0px;--awb-border-radius-top-right:0px;--awb-border-radius-bottom-right:0px;--awb-border-radius-bottom-left:0px;--awb-flex-wrap:wrap;\" ><div class=\"fusion-builder-row fusion-row\"><div class=\"fusion-layout-column fusion_builder_column fusion-builder-column-0 fusion_builder_column_1_1 1_1 fusion-one-full fusion-column-first fusion-column-last\" style=\"--awb-bg-size:cover;\"><div class=\"fusion-column-wrapper fusion-column-has-shadow fusion-flex-column-wrapper-legacy\"><div class=\"fusion-text fusion-text-1\"><p>Il n\u2019existe pas de r\u00e8gles universelles ni de recettes toutes faites pour une collaboration interentreprises r\u00e9ussie. L\u2019organisation, la communication ou encore le partage du b\u00e9n\u00e9fice au sein d\u2019une communaut\u00e9 sont adaptables aux besoins des parties. Par ailleurs, ce qui a \u00e9t\u00e9 d\u00e9cid\u00e9 un jour peut \u00eatre modifi\u00e9 et remodel\u00e9. Ce site pr\u00e9sente la marge de man\u0153uvre dont vous disposez pour concevoir votre collaboration et explique comment vous pouvez adapter les r\u00e8glements et les dispositions contractuelles en fonction de vos souhaits et les modifier si n\u00e9cessaire.<\/p>\n<p><em>Cliquez sur l\u2019\u00e9l\u00e9ment qui vous int\u00e9resse <\/em>et apprenez comment d\u2019autres chefs d\u2019exploitation vivent la collaboration, l\u2019organisent et aussi, parfois, en changent les modalit\u00e9s.<\/p>\n<\/div><div class=\"fusion-clearfix\"><\/div><\/div><\/div><\/div><\/div><div class=\"fusion-fullwidth fullwidth-box fusion-builder-row-2 fusion-flex-container nonhundred-percent-fullwidth non-hundred-percent-height-scrolling\" style=\"--awb-border-radius-top-left:0px;--awb-border-radius-top-right:0px;--awb-border-radius-bottom-right:0px;--awb-border-radius-bottom-left:0px;--awb-flex-wrap:wrap;\" ><div class=\"fusion-builder-row fusion-row fusion-flex-align-items-center fusion-flex-content-wrap\" style=\"max-width:1144px;margin-left: calc(-4% \/ 2 );margin-right: calc(-4% \/ 2 );\"><div class=\"fusion-layout-column fusion_builder_column fusion-builder-column-1 fusion_builder_column_1_4 1_4 fusion-flex-column fusion-flex-align-self-center\" style=\"--awb-bg-size:cover;--awb-width-large:25%;--awb-margin-top-large:0px;--awb-spacing-right-large:7.68%;--awb-margin-bottom-large:20px;--awb-spacing-left-large:7.68%;--awb-width-medium:100%;--awb-order-medium:0;--awb-spacing-right-medium:1.92%;--awb-spacing-left-medium:1.92%;--awb-width-small:100%;--awb-order-small:0;--awb-spacing-right-small:1.92%;--awb-spacing-left-small:1.92%;\"><div class=\"fusion-column-wrapper fusion-column-has-shadow fusion-flex-justify-content-flex-start fusion-content-layout-column\"><a class=\"fusion-modal-text-link\" data-toggle=\"modal\" data-target=\".fusion-modal.laufzeit\" href=\"#\"><img decoding=\"async\" src=\"https:\/\/agripedia.ch\/zusammenarbeit\/wp-content\/uploads\/sites\/24\/2020\/12\/Laufzeit-FR.jpg\" \/><\/a><div class=\"fusion-modal modal fade modal-1 laufzeit\" tabindex=\"-1\" role=\"dialog\" aria-labelledby=\"modal-heading-1\" aria-hidden=\"true\" style=\"--awb-border-color:#ebebeb;--awb-background:#ffffff;\"><div class=\"modal-dialog modal-lg\" role=\"document\"><div class=\"modal-content fusion-modal-content\"><div class=\"modal-header\"><button class=\"close\" type=\"button\" data-dismiss=\"modal\" aria-hidden=\"true\" aria-label=\"Close\">&times;<\/button><h3 class=\"modal-title\" id=\"modal-heading-1\" data-dismiss=\"modal\" aria-hidden=\"true\">Dur\u00e9e<\/h3><\/div><div class=\"modal-body fusion-clearfix\">\n<p>La dur\u00e9e d\u2019une collaboration doit \u00eatre fix\u00e9e de telle sorte qu\u2019elle procure stabilit\u00e9 et s\u00e9curit\u00e9 \u00e0 toutes les parties sur une certaine dur\u00e9e, sans toutefois les lier ind\u00e9finiment ou pour des g\u00e9n\u00e9rations. Si des investisseurs ou des pr\u00eateurs sont impliqu\u00e9s dans l\u2019entreprise commune, il faut en outre respecter la dur\u00e9e minimale qu\u2019ils ont fix\u00e9e pour leur engagement (p.\u00a0ex. en cas de l\u2019octroi d\u2019un droit de superficie).<\/p>\n<hr \/>\n<p>Exemples pour la d\u00e9termination possible de la dur\u00e9e d\u2019un projet communautaire :<\/p>\n<ul>\n<li><strong>pas de dur\u00e9e explicite,<\/strong> par exemple pour des collaborations simples ou convenues par oral\n<ul>\n<li>\n<h6><a href=\"https:\/\/agripedia.ch\/zusammenarbeit\/fr\/communaute-dassolement-mueller-leibundgut-so\/\" target=\"_blank\" rel=\"noopener noreferrer\">Communaut\u00e9 d\u2019assolement M\u00fcller-Leibundgut<\/a><\/h6>\n<\/li>\n<li>\n<h6><a href=\"https:\/\/agripedia.ch\/zusammenarbeit\/fr\/communaute-de-procuction-cpe-grafenried-be\/\" target=\"_blank\" rel=\"noopener noreferrer\">Communaut\u00e9 de production Grafenried\u00a0<\/a><\/h6>\n<\/li>\n<li>\n<h6><a href=\"https:\/\/agripedia.ch\/zusammenarbeit\/fr\/communaute-partielle-dexploitation-ackle-birri-ag\/\" target=\"_blank\" rel=\"noopener noreferrer\">Communaut\u00e9 partielle d\u2019exploitation Ackle-Birri<\/a><\/h6>\n<div class=\"fusion-separator fusion-full-width-sep agri-separator\" style=\"align-self: center;margin-left: auto;margin-right: auto;width:100%;\"><\/div><\/li>\n<\/ul>\n<\/li>\n<li>\u00e9ch\u00e9ance fix\u00e9e pour la date o\u00f9 une des parties atteint<strong> l\u2019\u00e2ge de la retraite<\/strong>\n<ul>\n<li>\n<h6><a href=\"https:\/\/agripedia.ch\/zusammenarbeit\/fr\/communaute-partielle-dexploitation-ehrenbueel-fehraltorf-zh\/\" target=\"_blank\" rel=\"noopener noreferrer\">Communaut\u00e9 partielle d\u2019exploitation Ehrenb\u00fcel<\/a> \u2013 Vid\u00e9o: <a href=\"https:\/\/www.youtube.com\/watch?v=MXfLH-ic0NA&list=PL7ZaE-gccj2XtYkbHVBWM2SIp2MURg-EJ&index=11\" target=\"_blank\" rel=\"noopener noreferrer\">Question concernant la dur\u00e9e au membre Thomas Bachmann <\/a><\/h6>\n<\/li>\n<li>\n<h6><a href=\"https:\/\/agripedia.ch\/zusammenarbeit\/fr\/communaute-dassolement-au-sein-dune-communaute-dexploitation-bachmann-et-schlaepfer-fritschi-flaach-zh\/\" target=\"_blank\" rel=\"noopener noreferrer\">Communaut\u00e9 d\u2019assolement Bachmann-Schl\u00e4pfer-Fritschi<\/a> \u2013 Vid\u00e9o: <a href=\"https:\/\/www.youtube.com\/watch?v=d_JcqiYH7Ag&list=PL7ZaE-gccj2VaYRTWr0pOIAEzcYIFuWuX&index=8\" target=\"_blank\" rel=\"noopener noreferrer\">Question concernant la dur\u00e9e au membre Ernst Bachmann<\/a><\/h6>\n<div class=\"fusion-separator fusion-full-width-sep agri-separator\" style=\"align-self: center;margin-left: auto;margin-right: auto;width:100%;\"><\/div><\/li>\n<\/ul>\n<\/li>\n<li>\u00e9ch\u00e9ance selon les <strong>conditions de la banque<\/strong> ou autres pr\u00eateurs (peu important pour les membres de la communaut\u00e9)\n<ul>\n<li>\n<h6><a href=\"https:\/\/agripedia.ch\/zusammenarbeit\/fr\/communaute-dexploitation-suter-et-schmid-muehlau-ag\/\" target=\"_blank\" rel=\"noopener noreferrer\">Communaut\u00e9 d\u2019exploitation Suter-Schmid<\/a>\u2013 Vid\u00e9o: <a href=\"https:\/\/www.youtube.com\/watch?v=qujBl7hzP8U&list=PL7ZaE-gccj2XKc6Iakzlpo41uClCur1rw&index=6\">Question concernant la dur\u00e9e au membre Matthias Suter<\/a><\/h6>\n<\/li>\n<\/ul>\n<\/li>\n<\/ul>\n<h6><div class=\"fusion-separator fusion-full-width-sep agri-separator\" style=\"align-self: center;margin-left: auto;margin-right: auto;width:100%;\"><\/div><\/h6>\n<ul>\n<li><strong>\u00e9ch\u00e9ances diff\u00e9rentes <\/strong>pour le contrat de soci\u00e9t\u00e9 et pour le droit de superficie s\u2019agissant d\u2019investissements collectifs dans des b\u00e2timents :\n<ul>\n<li>\n<h6><a href=\"https:\/\/agripedia.ch\/zusammenarbeit\/fr\/alberswiler-pionier-milch-betrieb-apmb-lu\/\" target=\"_blank\" rel=\"noopener noreferrer\">Alberswiler Pionier Milch Betrieb\u00a0<\/a><\/h6>\n<div class=\"fusion-separator fusion-full-width-sep agri-separator\" style=\"align-self: center;margin-left: auto;margin-right: auto;width:100%;\"><\/div><\/li>\n<\/ul>\n<\/li>\n<li><strong>dur\u00e9e non fix\u00e9e contractuellement<\/strong>, le projet n\u2019ayant pas de terme explicite (p. ex. S\u00e0rl avec possibilit\u00e9 de changement de g\u00e9rance\/membres et donc poursuite de la collaboration \u00e9galement en cas de d\u00e9part\/sortie des membres fondateurs) :\n<ul>\n<li>\n<h6><a href=\"https:\/\/agripedia.ch\/zusammenarbeit\/fr\/baselbieter-baeuerinnen-apero-bl\/\" target=\"_blank\" rel=\"noopener noreferrer\">Baselbieter B\u00e4uerinnen Ap\u00e9ro<\/a><\/h6>\n<\/li>\n<li>\n<h6><a href=\"https:\/\/agripedia.ch\/zusammenarbeit\/fr\/so-fein-service-traiteur-des-paysannes-et-femmes-rurales-so\/\" target=\"_blank\" rel=\"noopener noreferrer\">so-fein B\u00e4uerinnen- und Landfrauenap\u00e9ro<\/a><\/h6>\n<\/li>\n<\/ul>\n<\/li>\n<\/ul>\n<\/div><div class=\"modal-footer\"><button class=\"fusion-button button-default button-medium button default medium\" type=\"button\" data-dismiss=\"modal\">Close<\/button><\/div><\/div><\/div><\/div><\/div><\/div><div class=\"fusion-layout-column fusion_builder_column fusion-builder-column-2 fusion_builder_column_1_4 1_4 fusion-flex-column fusion-flex-align-self-center\" style=\"--awb-bg-size:cover;--awb-width-large:25%;--awb-margin-top-large:0px;--awb-spacing-right-large:7.68%;--awb-margin-bottom-large:20px;--awb-spacing-left-large:7.68%;--awb-width-medium:100%;--awb-order-medium:0;--awb-spacing-right-medium:1.92%;--awb-spacing-left-medium:1.92%;--awb-width-small:100%;--awb-order-small:0;--awb-spacing-right-small:1.92%;--awb-spacing-left-small:1.92%;\"><div class=\"fusion-column-wrapper fusion-column-has-shadow fusion-flex-justify-content-flex-start fusion-content-layout-column\"><a class=\"fusion-modal-text-link\" data-toggle=\"modal\" data-target=\".fusion-modal.organisation\" href=\"#\"><img decoding=\"async\" src=\"https:\/\/agripedia.ch\/zusammenarbeit\/wp-content\/uploads\/sites\/24\/2020\/12\/Organisation-FR.jpg\" \/><\/a><div class=\"fusion-modal modal fade modal-2 organisation\" tabindex=\"-1\" role=\"dialog\" aria-labelledby=\"modal-heading-2\" aria-hidden=\"true\" style=\"--awb-border-color:#ebebeb;--awb-background:#ffffff;\"><div class=\"modal-dialog modal-lg\" role=\"document\"><div class=\"modal-content fusion-modal-content\"><div class=\"modal-header\"><button class=\"close\" type=\"button\" data-dismiss=\"modal\" aria-hidden=\"true\" aria-label=\"Close\">&times;<\/button><h3 class=\"modal-title\" id=\"modal-heading-2\" data-dismiss=\"modal\" aria-hidden=\"true\">Organisation<\/h3><\/div><div class=\"modal-body fusion-clearfix\">\n<p>Dans la plupart des cas, l\u2019organisation et la r\u00e9partition du travail entre associ\u00e9s d\u2019une entreprise commune reposent sur un partage des responsabilit\u00e9s, un seul associ\u00e9 assumant toutefois la responsabilit\u00e9 strat\u00e9gique globale. Le travail pratique quotidien dans les diff\u00e9rents domaines d\u2019activit\u00e9 est g\u00e9n\u00e9ralement effectu\u00e9 conjointement par l\u2019ensemble des associ\u00e9s, afin de maintenir les comp\u00e9tences professionnelles de chacun et donc aussi la possibilit\u00e9 de se remplacer mutuellement.<\/p>\n<hr \/>\n<p>Exemples d\u2019organisation communautaire :<\/p>\n<ul>\n<li><strong>pas de r\u00e9partition<\/strong>, car la collaboration ne concerne pas toute l\u2019entreprise. Les parties g\u00e8rent leur exploitation \u00e0 leur compte\n<ul>\n<li>\n<h6><a href=\"https:\/\/agripedia.ch\/zusammenarbeit\/fr\/communaute-dassolement-mueller-leibundgut-so\/\" target=\"_blank\" rel=\"noopener noreferrer\">Communaut\u00e9 d\u2019assolement M\u00fcller-Leibundgut<\/a><\/h6>\n<div class=\"fusion-separator fusion-full-width-sep agri-separator\" style=\"align-self: center;margin-left: auto;margin-right: auto;width:100%;\"><\/div><\/li>\n<\/ul>\n<\/li>\n<li>organisation en <strong>domaines de comp\u00e9tences strat\u00e9giques<\/strong>, travail op\u00e9rationnel effectu\u00e9 ensemble :\n<ul>\n<li>\n<h6><a href=\"https:\/\/agripedia.ch\/zusammenarbeit\/fr\/communaute-dassolement-au-sein-dune-communaute-dexploitation-bachmann-et-schlaepfer-fritschi-flaach-zh\/\" target=\"_blank\" rel=\"noopener noreferrer\">Communaut\u00e9 d\u2019assolement Bachmann-Schl\u00e4pfer-Fritschi<\/a> \u2013 Vid\u00e9o: Questions concernant la <a href=\"https:\/\/www.youtube.com\/watch?v=KZ-z96_EHR8&list=PL7ZaE-gccj2VaYRTWr0pOIAEzcYIFuWuX&index=6\" target=\"_blank\" rel=\"noopener noreferrer\">r\u00e9partition des t\u00e2ches<\/a> et la <a href=\"https:\/\/www.youtube.com\/watch?v=k-9I1MX74Ro&list=PL7ZaE-gccj2VaYRTWr0pOIAEzcYIFuWuX&index=7\" target=\"_blank\" rel=\"noopener noreferrer\">planification strat\u00e9gique<\/a> au membre Ernst Bachmann<\/h6>\n<\/li>\n<li>\n<h6><a href=\"https:\/\/agripedia.ch\/zusammenarbeit\/fr\/alberswiler-pionier-milch-betrieb-apmb-lu\/\" target=\"_blank\" rel=\"noopener noreferrer\">Alberswiler Pionier Milch Betrieb<\/a><\/h6>\n<\/li>\n<li>\n<h6><a href=\"https:\/\/agripedia.ch\/zusammenarbeit\/fr\/communaute-partielle-dexploitation-von-ah-burch-ow\/\" target=\"_blank\" rel=\"noopener noreferrer\">Communaut\u00e9 partielle d\u2019exploitation Erdfur<\/a><\/h6>\n<div class=\"fusion-separator fusion-full-width-sep agri-separator\" style=\"align-self: center;margin-left: auto;margin-right: auto;width:100%;\"><\/div><\/li>\n<\/ul>\n<\/li>\n<li>Division entre <strong>une partie strat\u00e9gique<\/strong> (impliquant tous les membres de la communaut\u00e9) et <strong>une partie op\u00e9rationnelle<\/strong> (uniquement les chefs d\u2019exploitation) :\n<ul>\n<li>\n<h6><a href=\"https:\/\/agripedia.ch\/zusammenarbeit\/fr\/communaute-dexploitation-suter-et-schmid-muehlau-ag\/\" target=\"_blank\" rel=\"noopener noreferrer\">Communaut\u00e9 d\u2019exploitation Suter-Schmid<\/a> \u2013 Vid\u00e9o: <a href=\"https:\/\/www.youtube.com\/embed\/xIipE6tN2K4?autoplay=0&rel=0&cc_load_policy=1&hl=fr&listType=playlist&list=PL7ZaE-gccj2XKc6Iakzlpo41uClCur1rw&enablejsapi=1&wmode=opaque\" target=\"_blank\" rel=\"noopener noreferrer\">Question concernant la planification strat\u00e9gique et op\u00f6rationnelle aux membres de la communaut\u00e9<\/a> <div class=\"fusion-separator fusion-full-width-sep agri-separator\" style=\"align-self: center;margin-left: auto;margin-right: auto;width:100%;\"><\/div><\/h6>\n<\/li>\n<\/ul>\n<\/li>\n<li>R\u00e9partition entre <strong>activit\u00e9s agricoles et activit\u00e9s non agricoles<\/strong> (p. ex. pension pour chevaux), men\u00e9es s\u00e9par\u00e9ment aux plans op\u00e9rationnel et strat\u00e9gique. Au sein des activit\u00e9s agricoles, les membres ont des charges de travail et des domaines de comp\u00e9tences diff\u00e9rents :\n<ul>\n<li>\n<h6><a href=\"https:\/\/agripedia.ch\/zusammenarbeit\/fr\/communaute-dexploitation-synfarms-densbueren-ag\/\">Communaut\u00e9 d\u2019exploitation Synfarms<\/a><\/h6>\n<div class=\"fusion-separator fusion-full-width-sep agri-separator\" style=\"align-self: center;margin-left: auto;margin-right: auto;width:100%;\"><\/div><\/li>\n<\/ul>\n<\/li>\n<li>R\u00e9partition en diff\u00e9rents domaines de t\u00e2ches, mais <strong>sans d\u00e9charge mutuelle en temps normal<\/strong>. Pendant la haute saison, on renonce aux vacances et on s\u2019engage autant que possible dans l\u2019entreprise :\n<ul>\n<li>\n<h6><a href=\"https:\/\/agripedia.ch\/zusammenarbeit\/fr\/communaute-de-procuction-cpe-grafenried-be\/\" target=\"_blank\" rel=\"noopener noreferrer\">Communaut\u00e9 de production Grafenried\u00a0<\/a><\/h6>\n<div class=\"fusion-separator fusion-full-width-sep agri-separator\" style=\"align-self: center;margin-left: auto;margin-right: auto;width:100%;\"><\/div><\/li>\n<\/ul>\n<\/li>\n<li>RR\u00e9partition du <strong>travail \u00e0 l\u2019\u00e9table<\/strong> entre les membres, <strong>plan des vacances et des jours libres<\/strong> \u00e9tabli sur plusieurs mois, voire sur toute l\u2019ann\u00e9e.\n<ul>\n<li>\n<h6><a href=\"https:\/\/agripedia.ch\/zusammenarbeit\/fr\/communaute-partielle-dexploitation-ackle-birri-ag\/\" target=\"_blank\" rel=\"noopener noreferrer\">Communaut\u00e9 partielle d\u2019exploitation Ackle-Birri\u00a0<\/a><\/h6>\n<\/li>\n<li>\n<h6><a href=\"https:\/\/agripedia.ch\/zusammenarbeit\/fr\/communaute-partielle-dexploitation-ehrenbueel-fehraltorf-zh\/\" target=\"_blank\" rel=\"noopener noreferrer\">Communaut\u00e9 partielle d\u2019exploitation Ehrenb\u00fcel<\/a> \u2013 Vid\u00e9o : Question concernant <a href=\"https:\/\/www.youtube.com\/watch?v=hfipMc5h0Cc&list=PL7ZaE-gccj2XtYkbHVBWM2SIp2MURg-EJ&index=6\" target=\"_blank\" rel=\"noopener noreferrer\">l\u2019organisation au membre Thomas Bachmann<\/a><\/h6>\n<div class=\"fusion-separator fusion-full-width-sep agri-separator\" style=\"align-self: center;margin-left: auto;margin-right: auto;width:100%;\"><\/div><\/li>\n<\/ul>\n<\/li>\n<li><strong>R\u00e9glementation pr\u00e9cise des d\u00e9roulements du travail <\/strong>et des responsabilit\u00e9s pour la transformation\/commercialisation professionnelles et le service clients (en particulier pour les services-traiteurs) :\n<ul>\n<li>\n<h6>Baselbieter B\u00e4uerinnen Ap\u00e9ro \u2013 Vid\u00e9o: Questions concernant le <a href=\"https:\/\/www.youtube.com\/watch?v=lmtHClHnZMg&list=PL7ZaE-gccj2Uf-Zt-HuJSizCfC24GLW-o&index=3\" target=\"_blank\" rel=\"noopener noreferrer\">processus de r\u00e9servation <\/a>et les <a href=\"https:\/\/www.youtube.com\/watch?v=85Km5P4RjJ8&list=PL7ZaE-gccj2Uf-Zt-HuJSizCfC24GLW-o&index=8\" target=\"_blank\" rel=\"noopener noreferrer\">r\u00e9sponsabilit\u00e9s au sein de la SARL<\/a><\/h6>\n<\/li>\n<li>\n<h6><a href=\"https:\/\/agripedia.ch\/zusammenarbeit\/fr\/so-fein-service-traiteur-des-paysannes-et-femmes-rurales-so\/\" target=\"_blank\" rel=\"noopener noreferrer\">so-fein B\u00e4uerinnen- und Landfrauenap\u00e9ro<\/a><\/h6>\n<\/li>\n<\/ul>\n<\/li>\n<\/ul>\n<\/div><div class=\"modal-footer\"><button class=\"fusion-button button-default button-medium button default medium\" type=\"button\" data-dismiss=\"modal\">Close<\/button><\/div><\/div><\/div><\/div><\/div><\/div><div class=\"fusion-layout-column fusion_builder_column fusion-builder-column-3 fusion_builder_column_1_4 1_4 fusion-flex-column fusion-flex-align-self-center\" style=\"--awb-bg-size:cover;--awb-width-large:25%;--awb-margin-top-large:0px;--awb-spacing-right-large:7.68%;--awb-margin-bottom-large:20px;--awb-spacing-left-large:7.68%;--awb-width-medium:100%;--awb-order-medium:0;--awb-spacing-right-medium:1.92%;--awb-spacing-left-medium:1.92%;--awb-width-small:100%;--awb-order-small:0;--awb-spacing-right-small:1.92%;--awb-spacing-left-small:1.92%;\"><div class=\"fusion-column-wrapper fusion-column-has-shadow fusion-flex-justify-content-flex-start fusion-content-layout-column\"><a class=\"fusion-modal-text-link\" data-toggle=\"modal\" data-target=\".fusion-modal.kommunikation\" href=\"#\"><img decoding=\"async\" src=\"https:\/\/agripedia.ch\/zusammenarbeit\/wp-content\/uploads\/sites\/24\/2020\/12\/Kommunikation-FR.jpg\" \/><\/a><div class=\"fusion-modal modal fade modal-3 kommunikation\" tabindex=\"-1\" role=\"dialog\" aria-labelledby=\"modal-heading-3\" aria-hidden=\"true\" style=\"--awb-border-color:#ebebeb;--awb-background:#ffffff;\"><div class=\"modal-dialog modal-lg\" role=\"document\"><div class=\"modal-content fusion-modal-content\"><div class=\"modal-header\"><button class=\"close\" type=\"button\" data-dismiss=\"modal\" aria-hidden=\"true\" aria-label=\"Close\">&times;<\/button><h3 class=\"modal-title\" id=\"modal-heading-3\" data-dismiss=\"modal\" aria-hidden=\"true\">Communication<\/h3><\/div><div class=\"modal-body fusion-clearfix\">\n<p>La communication est particuli\u00e8rement importante dans le cadre d\u2019une collaboration interentreprises, car non seulement les partenaires travaillent ensemble, mais ils poursuivent aussi des objectifs strat\u00e9giques communs. Discuter ouvertement ensemble et clarifier rapidement les diff\u00e9rends permet de pr\u00e9venir des conflits majeurs et d\u2019assurer ainsi la p\u00e9rennit\u00e9 de la collaboration.<\/p>\n<hr \/>\n<p>Exemples de diff\u00e9rentes mani\u00e8res de g\u00e9rer la communication :<\/p>\n<ul>\n<li><strong>S\u00e9ances r\u00e9guli\u00e8res<\/strong> (p.\u00a0ex. une fois par mois, par semaine, par ann\u00e9e) pour d\u00e9cider de la planification et de l\u2019orientation strat\u00e9gique de l\u2019entreprise commune, \u00e9v. avec l\u2019appui d\u2019un conseiller\/vulgarisateur qui aide \u00e0 aborder les sujets\/probl\u00e8mes de mani\u00e8re neutre. Les d\u00e9cisions op\u00e9rationnelles sont g\u00e9n\u00e9ralement prises par la personne responsable\u00a0:\n<ul>\n<li>\n<h6><a href=\"https:\/\/agripedia.ch\/zusammenarbeit\/fr\/communaute-dexploitation-suter-et-schmid-muehlau-ag\/\" target=\"_blank\" rel=\"noopener noreferrer\">Communuat\u00e9 d\u2019exploitation Suter-Schmid <\/a>\u2013 Vid\u00e9o\u00a0: Questions concernant la planification strat\u00e9gique et op\u00e9rationnelle aux membres de la communaut\u00e9<\/h6>\n<\/li>\n<li>\n<h6><a href=\"https:\/\/agripedia.ch\/zusammenarbeit\/fr\/alberswiler-pionier-milch-betrieb-apmb-lu\/\" target=\"_blank\" rel=\"noopener noreferrer\">Alberswiler Pionier Milch Betrieb\u00a0<\/a><\/h6>\n<\/li>\n<li>\n<h6><a href=\"https:\/\/agripedia.ch\/zusammenarbeit\/fr\/communaute-dexploitation-synfarms-densbueren-ag\/\" target=\"_blank\" rel=\"noopener noreferrer\">Communaut\u00e9 d\u2019exploitation Synfarms<\/a><\/h6>\n<\/li>\n<li>\n<h6><a href=\"https:\/\/agripedia.ch\/zusammenarbeit\/fr\/communaute-partielle-dexploitation-ehrenbueel-fehraltorf-zh\/\" target=\"_blank\" rel=\"noopener noreferrer\">Communaut\u00e9 partielle d\u2019exploitation Ehrenb\u00fcel<\/a> \u2013 <a href=\"https:\/\/www.youtube.com\/watch?v=fknf0Qq2z3A&list=PL7ZaE-gccj2XtYkbHVBWM2SIp2MURg-EJ&index=14\" target=\"_blank\" rel=\"noopener noreferrer\">Vid\u00e9o: Questions concernant la gestion de conflits au membre Thomas Bachmann<\/a><\/h6>\n<div class=\"fusion-separator fusion-full-width-sep agri-separator\" style=\"align-self: center;margin-left: auto;margin-right: auto;width:100%;\"><\/div><\/li>\n<\/ul>\n<\/li>\n<li><strong>Discussions ponctuelles\/en cas de besoin<\/strong> lorsqu\u2019on se croise ou s\u2019il y a des choses \u00e0 clarifier. Cette forme de communication convient pour les collaborations de longue date et bien rod\u00e9es :\n<ul>\n<li>\n<h6><a href=\"https:\/\/agripedia.ch\/zusammenarbeit\/fr\/communaute-dassolement-mueller-leibundgut-so\/\" target=\"_blank\" rel=\"noopener noreferrer\">Communaut\u00e9 d\u2019assolement M\u00fcller-Leibundgut<\/a><\/h6>\n<\/li>\n<li>\n<h6><a href=\"https:\/\/agripedia.ch\/zusammenarbeit\/fr\/communaute-partielle-dexploitation-von-ah-burch-ow\/\" target=\"_blank\" rel=\"noopener noreferrer\">Communaut\u00e9 partielle d\u2019exploitation Erdfur<\/a><\/h6>\n<\/li>\n<li>\n<h6><a href=\"https:\/\/agripedia.ch\/zusammenarbeit\/fr\/communaute-partielle-dexploitation-von-ah-burch-ow\/\" target=\"_blank\" rel=\"noopener noreferrer\">Communaut\u00e9 partielle d\u2019exploitation Ackle-Birri<\/a><\/h6>\n<div class=\"fusion-separator fusion-full-width-sep agri-separator\" style=\"align-self: center;margin-left: auto;margin-right: auto;width:100%;\"><\/div><\/li>\n<\/ul>\n<\/li>\n<li><strong>S\u00e9ances p\u00e9riodiquement plus fr\u00e9quentes<\/strong> pour pr\u00e9parer la haute saison et faire qu\u2019elle se d\u00e9roule au mieux :\n<ul>\n<li>\n<h6><a href=\"https:\/\/agripedia.ch\/zusammenarbeit\/fr\/communaute-de-procuction-cpe-grafenried-be\/\" target=\"_blank\" rel=\"noopener noreferrer\">\u00a0:Communaut\u00e9 de production Grafenried<\/a><\/h6>\n<\/li>\n<\/ul>\n<\/li>\n<\/ul>\n<\/div><div class=\"modal-footer\"><button class=\"fusion-button button-default button-medium button default medium\" type=\"button\" data-dismiss=\"modal\">Close<\/button><\/div><\/div><\/div><\/div><\/div><\/div><div class=\"fusion-layout-column fusion_builder_column fusion-builder-column-4 fusion_builder_column_1_4 1_4 fusion-flex-column\" style=\"--awb-bg-size:cover;--awb-width-large:25%;--awb-margin-top-large:0px;--awb-spacing-right-large:7.68%;--awb-margin-bottom-large:20px;--awb-spacing-left-large:7.68%;--awb-width-medium:100%;--awb-order-medium:0;--awb-spacing-right-medium:1.92%;--awb-spacing-left-medium:1.92%;--awb-width-small:100%;--awb-order-small:0;--awb-spacing-right-small:1.92%;--awb-spacing-left-small:1.92%;\"><div class=\"fusion-column-wrapper fusion-column-has-shadow fusion-flex-justify-content-flex-end fusion-content-layout-column\"><a class=\"fusion-modal-text-link\" data-toggle=\"modal\" data-target=\".fusion-modal.gewinnteilung\" href=\"#\"><img decoding=\"async\" src=\"https:\/\/agripedia.ch\/zusammenarbeit\/wp-content\/uploads\/sites\/24\/2020\/12\/Gewinnteilung-FR.jpg\" \/><\/a><div class=\"fusion-modal modal fade modal-4 gewinnteilung\" tabindex=\"-1\" role=\"dialog\" aria-labelledby=\"modal-heading-4\" aria-hidden=\"true\" style=\"--awb-border-color:#ebebeb;--awb-background:#ffffff;\"><div class=\"modal-dialog modal-lg\" role=\"document\"><div class=\"modal-content fusion-modal-content\"><div class=\"modal-header\"><button class=\"close\" type=\"button\" data-dismiss=\"modal\" aria-hidden=\"true\" aria-label=\"Close\">&times;<\/button><h3 class=\"modal-title\" id=\"modal-heading-4\" data-dismiss=\"modal\" aria-hidden=\"true\">Partage des profits<\/h3><\/div><div class=\"modal-body fusion-clearfix\">\n<p>Le partage des co\u00fbts et des profits est un point capital qui doit \u00eatre soigneusement r\u00e9gl\u00e9; il importe que toutes les parties se sentent trait\u00e9es \u00e9quitablement et appr\u00e9ci\u00e9es. Ici aussi, il existe diff\u00e9rentes mani\u00e8res de r\u00e9gler les aspects financiers de la collaboration en fonction des souhaits des associ\u00e9s.<\/p>\n<hr \/>\n<p>Exemples de r\u00e9glementations en mati\u00e8re de partage des co\u00fbts\/b\u00e9n\u00e9fices et de versement des salaires :<\/p>\n<ul>\n<li>Gestion de l\u2019exploitation individuelle <strong>\u00e0 son propre compte<\/strong> (notamment pour les CPE, les communaut\u00e9s d\u2019assolement et d\u2019autres formes de collaboration simples n\u2019impliquant pas forc\u00e9ment le regroupement des exploitations en une seule entreprise) :\n<ul>\n<li>\n<h6><a href=\"https:\/\/agripedia.ch\/zusammenarbeit\/fr\/communaute-dassolement-mueller-leibundgut-so\/\" target=\"_blank\" rel=\"noopener noreferrer\">Communaut\u00e9 d\u2019assolement M\u00fcller-Leibundgut<\/a><\/h6>\n<div class=\"fusion-separator fusion-full-width-sep agri-separator\" style=\"align-self: center;margin-left: auto;margin-right: auto;width:100%;\"><\/div><\/li>\n<\/ul>\n<\/li>\n<li><strong>Pas de d\u00e9compte-horaire<\/strong>, le b\u00e9n\u00e9fice est r\u00e9parti \u00e0 parts \u00e9gales entre les partenaires :\n<ul>\n<li>\n<h6><a href=\"https:\/\/agripedia.ch\/zusammenarbeit\/fr\/communaute-dassolement-au-sein-dune-communaute-dexploitation-bachmann-et-schlaepfer-fritschi-flaach-zh\/\" target=\"_blank\" rel=\"noopener noreferrer\">Communaut\u00e9 d\u2019assolement Bachmann-Schl\u00e4pfer-Fritschi<\/a> \u2013 <a href=\"https:\/\/www.youtube.com\/watch?v=d_JcqiYH7Ag&list=PL7ZaE-gccj2VaYRTWr0pOIAEzcYIFuWuX&index=8\" target=\"_blank\" rel=\"noopener noreferrer\">Vid\u00e9o: Question concernant la r\u00e9glementation contractuelle au membre\u00a0 Ernst Bachmann<\/a><\/h6>\n<\/li>\n<li>\n<h6><a href=\"https:\/\/agripedia.ch\/zusammenarbeit\/fr\/communaute-partielle-dexploitation-von-ah-burch-ow\/\" target=\"_blank\" rel=\"noopener noreferrer\">Communaut\u00e9 partielle d\u2019exploitation Erdfur<\/a><\/h6>\n<div class=\"fusion-separator fusion-full-width-sep agri-separator\" style=\"align-self: center;margin-left: auto;margin-right: auto;width:100%;\"><\/div><\/li>\n<\/ul>\n<\/li>\n<li><strong>Paiement du salaires<\/strong> \u00e0 la journ\u00e9e ou \u00e0 l\u2019heure, selon le travail effectu\u00e9 par les membres, <strong>r\u00e9partition du b\u00e9n\u00e9fice<\/strong> \u00e0 parts \u00e9gales entre les participant-e-s.\n<ul>\n<li>\n<h6><a href=\"https:\/\/agripedia.ch\/zusammenarbeit\/fr\/communaute-dexploitation-suter-et-schmid-muehlau-ag\/\" target=\"_blank\" rel=\"noopener noreferrer\">Communaut\u00e9 d\u2019exploitation Suter-Schmid\u00a0<\/a><\/h6>\n<\/li>\n<li>\n<h6><a href=\"https:\/\/agripedia.ch\/zusammenarbeit\/fr\/alberswiler-pionier-milch-betrieb-apmb-lu\/\" target=\"_blank\" rel=\"noopener noreferrer\">Alberswiler Pionier Milch Betrieb<\/a><\/h6>\n<\/li>\n<li>\n<h6><a href=\"https:\/\/agripedia.ch\/zusammenarbeit\/fr\/communaute-dexploitation-synfarms-densbueren-ag\/\" target=\"_blank\" rel=\"noopener noreferrer\">Communaut\u00e9 d\u2019exploitation Synfarms\u00a0<\/a><\/h6>\n<\/li>\n<li>\n<h6><a href=\"https:\/\/agripedia.ch\/zusammenarbeit\/fr\/communaute-de-procuction-cpe-grafenried-be\/\" target=\"_blank\" rel=\"noopener noreferrer\">Communaut\u00e9 de production Grafenried<\/a><\/h6>\n<div class=\"fusion-separator fusion-full-width-sep agri-separator\" style=\"align-self: center;margin-left: auto;margin-right: auto;width:100%;\"><\/div><\/li>\n<\/ul>\n<\/li>\n<li><strong>Paiement du salaire en fonction de la quantit\u00e9 de lait<\/strong>, d\u00e9ductions pour l\u2019achat de fourrages par vache (surtout dans le cas de communaut\u00e9s partielles d\u2019exploitation en production laiti\u00e8re)\n<ul>\n<li>\n<h6><a href=\"https:\/\/agripedia.ch\/zusammenarbeit\/fr\/communaute-partielle-dexploitation-ackle-birri-ag\/\" target=\"_blank\" rel=\"noopener noreferrer\">Communaut\u00e9 partielle d\u2019exploitation Ackle-Birri<\/a><\/h6>\n<\/li>\n<li>\n<h6><a href=\"https:\/\/agripedia.ch\/zusammenarbeit\/fr\/communaute-partielle-dexploitation-ehrenbueel-fehraltorf-zh\/\" target=\"_blank\" rel=\"noopener noreferrer\">Communaut\u00e9 partielle d\u2019exploitation Ehrenb\u00fcel<\/a><\/h6>\n<div class=\"fusion-separator fusion-full-width-sep agri-separator\" style=\"align-self: center;margin-left: auto;margin-right: auto;width:100%;\"><\/div><\/li>\n<\/ul>\n<\/li>\n<\/ul>\n<hr \/>\n<p>En cas de<strong> travaux en dehors de l\u2019exploitation<\/strong>, il existe \u00e9galement diverses possibilit\u00e9s de r\u00e9gler les comptes au sein d\u2019une communaut\u00e9 :<\/p>\n<ul>\n<li>Versement du salaire journalier gagn\u00e9 en dehors de l\u2019exploitation <strong>dans la caisse commune<\/strong>\n<ul>\n<li>\n<h6><a href=\"https:\/\/www.youtube.com\/watch?v=d_JcqiYH7Ag&list=PL7ZaE-gccj2VaYRTWr0pOIAEzcYIFuWuX&index=8\" target=\"_blank\" rel=\"noopener noreferrer\">Communaut\u00e9 d\u2019assolement Bachmann-Schl\u00e4pfer-Fritschi (Vid\u00e9o)<\/a><\/h6>\n<div class=\"fusion-separator fusion-full-width-sep agri-separator\" style=\"align-self: center;margin-left: auto;margin-right: auto;width:100%;\"><\/div><\/li>\n<\/ul>\n<\/li>\n<li>Versement du salaire journalier dans la caisse commune lorsque des machines \/ <strong>ressources commune<\/strong>s sont utilis\u00e9es ; pour le <strong>travail ex\u00e9cut\u00e9 ind\u00e9pendamment<\/strong> de la communaut\u00e9, le salaire revient au membre concern\u00e9.\n<ul>\n<li>\n<h6><a href=\"https:\/\/agripedia.ch\/zusammenarbeit\/fr\/alberswiler-pionier-milch-betrieb-apmb-lu\/\" target=\"_blank\" rel=\"noopener noreferrer\">Alberswiler Pionier Milch Betrieb<\/a><\/h6>\n<\/li>\n<\/ul>\n<\/li>\n<\/ul>\n<\/div><div class=\"modal-footer\"><button class=\"fusion-button button-default button-medium button default medium\" type=\"button\" data-dismiss=\"modal\">Close<\/button><\/div><\/div><\/div><\/div><\/div><\/div><div class=\"fusion-layout-column fusion_builder_column fusion-builder-column-5 fusion_builder_column_1_1 1_1 fusion-flex-column\" style=\"--awb-bg-size:cover;--awb-width-large:100%;--awb-margin-top-large:0px;--awb-spacing-right-large:1.92%;--awb-margin-bottom-large:20px;--awb-spacing-left-large:1.92%;--awb-width-medium:100%;--awb-order-medium:0;--awb-spacing-right-medium:1.92%;--awb-spacing-left-medium:1.92%;--awb-width-small:100%;--awb-order-small:0;--awb-spacing-right-small:1.92%;--awb-spacing-left-small:1.92%;\"><div class=\"fusion-column-wrapper fusion-column-has-shadow fusion-flex-justify-content-flex-start fusion-content-layout-column\"><div class=\"fusion-text fusion-text-2\"><p>Dans les situations o\u00f9 des ajustements contractuels ou op\u00e9rationnels du mode de fonctionnement sont ind\u00e9sirables ou inutiles, il peut \u00eatre judicieux, notamment en cas de conflits, de faire appel \u00e0 un professionnel ou \u00e0 un m\u00e9diateur pour trouver une solution appropri\u00e9e. Dans certains cas et m\u00eame sans qu\u2019il y ait conflit, la dissolution de la communaut\u00e9 peut s\u2019av\u00e9rer la meilleure solution. On pourra clarifier avec l\u2019aide d\u2019un conseiller professionnel ce qui convient le mieux dans quelle situation.<\/p>\n<p>Vous trouverez ci-dessous des documents et adresses utiles concernant la gestion des conflits et la dissolution d\u2019une communaut\u00e9.<\/p>\n<\/div><\/div><\/div><\/div><\/div><div class=\"fusion-fullwidth fullwidth-box fusion-builder-row-3 nonhundred-percent-fullwidth non-hundred-percent-height-scrolling\" style=\"--awb-border-radius-top-left:0px;--awb-border-radius-top-right:0px;--awb-border-radius-bottom-right:0px;--awb-border-radius-bottom-left:0px;--awb-flex-wrap:wrap;\" ><div class=\"fusion-builder-row fusion-row\"><div class=\"fusion-layout-column fusion_builder_column fusion-builder-column-6 fusion_builder_column_1_1 1_1 fusion-one-full fusion-column-first fusion-column-last\" style=\"--awb-bg-size:cover;\"><div class=\"fusion-column-wrapper fusion-flex-column-wrapper-legacy\"><div class=\"accordian fusion-accordian\" style=\"--awb-border-size:1px;--awb-icon-size:13px;--awb-content-font-size:var(--awb-typography4-font-size);--awb-icon-alignment:left;--awb-hover-color:#f9f9f9;--awb-border-color:#cccccc;--awb-background-color:#ffffff;--awb-divider-color:var(--awb-color3);--awb-divider-hover-color:var(--awb-color3);--awb-icon-color:#ffffff;--awb-title-color:var(--awb-color8);--awb-content-color:var(--awb-color8);--awb-icon-box-color:#7a7a7a;--awb-toggle-hover-accent-color:#000000;--awb-title-font-family:var(--awb-typography1-font-family);--awb-title-font-weight:var(--awb-typography1-font-weight);--awb-title-font-style:var(--awb-typography1-font-style);--awb-title-font-size:24px;--awb-title-line-height:1.5;--awb-content-font-family:var(--awb-typography4-font-family);--awb-content-font-weight:var(--awb-typography4-font-weight);--awb-content-font-style:var(--awb-typography4-font-style);\"><div class=\"panel-group fusion-toggle-icon-boxed\" id=\"accordion-2906-1\"><div class=\"fusion-panel panel-default panel-c3f6bfc77d3217f93 fusion-toggle-has-divider\"><div class=\"panel-heading\"><h4 class=\"panel-title toggle\" id=\"toggle_c3f6bfc77d3217f93\"><a aria-expanded=\"false\" aria-controls=\"c3f6bfc77d3217f93\" role=\"button\" data-toggle=\"collapse\" data-parent=\"#accordion-2906-1\" data-target=\"#c3f6bfc77d3217f93\" href=\"#c3f6bfc77d3217f93\"><span class=\"fusion-toggle-icon-wrapper\" aria-hidden=\"true\"><i class=\"fa-fusion-box active-icon awb-icon-minus\" aria-hidden=\"true\"><\/i><i class=\"fa-fusion-box inactive-icon awb-icon-plus\" aria-hidden=\"true\"><\/i><\/span><span class=\"fusion-toggle-heading\">Conflits<\/span><\/a><\/h4><\/div><div id=\"c3f6bfc77d3217f93\" class=\"panel-collapse collapse \" aria-labelledby=\"toggle_c3f6bfc77d3217f93\"><div class=\"panel-body toggle-content fusion-clearfix\">\n<p>Lorsque des individus travaillent ensemble, des probl\u00e8mes de toutes sortes peuvent se pr\u00e9senter: des accidents se produisent, des erreurs sont commises et des accords enfreints, des divergences de vues et des malentendus survien-nent, etc. Ces choses arrivent et ne doivent pas forc\u00e9ment inqui\u00e9ter, mais il est capital de r\u00e9agir correctement pour \u00e9viter qu\u2019un incident mineur ne se solde au final par un dysfonctionnement co\u00fbteux, ou qu\u2019une dispute au sujet de telle ou telle situation s\u2019\u00e9ternise.<\/p>\n<p>Vous trouverez ci-dessous des ressources importantes sur la th\u00e9orie du conflit, mais \u00e9galement des conseils pratiques pour r\u00e9soudre les conflits graves dans votre coop\u00e9ration. Vous trouverez \u00e9galement ici des informations d\u00e9taill\u00e9es sur la r\u00e9solution des conflits pour diff\u00e9rentes formes de collaboration.<\/p>\n<p><b>Site web <a href=\"https:\/\/agripedia.ch\/zusammenarbeit\/fr\/theorie-des-conflits\/\" target=\"_blank\" rel=\"noopener noreferrer\">Th\u00e9orie du conflit<\/a><\/b><\/p>\n<div class=\"fusion-sep-clear\"><\/div><div class=\"fusion-separator fusion-full-width-sep agri-separator\" style=\"margin-left: auto;margin-right: auto;width:100%;\"><\/div><div class=\"fusion-sep-clear\"><\/div><div class=\"fusion-tabs fusion-tabs-1 classic nav-is-justified horizontal-tabs icon-position-left mobile-mode-accordion\" style=\"--awb-title-border-radius-top-left:0px;--awb-title-border-radius-top-right:0px;--awb-title-border-radius-bottom-right:0px;--awb-title-border-radius-bottom-left:0px;--awb-inactive-color:#ebeaea;--awb-background-color:#ffffff;--awb-border-color:#ebeaea;--awb-active-border-color:#e72200;\"><div class=\"nav\"><ul class=\"nav-tabs nav-justified\" role=\"tablist\"><li class=\"active\" role=\"presentation\"><a class=\"tab-link\" data-toggle=\"tab\" role=\"tab\" aria-controls=\"tab-6a9b025c4c6762be61b\" aria-selected=\"true\" id=\"fusion-tab-solutionpossiblesselonl\u2019ampleur\/gravit\u00e9duconflit\" href=\"#tab-6a9b025c4c6762be61b\"><h4 class=\"fusion-tab-heading\">Solution possibles selon l\u2019ampleur\/gravit\u00e9 du conflit<\/h4><\/a><\/li><li role=\"presentation\"><a class=\"tab-link\" data-toggle=\"tab\" role=\"tab\" aria-controls=\"tab-47bdfe6f52a049f9fb0\" aria-selected=\"false\" tabindex=\"-1\" id=\"fusion-tab-r\u00e9solutiondeconflitsselonlaformedecollaboration\" href=\"#tab-47bdfe6f52a049f9fb0\"><h4 class=\"fusion-tab-heading\">R\u00e9solution de conflits selon la forme de collaboration<\/h4><\/a><\/li><\/ul><\/div><div class=\"tab-content\"><div class=\"nav fusion-mobile-tab-nav\"><ul class=\"nav-tabs nav-justified\" role=\"tablist\"><li class=\"active\" role=\"presentation\"><a class=\"tab-link\" data-toggle=\"tab\" role=\"tab\" aria-controls=\"tab-6a9b025c4c6762be61b\" aria-selected=\"true\" id=\"mobile-fusion-tab-solutionpossiblesselonl\u2019ampleur\/gravit\u00e9duconflit\" href=\"#tab-6a9b025c4c6762be61b\"><h4 class=\"fusion-tab-heading\">Solution possibles selon l\u2019ampleur\/gravit\u00e9 du conflit<\/h4><\/a><\/li><\/ul><\/div><div class=\"tab-pane fade fusion-clearfix in active\" role=\"tabpanel\" tabindex=\"0\" aria-labelledby=\"fusion-tab-solutionpossiblesselonl\u2019ampleur\/gravit\u00e9duconflit\" id=\"tab-6a9b025c4c6762be61b\"><div class=\"fusion-sep-clear\"><\/div><div class=\"fusion-separator fusion-full-width-sep agri-separator\" style=\"margin-left: auto;margin-right: auto;width:100%;\"><\/div><div class=\"fusion-sep-clear\"><\/div>\n<p>En cas de conflit majeur ou chronique, on pourra proc\u00e9der comme suit en fonction du niveau d\u2019escalade\u00a0:<\/p>\n<p><strong>1. La confiance et la communication sont encore intactes au sein de la communaut\u00e9:<br \/>\n<\/strong>Organiser une discussion entre personnes concern\u00e9es. Pr\u00e9voir suffisamment de temps dans un lieu o\u00f9 l\u2019on n\u2019est pas d\u00e9rang\u00e9. Pendant la discussion, \u00eatre particuli\u00e8rement attentif \u00e0 une culture de communication franche et loyale. V\u00e9rifier l\u2019ad\u00e9quation des mesures prises, le cas \u00e9ch\u00e9ant, lors d\u2019une p\u00e9riode d\u2019essai, analyser leurs effets et les adapter si n\u00e9cessaire.<\/p>\n<p><strong>2. La confiance et la communication sont entam\u00e9es, mais fonctionnent encore plus ou moins:<br \/>\n<\/strong>Organiser une discussion entre tous les associ\u00e9s pour r\u00e9gler le probl\u00e8me \u00e0 l\u2019interne si possible. Pendant la discussion, \u00eatre particuli\u00e8rement attentif \u00e0 une culture de communication franche et loyale. Convenir \u00e0 l\u2019avance des objectifs de la r\u00e9union et consigner les r\u00e9sultats. V\u00e9rifier l\u2019ad\u00e9quation des mesures prises, le cas \u00e9ch\u00e9ant, lors d\u2019une p\u00e9riode d\u2019essai, analyser leurs effets et les adapter si n\u00e9cessaire.<\/p>\n<p><strong>3. La confiance a souffert et une communication ouverte n\u2019est plus assur\u00e9e:<br \/>\n<\/strong>Solliciter un soutien professionnel (m\u00e9diation, coaching, arbitrage) pour la r\u00e9solution du conflit et obtenir pour cela l\u2019accord explicite de tous les associ\u00e9s. Clarifier avec l\u2019expert externe les objectifs de la consultation et convenir d\u2019un calendrier et d\u2019un budget. Participer de mani\u00e8re constructive au programme propos\u00e9 par l\u2019expert et s\u2019employer avec s\u00e9rieux \u00e0 mettre en \u0153uvre les mesures d\u00e9cid\u00e9es.<\/p>\n<p><strong>4. La confiance est rompue et la communication ouverte ne fonctionne plus:<br \/>\n<\/strong>Examiner d\u2019abord \u00e0 l\u2019aide d\u2019un coach ou d\u2019un m\u00e9diateur si la communaut\u00e9 a encore une chance de survie. Si oui, proc\u00e9der comme au point 3. Si non, ne pas h\u00e9siter \u00e0 envisager la sortie d\u2019un associ\u00e9 ou la dissolution de la communaut\u00e9. Faire appel imp\u00e9rativement \u00e0 un professionnel, car dans les deux cas de figure, une communication ouverte et franche est plus que jamais cruciale. Le plus souvent, il faut le soutien d\u2019un mod\u00e9rateur\/coach et d\u2019un fiduciaire\/conseiller d\u2019entreprise. L\u2019investissement en vaut la peine dans tous les cas. En effet, une fin chaotique et litigieuse qui s\u2019\u00e9ternise co\u00fbtera non seulement beaucoup plus cher, mais laissera aussi de profondes blessures.<\/p>\n<p>En cas de dissolution, suivre le programme propos\u00e9 par l\u2019expert de mani\u00e8re constructive et mettre en \u0153uvre diligemment et avec s\u00e9rieux les mesures et les t\u00e2ches qui ont \u00e9t\u00e9 fix\u00e9es. Si la dissolution est men\u00e9e correctement et rapidement, les ex-associ\u00e9s pourront se remettre sur pied beaucoup plus rapidement et reconstruire leur avenir sans encombre.<\/p>\n<\/div><div class=\"nav fusion-mobile-tab-nav\"><ul class=\"nav-tabs nav-justified\" role=\"tablist\"><li role=\"presentation\"><a class=\"tab-link\" data-toggle=\"tab\" role=\"tab\" aria-controls=\"tab-47bdfe6f52a049f9fb0\" aria-selected=\"false\" tabindex=\"-1\" id=\"mobile-fusion-tab-r\u00e9solutiondeconflitsselonlaformedecollaboration\" href=\"#tab-47bdfe6f52a049f9fb0\"><h4 class=\"fusion-tab-heading\">R\u00e9solution de conflits selon la forme de collaboration<\/h4><\/a><\/li><\/ul><\/div><div class=\"tab-pane fade fusion-clearfix\" role=\"tabpanel\" tabindex=\"0\" aria-labelledby=\"fusion-tab-r\u00e9solutiondeconflitsselonlaformedecollaboration\" id=\"tab-47bdfe6f52a049f9fb0\"><div class=\"fusion-sep-clear\"><\/div><div class=\"fusion-separator fusion-full-width-sep agri-separator\" style=\"margin-left: auto;margin-right: auto;width:100%;\"><\/div><div class=\"fusion-sep-clear\"><\/div>\n<p>Les documents suivants donnent des informations sur la r\u00e9solution de conflits dans diff\u00e9rentes formes de collaboration interentreprises :<\/p>\n<ul>\n<li><a href=\"https:\/\/agripedia.ch\/wp-content\/uploads\/sites\/24\/pdf\/fr\/RTA_resolution-des-conflits-pdf.pdf\" target=\"_blank\" rel=\"noopener noreferrer\"><em>Regroupement de terres afferm\u00e9es (pdf)<\/em><\/a><\/li>\n<li><a href=\"https:\/\/agripedia.ch\/wp-content\/uploads\/sites\/24\/pdf\/fr\/RTE_resolution-des-conflits.pdf\" target=\"_blank\" rel=\"noopener noreferrer\"><em>Regroupement de terres exploit\u00e9es (pdf)<\/em><\/a><\/li>\n<li><a href=\"https:\/\/agripedia.ch\/wp-content\/uploads\/sites\/24\/pdf\/fr\/RPC_resolution-des-conflits.pdf\" target=\"_blank\" rel=\"noopener noreferrer\"><em>Remaniement parcellaire contractuel (pdf)<\/em><\/a><\/li>\n<li><a href=\"https:\/\/agripedia.ch\/wp-content\/uploads\/sites\/24\/pdf\/fr\/AFI_resolution-des-conflits.pdf\" target=\"_blank\" rel=\"noopener noreferrer\"><em>Am\u00e9lioration fonci\u00e8re int\u00e9grale (pdf)<\/em><\/a><\/li>\n<li><a href=\"https:\/\/agripedia.ch\/wp-content\/uploads\/sites\/24\/pdf\/fr\/machines_resolution-des-conflits.pdf\" target=\"_blank\" rel=\"noopener noreferrer\"><em>Investissements collectifs dans des machines (pdf)<\/em><\/a><\/li>\n<li><a href=\"https:\/\/agripedia.ch\/wp-content\/uploads\/sites\/24\/pdf\/fr\/batiments_resolution-des-conflits.pdf\" target=\"_blank\" rel=\"noopener noreferrer\"><em>Investissements collectifs dans des b\u00e2timents (pdf)<\/em><\/a><\/li>\n<li><a href=\"https:\/\/agripedia.ch\/wp-content\/uploads\/sites\/24\/pdf\/fr\/CE_resolution-de-conflits.pdf\" target=\"_blank\" rel=\"noopener noreferrer\"><em>Communaut\u00e9 d\u2019exploitation (pdf)<\/em><\/a><\/li>\n<li><a href=\"https:\/\/agripedia.ch\/wp-content\/uploads\/sites\/24\/pdf\/fr\/CPE_resolution-de-conflits.pdf\" target=\"_blank\" rel=\"noopener noreferrer\"><em>Communaut\u00e9 partielle d\u2019exploitation (pdf)<\/em><\/a><\/li>\n<li><em>Communaut\u00e9 de transformation et de commercialisation <\/em><em>\u2192 <\/em><em>analogue \u00e0 une communaut\u00e9 (partielle) d\u2019exploitation<\/em><\/li>\n<\/ul>\n<\/div><\/div><\/div>\n<\/div><\/div><\/div><div class=\"fusion-panel panel-default panel-341f51378daf741a7 fusion-toggle-has-divider\" style=\"--awb-title-color:var(--awb-color8);--awb-content-color:var(--awb-color8);\"><div class=\"panel-heading\"><h4 class=\"panel-title toggle\" id=\"toggle_341f51378daf741a7\"><a aria-expanded=\"false\" aria-controls=\"341f51378daf741a7\" role=\"button\" data-toggle=\"collapse\" data-parent=\"#accordion-2906-1\" data-target=\"#341f51378daf741a7\" href=\"#341f51378daf741a7\"><span class=\"fusion-toggle-icon-wrapper\" aria-hidden=\"true\"><i class=\"fa-fusion-box active-icon awb-icon-minus\" aria-hidden=\"true\"><\/i><i class=\"fa-fusion-box inactive-icon awb-icon-plus\" aria-hidden=\"true\"><\/i><\/span><span class=\"fusion-toggle-heading\">Strat\u00e9gie commune<\/span><\/a><\/h4><\/div><div id=\"341f51378daf741a7\" class=\"panel-collapse collapse \" aria-labelledby=\"toggle_341f51378daf741a7\"><div class=\"panel-body toggle-content fusion-clearfix\">\n<p>Les questions strat\u00e9giques devraient \u00eatre discut\u00e9es d\u00e8s le d\u00e9but de la collaboration et clarifi\u00e9es r\u00e9guli\u00e8rement tout au long de celle-ci. Notamment, la \u00ab\u00a0<a href=\"https:\/\/agripedia.ch\/strategidea\/les-composantes-de-la-strategie\/la-vision\/\">vision<\/a>\u00a0\u00bb de la collaboration devrait \u00eatre \u00e9labor\u00e9e conjointement et les \u00ab\u00a0<a href=\"https:\/\/agripedia.ch\/strategidea\/les-composantes-de-la-strategie\/les-valeurs\/\">valeurs<\/a>\u00a0\u00bb partag\u00e9es. Sans qu\u2019elles soient n\u00e9cessairement identiques pour tous les membres, la discussion consolide le travail en commun. L\u2019analyse des ressources peut aussi \u00eatre tr\u00e8s utile pour combiner au mieux celles de chaque exploitation qui collabore.<\/p>\n<p>Un ensemble d\u2019information sur la gestion strat\u00e9gique est disponible dans la publication <a href=\"https:\/\/themes.agripedia.ch\/fr\/strategidea\/\">STRATEGIDEA<\/a>.<\/p>\n<p>En particulier <a href=\"https:\/\/agripedia.ch\/strategidea\/situation-de-conseil\/accompagnement-dun-collaboration\/\">cette page<\/a> qui regroupe les contenus les plus pertinents lorsqu\u2019il est question de collaboration.<\/p>\n<\/div><\/div><\/div><div class=\"fusion-panel panel-default panel-9e1dc90bfc3f02aed fusion-toggle-has-divider\"><div class=\"panel-heading\"><h4 class=\"panel-title toggle\" id=\"toggle_9e1dc90bfc3f02aed\"><a aria-expanded=\"false\" aria-controls=\"9e1dc90bfc3f02aed\" role=\"button\" data-toggle=\"collapse\" data-parent=\"#accordion-2906-1\" data-target=\"#9e1dc90bfc3f02aed\" href=\"#9e1dc90bfc3f02aed\"><span class=\"fusion-toggle-icon-wrapper\" aria-hidden=\"true\"><i class=\"fa-fusion-box active-icon awb-icon-minus\" aria-hidden=\"true\"><\/i><i class=\"fa-fusion-box inactive-icon awb-icon-plus\" aria-hidden=\"true\"><\/i><\/span><span class=\"fusion-toggle-heading\">Sortie d\u2019un associ\u00e9<\/span><\/a><\/h4><\/div><div id=\"9e1dc90bfc3f02aed\" class=\"panel-collapse collapse \" aria-labelledby=\"toggle_9e1dc90bfc3f02aed\"><div class=\"panel-body toggle-content fusion-clearfix\">\n<p>Comment r\u00e9gler la sortie\/le d\u00e9part d\u2019un partenaire ? Que se passe-t-il en cas de sortie pour cause d\u2019invalidit\u00e9 ou de d\u00e9c\u00e8s d\u2019un membre? Comment, dans un tel cas, r\u00e9gler le partage de la succession? Vous trouverez les r\u00e9ponses \u00e0 ces questions ainsi que d\u2019autres informations importantes sur ce th\u00e8me dans des documents d\u00e9taill\u00e9s pour les formes de collaboration suivantes :<\/p>\n<ul>\n<li><a href=\"https:\/\/agripedia.ch\/wp-content\/uploads\/sites\/24\/pdf\/fr\/CA_modalites-de-sortie.pdf\" target=\"_blank\" rel=\"noopener noreferrer\"><em>Communaut\u00e9 d\u2019assolement (pdf)<\/em><\/a><\/li>\n<li><a href=\"https:\/\/agripedia.ch\/wp-content\/uploads\/sites\/24\/pdf\/fr\/RTA_modalites-de-sortie.pdf\" target=\"_blank\" rel=\"noopener noreferrer\"><em>Regroupement de terres afferm\u00e9es (pdf)<\/em><\/a><\/li>\n<li><a href=\"https:\/\/agripedia.ch\/wp-content\/uploads\/sites\/24\/pdf\/fr\/RTE_modalites-de-sortie.pdf\" target=\"_blank\" rel=\"noopener noreferrer\"><em>Regroupement de terres exploit\u00e9es (pdf)<\/em><\/a><\/li>\n<li><a href=\"https:\/\/agripedia.ch\/wp-content\/uploads\/sites\/24\/pdf\/fr\/RPC_modalites-de-sortie.pdf\" target=\"_blank\" rel=\"noopener noreferrer\"><em>Remaniement parcellaire contractuel (pdf)<\/em><\/a><\/li>\n<li><a href=\"https:\/\/agripedia.ch\/wp-content\/uploads\/sites\/24\/pdf\/fr\/AFI_modalites-de-sortie.pdf\" target=\"_blank\" rel=\"noopener noreferrer\"><em>Am\u00e9lioration fonci\u00e8re int\u00e9grale (pdf)<\/em><\/a><\/li>\n<li><a href=\"https:\/\/agripedia.ch\/wp-content\/uploads\/sites\/24\/pdf\/fr\/machines_modalites-de-sortie.pdf\" target=\"_blank\" rel=\"noopener noreferrer\"><em>Investissements collectifs dans des machines (pdf)<\/em><\/a><\/li>\n<li><a href=\"https:\/\/agripedia.ch\/wp-content\/uploads\/sites\/24\/pdf\/fr\/batiments_modalites-de-sortie.pdf\" target=\"_blank\" rel=\"noopener noreferrer\"><em>Investissements collectifs dans des b\u00e2timents (pdf)<\/em><\/a><\/li>\n<li><a href=\"https:\/\/agripedia.ch\/wp-content\/uploads\/sites\/24\/pdf\/fr\/CE_modalites-de-sortie.pdf\" target=\"_blank\" rel=\"noopener noreferrer\"><em>Communaut\u00e9 d\u2019exploitation (pdf)<\/em><\/a><\/li>\n<li><a href=\"https:\/\/agripedia.ch\/wp-content\/uploads\/sites\/24\/pdf\/fr\/CPE_modalites-de-sortie.pdf\" target=\"_blank\" rel=\"noopener noreferrer\"><em>Communaut\u00e9 partielle d\u2019exploitation (pdf)<\/em><\/a><\/li>\n<li><a href=\"https:\/\/agripedia.ch\/wp-content\/uploads\/sites\/24\/pdf\/fr\/ServiceTraiteur_modalites-de-sortie.pdf\" target=\"_blank\" rel=\"noopener noreferrer\"><em>Communaut\u00e9 de transformation et de commercialisation (pdf)<\/em><\/a><\/li>\n<\/ul>\n<\/div><\/div><\/div><div class=\"fusion-panel panel-default panel-3a6aea49fd6d9afb5 fusion-toggle-has-divider\"><div class=\"panel-heading\"><h4 class=\"panel-title toggle\" id=\"toggle_3a6aea49fd6d9afb5\"><a aria-expanded=\"false\" aria-controls=\"3a6aea49fd6d9afb5\" role=\"button\" data-toggle=\"collapse\" data-parent=\"#accordion-2906-1\" data-target=\"#3a6aea49fd6d9afb5\" href=\"#3a6aea49fd6d9afb5\"><span class=\"fusion-toggle-icon-wrapper\" aria-hidden=\"true\"><i class=\"fa-fusion-box active-icon awb-icon-minus\" aria-hidden=\"true\"><\/i><i class=\"fa-fusion-box inactive-icon awb-icon-plus\" aria-hidden=\"true\"><\/i><\/span><span class=\"fusion-toggle-heading\">Conseil<\/span><\/a><\/h4><\/div><div id=\"3a6aea49fd6d9afb5\" class=\"panel-collapse collapse \" aria-labelledby=\"toggle_3a6aea49fd6d9afb5\"><div class=\"panel-body toggle-content fusion-clearfix\">\n<p>Faire appel \u00e0 un tiers neutre et objectif est utile et permet g\u00e9n\u00e9ralement de trouver plus rapidement une solution optimale pour toutes les parties. Vous trouverez ci-dessous des services de conseil\/vulgarisation qui peuvent vous aider pour des questions g\u00e9n\u00e9rales en lien avec la gestion de votre entreprise (construction, \u00e9nergie, paiements directs, etc.), mais aussi pour la m\u00e9diation de conflits et le coaching de discussions.<\/p>\n<hr \/>\n<p><strong>AGRIDEA<\/strong><br \/>\n<a href=\"https:\/\/www.agridea.ch\/de\/agridea\/beratungsadressen\/\" target=\"_blank\" rel=\"noopener noreferrer\">Contacts et adresses<\/a><\/p>\n<p><strong>Agriexpert<\/strong><br \/>\n<a href=\"https:\/\/www.sbv-usp.ch\/fr\/service\/avez-vous-besoin-daide\/\" target=\"_blank\" rel=\"noopener noreferrer\">Offres d\u2019aide aux niveaux national et cantonal<\/a><\/p>\n<p><strong>Conseil juridique dans les r\u00e9gions<\/strong><br \/>\n<a href=\"https:\/\/www.sav-fsa.ch\/fr\/kontakt\/kantonale-anwaltsverbaende.html\" target=\"_blank\" rel=\"noopener noreferrer\">Ordres des avocats cantonaux<\/a><\/p>\n<hr \/>\n<div class=\"fusion-sep-clear\"><\/div><div class=\"fusion-separator fusion-full-width-sep agri-separator\" style=\"margin-left: auto;margin-right: auto;width:100%;\"><\/div><div class=\"fusion-sep-clear\"><\/div>\n<p><strong>Autres offres de conseil\/vulgarisation par r\u00e9gion<\/strong><\/p>\n<div id=\"address-list\"><\/div>\n<\/div><\/div><\/div><\/div><\/div><div class=\"fusion-clearfix\"><\/div><\/div><\/div><\/div><\/div><div class=\"fusion-fullwidth fullwidth-box fusion-builder-row-4 nonhundred-percent-fullwidth non-hundred-percent-height-scrolling\" style=\"--awb-border-radius-top-left:0px;--awb-border-radius-top-right:0px;--awb-border-radius-bottom-right:0px;--awb-border-radius-bottom-left:0px;--awb-flex-wrap:wrap;\" ><div class=\"fusion-builder-row fusion-row\"><div class=\"fusion-layout-column fusion_builder_column fusion-builder-column-7 fusion_builder_column_1_1 1_1 fusion-one-full fusion-column-first fusion-column-last\" style=\"--awb-bg-size:cover;\"><div class=\"fusion-column-wrapper fusion-column-has-shadow fusion-flex-column-wrapper-legacy\"><div class=\"fusion-clearfix\"><\/div><\/div><\/div><\/div><\/div><\/p>\n","protected":false},"excerpt":{"rendered":"","protected":false},"author":192,"featured_media":0,"parent":0,"menu_order":0,"comment_status":"closed","ping_status":"closed","template":"","meta":{"_sb_is_suggestion_mode":false,"_sb_show_suggestion_boards":false,"_sb_show_comment_boards":false,"_sb_suggestion_history":"","_sb_update_block_changes":"","_monsterinsights_skip_tracking":false,"_monsterinsights_sitenote_active":false,"_monsterinsights_sitenote_note":"","_monsterinsights_sitenote_category":0,"footnotes":""},"class_list":["post-2906","page","type-page","status-publish","hentry"],"_links":{"self":[{"href":"https:\/\/agripedia.ch\/zusammenarbeit\/fr\/wp-json\/wp\/v2\/pages\/2906","targetHints":{"allow":["GET"]}}],"collection":[{"href":"https:\/\/agripedia.ch\/zusammenarbeit\/fr\/wp-json\/wp\/v2\/pages"}],"about":[{"href":"https:\/\/agripedia.ch\/zusammenarbeit\/fr\/wp-json\/wp\/v2\/types\/page"}],"author":[{"embeddable":true,"href":"https:\/\/agripedia.ch\/zusammenarbeit\/fr\/wp-json\/wp\/v2\/users\/192"}],"replies":[{"embeddable":true,"href":"https:\/\/agripedia.ch\/zusammenarbeit\/fr\/wp-json\/wp\/v2\/comments?post=2906"}],"version-history":[{"count":41,"href":"https:\/\/agripedia.ch\/zusammenarbeit\/fr\/wp-json\/wp\/v2\/pages\/2906\/revisions"}],"predecessor-version":[{"id":5400,"href":"https:\/\/agripedia.ch\/zusammenarbeit\/fr\/wp-json\/wp\/v2\/pages\/2906\/revisions\/5400"}],"wp:attachment":[{"href":"https:\/\/agripedia.ch\/zusammenarbeit\/fr\/wp-json\/wp\/v2\/media?parent=2906"}],"curies":[{"name":"wp","href":"https:\/\/api.w.org\/{rel}","templated":true}]}}