{"id":2511,"date":"2020-11-10T12:35:08","date_gmt":"2020-11-10T11:35:08","guid":{"rendered":"https:\/\/agripedia.ch\/zusammenarbeit\/?page_id=2511"},"modified":"2022-11-16T09:11:48","modified_gmt":"2022-11-16T08:11:48","slug":"exemples-pratiques","status":"publish","type":"page","link":"https:\/\/agripedia.ch\/zusammenarbeit\/fr\/exemples-pratiques\/","title":{"rendered":"Exemples pratiques"},"content":{"rendered":"<div class=\"fusion-fullwidth fullwidth-box fusion-builder-row-1 nonhundred-percent-fullwidth non-hundred-percent-height-scrolling\" style=\"--awb-border-radius-top-left:0px;--awb-border-radius-top-right:0px;--awb-border-radius-bottom-right:0px;--awb-border-radius-bottom-left:0px;--awb-flex-wrap:wrap;\" ><div class=\"fusion-builder-row fusion-row\"><div class=\"fusion-layout-column fusion_builder_column fusion-builder-column-0 fusion_builder_column_1_1 1_1 fusion-one-full fusion-column-first fusion-column-last\" style=\"--awb-bg-size:cover;\"><div class=\"fusion-column-wrapper fusion-flex-column-wrapper-legacy\"><div class=\"fusion-text fusion-text-1\"><p>Vous trouverez ci-dessous un aper\u00e7u des exemples pratiques des diff\u00e9rentes formes de coop\u00e9ration. Ils peuvent servir d\u2019orientation pour les formes d\u2019organisation ou de communication possibles, mais aussi d\u2019inspiration pour vos propres projets de coop\u00e9ration.<\/p>\n<\/div><div class=\"accordian fusion-accordian\" style=\"--awb-border-size:1px;--awb-icon-size:13px;--awb-content-font-size:var(--awb-typography4-font-size);--awb-icon-alignment:left;--awb-hover-color:#f9f9f9;--awb-border-color:#cccccc;--awb-background-color:#ffffff;--awb-divider-color:var(--awb-color3);--awb-divider-hover-color:var(--awb-color3);--awb-icon-color:#ffffff;--awb-title-color:var(--awb-color8);--awb-content-color:var(--awb-color8);--awb-icon-box-color:#7a7a7a;--awb-toggle-hover-accent-color:#000000;--awb-title-font-family:var(--awb-typography1-font-family);--awb-title-font-weight:var(--awb-typography1-font-weight);--awb-title-font-style:var(--awb-typography1-font-style);--awb-title-font-size:24px;--awb-title-line-height:1.5;--awb-content-font-family:var(--awb-typography4-font-family);--awb-content-font-weight:var(--awb-typography4-font-weight);--awb-content-font-style:var(--awb-typography4-font-style);\"><div class=\"panel-group fusion-toggle-icon-boxed\" id=\"accordion-2511-1\"><div class=\"fusion-panel panel-default panel-ba05a0f191db9b576 fusion-toggle-has-divider\" style=\"--awb-title-color:var(--awb-color8);--awb-content-color:var(--awb-color8);\"><div class=\"panel-heading\"><h4 class=\"panel-title toggle\" id=\"toggle_ba05a0f191db9b576\"><a aria-expanded=\"false\" aria-controls=\"ba05a0f191db9b576\" role=\"button\" data-toggle=\"collapse\" data-parent=\"#accordion-2511-1\" data-target=\"#ba05a0f191db9b576\" href=\"#ba05a0f191db9b576\"><span class=\"fusion-toggle-icon-wrapper\" aria-hidden=\"true\"><i class=\"fa-fusion-box active-icon awb-icon-minus\" aria-hidden=\"true\"><\/i><i class=\"fa-fusion-box inactive-icon awb-icon-plus\" aria-hidden=\"true\"><\/i><\/span><span class=\"fusion-toggle-heading\">\u00c9change de surface en jouissance<\/span><\/a><\/h4><\/div><div id=\"ba05a0f191db9b576\" class=\"panel-collapse collapse \" aria-labelledby=\"toggle_ba05a0f191db9b576\"><div class=\"panel-body toggle-content fusion-clearfix\">\n<div class=\"fusion-recent-posts fusion-recent-posts-1 avada-container layout-default layout-columns-3\"><section class=\"fusion-columns columns fusion-columns-3 columns-3\"><article class=\"post fusion-column column col col-lg-4 col-md-4 col-sm-4\"><div class=\"fusion-flexslider fusion-flexslider-loading flexslider flexslider-hover-type-none\"><ul class=\"slides\"><li><a href=\"https:\/\/agripedia.ch\/zusammenarbeit\/fr\/echanges-de-surfaces-en-jouissance-a-baerfischenhaus\/\" aria-label=\"\u00c9changes de surfaces en jouissance \u00e0 B\u00e4rfischenhaus (BE)\" class=\"hover-type-none\"><img decoding=\"async\" width=\"700\" height=\"441\" src=\"https:\/\/agripedia.ch\/zusammenarbeit\/wp-content\/uploads\/sites\/24\/2021\/03\/B\u00e4rfischenhaus-Parzellenplan-eingene-alle-700x441.png\" class=\"attachment-recent-posts size-recent-posts\" alt=\"Plan B\u00e4rfischenhaus\" srcset=\"https:\/\/agripedia.ch\/zusammenarbeit\/wp-content\/uploads\/sites\/24\/2021\/03\/B\u00e4rfischenhaus-Parzellenplan-eingene-alle-320x202.png 320w, https:\/\/agripedia.ch\/zusammenarbeit\/wp-content\/uploads\/sites\/24\/2021\/03\/B\u00e4rfischenhaus-Parzellenplan-eingene-alle-700x441.png 700w\" sizes=\"(max-width: 700px) 100vw, 700px\" \/><\/a><\/li><\/ul><\/div><div class=\"recent-posts-content\"><span class=\"vcard\" style=\"display: none;\"><span class=\"fn\"><a href=\"https:\/\/agripedia.ch\/zusammenarbeit\/fr\/author\/bge0\/\" title=\"Articles par bge\" rel=\"author\">bge<\/a><\/span><\/span><span class=\"updated\" style=\"display:none;\">2021-09-15T10:52:12+01:00<\/span><h4 class=\"entry-title\"><a href=\"https:\/\/agripedia.ch\/zusammenarbeit\/fr\/echanges-de-surfaces-en-jouissance-a-baerfischenhaus\/\">\u00c9changes de surfaces en jouissance \u00e0 B\u00e4rfischenhaus (BE)<\/a><\/h4><p class=\"meta\"><span class=\"vcard\" style=\"display: none;\"><span class=\"fn\"><a href=\"https:\/\/agripedia.ch\/zusammenarbeit\/fr\/author\/bge0\/\" title=\"Articles par bge\" rel=\"author\">bge<\/a><\/span><\/span><span class=\"updated\" style=\"display:none;\">2021-09-15T10:52:12+01:00<\/span><\/p><p>     Contact Martin H\u00e4berli B\u00e4rfischenhaus 10 3204 Rossh\u00e4usern    Informations cl\u00e9s  Origine: Dans les ann\u00e9es 90, Peter R\u00f6thlisberger a commenc\u00e9 \u00e0 \u00e9changer des petites surfaces peu pratiques avec ...<\/p><\/div><\/article><\/section><\/div>\n<\/div><\/div><\/div><div class=\"fusion-panel panel-default panel-7e21b9032816a5dab fusion-toggle-has-divider\" style=\"--awb-title-color:var(--awb-color8);--awb-content-color:var(--awb-color8);\"><div class=\"panel-heading\"><h4 class=\"panel-title toggle\" id=\"toggle_7e21b9032816a5dab\"><a aria-expanded=\"false\" aria-controls=\"7e21b9032816a5dab\" role=\"button\" data-toggle=\"collapse\" data-parent=\"#accordion-4421-1\" data-target=\"#7e21b9032816a5dab\" href=\"#7e21b9032816a5dab\"><span class=\"fusion-toggle-icon-wrapper\" aria-hidden=\"true\"><i class=\"fa-fusion-box active-icon awb-icon-minus\" aria-hidden=\"true\"><\/i><i class=\"fa-fusion-box inactive-icon awb-icon-plus\" aria-hidden=\"true\"><\/i><\/span><span class=\"fusion-toggle-heading\">Communaut\u00e9 d\u2019assolement<\/span><\/a><\/h4><\/div><div id=\"7e21b9032816a5dab\" class=\"panel-collapse collapse \" aria-labelledby=\"toggle_7e21b9032816a5dab\"><div class=\"panel-body toggle-content fusion-clearfix\">\n<div class=\"fusion-recent-posts fusion-recent-posts-2 avada-container layout-default layout-columns-3\"><section class=\"fusion-columns columns fusion-columns-3 columns-3\"><article class=\"post fusion-column column col col-lg-4 col-md-4 col-sm-4\"><div class=\"fusion-flexslider fusion-flexslider-loading flexslider flexslider-hover-type-none\"><ul class=\"slides\"><li><a href=\"https:\/\/agripedia.ch\/zusammenarbeit\/fr\/communaute-dassolement-le-grillon-orges-vd\/\" aria-label=\"Communaut\u00e9 d\u2019assolement \u2013 Le grillon Orges (VD)\" class=\"hover-type-none\"><img decoding=\"async\" width=\"700\" height=\"441\" src=\"https:\/\/agripedia.ch\/zusammenarbeit\/wp-content\/uploads\/sites\/24\/2021\/09\/Assocation-du-Grillon-700x441.jpg\" class=\"attachment-recent-posts size-recent-posts\" alt=\"\" srcset=\"https:\/\/agripedia.ch\/zusammenarbeit\/wp-content\/uploads\/sites\/24\/2021\/09\/Assocation-du-Grillon-320x202.jpg 320w, https:\/\/agripedia.ch\/zusammenarbeit\/wp-content\/uploads\/sites\/24\/2021\/09\/Assocation-du-Grillon-700x441.jpg 700w\" sizes=\"(max-width: 700px) 100vw, 700px\" \/><\/a><\/li><\/ul><\/div><div class=\"recent-posts-content\"><span class=\"vcard\" style=\"display: none;\"><span class=\"fn\"><a href=\"https:\/\/agripedia.ch\/zusammenarbeit\/fr\/author\/bge0\/\" title=\"Articles par bge\" rel=\"author\">bge<\/a><\/span><\/span><span class=\"updated\" style=\"display:none;\">2022-11-16T09:27:58+01:00<\/span><h4 class=\"entry-title\"><a href=\"https:\/\/agripedia.ch\/zusammenarbeit\/fr\/communaute-dassolement-le-grillon-orges-vd\/\">Communaut\u00e9 d\u2019assolement \u2013 Le grillon  Orges (VD)<\/a><\/h4><p class=\"meta\"><span class=\"vcard\" style=\"display: none;\"><span class=\"fn\"><a href=\"https:\/\/agripedia.ch\/zusammenarbeit\/fr\/author\/bge0\/\" title=\"Articles par bge\" rel=\"author\">bge<\/a><\/span><\/span><span class=\"updated\" style=\"display:none;\">2022-11-16T09:27:58+01:00<\/span><\/p><p>  Contact  Nicolas Pavillard Association du Grillon Montavaux 1430 Orges VD n.pavillard@pavillard.com    Informations cl\u00e9s  Origine : D\u2019abord, une r\u00e9flexion entre deux exploitations \u00ab\u00a0ce sera plus efficace en commun\u00a0\u00bb En ...<\/p><\/div><\/article><article class=\"post fusion-column column col col-lg-4 col-md-4 col-sm-4\"><div class=\"fusion-flexslider fusion-flexslider-loading flexslider flexslider-hover-type-none\"><ul class=\"slides\"><li><a href=\"https:\/\/agripedia.ch\/zusammenarbeit\/fr\/communaute-dassolement-mueller-leibundgut-so\/\" aria-label=\"Communaut\u00e9 d\u2018assolement M\u00fcller-Leibundgut (SO)\" class=\"hover-type-none\"><img decoding=\"async\" width=\"344\" height=\"211\" src=\"https:\/\/agripedia.ch\/zusammenarbeit\/wp-content\/uploads\/sites\/24\/2020\/10\/10704.jpg\" class=\"attachment-recent-posts size-recent-posts\" alt=\"\" srcset=\"https:\/\/agripedia.ch\/zusammenarbeit\/wp-content\/uploads\/sites\/24\/2020\/10\/10704-200x123.jpg 200w, https:\/\/agripedia.ch\/zusammenarbeit\/wp-content\/uploads\/sites\/24\/2020\/10\/10704-300x184.jpg 300w, https:\/\/agripedia.ch\/zusammenarbeit\/wp-content\/uploads\/sites\/24\/2020\/10\/10704.jpg 344w\" sizes=\"(max-width: 344px) 100vw, 344px\" \/><\/a><\/li><\/ul><\/div><div class=\"recent-posts-content\"><span class=\"vcard\" style=\"display: none;\"><span class=\"fn\"><a href=\"https:\/\/agripedia.ch\/zusammenarbeit\/fr\/author\/bge0\/\" title=\"Articles par bge\" rel=\"author\">bge<\/a><\/span><\/span><span class=\"updated\" style=\"display:none;\">2022-11-16T09:23:02+01:00<\/span><h4 class=\"entry-title\"><a href=\"https:\/\/agripedia.ch\/zusammenarbeit\/fr\/communaute-dassolement-mueller-leibundgut-so\/\">Communaut\u00e9 d\u2018assolement M\u00fcller-Leibundgut (SO)<\/a><\/h4><p class=\"meta\"><span class=\"vcard\" style=\"display: none;\"><span class=\"fn\"><a href=\"https:\/\/agripedia.ch\/zusammenarbeit\/fr\/author\/bge0\/\" title=\"Articles par bge\" rel=\"author\">bge<\/a><\/span><\/span><span class=\"updated\" style=\"display:none;\">2022-11-16T09:23:02+01:00<\/span><\/p><p>Fruchtfolgegemeinschaft - Alle Praxisbeispiele (PDF)     Contact biogm\u00fces-abo.ch GmbH Goltern 20 4578 Solothurn www.biogmues-abo.ch    Informations cl\u00e9s  Origine: 1994: Hans-Ulrich M\u00fcller reprend l\u2019exploitation avec 18 vaches \u00e0 cette \u00e9poque, ...<\/p><\/div><\/article><article class=\"post fusion-column column col col-lg-4 col-md-4 col-sm-4\"><div class=\"fusion-flexslider fusion-flexslider-loading flexslider flexslider-hover-type-none\"><ul class=\"slides\"><li><a href=\"https:\/\/agripedia.ch\/zusammenarbeit\/fr\/communaute-dassolement-au-sein-dune-communaute-dexploitation-bachmann-et-schlaepfer-fritschi-flaach-zh\/\" aria-label=\"Communaut\u00e9 d\u2018assolement (au sein d\u2019une communaut\u00e9 d\u2018exploitation) Bachmann et Schl\u00e4pfer-Fritschi, Flaach (ZH)\" class=\"hover-type-none\"><img decoding=\"async\" width=\"700\" height=\"414\" src=\"https:\/\/agripedia.ch\/zusammenarbeit\/wp-content\/uploads\/sites\/24\/2020\/10\/wydhof6-700x414.jpg\" class=\"attachment-recent-posts size-recent-posts\" alt=\"\" \/><\/a><\/li><\/ul><\/div><div class=\"recent-posts-content\"><span class=\"vcard\" style=\"display: none;\"><span class=\"fn\"><a href=\"https:\/\/agripedia.ch\/zusammenarbeit\/fr\/author\/bge0\/\" title=\"Articles par bge\" rel=\"author\">bge<\/a><\/span><\/span><span class=\"updated\" style=\"display:none;\">2021-05-20T13:55:53+01:00<\/span><h4 class=\"entry-title\"><a href=\"https:\/\/agripedia.ch\/zusammenarbeit\/fr\/communaute-dassolement-au-sein-dune-communaute-dexploitation-bachmann-et-schlaepfer-fritschi-flaach-zh\/\">Communaut\u00e9 d\u2018assolement (au sein d\u2019une communaut\u00e9 d\u2018exploitation) Bachmann et Schl\u00e4pfer-Fritschi, Flaach (ZH)<\/a><\/h4><p class=\"meta\"><span class=\"vcard\" style=\"display: none;\"><span class=\"fn\"><a href=\"https:\/\/agripedia.ch\/zusammenarbeit\/fr\/author\/bge0\/\" title=\"Articles par bge\" rel=\"author\">bge<\/a><\/span><\/span><span class=\"updated\" style=\"display:none;\">2021-05-20T13:55:53+01:00<\/span><\/p><p>Fruchtfolgegemeinschaft - Alle Praxisbeispiele (PDF)     Contact Ernst und Madeleine Bachmann Wydhof 8416 Flaach www.wydhof.ch     Interview avec Ernst Bachmann   Informations cl\u00e9s  Origine: En \u00e9change avec ...<\/p><\/div><\/article><\/section><\/div>\n<\/div><\/div><\/div><div class=\"fusion-panel panel-default panel-9a6b01fcc7b786343 fusion-toggle-has-divider\" style=\"--awb-title-color:var(--awb-color8);--awb-content-color:var(--awb-color8);\"><div class=\"panel-heading\"><h4 class=\"panel-title toggle\" id=\"toggle_9a6b01fcc7b786343\"><a aria-expanded=\"false\" aria-controls=\"9a6b01fcc7b786343\" role=\"button\" data-toggle=\"collapse\" data-parent=\"#accordion-4315-1\" data-target=\"#9a6b01fcc7b786343\" href=\"#9a6b01fcc7b786343\"><span class=\"fusion-toggle-icon-wrapper\" aria-hidden=\"true\"><i class=\"fa-fusion-box active-icon awb-icon-minus\" aria-hidden=\"true\"><\/i><i class=\"fa-fusion-box inactive-icon awb-icon-plus\" aria-hidden=\"true\"><\/i><\/span><span class=\"fusion-toggle-heading\">Regroupement de terres afferm\u00e9es<\/span><\/a><\/h4><\/div><div id=\"9a6b01fcc7b786343\" class=\"panel-collapse collapse \" aria-labelledby=\"toggle_9a6b01fcc7b786343\"><div class=\"panel-body toggle-content fusion-clearfix\">\n<div class=\"fusion-recent-posts fusion-recent-posts-3 avada-container layout-default layout-columns-3\"><section class=\"fusion-columns columns fusion-columns-3 columns-3\"><article class=\"post fusion-column column col col-lg-4 col-md-4 col-sm-4\"><div class=\"fusion-flexslider fusion-flexslider-loading flexslider flexslider-hover-type-none\"><ul class=\"slides\"><li><a href=\"https:\/\/agripedia.ch\/zusammenarbeit\/fr\/regroupement-de-terres-affermees-aerodrome-buochs-nw\/\" aria-label=\"Regroupement de terres afferm\u00e9es A\u00e9rodrome Buochs (NW)\" class=\"hover-type-none\"><img decoding=\"async\" width=\"249\" height=\"202\" src=\"https:\/\/agripedia.ch\/zusammenarbeit\/wp-content\/uploads\/sites\/24\/2020\/11\/Download.jpg\" class=\"attachment-recent-posts size-recent-posts\" alt=\"\" srcset=\"https:\/\/agripedia.ch\/zusammenarbeit\/wp-content\/uploads\/sites\/24\/2020\/11\/Download-200x162.jpg 200w, https:\/\/agripedia.ch\/zusammenarbeit\/wp-content\/uploads\/sites\/24\/2020\/11\/Download.jpg 249w\" sizes=\"(max-width: 249px) 100vw, 249px\" \/><\/a><\/li><\/ul><\/div><div class=\"recent-posts-content\"><span class=\"vcard\" style=\"display: none;\"><span class=\"fn\"><a href=\"https:\/\/agripedia.ch\/zusammenarbeit\/fr\/author\/bge0\/\" title=\"Articles par bge\" rel=\"author\">bge<\/a><\/span><\/span><span class=\"updated\" style=\"display:none;\">2021-05-31T21:06:31+01:00<\/span><h4 class=\"entry-title\"><a href=\"https:\/\/agripedia.ch\/zusammenarbeit\/fr\/regroupement-de-terres-affermees-aerodrome-buochs-nw\/\">Regroupement de terres afferm\u00e9es A\u00e9rodrome Buochs (NW)<\/a><\/h4><p class=\"meta\"><span class=\"vcard\" style=\"display: none;\"><span class=\"fn\"><a href=\"https:\/\/agripedia.ch\/zusammenarbeit\/fr\/author\/bge0\/\" title=\"Articles par bge\" rel=\"author\">bge<\/a><\/span><\/span><span class=\"updated\" style=\"display:none;\">2021-05-31T21:06:31+01:00<\/span><\/p><p> PA - Alle Praxisbeispiele (PDF)    Les quelque 125 ha de surfaces situ\u00e9es sur l'a\u00e9rodrome de Buochs et dans ses environs imm\u00e9diats sont la propri\u00e9t\u00e9 exclusive de la Genossenkorporation Buochs et sont ...<\/p><\/div><\/article><article class=\"post fusion-column column col col-lg-4 col-md-4 col-sm-4\"><div class=\"fusion-flexslider fusion-flexslider-loading flexslider flexslider-hover-type-none\"><ul class=\"slides\"><li><a href=\"https:\/\/agripedia.ch\/zusammenarbeit\/fr\/regroupement-de-terres-affermees-de-lamelioration-integrale-metzerlen-mariastein-1991-2006-so\/\" aria-label=\"Regroupement de terres afferm\u00e9es de l\u2018am\u00e9lioration int\u00e9grale Metzerlen-Mariastein 1991-2006 (SO)\" class=\"hover-type-none\"><img decoding=\"async\" width=\"593\" height=\"441\" src=\"https:\/\/agripedia.ch\/zusammenarbeit\/wp-content\/uploads\/sites\/24\/2020\/11\/GemeindeKarte-593x441.jpg\" class=\"attachment-recent-posts size-recent-posts\" alt=\"\" \/><\/a><\/li><\/ul><\/div><div class=\"recent-posts-content\"><span class=\"vcard\" style=\"display: none;\"><span class=\"fn\"><a href=\"https:\/\/agripedia.ch\/zusammenarbeit\/fr\/author\/bge0\/\" title=\"Articles par bge\" rel=\"author\">bge<\/a><\/span><\/span><span class=\"updated\" style=\"display:none;\">2021-06-01T12:14:57+01:00<\/span><h4 class=\"entry-title\"><a href=\"https:\/\/agripedia.ch\/zusammenarbeit\/fr\/regroupement-de-terres-affermees-de-lamelioration-integrale-metzerlen-mariastein-1991-2006-so\/\">Regroupement de terres afferm\u00e9es de l\u2018am\u00e9lioration int\u00e9grale Metzerlen-Mariastein 1991-2006 (SO)<\/a><\/h4><p class=\"meta\"><span class=\"vcard\" style=\"display: none;\"><span class=\"fn\"><a href=\"https:\/\/agripedia.ch\/zusammenarbeit\/fr\/author\/bge0\/\" title=\"Articles par bge\" rel=\"author\">bge<\/a><\/span><\/span><span class=\"updated\" style=\"display:none;\">2021-06-01T12:14:57+01:00<\/span><\/p><p>Pachtlandarrondierung - Alle Praxisbeispiele (PDF)   Avant m\u00eame la mise en \u0153uvre de l'am\u00e9lioration int\u00e9grale, des tentatives avaient d\u00e9j\u00e0 \u00e9t\u00e9 faites dans les communes de Metzerlen et de Mariastein pour fonder un syndicat d'am\u00e9lioration ...<\/p><\/div><\/article><article class=\"post fusion-column column col col-lg-4 col-md-4 col-sm-4\"><div class=\"fusion-flexslider fusion-flexslider-loading flexslider flexslider-hover-type-none\"><ul class=\"slides\"><li><a href=\"https:\/\/agripedia.ch\/zusammenarbeit\/fr\/projet-rta-dans-le-cadre-de-lamelioration-fonciere-boswil-ag\/\" aria-label=\"Regroupement de terres afferm\u00e9es de l\u2019am\u00e9lioration moderne Boswil (AG)\" class=\"hover-type-none\"><img decoding=\"async\" width=\"700\" height=\"441\" src=\"https:\/\/agripedia.ch\/zusammenarbeit\/wp-content\/uploads\/sites\/24\/2020\/03\/Boswil-danach-700x441.png\" class=\"attachment-recent-posts size-recent-posts\" alt=\"\" srcset=\"https:\/\/agripedia.ch\/zusammenarbeit\/wp-content\/uploads\/sites\/24\/2020\/03\/Boswil-danach-320x202.png 320w, https:\/\/agripedia.ch\/zusammenarbeit\/wp-content\/uploads\/sites\/24\/2020\/03\/Boswil-danach-700x441.png 700w\" sizes=\"(max-width: 700px) 100vw, 700px\" \/><\/a><\/li><\/ul><\/div><div class=\"recent-posts-content\"><span class=\"vcard\" style=\"display: none;\"><span class=\"fn\"><a href=\"https:\/\/agripedia.ch\/zusammenarbeit\/fr\/author\/ezi0\/\" title=\"Articles par ezi0\" rel=\"author\">ezi0<\/a><\/span><\/span><span class=\"updated\" style=\"display:none;\">2021-06-01T12:40:52+01:00<\/span><h4 class=\"entry-title\"><a href=\"https:\/\/agripedia.ch\/zusammenarbeit\/fr\/projet-rta-dans-le-cadre-de-lamelioration-fonciere-boswil-ag\/\">Regroupement de terres afferm\u00e9es de l\u2019am\u00e9lioration moderne Boswil (AG)<\/a><\/h4><p class=\"meta\"><span class=\"vcard\" style=\"display: none;\"><span class=\"fn\"><a href=\"https:\/\/agripedia.ch\/zusammenarbeit\/fr\/author\/ezi0\/\" title=\"Articles par ezi0\" rel=\"author\">ezi0<\/a><\/span><\/span><span class=\"updated\" style=\"display:none;\">2021-06-01T12:40:52+01:00<\/span><\/p><p>RTA - Tous les exemples pratiques (PDF)   Le regroupement de terres afferm\u00e9es (RTA) a \u00e9t\u00e9 int\u00e9gr\u00e9 dans le projet d\u2019am\u00e9lioration fonci\u00e8re de Boswil, ce qui a permis d\u2019en optimiser le r\u00e9sultat. Le fait ...<\/p><\/div><\/article><\/section><\/div>\n<\/div><\/div><\/div><div class=\"fusion-panel panel-default panel-dd85aecce539c192a fusion-toggle-has-divider\" style=\"--awb-title-color:var(--awb-color8);--awb-content-color:var(--awb-color8);\"><div class=\"panel-heading\"><h4 class=\"panel-title toggle\" id=\"toggle_dd85aecce539c192a\"><a aria-expanded=\"false\" aria-controls=\"dd85aecce539c192a\" role=\"button\" data-toggle=\"collapse\" data-parent=\"#accordion-2926-1\" data-target=\"#dd85aecce539c192a\" href=\"#dd85aecce539c192a\"><span class=\"fusion-toggle-icon-wrapper\" aria-hidden=\"true\"><i class=\"fa-fusion-box active-icon awb-icon-minus\" aria-hidden=\"true\"><\/i><i class=\"fa-fusion-box inactive-icon awb-icon-plus\" aria-hidden=\"true\"><\/i><\/span><span class=\"fusion-toggle-heading\">Regroupement de terres exploit\u00e9es<\/span><\/a><\/h4><\/div><div id=\"dd85aecce539c192a\" class=\"panel-collapse collapse \" aria-labelledby=\"toggle_dd85aecce539c192a\"><div class=\"panel-body toggle-content fusion-clearfix\">\n<div class=\"fusion-recent-posts fusion-recent-posts-4 avada-container layout-default layout-columns-3\"><section class=\"fusion-columns columns fusion-columns-3 columns-3\"><article class=\"post fusion-column column col col-lg-4 col-md-4 col-sm-4\"><div class=\"fusion-flexslider fusion-flexslider-loading flexslider flexslider-hover-type-none\"><ul class=\"slides\"><li><a href=\"https:\/\/agripedia.ch\/zusammenarbeit\/fr\/regroupement-de-terres-exploitees-riedhausen-de\/\" aria-label=\"Regroupement de terres exploit\u00e9es Riedhausen (DE)\" class=\"hover-type-none\"><img decoding=\"async\" width=\"700\" height=\"441\" src=\"https:\/\/agripedia.ch\/zusammenarbeit\/wp-content\/uploads\/sites\/24\/2020\/11\/Unbenannt-1-e1618318243651-700x441.jpg\" class=\"attachment-recent-posts size-recent-posts\" alt=\"\" srcset=\"https:\/\/agripedia.ch\/zusammenarbeit\/wp-content\/uploads\/sites\/24\/2020\/11\/Unbenannt-1-e1618318243651-320x202.jpg 320w, https:\/\/agripedia.ch\/zusammenarbeit\/wp-content\/uploads\/sites\/24\/2020\/11\/Unbenannt-1-e1618318243651-700x441.jpg 700w\" sizes=\"(max-width: 700px) 100vw, 700px\" \/><\/a><\/li><\/ul><\/div><div class=\"recent-posts-content\"><span class=\"vcard\" style=\"display: none;\"><span class=\"fn\"><a href=\"https:\/\/agripedia.ch\/zusammenarbeit\/fr\/author\/bge0\/\" title=\"Articles par bge\" rel=\"author\">bge<\/a><\/span><\/span><span class=\"updated\" style=\"display:none;\">2021-06-01T14:09:46+01:00<\/span><h4 class=\"entry-title\"><a href=\"https:\/\/agripedia.ch\/zusammenarbeit\/fr\/regroupement-de-terres-exploitees-riedhausen-de\/\">Regroupement de terres exploit\u00e9es Riedhausen (DE)<\/a><\/h4><p class=\"meta\"><span class=\"vcard\" style=\"display: none;\"><span class=\"fn\"><a href=\"https:\/\/agripedia.ch\/zusammenarbeit\/fr\/author\/bge0\/\" title=\"Articles par bge\" rel=\"author\">bge<\/a><\/span><\/span><span class=\"updated\" style=\"display:none;\">2021-06-01T14:09:46+01:00<\/span><\/p><p> Gewann Kirchsteig (22 ha) dans le territoire de Riedhausen, compos\u00e9 de 40 parcelles partielles (Gasser 2002).  Nutzungsarrondierung - Alle Praxisbeispiele (PDF)     A Riedhausen (DE, Baden-W\u00fcrttemberg), les structures \u00e9taient petites ...<\/p><\/div><\/article><article class=\"post fusion-column column col col-lg-4 col-md-4 col-sm-4\"><div class=\"fusion-flexslider fusion-flexslider-loading flexslider flexslider-hover-type-none\"><ul class=\"slides\"><li><a href=\"https:\/\/agripedia.ch\/zusammenarbeit\/fr\/regroupement-de-terres-exploitees-dans-le-loetschental\/\" aria-label=\"Regroupement de terres exploit\u00e9es dans le L\u00f6tschental\" class=\"hover-type-none\"><img decoding=\"async\" width=\"648\" height=\"441\" src=\"https:\/\/agripedia.ch\/zusammenarbeit\/wp-content\/uploads\/sites\/24\/2020\/10\/1599300003257-648x441.png\" class=\"attachment-recent-posts size-recent-posts\" alt=\"\" \/><\/a><\/li><\/ul><\/div><div class=\"recent-posts-content\"><span class=\"vcard\" style=\"display: none;\"><span class=\"fn\"><a href=\"https:\/\/agripedia.ch\/zusammenarbeit\/fr\/author\/ezi0\/\" title=\"Articles par ezi0\" rel=\"author\">ezi0<\/a><\/span><\/span><span class=\"updated\" style=\"display:none;\">2021-03-11T23:32:53+01:00<\/span><h4 class=\"entry-title\"><a href=\"https:\/\/agripedia.ch\/zusammenarbeit\/fr\/regroupement-de-terres-exploitees-dans-le-loetschental\/\">Regroupement de terres exploit\u00e9es dans le L\u00f6tschental<\/a><\/h4><p class=\"meta\"><span class=\"vcard\" style=\"display: none;\"><span class=\"fn\"><a href=\"https:\/\/agripedia.ch\/zusammenarbeit\/fr\/author\/ezi0\/\" title=\"Articles par ezi0\" rel=\"author\">ezi0<\/a><\/span><\/span><span class=\"updated\" style=\"display:none;\">2021-03-11T23:32:53+01:00<\/span><\/p><p>RTE - Tous les exemples pratiques (PDF)   Le remembrement des terres exploit\u00e9es dans le L\u00f6tschental est un projet-pilote \u00e0 l\u2019\u00e9chelle suisse. Le p\u00e9rim\u00e8tre du remembrement englobe: toutes les parcelles agricoles priv\u00e9es sises dans ...<\/p><\/div><\/article><article class=\"post fusion-column column col col-lg-4 col-md-4 col-sm-4\"><div class=\"fusion-flexslider fusion-flexslider-loading flexslider flexslider-hover-type-none\"><ul class=\"slides\"><li><a href=\"https:\/\/agripedia.ch\/zusammenarbeit\/fr\/projet-modele-de-remembrement-volontaire-de-terres-exploitees-a-zuzgen\/\" aria-label=\"Projet-mod\u00e8le de remembrement volontaire de terres exploit\u00e9es \u00e0 Zuzgen\" class=\"hover-type-none\"><img decoding=\"async\" width=\"251\" height=\"201\" src=\"https:\/\/agripedia.ch\/zusammenarbeit\/wp-content\/uploads\/sites\/24\/2020\/10\/images.jpg\" class=\"attachment-recent-posts size-recent-posts\" alt=\"\" srcset=\"https:\/\/agripedia.ch\/zusammenarbeit\/wp-content\/uploads\/sites\/24\/2020\/10\/images-177x142.jpg 177w, https:\/\/agripedia.ch\/zusammenarbeit\/wp-content\/uploads\/sites\/24\/2020\/10\/images-200x160.jpg 200w, https:\/\/agripedia.ch\/zusammenarbeit\/wp-content\/uploads\/sites\/24\/2020\/10\/images.jpg 251w\" sizes=\"(max-width: 251px) 100vw, 251px\" \/><\/a><\/li><\/ul><\/div><div class=\"recent-posts-content\"><span class=\"vcard\" style=\"display: none;\"><span class=\"fn\"><a href=\"https:\/\/agripedia.ch\/zusammenarbeit\/fr\/author\/ezi0\/\" title=\"Articles par ezi0\" rel=\"author\">ezi0<\/a><\/span><\/span><span class=\"updated\" style=\"display:none;\">2021-05-31T21:34:18+01:00<\/span><h4 class=\"entry-title\"><a href=\"https:\/\/agripedia.ch\/zusammenarbeit\/fr\/projet-modele-de-remembrement-volontaire-de-terres-exploitees-a-zuzgen\/\">Projet-mod\u00e8le de remembrement volontaire de terres exploit\u00e9es \u00e0 Zuzgen<\/a><\/h4><p class=\"meta\"><span class=\"vcard\" style=\"display: none;\"><span class=\"fn\"><a href=\"https:\/\/agripedia.ch\/zusammenarbeit\/fr\/author\/ezi0\/\" title=\"Articles par ezi0\" rel=\"author\">ezi0<\/a><\/span><\/span><span class=\"updated\" style=\"display:none;\">2021-05-31T21:34:18+01:00<\/span><\/p><p>RTE - Tous les exemples pratiques (PDF)   La participation au remembrement des terres exploit\u00e9es \u00e0 Zuzgen \u00e9tait volontaire. Aucune contrainte ne pouvait \u00eatre exerc\u00e9e sur les participants, et le projet n\u2019a \u00e9t\u00e9 r\u00e9alis\u00e9 ...<\/p><\/div><\/article><\/section><\/div>\n<\/div><\/div><\/div><div class=\"fusion-panel panel-default panel-b94ed7f47912e31b6 fusion-toggle-has-divider\" style=\"--awb-title-color:var(--awb-color8);--awb-content-color:var(--awb-color8);\"><div class=\"panel-heading\"><h4 class=\"panel-title toggle\" id=\"toggle_b94ed7f47912e31b6\"><a aria-expanded=\"false\" aria-controls=\"b94ed7f47912e31b6\" role=\"button\" data-toggle=\"collapse\" data-parent=\"#accordion-2931-1\" data-target=\"#b94ed7f47912e31b6\" href=\"#b94ed7f47912e31b6\"><span class=\"fusion-toggle-icon-wrapper\" aria-hidden=\"true\"><i class=\"fa-fusion-box active-icon awb-icon-minus\" aria-hidden=\"true\"><\/i><i class=\"fa-fusion-box inactive-icon awb-icon-plus\" aria-hidden=\"true\"><\/i><\/span><span class=\"fusion-toggle-heading\">Remaniement parcellaire contractuel<\/span><\/a><\/h4><\/div><div id=\"b94ed7f47912e31b6\" class=\"panel-collapse collapse \" aria-labelledby=\"toggle_b94ed7f47912e31b6\"><div class=\"panel-body toggle-content fusion-clearfix\">\n<div class=\"fusion-recent-posts fusion-recent-posts-5 avada-container layout-default layout-columns-3\"><section class=\"fusion-columns columns fusion-columns-3 columns-3\"><article class=\"post fusion-column column col col-lg-4 col-md-4 col-sm-4\"><div class=\"fusion-flexslider fusion-flexslider-loading flexslider flexslider-hover-type-none\"><ul class=\"slides\"><li><a href=\"https:\/\/agripedia.ch\/zusammenarbeit\/fr\/remaniement-parcellaire-contractuel-de-steinhof-so-2009-2017\/\" aria-label=\"Remaniement parcellaire contractuel de Steinhof (SO) (2009 \u2013 2017)\" class=\"hover-type-none\"><img decoding=\"async\" width=\"700\" height=\"348\" src=\"https:\/\/agripedia.ch\/zusammenarbeit\/wp-content\/uploads\/sites\/24\/2020\/10\/Unbenannt-700x348.png\" class=\"attachment-recent-posts size-recent-posts\" alt=\"\" \/><\/a><\/li><\/ul><\/div><div class=\"recent-posts-content\"><span class=\"vcard\" style=\"display: none;\"><span class=\"fn\"><a href=\"https:\/\/agripedia.ch\/zusammenarbeit\/fr\/author\/bge0\/\" title=\"Articles par bge\" rel=\"author\">bge<\/a><\/span><\/span><span class=\"updated\" style=\"display:none;\">2021-06-29T12:51:58+01:00<\/span><h4 class=\"entry-title\"><a href=\"https:\/\/agripedia.ch\/zusammenarbeit\/fr\/remaniement-parcellaire-contractuel-de-steinhof-so-2009-2017\/\">Remaniement parcellaire contractuel de Steinhof (SO) (2009 \u2013 2017)<\/a><\/h4><p class=\"meta\"><span class=\"vcard\" style=\"display: none;\"><span class=\"fn\"><a href=\"https:\/\/agripedia.ch\/zusammenarbeit\/fr\/author\/bge0\/\" title=\"Articles par bge\" rel=\"author\">bge<\/a><\/span><\/span><span class=\"updated\" style=\"display:none;\">2021-06-29T12:51:58+01:00<\/span><\/p><p> La d\u00e9cision d\u2019opter pour un remaniement parcellaire contractuel a fait suite \u00e0 plusieurs tentatives de mener une am\u00e9lioration fonci\u00e8re int\u00e9grale. Celle-ci n\u2019a pas pu \u00eatre r\u00e9alis\u00e9e car tant les installations de drainage que le ...<\/p><\/div><\/article><article class=\"post fusion-column column col col-lg-4 col-md-4 col-sm-4\"><div class=\"fusion-flexslider fusion-flexslider-loading flexslider flexslider-hover-type-none\"><ul class=\"slides\"><li><a href=\"https:\/\/agripedia.ch\/zusammenarbeit\/fr\/remaniement-parcellaire-contractuel-reiden-2009-2017\/\" aria-label=\"Remaniement parcellaire contractuel Reiden (2009 \u2013 2017)\" class=\"hover-type-none\"><img decoding=\"async\" width=\"619\" height=\"441\" src=\"https:\/\/agripedia.ch\/zusammenarbeit\/wp-content\/uploads\/sites\/24\/2020\/10\/Unbenannt-1-619x441.png\" class=\"attachment-recent-posts size-recent-posts\" alt=\"\" srcset=\"https:\/\/agripedia.ch\/zusammenarbeit\/wp-content\/uploads\/sites\/24\/2020\/10\/Unbenannt-1-300x214.png 300w, https:\/\/agripedia.ch\/zusammenarbeit\/wp-content\/uploads\/sites\/24\/2020\/10\/Unbenannt-1-619x441.png 619w\" sizes=\"(max-width: 619px) 100vw, 619px\" \/><\/a><\/li><\/ul><\/div><div class=\"recent-posts-content\"><span class=\"vcard\" style=\"display: none;\"><span class=\"fn\"><a href=\"https:\/\/agripedia.ch\/zusammenarbeit\/fr\/author\/bge0\/\" title=\"Articles par bge\" rel=\"author\">bge<\/a><\/span><\/span><span class=\"updated\" style=\"display:none;\">2021-06-29T12:48:44+01:00<\/span><h4 class=\"entry-title\"><a href=\"https:\/\/agripedia.ch\/zusammenarbeit\/fr\/remaniement-parcellaire-contractuel-reiden-2009-2017\/\">Remaniement parcellaire contractuel Reiden (2009 \u2013 2017)<\/a><\/h4><p class=\"meta\"><span class=\"vcard\" style=\"display: none;\"><span class=\"fn\"><a href=\"https:\/\/agripedia.ch\/zusammenarbeit\/fr\/author\/bge0\/\" title=\"Articles par bge\" rel=\"author\">bge<\/a><\/span><\/span><span class=\"updated\" style=\"display:none;\">2021-06-29T12:48:44+01:00<\/span><\/p><p> La zone agricole de Reiden, autour de la partie du village appel\u00e9e Reidermoos, d\u2019une surface d\u2019environ 236 hectares, \u00e9tait morcel\u00e9e en un grand nombre de parcelles. Une am\u00e9lioration fon-ci\u00e8re int\u00e9grale n\u2019avait pas pu y ...<\/p><\/div><\/article><\/section><\/div>\n<\/div><\/div><\/div><div class=\"fusion-panel panel-default panel-e3a3ed6b5ffbe764c fusion-toggle-has-divider\" style=\"--awb-title-color:var(--awb-color8);--awb-content-color:var(--awb-color8);\"><div class=\"panel-heading\"><h4 class=\"panel-title toggle\" id=\"toggle_e3a3ed6b5ffbe764c\"><a aria-expanded=\"false\" aria-controls=\"e3a3ed6b5ffbe764c\" role=\"button\" data-toggle=\"collapse\" data-parent=\"#accordion-4445-1\" data-target=\"#e3a3ed6b5ffbe764c\" href=\"#e3a3ed6b5ffbe764c\"><span class=\"fusion-toggle-icon-wrapper\" aria-hidden=\"true\"><i class=\"fa-fusion-box active-icon awb-icon-minus\" aria-hidden=\"true\"><\/i><i class=\"fa-fusion-box inactive-icon awb-icon-plus\" aria-hidden=\"true\"><\/i><\/span><span class=\"fusion-toggle-heading\">Am\u00e9lioration fonci\u00e8re int\u00e9grale<\/span><\/a><\/h4><\/div><div id=\"e3a3ed6b5ffbe764c\" class=\"panel-collapse collapse \" aria-labelledby=\"toggle_e3a3ed6b5ffbe764c\"><div class=\"panel-body toggle-content fusion-clearfix\">\n<div class=\"fusion-recent-posts fusion-recent-posts-6 avada-container layout-default layout-columns-3\"><section class=\"fusion-columns columns fusion-columns-3 columns-3\"><article class=\"post fusion-column column col col-lg-4 col-md-4 col-sm-4\"><div class=\"fusion-flexslider fusion-flexslider-loading flexslider flexslider-hover-type-none\"><ul class=\"slides\"><li><a href=\"https:\/\/agripedia.ch\/zusammenarbeit\/fr\/lamelioration-fonciere-moderne-de-boswil\/\" aria-label=\"L\u2019am\u00e9lioration fonci\u00e8re moderne de Boswil\" class=\"hover-type-none\"><img decoding=\"async\" width=\"700\" height=\"441\" src=\"https:\/\/agripedia.ch\/zusammenarbeit\/wp-content\/uploads\/sites\/24\/2020\/03\/Boswil-danach-700x441.png\" class=\"attachment-recent-posts size-recent-posts\" alt=\"\" srcset=\"https:\/\/agripedia.ch\/zusammenarbeit\/wp-content\/uploads\/sites\/24\/2020\/03\/Boswil-danach-320x202.png 320w, https:\/\/agripedia.ch\/zusammenarbeit\/wp-content\/uploads\/sites\/24\/2020\/03\/Boswil-danach-700x441.png 700w\" sizes=\"(max-width: 700px) 100vw, 700px\" \/><\/a><\/li><\/ul><\/div><div class=\"recent-posts-content\"><span class=\"vcard\" style=\"display: none;\"><span class=\"fn\"><a href=\"https:\/\/agripedia.ch\/zusammenarbeit\/fr\/author\/bge0\/\" title=\"Articles par bge\" rel=\"author\">bge<\/a><\/span><\/span><span class=\"updated\" style=\"display:none;\">2021-06-29T12:53:13+01:00<\/span><h4 class=\"entry-title\"><a href=\"https:\/\/agripedia.ch\/zusammenarbeit\/fr\/lamelioration-fonciere-moderne-de-boswil\/\">L\u2019am\u00e9lioration fonci\u00e8re moderne de Boswil<\/a><\/h4><p class=\"meta\"><span class=\"vcard\" style=\"display: none;\"><span class=\"fn\"><a href=\"https:\/\/agripedia.ch\/zusammenarbeit\/fr\/author\/bge0\/\" title=\"Articles par bge\" rel=\"author\">bge<\/a><\/span><\/span><span class=\"updated\" style=\"display:none;\">2021-06-29T12:53:13+01:00<\/span><\/p><p> Le projet d\u2019am\u00e9lioration fonci\u00e8re moderne (int\u00e9grale) de Boswil, dans le canton d\u2019Argovie, a \u00e9t\u00e9 r\u00e9alis\u00e9 entre 1999 et 2013. Il portait sur un p\u00e9rim\u00e8tre de 736\u00a0ha de terres et 23\u00a0ha de for\u00eat pour un ...<\/p><\/div><\/article><article class=\"post fusion-column column col col-lg-4 col-md-4 col-sm-4\"><div class=\"fusion-flexslider fusion-flexslider-loading flexslider flexslider-hover-type-none\"><ul class=\"slides\"><li><a href=\"https:\/\/agripedia.ch\/zusammenarbeit\/fr\/amelioration-fonciere-integrale-et-projet-de-protection-contre-les-inondations-suhrental-ag\/\" aria-label=\"Am\u00e9lioration fonci\u00e8re int\u00e9grale et projet de protection contre les inondations Suhrental (AG)\" class=\"hover-type-none\"><img decoding=\"async\" width=\"668\" height=\"441\" src=\"https:\/\/agripedia.ch\/zusammenarbeit\/wp-content\/uploads\/sites\/24\/2020\/10\/ab17_datentabelle_grafik_politik_strukturverbesserungen_hochwasserschutz_1_d-668-668x441.png\" class=\"attachment-recent-posts size-recent-posts\" alt=\"\" \/><\/a><\/li><\/ul><\/div><div class=\"recent-posts-content\"><span class=\"vcard\" style=\"display: none;\"><span class=\"fn\"><a href=\"https:\/\/agripedia.ch\/zusammenarbeit\/fr\/author\/bge0\/\" title=\"Articles par bge\" rel=\"author\">bge<\/a><\/span><\/span><span class=\"updated\" style=\"display:none;\">2021-06-01T17:40:48+01:00<\/span><h4 class=\"entry-title\"><a href=\"https:\/\/agripedia.ch\/zusammenarbeit\/fr\/amelioration-fonciere-integrale-et-projet-de-protection-contre-les-inondations-suhrental-ag\/\">Am\u00e9lioration fonci\u00e8re int\u00e9grale et projet de protection contre les inondations Suhrental (AG)<\/a><\/h4><p class=\"meta\"><span class=\"vcard\" style=\"display: none;\"><span class=\"fn\"><a href=\"https:\/\/agripedia.ch\/zusammenarbeit\/fr\/author\/bge0\/\" title=\"Articles par bge\" rel=\"author\">bge<\/a><\/span><\/span><span class=\"updated\" style=\"display:none;\">2021-06-01T17:40:48+01:00<\/span><\/p><p>Gesamtmelioration - Alle Praxisbeispiele (PDF)   La vall\u00e9e du Suhrental, dans le sud du canton d'Argovie, et le paysage vallonn\u00e9 environnant, le long de la Suhre, sont depuis longtemps caract\u00e9ris\u00e9s par un risque accru ...<\/p><\/div><\/article><article class=\"post fusion-column column col col-lg-4 col-md-4 col-sm-4\"><div class=\"fusion-flexslider fusion-flexslider-loading flexslider flexslider-hover-type-none\"><ul class=\"slides\"><li><a href=\"https:\/\/agripedia.ch\/zusammenarbeit\/fr\/amelioration-fonciere-integrale-flaacherfeld\/\" aria-label=\"Am\u00e9lioration fonci\u00e8re int\u00e9grale Flaacherfeld (ZH)\" class=\"hover-type-none\"><img decoding=\"async\" width=\"668\" height=\"441\" src=\"https:\/\/agripedia.ch\/zusammenarbeit\/wp-content\/uploads\/sites\/24\/2020\/10\/ab18_gesamtmelioration_flaacherfeld_wegnetz_d-668-668x441.png\" class=\"attachment-recent-posts size-recent-posts\" alt=\"\" \/><\/a><\/li><\/ul><\/div><div class=\"recent-posts-content\"><span class=\"vcard\" style=\"display: none;\"><span class=\"fn\"><a href=\"https:\/\/agripedia.ch\/zusammenarbeit\/fr\/author\/bge0\/\" title=\"Articles par bge\" rel=\"author\">bge<\/a><\/span><\/span><span class=\"updated\" style=\"display:none;\">2021-06-01T16:30:57+01:00<\/span><h4 class=\"entry-title\"><a href=\"https:\/\/agripedia.ch\/zusammenarbeit\/fr\/amelioration-fonciere-integrale-flaacherfeld\/\">Am\u00e9lioration fonci\u00e8re int\u00e9grale Flaacherfeld (ZH)<\/a><\/h4><p class=\"meta\"><span class=\"vcard\" style=\"display: none;\"><span class=\"fn\"><a href=\"https:\/\/agripedia.ch\/zusammenarbeit\/fr\/author\/bge0\/\" title=\"Articles par bge\" rel=\"author\">bge<\/a><\/span><\/span><span class=\"updated\" style=\"display:none;\">2021-06-01T16:30:57+01:00<\/span><\/p><p>Gesamtmelioration - Alle Praxisbeispiele (PDF)   La commune de Flaach compte 1360 habitants et 600 ha de terres arables. Parmi ceux-ci, 395 ha ont \u00e9t\u00e9 inclus dans le p\u00e9rim\u00e8tre, exploit\u00e9s par dix exploitations \u00e0 ...<\/p><\/div><\/article><\/section><\/div>\n<\/div><\/div><\/div><div class=\"fusion-panel panel-default panel-eb773d087054d888f fusion-toggle-has-divider\" style=\"--awb-title-color:var(--awb-color8);--awb-content-color:var(--awb-color8);\"><div class=\"panel-heading\"><h4 class=\"panel-title toggle\" id=\"toggle_eb773d087054d888f\"><a aria-expanded=\"false\" aria-controls=\"eb773d087054d888f\" role=\"button\" data-toggle=\"collapse\" data-parent=\"#accordion-4425-1\" data-target=\"#eb773d087054d888f\" href=\"#eb773d087054d888f\"><span class=\"fusion-toggle-icon-wrapper\" aria-hidden=\"true\"><i class=\"fa-fusion-box active-icon awb-icon-minus\" aria-hidden=\"true\"><\/i><i class=\"fa-fusion-box inactive-icon awb-icon-plus\" aria-hidden=\"true\"><\/i><\/span><span class=\"fusion-toggle-heading\">Investissements collectifs dans des machines<\/span><\/a><\/h4><\/div><div id=\"eb773d087054d888f\" class=\"panel-collapse collapse \" aria-labelledby=\"toggle_eb773d087054d888f\"><div class=\"panel-body toggle-content fusion-clearfix\">\n<div class=\"fusion-recent-posts fusion-recent-posts-7 avada-container layout-default layout-columns-3\"><section class=\"fusion-columns columns fusion-columns-3 columns-3\"><article class=\"post fusion-column column col col-lg-4 col-md-4 col-sm-4\"><div class=\"fusion-flexslider fusion-flexslider-loading flexslider flexslider-hover-type-none\"><ul class=\"slides\"><li><a href=\"https:\/\/agripedia.ch\/zusammenarbeit\/fr\/communaute-de-recolte-des-betteraves-frauenfeld\/\" aria-label=\"Communaut\u00e9 de r\u00e9colte des betteraves, Frauenfeld (TG)\" class=\"hover-type-none\"><img decoding=\"async\" width=\"700\" height=\"441\" src=\"https:\/\/agripedia.ch\/zusammenarbeit\/wp-content\/uploads\/sites\/24\/2021\/09\/R\u00fcbenrodegemeinschaft-700x441.jpg\" class=\"attachment-recent-posts size-recent-posts\" alt=\"\" srcset=\"https:\/\/agripedia.ch\/zusammenarbeit\/wp-content\/uploads\/sites\/24\/2021\/09\/R\u00fcbenrodegemeinschaft-320x202.jpg 320w, https:\/\/agripedia.ch\/zusammenarbeit\/wp-content\/uploads\/sites\/24\/2021\/09\/R\u00fcbenrodegemeinschaft-700x441.jpg 700w\" sizes=\"(max-width: 700px) 100vw, 700px\" \/><\/a><\/li><\/ul><\/div><div class=\"recent-posts-content\"><span class=\"vcard\" style=\"display: none;\"><span class=\"fn\"><a href=\"https:\/\/agripedia.ch\/zusammenarbeit\/fr\/author\/jbu0\/\" title=\"Articles par jbu0\" rel=\"author\">jbu0<\/a><\/span><\/span><span class=\"updated\" style=\"display:none;\">2021-09-15T13:29:12+01:00<\/span><h4 class=\"entry-title\"><a href=\"https:\/\/agripedia.ch\/zusammenarbeit\/fr\/communaute-de-recolte-des-betteraves-frauenfeld\/\">Communaut\u00e9 de r\u00e9colte des betteraves, Frauenfeld (TG)<\/a><\/h4><p class=\"meta\"><span class=\"vcard\" style=\"display: none;\"><span class=\"fn\"><a href=\"https:\/\/agripedia.ch\/zusammenarbeit\/fr\/author\/jbu0\/\" title=\"Articles par jbu0\" rel=\"author\">jbu0<\/a><\/span><\/span><span class=\"updated\" style=\"display:none;\">2021-09-15T13:29:12+01:00<\/span><\/p><p>\u00dcberbetriebliche Investitionen in Maschinen - Alle Praxisbeispiele (PDF)     Contact  R\u00fcbenrodegemeinschaft Frauenfeld Wiesenstrasse 49 8552 Felben Site web    Informations cl\u00e9s  Forme juridique: Association avec des statuts Fondation: ...<\/p><\/div><\/article><article class=\"post fusion-column column col col-lg-4 col-md-4 col-sm-4\"><div class=\"fusion-flexslider fusion-flexslider-loading flexslider flexslider-hover-type-none\"><ul class=\"slides\"><li><a href=\"https:\/\/agripedia.ch\/zusammenarbeit\/fr\/maschinenring-ostschweiz\/\" aria-label=\"Maschinenring Ostschweiz (TG)\" class=\"hover-type-none\"><img decoding=\"async\" width=\"574\" height=\"235\" src=\"https:\/\/agripedia.ch\/zusammenarbeit\/wp-content\/uploads\/sites\/24\/2021\/01\/Unbenannt-1.jpg\" class=\"attachment-recent-posts size-recent-posts\" alt=\"\" srcset=\"https:\/\/agripedia.ch\/zusammenarbeit\/wp-content\/uploads\/sites\/24\/2021\/01\/Unbenannt-1-200x82.jpg 200w, https:\/\/agripedia.ch\/zusammenarbeit\/wp-content\/uploads\/sites\/24\/2021\/01\/Unbenannt-1-300x123.jpg 300w, https:\/\/agripedia.ch\/zusammenarbeit\/wp-content\/uploads\/sites\/24\/2021\/01\/Unbenannt-1-400x164.jpg 400w, https:\/\/agripedia.ch\/zusammenarbeit\/wp-content\/uploads\/sites\/24\/2021\/01\/Unbenannt-1.jpg 574w\" sizes=\"(max-width: 574px) 100vw, 574px\" \/><\/a><\/li><\/ul><\/div><div class=\"recent-posts-content\"><span class=\"vcard\" style=\"display: none;\"><span class=\"fn\"><a href=\"https:\/\/agripedia.ch\/zusammenarbeit\/fr\/author\/bge0\/\" title=\"Articles par bge\" rel=\"author\">bge<\/a><\/span><\/span><span class=\"updated\" style=\"display:none;\">2021-09-15T13:17:59+01:00<\/span><h4 class=\"entry-title\"><a href=\"https:\/\/agripedia.ch\/zusammenarbeit\/fr\/maschinenring-ostschweiz\/\">Maschinenring Ostschweiz (TG)<\/a><\/h4><p class=\"meta\"><span class=\"vcard\" style=\"display: none;\"><span class=\"fn\"><a href=\"https:\/\/agripedia.ch\/zusammenarbeit\/fr\/author\/bge0\/\" title=\"Articles par bge\" rel=\"author\">bge<\/a><\/span><\/span><span class=\"updated\" style=\"display:none;\">2021-09-15T13:17:59+01:00<\/span><\/p><p>  Contact  Maschinenring Ostschweiz Frauenfeldstrasse 12 9545 W\u00e4ngi https:\/\/www.maschinenring.ch\/ostschweiz    Informations cl\u00e9s  Formation: Con\u00e7u \u00e0 l'origine comme solution pour le d\u00e9compte et les prestations sociales du service de d\u00e9pannage agricole, ...<\/p><\/div><\/article><article class=\"post fusion-column column col col-lg-4 col-md-4 col-sm-4\"><div class=\"fusion-flexslider fusion-flexslider-loading flexslider flexslider-hover-type-none\"><ul class=\"slides\"><li><a href=\"https:\/\/agripedia.ch\/zusammenarbeit\/fr\/communaute-de-machines-eriswil\/\" aria-label=\"Communaut\u00e9 de machines Eriswil (BE)\" class=\"hover-type-none\"><img decoding=\"async\" width=\"700\" height=\"441\" src=\"https:\/\/agripedia.ch\/zusammenarbeit\/wp-content\/uploads\/sites\/24\/2021\/01\/Mitglieder_Maschinengemeinschaft-700x441.jpg\" class=\"attachment-recent-posts size-recent-posts\" alt=\"\" srcset=\"https:\/\/agripedia.ch\/zusammenarbeit\/wp-content\/uploads\/sites\/24\/2021\/01\/Mitglieder_Maschinengemeinschaft-320x202.jpg 320w, https:\/\/agripedia.ch\/zusammenarbeit\/wp-content\/uploads\/sites\/24\/2021\/01\/Mitglieder_Maschinengemeinschaft-700x441.jpg 700w\" sizes=\"(max-width: 700px) 100vw, 700px\" \/><\/a><\/li><\/ul><\/div><div class=\"recent-posts-content\"><span class=\"vcard\" style=\"display: none;\"><span class=\"fn\"><a href=\"https:\/\/agripedia.ch\/zusammenarbeit\/fr\/author\/bge0\/\" title=\"Articles par bge\" rel=\"author\">bge<\/a><\/span><\/span><span class=\"updated\" style=\"display:none;\">2021-09-15T11:00:17+01:00<\/span><h4 class=\"entry-title\"><a href=\"https:\/\/agripedia.ch\/zusammenarbeit\/fr\/communaute-de-machines-eriswil\/\">Communaut\u00e9 de machines Eriswil (BE)<\/a><\/h4><p class=\"meta\"><span class=\"vcard\" style=\"display: none;\"><span class=\"fn\"><a href=\"https:\/\/agripedia.ch\/zusammenarbeit\/fr\/author\/bge0\/\" title=\"Articles par bge\" rel=\"author\">bge<\/a><\/span><\/span><span class=\"updated\" style=\"display:none;\">2021-09-15T11:00:17+01:00<\/span><\/p><p>\u00dcberbetriebliche Investitionen in Maschinen - Alle Praxisbeispiele (PDF)     Contact  Martin Heiniger Belzhaus 21 4952 Eriswil    Informations cl\u00e9s  Origine: La communaut\u00e9 des machines a \u00e9t\u00e9 fond\u00e9e en ...<\/p><\/div><\/article><\/section><\/div>\n<\/div><\/div><\/div><div class=\"fusion-panel panel-default panel-2c576e90219d4cff3 fusion-toggle-has-divider\" style=\"--awb-title-color:var(--awb-color8);--awb-content-color:var(--awb-color8);\"><div class=\"panel-heading\"><h4 class=\"panel-title toggle\" id=\"toggle_2c576e90219d4cff3\"><a aria-expanded=\"false\" aria-controls=\"2c576e90219d4cff3\" role=\"button\" data-toggle=\"collapse\" data-parent=\"#accordion-4585-1\" data-target=\"#2c576e90219d4cff3\" href=\"#2c576e90219d4cff3\"><span class=\"fusion-toggle-icon-wrapper\" aria-hidden=\"true\"><i class=\"fa-fusion-box active-icon awb-icon-minus\" aria-hidden=\"true\"><\/i><i class=\"fa-fusion-box inactive-icon awb-icon-plus\" aria-hidden=\"true\"><\/i><\/span><span class=\"fusion-toggle-heading\">Investissements collectifs dans des b\u00e2timents<\/span><\/a><\/h4><\/div><div id=\"2c576e90219d4cff3\" class=\"panel-collapse collapse \" aria-labelledby=\"toggle_2c576e90219d4cff3\"><div class=\"panel-body toggle-content fusion-clearfix\">\n<div class=\"fusion-recent-posts fusion-recent-posts-8 avada-container layout-default layout-columns-3\"><section class=\"fusion-columns columns fusion-columns-3 columns-3\"><article class=\"post fusion-column column col col-lg-4 col-md-4 col-sm-4\"><div class=\"fusion-flexslider fusion-flexslider-loading flexslider flexslider-hover-type-none\"><ul class=\"slides\"><li><a href=\"https:\/\/agripedia.ch\/zusammenarbeit\/fr\/biogasanlage-lindau-zh\/\" aria-label=\"Centrale de Biogaz Lindau (ZH)\" class=\"hover-type-none\"><img decoding=\"async\" width=\"700\" height=\"441\" src=\"https:\/\/agripedia.ch\/zusammenarbeit\/wp-content\/uploads\/sites\/24\/2021\/05\/Bild4-Internet-700x441.jpg\" class=\"attachment-recent-posts size-recent-posts\" alt=\"\" srcset=\"https:\/\/agripedia.ch\/zusammenarbeit\/wp-content\/uploads\/sites\/24\/2021\/05\/Bild4-Internet-320x202.jpg 320w, https:\/\/agripedia.ch\/zusammenarbeit\/wp-content\/uploads\/sites\/24\/2021\/05\/Bild4-Internet-700x441.jpg 700w\" sizes=\"(max-width: 700px) 100vw, 700px\" \/><\/a><\/li><\/ul><\/div><div class=\"recent-posts-content\"><span class=\"vcard\" style=\"display: none;\"><span class=\"fn\"><a href=\"https:\/\/agripedia.ch\/zusammenarbeit\/fr\/author\/ust0\/\" title=\"Articles par ust0\" rel=\"author\">ust0<\/a><\/span><\/span><span class=\"updated\" style=\"display:none;\">2021-06-29T13:13:38+01:00<\/span><h4 class=\"entry-title\"><a href=\"https:\/\/agripedia.ch\/zusammenarbeit\/fr\/biogasanlage-lindau-zh\/\">Centrale de Biogaz Lindau (ZH)<\/a><\/h4><p class=\"meta\"><span class=\"vcard\" style=\"display: none;\"><span class=\"fn\"><a href=\"https:\/\/agripedia.ch\/zusammenarbeit\/fr\/author\/ust0\/\" title=\"Articles par ust0\" rel=\"author\">ust0<\/a><\/span><\/span><span class=\"updated\" style=\"display:none;\">2021-06-29T13:13:38+01:00<\/span><\/p><p>  Contact  Hanspeter Frey Bio Gas Lindau AG N\u00fcrensdorferstrasse 4 8315 Lindau www.bglindau.com     Playlist: Interview mit Hanspeter Frey   Informations cl\u00e9s  Origine: \u00e0 partir de 1995: Hanspeter ...<\/p><\/div><\/article><article class=\"post fusion-column column col col-lg-4 col-md-4 col-sm-4\"><div class=\"fusion-flexslider fusion-flexslider-loading flexslider flexslider-hover-type-none\"><ul class=\"slides\"><li><a href=\"https:\/\/agripedia.ch\/zusammenarbeit\/fr\/alberswiler-pionier-milch-betrieb-apmb-lu\/\" aria-label=\"Alberswiler Pionier Milch Betrieb APMB (LU)\" class=\"hover-type-none\"><img decoding=\"async\" width=\"700\" height=\"441\" src=\"https:\/\/agripedia.ch\/zusammenarbeit\/wp-content\/uploads\/sites\/24\/2019\/12\/Luftbild-APMB-700x441.jpg\" class=\"attachment-recent-posts size-recent-posts\" alt=\"APMB\" srcset=\"https:\/\/agripedia.ch\/zusammenarbeit\/wp-content\/uploads\/sites\/24\/2019\/12\/Luftbild-APMB-320x202.jpg 320w, https:\/\/agripedia.ch\/zusammenarbeit\/wp-content\/uploads\/sites\/24\/2019\/12\/Luftbild-APMB-700x441.jpg 700w\" sizes=\"(max-width: 700px) 100vw, 700px\" \/><\/a><\/li><\/ul><\/div><div class=\"recent-posts-content\"><span class=\"vcard\" style=\"display: none;\"><span class=\"fn\"><a href=\"https:\/\/agripedia.ch\/zusammenarbeit\/fr\/author\/bge0\/\" title=\"Articles par bge\" rel=\"author\">bge<\/a><\/span><\/span><span class=\"updated\" style=\"display:none;\">2021-06-25T12:53:12+01:00<\/span><h4 class=\"entry-title\"><a href=\"https:\/\/agripedia.ch\/zusammenarbeit\/fr\/alberswiler-pionier-milch-betrieb-apmb-lu\/\">Alberswiler Pionier Milch Betrieb APMB (LU)<\/a><\/h4><p class=\"meta\"><span class=\"vcard\" style=\"display: none;\"><span class=\"fn\"><a href=\"https:\/\/agripedia.ch\/zusammenarbeit\/fr\/author\/bge0\/\" title=\"Articles par bge\" rel=\"author\">bge<\/a><\/span><\/span><span class=\"updated\" style=\"display:none;\">2021-06-25T12:53:12+01:00<\/span><\/p><p>\u00dcberbetriebliche Geb\u00e4udeinvestition - Alle Praxisbeispiele (PDF)     Contact Alberswiler Pionier Milch Betrieb (APMB) Allmendstrasse 100 6248 Alberswil www.apmb-alberswil.ch    Informations cl\u00e9s  Formation: Communaut\u00e9 de silo depuis 1999, d\u00e9j\u00e0 propri\u00e9taires ...<\/p><\/div><\/article><article class=\"post fusion-column column col col-lg-4 col-md-4 col-sm-4\"><div class=\"fusion-flexslider fusion-flexslider-loading flexslider flexslider-hover-type-none\"><ul class=\"slides\"><li><a href=\"https:\/\/agripedia.ch\/zusammenarbeit\/fr\/etable-communautaire-churwalden-churwalden-gr\/\" aria-label=\"\u00c9table communautaire Churwalden, Churwalden (GR)\" class=\"hover-type-none\"><img decoding=\"async\" width=\"531\" height=\"397\" src=\"https:\/\/agripedia.ch\/zusammenarbeit\/wp-content\/uploads\/sites\/24\/2020\/12\/IMGP4472.jpg\" class=\"attachment-recent-posts size-recent-posts\" alt=\"\" srcset=\"https:\/\/agripedia.ch\/zusammenarbeit\/wp-content\/uploads\/sites\/24\/2020\/12\/IMGP4472-200x150.jpg 200w, https:\/\/agripedia.ch\/zusammenarbeit\/wp-content\/uploads\/sites\/24\/2020\/12\/IMGP4472-300x224.jpg 300w, https:\/\/agripedia.ch\/zusammenarbeit\/wp-content\/uploads\/sites\/24\/2020\/12\/IMGP4472-400x299.jpg 400w, https:\/\/agripedia.ch\/zusammenarbeit\/wp-content\/uploads\/sites\/24\/2020\/12\/IMGP4472.jpg 531w\" sizes=\"(max-width: 531px) 100vw, 531px\" \/><\/a><\/li><\/ul><\/div><div class=\"recent-posts-content\"><span class=\"vcard\" style=\"display: none;\"><span class=\"fn\"><a href=\"https:\/\/agripedia.ch\/zusammenarbeit\/fr\/author\/bge0\/\" title=\"Articles par bge\" rel=\"author\">bge<\/a><\/span><\/span><span class=\"updated\" style=\"display:none;\">2021-06-01T20:44:34+01:00<\/span><h4 class=\"entry-title\"><a href=\"https:\/\/agripedia.ch\/zusammenarbeit\/fr\/etable-communautaire-churwalden-churwalden-gr\/\">\u00c9table communautaire Churwalden, Churwalden (GR)<\/a><\/h4><p class=\"meta\"><span class=\"vcard\" style=\"display: none;\"><span class=\"fn\"><a href=\"https:\/\/agripedia.ch\/zusammenarbeit\/fr\/author\/bge0\/\" title=\"Articles par bge\" rel=\"author\">bge<\/a><\/span><\/span><span class=\"updated\" style=\"display:none;\">2021-06-01T20:44:34+01:00<\/span><\/p><p>\u00dcberbetriebliche Geb\u00e4udeinvestition - Alle Praxisbeispiele (PDF)     Contact  Gemeinschaftsstall Churwalden 7075 Churwalden www.gemeinschaftsstall-churwalden.ch     Vid\u00e9o: Interview avec Simon Brasser et Peter Hitz   Informations cl\u00e9s  Origine: ...<\/p><\/div><\/article><\/section><\/div>\n<\/div><\/div><\/div><div class=\"fusion-panel panel-default panel-bc89f4a177f407da9 fusion-toggle-has-divider\" style=\"--awb-title-color:var(--awb-color8);--awb-content-color:var(--awb-color8);\"><div class=\"panel-heading\"><h4 class=\"panel-title toggle\" id=\"toggle_bc89f4a177f407da9\"><a aria-expanded=\"false\" aria-controls=\"bc89f4a177f407da9\" role=\"button\" data-toggle=\"collapse\" data-parent=\"#accordion-4603-1\" data-target=\"#bc89f4a177f407da9\" href=\"#bc89f4a177f407da9\"><span class=\"fusion-toggle-icon-wrapper\" aria-hidden=\"true\"><i class=\"fa-fusion-box active-icon awb-icon-minus\" aria-hidden=\"true\"><\/i><i class=\"fa-fusion-box inactive-icon awb-icon-plus\" aria-hidden=\"true\"><\/i><\/span><span class=\"fusion-toggle-heading\">Communaut\u00e9 d\u2019exploitation<\/span><\/a><\/h4><\/div><div id=\"bc89f4a177f407da9\" class=\"panel-collapse collapse \" aria-labelledby=\"toggle_bc89f4a177f407da9\"><div class=\"panel-body toggle-content fusion-clearfix\">\n<div class=\"fusion-recent-posts fusion-recent-posts-9 avada-container layout-default layout-columns-3\"><section class=\"fusion-columns columns fusion-columns-3 columns-3\"><article class=\"post fusion-column column col col-lg-4 col-md-4 col-sm-4\"><div class=\"fusion-flexslider fusion-flexslider-loading flexslider flexslider-hover-type-none\"><ul class=\"slides\"><li><a href=\"https:\/\/agripedia.ch\/zusammenarbeit\/fr\/communaute-dexploitation-agrino-remetschwil-ag\/\" aria-label=\"Communaut\u00e9 d&rsquo;exploitation Agrino, Remetschwil (AG)\" class=\"hover-type-none\"><img decoding=\"async\" width=\"700\" height=\"441\" src=\"https:\/\/agripedia.ch\/zusammenarbeit\/wp-content\/uploads\/sites\/24\/2021\/09\/Agrino_2-700x441.jpg\" class=\"attachment-recent-posts size-recent-posts\" alt=\"\" srcset=\"https:\/\/agripedia.ch\/zusammenarbeit\/wp-content\/uploads\/sites\/24\/2021\/09\/Agrino_2-320x202.jpg 320w, https:\/\/agripedia.ch\/zusammenarbeit\/wp-content\/uploads\/sites\/24\/2021\/09\/Agrino_2-700x441.jpg 700w\" sizes=\"(max-width: 700px) 100vw, 700px\" \/><\/a><\/li><\/ul><\/div><div class=\"recent-posts-content\"><span class=\"vcard\" style=\"display: none;\"><span class=\"fn\"><a href=\"https:\/\/agripedia.ch\/zusammenarbeit\/fr\/author\/jbu0\/\" title=\"Articles par jbu0\" rel=\"author\">jbu0<\/a><\/span><\/span><span class=\"updated\" style=\"display:none;\">2021-09-15T10:51:22+01:00<\/span><h4 class=\"entry-title\"><a href=\"https:\/\/agripedia.ch\/zusammenarbeit\/fr\/communaute-dexploitation-agrino-remetschwil-ag\/\">Communaut\u00e9 d&rsquo;exploitation Agrino, Remetschwil (AG)<\/a><\/h4><p class=\"meta\"><span class=\"vcard\" style=\"display: none;\"><span class=\"fn\"><a href=\"https:\/\/agripedia.ch\/zusammenarbeit\/fr\/author\/jbu0\/\" title=\"Articles par jbu0\" rel=\"author\">jbu0<\/a><\/span><\/span><span class=\"updated\" style=\"display:none;\">2021-09-15T10:51:22+01:00<\/span><\/p><p>  Contact https:\/\/www.agrino.ch\/kontakt\/ansprechspersonen\/    Informations cl\u00e9s  Origine: En 2013, une soci\u00e9t\u00e9 de personnes avait d\u00e9j\u00e0 \u00e9t\u00e9 fond\u00e9e. Celle-ci \u00e9tait g\u00e9r\u00e9e par Samuel, Imboden, Vroni Peterhans et Niklaus Peterhand. Le partenariat a ...<\/p><\/div><\/article><article class=\"post fusion-column column col col-lg-4 col-md-4 col-sm-4\"><div class=\"fusion-flexslider fusion-flexslider-loading flexslider flexslider-hover-type-none\"><ul class=\"slides\"><li><a href=\"https:\/\/agripedia.ch\/zusammenarbeit\/fr\/communaute-dexploitation-synfarms-densbueren-ag\/\" aria-label=\"Communaut\u00e9 d&rsquo;exploitation Synfarms, Densb\u00fcren (AG)\" class=\"hover-type-none\"><img decoding=\"async\" width=\"700\" height=\"441\" src=\"https:\/\/agripedia.ch\/zusammenarbeit\/wp-content\/uploads\/sites\/24\/2020\/01\/Luftaufnahme-2018-700x441.jpeg\" class=\"attachment-recent-posts size-recent-posts\" alt=\"\" srcset=\"https:\/\/agripedia.ch\/zusammenarbeit\/wp-content\/uploads\/sites\/24\/2020\/01\/Luftaufnahme-2018-320x202.jpeg 320w, https:\/\/agripedia.ch\/zusammenarbeit\/wp-content\/uploads\/sites\/24\/2020\/01\/Luftaufnahme-2018-700x441.jpeg 700w\" sizes=\"(max-width: 700px) 100vw, 700px\" \/><\/a><\/li><\/ul><\/div><div class=\"recent-posts-content\"><span class=\"vcard\" style=\"display: none;\"><span class=\"fn\"><a href=\"https:\/\/agripedia.ch\/zusammenarbeit\/fr\/author\/ust0\/\" title=\"Articles par ust0\" rel=\"author\">ust0<\/a><\/span><\/span><span class=\"updated\" style=\"display:none;\">2021-06-15T14:46:16+01:00<\/span><h4 class=\"entry-title\"><a href=\"https:\/\/agripedia.ch\/zusammenarbeit\/fr\/communaute-dexploitation-synfarms-densbueren-ag\/\">Communaut\u00e9 d&rsquo;exploitation Synfarms, Densb\u00fcren (AG)<\/a><\/h4><p class=\"meta\"><span class=\"vcard\" style=\"display: none;\"><span class=\"fn\"><a href=\"https:\/\/agripedia.ch\/zusammenarbeit\/fr\/author\/ust0\/\" title=\"Articles par ust0\" rel=\"author\">ust0<\/a><\/span><\/span><span class=\"updated\" style=\"display:none;\">2021-06-15T14:46:16+01:00<\/span><\/p><p>  Contact Roland Nussbaum Aemethof 368 5026 Densb\u00fcren    Informations cl\u00e9s  Origine: 1998: CE Nussbaum-Ackle, reconversion au bio, transformation de l'\u00e9curie de pension pour chevaux de la famille Ackle. 2005: Extension ...<\/p><\/div><\/article><article class=\"post fusion-column column col col-lg-4 col-md-4 col-sm-4\"><div class=\"fusion-flexslider fusion-flexslider-loading flexslider flexslider-hover-type-none\"><ul class=\"slides\"><li><a href=\"https:\/\/agripedia.ch\/zusammenarbeit\/fr\/communaute-dexploitation-suter-et-schmid-muehlau-ag\/\" aria-label=\"Communaut\u00e9 d\u2018exploitation Suter et Schmid, M\u00fchlau (AG)\" class=\"hover-type-none\"><img decoding=\"async\" width=\"700\" height=\"441\" src=\"https:\/\/agripedia.ch\/zusammenarbeit\/wp-content\/uploads\/sites\/24\/2020\/10\/M\u00fchlau_Schoren_Galerie-2-1480x985-1-700x441.jpg\" class=\"attachment-recent-posts size-recent-posts\" alt=\"\" srcset=\"https:\/\/agripedia.ch\/zusammenarbeit\/wp-content\/uploads\/sites\/24\/2020\/10\/M\u00fchlau_Schoren_Galerie-2-1480x985-1-320x202.jpg 320w, https:\/\/agripedia.ch\/zusammenarbeit\/wp-content\/uploads\/sites\/24\/2020\/10\/M\u00fchlau_Schoren_Galerie-2-1480x985-1-700x441.jpg 700w\" sizes=\"(max-width: 700px) 100vw, 700px\" \/><\/a><\/li><\/ul><\/div><div class=\"recent-posts-content\"><span class=\"vcard\" style=\"display: none;\"><span class=\"fn\"><a href=\"https:\/\/agripedia.ch\/zusammenarbeit\/fr\/author\/bge0\/\" title=\"Articles par bge\" rel=\"author\">bge<\/a><\/span><\/span><span class=\"updated\" style=\"display:none;\">2021-06-03T12:35:53+01:00<\/span><h4 class=\"entry-title\"><a href=\"https:\/\/agripedia.ch\/zusammenarbeit\/fr\/communaute-dexploitation-suter-et-schmid-muehlau-ag\/\">Communaut\u00e9 d\u2018exploitation Suter et Schmid, M\u00fchlau (AG)<\/a><\/h4><p class=\"meta\"><span class=\"vcard\" style=\"display: none;\"><span class=\"fn\"><a href=\"https:\/\/agripedia.ch\/zusammenarbeit\/fr\/author\/bge0\/\" title=\"Articles par bge\" rel=\"author\">bge<\/a><\/span><\/span><span class=\"updated\" style=\"display:none;\">2021-06-03T12:35:53+01:00<\/span><\/p><p>Betriebsgemeinschaft - Alle Praxisbeispiele (PDF)     Contact Familie Suter Schorenstrasse 44 5642 M\u00fchlau www.hinterschoren.ch     Playlist: Interview avec la famille Suter   Informations cl\u00e9s  Origine: 1996: Peter ...<\/p><\/div><\/article><article class=\"post fusion-column column col col-lg-4 col-md-4 col-sm-4\"><div class=\"fusion-flexslider fusion-flexslider-loading flexslider flexslider-hover-type-none\"><ul class=\"slides\"><li><a href=\"https:\/\/agripedia.ch\/zusammenarbeit\/fr\/alberswiler-pionier-milch-betrieb-apmb-lu\/\" aria-label=\"Alberswiler Pionier Milch Betrieb APMB (LU)\" class=\"hover-type-none\"><img decoding=\"async\" width=\"700\" height=\"441\" src=\"https:\/\/agripedia.ch\/zusammenarbeit\/wp-content\/uploads\/sites\/24\/2019\/12\/Luftbild-APMB-700x441.jpg\" class=\"attachment-recent-posts size-recent-posts\" alt=\"APMB\" srcset=\"https:\/\/agripedia.ch\/zusammenarbeit\/wp-content\/uploads\/sites\/24\/2019\/12\/Luftbild-APMB-320x202.jpg 320w, https:\/\/agripedia.ch\/zusammenarbeit\/wp-content\/uploads\/sites\/24\/2019\/12\/Luftbild-APMB-700x441.jpg 700w\" sizes=\"(max-width: 700px) 100vw, 700px\" \/><\/a><\/li><\/ul><\/div><div class=\"recent-posts-content\"><span class=\"vcard\" style=\"display: none;\"><span class=\"fn\"><a href=\"https:\/\/agripedia.ch\/zusammenarbeit\/fr\/author\/bge0\/\" title=\"Articles par bge\" rel=\"author\">bge<\/a><\/span><\/span><span class=\"updated\" style=\"display:none;\">2021-06-25T12:53:12+01:00<\/span><h4 class=\"entry-title\"><a href=\"https:\/\/agripedia.ch\/zusammenarbeit\/fr\/alberswiler-pionier-milch-betrieb-apmb-lu\/\">Alberswiler Pionier Milch Betrieb APMB (LU)<\/a><\/h4><p class=\"meta\"><span class=\"vcard\" style=\"display: none;\"><span class=\"fn\"><a href=\"https:\/\/agripedia.ch\/zusammenarbeit\/fr\/author\/bge0\/\" title=\"Articles par bge\" rel=\"author\">bge<\/a><\/span><\/span><span class=\"updated\" style=\"display:none;\">2021-06-25T12:53:12+01:00<\/span><\/p><p>\u00dcberbetriebliche Geb\u00e4udeinvestition - Alle Praxisbeispiele (PDF)     Contact Alberswiler Pionier Milch Betrieb (APMB) Allmendstrasse 100 6248 Alberswil www.apmb-alberswil.ch    Informations cl\u00e9s  Formation: Communaut\u00e9 de silo depuis 1999, d\u00e9j\u00e0 propri\u00e9taires ...<\/p><\/div><\/article><\/section><\/div>\n<\/div><\/div><\/div><div class=\"fusion-panel panel-default panel-767cbf5fec4f279be fusion-toggle-has-divider\" style=\"--awb-title-color:var(--awb-color8);--awb-content-color:var(--awb-color8);\"><div class=\"panel-heading\"><h4 class=\"panel-title toggle\" id=\"toggle_767cbf5fec4f279be\"><a aria-expanded=\"false\" aria-controls=\"767cbf5fec4f279be\" role=\"button\" data-toggle=\"collapse\" data-parent=\"#accordion-4610-1\" data-target=\"#767cbf5fec4f279be\" href=\"#767cbf5fec4f279be\"><span class=\"fusion-toggle-icon-wrapper\" aria-hidden=\"true\"><i class=\"fa-fusion-box active-icon awb-icon-minus\" aria-hidden=\"true\"><\/i><i class=\"fa-fusion-box inactive-icon awb-icon-plus\" aria-hidden=\"true\"><\/i><\/span><span class=\"fusion-toggle-heading\">Communaut\u00e9 partielle d\u2019exploitation<\/span><\/a><\/h4><\/div><div id=\"767cbf5fec4f279be\" class=\"panel-collapse collapse \" aria-labelledby=\"toggle_767cbf5fec4f279be\"><div class=\"panel-body toggle-content fusion-clearfix\">\n<div class=\"fusion-recent-posts fusion-recent-posts-10 avada-container layout-default layout-columns-3\"><section class=\"fusion-columns columns fusion-columns-3 columns-3\"><article class=\"post fusion-column column col col-lg-4 col-md-4 col-sm-4\"><div class=\"fusion-flexslider fusion-flexslider-loading flexslider flexslider-hover-type-none\"><ul class=\"slides\"><li><a href=\"https:\/\/agripedia.ch\/zusammenarbeit\/fr\/communaute-partielle-dexploitation-ackle-birri-ag\/\" aria-label=\"Communaut\u00e9 partielle d&rsquo;exploitation Ackle-Birri (AG)\" class=\"hover-type-none\"><img decoding=\"async\" width=\"700\" height=\"441\" src=\"https:\/\/agripedia.ch\/zusammenarbeit\/wp-content\/uploads\/sites\/24\/2020\/11\/65b62eeda215bd0be706dd31d2f459256-700x441.jpg\" class=\"attachment-recent-posts size-recent-posts\" alt=\"\" srcset=\"https:\/\/agripedia.ch\/zusammenarbeit\/wp-content\/uploads\/sites\/24\/2020\/11\/65b62eeda215bd0be706dd31d2f459256-320x202.jpg 320w, https:\/\/agripedia.ch\/zusammenarbeit\/wp-content\/uploads\/sites\/24\/2020\/11\/65b62eeda215bd0be706dd31d2f459256-700x441.jpg 700w\" sizes=\"(max-width: 700px) 100vw, 700px\" \/><\/a><\/li><\/ul><\/div><div class=\"recent-posts-content\"><span class=\"vcard\" style=\"display: none;\"><span class=\"fn\"><a href=\"https:\/\/agripedia.ch\/zusammenarbeit\/fr\/author\/bge0\/\" title=\"Articles par bge\" rel=\"author\">bge<\/a><\/span><\/span><span class=\"updated\" style=\"display:none;\">2021-06-29T13:05:27+01:00<\/span><h4 class=\"entry-title\"><a href=\"https:\/\/agripedia.ch\/zusammenarbeit\/fr\/communaute-partielle-dexploitation-ackle-birri-ag\/\">Communaut\u00e9 partielle d&rsquo;exploitation Ackle-Birri (AG)<\/a><\/h4><p class=\"meta\"><span class=\"vcard\" style=\"display: none;\"><span class=\"fn\"><a href=\"https:\/\/agripedia.ch\/zusammenarbeit\/fr\/author\/bge0\/\" title=\"Articles par bge\" rel=\"author\">bge<\/a><\/span><\/span><span class=\"updated\" style=\"display:none;\">2021-06-29T13:05:27+01:00<\/span><\/p><p>  Contact Familie Ackle Willihof 158 5027 Herznach www.willihof.ch    Informations cl\u00e9s  Formation: 2003: La famille Ackle construit une nouvelle \u00e9table pour vaches laiti\u00e8res avec 36 places, mais il reste encore ...<\/p><\/div><\/article><article class=\"post fusion-column column col col-lg-4 col-md-4 col-sm-4\"><div class=\"fusion-flexslider fusion-flexslider-loading flexslider flexslider-hover-type-none\"><ul class=\"slides\"><li><a href=\"https:\/\/agripedia.ch\/zusammenarbeit\/fr\/communaute-de-procuction-cpe-grafenried-be\/\" aria-label=\"Communaut\u00e9 de production Grafenried (BE)\" class=\"hover-type-none\"><img decoding=\"async\" width=\"480\" height=\"280\" src=\"https:\/\/agripedia.ch\/zusammenarbeit\/wp-content\/uploads\/sites\/24\/2020\/10\/spargelried-foto-\u00f6ffnungszeiten.jpg\" class=\"attachment-recent-posts size-recent-posts\" alt=\"\" srcset=\"https:\/\/agripedia.ch\/zusammenarbeit\/wp-content\/uploads\/sites\/24\/2020\/10\/spargelried-foto-\u00f6ffnungszeiten-200x117.jpg 200w, https:\/\/agripedia.ch\/zusammenarbeit\/wp-content\/uploads\/sites\/24\/2020\/10\/spargelried-foto-\u00f6ffnungszeiten-300x175.jpg 300w, https:\/\/agripedia.ch\/zusammenarbeit\/wp-content\/uploads\/sites\/24\/2020\/10\/spargelried-foto-\u00f6ffnungszeiten-400x233.jpg 400w, https:\/\/agripedia.ch\/zusammenarbeit\/wp-content\/uploads\/sites\/24\/2020\/10\/spargelried-foto-\u00f6ffnungszeiten.jpg 480w\" sizes=\"(max-width: 480px) 100vw, 480px\" \/><\/a><\/li><\/ul><\/div><div class=\"recent-posts-content\"><span class=\"vcard\" style=\"display: none;\"><span class=\"fn\"><a href=\"https:\/\/agripedia.ch\/zusammenarbeit\/fr\/author\/bge0\/\" title=\"Articles par bge\" rel=\"author\">bge<\/a><\/span><\/span><span class=\"updated\" style=\"display:none;\">2021-06-03T15:56:52+01:00<\/span><h4 class=\"entry-title\"><a href=\"https:\/\/agripedia.ch\/zusammenarbeit\/fr\/communaute-de-procuction-cpe-grafenried-be\/\">Communaut\u00e9 de production Grafenried (BE)<\/a><\/h4><p class=\"meta\"><span class=\"vcard\" style=\"display: none;\"><span class=\"fn\"><a href=\"https:\/\/agripedia.ch\/zusammenarbeit\/fr\/author\/bge0\/\" title=\"Articles par bge\" rel=\"author\">bge<\/a><\/span><\/span><span class=\"updated\" style=\"display:none;\">2021-06-03T15:56:52+01:00<\/span><\/p><p>  Contact Res und Marianne Stettler Bernstrasse 21 3308 Grafenried www.spargelried.ch    Informations cl\u00e9s  Origine: Nous parlions souvent de coop\u00e9ration et avons spontan\u00e9ment d\u00e9cid\u00e9 de commencer \u00e0 cultiver des asperges ensemble. ...<\/p><\/div><\/article><article class=\"post fusion-column column col col-lg-4 col-md-4 col-sm-4\"><div class=\"fusion-flexslider fusion-flexslider-loading flexslider flexslider-hover-type-none\"><ul class=\"slides\"><li><a href=\"https:\/\/agripedia.ch\/zusammenarbeit\/fr\/communaute-partielle-dexploitation-von-ah-burch-ow\/\" aria-label=\"Communaut\u00e9 partielle d\u2018exploitation von Ah\/Burch (OW)\" class=\"hover-type-none\"><img decoding=\"async\" width=\"700\" height=\"441\" src=\"https:\/\/agripedia.ch\/zusammenarbeit\/wp-content\/uploads\/sites\/24\/2020\/11\/biohof-vonah-burch-700x441.jpg\" class=\"attachment-recent-posts size-recent-posts\" alt=\"\" srcset=\"https:\/\/agripedia.ch\/zusammenarbeit\/wp-content\/uploads\/sites\/24\/2020\/11\/biohof-vonah-burch-320x202.jpg 320w, https:\/\/agripedia.ch\/zusammenarbeit\/wp-content\/uploads\/sites\/24\/2020\/11\/biohof-vonah-burch-700x441.jpg 700w\" sizes=\"(max-width: 700px) 100vw, 700px\" \/><\/a><\/li><\/ul><\/div><div class=\"recent-posts-content\"><span class=\"vcard\" style=\"display: none;\"><span class=\"fn\"><a href=\"https:\/\/agripedia.ch\/zusammenarbeit\/fr\/author\/ust0\/\" title=\"Articles par ust0\" rel=\"author\">ust0<\/a><\/span><\/span><span class=\"updated\" style=\"display:none;\">2021-06-29T12:38:43+01:00<\/span><h4 class=\"entry-title\"><a href=\"https:\/\/agripedia.ch\/zusammenarbeit\/fr\/communaute-partielle-dexploitation-von-ah-burch-ow\/\">Communaut\u00e9 partielle d\u2018exploitation von Ah\/Burch (OW)<\/a><\/h4><p class=\"meta\"><span class=\"vcard\" style=\"display: none;\"><span class=\"fn\"><a href=\"https:\/\/agripedia.ch\/zusammenarbeit\/fr\/author\/ust0\/\" title=\"Articles par ust0\" rel=\"author\">ust0<\/a><\/span><\/span><span class=\"updated\" style=\"display:none;\">2021-06-29T12:38:43+01:00<\/span><\/p><p>  Contact Famille Burch - von Ah Furri 6074 Giswil www.bzg-erdfur.ch      Informations cl\u00e9s  Formation: Sepp von Ah a pu augmenter ses surfaces. Par cons\u00e9quent, son \u00e9table \u00e9tait devenue ...<\/p><\/div><\/article><article class=\"post fusion-column column col col-lg-4 col-md-4 col-sm-4\"><div class=\"fusion-flexslider fusion-flexslider-loading flexslider flexslider-hover-type-none\"><ul class=\"slides\"><li><a href=\"https:\/\/agripedia.ch\/zusammenarbeit\/fr\/communaute-partielle-dexploitation-ehrenbueel-fehraltorf-zh\/\" aria-label=\"Communaut\u00e9 partielle d\u2019exploitation Ehrenb\u00fcel, Fehraltorf (ZH)\" class=\"hover-type-none\"><img decoding=\"async\" width=\"648\" height=\"441\" src=\"https:\/\/agripedia.ch\/zusammenarbeit\/wp-content\/uploads\/sites\/24\/2020\/11\/PV-Anlage-648x441.jpg\" class=\"attachment-recent-posts size-recent-posts\" alt=\"\" \/><\/a><\/li><\/ul><\/div><div class=\"recent-posts-content\"><span class=\"vcard\" style=\"display: none;\"><span class=\"fn\"><a href=\"https:\/\/agripedia.ch\/zusammenarbeit\/fr\/author\/bge0\/\" title=\"Articles par bge\" rel=\"author\">bge<\/a><\/span><\/span><span class=\"updated\" style=\"display:none;\">2021-06-03T15:40:04+01:00<\/span><h4 class=\"entry-title\"><a href=\"https:\/\/agripedia.ch\/zusammenarbeit\/fr\/communaute-partielle-dexploitation-ehrenbueel-fehraltorf-zh\/\">Communaut\u00e9 partielle d\u2019exploitation Ehrenb\u00fcel, Fehraltorf (ZH)<\/a><\/h4><p class=\"meta\"><span class=\"vcard\" style=\"display: none;\"><span class=\"fn\"><a href=\"https:\/\/agripedia.ch\/zusammenarbeit\/fr\/author\/bge0\/\" title=\"Articles par bge\" rel=\"author\">bge<\/a><\/span><\/span><span class=\"updated\" style=\"display:none;\">2021-06-03T15:40:04+01:00<\/span><\/p><p>Betriebszweiggemeinschaft - Alle Praxisbeispiele (PDF)     Contact Thomas Bachmann THG Ehrenb\u00fcel 8320 Fehraltorf www.stall-ehrenbuel.ch     Interview avec Thomas Bachmann   Informations cl\u00e9s  Formation: 2004: Premi\u00e8res discussions sur ...<\/p><\/div><\/article><\/section><\/div>\n<\/div><\/div><\/div><div class=\"fusion-panel panel-default panel-a353b768a58253df7 fusion-toggle-has-divider\" style=\"--awb-title-color:var(--awb-color8);--awb-content-color:var(--awb-color8);\"><div class=\"panel-heading\"><h4 class=\"panel-title toggle\" id=\"toggle_a353b768a58253df7\"><a aria-expanded=\"false\" aria-controls=\"a353b768a58253df7\" role=\"button\" data-toggle=\"collapse\" data-parent=\"#accordion-4331-1\" data-target=\"#a353b768a58253df7\" href=\"#a353b768a58253df7\"><span class=\"fusion-toggle-icon-wrapper\" aria-hidden=\"true\"><i class=\"fa-fusion-box active-icon awb-icon-minus\" aria-hidden=\"true\"><\/i><i class=\"fa-fusion-box inactive-icon awb-icon-plus\" aria-hidden=\"true\"><\/i><\/span><span class=\"fusion-toggle-heading\">Communaut\u00e9 de transformation et de commercialisation<\/span><\/a><\/h4><\/div><div id=\"a353b768a58253df7\" class=\"panel-collapse collapse \" aria-labelledby=\"toggle_a353b768a58253df7\"><div class=\"panel-body toggle-content fusion-clearfix\">\n<div class=\"fusion-recent-posts fusion-recent-posts-11 avada-container layout-default layout-columns-3\"><section class=\"fusion-columns columns fusion-columns-3 columns-3\"><article class=\"post fusion-column column col col-lg-4 col-md-4 col-sm-4\"><div class=\"fusion-flexslider fusion-flexslider-loading flexslider flexslider-hover-type-none\"><ul class=\"slides\"><li><a href=\"https:\/\/agripedia.ch\/zusammenarbeit\/fr\/baselbieter-baeuerinnen-apero-bl\/\" aria-label=\"Baselbieter B\u00e4uerinnen Ap\u00e9ro (BL)\" class=\"hover-type-none\"><img decoding=\"async\" width=\"600\" height=\"350\" src=\"https:\/\/agripedia.ch\/zusammenarbeit\/wp-content\/uploads\/sites\/24\/2020\/11\/SB5_2013_02_26_0228.jpg\" class=\"attachment-recent-posts size-recent-posts\" alt=\"\" srcset=\"https:\/\/agripedia.ch\/zusammenarbeit\/wp-content\/uploads\/sites\/24\/2020\/11\/SB5_2013_02_26_0228-200x117.jpg 200w, https:\/\/agripedia.ch\/zusammenarbeit\/wp-content\/uploads\/sites\/24\/2020\/11\/SB5_2013_02_26_0228-300x175.jpg 300w, https:\/\/agripedia.ch\/zusammenarbeit\/wp-content\/uploads\/sites\/24\/2020\/11\/SB5_2013_02_26_0228-400x233.jpg 400w, https:\/\/agripedia.ch\/zusammenarbeit\/wp-content\/uploads\/sites\/24\/2020\/11\/SB5_2013_02_26_0228.jpg 600w\" sizes=\"(max-width: 600px) 100vw, 600px\" \/><\/a><\/li><\/ul><\/div><div class=\"recent-posts-content\"><span class=\"vcard\" style=\"display: none;\"><span class=\"fn\"><a href=\"https:\/\/agripedia.ch\/zusammenarbeit\/fr\/author\/bge0\/\" title=\"Articles par bge\" rel=\"author\">bge<\/a><\/span><\/span><span class=\"updated\" style=\"display:none;\">2021-06-04T12:33:07+01:00<\/span><h4 class=\"entry-title\"><a href=\"https:\/\/agripedia.ch\/zusammenarbeit\/fr\/baselbieter-baeuerinnen-apero-bl\/\">Baselbieter B\u00e4uerinnen Ap\u00e9ro (BL)<\/a><\/h4><p class=\"meta\"><span class=\"vcard\" style=\"display: none;\"><span class=\"fn\"><a href=\"https:\/\/agripedia.ch\/zusammenarbeit\/fr\/author\/bge0\/\" title=\"Articles par bge\" rel=\"author\">bge<\/a><\/span><\/span><span class=\"updated\" style=\"display:none;\">2021-06-04T12:33:07+01:00<\/span><\/p><p>Cateringservice - Alle Praxisbeispiele (PDF)     Contact Baselbieter B\u00e4uerinnen Ap\u00e9ro GmbH Chr\u00fceglihof 462 Rickenbach www.blba.ch     Entretien avec les directrices du BLBA   Informations cl\u00e9s  Formation: Avant ...<\/p><\/div><\/article><article class=\"post fusion-column column col col-lg-4 col-md-4 col-sm-4\"><div class=\"fusion-flexslider fusion-flexslider-loading flexslider flexslider-hover-type-none\"><ul class=\"slides\"><li><a href=\"https:\/\/agripedia.ch\/zusammenarbeit\/fr\/so-fein-service-traiteur-des-paysannes-et-femmes-rurales-so\/\" aria-label=\"so-fein, Service traiteur des paysannes et femmes rurales (SO)\" class=\"hover-type-none\"><img decoding=\"async\" width=\"700\" height=\"441\" src=\"https:\/\/agripedia.ch\/zusammenarbeit\/wp-content\/uploads\/sites\/24\/2020\/11\/so-fein2-700x441.jpg\" class=\"attachment-recent-posts size-recent-posts\" alt=\"\" srcset=\"https:\/\/agripedia.ch\/zusammenarbeit\/wp-content\/uploads\/sites\/24\/2020\/11\/so-fein2-320x202.jpg 320w, https:\/\/agripedia.ch\/zusammenarbeit\/wp-content\/uploads\/sites\/24\/2020\/11\/so-fein2-700x441.jpg 700w\" sizes=\"(max-width: 700px) 100vw, 700px\" \/><\/a><\/li><\/ul><\/div><div class=\"recent-posts-content\"><span class=\"vcard\" style=\"display: none;\"><span class=\"fn\"><a href=\"https:\/\/agripedia.ch\/zusammenarbeit\/fr\/author\/bge0\/\" title=\"Articles par bge\" rel=\"author\">bge<\/a><\/span><\/span><span class=\"updated\" style=\"display:none;\">2021-06-04T12:18:20+01:00<\/span><h4 class=\"entry-title\"><a href=\"https:\/\/agripedia.ch\/zusammenarbeit\/fr\/so-fein-service-traiteur-des-paysannes-et-femmes-rurales-so\/\">so-fein, Service traiteur des paysannes et femmes rurales (SO)<\/a><\/h4><p class=\"meta\"><span class=\"vcard\" style=\"display: none;\"><span class=\"fn\"><a href=\"https:\/\/agripedia.ch\/zusammenarbeit\/fr\/author\/bge0\/\" title=\"Articles par bge\" rel=\"author\">bge<\/a><\/span><\/span><span class=\"updated\" style=\"display:none;\">2021-06-04T12:18:20+01:00<\/span><\/p><p>Cateringservice - Alle Praxisbeispiele (PDF)     Contact so-fein GmbH B\u00e4uerinnen- &amp; Landfrauenap\u00e9ro 4712 Laupersdorf www.so-fein.ch    Informations cl\u00e9s  Origine: L'id\u00e9e d'un service traiteur a \u00e9t\u00e9 reprise par le comit\u00e9 ...<\/p><\/div><\/article><\/section><\/div>\n<\/div><\/div><\/div><\/div><\/div><div class=\"fusion-clearfix\"><\/div><\/div><\/div><\/div><\/div>\n","protected":false},"excerpt":{"rendered":"","protected":false},"author":192,"featured_media":0,"parent":0,"menu_order":0,"comment_status":"closed","ping_status":"closed","template":"","meta":{"_sb_is_suggestion_mode":false,"_sb_show_suggestion_boards":false,"_sb_show_comment_boards":false,"_sb_suggestion_history":"","_sb_update_block_changes":"","_monsterinsights_skip_tracking":false,"_monsterinsights_sitenote_active":false,"_monsterinsights_sitenote_note":"","_monsterinsights_sitenote_category":0,"footnotes":""},"class_list":["post-2511","page","type-page","status-publish","hentry"],"_links":{"self":[{"href":"https:\/\/agripedia.ch\/zusammenarbeit\/fr\/wp-json\/wp\/v2\/pages\/2511","targetHints":{"allow":["GET"]}}],"collection":[{"href":"https:\/\/agripedia.ch\/zusammenarbeit\/fr\/wp-json\/wp\/v2\/pages"}],"about":[{"href":"https:\/\/agripedia.ch\/zusammenarbeit\/fr\/wp-json\/wp\/v2\/types\/page"}],"author":[{"embeddable":true,"href":"https:\/\/agripedia.ch\/zusammenarbeit\/fr\/wp-json\/wp\/v2\/users\/192"}],"replies":[{"embeddable":true,"href":"https:\/\/agripedia.ch\/zusammenarbeit\/fr\/wp-json\/wp\/v2\/comments?post=2511"}],"version-history":[{"count":3,"href":"https:\/\/agripedia.ch\/zusammenarbeit\/fr\/wp-json\/wp\/v2\/pages\/2511\/revisions"}],"predecessor-version":[{"id":5322,"href":"https:\/\/agripedia.ch\/zusammenarbeit\/fr\/wp-json\/wp\/v2\/pages\/2511\/revisions\/5322"}],"wp:attachment":[{"href":"https:\/\/agripedia.ch\/zusammenarbeit\/fr\/wp-json\/wp\/v2\/media?parent=2511"}],"curies":[{"name":"wp","href":"https:\/\/api.w.org\/{rel}","templated":true}]}}