{"id":2484,"date":"2020-11-10T12:26:03","date_gmt":"2020-11-10T11:26:03","guid":{"rendered":"https:\/\/agripedia.ch\/zusammenarbeit\/?page_id=2484"},"modified":"2022-10-19T16:31:06","modified_gmt":"2022-10-19T15:31:06","slug":"regroupement-de-terres-exploitees","status":"publish","type":"page","link":"https:\/\/agripedia.ch\/zusammenarbeit\/fr\/formes-de-cooperation\/regroupement-de-terres-exploitees\/","title":{"rendered":"Regroupement de terres exploit\u00e9es"},"content":{"rendered":"<p><div class=\"fusion-fullwidth fullwidth-box fusion-builder-row-1 nonhundred-percent-fullwidth non-hundred-percent-height-scrolling\" style=\"--awb-border-radius-top-left:0px;--awb-border-radius-top-right:0px;--awb-border-radius-bottom-right:0px;--awb-border-radius-bottom-left:0px;--awb-flex-wrap:wrap;\" ><div class=\"fusion-builder-row fusion-row\"><div class=\"fusion-layout-column fusion_builder_column fusion-builder-column-0 fusion_builder_column_1_1 1_1 fusion-one-full fusion-column-first fusion-column-last\" style=\"--awb-bg-size:cover;\"><div class=\"fusion-column-wrapper fusion-column-has-shadow fusion-flex-column-wrapper-legacy\"><div class=\"fusion-text fusion-text-1\"><h5><em><span style=\"color: #808080\">gestion efficace \u2013 parcelles contigu\u00ebs \u2013 uniquement la consolidation de la gestion \u2013 propri\u00e9t\u00e9 inchang\u00e9e<\/span><\/em><\/h5>\n<pre id=\"tw-target-text\" class=\"tw-data-text tw-text-large XcVN5d tw-ta\" data-placeholder=\"\u00dcbersetzung\"><\/pre>\n<\/div><div class=\"fusion-clearfix\"><\/div><\/div><\/div><\/div><\/div><div class=\"fusion-fullwidth fullwidth-box fusion-builder-row-2 nonhundred-percent-fullwidth non-hundred-percent-height-scrolling\" style=\"--awb-border-radius-top-left:0px;--awb-border-radius-top-right:0px;--awb-border-radius-bottom-right:0px;--awb-border-radius-bottom-left:0px;--awb-flex-wrap:wrap;\" ><div class=\"fusion-builder-row fusion-row\"><div class=\"fusion-layout-column fusion_builder_column fusion-builder-column-1 fusion_builder_column_2_3 2_3 fusion-two-third fusion-column-first\" style=\"--awb-bg-size:cover;width:66.666666666667%;width:calc(66.666666666667% - ( ( 4% ) * 0.66666666666667 ) );margin-right: 4%;\"><div class=\"fusion-column-wrapper fusion-flex-column-wrapper-legacy\"><div class=\"fusion-text fusion-text-2\"><p>Le regroupement de terres exploit\u00e9es (RTE) est un instrument qui vise \u00e0 optimiser et adapter l\u2019exploitation et l\u2019utilisation de l\u2019espace. Il se fonde sur la participation volontaire des exploitants et englobe terres et propri\u00e9t\u00e9 et terres afferm\u00e9es. Le RTE ne touche pas aux rapports de propri\u00e9t\u00e9, mais il se peut que les propres terres se trouvent exploit\u00e9es pas d\u2019autres. Il n\u2019est pas pr\u00e9vu de mesures de construction dans le cadre cette proc\u00e9dure.<\/p>\n<p>La prise en compte des terres en propri\u00e9t\u00e9 et des terres afferm\u00e9es dans le regroupement am\u00e9liore notablement les conditions d\u2019exploitation gr\u00e2ce \u00e0 la cr\u00e9ation de parcelles plus grandes et donc plus faciles \u00e0 travailler.<\/p>\n<\/div><div class=\"fusion-clearfix\"><\/div><\/div><\/div><div class=\"fusion-layout-column fusion_builder_column fusion-builder-column-2 fusion_builder_column_1_3 1_3 fusion-one-third fusion-column-last\" style=\"--awb-bg-size:cover;width:33.333333333333%;width:calc(33.333333333333% - ( ( 4% ) * 0.33333333333333 ) );\"><div class=\"fusion-column-wrapper fusion-flex-column-wrapper-legacy\"><div class=\"fusion-image-element in-legacy-container\" style=\"--awb-max-width:558px;--awb-caption-title-font-family:var(--h2_typography-font-family);--awb-caption-title-font-weight:var(--h2_typography-font-weight);--awb-caption-title-font-style:var(--h2_typography-font-style);--awb-caption-title-size:var(--h2_typography-font-size);--awb-caption-title-transform:var(--h2_typography-text-transform);--awb-caption-title-line-height:var(--h2_typography-line-height);--awb-caption-title-letter-spacing:var(--h2_typography-letter-spacing);\"><span class=\" fusion-imageframe imageframe-none imageframe-1 hover-type-none agri-gif-placeholder\"><img decoding=\"async\" width=\"818\" height=\"452\" alt=\"Bild\" title=\"nutzungsarrondierung\" src=\"https:\/\/agripedia.ch\/zusammenarbeit\/wp-content\/uploads\/sites\/24\/2020\/09\/nutzungsarrondierung.jpg\" class=\"img-responsive wp-image-1661\" srcset=\"https:\/\/agripedia.ch\/zusammenarbeit\/wp-content\/uploads\/sites\/24\/2020\/09\/nutzungsarrondierung-200x111.jpg 200w, https:\/\/agripedia.ch\/zusammenarbeit\/wp-content\/uploads\/sites\/24\/2020\/09\/nutzungsarrondierung-400x221.jpg 400w, https:\/\/agripedia.ch\/zusammenarbeit\/wp-content\/uploads\/sites\/24\/2020\/09\/nutzungsarrondierung-600x332.jpg 600w, https:\/\/agripedia.ch\/zusammenarbeit\/wp-content\/uploads\/sites\/24\/2020\/09\/nutzungsarrondierung-800x442.jpg 800w, https:\/\/agripedia.ch\/zusammenarbeit\/wp-content\/uploads\/sites\/24\/2020\/09\/nutzungsarrondierung.jpg 818w\" sizes=\"(max-width: 800px) 100vw, 400px\" \/><\/span><\/div><script type=\"text\/javascript\" src=\"https:\/\/agripedia.ch\/wp-content\/uploads\/sites\/24\/js\/libgif.js\"><\/script>\n<script id=\"agri-gif-controller\" type=\"text\/javascript\" src=\"https:\/\/agripedia.ch\/wp-content\/uploads\/sites\/24\/js\/agri-gif-controller.js\" data-img-selector=\".agri-gif-placeholder img\" data-gif-path=\"https:\/\/agripedia.ch\/wp-content\/uploads\/sites\/24\/gifs\/\"><\/script><div class=\"fusion-clearfix\"><\/div><\/div><\/div><div class=\"fusion-layout-column fusion_builder_column fusion-builder-column-3 fusion_builder_column_1_1 1_1 fusion-one-full fusion-column-first fusion-column-last\" style=\"--awb-bg-size:cover;\"><div class=\"fusion-column-wrapper fusion-flex-column-wrapper-legacy\"><div class=\"fusion-button-wrapper\"><a class=\"fusion-button button-flat fusion-button-default-size button-default fusion-button-default button-1 fusion-button-default-span fusion-button-default-type\" style=\"--button-border-radius-top-left:0;--button-border-radius-top-right:0;--button-border-radius-bottom-right:0;--button-border-radius-bottom-left:0;\" target=\"_blank\" rel=\"noopener noreferrer\" href=\"https:\/\/agripedia.ch\/wp-content\/uploads\/sites\/24\/pdf\/fr\/RTE_description-detaillee.pdf\"><span class=\"fusion-button-text awb-button__text awb-button__text--default\">Description d\u00e9taill\u00e9e (PDF)<\/span><\/a><\/div><div class=\"fusion-button-wrapper\"><a class=\"fusion-button button-flat fusion-button-default-size button-default fusion-button-default button-2 fusion-button-default-span fusion-button-default-type\" style=\"--button-border-radius-top-left:0;--button-border-radius-top-right:0;--button-border-radius-bottom-right:0;--button-border-radius-bottom-left:0;\" target=\"_blank\" rel=\"noopener noreferrer\" href=\"https:\/\/agripedia.ch\/wp-content\/uploads\/sites\/24\/pdf\/fr\/RTE_toutes-les-informations.pdf\"><span class=\"fusion-button-text awb-button__text awb-button__text--default\">Toutes les informations (PDF)<\/span><\/a><\/div><div class=\"fusion-button-wrapper\"><a class=\"fusion-button button-flat fusion-button-default-size button-default fusion-button-default button-3 fusion-button-default-span fusion-button-default-type\" style=\"--button-border-radius-top-left:0;--button-border-radius-top-right:0;--button-border-radius-bottom-right:0;--button-border-radius-bottom-left:0;\" target=\"_blank\" rel=\"noopener noreferrer\" href=\"https:\/\/agripedia.ch\/wp-content\/uploads\/sites\/24\/pdf\/fr\/RTE_facteurs-cles.pdf\"><span class=\"fusion-button-text awb-button__text awb-button__text--default\">Facteurs cl\u00e9s (PDF)<\/span><\/a><\/div><div class=\"fusion-sep-clear\"><\/div><div class=\"fusion-separator fusion-full-width-sep agri-separator\" style=\"margin-left: auto;margin-right: auto;width:100%;\"><\/div><div class=\"fusion-sep-clear\"><\/div><div class=\"fusion-clearfix\"><\/div><\/div><\/div><\/div><\/div><div class=\"fusion-fullwidth fullwidth-box fusion-builder-row-3 nonhundred-percent-fullwidth non-hundred-percent-height-scrolling\" style=\"--awb-border-radius-top-left:0px;--awb-border-radius-top-right:0px;--awb-border-radius-bottom-right:0px;--awb-border-radius-bottom-left:0px;--awb-flex-wrap:wrap;\" ><div class=\"fusion-builder-row fusion-row\"><div class=\"fusion-layout-column fusion_builder_column fusion-builder-column-4 fusion_builder_column_3_5 3_5 fusion-three-fifth fusion-column-first\" style=\"--awb-bg-size:cover;width:60%;width:calc(60% - ( ( 4% ) * 0.6 ) );margin-right: 4%;\"><div class=\"fusion-column-wrapper fusion-column-has-shadow fusion-flex-column-wrapper-legacy\"><div id=\"ytplayer\"><\/div><div class=\"fusion-clearfix\"><\/div><\/div><\/div><div class=\"fusion-layout-column fusion_builder_column fusion-builder-column-5 fusion_builder_column_2_5 2_5 fusion-two-fifth fusion-column-last\" style=\"--awb-bg-size:cover;width:40%;width:calc(40% - ( ( 4% ) * 0.4 ) );\"><div class=\"fusion-column-wrapper fusion-column-has-shadow fusion-flex-column-wrapper-legacy\"><div class=\"fusion-testimonials classic awb-speech-bubble-show fusion-testimonials-1\" style=\"--awb-textcolor:#747474;--awb-backgroundcolor:#ffffff;--awb-testimonial-border-style:solid;--awb-testimonial-border-color:var(--awb-color3);--awb-border-top-left-radius:0px;--awb-border-top-right-radius:0px;--awb-border-bottom-left-radius:0px;--awb-border-bottom-right-radius:0px;--testimonial-border-width-top:0px;--testimonial-border-width-right:0px;--testimonial-border-width-bottom:0px;--testimonial-border-width-left:0px;\" data-random=\"1\" data-speed=\"7000\"><div class=\"reviews\"><div class=\"review active-testimonial male\"><blockquote><div class=\"awb-quote\"><div class=\"awb-quote-content\">\n<p>\u00ab\u00a0La formule gagnante est en fait simple : toutes les personnes concern\u00e9es doivent toujours se serrer les coudes.\u00a0\u00bb<\/p>\n<\/div><\/div><span class=\"awb-triangle\"><\/span><\/blockquote><div class=\"author\"><span class=\"testimonial-thumbnail doe\"><\/span><span class=\"company-name\"><strong>Urs Andereggen<\/strong><span>, <\/span><span>ing\u00e9nieur d\u2018arrondissement, office des am\u00e9liorations structurelles du Canton du Valais<\/span><\/span><\/div><\/div><div class=\"review male\"><blockquote><div class=\"awb-quote\"><div class=\"awb-quote-content\">\n<p>\u00ab\u00a0L\u2019attrait des exploitations est accru car si une exploitation est regroup\u00e9, il est beaucoup plus facile de trouver des successeurs par la suite.\u00a0\u00bb<\/p>\n<\/div><\/div><span class=\"awb-triangle\"><\/span><\/blockquote><div class=\"author\"><span class=\"testimonial-thumbnail doe\"><\/span><span class=\"company-name\"><strong>Urs Andereggen<\/strong><span>, <\/span><span>ing\u00e9nieur d\u2018arrondissement, office des am\u00e9liorations structurelles du Canton du Valais<\/span><\/span><\/div><\/div><div class=\"review male\"><blockquote><div class=\"awb-quote\"><div class=\"awb-quote-content\">\n<p>\u00ab\u00a0Il est certainement plus facile et plus prometteur de s\u2019engager dans un projet si tu peux le faire en tant que syndicat.\u00a0\u00bb<\/p>\n<\/div><\/div><span class=\"awb-triangle\"><\/span><\/blockquote><div class=\"author\"><span class=\"testimonial-thumbnail doe\"><\/span><span class=\"company-name\"><strong>Daniel Ritler<\/strong><span>, <\/span><span>agriculteur et pr\u00e9sident du syndicat de regroupement de terres exploit\u00e9es du L\u00f6tschental<\/span><\/span><\/div><\/div><div class=\"review male\"><blockquote><div class=\"awb-quote\"><div class=\"awb-quote-content\">\n<p>\u00ab\u00a0Le regroupement de terres exploit\u00e9es n\u2019apporte que des avantages pour tous, et l\u2019on se demande : pourquoi ne l\u2019avons-nous pas fait plus t\u00f4t ?\u00a0\u00bb<\/p>\n<\/div><\/div><span class=\"awb-triangle\"><\/span><\/blockquote><div class=\"author\"><span class=\"testimonial-thumbnail doe\"><\/span><span class=\"company-name\"><strong>Urs Andereggen<\/strong><span>, <\/span><span>ing\u00e9nieur d\u2018arrondissement, office des am\u00e9liorations structurelles du Canton du Valais<\/span><\/span><\/div><\/div><div class=\"review male\"><blockquote><div class=\"awb-quote\"><div class=\"awb-quote-content\">\n<p>\u00ab\u00a0Avec le regroupement de terres exploit\u00e9es dans le L\u00f6tschental, nous sommes dans une position optimale pour pouvoir obtenir un rendement de la nature et, d\u2019autre part, pour la pr\u00e9server.\u00a0\u00bb<\/p>\n<\/div><\/div><span class=\"awb-triangle\"><\/span><\/blockquote><div class=\"author\"><span class=\"testimonial-thumbnail doe\"><\/span><span class=\"company-name\"><strong>Daniel Ritler<\/strong><span>, <\/span><span>agriculteur et pr\u00e9sident du syndicat de regroupement de terres exploit\u00e9es du L\u00f6tschental<\/span><\/span><\/div><\/div><div class=\"review male\"><blockquote><div class=\"awb-quote\"><div class=\"awb-quote-content\">\n<p>\u00ab\u00a0Les calculs indiquent qu\u2019une exploitation de 10 ha peut \u00e9conomiser environ 16 000.- francs par an si elle participe \u00e0 un regroupement de terres exploit\u00e9es.\u00a0\u00bb<\/p>\n<\/div><\/div><span class=\"awb-triangle\"><\/span><\/blockquote><div class=\"author\"><span class=\"testimonial-thumbnail doe\"><\/span><span class=\"company-name\"><strong>Urs Andereggen<\/strong><span>, <\/span><span>ing\u00e9nieur d\u2018arrondissement, office des am\u00e9liorations structurelles du Canton du Valais<\/span><\/span><\/div><\/div><\/div><div class=\"testimonial-pagination\" id=\"fusion-testimonials-1\"><a href=\"#\" aria-label=\"Testimonial Pagination\"  class=\"activeSlide\"><\/a><a href=\"#\" aria-label=\"Testimonial Pagination\" ><\/a><a href=\"#\" aria-label=\"Testimonial Pagination\" ><\/a><a href=\"#\" aria-label=\"Testimonial Pagination\" ><\/a><a href=\"#\" aria-label=\"Testimonial Pagination\" ><\/a><a href=\"#\" aria-label=\"Testimonial Pagination\" ><\/a><\/div><\/div><div class=\"fusion-clearfix\"><\/div><\/div><\/div><\/div><\/div><div class=\"fusion-fullwidth fullwidth-box fusion-builder-row-4 nonhundred-percent-fullwidth non-hundred-percent-height-scrolling\" style=\"--awb-border-radius-top-left:0px;--awb-border-radius-top-right:0px;--awb-border-radius-bottom-right:0px;--awb-border-radius-bottom-left:0px;--awb-flex-wrap:wrap;\" ><div class=\"fusion-builder-row fusion-row\"><div class=\"fusion-layout-column fusion_builder_column fusion-builder-column-6 fusion_builder_column_1_1 1_1 fusion-one-full fusion-column-first fusion-column-last\" style=\"--awb-bg-size:cover;\"><div class=\"fusion-column-wrapper fusion-flex-column-wrapper-legacy\"><div class=\"fusion-sep-clear\"><\/div><div class=\"fusion-separator fusion-full-width-sep agri-separator\" style=\"margin-left: auto;margin-right: auto;width:100%;\"><\/div><div class=\"fusion-sep-clear\"><\/div><div class=\"fusion-tabs fusion-tabs-1 classic nav-is-justified horizontal-tabs icon-position-left mobile-mode-accordion\" style=\"--awb-title-border-radius-top-left:0px;--awb-title-border-radius-top-right:0px;--awb-title-border-radius-bottom-right:0px;--awb-title-border-radius-bottom-left:0px;--awb-inactive-color:#ebeaea;--awb-background-color:#ffffff;--awb-border-color:#ebeaea;--awb-active-border-color:#e72200;\"><div class=\"nav\"><ul class=\"nav-tabs nav-justified\" role=\"tablist\"><li class=\"active\" role=\"presentation\"><a class=\"tab-link\" data-toggle=\"tab\" role=\"tab\" aria-controls=\"tab-53327e1703e88a5f69f\" aria-selected=\"true\" id=\"fusion-tab-conditionspr\u00e9alables\" href=\"#tab-53327e1703e88a5f69f\"><h4 class=\"fusion-tab-heading\">Conditions pr\u00e9alables<\/h4><\/a><\/li><li role=\"presentation\"><a class=\"tab-link\" data-toggle=\"tab\" role=\"tab\" aria-controls=\"tab-258ce418b393fb5900c\" aria-selected=\"false\" tabindex=\"-1\" id=\"fusion-tab-facteursdesucc\u00e8s\" href=\"#tab-258ce418b393fb5900c\"><h4 class=\"fusion-tab-heading\">Facteurs de succ\u00e8s<\/h4><\/a><\/li><li role=\"presentation\"><a class=\"tab-link\" data-toggle=\"tab\" role=\"tab\" aria-controls=\"tab-48f4b5508e26a81c708\" aria-selected=\"false\" tabindex=\"-1\" id=\"fusion-tab-questionsjuridiques\" href=\"#tab-48f4b5508e26a81c708\"><h4 class=\"fusion-tab-heading\">Questions juridiques<\/h4><\/a><\/li><li role=\"presentation\"><a class=\"tab-link\" data-toggle=\"tab\" role=\"tab\" aria-controls=\"tab-5461cb4b12a617a1ed7\" aria-selected=\"false\" tabindex=\"-1\" id=\"fusion-tab-dur\u00e9e\" href=\"#tab-5461cb4b12a617a1ed7\"><h4 class=\"fusion-tab-heading\">Dur\u00e9e<\/h4><\/a><\/li><li role=\"presentation\"><a class=\"tab-link\" data-toggle=\"tab\" role=\"tab\" aria-controls=\"tab-d138445a2c27d71686f\" aria-selected=\"false\" tabindex=\"-1\" id=\"fusion-tab-renseignements\" href=\"#tab-d138445a2c27d71686f\"><h4 class=\"fusion-tab-heading\">Renseignements<\/h4><\/a><\/li><li role=\"presentation\"><a class=\"tab-link\" data-toggle=\"tab\" role=\"tab\" aria-controls=\"tab-6a28c5166ce68345790\" aria-selected=\"false\" tabindex=\"-1\" id=\"fusion-tab-r\u00e9solutiondeconflits\" href=\"#tab-6a28c5166ce68345790\"><h4 class=\"fusion-tab-heading\">R\u00e9solution de conflits<\/h4><\/a><\/li><\/ul><\/div><div class=\"tab-content\"><div class=\"nav fusion-mobile-tab-nav\"><ul class=\"nav-tabs nav-justified\" role=\"tablist\"><li class=\"active\" role=\"presentation\"><a class=\"tab-link\" data-toggle=\"tab\" role=\"tab\" aria-controls=\"tab-53327e1703e88a5f69f\" aria-selected=\"true\" id=\"mobile-fusion-tab-conditionspr\u00e9alables\" href=\"#tab-53327e1703e88a5f69f\"><h4 class=\"fusion-tab-heading\">Conditions pr\u00e9alables<\/h4><\/a><\/li><\/ul><\/div><div class=\"tab-pane fade fusion-clearfix in active\" role=\"tabpanel\" tabindex=\"0\" aria-labelledby=\"fusion-tab-conditionspr\u00e9alables\" id=\"tab-53327e1703e88a5f69f\">Pour qu\u2019un regroupement de terres exploit\u00e9es ait un sens, il faut que les conditions suivantes soient remplies:<\/p>\n<ul>\n<li>il existe un besoin de changement au niveau des conditions d\u2019exploitation;<\/li>\n<li>les exploitants int\u00e9ress\u00e9s veulent optimiser l\u2019efficience de leur travail;<\/li>\n<li>les terres en propri\u00e9t\u00e9 et les terres afferm\u00e9es sont morcel\u00e9es et mal plac\u00e9es (distance d\u2019avec les centres d\u2019exploitation);<\/li>\n<li>les infrastructures (chemins agricoles, syst\u00e8mes d\u2019irrigation) sont en bon \u00e9tat et ne n\u00e9cessitent pas de travaux de construction\/r\u00e9fection \u2192 dans le cas contraire, il vaut mieux opter pour une am\u00e9lioration fonci\u00e8re int\u00e9grale.<\/li>\n<\/ul>\n<p>Informations suppl\u00e9mentaires sur les <a href=\"https:\/\/agripedia.ch\/wp-content\/uploads\/sites\/24\/pdf\/fr\/RTE_conditions-prealables.pdf\" target=\"_blank\" rel=\"noopener noreferrer\"><em>Conditions pr\u00e9alables pour un RTE (pdf)<\/em><\/a><br \/>\nInformations sur la <a href=\"https:\/\/agripedia.ch\/wp-content\/uploads\/sites\/24\/pdf\/fr\/RTE_marche-a-suivre.pdf\" target=\"_blank\" rel=\"noopener noreferrer\"><em>Marche \u00e0 suivre pour un RTE (pdf)<\/em><\/a><em><br \/>\n<a href=\"https:\/\/agripedia.ch\/wp-content\/uploads\/sites\/24\/pdf\/fr\/RTE_schema-du-deroulement.pdf\" target=\"_blank\" rel=\"noopener noreferrer\">Sch\u00e9ma du d\u00e9roulement d\u2019un RTE (pdf)<\/a><\/em><\/p>\n<p><a id=\"ausloeser\" href=\"#ytplayer\"><i class=\"fb-icon-element-1 fb-icon-element fontawesome-icon fa-video fas circle-yes fusion-text-flow\" style=\"--awb-iconcolor:#ff1919;--awb-circlecolor:#ffffff;--awb-circlecolor-hover:#ffffff;--awb-circlebordercolor:#ffffff;--awb-circlebordercolor-hover:#ffffff;--awb-circlebordersize:1px;--awb-font-size:17.6px;--awb-width:35.2px;--awb-height:35.2px;--awb-line-height:33.2px;--awb-margin-right:10px;\"><\/i> <strong>Quel a \u00e9t\u00e9 l\u2019\u00e9l\u00e9ment d\u00e9clencheur du regroupement de l\u2019utilisation des terres dans le L\u00f6tschental ?<\/strong><\/a><br \/>\n<a id=\"ausgangslage\" href=\"#ytplayer\"><i class=\"fb-icon-element-2 fb-icon-element fontawesome-icon fa-video fas circle-yes fusion-text-flow\" style=\"--awb-iconcolor:#ff1919;--awb-circlecolor:#ffffff;--awb-circlecolor-hover:#ffffff;--awb-circlebordercolor:#ffffff;--awb-circlebordercolor-hover:#ffffff;--awb-circlebordersize:1px;--awb-font-size:17.6px;--awb-width:35.2px;--awb-height:35.2px;--awb-line-height:33.2px;--awb-margin-right:10px;\"><\/i> <strong>Quelle \u00e9tait la situation initiale du projet et qu\u2019est-ce qui a chang\u00e9 ?<\/strong><\/a><br \/>\n<a id=\"gedanke\" href=\"#ytplayer\"><i class=\"fb-icon-element-3 fb-icon-element fontawesome-icon fa-video fas circle-yes fusion-text-flow\" style=\"--awb-iconcolor:#ff1919;--awb-circlecolor:#ffffff;--awb-circlecolor-hover:#ffffff;--awb-circlebordercolor:#ffffff;--awb-circlebordercolor-hover:#ffffff;--awb-circlebordersize:1px;--awb-font-size:17.6px;--awb-width:35.2px;--awb-height:35.2px;--awb-line-height:33.2px;--awb-margin-right:10px;\"><\/i> <strong>Quelle est votre premi\u00e8re pens\u00e9e lorsque vous pensez au regroupement de terres exploit\u00e9es du L\u00f6tschental ?<\/strong><\/a><br \/>\n<a id=\"anwendbarkeit\" href=\"#ytplayer\"><i class=\"fb-icon-element-4 fb-icon-element fontawesome-icon fa-video fas circle-yes fusion-text-flow\" style=\"--awb-iconcolor:#ff1919;--awb-circlecolor:#ffffff;--awb-circlecolor-hover:#ffffff;--awb-circlebordercolor:#ffffff;--awb-circlebordercolor-hover:#ffffff;--awb-circlebordersize:1px;--awb-font-size:17.6px;--awb-width:35.2px;--awb-height:35.2px;--awb-line-height:33.2px;--awb-margin-right:10px;\"><\/i> <strong>La proc\u00e9dure du projet pilote du L\u00f6tschental pourrait-elle \u00e9galement \u00eatre utilis\u00e9e dans d\u2019autres r\u00e9gions ?<\/strong><\/a><br \/>\n<a id=\"voraussetzungen-anwendbarkeit\" href=\"#ytplayer\"><i class=\"fb-icon-element-5 fb-icon-element fontawesome-icon fa-video fas circle-yes fusion-text-flow\" style=\"--awb-iconcolor:#ff1919;--awb-circlecolor:#ffffff;--awb-circlecolor-hover:#ffffff;--awb-circlebordercolor:#ffffff;--awb-circlebordercolor-hover:#ffffff;--awb-circlebordersize:1px;--awb-font-size:17.6px;--awb-width:35.2px;--awb-height:35.2px;--awb-line-height:33.2px;--awb-margin-right:10px;\"><\/i> <strong>Que faut-il faire pour que la proc\u00e9dure soit \u00e9galement utilis\u00e9e dans d\u2019autres cantons ?<\/strong><\/a><br \/>\n<a id=\"anforderungen\" href=\"#ytplayer\"><i class=\"fb-icon-element-6 fb-icon-element fontawesome-icon fa-video fas circle-yes fusion-text-flow\" style=\"--awb-iconcolor:#ff1919;--awb-circlecolor:#ffffff;--awb-circlecolor-hover:#ffffff;--awb-circlebordercolor:#ffffff;--awb-circlebordercolor-hover:#ffffff;--awb-circlebordersize:1px;--awb-font-size:17.6px;--awb-width:35.2px;--awb-height:35.2px;--awb-line-height:33.2px;--awb-margin-right:10px;\"><\/i> <strong>Quelles exigences le bureau de planification d\u2019un regroupement de terres exploit\u00e9es doit-il remplir ?<\/strong><\/a><br \/>\n<a id=\"eigenschaften\" href=\"#ytplayer\"><i class=\"fb-icon-element-7 fb-icon-element fontawesome-icon fa-video fas circle-yes fusion-text-flow\" style=\"--awb-iconcolor:#ff1919;--awb-circlecolor:#ffffff;--awb-circlecolor-hover:#ffffff;--awb-circlebordercolor:#ffffff;--awb-circlebordercolor-hover:#ffffff;--awb-circlebordersize:1px;--awb-font-size:17.6px;--awb-width:35.2px;--awb-height:35.2px;--awb-line-height:33.2px;--awb-margin-right:10px;\"><\/i> <strong>Quelles sont les qualit\u00e9s requises pour une pr\u00e9sidence de coop\u00e9rative r\u00e9ussie ?<\/strong><\/a><br \/>\n<a id=\"neuer-weg\" href=\"#ytplayer\"><i class=\"fb-icon-element-8 fb-icon-element fontawesome-icon fa-video fas circle-yes fusion-text-flow\" style=\"--awb-iconcolor:#ff1919;--awb-circlecolor:#ffffff;--awb-circlecolor-hover:#ffffff;--awb-circlebordercolor:#ffffff;--awb-circlebordercolor-hover:#ffffff;--awb-circlebordersize:1px;--awb-font-size:17.6px;--awb-width:35.2px;--awb-height:35.2px;--awb-line-height:33.2px;--awb-margin-right:10px;\"><\/i> <strong>Pourquoi le L\u00f6tschental a-t-il emprunt\u00e9 la nouvelle voie du regroupement de terres exploit\u00e9es ?<\/strong><\/a><\/div><div class=\"nav fusion-mobile-tab-nav\"><ul class=\"nav-tabs nav-justified\" role=\"tablist\"><li role=\"presentation\"><a class=\"tab-link\" data-toggle=\"tab\" role=\"tab\" aria-controls=\"tab-258ce418b393fb5900c\" aria-selected=\"false\" tabindex=\"-1\" id=\"mobile-fusion-tab-facteursdesucc\u00e8s\" href=\"#tab-258ce418b393fb5900c\"><h4 class=\"fusion-tab-heading\">Facteurs de succ\u00e8s<\/h4><\/a><\/li><\/ul><\/div><div class=\"tab-pane fade fusion-clearfix\" role=\"tabpanel\" tabindex=\"0\" aria-labelledby=\"fusion-tab-facteursdesucc\u00e8s\" id=\"tab-258ce418b393fb5900c\">\n<p>Les aspects suivants sont importants pour la r\u00e9ussite d\u2019un regroupement terres exploit\u00e9es:<\/p>\n<ul>\n<li>capacit\u00e9 \u00e0 faire des compromis et volont\u00e9 de changement de la part des agriculteurs (l\u2019initiative vient des exploitants);<\/li>\n<li>participation nombreuse \u00e0 la proc\u00e9dure afin d\u2019inclure une surface plus grande et donc obtenir de meilleurs r\u00e9sultats;<\/li>\n<li>participation active des exploitants \u00e0 toutes les \u00e9tapes du projet (discussions, s\u00e9ances d\u2019information, etc.), prise en compte des besoins et souhaits de chacun;<\/li>\n<li>proc\u00e9dure transparente avec \u00e9v. une estimation des sols et formulation claire des crit\u00e8res de nouvelle r\u00e9partition.<\/li>\n<\/ul>\n<p>Informations suppl\u00e9mentaires sur les <a href=\"https:\/\/agripedia.ch\/wp-content\/uploads\/sites\/24\/pdf\/fr\/RTE_conditions-prealables.pdf\" target=\"_blank\" rel=\"noopener noreferrer\"><em>Conditions pr\u00e9alables pour un RTE (pdf)<\/em><\/a><br \/>\nInformations sur la <a href=\"https:\/\/agripedia.ch\/wp-content\/uploads\/sites\/24\/pdf\/fr\/RTE_marche-a-suivre.pdf\" target=\"_blank\" rel=\"noopener noreferrer\"><em>Marche \u00e0 suivre pour un RTE (pdf)<\/em><\/a><em><br \/>\n<a href=\"https:\/\/agripedia.ch\/wp-content\/uploads\/sites\/24\/pdf\/fr\/RTE_schema-du-deroulement.pdf\" target=\"_blank\" rel=\"noopener noreferrer\">Sch\u00e9ma du d\u00e9roulement d\u2019un RTE (pdf)<\/a><\/em><\/p>\n<p><a id=\"vorteile\" href=\"#ytplayer\"><i class=\"fb-icon-element-9 fb-icon-element fontawesome-icon fa-video fas circle-yes fusion-text-flow\" style=\"--awb-iconcolor:#ff1919;--awb-circlecolor:#ffffff;--awb-circlecolor-hover:#ffffff;--awb-circlebordercolor:#ffffff;--awb-circlebordercolor-hover:#ffffff;--awb-circlebordersize:1px;--awb-font-size:17.6px;--awb-width:35.2px;--awb-height:35.2px;--awb-line-height:33.2px;--awb-margin-right:10px;\"><\/i> <strong>Quels sont les avantages du regroupement de terres exploit\u00e9es dans le L\u00f6tschental ?<\/strong><\/a><br \/>\n<a id=\"nachteile\" href=\"#ytplayer\"><i class=\"fb-icon-element-10 fb-icon-element fontawesome-icon fa-video fas circle-yes fusion-text-flow\" style=\"--awb-iconcolor:#ff1919;--awb-circlecolor:#ffffff;--awb-circlecolor-hover:#ffffff;--awb-circlebordercolor:#ffffff;--awb-circlebordercolor-hover:#ffffff;--awb-circlebordersize:1px;--awb-font-size:17.6px;--awb-width:35.2px;--awb-height:35.2px;--awb-line-height:33.2px;--awb-margin-right:10px;\"><\/i>\u00a0 <strong>Et les d\u00e9savantages ?<\/strong><\/a><br \/>\n<a id=\"positives\" href=\"#ytplayer\"><i class=\"fb-icon-element-11 fb-icon-element fontawesome-icon fa-video fas circle-yes fusion-text-flow\" style=\"--awb-iconcolor:#ff1919;--awb-circlecolor:#ffffff;--awb-circlecolor-hover:#ffffff;--awb-circlebordercolor:#ffffff;--awb-circlebordercolor-hover:#ffffff;--awb-circlebordersize:1px;--awb-font-size:17.6px;--awb-width:35.2px;--awb-height:35.2px;--awb-line-height:33.2px;--awb-margin-right:10px;\"><\/i> <strong>Quelles autres choses positives sont ressorties du projet dans le L\u00f6tschental ?<\/strong><\/a><br \/>\n<a id=\"erfolgsfaktoren\" href=\"#ytplayer\"><i class=\"fb-icon-element-12 fb-icon-element fontawesome-icon fa-video fas circle-yes fusion-text-flow\" style=\"--awb-iconcolor:#ff1919;--awb-circlecolor:#ffffff;--awb-circlecolor-hover:#ffffff;--awb-circlebordercolor:#ffffff;--awb-circlebordercolor-hover:#ffffff;--awb-circlebordersize:1px;--awb-font-size:17.6px;--awb-width:35.2px;--awb-height:35.2px;--awb-line-height:33.2px;--awb-margin-right:10px;\"><\/i> <strong>Que fallait-il faire pour que le projet soit men\u00e9 \u00e0 bien ?<\/strong><\/a><br \/>\n<a id=\"erfolgsfaktoren-anwendbarkeit\" href=\"#ytplayer\"><i class=\"fb-icon-element-13 fb-icon-element fontawesome-icon fa-video fas circle-yes fusion-text-flow\" style=\"--awb-iconcolor:#ff1919;--awb-circlecolor:#ffffff;--awb-circlecolor-hover:#ffffff;--awb-circlebordercolor:#ffffff;--awb-circlebordercolor-hover:#ffffff;--awb-circlebordersize:1px;--awb-font-size:17.6px;--awb-width:35.2px;--awb-height:35.2px;--awb-line-height:33.2px;--awb-margin-right:10px;\"><\/i> <strong>Quelles sont les conditions auxquelles un chef de projet doit \u00eatre attentif pour pouvoir mener \u00e0 bien une telle proc\u00e9dure ?<\/strong><\/a><br \/>\n<a id=\"anders-machen\" href=\"#ytplayer\"><i class=\"fb-icon-element-14 fb-icon-element fontawesome-icon fa-video fas circle-yes fusion-text-flow\" style=\"--awb-iconcolor:#ff1919;--awb-circlecolor:#ffffff;--awb-circlecolor-hover:#ffffff;--awb-circlebordercolor:#ffffff;--awb-circlebordercolor-hover:#ffffff;--awb-circlebordersize:1px;--awb-font-size:17.6px;--awb-width:35.2px;--awb-height:35.2px;--awb-line-height:33.2px;--awb-margin-right:10px;\"><\/i> <strong>Que feriez-vous diff\u00e9remment avec le recul ?<\/strong><\/a><br \/>\n<a id=\"stellenwert\" href=\"#ytplayer\"><i class=\"fb-icon-element-15 fb-icon-element fontawesome-icon fa-video fas circle-yes fusion-text-flow\" style=\"--awb-iconcolor:#ff1919;--awb-circlecolor:#ffffff;--awb-circlecolor-hover:#ffffff;--awb-circlebordercolor:#ffffff;--awb-circlebordercolor-hover:#ffffff;--awb-circlebordersize:1px;--awb-font-size:17.6px;--awb-width:35.2px;--awb-height:35.2px;--awb-line-height:33.2px;--awb-margin-right:10px;\"><\/i> <strong>Quelle est l\u2019importance du projet pour le d\u00e9veloppement r\u00e9gional ?<\/strong><\/a><br \/>\n<a id=\"dokumentation\" href=\"#ytplayer\"><i class=\"fb-icon-element-16 fb-icon-element fontawesome-icon fa-video fas circle-yes fusion-text-flow\" style=\"--awb-iconcolor:#ff1919;--awb-circlecolor:#ffffff;--awb-circlecolor-hover:#ffffff;--awb-circlebordercolor:#ffffff;--awb-circlebordercolor-hover:#ffffff;--awb-circlebordersize:1px;--awb-font-size:17.6px;--awb-width:35.2px;--awb-height:35.2px;--awb-line-height:33.2px;--awb-margin-right:10px;\"><\/i> <strong>Comment \u00e9valuez-vous la documentation pour les agriculteurs avec les tableaux et les plans ?<\/strong><\/a><\/p>\n<\/div><div class=\"nav fusion-mobile-tab-nav\"><ul class=\"nav-tabs nav-justified\" role=\"tablist\"><li role=\"presentation\"><a class=\"tab-link\" data-toggle=\"tab\" role=\"tab\" aria-controls=\"tab-48f4b5508e26a81c708\" aria-selected=\"false\" tabindex=\"-1\" id=\"mobile-fusion-tab-questionsjuridiques\" href=\"#tab-48f4b5508e26a81c708\"><h4 class=\"fusion-tab-heading\">Questions juridiques<\/h4><\/a><\/li><\/ul><\/div><div class=\"tab-pane fade fusion-clearfix\" role=\"tabpanel\" tabindex=\"0\" aria-labelledby=\"fusion-tab-questionsjuridiques\" id=\"tab-48f4b5508e26a81c708\">Aspects juridiques \u00e0 consid\u00e9rer lors de la planification et de la mise en \u0153uvre d\u2019un regroupement de terres exploit\u00e9es:<\/p>\n<ul>\n<li>la l\u00e9gislation permet une proc\u00e9dure flexible et individuelle en fonction des souhaits et besoins des associ\u00e9s;<\/li>\n<li>souvent, un syndicat est constitu\u00e9 pour repr\u00e9senter les chefs d\u2019exploitation vis-\u00e0-vis de l\u2019ext\u00e9rieur et pour faire le lien entre bailleurs et locataires;<\/li>\n<li>selon l\u2019ordonnance sur les am\u00e9liorations structurelles, la commune, le canton et la Conf\u00e9d\u00e9ration portent une part des co\u00fbts de la proc\u00e9dure.<\/li>\n<\/ul>\n<p>Les instances cantonales sp\u00e9cialis\u00e9es en droit foncier rural et droit du bail \u00e0 ferme peuvent fournir une aide et des conseils pr\u00e9cieux\u00a0: Sites Internet des autorit\u00e9s fonci\u00e8res cantonales<\/p>\n<p>Informations suppl\u00e9mentaires sur les <a href=\"https:\/\/agripedia.ch\/wp-content\/uploads\/sites\/24\/pdf\/fr\/RTE_bases-legales.pdf\" target=\"_blank\" rel=\"noopener noreferrer\"><em>Bases l\u00e9gales pour un RTE (pdf)<\/em><\/a><br \/>\nInformations suppl\u00e9mentaires sur les <a href=\"https:\/\/agripedia.ch\/wp-content\/uploads\/sites\/24\/pdf\/fr\/RTE_modalites-de-sortie.pdf\" target=\"_blank\" rel=\"noopener noreferrer\"><em>Modalit\u00e9s de sortie pour un RTE (pdf)<\/em><\/a><em><br \/>\n<\/em>Informations sur <a href=\"https:\/\/agripedia.ch\/wp-content\/uploads\/sites\/24\/pdf\/fr\/RTE_organisme-responsable.pdf\" target=\"_blank\" rel=\"noopener noreferrer\">l\u2019<em>Organisme responsable d\u2019un RTE (pdf)<\/em><\/a><\/p>\n<p><a id=\"finanzierung\" href=\"#ytplayer\"><i class=\"fb-icon-element-17 fb-icon-element fontawesome-icon fa-video fas circle-yes fusion-text-flow\" style=\"--awb-iconcolor:#ff1919;--awb-circlecolor:#ffffff;--awb-circlecolor-hover:#ffffff;--awb-circlebordercolor:#ffffff;--awb-circlebordercolor-hover:#ffffff;--awb-circlebordersize:1px;--awb-font-size:17.6px;--awb-width:35.2px;--awb-height:35.2px;--awb-line-height:33.2px;--awb-margin-right:10px;\"><\/i> <strong>Comment la mise en \u0153uvre du projet a-t-elle \u00e9t\u00e9 financ\u00e9e ?<\/strong><\/a><\/div><div class=\"nav fusion-mobile-tab-nav\"><ul class=\"nav-tabs nav-justified\" role=\"tablist\"><li role=\"presentation\"><a class=\"tab-link\" data-toggle=\"tab\" role=\"tab\" aria-controls=\"tab-5461cb4b12a617a1ed7\" aria-selected=\"false\" tabindex=\"-1\" id=\"mobile-fusion-tab-dur\u00e9e\" href=\"#tab-5461cb4b12a617a1ed7\"><h4 class=\"fusion-tab-heading\">Dur\u00e9e<\/h4><\/a><\/li><\/ul><\/div><div class=\"tab-pane fade fusion-clearfix\" role=\"tabpanel\" tabindex=\"0\" aria-labelledby=\"fusion-tab-dur\u00e9e\" id=\"tab-5461cb4b12a617a1ed7\"><strong>Dur\u00e9e de la mise en \u0153uvre:<\/strong> la dur\u00e9e d\u2019une proc\u00e9dure de regroupement de terres exploit\u00e9es ne peut pas \u00eatre fix\u00e9e de mani\u00e8re g\u00e9n\u00e9rale. Elle d\u00e9pend du p\u00e9rim\u00e8tre du RTE ainsi que du nombre des terrains \u00e0 regrouper et des participants et peut donc \u00eatre plus ou moins longue.<\/p>\n<p>Compar\u00e9 \u00e0 d\u2019autres proc\u00e9dures d\u2019am\u00e9lioration structurelle, un RTE peut \u00eatre planifi\u00e9 assez rapidement, car il n\u2019implique ni construction d\u2019infrastructures ni changement de propri\u00e9t\u00e9.<\/p>\n<p><strong>Dur\u00e9e des effets<\/strong>: les bases l\u00e9gales f\u00e9d\u00e9rales pr\u00e9voient une dur\u00e9e minimale de 6 ans pour un RTE, p\u00e9riode pendant laquelle les nouvelles unit\u00e9s d\u2019exploitation doivent demeurer inchang\u00e9es. \u00c0 l\u2019\u00e9ch\u00e9ance des baux \u00e0 ferme, les rapports d\u2019exploitation changent rarement, faute de motifs.<\/p>\n<p>Informations suppl\u00e9mentaires sur la <a href=\"https:\/\/agripedia.ch\/wp-content\/uploads\/sites\/24\/pdf\/fr\/RTE_duree.pdf\" target=\"_blank\" rel=\"noopener noreferrer\"><em>Dur\u00e9e d\u2019un RTE (pdf)<\/em><\/a><br \/>\nInformations suppl\u00e9mentaires sur les <a href=\"https:\/\/agripedia.ch\/wp-content\/uploads\/sites\/24\/pdf\/fr\/RTE_bases-legales.pdf\" target=\"_blank\" rel=\"noopener noreferrer\"><em>Bases l\u00e9gales pour un RTE (pdf)<\/em><\/a><br \/>\nInformations suppl\u00e9mentaires sur les <a href=\"https:\/\/agripedia.ch\/wp-content\/uploads\/sites\/24\/pdf\/fr\/RTE_modalites-de-sortie.pdf\" target=\"_blank\" rel=\"noopener noreferrer\"><em>Modalit\u00e9s de sortie pour un RTE (pdf)<\/em><\/a><\/p>\n<p><a id=\"dauer\" href=\"#ytplayer\"><i class=\"fb-icon-element-18 fb-icon-element fontawesome-icon fa-video fas circle-yes fusion-text-flow\" style=\"--awb-iconcolor:#ff1919;--awb-circlecolor:#ffffff;--awb-circlecolor-hover:#ffffff;--awb-circlebordercolor:#ffffff;--awb-circlebordercolor-hover:#ffffff;--awb-circlebordersize:1px;--awb-font-size:17.6px;--awb-width:35.2px;--awb-height:35.2px;--awb-line-height:33.2px;--awb-margin-right:10px;\"><\/i> <strong>Pourquoi la proc\u00e9dure a-t-elle \u00e9t\u00e9 si longue ?<\/strong><\/a><br \/>\n<a id=\"zukunft\" href=\"#ytplayer\"><i class=\"fb-icon-element-19 fb-icon-element fontawesome-icon fa-video fas circle-yes fusion-text-flow\" style=\"--awb-iconcolor:#ff1919;--awb-circlecolor:#ffffff;--awb-circlecolor-hover:#ffffff;--awb-circlebordercolor:#ffffff;--awb-circlebordercolor-hover:#ffffff;--awb-circlebordersize:1px;--awb-font-size:17.6px;--awb-width:35.2px;--awb-height:35.2px;--awb-line-height:33.2px;--awb-margin-right:10px;\"><\/i> <strong>Quels sont les projets de la coop\u00e9rative pour l\u2019avenir ?<\/strong><\/a><\/div><div class=\"nav fusion-mobile-tab-nav\"><ul class=\"nav-tabs nav-justified\" role=\"tablist\"><li role=\"presentation\"><a class=\"tab-link\" data-toggle=\"tab\" role=\"tab\" aria-controls=\"tab-d138445a2c27d71686f\" aria-selected=\"false\" tabindex=\"-1\" id=\"mobile-fusion-tab-renseignements\" href=\"#tab-d138445a2c27d71686f\"><h4 class=\"fusion-tab-heading\">Renseignements<\/h4><\/a><\/li><\/ul><\/div><div class=\"tab-pane fade fusion-clearfix\" role=\"tabpanel\" tabindex=\"0\" aria-labelledby=\"fusion-tab-renseignements\" id=\"tab-d138445a2c27d71686f\">\n<p>On trouvera d\u2019autres renseignements sur les regroupements de terres exploit\u00e9es:<\/p>\n<ul>\n<li>en discutant avec des coll\u00e8gues et des services communaux qui ont une certaine exp\u00e9rience en la mati\u00e8re;<\/li>\n<li>en contactant des services de consultation\/vulgarisation sp\u00e9cialis\u00e9s, des autorit\u00e9s cantonales et des sp\u00e9cialistes, que l\u2019on peut consulter \u00e9galement avant et pendant le RTE.<\/li>\n<\/ul>\n<div class=\"accordian fusion-accordian\"><\/div>\n<div class=\"accordian fusion-accordian\" style=\"--awb-border-size:1px;--awb-icon-size:10px;--awb-content-font-size:var(--awb-typography4-font-size);--awb-icon-alignment:left;--awb-hover-color:#f9f9f9;--awb-border-color:#cccccc;--awb-background-color:#ffffff;--awb-divider-color:var(--awb-color3);--awb-divider-hover-color:var(--awb-color3);--awb-icon-color:#ffffff;--awb-title-color:var(--awb-color8);--awb-content-color:var(--awb-color8);--awb-icon-box-color:#7a7a7a;--awb-toggle-hover-accent-color:#000000;--awb-title-font-family:var(--awb-typography1-font-family);--awb-title-font-weight:var(--awb-typography1-font-weight);--awb-title-font-style:var(--awb-typography1-font-style);--awb-title-font-size:20px;--awb-title-line-height:1.5;--awb-content-font-family:var(--awb-typography4-font-family);--awb-content-font-weight:var(--awb-typography4-font-weight);--awb-content-font-style:var(--awb-typography4-font-style);\"><div class=\"panel-group fusion-toggle-icon-boxed\" id=\"accordion-2484-1\"><div class=\"fusion-panel panel-default panel-c4566ed77bb8ba6f7 fusion-toggle-has-divider\"><div class=\"panel-heading\"><h4 class=\"panel-title toggle\" id=\"toggle_c4566ed77bb8ba6f7\"><a aria-expanded=\"false\" aria-controls=\"c4566ed77bb8ba6f7\" role=\"button\" data-toggle=\"collapse\" data-parent=\"#accordion-2484-1\" data-target=\"#c4566ed77bb8ba6f7\" href=\"#c4566ed77bb8ba6f7\"><span class=\"fusion-toggle-icon-wrapper\" aria-hidden=\"true\"><i class=\"fa-fusion-box active-icon awb-icon-minus\" aria-hidden=\"true\"><\/i><i class=\"fa-fusion-box inactive-icon awb-icon-plus\" aria-hidden=\"true\"><\/i><\/span><span class=\"fusion-toggle-heading\">Offres de conseil pour les regroupements de terres exploit\u00e9es<\/span><\/a><\/h4><\/div><div id=\"c4566ed77bb8ba6f7\" class=\"panel-collapse collapse \" aria-labelledby=\"toggle_c4566ed77bb8ba6f7\"><div class=\"panel-body toggle-content fusion-clearfix\">\n<div id=\"address-list\"><\/div>\n<\/div><\/div><\/div><\/div><\/div>\n<\/div><div class=\"nav fusion-mobile-tab-nav\"><ul class=\"nav-tabs nav-justified\" role=\"tablist\"><li role=\"presentation\"><a class=\"tab-link\" data-toggle=\"tab\" role=\"tab\" aria-controls=\"tab-6a28c5166ce68345790\" aria-selected=\"false\" tabindex=\"-1\" id=\"mobile-fusion-tab-r\u00e9solutiondeconflits\" href=\"#tab-6a28c5166ce68345790\"><h4 class=\"fusion-tab-heading\">R\u00e9solution de conflits<\/h4><\/a><\/li><\/ul><\/div><div class=\"tab-pane fade fusion-clearfix\" role=\"tabpanel\" tabindex=\"0\" aria-labelledby=\"fusion-tab-r\u00e9solutiondeconflits\" id=\"tab-6a28c5166ce68345790\">Lorsque des individus travaillent ensemble, des probl\u00e8mes de toutes sortes peuvent se pr\u00e9senter: des accidents se produisent, des erreurs sont commises et des accords enfreints, des divergences de vues et des malentendus survien-nent, etc. Ces choses arrivent et ne doivent pas forc\u00e9ment inqui\u00e9ter, mais il est capital de r\u00e9agir correctement pour \u00e9viter qu\u2019un incident mineur ne se solde au final par un dysfonctionnement co\u00fbteux, ou qu\u2019une dispute au sujet de telle ou telle situation s\u2019\u00e9ternise.<\/p>\n<p><a id=\"konfliktpotential\" href=\"#ytplayer\"><i class=\"fb-icon-element-20 fb-icon-element fontawesome-icon fa-video fas circle-yes fusion-text-flow\" style=\"--awb-iconcolor:#ff1919;--awb-circlecolor:#ffffff;--awb-circlecolor-hover:#ffffff;--awb-circlebordercolor:#ffffff;--awb-circlebordercolor-hover:#ffffff;--awb-circlebordersize:1px;--awb-font-size:17.6px;--awb-width:35.2px;--awb-height:35.2px;--awb-line-height:33.2px;--awb-margin-right:10px;\"><\/i> <strong>O\u00f9 se trouve le plus grand potentiel de conflit ?<\/strong><\/a><br \/>\n<a id=\"kommunikation\" href=\"#ytplayer\"><i class=\"fb-icon-element-21 fb-icon-element fontawesome-icon fa-video fas circle-yes fusion-text-flow\" style=\"--awb-iconcolor:#ff1919;--awb-circlecolor:#ffffff;--awb-circlecolor-hover:#ffffff;--awb-circlebordercolor:#ffffff;--awb-circlebordercolor-hover:#ffffff;--awb-circlebordersize:1px;--awb-font-size:17.6px;--awb-width:35.2px;--awb-height:35.2px;--awb-line-height:33.2px;--awb-margin-right:10px;\"><\/i> <strong>La communication avec les agriculteurs concern\u00e9s a-t-elle bien fonctionn\u00e9 ?<\/strong><\/a><\/p>\n<p>Voici quelques ressources qui peuvent vous aider \u00e0 g\u00e9rer des conflits<\/p>\n<p>Informations g\u00e9n\u00e9rales sur la <a href=\"https:\/\/agripedia.ch\/wp-content\/uploads\/sites\/24\/pdf\/fr\/RTE_resolution-des-conflits.pdf\" target=\"_blank\" rel=\"noopener noreferrer\"><em>R\u00e9solution des conflits dans un RTE (pdf)<\/em><\/a><br \/>\nSite Internet <a href=\"https:\/\/agripedia.ch\/zusammenarbeit\/fr\/theorie-des-conflits\/\" rel=\"noopener noreferrer\"><em>Th\u00e9orie du conflit<\/em><\/a><\/div><\/div><\/div><script id=\"agri-address-lister\" src=\"https:\/\/agripedia.ch\/wp-content\/uploads\/sites\/24\/js\/agri-address-lister.js\" data-csv-src=\"https:\/\/agripedia.ch\/wp-content\/uploads\/sites\/24\/csv\/anlaufstellen.csv\" data-node-selector=\"#address-list\" data-filter=\"NA=Ja\" data-lang=\"fr\"><\/script><script>\n\/\/ Load the IFrame Player API code asynchronously.\nconst tag = document.createElement('script');\ntag.src = \"https:\/\/www.youtube.com\/player_api\";\nconst firstScriptTag = document.getElementsByTagName('script')[0];\nfirstScriptTag.parentNode.insertBefore(tag, firstScriptTag);\n\n\/\/ Replace the 'ytplayer' element with an <iframe> and\n\/\/ YouTube player after the API code downloads.\nlet player;\nfunction onYouTubePlayerAPIReady() {\n  player = new YT.Player('ytplayer', {\n    height: '360',\n    width: '640',\n    videoId: '-xeQN69Y_Zw',\n    playerVars: {\n      cc_load_policy: 1, \n      rel: 0,\n      enablejsapi: 1,\n      origin: 'https:\/\/agripedia.ch',\n      hl: 'fr'\n    }\n  });\n}\n\n(() => {\n  const videoID = '-xeQN69Y_Zw';\n  const pls = {\n    'ausloeser': {videoId: videoID, startSeconds: 10, endSeconds: 50},\n    'ausgangslage': {videoId: videoID, startSeconds: 51, endSeconds: 149},\n    'vorteile': {videoId: videoID, startSeconds: 150, endSeconds: 231},\n    'nachteile': {videoId: videoID, startSeconds: 232, endSeconds: 282},\n    'finanzierung': {videoId: videoID, startSeconds: 283, endSeconds: 317},\n    'zukunft': {videoId: videoID, startSeconds: 317, endSeconds: 380},\n    'gedanke': {videoId: videoID, startSeconds: 380, endSeconds: 548},\n    'dauer': {videoId: videoID, startSeconds: 549, endSeconds: 638},\n    'kommunikation': {videoId: videoID, startSeconds: 638, endSeconds: 706},\n    'dokumentation': {videoId: videoID, startSeconds: 706, endSeconds: 761},\n    'neuer-weg': {videoId: videoID, startSeconds: 762, endSeconds: 816},\n    'stellenwert': {videoId: videoID, startSeconds: 817, endSeconds: 866},\n    'anders-machen': {videoId: videoID, startSeconds: 867, endSeconds: 933},\n    'konfliktpotential': {videoId: videoID, startSeconds: 933, endSeconds: 971},\n    'erfolgsfaktoren': {videoId: videoID, startSeconds: 972, endSeconds: 1093},\n    'anwendbarkeit': {videoId: videoID, startSeconds: 1094, endSeconds: 1161},\n    'voraussetzungen-anwendbarkeit': {videoId: videoID, startSeconds: 1162, endSeconds: 1188},\n    'erfolgsfaktoren-anwendbarkeit': {videoId: videoID, startSeconds: 1188, endSeconds: 1263},\n    'eigenschaften': {videoId: videoID, startSeconds: 1263, endSeconds: 1287},\n    'positives': {videoId: videoID, startSeconds: 1287, endSeconds: 1419},\n    'anforderungen': {videoId: videoID, startSeconds: 1420, endSeconds: 1441}\n  };\n  \n  const keys = Object.keys(pls);\n\n  keys.forEach((key) => {\n    try {\n      const link = document.querySelector(`a#${key}`);\n      link.addEventListener('click', () => {\n        player.loadVideoById(pls[key]);\n      });\n    } catch (e){\n      \/\/ do nothing\n    }\n    \n  });\n  \n})();\n<\/script><div class=\"fusion-clearfix\"><\/div><\/div><\/div><\/div><\/div><div class=\"fusion-fullwidth fullwidth-box fusion-builder-row-5 fusion-flex-container nonhundred-percent-fullwidth non-hundred-percent-height-scrolling\" style=\"--awb-border-radius-top-left:0px;--awb-border-radius-top-right:0px;--awb-border-radius-bottom-right:0px;--awb-border-radius-bottom-left:0px;--awb-flex-wrap:wrap;\" ><div class=\"fusion-builder-row fusion-row fusion-flex-align-items-flex-start fusion-flex-content-wrap\" style=\"max-width:1144px;margin-left: calc(-4% \/ 2 );margin-right: calc(-4% \/ 2 );\"><div class=\"fusion-layout-column fusion_builder_column fusion-builder-column-7 fusion_builder_column_1_1 1_1 fusion-flex-column\" style=\"--awb-bg-size:cover;--awb-width-large:100%;--awb-margin-top-large:0px;--awb-spacing-right-large:1.92%;--awb-margin-bottom-large:20px;--awb-spacing-left-large:1.92%;--awb-width-medium:100%;--awb-order-medium:0;--awb-spacing-right-medium:1.92%;--awb-spacing-left-medium:1.92%;--awb-width-small:100%;--awb-order-small:0;--awb-spacing-right-small:1.92%;--awb-spacing-left-small:1.92%;\"><div class=\"fusion-column-wrapper fusion-column-has-shadow fusion-flex-justify-content-flex-start fusion-content-layout-column\"><div class=\"fusion-title title fusion-title-1 fusion-sep-none fusion-title-text fusion-title-size-two\"><h2 class=\"fusion-title-heading title-heading-left fusion-responsive-typography-calculated\" style=\"margin:0;--fontSize:40;line-height:1.5;\"><i class=\"fb-icon-element-22 fb-icon-element fontawesome-icon fa-question fas circle-yes fusion-text-flow\" style=\"--awb-circlebordersize:1px;--awb-font-size:19.36px;--awb-width:38.72px;--awb-height:38.72px;--awb-line-height:36.72px;--awb-margin-right:11px;\"><\/i> Foire aux questions<\/p><\/h2><\/div><style type=\"text\/css\">.fusion-faqs-wrapper #accordian-1 .fusion-panel { border-color:var(--awb-color3); }.fusion-faqs-wrapper #accordian-1 .fusion-panel:hover{ border-color: var(--awb-color3); }.fusion-accordian #accordian-1 .panel-title a .fa-fusion-box:before{ font-size: 13px;width: 13px;}.fusion-accordian #accordian-1 .panel-title a .fa-fusion-box{ color: #ffffff;}.fusion-accordian  #accordian-1 .panel-title a{font-family:var(--awb-typography1-font-family);font-weight:var(--awb-typography1-font-weight);font-style:var(--awb-typography1-font-style);}.fusion-accordian  #accordian-1 .panel-title a:not(:hover){}.fusion-accordian  #accordian-1 .toggle-content{font-family:var(--awb-typography4-font-family);font-weight:var(--awb-typography4-font-weight);font-style:var(--awb-typography4-font-style);}.fusion-accordian #accordian-1 .fa-fusion-box { background-color: #333333 !important;border-color: #333333 !important;}.fusion-accordian #accordian-1 .panel-title a:hover,.fusion-accordian #accordian-1 .panel-title a.hover { color: #e10707;}.fusion-faq-shortcode .fusion-accordian #accordian-1 .fusion-toggle-boxed-mode:hover .panel-title a { color: #e10707;}.fusion-accordian #accordian-1 .panel-title .active .fa-fusion-box,.fusion-accordian #accordian-1 .panel-title a:hover .fa-fusion-box,.fusion-accordian #accordian-1 .panel-title a.hover .fa-fusion-box { background-color: #e10707!important;border-color: #e10707!important;}<\/style><div class=\"fusion-faq-shortcode\" style=\"\"><div class=\"fusion-faqs-wrapper\"><div class=\"accordian fusion-accordian\"><div class=\"panel-group \" id=\"accordian-1\"><div class=\"fusion-panel panel-default fusion-faq-post fusion-faq-post-3636 foire-aux-questions-communaute-dexploitation \"><span class=\"entry-title rich-snippet-hidden\">J\u2019arrive \u00e0 la retraite cette ann\u00e9e, mon partenaire pas encore. Puis-je continuer de participer activement \u00e0 la communaut\u00e9 d\u2019exploitation?<\/span><span class=\"vcard rich-snippet-hidden\"><span class=\"fn\"><a href=\"https:\/\/agripedia.ch\/zusammenarbeit\/fr\/author\/ust0\/\" title=\"Articles par ust0\" rel=\"author\">ust0<\/a><\/span><\/span><span class=\"updated rich-snippet-hidden\">2021-01-26T16:56:27+01:00<\/span><div class=\"panel-heading\"><h4 id=\"faq_1-3636\" class=\"panel-title toggle\"><a data-toggle=\"collapse\" class=\"collapsed\" data-parent=\"#accordian-1\" data-target=\"#collapse-1-3636\" href=\"#collapse-1-3636\" aria-expanded=\"false\"><div class=\"fusion-toggle-icon-wrapper\"><div class=\"fusion-toggle-icon-wrapper-main\"><div class=\"fusion-toggle-icon-wrapper-sub\"><i class=\"fa-fusion-box active-icon awb-icon-minus\" aria-hidden=\"true\"><\/i><i class=\"fa-fusion-box inactive-icon awb-icon-plus\" aria-hidden=\"true\"><\/i><\/div><\/div><\/div><div class=\"fusion-toggle-heading\">J\u2019arrive \u00e0 la retraite cette ann\u00e9e, mon partenaire pas encore. Puis-je continuer de participer activement \u00e0 la communaut\u00e9 d\u2019exploitation?<\/div><\/a><\/h4><\/div><div id=\"collapse-1-3636\" aria-labelledby=\"faq_1-3636\" class=\"panel-collapse collapse\"><div class=\"panel-body toggle-content post-content\"><p>Conform\u00e9ment \u00e0 l\u2019art.\u00a09\u00a0OPD, si l\u2019un des associ\u00e9s d\u2019une communaut\u00e9 d\u2019exploitation atteint l\u2019\u00e2ge de la retraite (65 ans), les paiements directs \u00e0 la CE sont r\u00e9duits proportionnellement. Dans une CE \u00e0 deux, ces paiements seront donc r\u00e9duits de moiti\u00e9. Pour \u00e9viter une telle perte de revenu, le partenaire plus \u00e2g\u00e9 a tout int\u00e9r\u00eat \u00e0 remettre la direction de l\u2019exploitation en temps opportun \u00e0 un successeur plus jeune. Il est conseill\u00e9 de pr\u00e9parer ce changement suffisamment t\u00f4t afin de garantir un passage de t\u00e9moin optimal. \u00c0 la rigueur, l\u2019exploitation du partenaire retrait\u00e9 peut \u00eatre lou\u00e9e \u00e0 la CE, du moins comme solution transitoire.<\/p>\n<\/div><\/div><\/div><div class=\"fusion-panel panel-default fusion-faq-post fusion-faq-post-3642 foire-aux-questions-communaute-dexploitation \"><span class=\"entry-title rich-snippet-hidden\">Pourquoi notre communaut\u00e9 d\u2019exploitation doit-elle \u00eatre officiellement reconnue?<\/span><span class=\"vcard rich-snippet-hidden\"><span class=\"fn\"><a href=\"https:\/\/agripedia.ch\/zusammenarbeit\/fr\/author\/ust0\/\" title=\"Articles par ust0\" rel=\"author\">ust0<\/a><\/span><\/span><span class=\"updated rich-snippet-hidden\">2021-01-26T16:55:31+01:00<\/span><div class=\"panel-heading\"><h4 id=\"faq_1-3642\" class=\"panel-title toggle\"><a data-toggle=\"collapse\" class=\"collapsed\" data-parent=\"#accordian-1\" data-target=\"#collapse-1-3642\" href=\"#collapse-1-3642\" aria-expanded=\"false\"><div class=\"fusion-toggle-icon-wrapper\"><div class=\"fusion-toggle-icon-wrapper-main\"><div class=\"fusion-toggle-icon-wrapper-sub\"><i class=\"fa-fusion-box active-icon awb-icon-minus\" aria-hidden=\"true\"><\/i><i class=\"fa-fusion-box inactive-icon awb-icon-plus\" aria-hidden=\"true\"><\/i><\/div><\/div><\/div><div class=\"fusion-toggle-heading\">Pourquoi notre communaut\u00e9 d\u2019exploitation doit-elle \u00eatre officiellement reconnue?<\/div><\/a><\/h4><\/div><div id=\"collapse-1-3642\" aria-labelledby=\"faq_1-3642\" class=\"panel-collapse collapse\"><div class=\"panel-body toggle-content post-content\"><p>Conform\u00e9ment \u00e0 l\u2019art.\u00a029a, al.\u00a01, de l\u2019ordonnance sur la terminologie agricole et la reconnaissance des formes d\u2019exploitation OTerm, les communaut\u00e9s d\u2019exploitations font partie des formes d\u2019exploitation devant \u00eatre reconnues par l\u2019autorit\u00e9 cantonale comp\u00e9tente. L\u2019\u00e9tat veut s\u2019assurer par l\u00e0 que les paiements directs sont vers\u00e9s uniquement aux exploitations qui remplissent les conditions et qui sont officiellement reconnues (art.\u00a099, al.\u00a02, de l\u2019ordonnance sur les paiements directs OPD). Les conditions juridiques \u00e0 remplir pour la reconnaissance des CE sont \u00e9num\u00e9r\u00e9es \u00e0 l\u2019art.\u00a010\u00a0OTerm.<\/p>\n<p>Les cantons mettent \u00e0 disposition (le plus souvent en ligne) les formulaires de demande de reconnaissance. Une copie du contrat de soci\u00e9t\u00e9 sign\u00e9 doit \u00eatre obligatoirement jointe \u00e0 la demande.<\/p>\n<\/div><\/div><\/div><div class=\"fusion-panel panel-default fusion-faq-post fusion-faq-post-3662 foire-aux-questions-communaute-dexploitation \"><span class=\"entry-title rich-snippet-hidden\">Peut-on demander la reconnaissance d\u2019une communaut\u00e9 d\u2019exploitation par apr\u00e8s, lorsque la collaboration a d\u00e9j\u00e0 commenc\u00e9 ?<\/span><span class=\"vcard rich-snippet-hidden\"><span class=\"fn\"><a href=\"https:\/\/agripedia.ch\/zusammenarbeit\/fr\/author\/ust0\/\" title=\"Articles par ust0\" rel=\"author\">ust0<\/a><\/span><\/span><span class=\"updated rich-snippet-hidden\">2021-01-26T16:46:24+01:00<\/span><div class=\"panel-heading\"><h4 id=\"faq_1-3662\" class=\"panel-title toggle\"><a data-toggle=\"collapse\" class=\"collapsed\" data-parent=\"#accordian-1\" data-target=\"#collapse-1-3662\" href=\"#collapse-1-3662\" aria-expanded=\"false\"><div class=\"fusion-toggle-icon-wrapper\"><div class=\"fusion-toggle-icon-wrapper-main\"><div class=\"fusion-toggle-icon-wrapper-sub\"><i class=\"fa-fusion-box active-icon awb-icon-minus\" aria-hidden=\"true\"><\/i><i class=\"fa-fusion-box inactive-icon awb-icon-plus\" aria-hidden=\"true\"><\/i><\/div><\/div><\/div><div class=\"fusion-toggle-heading\">Peut-on demander la reconnaissance d\u2019une communaut\u00e9 d\u2019exploitation par apr\u00e8s, lorsque la collaboration a d\u00e9j\u00e0 commenc\u00e9 ?<\/div><\/a><\/h4><\/div><div id=\"collapse-1-3662\" aria-labelledby=\"faq_1-3662\" class=\"panel-collapse collapse\"><div class=\"panel-body toggle-content post-content\"><p>Pour b\u00e9n\u00e9ficier de paiements directs, il est important d\u2019obtenir la reconnaissance de la CE suffisamment t\u00f4t. Selon l\u2019art.\u00a099, al.\u00a01, OPD, la demande de paiements directs doit \u00eatre d\u00e9pos\u00e9e entre le 15 janvier et le 15 mars. Dans certains cantons, ce d\u00e9lai expire m\u00eame plus t\u00f4t. C\u2019est pourquoi la reconnaissance de la CE doit \u00eatre obtenue dans l\u2019ann\u00e9e pr\u00e9c\u00e9dant la premi\u00e8re r\u00e9ception des paiements directs en tant que communaut\u00e9. Autrement dit, si la CE d\u00e9bute son activit\u00e9 au d\u00e9but de l\u2019ann\u00e9e, les contrats doivent avoir \u00e9t\u00e9 sign\u00e9s et la demande de reconnaissance de l\u2019exploitation d\u00e9pos\u00e9e avant le 31 d\u00e9cembre de l\u2019ann\u00e9e pr\u00e9c\u00e9dente.<\/p>\n<\/div><\/div><\/div><\/div><\/div><\/div><\/div><div class=\"fusion-separator fusion-full-width-sep agri-separator\" style=\"align-self: center;margin-left: auto;margin-right: auto;width:100%;\"><\/div><\/div><\/div><\/div><\/div><div class=\"fusion-fullwidth fullwidth-box fusion-builder-row-6 nonhundred-percent-fullwidth non-hundred-percent-height-scrolling\" style=\"--awb-border-radius-top-left:0px;--awb-border-radius-top-right:0px;--awb-border-radius-bottom-right:0px;--awb-border-radius-bottom-left:0px;--awb-flex-wrap:wrap;\" ><div class=\"fusion-builder-row fusion-row\"><div class=\"fusion-layout-column fusion_builder_column fusion-builder-column-8 fusion_builder_column_1_1 1_1 fusion-one-full fusion-column-first fusion-column-last\" style=\"--awb-bg-size:cover;\"><div class=\"fusion-column-wrapper fusion-flex-column-wrapper-legacy\"><div class=\"fusion-title title fusion-title-2 fusion-sep-none fusion-title-text fusion-title-size-two\" id=\"praxisbeispiele\"><h2 class=\"fusion-title-heading title-heading-left fusion-responsive-typography-calculated\" style=\"margin:0;--fontSize:40;line-height:1.5;\">Exemples pratiques<\/h2><\/div><div class=\"fusion-clearfix\"><\/div><\/div><\/div><div class=\"fusion-layout-column fusion_builder_column fusion-builder-column-9 fusion_builder_column_1_1 1_1 fusion-one-full fusion-column-first fusion-column-last\" style=\"--awb-bg-size:cover;\"><div class=\"fusion-column-wrapper fusion-flex-column-wrapper-legacy\"><div class=\"fusion-recent-posts fusion-recent-posts-1 avada-container layout-default layout-columns-3\"><section class=\"fusion-columns columns fusion-columns-3 columns-3\"><article class=\"post fusion-column column col col-lg-4 col-md-4 col-sm-4\"><div class=\"fusion-flexslider fusion-flexslider-loading flexslider flexslider-hover-type-none\"><ul class=\"slides\"><li><a href=\"https:\/\/agripedia.ch\/zusammenarbeit\/fr\/regroupement-de-terres-exploitees-riedhausen-de\/\" aria-label=\"Regroupement de terres exploit\u00e9es Riedhausen (DE)\" class=\"hover-type-none\"><img decoding=\"async\" width=\"700\" height=\"441\" src=\"https:\/\/agripedia.ch\/zusammenarbeit\/wp-content\/uploads\/sites\/24\/2020\/11\/Unbenannt-1-e1618318243651-700x441.jpg\" class=\"attachment-recent-posts size-recent-posts\" alt=\"\" srcset=\"https:\/\/agripedia.ch\/zusammenarbeit\/wp-content\/uploads\/sites\/24\/2020\/11\/Unbenannt-1-e1618318243651-320x202.jpg 320w, https:\/\/agripedia.ch\/zusammenarbeit\/wp-content\/uploads\/sites\/24\/2020\/11\/Unbenannt-1-e1618318243651-700x441.jpg 700w\" sizes=\"(max-width: 700px) 100vw, 700px\" \/><\/a><\/li><\/ul><\/div><div class=\"recent-posts-content\"><span class=\"vcard\" style=\"display: none;\"><span class=\"fn\"><a href=\"https:\/\/agripedia.ch\/zusammenarbeit\/fr\/author\/bge0\/\" title=\"Articles par bge\" rel=\"author\">bge<\/a><\/span><\/span><span class=\"updated\" style=\"display:none;\">2021-06-01T14:09:46+01:00<\/span><h4 class=\"entry-title\"><a href=\"https:\/\/agripedia.ch\/zusammenarbeit\/fr\/regroupement-de-terres-exploitees-riedhausen-de\/\">Regroupement de terres exploit\u00e9es Riedhausen (DE)<\/a><\/h4><p> Gewann Kirchsteig (22 ha) dans le territoire de Riedhausen, compos\u00e9 de 40 parcelles partielles (Gasser 2002).  ...<\/p><\/div><\/article><article class=\"post fusion-column column col col-lg-4 col-md-4 col-sm-4\"><div class=\"fusion-flexslider fusion-flexslider-loading flexslider flexslider-hover-type-none\"><ul class=\"slides\"><li><a href=\"https:\/\/agripedia.ch\/zusammenarbeit\/fr\/regroupement-de-terres-exploitees-dans-le-loetschental\/\" aria-label=\"Regroupement de terres exploit\u00e9es dans le L\u00f6tschental\" class=\"hover-type-none\"><img decoding=\"async\" width=\"648\" height=\"441\" src=\"https:\/\/agripedia.ch\/zusammenarbeit\/wp-content\/uploads\/sites\/24\/2020\/10\/1599300003257-648x441.png\" class=\"attachment-recent-posts size-recent-posts\" alt=\"\" \/><\/a><\/li><\/ul><\/div><div class=\"recent-posts-content\"><span class=\"vcard\" style=\"display: none;\"><span class=\"fn\"><a href=\"https:\/\/agripedia.ch\/zusammenarbeit\/fr\/author\/ezi0\/\" title=\"Articles par ezi0\" rel=\"author\">ezi0<\/a><\/span><\/span><span class=\"updated\" style=\"display:none;\">2021-03-11T23:32:53+01:00<\/span><h4 class=\"entry-title\"><a href=\"https:\/\/agripedia.ch\/zusammenarbeit\/fr\/regroupement-de-terres-exploitees-dans-le-loetschental\/\">Regroupement de terres exploit\u00e9es dans le L\u00f6tschental<\/a><\/h4><p>RTE - Tous les exemples pratiques (PDF)   Le remembrement des terres exploit\u00e9es dans le L\u00f6tschental est ...<\/p><\/div><\/article><article class=\"post fusion-column column col col-lg-4 col-md-4 col-sm-4\"><div class=\"fusion-flexslider fusion-flexslider-loading flexslider flexslider-hover-type-none\"><ul class=\"slides\"><li><a href=\"https:\/\/agripedia.ch\/zusammenarbeit\/fr\/projet-modele-de-remembrement-volontaire-de-terres-exploitees-a-zuzgen\/\" aria-label=\"Projet-mod\u00e8le de remembrement volontaire de terres exploit\u00e9es \u00e0 Zuzgen\" class=\"hover-type-none\"><img decoding=\"async\" width=\"251\" height=\"201\" src=\"https:\/\/agripedia.ch\/zusammenarbeit\/wp-content\/uploads\/sites\/24\/2020\/10\/images.jpg\" class=\"attachment-recent-posts size-recent-posts\" alt=\"\" srcset=\"https:\/\/agripedia.ch\/zusammenarbeit\/wp-content\/uploads\/sites\/24\/2020\/10\/images-177x142.jpg 177w, https:\/\/agripedia.ch\/zusammenarbeit\/wp-content\/uploads\/sites\/24\/2020\/10\/images-200x160.jpg 200w, https:\/\/agripedia.ch\/zusammenarbeit\/wp-content\/uploads\/sites\/24\/2020\/10\/images.jpg 251w\" sizes=\"(max-width: 251px) 100vw, 251px\" \/><\/a><\/li><\/ul><\/div><div class=\"recent-posts-content\"><span class=\"vcard\" style=\"display: none;\"><span class=\"fn\"><a href=\"https:\/\/agripedia.ch\/zusammenarbeit\/fr\/author\/ezi0\/\" title=\"Articles par ezi0\" rel=\"author\">ezi0<\/a><\/span><\/span><span class=\"updated\" style=\"display:none;\">2021-05-31T21:34:18+01:00<\/span><h4 class=\"entry-title\"><a href=\"https:\/\/agripedia.ch\/zusammenarbeit\/fr\/projet-modele-de-remembrement-volontaire-de-terres-exploitees-a-zuzgen\/\">Projet-mod\u00e8le de remembrement volontaire de terres exploit\u00e9es \u00e0 Zuzgen<\/a><\/h4><p>RTE - Tous les exemples pratiques (PDF)   La participation au remembrement des terres exploit\u00e9es \u00e0 Zuzgen ...<\/p><\/div><\/article><\/section><\/div><div class=\"fusion-clearfix\"><\/div><\/div><\/div><\/div><\/div><\/p>\n","protected":false},"excerpt":{"rendered":"","protected":false},"author":192,"featured_media":0,"parent":2525,"menu_order":4,"comment_status":"closed","ping_status":"closed","template":"","meta":{"_sb_is_suggestion_mode":false,"_sb_show_suggestion_boards":false,"_sb_show_comment_boards":false,"_sb_suggestion_history":"","_sb_update_block_changes":"","_monsterinsights_skip_tracking":false,"_monsterinsights_sitenote_active":false,"_monsterinsights_sitenote_note":"","_monsterinsights_sitenote_category":0,"footnotes":""},"class_list":["post-2484","page","type-page","status-publish","hentry"],"_links":{"self":[{"href":"https:\/\/agripedia.ch\/zusammenarbeit\/fr\/wp-json\/wp\/v2\/pages\/2484","targetHints":{"allow":["GET"]}}],"collection":[{"href":"https:\/\/agripedia.ch\/zusammenarbeit\/fr\/wp-json\/wp\/v2\/pages"}],"about":[{"href":"https:\/\/agripedia.ch\/zusammenarbeit\/fr\/wp-json\/wp\/v2\/types\/page"}],"author":[{"embeddable":true,"href":"https:\/\/agripedia.ch\/zusammenarbeit\/fr\/wp-json\/wp\/v2\/users\/192"}],"replies":[{"embeddable":true,"href":"https:\/\/agripedia.ch\/zusammenarbeit\/fr\/wp-json\/wp\/v2\/comments?post=2484"}],"version-history":[{"count":27,"href":"https:\/\/agripedia.ch\/zusammenarbeit\/fr\/wp-json\/wp\/v2\/pages\/2484\/revisions"}],"predecessor-version":[{"id":5308,"href":"https:\/\/agripedia.ch\/zusammenarbeit\/fr\/wp-json\/wp\/v2\/pages\/2484\/revisions\/5308"}],"up":[{"embeddable":true,"href":"https:\/\/agripedia.ch\/zusammenarbeit\/fr\/wp-json\/wp\/v2\/pages\/2525"}],"wp:attachment":[{"href":"https:\/\/agripedia.ch\/zusammenarbeit\/fr\/wp-json\/wp\/v2\/media?parent=2484"}],"curies":[{"name":"wp","href":"https:\/\/api.w.org\/{rel}","templated":true}]}}