{"id":2482,"date":"2020-11-10T12:25:15","date_gmt":"2020-11-10T11:25:15","guid":{"rendered":"https:\/\/agripedia.ch\/zusammenarbeit\/?page_id=2482"},"modified":"2021-07-30T10:26:20","modified_gmt":"2021-07-30T09:26:20","slug":"amelioration-integrale","status":"publish","type":"page","link":"https:\/\/agripedia.ch\/zusammenarbeit\/fr\/formes-de-cooperation\/amelioration-integrale\/","title":{"rendered":"Am\u00e9lioration fonci\u00e8re int\u00e9grale"},"content":{"rendered":"<p><div class=\"fusion-fullwidth fullwidth-box fusion-builder-row-1 nonhundred-percent-fullwidth non-hundred-percent-height-scrolling\" style=\"--awb-border-radius-top-left:0px;--awb-border-radius-top-right:0px;--awb-border-radius-bottom-right:0px;--awb-border-radius-bottom-left:0px;--awb-flex-wrap:wrap;\" ><div class=\"fusion-builder-row fusion-row\"><div class=\"fusion-layout-column fusion_builder_column fusion-builder-column-0 fusion_builder_column_1_1 1_1 fusion-one-full fusion-column-first fusion-column-last\" style=\"--awb-bg-size:cover;\"><div class=\"fusion-column-wrapper fusion-flex-column-wrapper-legacy\"><div class=\"fusion-text fusion-text-1\"><h5><em><span style=\"color: #808080\">gestion efficace- parcelles contigu\u00ebs- propre terrain & terrain lou\u00e9 \u2013 mesures structurelles- objectifs environnementaux<\/span><\/em><\/h5>\n<\/div><div class=\"fusion-clearfix\"><\/div><\/div><\/div><div class=\"fusion-layout-column fusion_builder_column fusion-builder-column-1 fusion_builder_column_2_3 2_3 fusion-two-third fusion-column-first\" style=\"--awb-bg-size:cover;width:66.666666666667%;width:calc(66.666666666667% - ( ( 4% ) * 0.66666666666667 ) );margin-right: 4%;\"><div class=\"fusion-column-wrapper fusion-flex-column-wrapper-legacy\"><div class=\"fusion-text fusion-text-2\"><p>Une am\u00e9lioration fonci\u00e8re int\u00e9grale (AFI) est un vaste projet de conservation, d\u2019am\u00e9nagement et de promotion de l\u2019espace rural. Elle inclut la r\u00e9organisation de la propri\u00e9t\u00e9 fonci\u00e8re ainsi que le regroupement de terres afferm\u00e9es\/exploit\u00e9es en des unit\u00e9s plus grandes et plus rationnelles. Elle englobe \u00e9galement des objectifs non agricoles.<\/p>\n<p>Une AFI permet d\u2019am\u00e9liorer l\u2019agencement spatial des exploitations agricoles, le r\u00e9seau des chemins ruraux, le r\u00e9gime hydrique des sols, les prestations \u00e9cologiques et la mise en \u0153uvre de t\u00e2ches d\u2019int\u00e9r\u00eat public. Avec l\u2019optimisation des bases entrepreneuriales et la r\u00e9duction des co\u00fbts de production, il en r\u00e9sulte au final de meilleures conditions de vie et \u00e9conomiques dans l\u2019espace rural.<\/p>\n<\/div><div class=\"fusion-clearfix\"><\/div><\/div><\/div><div class=\"fusion-layout-column fusion_builder_column fusion-builder-column-2 fusion_builder_column_1_3 1_3 fusion-one-third fusion-column-last\" style=\"--awb-bg-size:cover;width:33.333333333333%;width:calc(33.333333333333% - ( ( 4% ) * 0.33333333333333 ) );\"><div class=\"fusion-column-wrapper fusion-flex-column-wrapper-legacy\"><div class=\"fusion-image-element in-legacy-container\" style=\"--awb-max-width:590px;--awb-caption-title-font-family:var(--h2_typography-font-family);--awb-caption-title-font-weight:var(--h2_typography-font-weight);--awb-caption-title-font-style:var(--h2_typography-font-style);--awb-caption-title-size:var(--h2_typography-font-size);--awb-caption-title-transform:var(--h2_typography-text-transform);--awb-caption-title-line-height:var(--h2_typography-line-height);--awb-caption-title-letter-spacing:var(--h2_typography-letter-spacing);\"><span class=\" fusion-imageframe imageframe-none imageframe-1 hover-type-none agri-gif-placeholder\"><img decoding=\"async\" alt=\"Bild\" title=\"Untitled\" src=\"https:\/\/agripedia.ch\/zusammenarbeit\/wp-content\/uploads\/sites\/24\/2020\/09\/gesamtmelioration.jpg\" class=\"img-responsive wp-image-1656\"\/><\/span><\/div><script type=\"text\/javascript\" src=\"https:\/\/agripedia.ch\/wp-content\/uploads\/sites\/24\/js\/libgif.js\"><\/script>\n<script id=\"agri-gif-controller\" type=\"text\/javascript\" src=\"https:\/\/agripedia.ch\/wp-content\/uploads\/sites\/24\/js\/agri-gif-controller.js\" data-img-selector=\".agri-gif-placeholder img\" data-gif-path=\"https:\/\/agripedia.ch\/wp-content\/uploads\/sites\/24\/gifs\/\"><\/script><div class=\"fusion-clearfix\"><\/div><\/div><\/div><div class=\"fusion-layout-column fusion_builder_column fusion-builder-column-3 fusion_builder_column_1_1 1_1 fusion-one-full fusion-column-first fusion-column-last\" style=\"--awb-bg-size:cover;\"><div class=\"fusion-column-wrapper fusion-flex-column-wrapper-legacy\"><div class=\"fusion-button-wrapper\"><a class=\"fusion-button button-flat fusion-button-default-size button-default fusion-button-default button-1 fusion-button-default-span fusion-button-default-type\" style=\"--button-border-radius-top-left:0;--button-border-radius-top-right:0;--button-border-radius-bottom-right:0;--button-border-radius-bottom-left:0;\" target=\"_blank\" rel=\"noopener noreferrer\" href=\"https:\/\/agripedia.ch\/wp-content\/uploads\/sites\/24\/pdf\/fr\/AFI_description-detailee.pdf\"><span class=\"fusion-button-text awb-button__text awb-button__text--default\">Description d\u00e9taill\u00e9e (PDF)<\/span><\/a><\/div><div class=\"fusion-button-wrapper\"><a class=\"fusion-button button-flat fusion-button-default-size button-default fusion-button-default button-2 fusion-button-default-span fusion-button-default-type\" style=\"--button-border-radius-top-left:0;--button-border-radius-top-right:0;--button-border-radius-bottom-right:0;--button-border-radius-bottom-left:0;\" target=\"_blank\" rel=\"noopener noreferrer\" href=\"https:\/\/agripedia.ch\/wp-content\/uploads\/sites\/24\/pdf\/fr\/AFI_toutes-les-informations.pdf\"><span class=\"fusion-button-text awb-button__text awb-button__text--default\">Toutes les informations (PDF)<\/span><\/a><\/div><div class=\"fusion-button-wrapper\"><a class=\"fusion-button button-flat fusion-button-default-size button-default fusion-button-default button-3 fusion-button-default-span fusion-button-default-type\" style=\"--button-border-radius-top-left:0;--button-border-radius-top-right:0;--button-border-radius-bottom-right:0;--button-border-radius-bottom-left:0;\" target=\"_blank\" rel=\"noopener noreferrer\" href=\"https:\/\/agripedia.ch\/wp-content\/uploads\/sites\/24\/pdf\/fr\/AFI_facteurs-cles.pdf\"><span class=\"fusion-button-text awb-button__text awb-button__text--default\">Facteurs cl\u00e9s (PDF)<\/span><\/a><\/div><div class=\"fusion-sep-clear\"><\/div><div class=\"fusion-separator fusion-full-width-sep agri-separator\" style=\"margin-left: auto;margin-right: auto;width:100%;\"><\/div><div class=\"fusion-sep-clear\"><\/div><div class=\"fusion-clearfix\"><\/div><\/div><\/div><\/div><\/div><div class=\"fusion-fullwidth fullwidth-box fusion-builder-row-2 nonhundred-percent-fullwidth non-hundred-percent-height-scrolling\" style=\"--awb-border-radius-top-left:0px;--awb-border-radius-top-right:0px;--awb-border-radius-bottom-right:0px;--awb-border-radius-bottom-left:0px;--awb-flex-wrap:wrap;\" ><div class=\"fusion-builder-row fusion-row\"><div class=\"fusion-layout-column fusion_builder_column fusion-builder-column-4 fusion_builder_column_3_5 3_5 fusion-three-fifth fusion-column-first\" style=\"--awb-bg-size:cover;width:60%;width:calc(60% - ( ( 4% ) * 0.6 ) );margin-right: 4%;\"><div class=\"fusion-column-wrapper fusion-column-has-shadow fusion-flex-column-wrapper-legacy\"><div class=\"fusion-video fusion-youtube agri-video\" style=\"--awb-max-width:638px;--awb-max-height:359px;\" id=\"agri-YT-player\"><div class=\"video-shortcode\"><div class=\"fluid-width-video-wrapper\" style=\"padding-top:56.27%;\" ><iframe title=\"YouTube video player 1\" src=\"https:\/\/www.youtube.com\/embed\/QZLkRo1CJ6g?wmode=transparent&autoplay=0&amp;rel=0&amp;cc_load_policy=1&amp;hl=fr&amp;listType=playlist&amp;list=PL7ZaE-gccj2UPONmaOoXErhCcj9h23GJ7\" width=\"638\" height=\"359\" allowfullscreen allow=\"autoplay; clipboard-write; encrypted-media; gyroscope; picture-in-picture;\"><\/iframe><\/div><\/div><\/div><div class=\"fusion-clearfix\"><\/div><\/div><\/div><div class=\"fusion-layout-column fusion_builder_column fusion-builder-column-5 fusion_builder_column_2_5 2_5 fusion-two-fifth fusion-column-last\" style=\"--awb-bg-size:cover;width:40%;width:calc(40% - ( ( 4% ) * 0.4 ) );\"><div class=\"fusion-column-wrapper fusion-column-has-shadow fusion-flex-column-wrapper-legacy\"><div class=\"fusion-testimonials classic awb-speech-bubble-show fusion-testimonials-1\" style=\"--awb-textcolor:#747474;--awb-backgroundcolor:#ffffff;--awb-testimonial-border-style:solid;--awb-testimonial-border-color:var(--awb-color3);--awb-border-top-left-radius:0px;--awb-border-top-right-radius:0px;--awb-border-bottom-left-radius:0px;--awb-border-bottom-right-radius:0px;--testimonial-border-width-top:0px;--testimonial-border-width-right:0px;--testimonial-border-width-bottom:0px;--testimonial-border-width-left:0px;\" data-random=\"1\" data-speed=\"8500\"><div class=\"reviews\"><div class=\"review active-testimonial male\"><blockquote><div class=\"awb-quote\"><div class=\"awb-quote-content\">\n<p>\u00abUne am\u00e9lioration couvre tellement de mesures et de demandes dont nous n\u2019avions pas id\u00e9e au d\u00e9but, de nouvelles choses ont \u00e9t\u00e9 incluses au cours de la proc\u00e9dure. Mais encore une fois : on ne peut pas d\u00e9cr\u00e9ter, on doit discuter ensemble.\u00bb<\/p>\n<\/div><\/div><span class=\"awb-triangle\"><\/span><\/blockquote><div class=\"author\"><span class=\"testimonial-thumbnail doe\"><\/span><span class=\"company-name\"><strong>Urban Kramer<\/strong><span>, <\/span><span>pr\u00e9sident de la commission d'ex\u00e9cution lors de l'am\u00e9lioration moderne de Boswil<\/span><\/span><\/div><\/div><div class=\"review male\"><blockquote><div class=\"awb-quote\"><div class=\"awb-quote-content\">\n<p>\u00abFondamentalement, j\u2019ai du me dire que si je voulais continuer \u00e0 exploiter mon entreprise, alors cela ne serait possible que dans cette direction et avec l\u2019am\u00e9lioration. Et si je regarde en arri\u00e8re, cela a bien tourn\u00e9.\u00bb<\/p>\n<\/div><\/div><span class=\"awb-triangle\"><\/span><\/blockquote><div class=\"author\"><span class=\"testimonial-thumbnail doe\"><\/span><span class=\"company-name\"><strong>Matthias Keusch<\/strong><span>, <\/span><span>agriculteur \u00e0 Boswil<\/span><\/span><\/div><\/div><div class=\"review male\"><blockquote><div class=\"awb-quote\"><div class=\"awb-quote-content\">\n<p>\u00abLa charge des agriculteurs sur la route cantonale est d\u00e9finitivement moins lourde, et l\u2019am\u00e9lioration de la qualit\u00e9 des eaux souterraines est tr\u00e8s importante, car gr\u00e2ce \u00e0 l\u2019am\u00e9lioration, toutes les sources d\u2019eau se trouvent d\u00e9sormais sur les terres communales. \u00bb<\/p>\n<\/div><\/div><span class=\"awb-triangle\"><\/span><\/blockquote><div class=\"author\"><span class=\"testimonial-thumbnail doe\"><\/span><span class=\"company-name\"><strong>Urban Kramer<\/strong><span>, <\/span><span>pr\u00e9sident de la commission d'ex\u00e9cution lors de l'am\u00e9lioration moderne de Boswil<\/span><\/span><\/div><\/div><div class=\"review male\"><blockquote><div class=\"awb-quote\"><div class=\"awb-quote-content\">\n<p>\u00abJe pense que c\u2019est le point principal pour que quelque chose comme cela puisse \u00eatre r\u00e9alis\u00e9 : que les propri\u00e9taires fonciers soient vraiment toujours bien inform\u00e9s.\u00bb<\/p>\n<\/div><\/div><span class=\"awb-triangle\"><\/span><\/blockquote><div class=\"author\"><span class=\"testimonial-thumbnail doe\"><\/span><span class=\"company-name\"><strong>Matthias Keusch<\/strong><span>, <\/span><span>agriculteur \u00e0 Boswil<\/span><\/span><\/div><\/div><div class=\"review male\"><blockquote><div class=\"awb-quote\"><div class=\"awb-quote-content\">\n<p>\u00abCe fut une p\u00e9riode difficile \u2013 des r\u00e9unions ont eu lieu pendant plus de quatorze ans \u2013 mais on a trouv\u00e9 une solution qui n\u2019\u00e9tait, en fait, possible que gr\u00e2ce \u00e0 l\u2019am\u00e9lioration.\u00bb<\/p>\n<\/div><\/div><span class=\"awb-triangle\"><\/span><\/blockquote><div class=\"author\"><span class=\"testimonial-thumbnail doe\"><\/span><span class=\"company-name\"><strong>Ulrich Rymann<\/strong><span>, <\/span><span>repr\u00e9sentant du conseil communal lors de l'am\u00e9lioration moderne de Boswil<\/span><\/span><\/div><\/div><div class=\"review male\"><blockquote><div class=\"awb-quote\"><div class=\"awb-quote-content\">\n<p>\u00abIl s\u2019agit simplement de co\u00fbts qui p\u00e8sent sur l\u2019exploitation agricole, qu\u2019on ne remarque m\u00eame pas soi-m\u00eame. Ensuite, vous pouvez simplement travailler plus vite, de mani\u00e8re plus rationnelle et plus efficace\u00a0; cela a \u00e9t\u00e9 un \u00e9norme avantage pour mon entreprise.\u00bb<\/p>\n<\/div><\/div><span class=\"awb-triangle\"><\/span><\/blockquote><div class=\"author\"><span class=\"testimonial-thumbnail doe\"><\/span><span class=\"company-name\"><strong>Matthias Keusch<\/strong><span>, <\/span><span>agriculteur \u00e0 Boswil<\/span><\/span><\/div><\/div><\/div><div class=\"testimonial-pagination\" id=\"fusion-testimonials-1\"><a href=\"#\" aria-label=\"Testimonial Pagination\"  class=\"activeSlide\"><\/a><a href=\"#\" aria-label=\"Testimonial Pagination\" ><\/a><a href=\"#\" aria-label=\"Testimonial Pagination\" ><\/a><a href=\"#\" aria-label=\"Testimonial Pagination\" ><\/a><a href=\"#\" aria-label=\"Testimonial Pagination\" ><\/a><a href=\"#\" aria-label=\"Testimonial Pagination\" ><\/a><\/div><\/div><div class=\"fusion-clearfix\"><\/div><\/div><\/div><\/div><\/div><div class=\"fusion-fullwidth fullwidth-box fusion-builder-row-3 nonhundred-percent-fullwidth non-hundred-percent-height-scrolling\" style=\"--awb-border-radius-top-left:0px;--awb-border-radius-top-right:0px;--awb-border-radius-bottom-right:0px;--awb-border-radius-bottom-left:0px;--awb-flex-wrap:wrap;\" ><div class=\"fusion-builder-row fusion-row\"><div class=\"fusion-layout-column fusion_builder_column fusion-builder-column-6 fusion_builder_column_1_1 1_1 fusion-one-full fusion-column-first fusion-column-last\" style=\"--awb-bg-size:cover;\"><div class=\"fusion-column-wrapper fusion-flex-column-wrapper-legacy\"><div class=\"fusion-sep-clear\"><\/div><div class=\"fusion-separator fusion-full-width-sep agri-separator\" style=\"margin-left: auto;margin-right: auto;width:100%;\"><\/div><div class=\"fusion-sep-clear\"><\/div><div class=\"fusion-tabs fusion-tabs-1 classic nav-is-justified horizontal-tabs icon-position-left mobile-mode-accordion\" style=\"--awb-title-border-radius-top-left:0px;--awb-title-border-radius-top-right:0px;--awb-title-border-radius-bottom-right:0px;--awb-title-border-radius-bottom-left:0px;--awb-inactive-color:#ebeaea;--awb-background-color:#ffffff;--awb-border-color:#ebeaea;--awb-active-border-color:#e72200;\"><div class=\"nav\"><ul class=\"nav-tabs nav-justified\" role=\"tablist\"><li class=\"active\" role=\"presentation\"><a class=\"tab-link\" data-toggle=\"tab\" role=\"tab\" aria-controls=\"tab-4c0529d9ae23d8eefe1\" aria-selected=\"true\" id=\"fusion-tab-conditionspr\u00e9alables\" href=\"#tab-4c0529d9ae23d8eefe1\"><h4 class=\"fusion-tab-heading\">Conditions pr\u00e9alables<\/h4><\/a><\/li><li role=\"presentation\"><a class=\"tab-link\" data-toggle=\"tab\" role=\"tab\" aria-controls=\"tab-0aa291051c779cdea97\" aria-selected=\"false\" tabindex=\"-1\" id=\"fusion-tab-facteursdesucc\u00e8s\" href=\"#tab-0aa291051c779cdea97\"><h4 class=\"fusion-tab-heading\">Facteurs de succ\u00e8s<\/h4><\/a><\/li><li role=\"presentation\"><a class=\"tab-link\" data-toggle=\"tab\" role=\"tab\" aria-controls=\"tab-bba2431b74556d3bec2\" aria-selected=\"false\" tabindex=\"-1\" id=\"fusion-tab-questionsjuridiques\" href=\"#tab-bba2431b74556d3bec2\"><h4 class=\"fusion-tab-heading\">Questions juridiques<\/h4><\/a><\/li><li role=\"presentation\"><a class=\"tab-link\" data-toggle=\"tab\" role=\"tab\" aria-controls=\"tab-1eb88467bcbde32d1e8\" aria-selected=\"false\" tabindex=\"-1\" id=\"fusion-tab-dur\u00e9e\" href=\"#tab-1eb88467bcbde32d1e8\"><h4 class=\"fusion-tab-heading\">Dur\u00e9e<\/h4><\/a><\/li><li role=\"presentation\"><a class=\"tab-link\" data-toggle=\"tab\" role=\"tab\" aria-controls=\"tab-5e75e4b7f7185deea2b\" aria-selected=\"false\" tabindex=\"-1\" id=\"fusion-tab-renseignements\" href=\"#tab-5e75e4b7f7185deea2b\"><h4 class=\"fusion-tab-heading\">Renseignements<\/h4><\/a><\/li><li role=\"presentation\"><a class=\"tab-link\" data-toggle=\"tab\" role=\"tab\" aria-controls=\"tab-a87b61641e65bfbff56\" aria-selected=\"false\" tabindex=\"-1\" id=\"fusion-tab-r\u00e9solutiondeconflits\" href=\"#tab-a87b61641e65bfbff56\"><h4 class=\"fusion-tab-heading\">R\u00e9solution de conflits<\/h4><\/a><\/li><\/ul><\/div><div class=\"tab-content\"><div class=\"nav fusion-mobile-tab-nav\"><ul class=\"nav-tabs nav-justified\" role=\"tablist\"><li class=\"active\" role=\"presentation\"><a class=\"tab-link\" data-toggle=\"tab\" role=\"tab\" aria-controls=\"tab-4c0529d9ae23d8eefe1\" aria-selected=\"true\" id=\"mobile-fusion-tab-conditionspr\u00e9alables\" href=\"#tab-4c0529d9ae23d8eefe1\"><h4 class=\"fusion-tab-heading\">Conditions pr\u00e9alables<\/h4><\/a><\/li><\/ul><\/div><div class=\"tab-pane fade fusion-clearfix in active\" role=\"tabpanel\" tabindex=\"0\" aria-labelledby=\"fusion-tab-conditionspr\u00e9alables\" id=\"tab-4c0529d9ae23d8eefe1\">\n<p>Pour qu\u2019une am\u00e9lioration fonci\u00e8re int\u00e9grale ait un sens, il faut que les conditions suivantes soient remplies:<\/p>\n<ul>\n<li>besoin d\u2019am\u00e9lioration dans diff\u00e9rents domaines (parcelles en propri\u00e9t\u00e9 et afferm\u00e9es, infrastructures, r\u00e9seau de chemins agricoles, protection de la nature);<\/li>\n<li>besoin d\u2019optimisation des conditions d\u2019exploitation pour tous les participants;<\/li>\n<li>accord de 50% au moins des propri\u00e9taires fonciers d\u00e9tenant plus de 50% des surfaces.<\/li>\n<\/ul>\n<p>Informations suppl\u00e9mentaires sur les <a href=\"https:\/\/agripedia.ch\/wp-content\/uploads\/sites\/24\/pdf\/fr\/AFI_conditions-prealables.pdf\" target=\"_blank\" rel=\"noopener noreferrer\"><em>Conditions pr\u00e9alables pour une AFI (pdf)<\/em><\/a><br \/>\nInformations sur la <a href=\"https:\/\/agripedia.ch\/wp-content\/uploads\/sites\/24\/pdf\/fr\/AFI_marche-a-suivre.pdf\" target=\"_blank\" rel=\"noopener noreferrer\"><em>Marche \u00e0 suivre pour une AFI (pdf)<\/em><\/a><em><br \/>\n<a href=\"https:\/\/agripedia.ch\/wp-content\/uploads\/sites\/24\/pdf\/fr\/AFI_schema-du-deroulement.pdf\" target=\"_blank\" rel=\"noopener noreferrer\">Sch\u00e9ma du d\u00e9roulement d\u2019une AFI (pdf)<\/a><\/em><\/p>\n<a class=\"fusion-modal-text-link\" data-toggle=\"modal\" data-target=\".fusion-modal.ausl\u00f6ser\" href=\"#\"><i class=\"fb-icon-element-1 fb-icon-element fontawesome-icon fa-video fas circle-yes fusion-text-flow\" style=\"--awb-iconcolor:#ff1919;--awb-circlecolor:#ffffff;--awb-circlecolor-hover:#ffffff;--awb-circlebordercolor:#ffffff;--awb-circlebordercolor-hover:#ffffff;--awb-circlebordersize:1px;--awb-font-size:17.6px;--awb-width:35.2px;--awb-height:35.2px;--awb-line-height:33.2px;--awb-margin-right:10px;\"><\/i><strong>Qu\u2019est-ce qui a motiv\u00e9 l\u2019am\u00e9lioration fonci\u00e8re int\u00e9grale?<\/strong><\/a><div class=\"fusion-sep-clear\"><\/div><div class=\"fusion-separator fusion-full-width-sep\" style=\"margin-left: auto;margin-right: auto;width:100%;\"><\/div><div class=\"fusion-sep-clear\"><\/div><a class=\"fusion-modal-text-link\" data-toggle=\"modal\" data-target=\".fusion-modal.ausl\u00f6ser-landwirtschaft\" href=\"#\"><i class=\"fb-icon-element-2 fb-icon-element fontawesome-icon fa-video fas circle-yes fusion-text-flow\" style=\"--awb-iconcolor:#ff1919;--awb-circlecolor:#ffffff;--awb-circlecolor-hover:#ffffff;--awb-circlebordercolor:#ffffff;--awb-circlebordercolor-hover:#ffffff;--awb-circlebordersize:1px;--awb-font-size:17.6px;--awb-width:35.2px;--awb-height:35.2px;--awb-line-height:33.2px;--awb-margin-top:3px;--awb-margin-bottom:3px;\"><\/i><strong>Quels ont \u00e9t\u00e9 les d\u00e9fis de votre point de vue d\u2019agriculteur?<\/strong><\/a><div class=\"fusion-sep-clear\"><\/div><div class=\"fusion-separator fusion-full-width-sep\" style=\"margin-left: auto;margin-right: auto;width:100%;\"><\/div><div class=\"fusion-sep-clear\"><\/div><a class=\"fusion-modal-text-link\" data-toggle=\"modal\" data-target=\".fusion-modal.meliorationen-schweiz\" href=\"#\"><i class=\"fb-icon-element-3 fb-icon-element fontawesome-icon fa-video fas circle-yes fusion-text-flow\" style=\"--awb-iconcolor:#ff1919;--awb-circlecolor:#ffffff;--awb-circlecolor-hover:#ffffff;--awb-circlebordercolor:#ffffff;--awb-circlebordercolor-hover:#ffffff;--awb-circlebordersize:1px;--awb-font-size:17.6px;--awb-width:35.2px;--awb-height:35.2px;--awb-line-height:33.2px;--awb-margin-top:3px;--awb-margin-bottom:3px;\"><\/i><strong>Pourquoi ne fait-on pas plus d\u2019am\u00e9liorations fonci\u00e8res en Suisse<\/strong><strong>?<\/strong><\/a>\n<\/div><div class=\"nav fusion-mobile-tab-nav\"><ul class=\"nav-tabs nav-justified\" role=\"tablist\"><li role=\"presentation\"><a class=\"tab-link\" data-toggle=\"tab\" role=\"tab\" aria-controls=\"tab-0aa291051c779cdea97\" aria-selected=\"false\" tabindex=\"-1\" id=\"mobile-fusion-tab-facteursdesucc\u00e8s\" href=\"#tab-0aa291051c779cdea97\"><h4 class=\"fusion-tab-heading\">Facteurs de succ\u00e8s<\/h4><\/a><\/li><\/ul><\/div><div class=\"tab-pane fade fusion-clearfix\" role=\"tabpanel\" tabindex=\"0\" aria-labelledby=\"fusion-tab-facteursdesucc\u00e8s\" id=\"tab-0aa291051c779cdea97\">\n<p>Parmi les facteurs de succ\u00e8s d\u2019une am\u00e9lioration fonci\u00e8re int\u00e9grale, mentionnons:<\/p>\n<ul>\n<li>une bonne organisation du projet, qui assure l\u2019implication de tous les groupes d\u2019int\u00e9r\u00eat;<\/li>\n<li>la collaboration entre le syndicat d\u2019am\u00e9lioration, la direction technique, la commune, les autorit\u00e9s et les groupes d\u2019int\u00e9r\u00eat;<\/li>\n<li>la prise en compte des besoins et souhaits des agriculteurs concern\u00e9s, la capacit\u00e9 \u00e0 faire des compromis;<\/li>\n<li>une proc\u00e9dure transparente, l\u2019information r\u00e9guli\u00e8re des groupes d\u2019int\u00e9r\u00eat.<\/li>\n<\/ul>\n<p>Informations suppl\u00e9mentaires sur les <a href=\"https:\/\/agripedia.ch\/wp-content\/uploads\/sites\/24\/pdf\/fr\/AFI_conditions-prealables.pdf\" target=\"_blank\" rel=\"noopener noreferrer\"><em>Conditions pr\u00e9alables pour une AFI (pdf)<\/em><\/a><br \/>\nInformations sur la <a href=\"https:\/\/agripedia.ch\/wp-content\/uploads\/sites\/24\/pdf\/fr\/AFI_marche-a-suivre.pdf\" target=\"_blank\" rel=\"noopener noreferrer\"><em>Marche \u00e0 suivre pour une AFI (pdf)<\/em><\/a><em><br \/>\n<a href=\"https:\/\/agripedia.ch\/wp-content\/uploads\/sites\/24\/pdf\/fr\/AFI_schema-du-deroulement.pdf\" target=\"_blank\" rel=\"noopener noreferrer\">Sch\u00e9ma du d\u00e9roulement d\u2019une AFI (pdf)<\/a><\/em><\/p>\n<a class=\"fusion-modal-text-link\" data-toggle=\"modal\" data-target=\".fusion-modal.zahlen\" href=\"#\"><i class=\"fb-icon-element-4 fb-icon-element fontawesome-icon fa-video fas circle-yes fusion-text-flow\" style=\"--awb-iconcolor:#ff1919;--awb-circlecolor:#ffffff;--awb-circlecolor-hover:#ffffff;--awb-circlebordercolor:#ffffff;--awb-circlebordercolor-hover:#ffffff;--awb-circlebordersize:1px;--awb-font-size:17.6px;--awb-width:35.2px;--awb-height:35.2px;--awb-line-height:33.2px;--awb-margin-right:10px;\"><\/i><strong>Pouvez-vous nous donner des pr\u00e9cisions chiffr\u00e9es sur le p\u00e9rim\u00e8tre, les parcelles et les exploitants?<\/strong><\/a><div class=\"fusion-sep-clear\"><\/div><div class=\"fusion-separator fusion-full-width-sep\" style=\"margin-left: auto;margin-right: auto;width:100%;\"><\/div><div class=\"fusion-sep-clear\"><\/div><a class=\"fusion-modal-text-link\" data-toggle=\"modal\" data-target=\".fusion-modal.natur\" href=\"#\"><i class=\"fb-icon-element-5 fb-icon-element fontawesome-icon fa-video fas circle-yes fusion-text-flow\" style=\"--awb-iconcolor:#ff1919;--awb-circlecolor:#ffffff;--awb-circlecolor-hover:#ffffff;--awb-circlebordercolor:#ffffff;--awb-circlebordercolor-hover:#ffffff;--awb-circlebordersize:1px;--awb-font-size:17.6px;--awb-width:35.2px;--awb-height:35.2px;--awb-line-height:33.2px;--awb-margin-right:10px;\"><\/i><strong>Quels ont \u00e9t\u00e9 les aspects positifs pour la nature et le paysage?<\/strong><\/a><div class=\"fusion-sep-clear\"><\/div><div class=\"fusion-separator fusion-full-width-sep\" style=\"margin-left: auto;margin-right: auto;width:100%;\"><\/div><div class=\"fusion-sep-clear\"><\/div>\n<a class=\"fusion-modal-text-link\" data-toggle=\"modal\" data-target=\".fusion-modal.wirkung-landwirtschaft\" href=\"#\"><i class=\"fb-icon-element-6 fb-icon-element fontawesome-icon fa-video fas circle-yes fusion-text-flow\" style=\"--awb-iconcolor:#ff1919;--awb-circlecolor:#ffffff;--awb-circlecolor-hover:#ffffff;--awb-circlebordercolor:#ffffff;--awb-circlebordercolor-hover:#ffffff;--awb-circlebordersize:1px;--awb-font-size:17.6px;--awb-width:35.2px;--awb-height:35.2px;--awb-line-height:33.2px;--awb-margin-right:10px;\"><\/i><strong> Quels ont \u00e9t\u00e9 les effets de l\u2019am\u00e9lioration fonci\u00e8re pour vous en tant qu\u2019agriculteur?<\/strong><\/a><div class=\"fusion-sep-clear\"><\/div><div class=\"fusion-separator fusion-full-width-sep\" style=\"margin-left: auto;margin-right: auto;width:100%;\"><\/div><div class=\"fusion-sep-clear\"><\/div>\n<a class=\"fusion-modal-text-link\" data-toggle=\"modal\" data-target=\".fusion-modal.zur\u00fcckdenken\" href=\"#\"><i class=\"fb-icon-element-7 fb-icon-element fontawesome-icon fa-video fas circle-yes fusion-text-flow\" style=\"--awb-iconcolor:#ff1919;--awb-circlecolor:#ffffff;--awb-circlecolor-hover:#ffffff;--awb-circlebordercolor:#ffffff;--awb-circlebordercolor-hover:#ffffff;--awb-circlebordersize:1px;--awb-font-size:17.6px;--awb-width:35.2px;--awb-height:35.2px;--awb-line-height:33.2px;--awb-margin-top:3px;--awb-margin-bottom:3px;\"><\/i><strong>Qu\u2019est-ce qui vous vient \u00e0 l\u2019esprit lorsque vous repensez \u00e0 l\u2019AFI?<\/strong><\/a>\n<\/div><div class=\"nav fusion-mobile-tab-nav\"><ul class=\"nav-tabs nav-justified\" role=\"tablist\"><li role=\"presentation\"><a class=\"tab-link\" data-toggle=\"tab\" role=\"tab\" aria-controls=\"tab-bba2431b74556d3bec2\" aria-selected=\"false\" tabindex=\"-1\" id=\"mobile-fusion-tab-questionsjuridiques\" href=\"#tab-bba2431b74556d3bec2\"><h4 class=\"fusion-tab-heading\">Questions juridiques<\/h4><\/a><\/li><\/ul><\/div><div class=\"tab-pane fade fusion-clearfix\" role=\"tabpanel\" tabindex=\"0\" aria-labelledby=\"fusion-tab-questionsjuridiques\" id=\"tab-bba2431b74556d3bec2\">\n<p>Aspects juridiques \u00e0 consid\u00e9rer lors de la planification et de la mise en \u0153uvre d\u2019une am\u00e9lioration fonci\u00e8re int\u00e9grale:<\/p>\n<ul>\n<li>une fois que l\u2019assembl\u00e9e constitutive a ent\u00e9rin\u00e9 l\u2019AFI, la proc\u00e9dure est obligatoire pour tous les propri\u00e9taires fonciers et agriculteurs dans le p\u00e9rim\u00e8tre\u00a0;<\/li>\n<li>le plus souvent, on fonde une coop\u00e9rative (syndicat) selon le droit des obligations\u00a0; les propri\u00e9taires fonciers peuvent participer \u00e0 la conception du projet de mani\u00e8re informelle et formelle (discussions, oppositions, etc.);<\/li>\n<li>la Conf\u00e9d\u00e9ration et le canton participent aux co\u00fbts de l\u2019AFI (am\u00e9lioration fonci\u00e8re et structurelle).<\/li>\n<\/ul>\n<p>Les instances cantonales sp\u00e9cialis\u00e9es en droit foncier rural et droit du bail \u00e0 ferme peuvent fournir une aide et des conseils pr\u00e9cieux: <a href=\"https:\/\/www.suissemelio.ch\/fr\/portrait\/contact\/\" target=\"_blank\" rel=\"noopener noreferrer\">Sites Internet des autorit\u00e9s fonci\u00e8res cantonales<\/a><\/p>\n<p>Informations suppl\u00e9mentaires sur les <a href=\"https:\/\/agripedia.ch\/wp-content\/uploads\/sites\/24\/pdf\/fr\/AFI_bases-legales.pdf\" target=\"_blank\" rel=\"noopener noreferrer\"><em>Bases l\u00e9gales pour une AFI (pdf)<\/em><\/a><br \/>\nInformations suppl\u00e9mentaires sur les <a href=\"https:\/\/agripedia.ch\/wp-content\/uploads\/sites\/24\/pdf\/fr\/AFI_modalites-de-sortie.pdf\" target=\"_blank\" rel=\"noopener noreferrer\"><em>Modalit\u00e9s de sortie pour une AFI (pdf)<\/em><\/a><em><br \/>\n<\/em>Informations sur <a href=\"https:\/\/agripedia.ch\/wp-content\/uploads\/sites\/24\/pdf\/fr\/AFI_organisme-responsable.pdf\" target=\"_blank\" rel=\"noopener noreferrer\">l\u2019<em>Organisme responsable d\u2019une AFI<\/em><\/a><\/p>\n<a class=\"fusion-modal-text-link\" data-toggle=\"modal\" data-target=\".fusion-modal.pachtland\" href=\"#\"><i class=\"fb-icon-element-8 fb-icon-element fontawesome-icon fa-video fas circle-yes fusion-text-flow\" style=\"--awb-iconcolor:#ff1919;--awb-circlecolor:#ffffff;--awb-circlecolor-hover:#ffffff;--awb-circlebordercolor:#ffffff;--awb-circlebordercolor-hover:#ffffff;--awb-circlebordersize:1px;--awb-font-size:17.6px;--awb-width:35.2px;--awb-height:35.2px;--awb-line-height:33.2px;--awb-margin-right:10px;\"><\/i> <strong>Comment a-t-on proc\u00e9d\u00e9 pour les terrains afferm\u00e9s\u00a0?<\/strong><\/a>\n<\/div><div class=\"nav fusion-mobile-tab-nav\"><ul class=\"nav-tabs nav-justified\" role=\"tablist\"><li role=\"presentation\"><a class=\"tab-link\" data-toggle=\"tab\" role=\"tab\" aria-controls=\"tab-1eb88467bcbde32d1e8\" aria-selected=\"false\" tabindex=\"-1\" id=\"mobile-fusion-tab-dur\u00e9e\" href=\"#tab-1eb88467bcbde32d1e8\"><h4 class=\"fusion-tab-heading\">Dur\u00e9e<\/h4><\/a><\/li><\/ul><\/div><div class=\"tab-pane fade fusion-clearfix\" role=\"tabpanel\" tabindex=\"0\" aria-labelledby=\"fusion-tab-dur\u00e9e\" id=\"tab-1eb88467bcbde32d1e8\">\n<p><strong>Dur\u00e9e de la mise en \u0153uvre:<\/strong> une am\u00e9lioration fonci\u00e8re int\u00e9grale dure plus longtemps que les autres remaniements\/remembrements, notamment parce qu\u2019elle implique toute une s\u00e9rie d\u2019op\u00e9rations \u2013 estimation des sols, construction d\u2019infrastructures, r\u00e9attribution de surfaces, nouvelle mensuration des rapports de propri\u00e9t\u00e9, etc. \u2013 qui prennent du temps.<\/p>\n<p><strong>Dur\u00e9e des effets:<\/strong> les effets d\u2019une AFI sont les plus durables compar\u00e9s \u00e0 ceux d\u2019autres remaniements\/remembrements. Les modifications et mentions dans le registre foncier prot\u00e8gent les mesures AFI contre des changements \u00e0 court terme et donc assurent leur p\u00e9rennit\u00e9. En outre, la loi interdit de morceler \u00e0 nouveau des terrains agricoles qui ont \u00e9t\u00e9 remani\u00e9s.<\/p>\n<p>Informations suppl\u00e9mentaires sur la<a href=\"https:\/\/agripedia.ch\/wp-content\/uploads\/sites\/24\/pdf\/fr\/AFI_duree.pdf\" target=\"_blank\" rel=\"noopener noreferrer\"><em> Dur\u00e9e d\u2019une AFI (pdf)<\/em><\/a><br \/>\nInformations suppl\u00e9mentaires sur les <a href=\"https:\/\/agripedia.ch\/wp-content\/uploads\/sites\/24\/pdf\/fr\/AFI_bases-legales.pdf\" target=\"_blank\" rel=\"noopener noreferrer\"><em>Bases l\u00e9gales pour une AFI (pdf)<\/em><\/a><br \/>\nInformations suppl\u00e9mentaires sur les <a href=\"https:\/\/agripedia.ch\/wp-content\/uploads\/sites\/24\/pdf\/fr\/AFI_modalites-de-sortie.pdf\" target=\"_blank\" rel=\"noopener noreferrer\"><em>Modalit\u00e9s de sortie pour une AFI (pdf)<\/em><\/a><\/p>\n<\/div><div class=\"nav fusion-mobile-tab-nav\"><ul class=\"nav-tabs nav-justified\" role=\"tablist\"><li role=\"presentation\"><a class=\"tab-link\" data-toggle=\"tab\" role=\"tab\" aria-controls=\"tab-5e75e4b7f7185deea2b\" aria-selected=\"false\" tabindex=\"-1\" id=\"mobile-fusion-tab-renseignements\" href=\"#tab-5e75e4b7f7185deea2b\"><h4 class=\"fusion-tab-heading\">Renseignements<\/h4><\/a><\/li><\/ul><\/div><div class=\"tab-pane fade fusion-clearfix\" role=\"tabpanel\" tabindex=\"0\" aria-labelledby=\"fusion-tab-renseignements\" id=\"tab-5e75e4b7f7185deea2b\">\n<p>On trouvera d\u2019autres renseignements sur les am\u00e9liorations fonci\u00e8res int\u00e9grales:<\/p>\n<ul>\n<li>en discutant avec des coll\u00e8gues et des services communaux qui ont une certaine exp\u00e9rience en la mati\u00e8re;<\/li>\n<li>en contactant des services de consultation\/vulgarisation sp\u00e9cialis\u00e9s, des autorit\u00e9s cantonales et des sp\u00e9cialistes, que l\u2019on peut consulter \u00e9galement avant et pendant l\u2019AFI.<\/li>\n<\/ul>\n<a class=\"fusion-modal-text-link\" data-toggle=\"modal\" data-target=\".fusion-modal.empfehlungen\" href=\"#\"><i class=\"fb-icon-element-9 fb-icon-element fontawesome-icon fa-video fas circle-yes fusion-text-flow\" style=\"--awb-iconcolor:#ff1919;--awb-circlecolor:#ffffff;--awb-circlecolor-hover:#ffffff;--awb-circlebordercolor:#ffffff;--awb-circlebordercolor-hover:#ffffff;--awb-circlebordersize:1px;--awb-font-size:17.6px;--awb-width:35.2px;--awb-height:35.2px;--awb-line-height:33.2px;--awb-margin-right:10px;\"><\/i><strong>Que recommanderiez-vous pour d\u2019autres am\u00e9liorations fonci\u00e8res?<\/strong><\/a><div class=\"fusion-sep-clear\"><\/div><div class=\"fusion-separator fusion-full-width-sep\" style=\"margin-left: auto;margin-right: auto;width:100%;\"><\/div><div class=\"fusion-sep-clear\"><\/div><a class=\"fusion-modal-text-link\" data-toggle=\"modal\" data-target=\".fusion-modal.r\u00fcckblick\" href=\"#\"><i class=\"fb-icon-element-10 fb-icon-element fontawesome-icon fa-video fas circle-yes fusion-text-flow\" style=\"--awb-iconcolor:#ff1919;--awb-circlecolor:#ffffff;--awb-circlecolor-hover:#ffffff;--awb-circlebordercolor:#ffffff;--awb-circlebordercolor-hover:#ffffff;--awb-circlebordersize:1px;--awb-font-size:17.6px;--awb-width:35.2px;--awb-height:35.2px;--awb-line-height:33.2px;--awb-margin-top:3px;--awb-margin-bottom:3px;\"><\/i><strong>\u00a0<\/strong><strong>En r\u00e9trospective, aurait-il fallu faire certaines choses autrement?<\/strong><\/a><div class=\"fusion-sep-clear\"><\/div><div class=\"fusion-separator fusion-full-width-sep agri-separator\" style=\"margin-left: auto;margin-right: auto;width:100%;\"><\/div><div class=\"fusion-sep-clear\"><\/div><div class=\"accordian fusion-accordian\" style=\"--awb-border-size:1px;--awb-icon-size:10px;--awb-content-font-size:var(--awb-typography4-font-size);--awb-icon-alignment:left;--awb-hover-color:#f9f9f9;--awb-border-color:#cccccc;--awb-background-color:#ffffff;--awb-divider-color:var(--awb-color3);--awb-divider-hover-color:var(--awb-color3);--awb-icon-color:#ffffff;--awb-title-color:var(--awb-color8);--awb-content-color:var(--awb-color8);--awb-icon-box-color:#7a7a7a;--awb-toggle-hover-accent-color:#000000;--awb-title-font-family:var(--awb-typography1-font-family);--awb-title-font-weight:var(--awb-typography1-font-weight);--awb-title-font-style:var(--awb-typography1-font-style);--awb-title-font-size:20px;--awb-title-line-height:1.5;--awb-content-font-family:var(--awb-typography4-font-family);--awb-content-font-weight:var(--awb-typography4-font-weight);--awb-content-font-style:var(--awb-typography4-font-style);\"><div class=\"panel-group fusion-toggle-icon-boxed\" id=\"accordion-2482-1\"><div class=\"fusion-panel panel-default panel-53773ac1969d70554 fusion-toggle-has-divider\"><div class=\"panel-heading\"><h4 class=\"panel-title toggle\" id=\"toggle_53773ac1969d70554\"><a aria-expanded=\"false\" aria-controls=\"53773ac1969d70554\" role=\"button\" data-toggle=\"collapse\" data-parent=\"#accordion-2482-1\" data-target=\"#53773ac1969d70554\" href=\"#53773ac1969d70554\"><span class=\"fusion-toggle-icon-wrapper\" aria-hidden=\"true\"><i class=\"fa-fusion-box active-icon awb-icon-minus\" aria-hidden=\"true\"><\/i><i class=\"fa-fusion-box inactive-icon awb-icon-plus\" aria-hidden=\"true\"><\/i><\/span><span class=\"fusion-toggle-heading\">Offres de conseil pour les am\u00e9liorations fonci\u00e8res int\u00e9grales<\/span><\/a><\/h4><\/div><div id=\"53773ac1969d70554\" class=\"panel-collapse collapse \" aria-labelledby=\"toggle_53773ac1969d70554\"><div class=\"panel-body toggle-content fusion-clearfix\">\n<div id=\"address-list\"><\/div>\n<\/div><\/div><\/div><\/div><\/div>\n<\/div><div class=\"nav fusion-mobile-tab-nav\"><ul class=\"nav-tabs nav-justified\" role=\"tablist\"><li role=\"presentation\"><a class=\"tab-link\" data-toggle=\"tab\" role=\"tab\" aria-controls=\"tab-a87b61641e65bfbff56\" aria-selected=\"false\" tabindex=\"-1\" id=\"mobile-fusion-tab-r\u00e9solutiondeconflits\" href=\"#tab-a87b61641e65bfbff56\"><h4 class=\"fusion-tab-heading\">R\u00e9solution de conflits<\/h4><\/a><\/li><\/ul><\/div><div class=\"tab-pane fade fusion-clearfix\" role=\"tabpanel\" tabindex=\"0\" aria-labelledby=\"fusion-tab-r\u00e9solutiondeconflits\" id=\"tab-a87b61641e65bfbff56\">\n<p>Lorsque des individus travaillent ensemble, des probl\u00e8mes de toutes sortes peuvent se pr\u00e9senter: des accidents se produisent, des erreurs sont commises et des accords enfreints, des divergences de vues et des malentendus survien-nent, etc. Ces choses arrivent et ne doivent pas forc\u00e9ment inqui\u00e9ter, mais il est capital de r\u00e9agir correctement pour \u00e9viter qu\u2019un incident mineur ne se solde au final par un dysfonctionnement co\u00fbteux, ou qu\u2019une dispute au sujet de telle ou telle situation s\u2019\u00e9ternise.<\/p>\n<p>Voici quelques ressources qui peuvent vous aider \u00e0 g\u00e9rer des conflits.<\/p>\n<p>Informations g\u00e9n\u00e9rales sur la <a href=\"https:\/\/agripedia.ch\/wp-content\/uploads\/sites\/24\/pdf\/fr\/AFI_resolution-des-conflits.pdf\" target=\"_blank\" rel=\"noopener noreferrer\"><em>R\u00e9solution des conflits dans une AFI (pdf)<\/em><\/a><br \/>\nSite Internet <a href=\"https:\/\/agripedia.ch\/zusammenarbeit\/fr\/theorie-des-conflits\/\" rel=\"noopener noreferrer\"><em>Th\u00e9orie du conflit<\/em><\/a><\/p>\n<a class=\"fusion-modal-text-link\" data-toggle=\"modal\" data-target=\".fusion-modal.herausforderungen\" href=\"#\"><i class=\"fb-icon-element-11 fb-icon-element fontawesome-icon fa-video fas circle-yes fusion-text-flow\" style=\"--awb-iconcolor:#ff1919;--awb-circlecolor:#ffffff;--awb-circlecolor-hover:#ffffff;--awb-circlebordercolor:#ffffff;--awb-circlebordercolor-hover:#ffffff;--awb-circlebordersize:1px;--awb-font-size:17.6px;--awb-width:35.2px;--awb-height:35.2px;--awb-line-height:33.2px;--awb-margin-top:3px;--awb-margin-bottom:3px;\"><\/i><strong>Quels ont \u00e9t\u00e9 les grands d\u00e9fis du projet d\u2019AFI?<\/strong><\/a>\n<\/div><\/div><\/div><script id=\"agri-address-lister\" src=\"https:\/\/agripedia.ch\/wp-content\/uploads\/sites\/24\/js\/agri-address-lister.js\" data-csv-src=\"https:\/\/agripedia.ch\/wp-content\/uploads\/sites\/24\/csv\/anlaufstellen.csv\" data-node-selector=\"#address-list\" data-filter=\"GM=Ja\" data-lang=\"fr\"><\/script><div class=\"fusion-clearfix\"><\/div><\/div><\/div><\/div><\/div><div class=\"fusion-fullwidth fullwidth-box fusion-builder-row-4 fusion-flex-container nonhundred-percent-fullwidth non-hundred-percent-height-scrolling\" style=\"--awb-border-radius-top-left:0px;--awb-border-radius-top-right:0px;--awb-border-radius-bottom-right:0px;--awb-border-radius-bottom-left:0px;--awb-flex-wrap:wrap;\" ><div class=\"fusion-builder-row fusion-row fusion-flex-align-items-flex-start fusion-flex-content-wrap\" style=\"max-width:1144px;margin-left: calc(-4% \/ 2 );margin-right: calc(-4% \/ 2 );\"><div class=\"fusion-layout-column fusion_builder_column fusion-builder-column-7 fusion_builder_column_1_6 1_6 fusion-flex-column\" style=\"--awb-bg-size:cover;--awb-width-large:16.666666666667%;--awb-margin-top-large:0px;--awb-spacing-right-large:11.52%;--awb-margin-bottom-large:20px;--awb-spacing-left-large:11.52%;--awb-width-medium:100%;--awb-order-medium:0;--awb-spacing-right-medium:1.92%;--awb-spacing-left-medium:1.92%;--awb-width-small:100%;--awb-order-small:0;--awb-spacing-right-small:1.92%;--awb-spacing-left-small:1.92%;\"><div class=\"fusion-column-wrapper fusion-column-has-shadow fusion-flex-justify-content-flex-start fusion-content-layout-column\"><div class=\"fusion-modal modal fade modal-1 ausl\u00f6ser\" tabindex=\"-1\" role=\"dialog\" aria-labelledby=\"modal-heading-1\" aria-hidden=\"true\" style=\"--awb-border-color:#ebebeb;--awb-background:#f6f6f6;\"><div class=\"modal-dialog modal-lg\" role=\"document\"><div class=\"modal-content fusion-modal-content\"><div class=\"modal-header\"><button class=\"close\" type=\"button\" data-dismiss=\"modal\" aria-hidden=\"true\" aria-label=\"Close\">&times;<\/button><h3 class=\"modal-title\" id=\"modal-heading-1\" data-dismiss=\"modal\" aria-hidden=\"true\">Qu\u2019est-ce qui a motiv\u00e9 l\u2019am\u00e9lioration fonci\u00e8re int\u00e9grale?<\/h3><\/div><div class=\"modal-body fusion-clearfix\">\n<div class=\"fusion-video fusion-youtube agri-video\" style=\"--awb-max-width:638px;--awb-max-height:359px;\"><div class=\"video-shortcode\"><div class=\"fluid-width-video-wrapper\" style=\"padding-top:56.27%;\" ><iframe title=\"YouTube video player 2\" src=\"https:\/\/www.youtube.com\/embed\/9Cc3Db8Gl_E?wmode=transparent&autoplay=0&rel=0&cc_load_policy=1&hl=fr&listType=playlist&list=PL7ZaE-gccj2UPONmaOoXErhCcj9h23GJ7\" width=\"638\" height=\"359\" allowfullscreen allow=\"autoplay; clipboard-write; encrypted-media; gyroscope; picture-in-picture;\"><\/iframe><\/div><\/div><\/div>\n<\/div><div class=\"modal-footer\"><button class=\"fusion-button button-default button-medium button default medium\" type=\"button\" data-dismiss=\"modal\">Close<\/button><\/div><\/div><\/div><\/div><\/div><\/div><div class=\"fusion-layout-column fusion_builder_column fusion-builder-column-8 fusion_builder_column_1_6 1_6 fusion-flex-column\" style=\"--awb-bg-size:cover;--awb-width-large:16.666666666667%;--awb-margin-top-large:0px;--awb-spacing-right-large:11.52%;--awb-margin-bottom-large:20px;--awb-spacing-left-large:11.52%;--awb-width-medium:100%;--awb-order-medium:0;--awb-spacing-right-medium:1.92%;--awb-spacing-left-medium:1.92%;--awb-width-small:100%;--awb-order-small:0;--awb-spacing-right-small:1.92%;--awb-spacing-left-small:1.92%;\"><div class=\"fusion-column-wrapper fusion-column-has-shadow fusion-flex-justify-content-flex-start fusion-content-layout-column\"><div class=\"fusion-modal modal fade modal-2 pachtland\" tabindex=\"-1\" role=\"dialog\" aria-labelledby=\"modal-heading-2\" aria-hidden=\"true\" style=\"--awb-border-color:#ebebeb;--awb-background:#f6f6f6;\"><div class=\"modal-dialog modal-lg\" role=\"document\"><div class=\"modal-content fusion-modal-content\"><div class=\"modal-header\"><button class=\"close\" type=\"button\" data-dismiss=\"modal\" aria-hidden=\"true\" aria-label=\"Close\">&times;<\/button><h3 class=\"modal-title\" id=\"modal-heading-2\" data-dismiss=\"modal\" aria-hidden=\"true\">Comment a-t-on proc\u00e9d\u00e9 pour les terrains afferm\u00e9s ?<\/h3><\/div><div class=\"modal-body fusion-clearfix\">\n<div class=\"fusion-video fusion-youtube agri-video\" style=\"--awb-max-width:638px;--awb-max-height:359px;\"><div class=\"video-shortcode\"><div class=\"fluid-width-video-wrapper\" style=\"padding-top:56.27%;\" ><iframe title=\"YouTube video player 3\" src=\"https:\/\/www.youtube.com\/embed\/hd0vYI6egXA?wmode=transparent&autoplay=0&rel=0&cc_load_policy=1&hl=fr&listType=playlist&list=PL7ZaE-gccj2UPONmaOoXErhCcj9h23GJ7\" width=\"638\" height=\"359\" allowfullscreen allow=\"autoplay; clipboard-write; encrypted-media; gyroscope; picture-in-picture;\"><\/iframe><\/div><\/div><\/div>\n<\/div><div class=\"modal-footer\"><button class=\"fusion-button button-default button-medium button default medium\" type=\"button\" data-dismiss=\"modal\">Close<\/button><\/div><\/div><\/div><\/div><\/div><\/div><div class=\"fusion-layout-column fusion_builder_column fusion-builder-column-9 fusion_builder_column_1_6 1_6 fusion-flex-column\" style=\"--awb-bg-size:cover;--awb-width-large:16.666666666667%;--awb-margin-top-large:0px;--awb-spacing-right-large:11.52%;--awb-margin-bottom-large:20px;--awb-spacing-left-large:11.52%;--awb-width-medium:100%;--awb-order-medium:0;--awb-spacing-right-medium:1.92%;--awb-spacing-left-medium:1.92%;--awb-width-small:100%;--awb-order-small:0;--awb-spacing-right-small:1.92%;--awb-spacing-left-small:1.92%;\"><div class=\"fusion-column-wrapper fusion-column-has-shadow fusion-flex-justify-content-flex-start fusion-content-layout-column\"><div class=\"fusion-modal modal fade modal-3 ausl\u00f6ser-landwirtschaft\" tabindex=\"-1\" role=\"dialog\" aria-labelledby=\"modal-heading-3\" aria-hidden=\"true\" style=\"--awb-border-color:#ebebeb;--awb-background:#f6f6f6;\"><div class=\"modal-dialog modal-lg\" role=\"document\"><div class=\"modal-content fusion-modal-content\"><div class=\"modal-header\"><button class=\"close\" type=\"button\" data-dismiss=\"modal\" aria-hidden=\"true\" aria-label=\"Close\">&times;<\/button><h3 class=\"modal-title\" id=\"modal-heading-3\" data-dismiss=\"modal\" aria-hidden=\"true\"> Quels ont \u00e9t\u00e9 les d\u00e9fis de votre point de vue d\u2019agriculteur?<\/h3><\/div><div class=\"modal-body fusion-clearfix\">\n<div class=\"fusion-video fusion-youtube agri-video\" style=\"--awb-max-width:638px;--awb-max-height:359px;\"><div class=\"video-shortcode\"><div class=\"fluid-width-video-wrapper\" style=\"padding-top:56.27%;\" ><iframe title=\"YouTube video player 4\" src=\"https:\/\/www.youtube.com\/embed\/2tvYRRUG71I?wmode=transparent&autoplay=0&rel=0&cc_load_policy=1&hl=fr&listType=playlist&list=PL7ZaE-gccj2UPONmaOoXErhCcj9h23GJ7\" width=\"638\" height=\"359\" allowfullscreen allow=\"autoplay; clipboard-write; encrypted-media; gyroscope; picture-in-picture;\"><\/iframe><\/div><\/div><\/div>\n<\/div><div class=\"modal-footer\"><button class=\"fusion-button button-default button-medium button default medium\" type=\"button\" data-dismiss=\"modal\">Close<\/button><\/div><\/div><\/div><\/div><\/div><\/div><div class=\"fusion-layout-column fusion_builder_column fusion-builder-column-10 fusion_builder_column_1_6 1_6 fusion-flex-column\" style=\"--awb-bg-size:cover;--awb-width-large:16.666666666667%;--awb-margin-top-large:0px;--awb-spacing-right-large:11.52%;--awb-margin-bottom-large:20px;--awb-spacing-left-large:11.52%;--awb-width-medium:100%;--awb-order-medium:0;--awb-spacing-right-medium:1.92%;--awb-spacing-left-medium:1.92%;--awb-width-small:100%;--awb-order-small:0;--awb-spacing-right-small:1.92%;--awb-spacing-left-small:1.92%;\"><div class=\"fusion-column-wrapper fusion-column-has-shadow fusion-flex-justify-content-flex-start fusion-content-layout-column\"><div class=\"fusion-modal modal fade modal-4 wirkung-landwirtschaft\" tabindex=\"-1\" role=\"dialog\" aria-labelledby=\"modal-heading-4\" aria-hidden=\"true\" style=\"--awb-border-color:#ebebeb;--awb-background:#f6f6f6;\"><div class=\"modal-dialog modal-lg\" role=\"document\"><div class=\"modal-content fusion-modal-content\"><div class=\"modal-header\"><button class=\"close\" type=\"button\" data-dismiss=\"modal\" aria-hidden=\"true\" aria-label=\"Close\">&times;<\/button><h3 class=\"modal-title\" id=\"modal-heading-4\" data-dismiss=\"modal\" aria-hidden=\"true\">Quels ont \u00e9t\u00e9 les effets de l\u2019am\u00e9lioration fonci\u00e8re pour vous en tant qu\u2019agriculteur?<\/h3><\/div><div class=\"modal-body fusion-clearfix\">\n<div class=\"fusion-video fusion-youtube agri-video\" style=\"--awb-max-width:638px;--awb-max-height:359px;\"><div class=\"video-shortcode\"><div class=\"fluid-width-video-wrapper\" style=\"padding-top:56.27%;\" ><iframe title=\"YouTube video player 5\" src=\"https:\/\/www.youtube.com\/embed\/pA9HcjtD378?wmode=transparent&autoplay=0&rel=0&cc_load_policy=1&hl=fr&listType=playlist&list=PL7ZaE-gccj2UPONmaOoXErhCcj9h23GJ7\" width=\"638\" height=\"359\" allowfullscreen allow=\"autoplay; clipboard-write; encrypted-media; gyroscope; picture-in-picture;\"><\/iframe><\/div><\/div><\/div>\n<\/div><div class=\"modal-footer\"><button class=\"fusion-button button-default button-medium button default medium\" type=\"button\" data-dismiss=\"modal\">Close<\/button><\/div><\/div><\/div><\/div><\/div><\/div><div class=\"fusion-layout-column fusion_builder_column fusion-builder-column-11 fusion_builder_column_1_6 1_6 fusion-flex-column\" style=\"--awb-bg-size:cover;--awb-width-large:16.666666666667%;--awb-margin-top-large:0px;--awb-spacing-right-large:11.52%;--awb-margin-bottom-large:20px;--awb-spacing-left-large:11.52%;--awb-width-medium:100%;--awb-order-medium:0;--awb-spacing-right-medium:1.92%;--awb-spacing-left-medium:1.92%;--awb-width-small:100%;--awb-order-small:0;--awb-spacing-right-small:1.92%;--awb-spacing-left-small:1.92%;\"><div class=\"fusion-column-wrapper fusion-column-has-shadow fusion-flex-justify-content-flex-start fusion-content-layout-column\"><div class=\"fusion-modal modal fade modal-5 natur\" tabindex=\"-1\" role=\"dialog\" aria-labelledby=\"modal-heading-5\" aria-hidden=\"true\" style=\"--awb-border-color:#ebebeb;--awb-background:#f6f6f6;\"><div class=\"modal-dialog modal-lg\" role=\"document\"><div class=\"modal-content fusion-modal-content\"><div class=\"modal-header\"><button class=\"close\" type=\"button\" data-dismiss=\"modal\" aria-hidden=\"true\" aria-label=\"Close\">&times;<\/button><h3 class=\"modal-title\" id=\"modal-heading-5\" data-dismiss=\"modal\" aria-hidden=\"true\">Quels ont \u00e9t\u00e9 les aspects positifs pour la nature et le paysage?<\/h3><\/div><div class=\"modal-body fusion-clearfix\">\n<div class=\"fusion-video fusion-youtube agri-video\" style=\"--awb-max-width:638px;--awb-max-height:359px;\"><div class=\"video-shortcode\"><div class=\"fluid-width-video-wrapper\" style=\"padding-top:56.27%;\" ><iframe title=\"YouTube video player 6\" src=\"https:\/\/www.youtube.com\/embed\/UoBVXz_YtVY?wmode=transparent&autoplay=0&rel=0&cc_load_policy=1&hl=fr&listType=playlist&list=PL7ZaE-gccj2UPONmaOoXErhCcj9h23GJ7\" width=\"638\" height=\"359\" allowfullscreen allow=\"autoplay; clipboard-write; encrypted-media; gyroscope; picture-in-picture;\"><\/iframe><\/div><\/div><\/div>\n<\/div><div class=\"modal-footer\"><button class=\"fusion-button button-default button-medium button default medium\" type=\"button\" data-dismiss=\"modal\">Close<\/button><\/div><\/div><\/div><\/div><\/div><\/div><div class=\"fusion-layout-column fusion_builder_column fusion-builder-column-12 fusion_builder_column_1_6 1_6 fusion-flex-column\" style=\"--awb-bg-size:cover;--awb-width-large:16.666666666667%;--awb-margin-top-large:0px;--awb-spacing-right-large:11.52%;--awb-margin-bottom-large:20px;--awb-spacing-left-large:11.52%;--awb-width-medium:100%;--awb-order-medium:0;--awb-spacing-right-medium:1.92%;--awb-spacing-left-medium:1.92%;--awb-width-small:100%;--awb-order-small:0;--awb-spacing-right-small:1.92%;--awb-spacing-left-small:1.92%;\"><div class=\"fusion-column-wrapper fusion-column-has-shadow fusion-flex-justify-content-flex-start fusion-content-layout-column\"><div class=\"fusion-modal modal fade modal-6 herausforderungen\" tabindex=\"-1\" role=\"dialog\" aria-labelledby=\"modal-heading-6\" aria-hidden=\"true\" style=\"--awb-border-color:#ebebeb;--awb-background:#f6f6f6;\"><div class=\"modal-dialog modal-lg\" role=\"document\"><div class=\"modal-content fusion-modal-content\"><div class=\"modal-header\"><button class=\"close\" type=\"button\" data-dismiss=\"modal\" aria-hidden=\"true\" aria-label=\"Close\">&times;<\/button><h3 class=\"modal-title\" id=\"modal-heading-6\" data-dismiss=\"modal\" aria-hidden=\"true\"> Quels ont \u00e9t\u00e9 les grands d\u00e9fis du projet d\u2019AFI?<\/h3><\/div><div class=\"modal-body fusion-clearfix\">\n<div class=\"fusion-video fusion-youtube agri-video\" style=\"--awb-max-width:638px;--awb-max-height:359px;\"><div class=\"video-shortcode\"><div class=\"fluid-width-video-wrapper\" style=\"padding-top:56.27%;\" ><iframe title=\"YouTube video player 7\" src=\"https:\/\/www.youtube.com\/embed\/jT8s5Q8mJQ4?wmode=transparent&autoplay=0&rel=0&cc_load_policy=1&hl=fr&listType=playlist&list=PL7ZaE-gccj2UPONmaOoXErhCcj9h23GJ7\" width=\"638\" height=\"359\" allowfullscreen allow=\"autoplay; clipboard-write; encrypted-media; gyroscope; picture-in-picture;\"><\/iframe><\/div><\/div><\/div>\n<\/div><div class=\"modal-footer\"><button class=\"fusion-button button-default button-medium button default medium\" type=\"button\" data-dismiss=\"modal\">Close<\/button><\/div><\/div><\/div><\/div><\/div><\/div><div class=\"fusion-layout-column fusion_builder_column fusion-builder-column-13 fusion_builder_column_1_6 1_6 fusion-flex-column\" style=\"--awb-bg-size:cover;--awb-width-large:16.666666666667%;--awb-margin-top-large:0px;--awb-spacing-right-large:11.52%;--awb-margin-bottom-large:20px;--awb-spacing-left-large:11.52%;--awb-width-medium:100%;--awb-order-medium:0;--awb-spacing-right-medium:1.92%;--awb-spacing-left-medium:1.92%;--awb-width-small:100%;--awb-order-small:0;--awb-spacing-right-small:1.92%;--awb-spacing-left-small:1.92%;\"><div class=\"fusion-column-wrapper fusion-column-has-shadow fusion-flex-justify-content-flex-start fusion-content-layout-column\"><div class=\"fusion-modal modal fade modal-7 r\u00fcckblick\" tabindex=\"-1\" role=\"dialog\" aria-labelledby=\"modal-heading-7\" aria-hidden=\"true\" style=\"--awb-border-color:#ebebeb;--awb-background:#f6f6f6;\"><div class=\"modal-dialog modal-lg\" role=\"document\"><div class=\"modal-content fusion-modal-content\"><div class=\"modal-header\"><button class=\"close\" type=\"button\" data-dismiss=\"modal\" aria-hidden=\"true\" aria-label=\"Close\">&times;<\/button><h3 class=\"modal-title\" id=\"modal-heading-7\" data-dismiss=\"modal\" aria-hidden=\"true\">En r\u00e9trospective, aurait-il fallu faire certaines choses autrement?<\/h3><\/div><div class=\"modal-body fusion-clearfix\">\n<div class=\"fusion-video fusion-youtube agri-video\" style=\"--awb-max-width:638px;--awb-max-height:359px;\"><div class=\"video-shortcode\"><div class=\"fluid-width-video-wrapper\" style=\"padding-top:56.27%;\" ><iframe title=\"YouTube video player 8\" src=\"https:\/\/www.youtube.com\/embed\/FlbYnKZauGw?wmode=transparent&autoplay=0&rel=0&cc_load_policy=1&hl=fr&listType=playlist&list=PL7ZaE-gccj2UPONmaOoXErhCcj9h23GJ7\" width=\"638\" height=\"359\" allowfullscreen allow=\"autoplay; clipboard-write; encrypted-media; gyroscope; picture-in-picture;\"><\/iframe><\/div><\/div><\/div>\n<\/div><div class=\"modal-footer\"><button class=\"fusion-button button-default button-medium button default medium\" type=\"button\" data-dismiss=\"modal\">Close<\/button><\/div><\/div><\/div><\/div><\/div><\/div><div class=\"fusion-layout-column fusion_builder_column fusion-builder-column-14 fusion_builder_column_1_6 1_6 fusion-flex-column\" style=\"--awb-bg-size:cover;--awb-width-large:16.666666666667%;--awb-margin-top-large:0px;--awb-spacing-right-large:11.52%;--awb-margin-bottom-large:20px;--awb-spacing-left-large:11.52%;--awb-width-medium:100%;--awb-order-medium:0;--awb-spacing-right-medium:1.92%;--awb-spacing-left-medium:1.92%;--awb-width-small:100%;--awb-order-small:0;--awb-spacing-right-small:1.92%;--awb-spacing-left-small:1.92%;\"><div class=\"fusion-column-wrapper fusion-column-has-shadow fusion-flex-justify-content-flex-start fusion-content-layout-column\"><div class=\"fusion-modal modal fade modal-8 meliorationen-schweiz\" tabindex=\"-1\" role=\"dialog\" aria-labelledby=\"modal-heading-8\" aria-hidden=\"true\" style=\"--awb-border-color:#ebebeb;--awb-background:#f6f6f6;\"><div class=\"modal-dialog modal-lg\" role=\"document\"><div class=\"modal-content fusion-modal-content\"><div class=\"modal-header\"><button class=\"close\" type=\"button\" data-dismiss=\"modal\" aria-hidden=\"true\" aria-label=\"Close\">&times;<\/button><h3 class=\"modal-title\" id=\"modal-heading-8\" data-dismiss=\"modal\" aria-hidden=\"true\">Pourquoi ne fait-on pas plus d\u2019am\u00e9liorations fonci\u00e8res en Suisse?<\/h3><\/div><div class=\"modal-body fusion-clearfix\">\n<div class=\"fusion-video fusion-youtube agri-video\" style=\"--awb-max-width:638px;--awb-max-height:359px;\"><div class=\"video-shortcode\"><div class=\"fluid-width-video-wrapper\" style=\"padding-top:56.27%;\" ><iframe title=\"YouTube video player 9\" src=\"https:\/\/www.youtube.com\/embed\/Dshuj3ZyXQo?wmode=transparent&autoplay=0&rel=0&cc_load_policy=1&hl=fr&listType=playlist&list=PL7ZaE-gccj2UPONmaOoXErhCcj9h23GJ7\" width=\"638\" height=\"359\" allowfullscreen allow=\"autoplay; clipboard-write; encrypted-media; gyroscope; picture-in-picture;\"><\/iframe><\/div><\/div><\/div>\n<\/div><div class=\"modal-footer\"><button class=\"fusion-button button-default button-medium button default medium\" type=\"button\" data-dismiss=\"modal\">Close<\/button><\/div><\/div><\/div><\/div><\/div><\/div><div class=\"fusion-layout-column fusion_builder_column fusion-builder-column-15 fusion_builder_column_1_6 1_6 fusion-flex-column\" style=\"--awb-bg-size:cover;--awb-width-large:16.666666666667%;--awb-margin-top-large:0px;--awb-spacing-right-large:11.52%;--awb-margin-bottom-large:20px;--awb-spacing-left-large:11.52%;--awb-width-medium:100%;--awb-order-medium:0;--awb-spacing-right-medium:1.92%;--awb-spacing-left-medium:1.92%;--awb-width-small:100%;--awb-order-small:0;--awb-spacing-right-small:1.92%;--awb-spacing-left-small:1.92%;\"><div class=\"fusion-column-wrapper fusion-column-has-shadow fusion-flex-justify-content-flex-start fusion-content-layout-column\"><div class=\"fusion-modal modal fade modal-9 empfehlungen\" tabindex=\"-1\" role=\"dialog\" aria-labelledby=\"modal-heading-9\" aria-hidden=\"true\" style=\"--awb-border-color:#ebebeb;--awb-background:#f6f6f6;\"><div class=\"modal-dialog modal-lg\" role=\"document\"><div class=\"modal-content fusion-modal-content\"><div class=\"modal-header\"><button class=\"close\" type=\"button\" data-dismiss=\"modal\" aria-hidden=\"true\" aria-label=\"Close\">&times;<\/button><h3 class=\"modal-title\" id=\"modal-heading-9\" data-dismiss=\"modal\" aria-hidden=\"true\">Que recommanderiez-vous pour d\u2019autres am\u00e9liorations fonci\u00e8res?<\/h3><\/div><div class=\"modal-body fusion-clearfix\">\n<div class=\"fusion-video fusion-youtube agri-video\" style=\"--awb-max-width:638px;--awb-max-height:359px;\"><div class=\"video-shortcode\"><div class=\"fluid-width-video-wrapper\" style=\"padding-top:56.27%;\" ><iframe title=\"YouTube video player 10\" src=\"https:\/\/www.youtube.com\/embed\/0-_WnK-rEfU?wmode=transparent&autoplay=0&rel=0&cc_load_policy=1&hl=fr&listType=playlist&list=PL7ZaE-gccj2UPONmaOoXErhCcj9h23GJ7\" width=\"638\" height=\"359\" allowfullscreen allow=\"autoplay; clipboard-write; encrypted-media; gyroscope; picture-in-picture;\"><\/iframe><\/div><\/div><\/div>\n<\/div><div class=\"modal-footer\"><button class=\"fusion-button button-default button-medium button default medium\" type=\"button\" data-dismiss=\"modal\">Close<\/button><\/div><\/div><\/div><\/div><\/div><\/div><div class=\"fusion-layout-column fusion_builder_column fusion-builder-column-16 fusion_builder_column_1_6 1_6 fusion-flex-column\" style=\"--awb-bg-size:cover;--awb-width-large:16.666666666667%;--awb-margin-top-large:0px;--awb-spacing-right-large:11.52%;--awb-margin-bottom-large:20px;--awb-spacing-left-large:11.52%;--awb-width-medium:100%;--awb-order-medium:0;--awb-spacing-right-medium:1.92%;--awb-spacing-left-medium:1.92%;--awb-width-small:100%;--awb-order-small:0;--awb-spacing-right-small:1.92%;--awb-spacing-left-small:1.92%;\"><div class=\"fusion-column-wrapper fusion-column-has-shadow fusion-flex-justify-content-flex-start fusion-content-layout-column\"><div class=\"fusion-modal modal fade modal-10 zur\u00fcckdenken\" tabindex=\"-1\" role=\"dialog\" aria-labelledby=\"modal-heading-10\" aria-hidden=\"true\" style=\"--awb-border-color:#ebebeb;--awb-background:#f6f6f6;\"><div class=\"modal-dialog modal-lg\" role=\"document\"><div class=\"modal-content fusion-modal-content\"><div class=\"modal-header\"><button class=\"close\" type=\"button\" data-dismiss=\"modal\" aria-hidden=\"true\" aria-label=\"Close\">&times;<\/button><h3 class=\"modal-title\" id=\"modal-heading-10\" data-dismiss=\"modal\" aria-hidden=\"true\">Qu\u2019est-ce qui vous vient \u00e0 l\u2019esprit lorsque vous repensez \u00e0 l\u2019AFI?<\/h3><\/div><div class=\"modal-body fusion-clearfix\">\n<div class=\"fusion-video fusion-youtube agri-video\" style=\"--awb-max-width:638px;--awb-max-height:359px;\"><div class=\"video-shortcode\"><div class=\"fluid-width-video-wrapper\" style=\"padding-top:56.27%;\" ><iframe title=\"YouTube video player 11\" src=\"https:\/\/www.youtube.com\/embed\/FwxZ1zT-sCk?wmode=transparent&autoplay=0&rel=0&cc_load_policy=1&hl=fr&listType=playlist&list=PL7ZaE-gccj2UPONmaOoXErhCcj9h23GJ7\" width=\"638\" height=\"359\" allowfullscreen allow=\"autoplay; clipboard-write; encrypted-media; gyroscope; picture-in-picture;\"><\/iframe><\/div><\/div><\/div>\n<\/div><div class=\"modal-footer\"><button class=\"fusion-button button-default button-medium button default medium\" type=\"button\" data-dismiss=\"modal\">Close<\/button><\/div><\/div><\/div><\/div><\/div><\/div><div class=\"fusion-layout-column fusion_builder_column fusion-builder-column-17 fusion_builder_column_1_6 1_6 fusion-flex-column\" style=\"--awb-bg-size:cover;--awb-width-large:16.666666666667%;--awb-margin-top-large:0px;--awb-spacing-right-large:11.52%;--awb-margin-bottom-large:20px;--awb-spacing-left-large:11.52%;--awb-width-medium:100%;--awb-order-medium:0;--awb-spacing-right-medium:1.92%;--awb-spacing-left-medium:1.92%;--awb-width-small:100%;--awb-order-small:0;--awb-spacing-right-small:1.92%;--awb-spacing-left-small:1.92%;\"><div class=\"fusion-column-wrapper fusion-column-has-shadow fusion-flex-justify-content-flex-start fusion-content-layout-column\"><div class=\"fusion-modal modal fade modal-11 zahlen\" tabindex=\"-1\" role=\"dialog\" aria-labelledby=\"modal-heading-11\" aria-hidden=\"true\" style=\"--awb-border-color:#ebebeb;--awb-background:#f6f6f6;\"><div class=\"modal-dialog modal-lg\" role=\"document\"><div class=\"modal-content fusion-modal-content\"><div class=\"modal-header\"><button class=\"close\" type=\"button\" data-dismiss=\"modal\" aria-hidden=\"true\" aria-label=\"Close\">&times;<\/button><h3 class=\"modal-title\" id=\"modal-heading-11\" data-dismiss=\"modal\" aria-hidden=\"true\">Pouvez-vous nous donner des pr\u00e9cisions chiffr\u00e9es sur le p\u00e9rim\u00e8tre, les parcelles et les exploitants?<\/h3><\/div><div class=\"modal-body fusion-clearfix\">\n<div class=\"fusion-video fusion-youtube agri-video\" style=\"--awb-max-width:638px;--awb-max-height:359px;\"><div class=\"video-shortcode\"><div class=\"fluid-width-video-wrapper\" style=\"padding-top:56.27%;\" ><iframe title=\"YouTube video player 12\" src=\"https:\/\/www.youtube.com\/embed\/QZLkRo1CJ6g?wmode=transparent&autoplay=0&rel=0&start=10&cc_load_policy=1&hl=fr&listType=playlist&list=PL7ZaE-gccj2UPONmaOoXErhCcj9h23GJ7\" width=\"638\" height=\"359\" allowfullscreen allow=\"autoplay; clipboard-write; encrypted-media; gyroscope; picture-in-picture;\"><\/iframe><\/div><\/div><\/div>\n<\/div><div class=\"modal-footer\"><button class=\"fusion-button button-default button-medium button default medium\" type=\"button\" data-dismiss=\"modal\">Close<\/button><\/div><\/div><\/div><\/div><\/div><\/div><div class=\"fusion-layout-column fusion_builder_column fusion-builder-column-18 fusion_builder_column_1_6 1_6 fusion-flex-column\" style=\"--awb-bg-size:cover;--awb-width-large:16.666666666667%;--awb-margin-top-large:0px;--awb-spacing-right-large:11.52%;--awb-margin-bottom-large:20px;--awb-spacing-left-large:11.52%;--awb-width-medium:100%;--awb-order-medium:0;--awb-spacing-right-medium:1.92%;--awb-spacing-left-medium:1.92%;--awb-width-small:100%;--awb-order-small:0;--awb-spacing-right-small:1.92%;--awb-spacing-left-small:1.92%;\"><div class=\"fusion-column-wrapper fusion-column-has-shadow fusion-flex-justify-content-flex-start fusion-content-layout-column\"><\/div><\/div><\/div><\/div><div class=\"fusion-fullwidth fullwidth-box fusion-builder-row-5 fusion-flex-container nonhundred-percent-fullwidth non-hundred-percent-height-scrolling\" style=\"--awb-border-radius-top-left:0px;--awb-border-radius-top-right:0px;--awb-border-radius-bottom-right:0px;--awb-border-radius-bottom-left:0px;--awb-flex-wrap:wrap;\" ><div class=\"fusion-builder-row fusion-row fusion-flex-align-items-flex-start fusion-flex-content-wrap\" style=\"max-width:1144px;margin-left: calc(-4% \/ 2 );margin-right: calc(-4% \/ 2 );\"><div class=\"fusion-layout-column fusion_builder_column fusion-builder-column-19 fusion_builder_column_1_1 1_1 fusion-flex-column\" style=\"--awb-bg-size:cover;--awb-width-large:100%;--awb-margin-top-large:0px;--awb-spacing-right-large:1.92%;--awb-margin-bottom-large:20px;--awb-spacing-left-large:1.92%;--awb-width-medium:100%;--awb-order-medium:0;--awb-spacing-right-medium:1.92%;--awb-spacing-left-medium:1.92%;--awb-width-small:100%;--awb-order-small:0;--awb-spacing-right-small:1.92%;--awb-spacing-left-small:1.92%;\"><div class=\"fusion-column-wrapper fusion-column-has-shadow fusion-flex-justify-content-flex-start fusion-content-layout-column\"><div class=\"fusion-title title fusion-title-1 fusion-sep-none fusion-title-text fusion-title-size-two\"><h2 class=\"fusion-title-heading title-heading-left fusion-responsive-typography-calculated\" style=\"margin:0;--fontSize:40;line-height:1.5;\"><i class=\"fb-icon-element-12 fb-icon-element fontawesome-icon fa-question fas circle-yes fusion-text-flow\" style=\"--awb-circlebordersize:1px;--awb-font-size:19.36px;--awb-width:38.72px;--awb-height:38.72px;--awb-line-height:36.72px;--awb-margin-right:11px;\"><\/i> Foire aux questions<\/p><\/h2><\/div><style type=\"text\/css\">.fusion-faqs-wrapper #accordian-1 .fusion-panel { border-color:var(--awb-color3); }.fusion-faqs-wrapper #accordian-1 .fusion-panel:hover{ border-color: var(--awb-color3); }.fusion-accordian #accordian-1 .panel-title a .fa-fusion-box:before{ font-size: 13px;width: 13px;}.fusion-accordian #accordian-1 .panel-title a .fa-fusion-box{ color: #ffffff;}.fusion-accordian  #accordian-1 .panel-title a{font-family:var(--awb-typography1-font-family);font-weight:var(--awb-typography1-font-weight);font-style:var(--awb-typography1-font-style);}.fusion-accordian  #accordian-1 .panel-title a:not(:hover){}.fusion-accordian  #accordian-1 .toggle-content{font-family:var(--awb-typography4-font-family);font-weight:var(--awb-typography4-font-weight);font-style:var(--awb-typography4-font-style);}.fusion-accordian #accordian-1 .fa-fusion-box { background-color: #333333 !important;border-color: #333333 !important;}.fusion-accordian #accordian-1 .panel-title a:hover,.fusion-accordian #accordian-1 .panel-title a.hover { color: #e10707;}.fusion-faq-shortcode .fusion-accordian #accordian-1 .fusion-toggle-boxed-mode:hover .panel-title a { color: #e10707;}.fusion-accordian #accordian-1 .panel-title .active .fa-fusion-box,.fusion-accordian #accordian-1 .panel-title a:hover .fa-fusion-box,.fusion-accordian #accordian-1 .panel-title a.hover .fa-fusion-box { background-color: #e10707!important;border-color: #e10707!important;}<\/style><div class=\"fusion-faq-shortcode\" style=\"\"><div class=\"fusion-faqs-wrapper\"><div class=\"accordian fusion-accordian\"><div class=\"panel-group \" id=\"accordian-1\"><div class=\"fusion-panel panel-default fusion-faq-post fusion-faq-post-3598 foire-aux-questions-amelioration-fonciere-integrale \"><span class=\"entry-title rich-snippet-hidden\">Quels sont les \u00e9l\u00e9ments pris en compte et modifi\u00e9s dans le processus de planification d\u2019une am\u00e9lioration fonci\u00e8re int\u00e9grale<\/span><span class=\"vcard rich-snippet-hidden\"><span class=\"fn\"><a href=\"https:\/\/agripedia.ch\/zusammenarbeit\/fr\/author\/ust0\/\" title=\"Articles par ust0\" rel=\"author\">ust0<\/a><\/span><\/span><span class=\"updated rich-snippet-hidden\">2021-01-26T18:24:11+01:00<\/span><div class=\"panel-heading\"><h4 id=\"faq_1-3598\" class=\"panel-title toggle\"><a data-toggle=\"collapse\" class=\"collapsed\" data-parent=\"#accordian-1\" data-target=\"#collapse-1-3598\" href=\"#collapse-1-3598\" aria-expanded=\"false\"><div class=\"fusion-toggle-icon-wrapper\"><div class=\"fusion-toggle-icon-wrapper-main\"><div class=\"fusion-toggle-icon-wrapper-sub\"><i class=\"fa-fusion-box active-icon awb-icon-minus\" aria-hidden=\"true\"><\/i><i class=\"fa-fusion-box inactive-icon awb-icon-plus\" aria-hidden=\"true\"><\/i><\/div><\/div><\/div><div class=\"fusion-toggle-heading\">Quels sont les \u00e9l\u00e9ments pris en compte et modifi\u00e9s dans le processus de planification d\u2019une am\u00e9lioration fonci\u00e8re int\u00e9grale<\/div><\/a><\/h4><\/div><div id=\"collapse-1-3598\" aria-labelledby=\"faq_1-3598\" class=\"panel-collapse collapse\"><div class=\"panel-body toggle-content post-content\"><p>Selon l\u2019art.\u00a011 de l\u2019ordonnance sur les am\u00e9liorations structurelles (OAS), une am\u00e9lioration fonci\u00e8re int\u00e9grale (ou moderne) est un remaniement parcellaire des terres en propri\u00e9t\u00e9 et, si voulu, des terres afferm\u00e9es, doubl\u00e9 de mesures de construction ou d\u2019am\u00e9lioration des infrastructures et de mesures de promotion de la biodiversit\u00e9. Il s\u2019agit donc d\u2019un vaste projet de conservation, d\u2019am\u00e9nagement et de d\u00e9veloppement de l\u2019espace rural. Les mesures d\u2019int\u00e9r\u00eat public concernent deux grands domaines \u00e0 l\u2019int\u00e9rieur du p\u00e9rim\u00e8tre d\u00e9fini, \u00e0 savoir\u00a0:<\/p>\n<ul>\n<li>la r\u00e9organisation de la propri\u00e9t\u00e9 fonci\u00e8re, l\u2019adaptation des bases de l\u2019am\u00e9nagement du territoire et de la mise en r\u00e9seau \u00e9cologique, le remembrement ou remaniement en lien avec des mesures de planification, des mesures \u00e9cologiques et autres mesures ayant une incidence sur le territoire;<\/li>\n<li>l\u2019optimisation des infrastructures, en particulier en zone agricole, avec des travaux de g\u00e9nie rural pour am\u00e9liorer les possibilit\u00e9s d\u2019exploitation (regroupement parcellaire, chemins ruraux, \u00e9quilibre sol-eau, etc.) et pour r\u00e9duire les co\u00fbts de production des exploitations agricoles.<\/li>\n<\/ul>\n<\/div><\/div><\/div><div class=\"fusion-panel panel-default fusion-faq-post fusion-faq-post-3602 foire-aux-questions-amelioration-fonciere-integrale \"><span class=\"entry-title rich-snippet-hidden\">Je trouve l\u2019am\u00e9lioration fonci\u00e8re int\u00e9grale pr\u00e9vue beaucoup trop ch\u00e8re. Peut-on m\u2019obliger \u00e0 y participer?<\/span><span class=\"vcard rich-snippet-hidden\"><span class=\"fn\"><a href=\"https:\/\/agripedia.ch\/zusammenarbeit\/fr\/author\/ust0\/\" title=\"Articles par ust0\" rel=\"author\">ust0<\/a><\/span><\/span><span class=\"updated rich-snippet-hidden\">2021-01-26T18:23:02+01:00<\/span><div class=\"panel-heading\"><h4 id=\"faq_1-3602\" class=\"panel-title toggle\"><a data-toggle=\"collapse\" class=\"collapsed\" data-parent=\"#accordian-1\" data-target=\"#collapse-1-3602\" href=\"#collapse-1-3602\" aria-expanded=\"false\"><div class=\"fusion-toggle-icon-wrapper\"><div class=\"fusion-toggle-icon-wrapper-main\"><div class=\"fusion-toggle-icon-wrapper-sub\"><i class=\"fa-fusion-box active-icon awb-icon-minus\" aria-hidden=\"true\"><\/i><i class=\"fa-fusion-box inactive-icon awb-icon-plus\" aria-hidden=\"true\"><\/i><\/div><\/div><\/div><div class=\"fusion-toggle-heading\">Je trouve l\u2019am\u00e9lioration fonci\u00e8re int\u00e9grale pr\u00e9vue beaucoup trop ch\u00e8re. Peut-on m\u2019obliger \u00e0 y participer?<\/div><\/a><\/h4><\/div><div id=\"collapse-1-3602\" aria-labelledby=\"faq_1-3602\" class=\"panel-collapse collapse\"><div class=\"panel-body toggle-content post-content\"><p>Selon l\u2019art.\u00a0703 du code civil suisse (CC), tous les propri\u00e9taires fonciers dans un p\u00e9rim\u00e8tre doivent participer au remaniement parcellaire une fois que celui-ci a \u00e9t\u00e9 vot\u00e9. Il faut en particulier l\u2019accord de plus de la moiti\u00e9 des propri\u00e9taires fonciers poss\u00e9dant plus de la moiti\u00e9 des terrains du p\u00e9rim\u00e8tre. Les propri\u00e9taires fonciers qui n\u2019ont pas particip\u00e9 au vote sont consid\u00e9r\u00e9s comme ayant donn\u00e9 leur accord.<\/p>\n<\/div><\/div><\/div><div class=\"fusion-panel panel-default fusion-faq-post fusion-faq-post-3600 foire-aux-questions-amelioration-fonciere-integrale \"><span class=\"entry-title rich-snippet-hidden\">Un projet d\u2019am\u00e9lioration fonci\u00e8re int\u00e9grale est-il soutenu financi\u00e8rement par les pouvoir publics?<\/span><span class=\"vcard rich-snippet-hidden\"><span class=\"fn\"><a href=\"https:\/\/agripedia.ch\/zusammenarbeit\/fr\/author\/ust0\/\" title=\"Articles par ust0\" rel=\"author\">ust0<\/a><\/span><\/span><span class=\"updated rich-snippet-hidden\">2021-01-26T18:23:34+01:00<\/span><div class=\"panel-heading\"><h4 id=\"faq_1-3600\" class=\"panel-title toggle\"><a data-toggle=\"collapse\" class=\"collapsed\" data-parent=\"#accordian-1\" data-target=\"#collapse-1-3600\" href=\"#collapse-1-3600\" aria-expanded=\"false\"><div class=\"fusion-toggle-icon-wrapper\"><div class=\"fusion-toggle-icon-wrapper-main\"><div class=\"fusion-toggle-icon-wrapper-sub\"><i class=\"fa-fusion-box active-icon awb-icon-minus\" aria-hidden=\"true\"><\/i><i class=\"fa-fusion-box inactive-icon awb-icon-plus\" aria-hidden=\"true\"><\/i><\/div><\/div><\/div><div class=\"fusion-toggle-heading\">Un projet d\u2019am\u00e9lioration fonci\u00e8re int\u00e9grale est-il soutenu financi\u00e8rement par les pouvoir publics?<\/div><\/a><\/h4><\/div><div id=\"collapse-1-3600\" aria-labelledby=\"faq_1-3600\" class=\"panel-collapse collapse\"><div class=\"panel-body toggle-content post-content\"><p>Une am\u00e9lioration fonci\u00e8re int\u00e9grale (AFI) est un projet complexe et co\u00fbteux, mais tant les propri\u00e9taires fonciers que le secteur public tirent grand profit des effets positifs qu\u2019elle d\u00e9ploie en termes de r\u00e9organisation fonci\u00e8re et d\u2019optimisation des infrastructures. La Conf\u00e9d\u00e9ration, les cantons et les communes contribuent de mani\u00e8re significative aux co\u00fbts et au processus administratif d\u2019une am\u00e9lioration fonci\u00e8re int\u00e9grale. La contribution de la Conf\u00e9d\u00e9ration, par exemple, peut aller jusqu\u2019\u00e0 40\u00a0% des co\u00fbts de l\u2019AFI, voire 50\u00a0% dans la r\u00e9gion de montagne. Quant aux contributions des cantons et des communes, elles varient selon la l\u00e9gislation cantonale. On peut donc dire que les propri\u00e9taires fonciers concern\u00e9s b\u00e9n\u00e9ficient \u00e0 tr\u00e8s bon compte d\u2019une am\u00e9lioration structurelle sensible.<\/p>\n<\/div><\/div><\/div><\/div><\/div><\/div><\/div><div class=\"fusion-separator fusion-full-width-sep agri-separator\" style=\"align-self: center;margin-left: auto;margin-right: auto;width:100%;\"><\/div><\/div><\/div><\/div><\/div><div class=\"fusion-fullwidth fullwidth-box fusion-builder-row-6 nonhundred-percent-fullwidth non-hundred-percent-height-scrolling\" style=\"--awb-border-radius-top-left:0px;--awb-border-radius-top-right:0px;--awb-border-radius-bottom-right:0px;--awb-border-radius-bottom-left:0px;--awb-flex-wrap:wrap;\" ><div class=\"fusion-builder-row fusion-row\"><div class=\"fusion-layout-column fusion_builder_column fusion-builder-column-20 fusion_builder_column_1_1 1_1 fusion-one-full fusion-column-first fusion-column-last\" style=\"--awb-bg-size:cover;\"><div class=\"fusion-column-wrapper fusion-flex-column-wrapper-legacy\"><div class=\"fusion-title title fusion-title-2 fusion-sep-none fusion-title-text fusion-title-size-two\" id=\"praxisbeispiele\"><h2 class=\"fusion-title-heading title-heading-left fusion-responsive-typography-calculated\" style=\"margin:0;--fontSize:40;line-height:1.5;\">Exemples pratiques<\/h2><\/div><div class=\"fusion-clearfix\"><\/div><\/div><\/div><div class=\"fusion-layout-column fusion_builder_column fusion-builder-column-21 fusion_builder_column_1_1 1_1 fusion-one-full fusion-column-first fusion-column-last\" style=\"--awb-bg-size:cover;\"><div class=\"fusion-column-wrapper fusion-flex-column-wrapper-legacy\"><div class=\"fusion-recent-posts fusion-recent-posts-1 avada-container layout-default layout-columns-3\"><section class=\"fusion-columns columns fusion-columns-3 columns-3\"><article class=\"post fusion-column column col col-lg-4 col-md-4 col-sm-4\"><div class=\"fusion-flexslider fusion-flexslider-loading flexslider flexslider-hover-type-none\"><ul class=\"slides\"><li><a href=\"https:\/\/agripedia.ch\/zusammenarbeit\/fr\/lamelioration-fonciere-moderne-de-boswil\/\" aria-label=\"L\u2019am\u00e9lioration fonci\u00e8re moderne de Boswil\" class=\"hover-type-none\"><img decoding=\"async\" width=\"700\" height=\"441\" src=\"https:\/\/agripedia.ch\/zusammenarbeit\/wp-content\/uploads\/sites\/24\/2020\/03\/Boswil-danach-700x441.png\" class=\"attachment-recent-posts size-recent-posts\" alt=\"\" srcset=\"https:\/\/agripedia.ch\/zusammenarbeit\/wp-content\/uploads\/sites\/24\/2020\/03\/Boswil-danach-320x202.png 320w, https:\/\/agripedia.ch\/zusammenarbeit\/wp-content\/uploads\/sites\/24\/2020\/03\/Boswil-danach-700x441.png 700w\" sizes=\"(max-width: 700px) 100vw, 700px\" \/><\/a><\/li><\/ul><\/div><div class=\"recent-posts-content\"><span class=\"vcard\" style=\"display: none;\"><span class=\"fn\"><a href=\"https:\/\/agripedia.ch\/zusammenarbeit\/fr\/author\/bge0\/\" title=\"Articles par bge\" rel=\"author\">bge<\/a><\/span><\/span><span class=\"updated\" style=\"display:none;\">2021-06-29T12:53:13+01:00<\/span><h4 class=\"entry-title\"><a href=\"https:\/\/agripedia.ch\/zusammenarbeit\/fr\/lamelioration-fonciere-moderne-de-boswil\/\">L\u2019am\u00e9lioration fonci\u00e8re moderne de Boswil<\/a><\/h4><p> Le projet d\u2019am\u00e9lioration fonci\u00e8re moderne (int\u00e9grale) de Boswil, dans le canton d\u2019Argovie, a \u00e9t\u00e9 r\u00e9alis\u00e9 entre 1999 ...<\/p><\/div><\/article><article class=\"post fusion-column column col col-lg-4 col-md-4 col-sm-4\"><div class=\"fusion-flexslider fusion-flexslider-loading flexslider flexslider-hover-type-none\"><ul class=\"slides\"><li><a href=\"https:\/\/agripedia.ch\/zusammenarbeit\/fr\/amelioration-fonciere-integrale-et-projet-de-protection-contre-les-inondations-suhrental-ag\/\" aria-label=\"Am\u00e9lioration fonci\u00e8re int\u00e9grale et projet de protection contre les inondations Suhrental (AG)\" class=\"hover-type-none\"><img decoding=\"async\" width=\"668\" height=\"441\" src=\"https:\/\/agripedia.ch\/zusammenarbeit\/wp-content\/uploads\/sites\/24\/2020\/10\/ab17_datentabelle_grafik_politik_strukturverbesserungen_hochwasserschutz_1_d-668-668x441.png\" class=\"attachment-recent-posts size-recent-posts\" alt=\"\" \/><\/a><\/li><\/ul><\/div><div class=\"recent-posts-content\"><span class=\"vcard\" style=\"display: none;\"><span class=\"fn\"><a href=\"https:\/\/agripedia.ch\/zusammenarbeit\/fr\/author\/bge0\/\" title=\"Articles par bge\" rel=\"author\">bge<\/a><\/span><\/span><span class=\"updated\" style=\"display:none;\">2021-06-01T17:40:48+01:00<\/span><h4 class=\"entry-title\"><a href=\"https:\/\/agripedia.ch\/zusammenarbeit\/fr\/amelioration-fonciere-integrale-et-projet-de-protection-contre-les-inondations-suhrental-ag\/\">Am\u00e9lioration fonci\u00e8re int\u00e9grale et projet de protection contre les inondations Suhrental (AG)<\/a><\/h4><p>Gesamtmelioration - Alle Praxisbeispiele (PDF)   La vall\u00e9e du Suhrental, dans le sud du canton d'Argovie, et ...<\/p><\/div><\/article><article class=\"post fusion-column column col col-lg-4 col-md-4 col-sm-4\"><div class=\"fusion-flexslider fusion-flexslider-loading flexslider flexslider-hover-type-none\"><ul class=\"slides\"><li><a href=\"https:\/\/agripedia.ch\/zusammenarbeit\/fr\/amelioration-fonciere-integrale-flaacherfeld\/\" aria-label=\"Am\u00e9lioration fonci\u00e8re int\u00e9grale Flaacherfeld (ZH)\" class=\"hover-type-none\"><img decoding=\"async\" width=\"668\" height=\"441\" src=\"https:\/\/agripedia.ch\/zusammenarbeit\/wp-content\/uploads\/sites\/24\/2020\/10\/ab18_gesamtmelioration_flaacherfeld_wegnetz_d-668-668x441.png\" class=\"attachment-recent-posts size-recent-posts\" alt=\"\" \/><\/a><\/li><\/ul><\/div><div class=\"recent-posts-content\"><span class=\"vcard\" style=\"display: none;\"><span class=\"fn\"><a href=\"https:\/\/agripedia.ch\/zusammenarbeit\/fr\/author\/bge0\/\" title=\"Articles par bge\" rel=\"author\">bge<\/a><\/span><\/span><span class=\"updated\" style=\"display:none;\">2021-06-01T16:30:57+01:00<\/span><h4 class=\"entry-title\"><a href=\"https:\/\/agripedia.ch\/zusammenarbeit\/fr\/amelioration-fonciere-integrale-flaacherfeld\/\">Am\u00e9lioration fonci\u00e8re int\u00e9grale Flaacherfeld (ZH)<\/a><\/h4><p>Gesamtmelioration - Alle Praxisbeispiele (PDF)   La commune de Flaach compte 1360 habitants et 600 ha de ...<\/p><\/div><\/article><\/section><\/div><div class=\"fusion-clearfix\"><\/div><\/div><\/div><\/div><\/div><\/p>\n","protected":false},"excerpt":{"rendered":"","protected":false},"author":192,"featured_media":0,"parent":2525,"menu_order":6,"comment_status":"closed","ping_status":"closed","template":"","meta":{"_sb_is_suggestion_mode":false,"_sb_show_suggestion_boards":false,"_sb_show_comment_boards":false,"_sb_suggestion_history":"","_sb_update_block_changes":"","_monsterinsights_skip_tracking":false,"_monsterinsights_sitenote_active":false,"_monsterinsights_sitenote_note":"","_monsterinsights_sitenote_category":0,"footnotes":""},"class_list":["post-2482","page","type-page","status-publish","hentry"],"_links":{"self":[{"href":"https:\/\/agripedia.ch\/zusammenarbeit\/fr\/wp-json\/wp\/v2\/pages\/2482","targetHints":{"allow":["GET"]}}],"collection":[{"href":"https:\/\/agripedia.ch\/zusammenarbeit\/fr\/wp-json\/wp\/v2\/pages"}],"about":[{"href":"https:\/\/agripedia.ch\/zusammenarbeit\/fr\/wp-json\/wp\/v2\/types\/page"}],"author":[{"embeddable":true,"href":"https:\/\/agripedia.ch\/zusammenarbeit\/fr\/wp-json\/wp\/v2\/users\/192"}],"replies":[{"embeddable":true,"href":"https:\/\/agripedia.ch\/zusammenarbeit\/fr\/wp-json\/wp\/v2\/comments?post=2482"}],"version-history":[{"count":38,"href":"https:\/\/agripedia.ch\/zusammenarbeit\/fr\/wp-json\/wp\/v2\/pages\/2482\/revisions"}],"predecessor-version":[{"id":5119,"href":"https:\/\/agripedia.ch\/zusammenarbeit\/fr\/wp-json\/wp\/v2\/pages\/2482\/revisions\/5119"}],"up":[{"embeddable":true,"href":"https:\/\/agripedia.ch\/zusammenarbeit\/fr\/wp-json\/wp\/v2\/pages\/2525"}],"wp:attachment":[{"href":"https:\/\/agripedia.ch\/zusammenarbeit\/fr\/wp-json\/wp\/v2\/media?parent=2482"}],"curies":[{"name":"wp","href":"https:\/\/api.w.org\/{rel}","templated":true}]}}