{"id":41,"date":"2023-01-19T14:59:22","date_gmt":"2023-01-19T13:59:22","guid":{"rendered":"https:\/\/agripedia.ch\/pflanzliche-proteine\/?page_id=41"},"modified":"2025-10-15T14:06:29","modified_gmt":"2025-10-15T12:06:29","slug":"einsichten-aus-der-praxis","status":"publish","type":"page","link":"https:\/\/agripedia.ch\/pflanzliche-proteine\/einsichten-aus-der-praxis\/","title":{"rendered":"Einsichten aus der Praxis"},"content":{"rendered":"\n<p>In diesem Kapitel fassen wir zusammen, welche Herausforderungen sich auf jeder Ebene der Wertsch\u00f6pfungskette stellen. Dar\u00fcber hinaus befragten wir f\u00fcr jeder Ebene der Wertsch\u00f6pfungskette eine Person, die \u00fcber umfangreiche Erfahrungen in der Produktion und\/oder Verarbeitung pflanzlicher Proteine in der Schweiz verf\u00fcgt.<br>Dank dieser Expertinnen und Experten und unserer eigenen Recherchen haben wir eine Liste mit Tipps erstellt, die wir denjenigen geben, die sich in diesem neuen Bereich versuchen m\u00f6chten.<\/p>\n\n\n\n<h3 class=\"wp-block-heading\">Herausforderungen<\/h3>\n\n\n\n<figure class=\"wp-block-table is-style-stripes\"><table><thead><tr><th>Stufe der Wertsch\u00f6pfungskette<\/th><th>Herausforderungen<\/th><\/tr><\/thead><tbody><tr><td><strong>Produktion<\/strong><\/td><td>&#8211; Agronomische Aspekte des Anbaus<br>&#8211; Verarbeitungskette noch nicht gut aufgebaut<br>&#8211; Sorten<br>&#8211; Saatgutqualit\u00e4t<br>&#8211; Schwankender Ertrag <\/td><\/tr><tr><td><strong>Sammelstellen<\/strong><\/td><td>&#8211; Fehlende Richtlinien <br>&#8211; Kleine Chargen<br>&#8211; Lagerzellen<\/td><\/tr><tr><td><strong>Spezialreinigung<\/strong><\/td><td>&#8211; Unterschiedliche Sorten und schwankende Qualit\u00e4t<br>&#8211; Fehlende Richtlinien<br>&#8211; Investitionen<br>&#8211; Spezielle Maschinen<\/td><\/tr><tr><td><strong>Getreidem\u00fchlen<\/strong><\/td><td>&#8211; Investitionen n\u00f6tig<br>&#8211; Oft grosse Mengen erforderlich<\/td><\/tr><tr><td><strong>Endverarbeitung<\/strong><\/td><td>&#8211; Noch unbekannter Markt<br>&#8211; Oft nur kleine Mengen aus der Schweiz vorhanden <br>&#8211; Qualit\u00e4t<br>&#8211; Fehlende Verarbeitungsstufe in der Schweiz<\/td><\/tr><\/tbody><\/table><\/figure>\n\n\n\n<h3 class=\"wp-block-heading\">Tipps<\/h3>\n\n\n\n<ul class=\"wp-block-list\">\n<li>Beim Anbau von neuen Kulturen muss man sich einem gewissen Risiko  bewusst sein.<\/li>\n\n\n\n<li>Offene Kommunikation zwischen den verschiedenen Stufen zu Qualit\u00e4t, Preisen usw.<\/li>\n\n\n\n<li>Bei der Reinigung fr\u00fchzeitig anmelden, damit das Produkt schnell verarbeitet wird.<\/li>\n\n\n\n<li>Die Logistikkette \u00fcberpr\u00fcfen bevor man pflanzt.<\/li>\n\n\n\n<li>Produzent\/innen m\u00fcssen schon auf dem Feld sauber arbeiten, um unn\u00f6tige Reinigungskosten zu vermeiden.<\/li>\n\n\n\n<li>Infrastrukturen und Technologien m\u00fcssen aufgebaut werden.<\/li>\n\n\n\n<li>Das Endprodukt muss top sein, denn wenn die Konsument\/innen einmal eine schlechte Erfahrung machen, werden sie es nicht mehr w\u00e4hlen.<\/li>\n<\/ul>\n\n\n\n<h2 class=\"wp-block-heading\">Expert\/innen<\/h2>\n\n\n\n<p>Wir haben die Expertinnen und Experten nach ihrer Meinung gefragt, wie sich der H\u00fclsenfr\u00fcchtemarkt in den kommenden Jahren entwickeln wird, welche Kulturen ihrer Meinung nach am erfolgreichsten sein werden und worin sie die Schwierigkeiten und Herausforderungen dieser neuen Kulturen sehen.<br>Um Details zu den Interviews zu sehen, klicken Sie einfach auf die Personen, die Sie interessieren. <\/p>\n\n\n\n<div class=\"wp-block-columns is-layout-flex wp-container-core-columns-is-layout-9d6595d7 wp-block-columns-is-layout-flex\">\n<div class=\"wp-block-column is-layout-flow wp-block-column-is-layout-flow\">\n<div class=\"wp-block-cover is-light agripedia-portrait-teaser-block beat-derrer\"><img loading=\"lazy\" decoding=\"async\" width=\"200\" height=\"252\" class=\"wp-block-cover__image-background wp-image-215\" alt=\"\" src=\"https:\/\/agripedia.ch\/pflanzliche-proteine\/wp-content\/uploads\/sites\/49\/2022\/12\/Beat-Derrer.jpg\" data-object-fit=\"cover\"\/><span aria-hidden=\"true\" class=\"wp-block-cover__background has-background-dim-0 has-background-dim\"><\/span><div class=\"wp-block-cover__inner-container is-layout-flow wp-block-cover-is-layout-flow\">\n<p class=\"has-text-align-center has-large-font-size\">Beat Derrer,    Produzent<\/p>\n<\/div><\/div>\n<\/div>\n\n\n\n<div class=\"wp-block-column is-layout-flow wp-block-column-is-layout-flow\">\n<div class=\"wp-block-cover is-light agripedia-portrait-teaser-block anik-thaler\"><img loading=\"lazy\" decoding=\"async\" width=\"768\" height=\"768\" class=\"wp-block-cover__image-background wp-image-217\" alt=\"\" src=\"https:\/\/agripedia.ch\/pflanzliche-proteine\/wp-content\/uploads\/sites\/49\/2022\/12\/Anik-Thaler.jpg\" data-object-fit=\"cover\" srcset=\"https:\/\/agripedia.ch\/pflanzliche-proteine\/wp-content\/uploads\/sites\/49\/2022\/12\/Anik-Thaler.jpg 768w, https:\/\/agripedia.ch\/pflanzliche-proteine\/wp-content\/uploads\/sites\/49\/2022\/12\/Anik-Thaler-300x300.jpg 300w, https:\/\/agripedia.ch\/pflanzliche-proteine\/wp-content\/uploads\/sites\/49\/2022\/12\/Anik-Thaler-150x150.jpg 150w\" sizes=\"auto, (max-width: 768px) 100vw, 768px\" \/><span aria-hidden=\"true\" class=\"wp-block-cover__background has-background-dim-0 has-background-dim\"><\/span><div class=\"wp-block-cover__inner-container is-layout-flow wp-block-cover-is-layout-flow\">\n<p class=\"has-text-align-left has-large-font-size\">Anik Thaler, H\u00fclsenfr\u00fcchte von A bis Z<\/p>\n<\/div><\/div>\n<\/div>\n\n\n\n<div class=\"wp-block-column is-layout-flow wp-block-column-is-layout-flow\">\n<div class=\"wp-block-cover is-light agripedia-portrait-teaser-block melanie-rediger\"><img loading=\"lazy\" decoding=\"async\" width=\"350\" height=\"346\" class=\"wp-block-cover__image-background wp-image-219\" alt=\"\" src=\"https:\/\/agripedia.ch\/pflanzliche-proteine\/wp-content\/uploads\/sites\/49\/2022\/12\/Melanie-Rediger.jpg\" data-object-fit=\"cover\" srcset=\"https:\/\/agripedia.ch\/pflanzliche-proteine\/wp-content\/uploads\/sites\/49\/2022\/12\/Melanie-Rediger.jpg 350w, https:\/\/agripedia.ch\/pflanzliche-proteine\/wp-content\/uploads\/sites\/49\/2022\/12\/Melanie-Rediger-300x297.jpg 300w\" sizes=\"auto, (max-width: 350px) 100vw, 350px\" \/><span aria-hidden=\"true\" class=\"wp-block-cover__background has-background-dim-0 has-background-dim\"><\/span><div class=\"wp-block-cover__inner-container is-layout-flow wp-block-cover-is-layout-flow\">\n<p class=\"has-text-align-left has-large-font-size\">Melanie Rediger, Genossenschaft<\/p>\n<\/div><\/div>\n<\/div>\n<\/div>\n\n\n\n<div class=\"wp-block-columns is-layout-flex wp-container-core-columns-is-layout-9d6595d7 wp-block-columns-is-layout-flex\">\n<div class=\"wp-block-column is-layout-flow wp-block-column-is-layout-flow\">\n<div class=\"wp-block-cover agripedia-portrait-teaser-block adrian-schneeberger\"><img loading=\"lazy\" decoding=\"async\" width=\"328\" height=\"437\" class=\"wp-block-cover__image-background wp-image-221\" alt=\"\" src=\"https:\/\/agripedia.ch\/pflanzliche-proteine\/wp-content\/uploads\/sites\/49\/2022\/12\/Adrian-Schneeberger.jpg\" data-object-fit=\"cover\" srcset=\"https:\/\/agripedia.ch\/pflanzliche-proteine\/wp-content\/uploads\/sites\/49\/2022\/12\/Adrian-Schneeberger.jpg 328w, https:\/\/agripedia.ch\/pflanzliche-proteine\/wp-content\/uploads\/sites\/49\/2022\/12\/Adrian-Schneeberger-225x300.jpg 225w\" sizes=\"auto, (max-width: 328px) 100vw, 328px\" \/><span aria-hidden=\"true\" class=\"wp-block-cover__background has-background-dim-0 has-background-dim\"><\/span><div class=\"wp-block-cover__inner-container is-layout-flow wp-block-cover-is-layout-flow\">\n<p class=\"has-text-align-left has-large-font-size\">Adrian Schneeberger, Sammelstelle<\/p>\n<\/div><\/div>\n<\/div>\n\n\n\n<div class=\"wp-block-column is-layout-flow wp-block-column-is-layout-flow\">\n<div class=\"wp-block-cover is-light agripedia-portrait-teaser-block david-villiger\"><img loading=\"lazy\" decoding=\"async\" width=\"787\" height=\"792\" class=\"wp-block-cover__image-background wp-image-223\" alt=\"\" src=\"https:\/\/agripedia.ch\/pflanzliche-proteine\/wp-content\/uploads\/sites\/49\/2022\/12\/David-Villiger.png\" data-object-fit=\"cover\" srcset=\"https:\/\/agripedia.ch\/pflanzliche-proteine\/wp-content\/uploads\/sites\/49\/2022\/12\/David-Villiger.png 787w, https:\/\/agripedia.ch\/pflanzliche-proteine\/wp-content\/uploads\/sites\/49\/2022\/12\/David-Villiger-298x300.png 298w, https:\/\/agripedia.ch\/pflanzliche-proteine\/wp-content\/uploads\/sites\/49\/2022\/12\/David-Villiger-150x150.png 150w, https:\/\/agripedia.ch\/pflanzliche-proteine\/wp-content\/uploads\/sites\/49\/2022\/12\/David-Villiger-768x773.png 768w\" sizes=\"auto, (max-width: 787px) 100vw, 787px\" \/><span aria-hidden=\"true\" class=\"wp-block-cover__background has-background-dim-0 has-background-dim\"><\/span><div class=\"wp-block-cover__inner-container is-layout-flow wp-block-cover-is-layout-flow\">\n<p class=\"has-text-align-left has-large-font-size\">David Villiger, Spezialreinigung<\/p>\n<\/div><\/div>\n<\/div>\n\n\n\n<div class=\"wp-block-column is-layout-flow wp-block-column-is-layout-flow\">\n<div class=\"wp-block-cover agripedia-portrait-teaser-block valerie-vincent\"><img decoding=\"async\" class=\"wp-block-cover__image-background wp-image-503\" alt=\"\" src=\"https:\/\/agripedia.ch\/pflanzliche-proteine\/wp-content\/uploads\/sites\/49\/2023\/02\/Valerie-Vincent.jpg\" data-object-fit=\"cover\"\/><span aria-hidden=\"true\" class=\"wp-block-cover__background has-background-dim-0 has-background-dim\"><\/span><div class=\"wp-block-cover__inner-container is-layout-flow wp-block-cover-is-layout-flow\">\n<p class=\"has-text-align-left has-large-font-size\">Valerie Vincent, M\u00fchlen<\/p>\n<\/div><\/div>\n<\/div>\n<\/div>\n\n\n\n<div class=\"wp-block-columns is-layout-flex wp-container-core-columns-is-layout-9d6595d7 wp-block-columns-is-layout-flex\">\n<div class=\"wp-block-column is-layout-flow wp-block-column-is-layout-flow\">\n<div class=\"wp-block-cover is-light agripedia-portrait-teaser-block andreas-messerli\"><img loading=\"lazy\" decoding=\"async\" width=\"450\" height=\"450\" class=\"wp-block-cover__image-background wp-image-227\" alt=\"\" src=\"https:\/\/agripedia.ch\/pflanzliche-proteine\/wp-content\/uploads\/sites\/49\/2022\/12\/Andreas-Messerli.jpg\" data-object-fit=\"cover\" srcset=\"https:\/\/agripedia.ch\/pflanzliche-proteine\/wp-content\/uploads\/sites\/49\/2022\/12\/Andreas-Messerli.jpg 450w, https:\/\/agripedia.ch\/pflanzliche-proteine\/wp-content\/uploads\/sites\/49\/2022\/12\/Andreas-Messerli-300x300.jpg 300w, https:\/\/agripedia.ch\/pflanzliche-proteine\/wp-content\/uploads\/sites\/49\/2022\/12\/Andreas-Messerli-150x150.jpg 150w\" sizes=\"auto, (max-width: 450px) 100vw, 450px\" \/><span aria-hidden=\"true\" class=\"wp-block-cover__background has-background-dim-0 has-background-dim\"><\/span><div class=\"wp-block-cover__inner-container is-layout-flow wp-block-cover-is-layout-flow\">\n<p class=\"has-text-align-center has-large-font-size\">Andreas Messerli, Endverarbeiter<\/p>\n<\/div><\/div>\n<\/div>\n\n\n\n<div class=\"wp-block-column is-layout-flow wp-block-column-is-layout-flow\">\n<div class=\"wp-block-cover agripedia-portrait-teaser-block claire-asfeld\"><img loading=\"lazy\" decoding=\"async\" width=\"1707\" height=\"2560\" class=\"wp-block-cover__image-background wp-image-1156 size-full\" alt=\"\" src=\"https:\/\/agripedia.ch\/pflanzliche-proteine\/wp-content\/uploads\/sites\/49\/2025\/10\/Claire-Asfeld-1-scaled.jpg\" data-object-fit=\"cover\" srcset=\"https:\/\/agripedia.ch\/pflanzliche-proteine\/wp-content\/uploads\/sites\/49\/2025\/10\/Claire-Asfeld-1-scaled.jpg 1707w, https:\/\/agripedia.ch\/pflanzliche-proteine\/wp-content\/uploads\/sites\/49\/2025\/10\/Claire-Asfeld-1-200x300.jpg 200w, https:\/\/agripedia.ch\/pflanzliche-proteine\/wp-content\/uploads\/sites\/49\/2025\/10\/Claire-Asfeld-1-683x1024.jpg 683w, https:\/\/agripedia.ch\/pflanzliche-proteine\/wp-content\/uploads\/sites\/49\/2025\/10\/Claire-Asfeld-1-768x1152.jpg 768w, https:\/\/agripedia.ch\/pflanzliche-proteine\/wp-content\/uploads\/sites\/49\/2025\/10\/Claire-Asfeld-1-1024x1536.jpg 1024w, https:\/\/agripedia.ch\/pflanzliche-proteine\/wp-content\/uploads\/sites\/49\/2025\/10\/Claire-Asfeld-1-1365x2048.jpg 1365w, https:\/\/agripedia.ch\/pflanzliche-proteine\/wp-content\/uploads\/sites\/49\/2025\/10\/Claire-Asfeld-1-1200x1800.jpg 1200w, https:\/\/agripedia.ch\/pflanzliche-proteine\/wp-content\/uploads\/sites\/49\/2025\/10\/Claire-Asfeld-1-1980x2970.jpg 1980w\" sizes=\"auto, (max-width: 1707px) 100vw, 1707px\" \/><span aria-hidden=\"true\" class=\"wp-block-cover__background has-background-dim-0 has-background-dim\" style=\"background-color:#718159\"><\/span><div class=\"wp-block-cover__inner-container is-layout-flow wp-block-cover-is-layout-flow\">\n<p class=\"has-text-align-center has-large-font-size\">Claire Asfeld, Lilan (Audio)<\/p>\n<\/div><\/div>\n<\/div>\n\n\n\n<div class=\"wp-block-column is-layout-flow wp-block-column-is-layout-flow\"><\/div>\n<\/div>\n\n\n\n<div class=\"wp-block-bod-modal-block bod-block-popup align-center agripedia-portrait-modal\"><span class=\"bod-block-popup-trigger type_selector\" data-selector=\"beat-derrer\"><\/span><div style=\"background-color:rgba(0, 0, 0, 0.1)\" class=\"bod-block-popup-overlay\" data-disabled-overlay-close=\"false\" data-disabled-escape-close=\"false\"><\/div><div role=\"dialog\" aria-modal=\"false\" aria-labelledby=\"\" aria-describedby=\"\" class=\"bod-block-popup-wrap agripedia-portrait-modal\"><div style=\"background-color:#ffffff;border-radius:10px \" class=\"bod-block-popup size-m\" data-transition=\"fade\"><div id=\"\" style=\"background-color:#ffffff;text-align:left\" class=\"bod-modal-title\"><button type=\"button\" class=\"bod-block-title-closer\" aria-label=\"Close\"><span aria-hidden=\"true\">\u00d7<\/span><\/button><h2 style=\"color:#000000\">Beat Derrer<\/h2><\/div> <div id=\"\" class=\"bod-modal-content\">\n<figure class=\"wp-block-image size-full\"><img loading=\"lazy\" decoding=\"async\" width=\"200\" height=\"252\" src=\"https:\/\/agripedia.ch\/pflanzliche-proteine\/wp-content\/uploads\/sites\/49\/2022\/12\/Beat-Derrer.jpg\" alt=\"\" class=\"wp-image-215\"\/><\/figure>\n\n\n\n<p>Beat Derrer ist ein Produzent aus Oberhasli im Kanton Z\u00fcrich. Beat baut auf einer Fl\u00e4che von 55 ha verschiedene einj\u00e4hrige Kulturen, \u00f6kologischen Ausgleichsfl\u00e4chen und Dauergr\u00fcnland an. Auf Anregung eines Freundes, der vegetarische Lebensmittel produziert, begann er 2021 mit dem Anbau von 1 ha konventionellen Kichererbsen. Er sagt, dass der Anbau einer neuen Kultur f\u00fcr viele Erzeuger\/innen interessant, aber auch mit Risiken und viel Unsicherheit verbunden ist. Zu seinem Gl\u00fcck konnte ihm seine Landi 200 kg Saatgut aus Frankreich anbieten. Nach einem schlechten Jahr wie 2021 hatte Beat ein sehr gutes Jahr 2022 und konnte 2,5 Tonnen auf seinem Hektar ernten. Diese Kichererbsen werden zuk\u00fcnftig von Getreide Z\u00fcri Nord gereinigt und getrocknet und an die Industrie verkauft, da er nicht ausger\u00fcstet ist, um sie direkt zu vermarkten.<\/p>\n\n\n\n<p>Gem\u00e4ss den Einsch\u00e4tzungen von Beat wird die Nachfrage nach Schweizer Kichererbsen in den n\u00e4chsten drei bis f\u00fcnf Jahren weiter steigen, da Trends wie glutenfrei, vegetarisch und eiweissreich im Kommen sind und Kichererbsen all diesen Trends entsprechen. Im Moment ist er nicht daran interessiert, mehr Land zu nutzen oder andere Eiweisspflanzen anzubauen, da das Risiko zu gross w\u00e4re.<\/p>\n\n\n\n<p>Obwohl 2022 ein besonders gutes Jahr f\u00fcr die Kichererbsen war, gibt es noch viele Fragen und Ungewissheiten. Er wird mit der Sorte, die er von der Landi erhalten hat, weitermachen, aber viele agronomische Aspekte m\u00fcssen noch gekl\u00e4rt werden: Brauchen Kichererbsen eine lange Fruchtfolge wie andere Leguminosen, ist Impfung notwendig, welche Vorkultur ist am besten, wann ist die beste Zeit zum S\u00e4hen, was ist der Preis, den man verlangen muss usw.<\/p>\n<\/div> <\/div> <\/div><\/div>\n\n\n\n<div class=\"wp-block-bod-modal-block bod-block-popup align-center agripedia-portrait-modal\"><span class=\"bod-block-popup-trigger type_selector\" data-selector=\"anik-thaler\"><\/span><div style=\"background-color:rgba(0, 0, 0, 0.1)\" class=\"bod-block-popup-overlay\" data-disabled-overlay-close=\"false\" data-disabled-escape-close=\"false\"><\/div><div role=\"dialog\" aria-modal=\"false\" aria-labelledby=\"\" aria-describedby=\"\" class=\"bod-block-popup-wrap agripedia-portrait-modal\"><div style=\"background-color:#ffffff;border-radius:10px \" class=\"bod-block-popup size-m\" data-transition=\"fade\"><div id=\"\" style=\"background-color:#ffffff;text-align:left\" class=\"bod-modal-title\"><button type=\"button\" class=\"bod-block-title-closer\" aria-label=\"Close\"><span aria-hidden=\"true\">\u00d7<\/span><\/button><h2 style=\"color:#000000\">Anik Thaler<\/h2><\/div> <div id=\"\" class=\"bod-modal-content\">\n<figure class=\"wp-block-image size-full\"><img loading=\"lazy\" decoding=\"async\" width=\"768\" height=\"768\" src=\"https:\/\/agripedia.ch\/pflanzliche-proteine\/wp-content\/uploads\/sites\/49\/2022\/12\/Anik-Thaler.jpg\" alt=\"\" class=\"wp-image-217\" srcset=\"https:\/\/agripedia.ch\/pflanzliche-proteine\/wp-content\/uploads\/sites\/49\/2022\/12\/Anik-Thaler.jpg 768w, https:\/\/agripedia.ch\/pflanzliche-proteine\/wp-content\/uploads\/sites\/49\/2022\/12\/Anik-Thaler-300x300.jpg 300w, https:\/\/agripedia.ch\/pflanzliche-proteine\/wp-content\/uploads\/sites\/49\/2022\/12\/Anik-Thaler-150x150.jpg 150w\" sizes=\"auto, (max-width: 768px) 100vw, 768px\" \/><\/figure>\n\n\n\n<p>Anik Thaler ist Mitbegr\u00fcnderin von <strong><a href=\"https:\/\/www.fabas.ch\/\" target=\"_blank\" rel=\"noopener\">Fabas<\/a><\/strong>. Fabas stellt fertige und halbfertige Produkte her, die alle aus pflanzlichen Proteinen bestehen, mit Zutaten ausschliesslich aus der Schweiz. Fabas will nicht nur den Verbraucher\/innen, sondern auch den Produzent\/innen eine Alternative zu Fleisch bieten. Anik ist der Meinung, dass man den Produzierenden nicht vorschreiben kann, die Tierproduktion zu reduzieren, ohne eine interessante Alternative zu haben.<\/p>\n\n\n\n<p>Fabas verwendet als Eiweissquelle Erbsen, Kichererbsen und Ackerbohnen, Kulturen, die in der Schweiz f\u00fcr den menschlichen Verzehr nur seit kurzer Zeit bekannt sind. Aus diesem Grund gibt es keine bestehende Logistik und keinen vordefinierten Preis, was eine Herausforderung war und ist. Als Start-up-Unternehmen haben sie die Logistik deshalb von Grund auf selbst aufgebaut, und bei den Preisen haben sie sich immer auf eine offene Kommunikation mit den Produzent\/innen basiert.<\/p>\n\n\n\n<p>F\u00fcr die n\u00e4chsten Jahre prognostiziert sie eine Zunahme des Verbrauchs, insbesondere bei Kichererbsen, Ackerbohnen und Eiweisserbsen. Bei den Kichererbsen ist das Risiko gross, aber sie sieht vor allem die Vorteile f\u00fcr die Direktvermarktung, denn nach der Ernte m\u00fcssen die Produzent\/innen das Produkt nur noch trocknen und sortieren, um es an die Kunden\/innen zu verkaufen. Anderseits sind Ackerbohnen und Eiweisserbsen viel besser an das Schweizer Klima angepasst, und es ist nur notwendig, dass die Konsument\/innen mit diesen Kulturen vertrauter werden, um eine wesentliche Steigerung des Verbrauchs zu sehen.<\/p>\n<\/div> <\/div> <\/div><\/div>\n\n\n\n<div class=\"wp-block-bod-modal-block bod-block-popup align-center agripedia-portrait-modal\"><span class=\"bod-block-popup-trigger type_selector\" data-selector=\"melanie-rediger\"><\/span><div style=\"background-color:rgba(0, 0, 0, 0.1)\" class=\"bod-block-popup-overlay\" data-disabled-overlay-close=\"false\" data-disabled-escape-close=\"false\"><\/div><div role=\"dialog\" aria-modal=\"false\" aria-labelledby=\"\" aria-describedby=\"\" class=\"bod-block-popup-wrap agripedia-portrait-modal\"><div style=\"background-color:#ffffff;border-radius:10px \" class=\"bod-block-popup size-m\" data-transition=\"fade\"><div id=\"\" style=\"background-color:#ffffff;text-align:left\" class=\"bod-modal-title\"><button type=\"button\" class=\"bod-block-title-closer\" aria-label=\"Close\"><span aria-hidden=\"true\">\u00d7<\/span><\/button><h2 style=\"color:#000000\">Melanie Rediger<\/h2><\/div> <div id=\"\" class=\"bod-modal-content\">\n<figure class=\"wp-block-image size-full\"><img loading=\"lazy\" decoding=\"async\" width=\"350\" height=\"346\" src=\"https:\/\/agripedia.ch\/pflanzliche-proteine\/wp-content\/uploads\/sites\/49\/2022\/12\/Melanie-Rediger.jpg\" alt=\"\" class=\"wp-image-219\" srcset=\"https:\/\/agripedia.ch\/pflanzliche-proteine\/wp-content\/uploads\/sites\/49\/2022\/12\/Melanie-Rediger.jpg 350w, https:\/\/agripedia.ch\/pflanzliche-proteine\/wp-content\/uploads\/sites\/49\/2022\/12\/Melanie-Rediger-300x297.jpg 300w\" sizes=\"auto, (max-width: 350px) 100vw, 350px\" \/><\/figure>\n\n\n\n<p>Melanie Rediger ist verantwortlich f\u00fcr H\u00fclsenfr\u00fcchte und spezielle Ackerkulturen bei <strong><a href=\"https:\/\/biofarm.ch\/de\/\" target=\"_blank\" rel=\"noopener\">Biofarm<\/a><\/strong>. Die Biofarm Genossenschaft vertreibt \u00fcber 200 Produkte, alle in Bioqualit\u00e4t und haupts\u00e4chlich aus der Schweiz. Als Verantwortliche f\u00fcr H\u00fclsenfr\u00fcchte sieht sie, dass das Interesse an pflanzlichen Proteinen stetig w\u00e4chst und ist \u00fcberzeugt, dass dies zumindest in den n\u00e4chsten Jahren so bleiben wird. Derzeit ist die Nachfrage h\u00f6her als das Angebot, insbesondere bei Kichererbsen, Linsen und Auskernbohnen. Was die Preise betrifft, sieht sie einen grossen Unterschied zwischen Schweizer und importierten Produkten, aufgrund der h\u00f6heren Kosten bei Anbau und Verarbeitung, aber auch wegen des hohen Anbau-Risikos, was sich in einem entsprechenden Produzentenpreis ausdr\u00fccken muss. Trotz erheblichem Preisunterschied ist aber der Markt f\u00fcr Schweizer Bio-H\u00fclsenfr\u00fcchte noch lange nicht ges\u00e4ttigt.<\/p>\n\n\n\n<p>Wie bei allen neuen Kulturpflanzen sind die Herausforderungen f\u00fcr Produktion und Logistik vielf\u00e4ltig. Bei Kichererbsen, Linsen und Auskernbohnen gibt es noch viel zu tun in Bezug auf die Sorten, Saatgutqualit\u00e4t und dem schwankenden Ertrag von Jahr zu Jahr. Die Logistik ist problematisch, weil es nur wenige Unternehmen gibt, die mit diesen kleinen Mengen arbeiten k\u00f6nnen und um ein qualitativ hochwertiges Endprodukt zu haben, sind mehrere Schritte notwendig. Die verschiedenen Sortiervorg\u00e4nge m\u00fcssen oft in verschiedenen Betrieben durchgef\u00fchrt werden, und diese Betriebe haben h\u00e4ufig Saatgut-Aufreinigung als Priorit\u00e4t, sodass die im Sommer geernteten Erzeugnisse oft erst im Fr\u00fchjahr endgereinigt werden k\u00f6nnen.<\/p>\n\n\n\n<p>Bei Ackerbohnen und Eiweisserbsen sind weniger der Ertrag oder die Sorten das Problem, da sie in der Schweiz schon seit Jahren als Futtermittel angebaut werden. Vielmehr sind es die Unkenntnisse der Konsument\/innen \u00fcber diese Kulturen und das Vorkommen eines K\u00e4fers, der die Qualit\u00e4t des Endprodukts stark mindert. F\u00fcr diese Pflanzen ist eine erh\u00f6hte Kommunikation erforderlich, um das Produkt bekannter zu machen.<\/p>\n\n\n\n<p>Ein Rat an die Produzentinnen und Produzenten ist, dass es wichtig ist, sich des Anbaurisikos dieser \u00abneuen Kulturen\u00bb bewusst zu sein. Auch wenn der Preis verlockend erscheint, handelt es sich um junge Kulturen, die viele Herausforderungen mit sich bringen und das Risiko einer ausbleibenden Ernte ist hoch und konkret.<\/p>\n<\/div> <\/div> <\/div><\/div>\n\n\n\n<div class=\"wp-block-bod-modal-block bod-block-popup align-center agripedia-portrait-modal\"><span class=\"bod-block-popup-trigger type_selector\" data-selector=\"adrian-schneeberger\"><\/span><div style=\"background-color:rgba(0, 0, 0, 0.1)\" class=\"bod-block-popup-overlay\" data-disabled-overlay-close=\"false\" data-disabled-escape-close=\"false\"><\/div><div role=\"dialog\" aria-modal=\"false\" aria-labelledby=\"\" aria-describedby=\"\" class=\"bod-block-popup-wrap agripedia-portrait-modal\"><div style=\"background-color:#ffffff;border-radius:10px \" class=\"bod-block-popup size-m\" data-transition=\"fade\"><div id=\"\" style=\"background-color:#ffffff;text-align:left\" class=\"bod-modal-title\"><button type=\"button\" class=\"bod-block-title-closer\" aria-label=\"Close\"><span aria-hidden=\"true\">\u00d7<\/span><\/button><h2 style=\"color:#000000\">Adrian Schneeberger<\/h2><\/div> <div id=\"\" class=\"bod-modal-content\">\n<figure class=\"wp-block-image size-full\"><img loading=\"lazy\" decoding=\"async\" width=\"328\" height=\"437\" src=\"https:\/\/agripedia.ch\/pflanzliche-proteine\/wp-content\/uploads\/sites\/49\/2022\/12\/Adrian-Schneeberger.jpg\" alt=\"\" class=\"wp-image-221\" srcset=\"https:\/\/agripedia.ch\/pflanzliche-proteine\/wp-content\/uploads\/sites\/49\/2022\/12\/Adrian-Schneeberger.jpg 328w, https:\/\/agripedia.ch\/pflanzliche-proteine\/wp-content\/uploads\/sites\/49\/2022\/12\/Adrian-Schneeberger-225x300.jpg 225w\" sizes=\"auto, (max-width: 328px) 100vw, 328px\" \/><\/figure>\n\n\n\n<p>Adrian Schneeberger ist Silochef bei <strong><a href=\"https:\/\/www.gzn.ch\/\" target=\"_blank\" rel=\"noopener\">Getreide Z\u00fcri Nord<\/a><\/strong>. Als Silochef ist Adrian die erste Person, an die sich der H\u00fclsenfruchtproduzent wendet, sobald die Ernte eingebracht ist und daher sieht Adrian das Produkt in seinem Rohzustand, bevor es sortiert wird. Die \u00abGetreide Z\u00fcri Nord\u00bb ist eine wichtige Sammelstelle in der Region Z\u00fcrich, die das Produkt mit Hilfe von Sieben zun\u00e4chst reinigt und dann mit Heissluft trocknet, um es lagerf\u00e4hig zu machen, bei H\u00fclsenfr\u00fcchten bis zu einem Feuchtigkeitsgehalt von 13 bis 13,5 %. Eine Besonderheit ist, dass sie an ihrem Standort in Niederhasli \u00fcber einen Kleintrockner verf\u00fcgen, der es ihnen erm\u00f6glicht, kleine Chargen zu verarbeiten, in ihrem Fall 1200-1300 kg. Bei vielen anderen Sammelstellen sind die Mindestmengen min. 10-mal gr\u00f6sser.<\/p>\n\n\n\n<p>Adrian sieht eine Zunahme der Anfragen von Produzent\/innen, die H\u00fclsenfr\u00fcchte produzieren wollen, und erwartet, dass dieses Interesse weiter ansteigen wird. Derzeit hat die Getreide Z\u00fcri Nord bereits Erfahrung mit Kichererbsen, Lupinen, Eiweisserbsen und Ackerbohnen, obwohl diese oft f\u00fcr Futterzwecke bestimmt waren. Die Schwierigkeit f\u00fcr sie liegt genau darin, ein Produkt f\u00fcr Lebens- oder Futtermittelzwecke zu unterscheiden, da es noch keine Richtlinien gibt, die Qualit\u00e4tskriterien festlegen.<\/p>\n\n\n\n<p>Sein Tipp an die Produzent\/innen, die H\u00fclsenfr\u00fcchte produzieren wollen, ist, sich so bald wie m\u00f6glich mit ihrer Sammelstelle in Verbindung zu setzen. Es ist zu pr\u00fcfen, ob die Sammelstelle in der Lage ist, mit kleinen Mengen zu arbeiten, ob sie die erforderlichen Siebe zur Verf\u00fcgung hat und vor allem, um das Timing richtig zu halten. Es ist sehr wichtig, das Produkt so schnell wie m\u00f6glich zur Sammelstelle zu bringen, um Schimmelbildung zu vermeiden. Ohne Koordinierung besteht die Gefahr, dass die Sammelstelle bereits ausgebucht ist.<\/p>\n<\/div> <\/div> <\/div><\/div>\n\n\n\n<div class=\"wp-block-bod-modal-block bod-block-popup align-center agripedia-portrait-modal\"><span class=\"bod-block-popup-trigger type_selector\" data-selector=\"david-villiger\"><\/span><div style=\"background-color:rgba(0, 0, 0, 0.1)\" class=\"bod-block-popup-overlay\" data-disabled-overlay-close=\"false\" data-disabled-escape-close=\"false\"><\/div><div role=\"dialog\" aria-modal=\"false\" aria-labelledby=\"\" aria-describedby=\"\" class=\"bod-block-popup-wrap agripedia-portrait-modal\"><div style=\"background-color:#ffffff;border-radius:10px \" class=\"bod-block-popup size-m\" data-transition=\"fade\"><div id=\"\" style=\"background-color:#ffffff;text-align:left\" class=\"bod-modal-title\"><button type=\"button\" class=\"bod-block-title-closer\" aria-label=\"Close\"><span aria-hidden=\"true\">\u00d7<\/span><\/button><h2 style=\"color:#000000\">David Villiger<\/h2><\/div> <div id=\"\" class=\"bod-modal-content\">\n<figure class=\"wp-block-image size-full\"><img loading=\"lazy\" decoding=\"async\" width=\"787\" height=\"792\" src=\"https:\/\/agripedia.ch\/pflanzliche-proteine\/wp-content\/uploads\/sites\/49\/2022\/12\/David-Villiger.png\" alt=\"\" class=\"wp-image-223\" srcset=\"https:\/\/agripedia.ch\/pflanzliche-proteine\/wp-content\/uploads\/sites\/49\/2022\/12\/David-Villiger.png 787w, https:\/\/agripedia.ch\/pflanzliche-proteine\/wp-content\/uploads\/sites\/49\/2022\/12\/David-Villiger-298x300.png 298w, https:\/\/agripedia.ch\/pflanzliche-proteine\/wp-content\/uploads\/sites\/49\/2022\/12\/David-Villiger-150x150.png 150w, https:\/\/agripedia.ch\/pflanzliche-proteine\/wp-content\/uploads\/sites\/49\/2022\/12\/David-Villiger-768x773.png 768w\" sizes=\"auto, (max-width: 787px) 100vw, 787px\" \/><\/figure>\n\n\n\n<p>David Villiger ist Gesch\u00e4ftsf\u00fchrer und Inhaber bei <a href=\"https:\/\/eichmuehle.swiss\/\" title=\"\"><strong>Eichm\u00fchle Getreide Center AG<\/strong><\/a> im Kanton Aargau. Das Eichm\u00fchle Getreidecenter bietet haupts\u00e4chlich zwei Dienstleistungen an: Getreidesammelstelle und Produktveredelung. Es ist daher in der Lieferkette entweder unmittelbar nach der Ernte oder nach der Vorreinigung und Trocknung des Produkts durch andere Sammelstellen positioniert. David ist deshalb t\u00e4glich mit dem Thema Qualit\u00e4t nach der Ernte konfrontiert.<\/p>\n\n\n\n<p>Vor etwa 5 Jahren begannen die ersten Anfragen von Produzent\/innen und Kunden\/innen zur Verarbeitung von H\u00fclsenfr\u00fcchten. Seitdem haben die Anfragen kontinuierlich zugenommen. Obwohl es sich derzeit noch um einen Nischenmarkt handelt, ist David \u00fcberzeugt, dass der Markt in den kommenden Jahren erheblich wachsen wird. Gr\u00fcnde daf\u00fcr sind die steigende Nachfrage nach pflanzlichen Proteinen, die immer besser werdende Technologie, ein Klima, das w\u00e4rmeliebende Pflanzen beg\u00fcnstigt und die Produzent\/innen, die sich f\u00fcr den Anbau von neuen Kulturen interessieren. Er hat deshalb in neue Maschinen investiert und die Eichm\u00fchle kann nun durch die Trennung nach Gewicht, Form, Gr\u00f6sse, Prallverhalten und Farbe&nbsp;ein fast 100 % reines Endprodukt herstellen, das auf Wunsch der Kunden auch gesch\u00e4lt werden kann. Mit diesen Maschinen k\u00f6nnen sie auch verschiedene Qualit\u00e4ten wie ganze Kichererbsen oder gespaltene Kichererbsen herstellen. Da das Produkt diese insgesamt 10 Maschinen durchlaufen muss, betr\u00e4gt die Mindestmenge, die sie verarbeiten k\u00f6nnen, je nach Produkt 2\u20134 Tonnen. Bei kleineren Mengen besteht die Gefahr, dass das Produkt zu stark mechanisch beansprucht wird und dadurch besch\u00e4digt w\u00fcrde, bis alle Maschinen optimal eingestellt sind.<\/p>\n\n\n\n<p>Die gr\u00f6sste Herausforderung f\u00fcr Daavid besteht darin, dass in der Schweiz bei diesen Produkten noch relativ wenig Wissen besteht und dass je nach Sorte, klimatische Bedingungen usw. die Qualit\u00e4ten sehr unterschiedlich sind. Im Moment wird das Endprodukt vorerst immer mit dem Kund\/innen angeschaut und in der Branche werden aktuell \u00dcbernahmebedingungen erschaffen.<\/p>\n\n\n\n<p>Ein Ratschlag, den David den Produzent\/innen mit auf den Weg geben m\u00f6chte, lautet: Selbst wenn die Eichm\u00fchle \u00fcber sehr gute Sortiermaschinen verf\u00fcgt, ist es wichtig, bei der Ernte das Produkt m\u00f6glichst sauber und trocken zu dreschen. So ist die Gefahr auf Produktverderb gering und die Reinigungskosten werden nicht unn\u00f6tig verteuert. David freut sich \u00fcber jede Anfrage oder Kontaktaufnahme.<\/p>\n<\/div> <\/div> <\/div><\/div>\n\n\n\n<div class=\"wp-block-bod-modal-block bod-block-popup align-center agripedia-portrait-modal\"><span class=\"bod-block-popup-trigger type_selector\" data-selector=\"valerie-vincent\"><\/span><div style=\"background-color:rgba(0, 0, 0, 0.1)\" class=\"bod-block-popup-overlay\" data-disabled-overlay-close=\"false\" data-disabled-escape-close=\"false\"><\/div><div role=\"dialog\" aria-modal=\"false\" aria-labelledby=\"\" aria-describedby=\"\" class=\"bod-block-popup-wrap agripedia-portrait-modal\"><div style=\"background-color:#ffffff;border-radius:10px \" class=\"bod-block-popup size-m\" data-transition=\"fade\"><div id=\"\" style=\"background-color:#ffffff;text-align:left\" class=\"bod-modal-title\"><button type=\"button\" class=\"bod-block-title-closer\" aria-label=\"Close\"><span aria-hidden=\"true\">\u00d7<\/span><\/button><h2 style=\"color:#000000\">Val\u00e9rie Vincent<\/h2><\/div> <div id=\"\" class=\"bod-modal-content\">\n<figure class=\"wp-block-image size-full\"><a href=\"https:\/\/www.gmsa.ch\/\"><img loading=\"lazy\" decoding=\"async\" width=\"100\" height=\"100\" src=\"https:\/\/agripedia.ch\/pflanzliche-proteine\/wp-content\/uploads\/sites\/49\/2022\/12\/Valerie-Vincent.jpg\" alt=\"\" class=\"wp-image-225\"\/><\/a><\/figure>\n\n\n\n<p>Val\u00e9rie Vincent ist Verantwortliche im Bereich Innovationen bei der <a href=\"https:\/\/www.gmsa.ch\/\" target=\"_blank\" rel=\"noopener\" title=\"\"><strong>Groupe Minoteries SA (GMSA)<\/strong><\/a>. Die GMSA ist eine Schweizer M\u00fchlegruppe mit Hauptsitz in Granges-pr\u00e8s-Marnand im Kanton Waadt. Sie verarbeitet, veredelt und vermarktet eine Palette an Produkten, unter anderem auch H\u00fclsenfr\u00fcchte. Als Bindeglied in der Wertsch\u00f6pfungskette stellen M\u00fchlen eine wichtige Etappe in der Verarbeitung von H\u00fclsenfr\u00fcchten dar.<\/p>\n\n\n\n<p>Als eine der gr\u00f6ssten Akteurinnen im Schweizer Getreidemarkt verfolgt auch die GMSA die Konsumentwicklungen rund um pflanzliche Fleischersatzprodukte. Eine wichtige, oft wiederholte Kritik am Markt ist die mangelnde Verf\u00fcgbarkeit von Schweizer Rohstoffen und Halbfabrikaten f\u00fcr die Herstellung dieser Produkte. Um diese L\u00fccke zu schliessen, hat die GMSA zusammen mit IP-SUISSE und Feldkost AG das Joint Venture Protaneo SA gegr\u00fcndet, welches Ende 2022 lanciert wurde. Mit der Ernte 2023 wird erstmals ein Extrudat hergestellt, dessen Wertsch\u00f6pfungskette zu 100 % in der Schweiz liegt. Das fertige Produkt kann beispielsweise als Ersatz f\u00fcr Hackfleisch verwendet werden und wird an die Industrie, Gastronomie oder direkt an den oder die Konsument\/in verkauft.<\/p>\n\n\n\n<p>Die strategische Ausrichtung der drei Partner erlaubt es, die ganze Wertsch\u00f6pfungskette von Feld bis auf den Teller abzudecken. Mit IP-SUISSE sind alle anbautechnischen Fragen, Verhandlung mit den Produzenten und die Organisation der Sammelstellen abgedeckt. Die Herstellung des Proteinkonzentrats und Extrudat wird die GMSA \u00fcbernehmen. Das Startup Feldkost AG, das bereits Erfahrungen in der Trockenextrusion hat, wird mit ihrem Know-how die Herstellung des Extrudats begleiten. Die Investitionen waren vor allem f\u00fcr Maschinen zur Aufbereitung der H\u00fclsenfr\u00fcchte n\u00f6tig (z. B. Sch\u00e4len) sowie f\u00fcr die Herstellung des Konzentrats. Die Technologien f\u00fcr die Extrusion bestehen bei der GMSA bereits seit \u00fcber 20 Jahren f\u00fcr verschiedene Getreide. Somit ist die GMSA das erste Unternehmen in der Schweiz, das Proteinkonzentrate aus H\u00fclsenfr\u00fcchten herstellen kann.<\/p>\n\n\n\n<p>F\u00fcr die Pilotphase w\u00e4hrend der Ernte 2023 sind vorerst 100 t Konzentrat vorgesehen, was ungef\u00e4hr 500 t H\u00fclsenfr\u00fcchten oder 150 ha Anbaufl\u00e4che entspricht. Diese Menge soll aber in den kommenden f\u00fcnf Jahren bis auf 600 t Konzentrat wachsen. Die tats\u00e4chliche Entwicklung wird sich jedoch \u00fcber die Nachfrage auf dem Markt regeln. Protaneo wird mit Gelberbsen und Ackerbohnen arbeiten, da es f\u00fcr diese Kulturen in der Schweiz bereits Anbauerfahrungen gibt und sie f\u00fcr die industrielle Verarbeitung die vielversprechendsten Kulturen sind. Lupinen k\u00f6nnten ebenfalls interessant sein, hier ist indes eines der Probleme, dass sie wie Soja stark allergen sind.<\/p>\n\n\n\n<p>Laut Val\u00e9rie wird die Entwicklung hin zu mehr pflanzlichen Proteinen weitergehen, sie wird aber fr\u00fcher oder sp\u00e4ter abflachen. F\u00fcr Produkte mit 100 % Schweizer Zutaten gibt es im Moment einen wachsenden Markt. Der Fokus von pflanzlichen Fleischersatzprodukten entwickelt sich stetig. W\u00e4hrend am Anfang das Ziel darin bestand, ein rein veganes Produkt herzustellen, hat sich mit der Zeit immer mehr die Frage gestellt, wie diese Produkte auch ges\u00fcnder hergestellt werden k\u00f6nnen (weniger Zusatzstoffe, Salz usw.). Nun geht die Entwicklung auch immer mehr Richtung regionale Zutaten. Dieser Markt wird allerdings wohl eher eine Nische bleiben, da einerseits die Innlandpreise einfach h\u00f6her sind als von importierten Produkten und andererseits der Proteingehalt des Konzentrats aus diesem Verfahren nicht f\u00fcr alle Produkte geeignet ist.<\/p>\n<\/div> <\/div> <\/div><\/div>\n\n\n\n<div class=\"wp-block-bod-modal-block bod-block-popup align-center agripedia-portrait-modal\"><span class=\"bod-block-popup-trigger type_selector\" data-selector=\"andreas-messerli\"><\/span><div style=\"background-color:rgba(0, 0, 0, 0.1)\" class=\"bod-block-popup-overlay\" data-disabled-overlay-close=\"false\" data-disabled-escape-close=\"false\"><\/div><div role=\"dialog\" aria-modal=\"false\" aria-labelledby=\"\" aria-describedby=\"\" class=\"bod-block-popup-wrap agripedia-portrait-modal\"><div style=\"background-color:#ffffff;border-radius:10px \" class=\"bod-block-popup size-m\" data-transition=\"fade\"><div id=\"\" style=\"background-color:#ffffff;text-align:left\" class=\"bod-modal-title\"><button type=\"button\" class=\"bod-block-title-closer\" aria-label=\"Close\"><span aria-hidden=\"true\">\u00d7<\/span><\/button><h2 style=\"color:#000000\">Andreas Messerli<\/h2><\/div> <div id=\"\" class=\"bod-modal-content\">\n<figure class=\"wp-block-image size-full\"><img loading=\"lazy\" decoding=\"async\" width=\"450\" height=\"450\" src=\"https:\/\/agripedia.ch\/pflanzliche-proteine\/wp-content\/uploads\/sites\/49\/2022\/12\/Andreas-Messerli.jpg\" alt=\"\" class=\"wp-image-227\" srcset=\"https:\/\/agripedia.ch\/pflanzliche-proteine\/wp-content\/uploads\/sites\/49\/2022\/12\/Andreas-Messerli.jpg 450w, https:\/\/agripedia.ch\/pflanzliche-proteine\/wp-content\/uploads\/sites\/49\/2022\/12\/Andreas-Messerli-300x300.jpg 300w, https:\/\/agripedia.ch\/pflanzliche-proteine\/wp-content\/uploads\/sites\/49\/2022\/12\/Andreas-Messerli-150x150.jpg 150w\" sizes=\"auto, (max-width: 450px) 100vw, 450px\" \/><\/figure>\n\n\n\n<p>Andreas Messerli ist Leiter bei <strong><a href=\"https:\/\/de.hilcona.ch\/\" target=\"_blank\" rel=\"noopener\">Hilcona Agrar AG<\/a><\/strong>. Als grosser Lebensmittelhersteller steht Hilcona im letzteren Teil der Wertsch\u00f6pfungskette und verf\u00fcgt neben einer langj\u00e4hrigen Expertise auch \u00fcber eine breite Palette an pflanzlichen Eiweissprodukten. Andreas, als Leiter Hilcona Agrar AG, setzt sich mit dem Thema pflanzliche Proteine schon seit langer Zeit auseinander. Er sieht in den n\u00e4chsten Jahren eine Steigerung der Nachfrage f\u00fcr pflanzliche Proteinquellen. Das Verlangen von Konsument\/innen nach lokal produzierten&nbsp;vegetarischen und proteinreichen Lebensmitteln wird weiter wachsen. Andreas betont, dass es verschiedene Arten von hochwertigen Erzeugnissen gibt. Von einfacheren und traditionellen Produkten, wie Tofu oder Brotaufstrich (z. B. Hummus), \u00fcber vegetarische Produkte wie Gem\u00fcseschnitzel bis hin zu aufwendigeren Produkten, wie Fleischalternativen, die&nbsp;durch das sogenannte Extrusionsverfahren hergestellt werden. Diese Produkte decken verschiedene Konsumentenanliegen ab, sind aber in der Herstellung unterschiedlich komplex. Eine lokale Rohwarenbeschaffung ist deshalb nicht immer&nbsp;einfach.<\/p>\n\n\n\n<p>Gerade f\u00fcr Fleischalternativen&nbsp;sind sowohl die M\u00f6glichkeiten als auch die Herausforderungen enorm. Es gilt zu bedenken, dass ein Markteintritt mit einem mittelm\u00e4ssigen Produkt das Vertrauen der neu gewonnenen Konsument\/innen besch\u00e4digen k\u00f6nnte bzw. sie diesen Produkten gegen\u00fcber misstrauisch werden und von einem Wiederkauf absehen. Laut Andreas wird der grosse erfolgen, wenn die Preise f\u00fcr Fleischalternativen unter jenen des Fleisches selbst liegen. Um dies zu erreichen, wird das Aussch\u00f6pfen von Skaleneffekten in der Produktion eine wesentliche Rolle spielen.<\/p>\n\n\n\n<p>Hilcona verarbeitet heute insbesondere Soja, Kichererbsen und Auskernbohnen und sieht grosse Chancen aber auch Herausforderungen f\u00fcr Rohstoffe aus Schweizer Herkunft. Beim Schweizer Bio Soja ist es bereits mit der Herstellung von Tofu gelungen, ein marktf\u00e4higes Produkt aus Schweizer Rohwaren herzustellen. Dies trifft auf andere H\u00fclsenfr\u00fcchte noch nicht zu. Die gr\u00f6sste Herausforderungen ist dabei in erster Linie die Verf\u00fcgbarkeit. Die konstante und ausreichende Verf\u00fcgbarkeit, eine hohe sowie stabile Qualit\u00e4t und letztendlich auch der Preis sind weitere H\u00fcrden. Zudem besteht immer das Risiko, dass Produkte aus heimischen Rohstoffen im Markt nicht den erwarteten Erfolg haben und andere Alternativen gesucht werden m\u00fcssen.<\/p>\n\n\n\n<p>Bei der Verwendung von ausschliesslich Schweizer Rohstoffen f\u00fcr Fleischalternativen bestehen noch viele H\u00fcrden. Die proteinreichen Eiweisstr\u00e4ger m\u00fcssen erst aufbereitet werden, damit sie extrusionsf\u00e4hig sind. Dieser Teil der Verarbeitungskette ist in der Schweiz noch nicht entwickelt, resp. sind die passenden Infrastrukturen bis dato eine Fehlanzeige. Der Aufbau von solchen entsprechenden Infrastrukturen und Technologien in der Schweiz sind entscheidende Grundvoraussetzungen, um noch mehr Swissness in den boomenden Markt der Fleischalternativen zu bekommen.<\/p>\n<\/div> <\/div> <\/div><\/div>\n\n\n\n<div class=\"wp-block-bod-modal-block bod-block-popup align-center agripedia-portrait-modal\"><span class=\"bod-block-popup-trigger type_selector\" data-selector=\"claire-asfeld\"><\/span><div style=\"background-color:rgba(0, 0, 0, 0.1)\" class=\"bod-block-popup-overlay\" data-disabled-overlay-close=\"false\" data-disabled-escape-close=\"false\"><\/div><div role=\"dialog\" aria-modal=\"false\" aria-labelledby=\"\" aria-describedby=\"\" class=\"bod-block-popup-wrap agripedia-portrait-modal\"><div style=\"background-color:#ffffff;border-radius:10px \" class=\"bod-block-popup size-m\" data-transition=\"fade\"><div id=\"\" style=\"background-color:#ffffff;text-align:left\" class=\"bod-modal-title\"><button type=\"button\" class=\"bod-block-title-closer\" aria-label=\"Close\"><span aria-hidden=\"true\">\u00d7<\/span><\/button><h2 style=\"color:#000000\">Claire Asfeld<\/h2><\/div> <div id=\"\" class=\"bod-modal-content\">\n<figure class=\"wp-block-audio\"><audio controls src=\"https:\/\/agripedia.ch\/pflanzliche-proteine\/wp-content\/uploads\/sites\/49\/2025\/10\/251006_pod_Lilan_coupe_LPI_qualite_jingle_FPE_auphonic-1.mp3\"><\/audio><\/figure>\n<\/div> <\/div> <\/div><\/div>\n","protected":false},"excerpt":{"rendered":"<p>In diesem Kapitel fassen wir zusammen, welche Herausforderungen sich auf jeder Ebene der Wertsch\u00f6pfungskette stellen. Dar\u00fcber hinaus befragten wir f\u00fcr jeder Ebene der Wertsch\u00f6pfungskette eine Person, die \u00fcber umfangreiche Erfahrungen in der Produktion und\/oder Verarbeitung pflanzlicher Proteine in der Schweiz verf\u00fcgt.Dank dieser Expertinnen und Experten und unserer eigenen Recherchen haben wir eine Liste mit Tipps [&hellip;]<\/p>\n","protected":false},"author":453,"featured_media":0,"parent":0,"menu_order":0,"comment_status":"closed","ping_status":"closed","template":"","meta":{"_sb_is_suggestion_mode":false,"_sb_show_suggestion_boards":false,"_sb_show_comment_boards":false,"_sb_suggestion_history":"","_sb_update_block_changes":"","_monsterinsights_skip_tracking":false,"_monsterinsights_sitenote_active":false,"_monsterinsights_sitenote_note":"","_monsterinsights_sitenote_category":0,"footnotes":""},"class_list":["post-41","page","type-page","status-publish","hentry"],"_links":{"self":[{"href":"https:\/\/agripedia.ch\/pflanzliche-proteine\/wp-json\/wp\/v2\/pages\/41","targetHints":{"allow":["GET"]}}],"collection":[{"href":"https:\/\/agripedia.ch\/pflanzliche-proteine\/wp-json\/wp\/v2\/pages"}],"about":[{"href":"https:\/\/agripedia.ch\/pflanzliche-proteine\/wp-json\/wp\/v2\/types\/page"}],"author":[{"embeddable":true,"href":"https:\/\/agripedia.ch\/pflanzliche-proteine\/wp-json\/wp\/v2\/users\/453"}],"replies":[{"embeddable":true,"href":"https:\/\/agripedia.ch\/pflanzliche-proteine\/wp-json\/wp\/v2\/comments?post=41"}],"version-history":[{"count":71,"href":"https:\/\/agripedia.ch\/pflanzliche-proteine\/wp-json\/wp\/v2\/pages\/41\/revisions"}],"predecessor-version":[{"id":1159,"href":"https:\/\/agripedia.ch\/pflanzliche-proteine\/wp-json\/wp\/v2\/pages\/41\/revisions\/1159"}],"wp:attachment":[{"href":"https:\/\/agripedia.ch\/pflanzliche-proteine\/wp-json\/wp\/v2\/media?parent=41"}],"curies":[{"name":"wp","href":"https:\/\/api.w.org\/{rel}","templated":true}]}}