{"id":63298,"date":"2026-02-16T11:54:39","date_gmt":"2026-02-16T10:54:39","guid":{"rendered":"https:\/\/agripedia.ch\/forum-wasser-landwirtschaft\/informationen-zu-wasserretention\/"},"modified":"2026-04-15T15:44:42","modified_gmt":"2026-04-15T13:44:42","slug":"informationen-zu-wasserretention","status":"publish","type":"page","link":"https:\/\/agripedia.ch\/forum-wasser-landwirtschaft\/fr\/informationen-zu-wasserretention\/","title":{"rendered":"Informations sur la r\u00e9tention de l&rsquo;eau"},"content":{"rendered":"\n<p class=\"has-larger-font-size\"><strong>Collection de mesures<\/strong><\/p>\n\n\n\n<div class=\"wp-block-columns is-layout-flex wp-container-core-columns-is-layout-9d6595d7 wp-block-columns-is-layout-flex\">\n<div class=\"wp-block-column is-layout-flow wp-block-column-is-layout-flow\" style=\"flex-basis:66.66%\">\n<p class=\"has-normal-font-size\"><strong>Fran\u00e7ais<\/strong><\/p>\n\n\n\n<p class=\"has-normal-font-size\">WOCAT, 2026. La base de donn\u00e9es mondiale sur <a href=\"https:\/\/qcat.wocat.net\/fr\/wocat\/\" target=\"_blank\" rel=\"noreferrer noopener\">la gestion durable des terres<\/a> (Sustainable Land Management SLM). Consult\u00e9 le 30\/01\/2026. La base de donn\u00e9es montre 2502 pratiques de SLM dans 137 pays.<\/p>\n\n\n\n<p class=\"has-normal-font-size\">Plateforme des bonnes pratiques pour l\u2019eau du grand Sud-ouest, 2025. <a href=\"https:\/\/bonnespratiques-eau.fr\/2025\/09\/20\/ralentir-eau-un-enjeu-commun-pour-adapter-nos-territoires\/#1720598963805-a4c1bee1-22ff\" target=\"_blank\" rel=\"noreferrer noopener\">Ralentir l&rsquo;eau<\/a> &#8211; un enjeu Commun pour adapter nos territoires. Site web<\/p>\n\n\n\n<p class=\"has-normal-font-size\"><strong>Allemand<\/strong><\/p>\n\n\n\n<p class=\"has-normal-font-size\">bodenst\u00e4ndig. La plateforme pratique pour la protection des sols et des eaux. <a href=\"https:\/\/boden-staendig.eu\/massnahmentypen\" target=\"_blank\" rel=\"noreferrer noopener\">Types de mesures<\/a>. Bavi\u00e8re, Allemagne. Consult\u00e9 le 30.01.2026.<\/p>\n\n\n\n<p class=\"has-normal-font-size\">Netzwerk WasserAgri, 2022. <a href=\"https:\/\/www.wasser-retention.de\/wasserrueckhalt\/massnahmen\" target=\"_blank\" rel=\"noreferrer noopener\">Mesures de r\u00e9tention d&rsquo;eau<\/a>. Contact : Dr. Sassa Franke<\/p>\n\n\n\n<p class=\"has-normal-font-size\"><strong>Anglais<\/strong><\/p>\n\n\n\n<p class=\"has-normal-font-size\">Mesures de r\u00e9tention d&rsquo;eau naturelle (NWRM) : Plateforme <a href=\"https:\/\/www.nwrm.eu\/\" target=\"_blank\" rel=\"noreferrer noopener\">europ\u00e9enne<\/a> NWRM+. Catalogue des <a href=\"https:\/\/www.nwrm.eu\/measures-catalogue\" target=\"_blank\" rel=\"noreferrer noopener\">NWRM<\/a>.<\/p>\n<\/div>\n\n\n\n<div class=\"wp-block-column is-layout-flow wp-block-column-is-layout-flow\" style=\"flex-basis:33.33%\">    \n<div class=\"wp-block-agripedia-impressum\" >\n    \n    <div class=\"agripedia-box-header\">\n        <strong>Les mesures du projet Slow water<\/strong>    <\/div>\n\n    <div class=\"agripedia-box-content\">\n        \n\n<p class=\"has-normal-font-size\">Dans le <a href=\"https:\/\/themes.agripedia.ch\/slow-water-wasseretention-im-kulturland\/\" target=\"_blank\" rel=\"noreferrer noopener\">guide de consultation <\/a>du projet de ressources Slow water, vous trouverez un aper\u00e7u d\u00e9taill\u00e9 des mesures hydrologiques et de gestion pour la r\u00e9tention de l&rsquo;eau, y compris les co\u00fbts, les avantages et les possibilit\u00e9s de financement (en allemand).<\/p>\n\n    <\/div>\n    \n<\/div><\/div>\n<\/div>\n\n\n\n<div style=\"height:21px\" aria-hidden=\"true\" class=\"wp-block-spacer\"><\/div>\n\n\n\n<p class=\"has-larger-font-size\"><strong>Projets, litt\u00e9rature, vid\u00e9os, podcasts<\/strong><\/p>\n\n\n\n<div style=\"height:21px\" aria-hidden=\"true\" class=\"wp-block-spacer\"><\/div>\n\n\n\n<p class=\"has-normal-font-size\"><strong>Fran\u00e7ais<\/strong><\/p>\n\n\n\n<p class=\"has-normal-font-size\">Liniger HP et Askrabic J., 2024. <a href=\"https:\/\/www.ufarevue.ch\/fre\/production-vegetale\/proteger-les-sols-de-la-chaleur-un-imperatif-crucial\" target=\"_blank\" rel=\"noreferrer noopener\">Prot\u00e9ger les sols de la chaleur, un imp\u00e9ratif crucial<\/a>. UFA Revue 14.11.2024<\/p>\n\n\n\n<p class=\"has-normal-font-size\">Liniger HP et Askrabic J., 2024. <a href=\"https:\/\/www.youtube.com\/watch?v=2ScHBT3pSjY&amp;t=32s\" target=\"_blank\" rel=\"noreferrer noopener\">Simulateur de pluie<\/a> &#8211; Une forte pluie frappe diff\u00e9rents sols. Vid\u00e9o, Revue UFA <\/p>\n\n\n\n<p class=\"has-normal-font-size\">Objectifs\u2019eau, 2025. <a href=\"https:\/\/agripedia.ch\/forum-wasser-landwirtschaft\/wp-content\/uploads\/sites\/64\/2026\/04\/EM_2025_OBJECTIFS-86-002.pdf\" target=\"_blank\" rel=\"noreferrer noopener\">Am\u00e9liorez la r\u00e9silience de vos parcelles<\/a> face aux \u00e9v\u00e9nements hydriques extr\u00eames. Agriculture r\u00e9g\u00e9n\u00e9rative\u00a0: Juin 2025 n\u00b086<\/p>\n\n\n\n<p class=\"has-normal-font-size\">Plateforme des bonnes pratiques pour l\u2019eau du grand Sud-ouest, 2025. <a href=\"https:\/\/agripedia.ch\/forum-wasser-landwirtschaft\/wp-content\/uploads\/sites\/64\/2026\/04\/Dossier_Ralentir_Eau.pdf\" target=\"_blank\" rel=\"noreferrer noopener\">Ralentir l\u2019eau<\/a> &#8211; un enjeu Commun pour adapter nos territoires. <\/p>\n\n\n\n<p class=\"has-normal-font-size\"><strong>Allemand<\/strong><\/p>\n\n\n\n<p class=\"has-normal-font-size\">Agriculture climatiquement neutre dans les Grisons, 2024. <a href=\"https:\/\/landwirtschaft-klima-wandel.podigee.io\/4-new-episode\" target=\"_blank\" rel=\"noreferrer noopener\">\u00abOhne Wasser kein Leben\u00bb<\/a> \u00ab\u00a0Sans eau, pas de vie\u00a0\u00bb &#8211; La gestion de l&rsquo;eau en p\u00e9riode de changement climatique. Podcast E03, juin 2024<\/p>\n\n\n\n<p class=\"has-normal-font-size\">AKHWA, 2023. <a href=\"https:\/\/www.akhwa.de\/\" target=\"_blank\" rel=\"noreferrer noopener\">Anpassung an den Klimawandel in Hessen<\/a> \u2013 Erh\u00f6hung der Wasserretention des Bodens durch regenerative Ackerbaustrategien<\/p>\n\n\n\n<p class=\"has-normal-font-size\">Arriv\u00e9 E., AGIR (LID), 2025. \u00ab<a href=\"https:\/\/www.lid.ch\/artikel\/unsere-kulturen-brauchen-wasser-nicht-unbedingt-bewaesserung\" target=\"_blank\" rel=\"noreferrer noopener\">Unsere Kulturen brauchen Wasser, nicht unbedingt Bew\u00e4sserung<\/a>\u00bb.<\/p>\n\n\n\n<p class=\"has-normal-font-size\">Auerswald K., 2024. <a href=\"https:\/\/gesunder-boden.de\/wissens-beitrag\/1736877527553x605438870726115300\" target=\"_blank\" rel=\"noreferrer noopener\">Wissen &#8211; Das Wasser in der Landschaft halten<\/a>. IG gesunder Boden e.V. (association pour un sol sain)<\/p>\n\n\n\n<p class=\"has-normal-font-size\">Deutscher Verband f\u00fcr Landschaftspflege DVL, Association allemande pour l&rsquo;entretien des paysages DVL, 2021. <a href=\"https:\/\/agripedia.ch\/forum-wasser-landwirtschaft\/wp-content\/uploads\/sites\/64\/2025\/12\/DVL-Publikation-Schriftenreihe-29_Verbesser.pdf\" target=\"_blank\" rel=\"noreferrer noopener\">Verbesserung des nat\u00fcrlichen Wasserr\u00fcckhaltes in der Agrarlandschaft. In: Landschaft als Lebensraum.<\/a> ISSN 2197-5876<\/p>\n\n\n\n<p class=\"has-normal-font-size\">Ebenrain-Zentrum f\u00fcr Landwirtschaft, Natur und Ern\u00e4hrung BL, lawa LU, 2024 \u2013 2031. \u00ab<a href=\"https:\/\/kanton.baselland.ch\/volkswirtschafts-und-gesundheitsdirektion\/landw-zentrum-ebenrain\/landwirtschaft\/slow-water\" target=\"_blank\" rel=\"noreferrer noopener\">Slow Water<\/a>\u00bb f\u00fcr unsere Kulturlandschaft.<\/p>\n\n\n\n<p class=\"has-normal-font-size\">EPFZ, 2024. <a href=\"https:\/\/jurapark-aargau.ch\/reallabor\" target=\"_blank\" rel=\"noreferrer noopener\">Reallabor Jurapark Aargau<\/a>. Projet sur la gestion de l&rsquo;eau, l&rsquo;adaptation au climat et l&rsquo;\u00e9conomie circulaire. <\/p>\n\n\n\n<p class=\"has-normal-font-size\">Gerhardt P. und Franke S., 2025. <a href=\"https:\/\/www.oekom.de\/buch\/langsames-wasser-kuehlendes-gruen-9783987261282\" target=\"_blank\" rel=\"noreferrer noopener\">Langsames Wasser, k\u00fchlendes Gr\u00fcn<\/a>. Les paysages climatiques avec l&rsquo;agroforesterie et le keyline design comme moyen de sortir de la crise climatique. Eau lente, vert rafra\u00eechissant. Couverture souple, 256 pages. oekom verlag, Munich. ISBN : 978-3-98726-128-2<\/p>\n\n\n\n<p class=\"has-normal-font-size\">Holzer Sepp, 2025. W\u00fcste oder Paradies. Von der Renaturierung bedrohter Landschaften. Holzer&rsquo;sche Permakultur jetzt! 4. Auflage, 208 Seiten. ISBN 978-3-7020-1324-0; D\u00e9sert ou paradis. De la renaturation des paysages menac\u00e9s. La permaculture holzerienne maintenant ! <\/p>\n\n\n\n<p class=\"has-normal-font-size\">Kramer B., 2024. <a href=\"https:\/\/www.ardaudiothek.de\/episode\/urn:ard:publication:51607f9c33b20582\/\" target=\"_blank\" rel=\"noreferrer noopener\">D\u00fcrre in Europa &#8211; Doku \u00fcber nachhaltige Landwirtschaft in der Klimakrise<\/a>. S\u00e9cheresse en Europe &#8211; Documentaire sur l&rsquo;agriculture durable face \u00e0 la crise climatique. Podcast avec des exemples de diff\u00e9rents pays (Espagne, Autriche et Allemagne) et ce sur quoi portent les recherches. par ex. Keyline minutes 29.30 &#8211; 36.36<\/p>\n\n\n\n<p class=\"has-normal-font-size\">Liniger HP et Askrabic J., 2025. <a href=\"https:\/\/www.youtube.com\/watch?v=kbjKWBaEdXM\" target=\"_blank\" rel=\"noreferrer noopener\">Heisse Erde ist nicht \u00ab\u00a0cool\u00a0\u00bb<\/a>. La terre chaude n&rsquo;est pas \u00ab\u00a0cool\u00a0\u00bb. Vid\u00e9o, consult\u00e9e le 30.01.2026<\/p>\n\n\n\n<p class=\"has-normal-font-size\">Oekologie &amp; Landbau 03\/2025. <a href=\"https:\/\/www.oekom.de\/ausgabe\/wasser-83058\" target=\"_blank\" rel=\"noreferrer noopener\">Wasser<\/a>.<\/p>\n\n\n\n<p class=\"has-normal-font-size\">Vogel H.J., 2025. So wird der Boden zum Schwamm. Der Acker als Wasserspeicher. Ainsi, le sol devient une \u00e9ponge. Le champ comme r\u00e9servoir d&rsquo;eau. <a href=\"https:\/\/www.oekom.de\/ausgabe\/wasser-83058\" target=\"_blank\" rel=\"noreferrer noopener\">Oekologie &amp; Landbau 03\/2025<\/a><\/p>\n\n\n\n<p class=\"has-normal-font-size\">Werdenberg N. K\u00e4ppeli-Wyss S., Meier C., 2025. <a href=\"https:\/\/agripedia.ch\/forum-wasser-landwirtschaft\/wp-content\/uploads\/sites\/64\/2026\/01\/FA_Werdenberg_med.pdf\" target=\"_blank\" rel=\"noreferrer noopener\">\u00abSchwammland\u00bb \u2013 ohne Puffer keine Zukunft<\/a>. AQUA &amp; GAS No 7+8\/2025<\/p>\n\n\n\n<p class=\"has-normal-font-size\">Werdenberg N., Widmer A., Honegger P., 2023. <a href=\"https:\/\/agripedia.ch\/forum-wasser-landwirtschaft\/wp-content\/uploads\/sites\/64\/2026\/02\/230621_Schwammland-Konzept_def-1.pdf\" target=\"_blank\" rel=\"noreferrer noopener\">Konzept Schwammland<\/a>. Solutions bas\u00e9es sur la nature pour l&rsquo;att\u00e9nuation du changement climatique, l&rsquo;adaptation au climat, la gestion des ressources en eau et la promotion de la biodiversit\u00e9 dans le paysage.<\/p>\n\n\n\n<p class=\"has-normal-font-size\">Widmer A., Werdenberg N., 2025. <a href=\"https:\/\/agripedia.ch\/forum-wasser-landwirtschaft\/wp-content\/uploads\/sites\/64\/2026\/01\/aqua-viva-2025-2-artikel-andreas-widmer-und-niels-werdenberg.pdf\" target=\"_blank\" rel=\"noreferrer noopener\">\u00abSchwammland\u00bb und die Rolle der Gew\u00e4sser<\/a>. aqua viva 2\/2025<\/p>\n\n\n\n<div style=\"height:14px\" aria-hidden=\"true\" class=\"wp-block-spacer\"><\/div>\n\n\n\n<p class=\"has-normal-font-size\"><strong>Anglais<\/strong><\/p>\n\n\n\n<p class=\"has-normal-font-size\">Ingham E., 2025. The Formation of Structure. <a href=\"https:\/\/www.soilfoodweb.com\/how-it-works\/#structure-formation\" target=\"_blank\" rel=\"noreferrer noopener\">How Living Soil Really Works<\/a>. Dr. Elaine&rsquo;s SoilFoodWeb school. La formation de la structure. Comment le sol vivant fonctionne vraiment. <\/p>\n\n\n\n<p class=\"has-normal-font-size\">Slowwater.earth. <a href=\"https:\/\/slowwater.earth\/\" target=\"_blank\" rel=\"noreferrer noopener\">Where Water Slows, Life Grows<\/a>. Water Retention &amp; Landscape Restoration in Portugal and Southern Europe. Acc\u00e8s au 13. April 2024.<\/p>\n\n\n\n<p class=\"has-normal-font-size\">SpongeScapes, 2026. <a href=\"https:\/\/www.spongescapes.eu\/sponge-studies\" target=\"_blank\" rel=\"noreferrer noopener\">Sponge studies<\/a>. 14 case studies in Europa.<\/p>\n\n\n\n<p class=\"has-normal-font-size\">SponeScapes, 2024. <a href=\"https:\/\/agripedia.ch\/forum-wasser-landwirtschaft\/wp-content\/uploads\/sites\/64\/2026\/01\/SpongeScapes_Policy-Brief-No.-1_From-Drainage-to-Water-Retention.pdf\" target=\"_blank\" rel=\"noreferrer noopener\">From Drainage to Water Retention<\/a>. Advancing a Paradigm Shift Towards Sponge Landscapes for Enhanced Climate Resilience. Policy Brief, septembre 2024. mots cl\u00e9s : gestion des terres, terres spongieuses, sol, eau, parties prenantes<\/p>\n\n\n\n<p class=\"has-normal-font-size\">Water stories. <a href=\"https:\/\/www.waterstories.com\/stories?category=all\" target=\"_blank\" rel=\"noreferrer noopener\">Water cycle restoration<\/a>. Diff\u00e9rentes courtes vid\u00e9os sur le cycle de l&rsquo;eau et les mesures \u00e0 prendre.<\/p>\n\n\n\n<div style=\"height:21px\" aria-hidden=\"true\" class=\"wp-block-spacer\"><\/div>\n","protected":false},"excerpt":{"rendered":"<p>Collection de mesures Fran\u00e7ais WOCAT, 2026. La base de donn\u00e9es mondiale sur la gestion durable des terres (Sustainable Land Management SLM). Consult\u00e9 le 30\/01\/2026. La base de donn\u00e9es montre 2502 pratiques de SLM dans 137 pays. Plateforme des bonnes pratiques pour l\u2019eau du grand Sud-ouest, 2025. Ralentir l&rsquo;eau &#8211; un enjeu Commun pour adapter nos [&hellip;]<\/p>\n","protected":false},"author":234,"featured_media":62787,"parent":0,"menu_order":0,"comment_status":"closed","ping_status":"closed","template":"","meta":{"_sb_is_suggestion_mode":false,"_sb_show_suggestion_boards":false,"_sb_show_comment_boards":false,"_sb_suggestion_history":"","_sb_update_block_changes":"","om_disable_all_campaigns":false,"advgb_blocks_editor_width":"","advgb_blocks_columns_visual_guide":"","_monsterinsights_skip_tracking":false,"_monsterinsights_sitenote_active":false,"_monsterinsights_sitenote_note":"","_monsterinsights_sitenote_category":0,"footnotes":""},"class_list":["post-63298","page","type-page","status-publish","has-post-thumbnail","hentry"],"coauthors":[{"link":"https:\/\/agripedia.ch\/forum-wasser-landwirtschaft\/fr\/author\/dal0\/","display_name":"dal0"}],"author_meta":{"author_link":"https:\/\/agripedia.ch\/forum-wasser-landwirtschaft\/fr\/author\/dal0\/","display_name":"dal0"},"relative_dates":{"created":"Publi\u00e9 2 mois il y a","modified":"Mis \u00e0 jour 2 semaines il y a"},"absolute_dates":{"created":"Publi\u00e9 le 16 f\u00e9vrier 2026","modified":"Mise \u00e0 jour le 15 avril 2026"},"absolute_dates_time":{"created":"Publi\u00e9 le 16 f\u00e9vrier 2026 11h54","modified":"Mise \u00e0 jour le 15 avril 2026 15h44"},"featured_img_caption":"Slake test","featured_img":"https:\/\/agripedia.ch\/forum-wasser-landwirtschaft\/wp-content\/uploads\/sites\/64\/2026\/01\/20250128_161243-1200x900.jpg","series_order":"","_links":{"self":[{"href":"https:\/\/agripedia.ch\/forum-wasser-landwirtschaft\/fr\/wp-json\/wp\/v2\/pages\/63298","targetHints":{"allow":["GET"]}}],"collection":[{"href":"https:\/\/agripedia.ch\/forum-wasser-landwirtschaft\/fr\/wp-json\/wp\/v2\/pages"}],"about":[{"href":"https:\/\/agripedia.ch\/forum-wasser-landwirtschaft\/fr\/wp-json\/wp\/v2\/types\/page"}],"author":[{"embeddable":true,"href":"https:\/\/agripedia.ch\/forum-wasser-landwirtschaft\/fr\/wp-json\/wp\/v2\/users\/234"}],"replies":[{"embeddable":true,"href":"https:\/\/agripedia.ch\/forum-wasser-landwirtschaft\/fr\/wp-json\/wp\/v2\/comments?post=63298"}],"version-history":[{"count":46,"href":"https:\/\/agripedia.ch\/forum-wasser-landwirtschaft\/fr\/wp-json\/wp\/v2\/pages\/63298\/revisions"}],"predecessor-version":[{"id":64583,"href":"https:\/\/agripedia.ch\/forum-wasser-landwirtschaft\/fr\/wp-json\/wp\/v2\/pages\/63298\/revisions\/64583"}],"wp:featuredmedia":[{"embeddable":true,"href":"https:\/\/agripedia.ch\/forum-wasser-landwirtschaft\/fr\/wp-json\/wp\/v2\/media\/62787"}],"wp:attachment":[{"href":"https:\/\/agripedia.ch\/forum-wasser-landwirtschaft\/fr\/wp-json\/wp\/v2\/media?parent=63298"}],"curies":[{"name":"wp","href":"https:\/\/api.w.org\/{rel}","templated":true}]}}