{"id":229,"date":"2022-09-30T07:14:33","date_gmt":"2022-09-30T07:14:33","guid":{"rendered":"https:\/\/agripedia.ch\/filieres-innovantes\/?page_id=229"},"modified":"2025-09-29T11:44:32","modified_gmt":"2025-09-29T11:44:32","slug":"faireswiss-die-faire-milch","status":"publish","type":"page","link":"https:\/\/agripedia.ch\/filieres-innovantes\/de\/faireswiss-die-faire-milch\/","title":{"rendered":"Faireswiss &#8211; Die faire Milch"},"content":{"rendered":"<p><div class=\"fusion-fullwidth fullwidth-box fusion-builder-row-1 fusion-flex-container nonhundred-percent-fullwidth non-hundred-percent-height-scrolling\" style=\"--awb-border-radius-top-left:0px;--awb-border-radius-top-right:0px;--awb-border-radius-bottom-right:0px;--awb-border-radius-bottom-left:0px;--awb-flex-wrap:wrap;\" ><div class=\"fusion-builder-row fusion-row fusion-flex-align-items-flex-start fusion-flex-content-wrap\" style=\"max-width:1144px;margin-left: calc(-4% \/ 2 );margin-right: calc(-4% \/ 2 );\"><div class=\"fusion-layout-column fusion_builder_column fusion-builder-column-0 fusion_builder_column_1_1 1_1 fusion-flex-column\" style=\"--awb-bg-size:cover;--awb-width-large:100%;--awb-margin-top-large:0px;--awb-spacing-right-large:1.92%;--awb-margin-bottom-large:20px;--awb-spacing-left-large:1.92%;--awb-width-medium:100%;--awb-order-medium:0;--awb-spacing-right-medium:1.92%;--awb-spacing-left-medium:1.92%;--awb-width-small:100%;--awb-order-small:0;--awb-spacing-right-small:1.92%;--awb-spacing-left-small:1.92%;\"><div class=\"fusion-column-wrapper fusion-column-has-shadow fusion-flex-justify-content-flex-start fusion-content-layout-column\"><div class=\"fusion-title title fusion-title-1 fusion-sep-none fusion-title-text fusion-title-size-one\"><h1 class=\"fusion-title-heading title-heading-left fusion-responsive-typography-calculated\" style=\"margin:0;--fontSize:60;line-height:1.4;\">Faireswiss \u2013 Die faire Milch<\/h1><\/div><\/div><\/div><div class=\"fusion-layout-column fusion_builder_column fusion-builder-column-1 fusion_builder_column_2_3 2_3 fusion-flex-column\" style=\"--awb-bg-size:cover;--awb-width-large:66.666666666667%;--awb-margin-top-large:0px;--awb-spacing-right-large:2.88%;--awb-margin-bottom-large:20px;--awb-spacing-left-large:2.88%;--awb-width-medium:100%;--awb-order-medium:0;--awb-spacing-right-medium:1.92%;--awb-spacing-left-medium:1.92%;--awb-width-small:100%;--awb-order-small:0;--awb-spacing-right-small:1.92%;--awb-spacing-left-small:1.92%;\"><div class=\"fusion-column-wrapper fusion-column-has-shadow fusion-flex-justify-content-flex-start fusion-content-layout-column\"><div class=\"fusion-text fusion-text-1 lead\"><p>Die faire Milch ist eine Milch, bei der die Milchproduzentinnen und -produzenten fair entlohnt werden. Das bedeutet sie erhalten mit<strong> 1 Fr. pro Liter einen Preis, der die Produktionskosten deckt<\/strong>.<\/p>\n<p>Die Initiative wurde im September 2019 in der Schweiz lanciert und entwickelt sich derzeit weiter.<\/p>\n<p>Die hier dargestellten Daten spiegeln die Situation im Mai 2021 wider, aktualisiert im September 2025.<\/p>\n<\/div><\/div><\/div><div class=\"fusion-layout-column fusion_builder_column fusion-builder-column-2 fusion_builder_column_1_3 1_3 fusion-flex-column\" style=\"--awb-bg-size:cover;--awb-width-large:33.333333333333%;--awb-margin-top-large:0px;--awb-spacing-right-large:5.76%;--awb-margin-bottom-large:20px;--awb-spacing-left-large:5.76%;--awb-width-medium:100%;--awb-order-medium:0;--awb-spacing-right-medium:1.92%;--awb-spacing-left-medium:1.92%;--awb-width-small:100%;--awb-order-small:0;--awb-spacing-right-small:1.92%;--awb-spacing-left-small:1.92%;\"><div class=\"fusion-column-wrapper fusion-column-has-shadow fusion-flex-justify-content-flex-start fusion-content-layout-column\"><div class=\"fusion-content-boxes content-boxes columns row fusion-columns-1 fusion-columns-total-1 fusion-content-boxes-1 content-boxes-icon-with-title content-left agri-summary\" style=\"--awb-hover-accent-color:#333333;--awb-circle-hover-accent-color:transparent;--awb-item-margin-bottom:40px;\" data-animationOffset=\"top-into-view\"><div style=\"--awb-backgroundcolor:rgba(255,255,255,0);\" class=\"fusion-column content-box-column content-box-column content-box-column-1 col-lg-12 col-md-12 col-sm-12 fusion-content-box-hover content-box-column-last content-box-column-last-in-row\"><div class=\"col content-box-wrapper content-wrapper link-area-link-icon icon-hover-animation-fade\" data-animationOffset=\"top-into-view\"><div class=\"heading icon-left\"><h2 class=\"content-box-heading fusion-responsive-typography-calculated\" style=\"--h2_typography-font-size:18px;--fontSize:18;line-height:1.5;\">Auf dieser Seite<\/h2><\/div><div class=\"fusion-clearfix\"><\/div><div class=\"content-container\">\n<ul>\n<li><a href=\"#steckbrief\">Steckbrief<\/a><\/li>\n<li><a href=\"#ausloeser\">Ausl\u00f6ser<\/a><\/li>\n<li><a href=\"#meilensteine\">Meilensteine<\/a><\/li>\n<li><a href=\"#unterstuetzung\">Unterst\u00fctzung<\/a><\/li>\n<li><a href=\"#geschaeftsmodell\">Gesch\u00e4ftsmodell<\/a><\/li>\n<li><a href=\"#produkte\">Wichtigste Produkte<\/a><\/li>\n<li><a href=\"#swot\">SWOT<\/a><\/li>\n<li><a href=\"#tipps\">Tipps und Tricks<\/a><\/li>\n<\/ul>\n<\/div><\/div><\/div><div class=\"fusion-clearfix\"><\/div><\/div><\/div><\/div><\/div><\/div><div class=\"fusion-fullwidth fullwidth-box fusion-builder-row-2 fusion-flex-container mf-card-id nonhundred-percent-fullwidth non-hundred-percent-height-scrolling\" style=\"--awb-border-radius-top-left:0px;--awb-border-radius-top-right:0px;--awb-border-radius-bottom-right:0px;--awb-border-radius-bottom-left:0px;--awb-flex-wrap:wrap;\" id=\"steckbrief\" ><div class=\"fusion-builder-row fusion-row fusion-flex-align-items-flex-start fusion-flex-content-wrap\" style=\"max-width:1144px;margin-left: calc(-4% \/ 2 );margin-right: calc(-4% \/ 2 );\"><div class=\"fusion-layout-column fusion_builder_column fusion-builder-column-3 fusion_builder_column_1_1 1_1 fusion-flex-column mf-card-id-heading\" style=\"--awb-bg-size:cover;--awb-width-large:100%;--awb-margin-top-large:0px;--awb-spacing-right-large:1.92%;--awb-margin-bottom-large:20px;--awb-spacing-left-large:1.92%;--awb-width-medium:100%;--awb-order-medium:0;--awb-spacing-right-medium:1.92%;--awb-spacing-left-medium:1.92%;--awb-width-small:100%;--awb-order-small:0;--awb-spacing-right-small:1.92%;--awb-spacing-left-small:1.92%;\"><div class=\"fusion-column-wrapper fusion-column-has-shadow fusion-flex-justify-content-flex-start fusion-content-layout-column\"><div class=\"fusion-title title fusion-title-2 fusion-sep-none fusion-title-text fusion-title-size-four mf-card-id-title\"><h4 class=\"fusion-title-heading title-heading-left fusion-responsive-typography-calculated\" style=\"margin:0;--fontSize:24;--minFontSize:24;line-height:1.5;\">Steckbrief<\/h4><\/div><\/div><\/div><div class=\"fusion-layout-column fusion_builder_column fusion-builder-column-4 fusion_builder_column_2_3 2_3 fusion-flex-column\" style=\"--awb-bg-size:cover;--awb-width-large:66.666666666667%;--awb-margin-top-large:0px;--awb-spacing-right-large:2.88%;--awb-margin-bottom-large:20px;--awb-spacing-left-large:2.88%;--awb-width-medium:100%;--awb-order-medium:0;--awb-spacing-right-medium:1.92%;--awb-spacing-left-medium:1.92%;--awb-width-small:100%;--awb-order-small:0;--awb-spacing-right-small:1.92%;--awb-spacing-left-small:1.92%;\" id=\"steckbrief\"><div class=\"fusion-column-wrapper fusion-column-has-shadow fusion-flex-justify-content-flex-start fusion-content-layout-column\"><div class=\"fusion-text fusion-text-2\"><p><strong>Name<\/strong><br \/>\nFaireswiss \u2013 Le lait \u00e9quitable \u2013 Die faire Milch<\/p>\n<p><strong>Ort<\/strong><br \/>\nSchweiz<\/p>\n<p><strong>Rechtsform<\/strong><br \/>\nGenossenschaft<\/p>\n<p><strong>Wertsch\u00f6pfungskette\/Produkte<\/strong><br \/>\nMilch und Milchprodukte<\/p>\n<p><strong>Produzent\/innen<\/strong><br \/>\n75 Produzent\/innen im Jahr 2025<\/p>\n<p><strong>Mitarbeitende<\/strong><br \/>\nEine angestellte Person und Mandate:<\/p>\n<ul>\n<li>Mandat Gesch\u00e4ftsf\u00fchrung: Berthe Darras, Uniterre<\/li>\n<li>Mandat Grafik<\/li>\n<\/ul>\n<p><strong>Homepage<\/strong><br \/>\n<a href=\"https:\/\/www.faireswiss.ch\" target=\"_blank\" rel=\"nofollow noopener\">https:\/\/www.faireswiss.ch<\/a><\/p>\n<\/div><\/div><\/div><div class=\"fusion-layout-column fusion_builder_column fusion-builder-column-5 fusion_builder_column_1_3 1_3 fusion-flex-column\" style=\"--awb-bg-size:cover;--awb-width-large:33.333333333333%;--awb-margin-top-large:0px;--awb-spacing-right-large:5.76%;--awb-margin-bottom-large:20px;--awb-spacing-left-large:5.76%;--awb-width-medium:100%;--awb-order-medium:0;--awb-spacing-right-medium:1.92%;--awb-spacing-left-medium:1.92%;--awb-width-small:100%;--awb-order-small:0;--awb-spacing-right-small:1.92%;--awb-spacing-left-small:1.92%;\"><div class=\"fusion-column-wrapper fusion-column-has-shadow fusion-flex-justify-content-flex-start fusion-content-layout-column\"><div class=\"fusion-image-element \" style=\"--awb-caption-title-font-family:var(--h2_typography-font-family);--awb-caption-title-font-weight:var(--h2_typography-font-weight);--awb-caption-title-font-style:var(--h2_typography-font-style);--awb-caption-title-size:var(--h2_typography-font-size);--awb-caption-title-transform:var(--h2_typography-text-transform);--awb-caption-title-line-height:var(--h2_typography-line-height);--awb-caption-title-letter-spacing:var(--h2_typography-letter-spacing);\"><span class=\" fusion-imageframe imageframe-none imageframe-1 hover-type-none\"><img decoding=\"async\" width=\"594\" height=\"301\" alt=\"Logo Faireswiss\" title=\"Faireswiss\" src=\"https:\/\/agripedia.ch\/filieres-innovantes\/wp-content\/uploads\/sites\/44\/2022\/09\/faireswiss.png\" class=\"img-responsive wp-image-451\" srcset=\"https:\/\/agripedia.ch\/filieres-innovantes\/wp-content\/uploads\/sites\/44\/2022\/09\/faireswiss-200x101.png 200w, https:\/\/agripedia.ch\/filieres-innovantes\/wp-content\/uploads\/sites\/44\/2022\/09\/faireswiss-400x203.png 400w, https:\/\/agripedia.ch\/filieres-innovantes\/wp-content\/uploads\/sites\/44\/2022\/09\/faireswiss.png 594w\" sizes=\"(max-width: 1024px) 100vw, (max-width: 640px) 100vw, 400px\" \/><\/span><\/div><\/div><\/div><\/div><\/div><div class=\"fusion-fullwidth fullwidth-box fusion-builder-row-3 fusion-flex-container nonhundred-percent-fullwidth non-hundred-percent-height-scrolling\" style=\"--awb-border-radius-top-left:0px;--awb-border-radius-top-right:0px;--awb-border-radius-bottom-right:0px;--awb-border-radius-bottom-left:0px;--awb-flex-wrap:wrap;\" id=\"ausloeser\" ><div class=\"fusion-builder-row fusion-row fusion-flex-align-items-flex-start fusion-flex-content-wrap\" style=\"max-width:1144px;margin-left: calc(-4% \/ 2 );margin-right: calc(-4% \/ 2 );\"><div class=\"fusion-layout-column fusion_builder_column fusion-builder-column-6 fusion_builder_column_1_1 1_1 fusion-flex-column\" style=\"--awb-bg-size:cover;--awb-width-large:100%;--awb-margin-top-large:0px;--awb-spacing-right-large:1.92%;--awb-margin-bottom-large:20px;--awb-spacing-left-large:1.92%;--awb-width-medium:100%;--awb-order-medium:0;--awb-spacing-right-medium:1.92%;--awb-spacing-left-medium:1.92%;--awb-width-small:100%;--awb-order-small:0;--awb-spacing-right-small:1.92%;--awb-spacing-left-small:1.92%;\"><div class=\"fusion-column-wrapper fusion-column-has-shadow fusion-flex-justify-content-flex-start fusion-content-layout-column\"><div class=\"fusion-title title fusion-title-3 fusion-sep-none fusion-title-text fusion-title-size-two\"><h2 class=\"fusion-title-heading title-heading-left fusion-responsive-typography-calculated\" style=\"margin:0;--fontSize:40;line-height:1.5;\">Ausl\u00f6ser<\/h2><\/div><div class=\"fusion-title title fusion-title-4 fusion-sep-none fusion-title-text fusion-title-size-four\"><h4 class=\"fusion-title-heading title-heading-left fusion-responsive-typography-calculated\" style=\"margin:0;--fontSize:24;--minFontSize:24;line-height:1.5;\">Personen und Kompetenzen<\/h4><\/div><div class=\"fusion-text fusion-text-3\"><p>Entwicklung von verschiedenen \u00abFaire Milch\u00bb-Projekten in Europa mit dem <b>European<\/b><b> Milk <\/b><b>Board<\/b>: <i>A faire <\/i><i>Milch<\/i> in \u00d6sterreich, 2006; <i>Fairebel, <\/i>2010; <i>Fairefrance,<\/i> 2013.<\/p>\n<p>Wiederaufnahme des Projekts im Jahr 2017, das infolge des Milchstreiks 2008-2009 in der Schweiz von Uniterre ins Leben gerufen wurde.<\/p>\n<p>Schwierigkeit, seri\u00f6se Verarbeiter\/innen zu finden, der die Milch im Lohnauftrag verarbeitet.<\/p>\n<p>Die Kontaktpersonen bei verschiedenen Einzelh\u00e4ndlern (insbesondere MANOR) und ihre konkreten Zusagen bez\u00fcglich der Mengen haben das Projekt vorangebracht.<\/p>\n<p>Die Zusammensetzung des Vorstands der Genossenschaft hatte einen echten Einfluss: Die pers\u00f6nlichen Kontakte erm\u00f6glichten es, eine Vereinbarung mit CREMO \u00fcber die Milchverarbeitung zu treffen.<\/p>\n<\/div><div class=\"fusion-title title fusion-title-5 fusion-sep-none fusion-title-text fusion-title-size-four\"><h4 class=\"fusion-title-heading title-heading-left fusion-responsive-typography-calculated\" style=\"margin:0;--fontSize:24;--minFontSize:24;line-height:1.5;\">Kristallisierung<\/h4><\/div><div class=\"fusion-text fusion-text-4\"><p>Das Projekt ist urspr\u00fcnglich von Uniterre getragen, der kommerzielle Charakter und die Ambitionen der Tr\u00e4ger machen eine gewisse politische und wirtschaftliche Unabh\u00e4ngigkeit jedoch unerl\u00e4ssling.<\/p>\n<p>Eine unabh\u00e4ngige Genossenschaft, die Genossenschaft \u00abDie faire Milch\u00bb, deren Ziel die Entwicklung einer gesunden, nachhaltigen Landwirtschaft ist, die die Natur und die Lebensbedingungen der Erzeuger\/innen respektiert.<\/p>\n<p>Ihr Ziel ist es, ihren Mitgliedern eine Erg\u00e4nzung zum Milchpreis zu verschaffen.<\/p>\n<p>In einer Verordnung wird festgelegt, unter welchen Bedingungen die Produzent\/innen eine Erg\u00e4nzung zum Milchpreis erhalten.<\/p>\n<p>Die Genossenschaftsanteile werden nach dem folgenden Schema auf der Grundlage der Literzahl festgelegt:<\/p>\n<ul>\n<li>Mindesteinsatz beim Eintritt: CHF 1000.- = 20 000 l.<\/li>\n<li>Danach betr\u00e4gt der Einsatz CHF 500.- pro weitere 20 000 l.<\/li>\n<li>Maximaler Einsatz bei Eintritt: CHF 5000.- = 180 000 l und nicht mehr als 50% des j\u00e4hrlichen Milchvolumens.<\/li>\n<\/ul>\n<p>Die Dauer der Mitgliedschaft ist ausschlaggebend und hat Vorrang bei der Erh\u00f6hung der Milchvolumen.<\/p>\n<p><span dir=\"ltr\" role=\"presentation\">\u00a0<\/span><\/p>\n<\/div><div class=\"fusion-testimonials classic awb-speech-bubble-show fusion-testimonials-1\" style=\"--awb-textcolor:#747474;--awb-backgroundcolor:#f6f6f6;--awb-testimonial-border-style:solid;--awb-testimonial-border-color:var(--awb-color3);--awb-border-top-left-radius:0px;--awb-border-top-right-radius:0px;--awb-border-bottom-left-radius:0px;--awb-border-bottom-right-radius:0px;--testimonial-border-width-top:0px;--testimonial-border-width-right:0px;--testimonial-border-width-bottom:0px;--testimonial-border-width-left:0px;\" data-random=\"0\" data-speed=\"4000\"><div class=\"reviews\"><div class=\"review active-testimonial no-avatar\"><blockquote><div class=\"awb-quote\"><div class=\"awb-quote-content\">\n<p>Am Anfang war es schwierig, Produzent\/innen zu finden, niemand kam zu den Informationsveranstaltungen. Schliesslich wurden von Juni 2018 bis Anfang 2020 14 Produzent\/innen rekrutiert. Die Mitglieder, die am Anfang in der Genossenschaft waren, waren vor allem Mitglieder von Uniterre. Es war schwierig, den Kreis zu erweitern. Deshalb wurde beschlossen, eine Genossenschaft zu gr\u00fcnden, die rechtlich von Uniterre unabh\u00e4ngig ist.<\/p>\n<\/div><\/div><span class=\"awb-triangle\"><\/span><\/blockquote><div class=\"author\"><span class=\"company-name\"><strong>Berthe Darras<\/strong><span>, <\/span><span>Uniterre<\/span><\/span><\/div><\/div><\/div><\/div><div class=\"fusion-title title fusion-title-6 fusion-sep-none fusion-title-text fusion-title-size-four\"><h4 class=\"fusion-title-heading title-heading-left fusion-responsive-typography-calculated\" style=\"margin:0;--fontSize:24;--minFontSize:24;line-height:1.5;\">Gr\u00fcndung<\/h4><\/div><div class=\"fusion-text fusion-text-5\"><p>Die Genossenschaft <em>Faireswiss \u2013 Die faire Milch<\/em> wurde am 20. Juni 2018 gegr\u00fcndet.<\/p>\n<p>Sie bestand anfangs aus Westschweizer und einem Basler Produzenten, bot damals keine Produkte an und war immer noch aktiv auf der Suche nach einer Partnerschaft f\u00fcr die Verarbeitung.<\/p>\n<p>MANOR blieb \u00fcber seinen Produktmanager f\u00fcr Milchprodukte in seiner Unterst\u00fctzung best\u00e4ndig und schlug einen ersten Verkaufspreis von 1,80 CHF pro Liter Milch vor.<\/p>\n<p>Anne Chenevard hat das Pr\u00e4sidium der Genossenschaft im Juli 2019 \u00fcbernommen.<\/p>\n<p>Im Jahr 2019 konnte die Partnerschaft zwischen der Genossenschaft <em>Die faire Milch<\/em> und CREMO besiegelt werden und die Milchverpackung, die die Produzent\/in mit 1 CHF pro Liter entlohnt, wurde am 23. September 2019 lanciert.<\/p>\n<\/div><\/div><\/div><\/div><\/div><div class=\"fusion-fullwidth fullwidth-box fusion-builder-row-4 fusion-flex-container nonhundred-percent-fullwidth non-hundred-percent-height-scrolling\" style=\"--awb-border-radius-top-left:0px;--awb-border-radius-top-right:0px;--awb-border-radius-bottom-right:0px;--awb-border-radius-bottom-left:0px;--awb-flex-wrap:wrap;\" id=\"meilensteine\" ><div class=\"fusion-builder-row fusion-row fusion-flex-align-items-flex-start fusion-flex-content-wrap\" style=\"max-width:1144px;margin-left: calc(-4% \/ 2 );margin-right: calc(-4% \/ 2 );\"><div class=\"fusion-layout-column fusion_builder_column fusion-builder-column-7 fusion_builder_column_1_1 1_1 fusion-flex-column\" style=\"--awb-bg-size:cover;--awb-width-large:100%;--awb-margin-top-large:0px;--awb-spacing-right-large:1.92%;--awb-margin-bottom-large:20px;--awb-spacing-left-large:1.92%;--awb-width-medium:100%;--awb-order-medium:0;--awb-spacing-right-medium:1.92%;--awb-spacing-left-medium:1.92%;--awb-width-small:100%;--awb-order-small:0;--awb-spacing-right-small:1.92%;--awb-spacing-left-small:1.92%;\"><div class=\"fusion-column-wrapper fusion-column-has-shadow fusion-flex-justify-content-flex-start fusion-content-layout-column\"><div class=\"fusion-title title fusion-title-7 fusion-sep-none fusion-title-text fusion-title-size-two\"><h2 class=\"fusion-title-heading title-heading-left fusion-responsive-typography-calculated\" style=\"margin:0;--fontSize:40;line-height:1.5;\">Meilensteine<\/h2><\/div><div class=\"fusion-title title fusion-title-8 fusion-sep-none fusion-title-text fusion-title-size-four\"><h4 class=\"fusion-title-heading title-heading-left fusion-responsive-typography-calculated\" style=\"margin:0;--fontSize:24;--minFontSize:24;line-height:1.5;\">2017<\/h4><\/div><div class=\"fusion-text fusion-text-6\"><ul>\n<li>Schreiben an Manor und Lidl, die ihr Interesse best\u00e4rken.<\/li>\n<li>Kontaktaufnahme mit Verarbeitern, die jedoch nicht auf die Anfrage eingehen.<\/li>\n<\/ul>\n<\/div><div class=\"fusion-title title fusion-title-9 fusion-sep-none fusion-title-text fusion-title-size-four\"><h4 class=\"fusion-title-heading title-heading-left fusion-responsive-typography-calculated\" style=\"margin:0;--fontSize:24;--minFontSize:24;line-height:1.5;\">2018<\/h4><\/div><div class=\"fusion-text fusion-text-7\"><ul>\n<li>20\/06: Gr\u00fcndungsversammlung der Genossenschaft<\/li>\n<li>Verschiedene Antr\u00e4ge auf finanzielle Unterst\u00fctzung<\/li>\n<\/ul>\n<\/div><div class=\"fusion-title title fusion-title-10 fusion-sep-none fusion-title-text fusion-title-size-four\"><h4 class=\"fusion-title-heading title-heading-left fusion-responsive-typography-calculated\" style=\"margin:0;--fontSize:24;--minFontSize:24;line-height:1.5;\">2019<\/h4><\/div><div class=\"fusion-text fusion-text-8\"><ul>\n<li>Vereinbarung mit CREMO<\/li>\n<li>Gr\u00fcndung des Vereins zur Unterst\u00fctzung von Faireswiss<em><br \/>\n<\/em><\/li>\n<li>23\/09: Einf\u00fchrung der Tetra Beutel UHT-Vollmilch mit 14 Produzierenden und CREMO als Verarbeitungspartner.<\/li>\n<li>Partnerschaft mit der K\u00e4serei Grand Pr\u00e9 in Moudon und Einf\u00fchrung von 6 Faireswiss Weichk\u00e4sesorten.<\/li>\n<li>Partnerschaft f\u00fcr den Vertrieb in Lebensmittelgesch\u00e4ften mit \u00abLe Petit Cr\u00e9mier\u00bb<\/li>\n<li>Vertrieb in 31 MANOR-Filialen<\/li>\n<\/ul>\n<\/div><div class=\"fusion-title title fusion-title-11 fusion-sep-none fusion-title-text fusion-title-size-four\"><h4 class=\"fusion-title-heading title-heading-left fusion-responsive-typography-calculated\" style=\"margin:0;--fontSize:24;--minFontSize:24;line-height:1.5;\">2020<\/h4><\/div><div class=\"fusion-text fusion-text-9\"><ul>\n<li>25 neue Mitglieder<\/li>\n<li>Vertrieb \u00fcber ALIGRO, Culture Food, PAM, Edelweiss und Top Shop Landi sowie vielen kleinen Verkaufsstellen<\/li>\n<\/ul>\n<\/div><div class=\"fusion-title title fusion-title-12 fusion-sep-none fusion-title-text fusion-title-size-four\"><h4 class=\"fusion-title-heading title-heading-left fusion-responsive-typography-calculated\" style=\"margin:0;--fontSize:24;--minFontSize:24;line-height:1.5;\">2021<\/h4><\/div><div class=\"fusion-text fusion-text-10\"><ul>\n<li>Partnerschaft mit der K\u00e4serei Mol\u00e9son<\/li>\n<li>Erweiterung des Produktsortiments in Partnerschaft mit CREMO<\/li>\n<li>20 neue Mitglieder<\/li>\n<li>Vertrieb in Migros-Filialen in der Westschweiz<\/li>\n<li>Vertrieb via K\u00e4serei Mol\u00e9son<\/li>\n<li>Einf\u00fchrung Milch PAST Pura Center (GR) bei Spar<\/li>\n<\/ul>\n<\/div><div class=\"fusion-title title fusion-title-13 fusion-sep-none fusion-title-text fusion-title-size-four\"><h4 class=\"fusion-title-heading title-heading-left fusion-responsive-typography-calculated\" style=\"margin:0;--fontSize:24;--minFontSize:24;line-height:1.5;\">2022<\/h4><\/div><div class=\"fusion-text fusion-text-11\"><ul>\n<li>Einstellung des Verkaufs der Faireswiss-Milch bei Migros aufgrund der Weigerung, das Label IP Suisse zu \u00fcbernehmen<\/li>\n<li>25 neue Mitglieder<\/li>\n<li>Einf\u00fchrung der Milch PAST Cremo bei Manor<\/li>\n<\/ul>\n<\/div><div class=\"fusion-title title fusion-title-14 fusion-sep-none fusion-title-text fusion-title-size-four\"><h4 class=\"fusion-title-heading title-heading-left fusion-responsive-typography-calculated\" style=\"margin:0;--fontSize:24;--minFontSize:24;line-height:1.5;\">2023<\/h4><\/div><div class=\"fusion-text fusion-text-12\"><ul>\n<li>Einstellung des Verkaufs der Milch PAST Cremo bei Manor im Sommer 2023<\/li>\n<\/ul>\n<\/div><div class=\"fusion-title title fusion-title-15 fusion-sep-none fusion-title-text fusion-title-size-four\"><h4 class=\"fusion-title-heading title-heading-left fusion-responsive-typography-calculated\" style=\"margin:0;--fontSize:24;--minFontSize:24;line-height:1.5;\">2024<\/h4><\/div><div class=\"fusion-text fusion-text-13\"><ul>\n<li>Einstellung der K\u00e4se Grand Pr\u00e9<\/li>\n<li>Einf\u00fchrung in 78 Aldi Filialen in den Westschweizer Kantonen, in Bern und Solothurn am 1. April 2024<\/li>\n<\/ul>\n<\/div><div class=\"fusion-title title fusion-title-16 fusion-sep-none fusion-title-text fusion-title-size-four\"><h4 class=\"fusion-title-heading title-heading-left fusion-responsive-typography-calculated\" style=\"margin:0;--fontSize:24;--minFontSize:24;line-height:1.5;\">2025<\/h4><\/div><div class=\"fusion-text fusion-text-14\"><ul>\n<li>Einstellung des Fondues der K\u00e4serei Mol\u00e9son<\/li>\n<li>Einstellung der Milch PAST Pura Center f\u00fcr Spar<\/li>\n<\/ul>\n<\/div><\/div><\/div><\/div><\/div><div class=\"fusion-fullwidth fullwidth-box fusion-builder-row-5 fusion-flex-container nonhundred-percent-fullwidth non-hundred-percent-height-scrolling\" style=\"--awb-border-radius-top-left:0px;--awb-border-radius-top-right:0px;--awb-border-radius-bottom-right:0px;--awb-border-radius-bottom-left:0px;--awb-flex-wrap:wrap;\" id=\"unterstuetzung\" ><div class=\"fusion-builder-row fusion-row fusion-flex-align-items-flex-start fusion-flex-content-wrap\" style=\"max-width:1144px;margin-left: calc(-4% \/ 2 );margin-right: calc(-4% \/ 2 );\"><div class=\"fusion-layout-column fusion_builder_column fusion-builder-column-8 fusion_builder_column_1_1 1_1 fusion-flex-column\" style=\"--awb-bg-size:cover;--awb-width-large:100%;--awb-margin-top-large:0px;--awb-spacing-right-large:1.92%;--awb-margin-bottom-large:20px;--awb-spacing-left-large:1.92%;--awb-width-medium:100%;--awb-order-medium:0;--awb-spacing-right-medium:1.92%;--awb-spacing-left-medium:1.92%;--awb-width-small:100%;--awb-order-small:0;--awb-spacing-right-small:1.92%;--awb-spacing-left-small:1.92%;\"><div class=\"fusion-column-wrapper fusion-column-has-shadow fusion-flex-justify-content-flex-start fusion-content-layout-column\"><div class=\"fusion-title title fusion-title-17 fusion-sep-none fusion-title-text fusion-title-size-two\"><h2 class=\"fusion-title-heading title-heading-left fusion-responsive-typography-calculated\" style=\"margin:0;--fontSize:40;line-height:1.5;\">Unterst\u00fctzung<\/h2><\/div><div class=\"fusion-text fusion-text-15\"><p>Begleitung im Rahmen der <a href=\"https:\/\/www.starterre.ch\/\" target=\"_blank\" rel=\"nofollow noopener\">Plattform Star\u2019Terre<\/a>.<\/p>\n<p>Erhaltene Subventionen von den Landwirtschaftskammern\/Landwirtschafts\u00e4mtern der Kantone VD\/FR\/VS\/<strong>JB<\/strong>\/SG.<\/p>\n<p>PERL-Preis (Les Prix Entreprendre Lausanne R\u00e9gion)<\/p>\n<p>Loterie Romande<\/p>\n<\/div><div class=\"fusion-testimonials classic awb-speech-bubble-show fusion-testimonials-2\" style=\"--awb-textcolor:#747474;--awb-backgroundcolor:#f6f6f6;--awb-testimonial-border-style:solid;--awb-testimonial-border-color:var(--awb-color3);--awb-navigation-size:12px;--awb-border-top-left-radius:0px;--awb-border-top-right-radius:0px;--awb-border-bottom-left-radius:0px;--awb-border-bottom-right-radius:0px;--testimonial-border-width-top:0px;--testimonial-border-width-right:0px;--testimonial-border-width-bottom:0px;--testimonial-border-width-left:0px;\" data-random=\"0\" data-speed=\"4000\"><div class=\"reviews\"><div class=\"review active-testimonial alignment-left no-avatar\"><blockquote><div class=\"awb-quote\"><div class=\"awb-quote-content\">\n<p>Viele der bei den Kantonen gestellten Antr\u00e4ge auf Finanzhilfen wurden anfangs abgelehnt, obwohl wir unsere Ansprechpartner\/innen pers\u00f6nlich getroffen haben.<\/p>\n<\/div><\/div><span class=\"awb-triangle\"><\/span><\/blockquote><div class=\"author\"><span class=\"company-name\"><strong>Anne Chenevard<\/strong><span>, <\/span><span>Genossenschaft Die faire Milch<\/span><\/span><\/div><\/div><\/div><\/div><\/div><\/div><\/div><\/div><div class=\"fusion-fullwidth fullwidth-box fusion-builder-row-6 fusion-flex-container nonhundred-percent-fullwidth non-hundred-percent-height-scrolling\" style=\"--awb-border-radius-top-left:0px;--awb-border-radius-top-right:0px;--awb-border-radius-bottom-right:0px;--awb-border-radius-bottom-left:0px;--awb-flex-wrap:wrap;\" id=\"geschaeftsmodell\" ><div class=\"fusion-builder-row fusion-row fusion-flex-align-items-flex-start fusion-flex-content-wrap\" style=\"max-width:1144px;margin-left: calc(-4% \/ 2 );margin-right: calc(-4% \/ 2 );\"><div class=\"fusion-layout-column fusion_builder_column fusion-builder-column-9 fusion_builder_column_1_1 1_1 fusion-flex-column\" style=\"--awb-bg-size:cover;--awb-width-large:100%;--awb-margin-top-large:0px;--awb-spacing-right-large:1.92%;--awb-margin-bottom-large:20px;--awb-spacing-left-large:1.92%;--awb-width-medium:100%;--awb-order-medium:0;--awb-spacing-right-medium:1.92%;--awb-spacing-left-medium:1.92%;--awb-width-small:100%;--awb-order-small:0;--awb-spacing-right-small:1.92%;--awb-spacing-left-small:1.92%;\"><div class=\"fusion-column-wrapper fusion-column-has-shadow fusion-flex-justify-content-flex-start fusion-content-layout-column\"><div class=\"fusion-title title fusion-title-18 fusion-sep-none fusion-title-text fusion-title-size-two\"><h2 class=\"fusion-title-heading title-heading-left fusion-responsive-typography-calculated\" style=\"margin:0;--fontSize:40;line-height:1.5;\">Gesch\u00e4ftsmodell<\/h2><\/div><div class=\"fusion-text fusion-text-16\"><p><span dir=\"ltr\" role=\"presentation\">Der Milchgeldzuschlag<\/span> <span dir=\"ltr\" role=\"presentation\">wird mit den Mitteln finanziert<\/span><span dir=\"ltr\" role=\"presentation\">,<\/span> <span dir=\"ltr\" role=\"presentation\">welche die<\/span> <span dir=\"ltr\" role=\"presentation\">Verarbeiter\/innen<\/span> <span dir=\"ltr\" role=\"presentation\">der <\/span><span dir=\"ltr\" role=\"presentation\">Genossenschaft bezahlen. Er entspricht<\/span> <span dir=\"ltr\" role=\"presentation\">dem Mehrwert \u00abfair\u00bb, den die Verarbeiter\/innen <\/span><span dir=\"ltr\" role=\"presentation\">ihren<\/span> <span dir=\"ltr\" role=\"presentation\">jeweiligen<\/span> <span dir=\"ltr\" role=\"presentation\">Kund\/innen verrechne<\/span><span dir=\"ltr\" role=\"presentation\">n<\/span><span dir=\"ltr\" role=\"presentation\">.<\/span><\/p>\n<p><span dir=\"ltr\" role=\"presentation\">Der Milchgeldzuschlag entspricht der Differenz zwischen dem Richtpreis von A<\/span><span dir=\"ltr\" role=\"presentation\">\u2013<\/span><span dir=\"ltr\" role=\"presentation\">Milch <\/span><span dir=\"ltr\" role=\"presentation\">minus Abz\u00fcge<\/span> <span dir=\"ltr\" role=\"presentation\">und dem<\/span> <span dir=\"ltr\" role=\"presentation\">ben\u00f6tigten<\/span> <span dir=\"ltr\" role=\"presentation\">Preis, um die Produktionskosten zu decken <\/span><span dir=\"ltr\" role=\"presentation\">(<\/span><span dir=\"ltr\" role=\"presentation\">einschl. des<\/span> <span dir=\"ltr\" role=\"presentation\">Lohn<\/span><span dir=\"ltr\" role=\"presentation\">s<\/span> <span dir=\"ltr\" role=\"presentation\">des\/der Betriebsleiters\/Betriebsleiterin).<\/span><\/p>\n<p>Dies entspricht<\/p>\n<p><span dir=\"ltr\" role=\"presentation\"><strong>Verg\u00fctung<\/strong><br \/>\n<\/span><\/p>\n<p>Verg\u00fctung von <strong>35 Rp. pro<\/strong> <strong>Liter verkaufter Milch<\/strong> an die Genossenschafter\/innen.<\/p>\n<p>2020: Verg\u00fctung von 374 945 Fr., d.h. zwischen 1700 und 31 000 Fr. pro Genossenschafter\/in.<\/p>\n<p>2024: von insgesamt 455 587 Fr., d.h. zwischen 300 und 11 550 Fr. pro Genossenschafter\/in.<\/p>\n<p>2025: Verg\u00fctung von 27 Rp. pro Liter verkaufter Milch (R\u00fcckgang gegen\u00fcber dem Anfangspreis von 35 Rappen, da der Preis f\u00fcr Milch des A Segments in der Schweiz gestiegen ist).<\/p>\n<p><strong>Abz\u00fcge<\/strong><\/p>\n<ul>\n<li><strong>5 Rp <\/strong>Betriebskosten f\u00fcr die Genossenschaft<\/li>\n<li><strong>1Rp<\/strong> Lizenzgeb\u00fchr an das European Milk Board (EMB)<\/li>\n<\/ul>\n<p>Die Genossenschaft die faire Milch bezahlt den Verarbeiter f\u00fcr seine Lohnarbeit unter dem Markennamen \u00abFaireswiss\u00bb.<\/p>\n<p>Die Milch in den Packungen ist nicht die Milch der Genossenschaftsmitglieder.<\/p>\n<p>D<span dir=\"ltr\" role=\"presentation\">er Milchpreiszuschlag wird zweimal j\u00e4hrlich, im Januar und im Juli, an die Genossenschaftsmitglieder verteilt.<\/span><\/p>\n<p><span dir=\"ltr\" role=\"presentation\">\u00a0<\/span><\/p>\n<\/div><\/div><\/div><div class=\"fusion-layout-column fusion_builder_column fusion-builder-column-10 fusion_builder_column_1_1 1_1 fusion-flex-column\" style=\"--awb-bg-size:cover;--awb-width-large:100%;--awb-margin-top-large:0px;--awb-spacing-right-large:1.92%;--awb-margin-bottom-large:20px;--awb-spacing-left-large:1.92%;--awb-width-medium:100%;--awb-order-medium:0;--awb-spacing-right-medium:1.92%;--awb-spacing-left-medium:1.92%;--awb-width-small:100%;--awb-order-small:0;--awb-spacing-right-small:1.92%;--awb-spacing-left-small:1.92%;\"><div class=\"fusion-column-wrapper fusion-column-has-shadow fusion-flex-justify-content-flex-start fusion-content-layout-column\"><div class=\"accordian fusion-accordian agri-toggle\" style=\"--awb-border-size:1px;--awb-icon-size:20px;--awb-content-font-size:18px;--awb-icon-alignment:left;--awb-hover-color:#ffffff;--awb-border-color:#cccccc;--awb-background-color:#ffffff;--awb-divider-color:#e0dede;--awb-divider-hover-color:#e0dede;--awb-icon-color:#7a7a7a;--awb-title-color:#f44336;--awb-content-color:#0f0f0f;--awb-icon-box-color:#d8d8d8;--awb-toggle-hover-accent-color:#7a7a7a;--awb-title-font-family:&quot;Roboto&quot;;--awb-title-font-weight:700;--awb-title-font-style:normal;--awb-content-font-family:&quot;Roboto&quot;;--awb-content-font-style:normal;--awb-content-font-weight:300;\"><div class=\"panel-group fusion-toggle-icon-unboxed\" id=\"accordion-229-1\"><div class=\"fusion-panel panel-default panel-60fb261924aca24b3 fusion-toggle-no-divider fusion-toggle-boxed-mode\"><div class=\"panel-heading\"><h4 class=\"panel-title toggle\" id=\"toggle_60fb261924aca24b3\"><a aria-expanded=\"false\" aria-controls=\"60fb261924aca24b3\" role=\"button\" data-toggle=\"collapse\" data-target=\"#60fb261924aca24b3\" href=\"#60fb261924aca24b3\"><span class=\"fusion-toggle-icon-wrapper\" aria-hidden=\"true\"><i class=\"fa-fusion-box active-icon awb-icon-minus\" aria-hidden=\"true\"><\/i><i class=\"fa-fusion-box inactive-icon awb-icon-plus\" aria-hidden=\"true\"><\/i><\/span><span class=\"fusion-toggle-heading\">Betroffene regionale Wertsch\u00f6pfungskette<\/span><\/a><\/h4><\/div><div id=\"60fb261924aca24b3\" class=\"panel-collapse collapse \" aria-labelledby=\"toggle_60fb261924aca24b3\"><div class=\"panel-body toggle-content fusion-clearfix\">\n<p>Milch, Schweiz<\/p>\n<\/div><\/div><\/div><div class=\"fusion-panel panel-default panel-0b1909d2094ab4726 fusion-toggle-no-divider fusion-toggle-boxed-mode\"><div class=\"panel-heading\"><h4 class=\"panel-title toggle\" id=\"toggle_0b1909d2094ab4726\"><a aria-expanded=\"false\" aria-controls=\"0b1909d2094ab4726\" role=\"button\" data-toggle=\"collapse\" data-target=\"#0b1909d2094ab4726\" href=\"#0b1909d2094ab4726\"><span class=\"fusion-toggle-icon-wrapper\" aria-hidden=\"true\"><i class=\"fa-fusion-box active-icon awb-icon-minus\" aria-hidden=\"true\"><\/i><i class=\"fa-fusion-box inactive-icon awb-icon-plus\" aria-hidden=\"true\"><\/i><\/span><span class=\"fusion-toggle-heading\">Standorte der Produktion\/Herkunft<\/span><\/a><\/h4><\/div><div id=\"0b1909d2094ab4726\" class=\"panel-collapse collapse \" aria-labelledby=\"toggle_0b1909d2094ab4726\"><div class=\"panel-body toggle-content fusion-clearfix\">\n<p>Genossenschafter\/innen aus folgenden Kantonen:<\/p>\n<ul>\n<li><b>VD, FR, JU, NE, BL, <\/b><b>VS, TI, ZH, LU, SG und BE<\/b><\/li>\n<\/ul>\n<\/div><\/div><\/div><div class=\"fusion-panel panel-default panel-db8cfaef9f90dda80 fusion-toggle-no-divider fusion-toggle-boxed-mode\" style=\"--awb-title-color:#f44336;--awb-content-color:#0f0f0f;\"><div class=\"panel-heading\"><h4 class=\"panel-title toggle\" id=\"toggle_db8cfaef9f90dda80\"><a aria-expanded=\"false\" aria-controls=\"db8cfaef9f90dda80\" role=\"button\" data-toggle=\"collapse\" data-target=\"#db8cfaef9f90dda80\" href=\"#db8cfaef9f90dda80\"><span class=\"fusion-toggle-icon-wrapper\" aria-hidden=\"true\"><i class=\"fa-fusion-box active-icon awb-icon-minus\" aria-hidden=\"true\"><\/i><i class=\"fa-fusion-box inactive-icon awb-icon-plus\" aria-hidden=\"true\"><\/i><\/span><span class=\"fusion-toggle-heading\">Gesamtmenge der produzierten und inwertgesetzten Rohstoffe pro Jahr<\/span><\/a><\/h4><\/div><div id=\"db8cfaef9f90dda80\" class=\"panel-collapse collapse \" aria-labelledby=\"toggle_db8cfaef9f90dda80\"><div class=\"panel-body toggle-content fusion-clearfix\">\n<p>2020<\/p>\n<ul>\n<li><strong>Milcht\u00fcten und andere Milchprodukte CREMO: <\/strong><b>1 017 798 Liter<\/b><\/li>\n<li><strong>Weichk\u00e4se: umgerechnet 53 473 Liter Milch<\/strong><\/li>\n<\/ul>\n<p>TOTAL: 1 071 271 Liter<\/p>\n<p>2024<\/p>\n<ul>\n<li><strong>Milcht\u00fcten und andere Milchprodukte CREMO: 1 585 788<\/strong><b>\u00a0Liter<\/b><\/li>\n<li><strong>Weitere Produkte:\u00a015 267 Liter<\/strong><\/li>\n<\/ul>\n<p>TOTAL: 1 601 055 Liter<\/p>\n<\/div><\/div><\/div><div class=\"fusion-panel panel-default panel-c5afb8ee93d5f3d9f fusion-toggle-no-divider fusion-toggle-boxed-mode\" style=\"--awb-title-color:#f44336;--awb-content-color:#0f0f0f;\"><div class=\"panel-heading\"><h4 class=\"panel-title toggle\" id=\"toggle_c5afb8ee93d5f3d9f\"><a aria-expanded=\"false\" aria-controls=\"c5afb8ee93d5f3d9f\" role=\"button\" data-toggle=\"collapse\" data-target=\"#c5afb8ee93d5f3d9f\" href=\"#c5afb8ee93d5f3d9f\"><span class=\"fusion-toggle-icon-wrapper\" aria-hidden=\"true\"><i class=\"fa-fusion-box active-icon awb-icon-minus\" aria-hidden=\"true\"><\/i><i class=\"fa-fusion-box inactive-icon awb-icon-plus\" aria-hidden=\"true\"><\/i><\/span><span class=\"fusion-toggle-heading\">Verarbeitungsorte<\/span><\/a><\/h4><\/div><div id=\"c5afb8ee93d5f3d9f\" class=\"panel-collapse collapse \" aria-labelledby=\"toggle_c5afb8ee93d5f3d9f\"><div class=\"panel-body toggle-content fusion-clearfix\">\n<p>CREMO, Villars sur Gl\u00e2ne, FR<\/p>\n<\/div><\/div><\/div><div class=\"fusion-panel panel-default panel-fa4f3d47d0b7ed44c fusion-toggle-no-divider fusion-toggle-boxed-mode\" style=\"--awb-title-color:#f44336;--awb-content-color:#0f0f0f;\"><div class=\"panel-heading\"><h4 class=\"panel-title toggle\" id=\"toggle_fa4f3d47d0b7ed44c\"><a aria-expanded=\"false\" aria-controls=\"fa4f3d47d0b7ed44c\" role=\"button\" data-toggle=\"collapse\" data-target=\"#fa4f3d47d0b7ed44c\" href=\"#fa4f3d47d0b7ed44c\"><span class=\"fusion-toggle-icon-wrapper\" aria-hidden=\"true\"><i class=\"fa-fusion-box active-icon awb-icon-minus\" aria-hidden=\"true\"><\/i><i class=\"fa-fusion-box inactive-icon awb-icon-plus\" aria-hidden=\"true\"><\/i><\/span><span class=\"fusion-toggle-heading\">Marktpositionierung<\/span><\/a><\/h4><\/div><div id=\"fa4f3d47d0b7ed44c\" class=\"panel-collapse collapse \" aria-labelledby=\"toggle_fa4f3d47d0b7ed44c\"><div class=\"panel-body toggle-content fusion-clearfix\">\n<ul>\n<li>Manor in der ganzen Schweiz<\/li>\n<li>Aligro, Culturefood<\/li>\n<li>SPAR (einige Filialen)<\/li>\n<li>PAM und Edelweiss im Wallis<\/li>\n<li>Verteilung via die K\u00e4serei Mol\u00e9son<\/li>\n<li>Aldi, 78 Filialen<\/li>\n<\/ul>\n<p><u>Westschweiz<\/u>:<\/p>\n<ul>\n<li>Lokale Gesch\u00e4fte: Mehr als 150 Verkaufsstellen<\/li>\n<li>\u00d6ffentliche Einrichtungen: Kitas, Altersheime, Spit\u00e4ler usw.<\/li>\n<li>Restaurants, Caf\u00e9s<\/li>\n<li>Gemeinschaftsgastronomie und Betriebsrestaurants<\/li>\n<\/ul>\n<p><b>Insgesamt mehr als 500 Verkaufsstellen und Unterst\u00fctzung aus der ganzen Schweiz<\/b><\/p>\n<\/div><\/div><\/div><div class=\"fusion-panel panel-default panel-df161994a90077044 fusion-toggle-no-divider fusion-toggle-boxed-mode\"><div class=\"panel-heading\"><h4 class=\"panel-title toggle\" id=\"toggle_df161994a90077044\"><a aria-expanded=\"false\" aria-controls=\"df161994a90077044\" role=\"button\" data-toggle=\"collapse\" data-target=\"#df161994a90077044\" href=\"#df161994a90077044\"><span class=\"fusion-toggle-icon-wrapper\" aria-hidden=\"true\"><i class=\"fa-fusion-box active-icon awb-icon-minus\" aria-hidden=\"true\"><\/i><i class=\"fa-fusion-box inactive-icon awb-icon-plus\" aria-hidden=\"true\"><\/i><\/span><span class=\"fusion-toggle-heading\">Herausforderungen bei den Partnerschaften<\/span><\/a><\/h4><\/div><div id=\"df161994a90077044\" class=\"panel-collapse collapse \" aria-labelledby=\"toggle_df161994a90077044\"><div class=\"panel-body toggle-content fusion-clearfix\">\n<p>Die faire Milch ist stark abh\u00e4ngig von Partnerschaften f\u00fcr die Verarbeitung, die weder Kommunikation noch Logistik f\u00fcr die Produkte betreiben.<\/p>\n<\/div><\/div><\/div><\/div><\/div><\/div><\/div><\/div><\/div><div class=\"fusion-fullwidth fullwidth-box fusion-builder-row-7 fusion-flex-container nonhundred-percent-fullwidth non-hundred-percent-height-scrolling\" style=\"--awb-border-radius-top-left:0px;--awb-border-radius-top-right:0px;--awb-border-radius-bottom-right:0px;--awb-border-radius-bottom-left:0px;--awb-flex-wrap:wrap;\" id=\"produkte\" ><div class=\"fusion-builder-row fusion-row fusion-flex-align-items-flex-start fusion-flex-content-wrap\" style=\"max-width:1144px;margin-left: calc(-4% \/ 2 );margin-right: calc(-4% \/ 2 );\"><div class=\"fusion-layout-column fusion_builder_column fusion-builder-column-11 fusion_builder_column_1_1 1_1 fusion-flex-column\" style=\"--awb-bg-size:cover;--awb-width-large:100%;--awb-margin-top-large:0px;--awb-spacing-right-large:1.92%;--awb-margin-bottom-large:20px;--awb-spacing-left-large:1.92%;--awb-width-medium:100%;--awb-order-medium:0;--awb-spacing-right-medium:1.92%;--awb-spacing-left-medium:1.92%;--awb-width-small:100%;--awb-order-small:0;--awb-spacing-right-small:1.92%;--awb-spacing-left-small:1.92%;\"><div class=\"fusion-column-wrapper fusion-column-has-shadow fusion-flex-justify-content-flex-start fusion-content-layout-column\"><div class=\"fusion-content-boxes content-boxes columns row fusion-columns-1 fusion-columns-total-1 fusion-content-boxes-2 content-boxes-icon-with-title content-left agri-content-box agri-no-background\" style=\"--awb-hover-accent-color:#333333;--awb-circle-hover-accent-color:transparent;--awb-item-margin-bottom:40px;\" data-animationOffset=\"top-into-view\"><div style=\"--awb-backgroundcolor:rgba(255,255,255,0);\" class=\"fusion-column content-box-column content-box-column content-box-column-1 col-lg-12 col-md-12 col-sm-12 fusion-content-box-hover content-box-column-last content-box-column-last-in-row\"><div class=\"col content-box-wrapper content-wrapper link-area-link-icon icon-hover-animation-fade\" data-animationOffset=\"top-into-view\"><div class=\"heading icon-left\"><h2 class=\"content-box-heading fusion-responsive-typography-calculated\" style=\"--h2_typography-font-size:18px;--fontSize:18;line-height:1.5;\">Wichtigste Produkte<\/h2><\/div><div class=\"fusion-clearfix\"><\/div><div class=\"content-container\">\n<ul>\n<li><b>Milcht\u00fcte<\/b><b> Tetra Edge UHT Vollmilch (3,5% Fett)<\/b> \u2013 Verarbeiter Cremo<\/li>\n<li><strong>Milcht\u00fcte <\/strong><b>Tetra Edge UHT teilentrahmte Milch (1,5% Fett)<\/b> \u2013 Verarbeiter Cremo<b><br \/>\n<\/b><\/li>\n<li><b>Kaffeerahm <\/b>f\u00fcr die Gastronomie und 10er Pack f\u00fcr den Detailhandel<\/li>\n<\/ul>\n<\/div><\/div><\/div><div class=\"fusion-clearfix\"><\/div><\/div><\/div><\/div><\/div><\/div><div class=\"fusion-fullwidth fullwidth-box fusion-builder-row-8 fusion-flex-container agri-swot nonhundred-percent-fullwidth non-hundred-percent-height-scrolling\" style=\"--awb-border-radius-top-left:0px;--awb-border-radius-top-right:0px;--awb-border-radius-bottom-right:0px;--awb-border-radius-bottom-left:0px;--awb-flex-wrap:wrap;\" id=\"swot\" ><div class=\"fusion-builder-row fusion-row fusion-flex-align-items-flex-start fusion-flex-content-wrap\" style=\"max-width:1144px;margin-left: calc(-4% \/ 2 );margin-right: calc(-4% \/ 2 );\"><div class=\"fusion-layout-column fusion_builder_column fusion-builder-column-12 fusion_builder_column_1_1 1_1 fusion-flex-column agri-swot-title\" style=\"--awb-bg-size:cover;--awb-width-large:100%;--awb-margin-top-large:0px;--awb-spacing-right-large:1.92%;--awb-margin-bottom-large:20px;--awb-spacing-left-large:1.92%;--awb-width-medium:100%;--awb-order-medium:0;--awb-spacing-right-medium:1.92%;--awb-spacing-left-medium:1.92%;--awb-width-small:100%;--awb-order-small:0;--awb-spacing-right-small:1.92%;--awb-spacing-left-small:1.92%;\"><div class=\"fusion-column-wrapper fusion-column-has-shadow fusion-flex-justify-content-flex-start fusion-content-layout-column\"><div class=\"fusion-title title fusion-title-19 fusion-sep-none fusion-title-text fusion-title-size-three\"><h3 class=\"fusion-title-heading title-heading-left fusion-responsive-typography-calculated\" style=\"margin:0;--fontSize:30;line-height:1.5;\">SWOT<\/h3><\/div><\/div><\/div><div class=\"fusion-layout-column fusion_builder_column fusion-builder-column-13 fusion_builder_column_1_2 1_2 fusion-flex-column fusion-flex-align-self-stretch agri-swot-cell\" style=\"--awb-bg-size:cover;--awb-width-large:50%;--awb-margin-top-large:0px;--awb-spacing-right-large:3.84%;--awb-margin-bottom-large:20px;--awb-spacing-left-large:3.84%;--awb-width-medium:100%;--awb-order-medium:0;--awb-spacing-right-medium:1.92%;--awb-spacing-left-medium:1.92%;--awb-width-small:100%;--awb-order-small:0;--awb-spacing-right-small:1.92%;--awb-spacing-left-small:1.92%;\"><div class=\"fusion-column-wrapper fusion-column-has-shadow fusion-flex-justify-content-flex-start fusion-content-layout-column\"><div class=\"fusion-title title fusion-title-20 fusion-sep-none fusion-title-text fusion-title-size-four\"><h4 class=\"fusion-title-heading title-heading-left fusion-responsive-typography-calculated\" style=\"margin:0;--fontSize:24;--minFontSize:24;line-height:1.5;\"><i class=\"fb-icon-element-1 fb-icon-element fontawesome-icon fa-plus-circle fas circle-no fusion-text-flow agri-title-icon-before\" style=\"--awb-font-size:32px;--awb-margin-right:16px;\"><\/i> St\u00e4rken<\/p><\/h4><\/div><div class=\"fusion-text fusion-text-17\"><ul>\n<li>Projekt in den H\u00e4nden der Milchproduzent\/innen<\/li>\n<li>Unterst\u00fctzung aus dem Netzwerk, Vermittler und politische Unterst\u00fctzung<\/li>\n<li>Unterst\u00fctzung der Konsument\/innen<\/li>\n<\/ul>\n<\/div><\/div><\/div><div class=\"fusion-layout-column fusion_builder_column fusion-builder-column-14 fusion_builder_column_1_2 1_2 fusion-flex-column fusion-flex-align-self-stretch agri-swot-cell\" style=\"--awb-bg-size:cover;--awb-width-large:50%;--awb-margin-top-large:0px;--awb-spacing-right-large:3.84%;--awb-margin-bottom-large:20px;--awb-spacing-left-large:3.84%;--awb-width-medium:100%;--awb-order-medium:0;--awb-spacing-right-medium:1.92%;--awb-spacing-left-medium:1.92%;--awb-width-small:100%;--awb-order-small:0;--awb-spacing-right-small:1.92%;--awb-spacing-left-small:1.92%;\"><div class=\"fusion-column-wrapper fusion-column-has-shadow fusion-flex-justify-content-flex-start fusion-content-layout-column\"><div class=\"fusion-title title fusion-title-21 fusion-sep-none fusion-title-text fusion-title-size-four\"><h4 class=\"fusion-title-heading title-heading-left fusion-responsive-typography-calculated\" style=\"margin:0;--fontSize:24;--minFontSize:24;line-height:1.5;\"><i class=\"fb-icon-element-2 fb-icon-element fontawesome-icon fa-minus-circle fas circle-no fusion-text-flow agri-title-icon-before\" style=\"--awb-font-size:32px;--awb-margin-right:16px;\"><\/i> Schw\u00e4chen<\/p><\/h4><\/div><div class=\"fusion-text fusion-text-18\"><ul>\n<li>Keine Entlohnung der Partnerin\/des Partners<\/li>\n<li>Keine Mehrwert f\u00fcr die Umwelt<\/li>\n<\/ul>\n<\/div><\/div><\/div><div class=\"fusion-layout-column fusion_builder_column fusion-builder-column-15 fusion_builder_column_1_2 1_2 fusion-flex-column agri-swot-cell\" style=\"--awb-bg-size:cover;--awb-width-large:50%;--awb-margin-top-large:0px;--awb-spacing-right-large:3.84%;--awb-margin-bottom-large:20px;--awb-spacing-left-large:3.84%;--awb-width-medium:100%;--awb-order-medium:0;--awb-spacing-right-medium:1.92%;--awb-spacing-left-medium:1.92%;--awb-width-small:100%;--awb-order-small:0;--awb-spacing-right-small:1.92%;--awb-spacing-left-small:1.92%;\"><div class=\"fusion-column-wrapper fusion-column-has-shadow fusion-flex-justify-content-flex-start fusion-content-layout-column\"><div class=\"fusion-title title fusion-title-22 fusion-sep-none fusion-title-text fusion-title-size-four\"><h4 class=\"fusion-title-heading title-heading-left fusion-responsive-typography-calculated\" style=\"margin:0;--fontSize:24;--minFontSize:24;line-height:1.5;\"><i class=\"fb-icon-element-3 fb-icon-element fontawesome-icon fa-chart-line fas circle-no fusion-text-flow agri-title-icon-before\" style=\"--awb-iconcolor:#333333;--awb-iconcolor-hover:#333333;--awb-font-size:20px;--awb-margin-right:10px;\"><\/i> Chancen<\/p><\/h4><\/div><div class=\"fusion-text fusion-text-19\"><ul>\n<li>Erh\u00f6hung der Volumen und der Anzahl Produzent\/innen<\/li>\n<li>Diversifizierung der Verteiler<\/li>\n<li>Entwicklung von neuen Produkten<\/li>\n<\/ul>\n<\/div><\/div><\/div><div class=\"fusion-layout-column fusion_builder_column fusion-builder-column-16 fusion_builder_column_1_2 1_2 fusion-flex-column fusion-flex-align-self-stretch agri-swot-cell\" style=\"--awb-bg-size:cover;--awb-width-large:50%;--awb-margin-top-large:0px;--awb-spacing-right-large:3.84%;--awb-margin-bottom-large:20px;--awb-spacing-left-large:3.84%;--awb-width-medium:100%;--awb-order-medium:0;--awb-spacing-right-medium:1.92%;--awb-spacing-left-medium:1.92%;--awb-width-small:100%;--awb-order-small:0;--awb-spacing-right-small:1.92%;--awb-spacing-left-small:1.92%;\"><div class=\"fusion-column-wrapper fusion-column-has-shadow fusion-flex-justify-content-flex-start fusion-content-layout-column\"><div class=\"fusion-title title fusion-title-23 fusion-sep-none fusion-title-text fusion-title-size-four\"><h4 class=\"fusion-title-heading title-heading-left fusion-responsive-typography-calculated\" style=\"margin:0;--fontSize:24;--minFontSize:24;line-height:1.5;\"><i class=\"fb-icon-element-4 fb-icon-element fontawesome-icon fa-exclamation-triangle fas circle-no fusion-text-flow agri-title-icon-before\" style=\"--awb-font-size:20px;--awb-margin-right:10px;\"><\/i> Risiken<\/p><\/h4><\/div><div class=\"fusion-text fusion-text-20\"><ul>\n<li>K\u00fcndigung der Partnerschaft durch einen der Verteiler<\/li>\n<li>Entwicklung einer eigenen \u00abfairen\u00bb Marke durch einen der Verteiler<\/li>\n<\/ul>\n<\/div><\/div><\/div><\/div><\/div><div class=\"fusion-fullwidth fullwidth-box fusion-builder-row-9 fusion-flex-container nonhundred-percent-fullwidth non-hundred-percent-height-scrolling\" style=\"--awb-border-radius-top-left:0px;--awb-border-radius-top-right:0px;--awb-border-radius-bottom-right:0px;--awb-border-radius-bottom-left:0px;--awb-flex-wrap:wrap;\" id=\"tipps\" ><div class=\"fusion-builder-row fusion-row fusion-flex-align-items-flex-start fusion-flex-content-wrap\" style=\"max-width:1144px;margin-left: calc(-4% \/ 2 );margin-right: calc(-4% \/ 2 );\"><div class=\"fusion-layout-column fusion_builder_column fusion-builder-column-17 fusion_builder_column_1_1 1_1 fusion-flex-column\" style=\"--awb-bg-size:cover;--awb-width-large:100%;--awb-margin-top-large:0px;--awb-spacing-right-large:1.92%;--awb-margin-bottom-large:20px;--awb-spacing-left-large:1.92%;--awb-width-medium:100%;--awb-order-medium:0;--awb-spacing-right-medium:1.92%;--awb-spacing-left-medium:1.92%;--awb-width-small:100%;--awb-order-small:0;--awb-spacing-right-small:1.92%;--awb-spacing-left-small:1.92%;\"><div class=\"fusion-column-wrapper fusion-column-has-shadow fusion-flex-justify-content-flex-start fusion-content-layout-column\"><div class=\"fusion-content-boxes content-boxes columns row fusion-columns-1 fusion-columns-total-1 fusion-content-boxes-3 content-boxes-icon-with-title content-left agri-content-box agri-no-background\" style=\"--awb-hover-accent-color:#333333;--awb-circle-hover-accent-color:transparent;--awb-item-margin-bottom:40px;\" data-animationOffset=\"top-into-view\"><div style=\"--awb-backgroundcolor:rgba(255,255,255,0);\" class=\"fusion-column content-box-column content-box-column content-box-column-1 col-lg-12 col-md-12 col-sm-12 fusion-content-box-hover content-box-column-last content-box-column-last-in-row\"><div class=\"col content-box-wrapper content-wrapper link-area-link-icon icon-hover-animation-fade\" data-animationOffset=\"top-into-view\"><div class=\"heading icon-left\"><h2 class=\"content-box-heading fusion-responsive-typography-calculated\" style=\"--h2_typography-font-size:18px;--fontSize:18;line-height:1.5;\">Tipps und Tricks<\/h2><\/div><div class=\"fusion-clearfix\"><\/div><div class=\"content-container\">\n<ul>\n<li>Viel Zeit in die Kommunikation investieren.<\/li>\n<li>Ein starkes und unterst\u00fctzendes Gremium haben und eine kollektive Dynamik pflegen, die die Beteiligten nicht zu sehr ersch\u00f6pft und alle engagiert h\u00e4lt.<\/li>\n<li>Die Logistik von Anfang an in die Reflexionen einbeziehen.<\/li>\n<li>Bei der Marktpositionierung standhaft bleiben.<\/li>\n<li>Die sozialen Netzwerke im Griff haben, Inhalte erstellen und auf Inhalte reagieren.<\/li>\n<\/ul>\n<\/div><\/div><\/div><div class=\"fusion-clearfix\"><\/div><\/div><\/div><\/div><\/div><\/div><\/p>\n","protected":false},"excerpt":{"rendered":"","protected":false},"author":453,"featured_media":0,"parent":0,"menu_order":0,"comment_status":"closed","ping_status":"closed","template":"","meta":{"_sb_is_suggestion_mode":false,"_sb_show_suggestion_boards":false,"_sb_show_comment_boards":false,"_sb_suggestion_history":"","_sb_update_block_changes":"","_monsterinsights_skip_tracking":false,"_monsterinsights_sitenote_active":false,"_monsterinsights_sitenote_note":"","_monsterinsights_sitenote_category":0,"footnotes":""},"class_list":["post-229","page","type-page","status-publish","hentry"],"_links":{"self":[{"href":"https:\/\/agripedia.ch\/filieres-innovantes\/de\/wp-json\/wp\/v2\/pages\/229","targetHints":{"allow":["GET"]}}],"collection":[{"href":"https:\/\/agripedia.ch\/filieres-innovantes\/de\/wp-json\/wp\/v2\/pages"}],"about":[{"href":"https:\/\/agripedia.ch\/filieres-innovantes\/de\/wp-json\/wp\/v2\/types\/page"}],"author":[{"embeddable":true,"href":"https:\/\/agripedia.ch\/filieres-innovantes\/de\/wp-json\/wp\/v2\/users\/453"}],"replies":[{"embeddable":true,"href":"https:\/\/agripedia.ch\/filieres-innovantes\/de\/wp-json\/wp\/v2\/comments?post=229"}],"version-history":[{"count":27,"href":"https:\/\/agripedia.ch\/filieres-innovantes\/de\/wp-json\/wp\/v2\/pages\/229\/revisions"}],"predecessor-version":[{"id":841,"href":"https:\/\/agripedia.ch\/filieres-innovantes\/de\/wp-json\/wp\/v2\/pages\/229\/revisions\/841"}],"wp:attachment":[{"href":"https:\/\/agripedia.ch\/filieres-innovantes\/de\/wp-json\/wp\/v2\/media?parent=229"}],"curies":[{"name":"wp","href":"https:\/\/api.w.org\/{rel}","templated":true}]}}