{"id":149,"date":"2020-11-24T08:19:47","date_gmt":"2020-11-24T08:19:47","guid":{"rendered":"https:\/\/agripedia.ch\/microfermes\/?page_id=149"},"modified":"2022-08-25T08:31:42","modified_gmt":"2022-08-25T08:31:42","slug":"ferme-de-bude","status":"publish","type":"page","link":"https:\/\/agripedia.ch\/agriculture-et-ville\/ferme-de-bude\/","title":{"rendered":"Ferme de Bud\u00e9"},"content":{"rendered":"<p><div class=\"fusion-fullwidth fullwidth-box fusion-builder-row-1 fusion-flex-container nonhundred-percent-fullwidth non-hundred-percent-height-scrolling\" style=\"--awb-border-radius-top-left:0px;--awb-border-radius-top-right:0px;--awb-border-radius-bottom-right:0px;--awb-border-radius-bottom-left:0px;--awb-flex-wrap:wrap;\" ><div class=\"fusion-builder-row fusion-row fusion-flex-align-items-flex-start fusion-flex-content-wrap\" style=\"max-width:1144px;margin-left: calc(-4% \/ 2 );margin-right: calc(-4% \/ 2 );\"><div class=\"fusion-layout-column fusion_builder_column fusion-builder-column-0 fusion_builder_column_3_5 3_5 fusion-flex-column\" style=\"--awb-bg-size:cover;--awb-width-large:60%;--awb-margin-top-large:0px;--awb-spacing-right-large:3.2%;--awb-margin-bottom-large:20px;--awb-spacing-left-large:3.2%;--awb-width-medium:100%;--awb-order-medium:0;--awb-spacing-right-medium:1.92%;--awb-spacing-left-medium:1.92%;--awb-width-small:100%;--awb-order-small:0;--awb-spacing-right-small:1.92%;--awb-spacing-left-small:1.92%;\"><div class=\"fusion-column-wrapper fusion-column-has-shadow fusion-flex-justify-content-flex-start fusion-content-layout-column\"><div class=\"fusion-text fusion-text-1\"><p>La ferme de Bud\u00e9 est une ferme urbaine qui a pour objectif de rapprocher le monde rural et urbain. Pour ce faire, elle produit des denr\u00e9es agricoles au centre de Gen\u00e8ve tout en revendant celles produites au sein du cercle p\u00e9ri-urbain. L\u2019\u00e9cole \u00e0 la ferme et les diff\u00e9rentes activit\u00e9s p\u00e9dagogiques mises en place permettent \u00e9galement de sensibiliser les jeunes g\u00e9n\u00e9rations \u00e0 l\u2019agriculture et d\u2019entretenir un lien avec la terre. Le march\u00e9 est central dans la Ferme de Bud\u00e9 et est r\u00e9gi par une politique d\u2019approvisionnement forte ax\u00e9e sur le local et le bio : ainsi 80-90% des marchandises propos\u00e9es au march\u00e9 r\u00e9pondent \u00e0 ces deux crit\u00e8res. Le prix d\u2019achat est fix\u00e9 par les producteurs eux-m\u00eames, sans aucune n\u00e9gociation.<\/p>\n<\/div><\/div><\/div><div class=\"fusion-layout-column fusion_builder_column fusion-builder-column-1 fusion_builder_column_2_5 2_5 fusion-flex-column\" style=\"--awb-bg-size:cover;--awb-width-large:40%;--awb-margin-top-large:0px;--awb-spacing-right-large:4.8%;--awb-margin-bottom-large:20px;--awb-spacing-left-large:4.8%;--awb-width-medium:100%;--awb-order-medium:0;--awb-spacing-right-medium:1.92%;--awb-spacing-left-medium:1.92%;--awb-width-small:100%;--awb-order-small:0;--awb-spacing-right-small:1.92%;--awb-spacing-left-small:1.92%;\"><div class=\"fusion-column-wrapper fusion-column-has-shadow fusion-flex-justify-content-flex-start fusion-content-layout-column\"><div class=\"fusion-content-boxes content-boxes columns row fusion-columns-1 fusion-columns-total-1 fusion-content-boxes-1 content-boxes-icon-with-title content-left mf-summary\" style=\"--awb-hover-accent-color:#333333;--awb-circle-hover-accent-color:transparent;--awb-item-margin-bottom:40px;\" data-animationOffset=\"top-into-view\"><div style=\"--awb-backgroundcolor:rgba(255,255,255,0);\" class=\"fusion-column content-box-column content-box-column content-box-column-1 col-lg-12 col-md-12 col-sm-12 fusion-content-box-hover content-box-column-last content-box-column-last-in-row\"><div class=\"col content-box-wrapper content-wrapper link-area-link-icon icon-hover-animation-fade\" data-animationOffset=\"top-into-view\"><div class=\"heading icon-left\"><h2 class=\"content-box-heading fusion-responsive-typography-calculated\" style=\"--h2_typography-font-size:18px;--fontSize:18;line-height:1.5;\">Sommaire<\/h2><\/div><div class=\"fusion-clearfix\"><\/div><div class=\"content-container\">\n<ul>\n<li><a href=\"#carte-id\">Carte d\u2019identit\u00e9<\/a><\/li>\n<li><a href=\"#gouvernance\">Gouvernance<\/a><\/li>\n<li><a href=\"#design\">Design<\/a><\/li>\n<li><a href=\"#fiche-maraichage\">Fiche mara\u00eechage<\/a><\/li>\n<li><a href=\"#fiche-batiment-equipement\">Fiche b\u00e2timent et \u00e9quipement<\/a><\/li>\n<li><a href=\"#fiche-main-d-oeuvre\">Fiche travail et main d\u2019\u0153uvre<\/a><\/li>\n<li><a href=\"#fiche-sociale\">Fiche sociale<\/a><\/li>\n<li><a href=\"#fiche-environnementale\">Fiche environnementale<\/a><\/li>\n<li><a href=\"#chiffres-cles\">Chiffres cl\u00e9s<\/a><\/li>\n<li><a href=\"#fiche-business-modele\">Fiche Business Mod\u00e8le<\/a><\/li>\n<li><a href=\"#temoignage\">T\u00e9moignage de l\u2019exploitant sur ses objectifs<\/a><\/li>\n<li><a href=\"#projets\">Projets<\/a><\/li>\n<li><a href=\"#resultats-economiques\">R\u00e9sultats \u00e9conomiques<\/a><\/li>\n<\/ul>\n<\/div><\/div><\/div><div class=\"fusion-clearfix\"><\/div><\/div><\/div><\/div><\/div><\/div><div class=\"fusion-fullwidth fullwidth-box fusion-builder-row-2 fusion-flex-container mf-card-id nonhundred-percent-fullwidth non-hundred-percent-height-scrolling\" style=\"--awb-border-radius-top-left:0px;--awb-border-radius-top-right:0px;--awb-border-radius-bottom-right:0px;--awb-border-radius-bottom-left:0px;--awb-flex-wrap:wrap;\" ><div class=\"fusion-builder-row fusion-row fusion-flex-align-items-flex-start fusion-flex-content-wrap\" style=\"max-width:1144px;margin-left: calc(-4% \/ 2 );margin-right: calc(-4% \/ 2 );\"><div class=\"fusion-layout-column fusion_builder_column fusion-builder-column-2 fusion_builder_column_1_1 1_1 fusion-flex-column mf-card-id-heading\" style=\"--awb-bg-size:cover;--awb-width-large:100%;--awb-margin-top-large:0px;--awb-spacing-right-large:1.92%;--awb-margin-bottom-large:20px;--awb-spacing-left-large:1.92%;--awb-width-medium:100%;--awb-order-medium:0;--awb-spacing-right-medium:1.92%;--awb-spacing-left-medium:1.92%;--awb-width-small:100%;--awb-order-small:0;--awb-spacing-right-small:1.92%;--awb-spacing-left-small:1.92%;\" id=\"carte-id\"><div class=\"fusion-column-wrapper fusion-column-has-shadow fusion-flex-justify-content-flex-start fusion-content-layout-column\"><div class=\"fusion-title title fusion-title-1 fusion-sep-none fusion-title-text fusion-title-size-four mf-card-id-title\"><h4 class=\"fusion-title-heading title-heading-left fusion-responsive-typography-calculated\" style=\"margin:0;--fontSize:24;--minFontSize:24;line-height:1.5;\">Carte d\u2019identit\u00e9<\/h4><\/div><\/div><\/div><div class=\"fusion-layout-column fusion_builder_column fusion-builder-column-3 fusion_builder_column_1_2 1_2 fusion-flex-column\" style=\"--awb-bg-size:cover;--awb-width-large:50%;--awb-margin-top-large:0px;--awb-spacing-right-large:3.84%;--awb-margin-bottom-large:20px;--awb-spacing-left-large:3.84%;--awb-width-medium:100%;--awb-order-medium:0;--awb-spacing-right-medium:1.92%;--awb-spacing-left-medium:1.92%;--awb-width-small:100%;--awb-order-small:0;--awb-spacing-right-small:1.92%;--awb-spacing-left-small:1.92%;\"><div class=\"fusion-column-wrapper fusion-column-has-shadow fusion-flex-justify-content-flex-start fusion-content-layout-column\"><div class=\"fusion-image-element \" style=\"--awb-caption-title-font-family:var(--h2_typography-font-family);--awb-caption-title-font-weight:var(--h2_typography-font-weight);--awb-caption-title-font-style:var(--h2_typography-font-style);--awb-caption-title-size:var(--h2_typography-font-size);--awb-caption-title-transform:var(--h2_typography-text-transform);--awb-caption-title-line-height:var(--h2_typography-line-height);--awb-caption-title-letter-spacing:var(--h2_typography-letter-spacing);\"><span class=\" fusion-imageframe imageframe-none imageframe-1 hover-type-none\"><img decoding=\"async\" title=\"Ferme de Bud\u00e9\" src=\"https:\/\/agripedia.ch\/microfermes\/wp-content\/uploads\/sites\/25\/2020\/11\/batiment_ferme_de_bude-1024x684.jpg\" alt class=\"img-responsive wp-image-156\"\/><\/span><\/div><div class=\"fusion-separator fusion-full-width-sep agri-separator\" style=\"align-self: center;margin-left: auto;margin-right: auto;width:100%;\"><\/div><div class=\"fusion-title title fusion-title-2 fusion-sep-none fusion-title-text fusion-title-size-four mf-contact\"><h4 class=\"fusion-title-heading title-heading-left fusion-responsive-typography-calculated\" style=\"margin:0;--fontSize:24;--minFontSize:24;line-height:1.5;\">Contact<\/h4><\/div><div class=\"fusion-text fusion-text-2\"><p>Chemin Mo\u00efse-Duboule 2<br \/>\n1209 Gen\u00e8ve<\/p>\n<p><a href=\"http:\/\/www.ferme-de-bude.ch\">www.ferme-de-bude.ch<\/a><br \/>\n<a href=\"mailto:contact@ferme-de-bude.ch\">contact@ferme-de-bude.ch<\/a><br \/>\n<a href=\"https:\/\/www.facebook.com\/fermedebude\/\">Facebook<\/a><\/p>\n<p>T\u00e9l. 022 777 17 00<\/p>\n<\/div><\/div><\/div><div class=\"fusion-layout-column fusion_builder_column fusion-builder-column-4 fusion_builder_column_1_2 1_2 fusion-flex-column\" style=\"--awb-bg-size:cover;--awb-width-large:50%;--awb-margin-top-large:0px;--awb-spacing-right-large:3.84%;--awb-margin-bottom-large:20px;--awb-spacing-left-large:3.84%;--awb-width-medium:100%;--awb-order-medium:0;--awb-spacing-right-medium:1.92%;--awb-spacing-left-medium:1.92%;--awb-width-small:100%;--awb-order-small:0;--awb-spacing-right-small:1.92%;--awb-spacing-left-small:1.92%;\"><div class=\"fusion-column-wrapper fusion-column-has-shadow fusion-flex-justify-content-flex-start fusion-content-layout-column\">\n<div class=\"table-2\">\n<table width=\"100%\">\n<tbody>\n<tr>\n<td align=\"left\">Statut<\/td>\n<td align=\"left\">SARL &amp; Association des Amis de la Ferme de Bud\u00e9<\/td>\n<\/tr>\n<tr>\n<td align=\"left\">Main d\u2019\u0153uvre<\/td>\n<td align=\"left\">13 \u00e9quivalents temps plein (ETP) r\u00e9partis sur le march\u00e9, le jardin, l\u2019\u00e9cole \u00e0 la ferme et l\u2019administratif.<\/td>\n<\/tr>\n<tr>\n<td align=\"left\">Production<\/td>\n<td align=\"left\">Fruits et l\u00e9gumes pour le march\u00e9<br \/>\nPart du maraichage dans le chiffre d\u2019affaire de la Sarl : 6.7% en 2019<\/td>\n<\/tr>\n<tr>\n<td align=\"left\">Transformation<\/td>\n<td align=\"left\">Ponctuelle (herbes aromatiques s\u00e9ch\u00e9es, cardon)<\/td>\n<\/tr>\n<tr>\n<td align=\"left\">Commercialisation<\/td>\n<td align=\"left\">March\u00e9 \u00e0 la ferme<\/td>\n<\/tr>\n<tr>\n<td align=\"left\">Label<\/td>\n<td align=\"left\">Bourgeon Bio<\/td>\n<\/tr>\n<tr>\n<td align=\"left\">Services<\/td>\n<td align=\"left\">Activit\u00e9s maraich\u00e8res dans un parc public ouvert, sensibilisation passive \u00e0 la culture agricole, entretien et mise en valeur d\u2019un espace public<\/td>\n<\/tr>\n<tr>\n<td align=\"left\">Installation<\/td>\n<td align=\"left\">2009, jardin r\u00e9nov\u00e9 en 2016 et 2017, serre en 2019<\/td>\n<\/tr>\n<tr>\n<td align=\"left\">Surface de maraichage<\/td>\n<td align=\"left\">4573 m<sup>2 <\/sup>(avec passe-pieds)<\/td>\n<\/tr>\n<tr>\n<td align=\"left\">Surface agricole utile<\/td>\n<td align=\"left\">9450 m<sup>2<\/sup><br \/>\nMilieu urbain<br \/>\nZone non-agricole r\u00e9glement\u00e9e par un bail avec l\u2019\u00c9tat de Gen\u00e8ve<\/td>\n<\/tr>\n<tr>\n<td align=\"left\">Sol<\/td>\n<td align=\"left\">A pr\u00e9ciser<\/td>\n<\/tr>\n<tr>\n<td align=\"left\">Climat<\/td>\n<td align=\"left\">Beaucoup de vent<\/td>\n<\/tr>\n<\/tbody>\n<\/table>\n<\/div>\n<\/div><\/div><\/div><\/div><div class=\"fusion-fullwidth fullwidth-box fusion-builder-row-3 fusion-flex-container nonhundred-percent-fullwidth non-hundred-percent-height-scrolling\" style=\"--awb-border-radius-top-left:0px;--awb-border-radius-top-right:0px;--awb-border-radius-bottom-right:0px;--awb-border-radius-bottom-left:0px;--awb-flex-wrap:wrap;\" ><div class=\"fusion-builder-row fusion-row fusion-flex-align-items-flex-start fusion-flex-content-wrap\" style=\"max-width:1144px;margin-left: calc(-4% \/ 2 );margin-right: calc(-4% \/ 2 );\"><div class=\"fusion-layout-column fusion_builder_column fusion-builder-column-5 fusion_builder_column_1_1 1_1 fusion-flex-column\" style=\"--awb-bg-size:cover;--awb-width-large:100%;--awb-margin-top-large:0px;--awb-spacing-right-large:1.92%;--awb-margin-bottom-large:20px;--awb-spacing-left-large:1.92%;--awb-width-medium:100%;--awb-order-medium:0;--awb-spacing-right-medium:1.92%;--awb-spacing-left-medium:1.92%;--awb-width-small:100%;--awb-order-small:0;--awb-spacing-right-small:1.92%;--awb-spacing-left-small:1.92%;\"><div class=\"fusion-column-wrapper fusion-column-has-shadow fusion-flex-justify-content-flex-start fusion-content-layout-column\"><iframe width=\"560\" height=\"315\" src=\"https:\/\/www.rts.ch\/play\/embed?urn=urn:rts:video:13300959&subdivisions=false\" allowfullscreen allow=\"geolocation *; encrypted-media\"><\/iframe>\n<span>Entretien avec D\u00e9lio Fiore-Donno, mara\u00eecher de la ferme de Bud\u00e9 (RTS, Couleurs d'\u00e9t\u00e9 du 11.08.2022)<\/span><\/div><\/div><\/div><\/div><div class=\"fusion-fullwidth fullwidth-box fusion-builder-row-4 fusion-flex-container nonhundred-percent-fullwidth non-hundred-percent-height-scrolling\" style=\"--awb-border-radius-top-left:0px;--awb-border-radius-top-right:0px;--awb-border-radius-bottom-right:0px;--awb-border-radius-bottom-left:0px;--awb-flex-wrap:wrap;\" ><div class=\"fusion-builder-row fusion-row fusion-flex-align-items-flex-start fusion-flex-content-wrap\" style=\"max-width:1144px;margin-left: calc(-4% \/ 2 );margin-right: calc(-4% \/ 2 );\"><div class=\"fusion-layout-column fusion_builder_column fusion-builder-column-6 fusion_builder_column_1_1 1_1 fusion-flex-column\" style=\"--awb-bg-size:cover;--awb-width-large:100%;--awb-margin-top-large:0px;--awb-spacing-right-large:1.92%;--awb-margin-bottom-large:20px;--awb-spacing-left-large:1.92%;--awb-width-medium:100%;--awb-order-medium:0;--awb-spacing-right-medium:1.92%;--awb-spacing-left-medium:1.92%;--awb-width-small:100%;--awb-order-small:0;--awb-spacing-right-small:1.92%;--awb-spacing-left-small:1.92%;\" id=\"gouvernance\"><div class=\"fusion-column-wrapper fusion-column-has-shadow fusion-flex-justify-content-flex-start fusion-content-layout-column\"><div class=\"fusion-title title fusion-title-3 fusion-sep-none fusion-title-text fusion-title-size-three\"><h3 class=\"fusion-title-heading title-heading-left fusion-responsive-typography-calculated\" style=\"margin:0;--fontSize:30;line-height:1.5;\">Gouvernance<\/h3><\/div><div class=\"fusion-text fusion-text-3\"><p>La SARL fonctionne d\u2019une fa\u00e7on horizontale o\u00f9 les responsabilit\u00e9s sont partag\u00e9es au sein des diff\u00e9rentes \u00e9quipes (march\u00e9, jardin, \u00e9cole \u00e0 la ferme, administratif). L\u2019organe directeur est compos\u00e9 de tou-te-s les employ\u00e9-e-s qui se rassemblent r\u00e9guli\u00e8rement pour des s\u00e9ances pl\u00e9ni\u00e8res. Le salaire est le m\u00eame pour chaque employ\u00e9-e qui est tenu-e de travailler au maximum \u00e0 80 %. L\u2019association des Amis de la Ferme de Bud\u00e9 a \u00e9t\u00e9 fond\u00e9e afin de mettre en place le crowdfunding ayant pour but de r\u00e9organiser le jardin, les membres sont les donateurs et donatrices qui ont particip\u00e9 \u00e0 cette campagne.<\/p>\n<\/div><\/div><\/div><\/div><\/div><div class=\"fusion-fullwidth fullwidth-box fusion-builder-row-5 fusion-flex-container nonhundred-percent-fullwidth non-hundred-percent-height-scrolling\" style=\"--awb-border-radius-top-left:0px;--awb-border-radius-top-right:0px;--awb-border-radius-bottom-right:0px;--awb-border-radius-bottom-left:0px;--awb-flex-wrap:wrap;\" ><div class=\"fusion-builder-row fusion-row fusion-flex-align-items-flex-start fusion-flex-content-wrap\" style=\"max-width:1144px;margin-left: calc(-4% \/ 2 );margin-right: calc(-4% \/ 2 );\"><div class=\"fusion-layout-column fusion_builder_column fusion-builder-column-7 fusion_builder_column_1_1 1_1 fusion-flex-column\" style=\"--awb-bg-size:cover;--awb-width-large:100%;--awb-margin-top-large:0px;--awb-spacing-right-large:1.92%;--awb-margin-bottom-large:20px;--awb-spacing-left-large:1.92%;--awb-width-medium:100%;--awb-order-medium:0;--awb-spacing-right-medium:1.92%;--awb-spacing-left-medium:1.92%;--awb-width-small:100%;--awb-order-small:0;--awb-spacing-right-small:1.92%;--awb-spacing-left-small:1.92%;\"><div class=\"fusion-column-wrapper fusion-column-has-shadow fusion-flex-justify-content-flex-start fusion-content-layout-column\"><div class=\"fusion-title title fusion-title-4 fusion-sep-none fusion-title-text fusion-title-size-three\" id=\"design\"><h3 class=\"fusion-title-heading title-heading-left fusion-responsive-typography-calculated\" style=\"margin:0;--fontSize:30;line-height:1.5;\">Design<\/h3><\/div><\/div><\/div><div class=\"fusion-layout-column fusion_builder_column fusion-builder-column-8 fusion_builder_column_3_5 3_5 fusion-flex-column\" style=\"--awb-bg-size:cover;--awb-width-large:60%;--awb-margin-top-large:0px;--awb-spacing-right-large:3.2%;--awb-margin-bottom-large:20px;--awb-spacing-left-large:3.2%;--awb-width-medium:100%;--awb-order-medium:0;--awb-spacing-right-medium:1.92%;--awb-spacing-left-medium:1.92%;--awb-width-small:100%;--awb-order-small:0;--awb-spacing-right-small:1.92%;--awb-spacing-left-small:1.92%;\"><div class=\"fusion-column-wrapper fusion-column-has-shadow fusion-flex-justify-content-flex-start fusion-content-layout-column\"><div class=\"fusion-text fusion-text-4\"><p>Inspir\u00e9e du mod\u00e8le de Jean-Martin Fortier, la parcelle principale fait moins de 1 hectare et est enti\u00e8rement d\u00e9di\u00e9e au mara\u00eechage. Une petite parcelle pour les herbes aromatiques et l\u2019\u00e9cole \u00e0 la ferme est comprise dans le domaine ainsi qu\u2019un petit jardin d\u2019exp\u00e9rimentation.<\/p>\n<p>La parcelle principale est compos\u00e9e de 8 jardins comprenant chacun 10 planches permanentes de 75 cm de largeur et de 30 m de long. Les passe-pieds font 45 cm entre les planches. Une serre fixe de 9 m de large et 31 m de long est situ\u00e9e sur la parcelle, abritant 8 planches d\u2019environ 30 m. La parcelle contient \u00e9galement 5 lignes de petits fruits.<\/p>\n<p>Le jardin d\u2019exp\u00e9rimentation contient 8 planches de 30 m et 8 planches de 25 m.<\/p>\n<\/div><div class=\"accordian fusion-accordian mf-references-toggle\" style=\"--awb-border-size:1px;--awb-icon-size:20px;--awb-content-font-size:var(--awb-typography4-font-size);--awb-icon-alignment:left;--awb-hover-color:#ffffff;--awb-border-color:#cccccc;--awb-background-color:#ffffff;--awb-divider-color:var(--awb-color3);--awb-divider-hover-color:var(--awb-color3);--awb-icon-color:#7a7a7a;--awb-title-color:var(--awb-color8);--awb-content-color:var(--awb-color8);--awb-icon-box-color:#d8d8d8;--awb-toggle-hover-accent-color:#7a7a7a;--awb-title-font-family:var(--awb-typography1-font-family);--awb-title-font-weight:var(--awb-typography1-font-weight);--awb-title-font-style:var(--awb-typography1-font-style);--awb-title-font-size:16px;--awb-title-line-height:1.5;--awb-content-font-family:var(--awb-typography4-font-family);--awb-content-font-weight:var(--awb-typography4-font-weight);--awb-content-font-style:var(--awb-typography4-font-style);\"><div class=\"panel-group fusion-toggle-icon-unboxed\" id=\"accordion-149-1\"><div class=\"fusion-panel panel-default panel-df2ae84795339bf44 fusion-toggle-no-divider fusion-toggle-boxed-mode\"><div class=\"panel-heading\"><h4 class=\"panel-title toggle\" id=\"toggle_df2ae84795339bf44\"><a aria-expanded=\"false\" aria-controls=\"df2ae84795339bf44\" role=\"button\" data-toggle=\"collapse\" data-target=\"#df2ae84795339bf44\" href=\"#df2ae84795339bf44\"><span class=\"fusion-toggle-icon-wrapper\" aria-hidden=\"true\"><i class=\"fa-fusion-box active-icon awb-icon-minus\" aria-hidden=\"true\"><\/i><i class=\"fa-fusion-box inactive-icon awb-icon-plus\" aria-hidden=\"true\"><\/i><\/span><span class=\"fusion-toggle-heading\">R\u00e9f\u00e9rences du Design<\/span><\/a><\/h4><\/div><div id=\"df2ae84795339bf44\" class=\"panel-collapse collapse \" aria-labelledby=\"toggle_df2ae84795339bf44\"><div class=\"panel-body toggle-content fusion-clearfix\">\n<p>Fortier Jean-Martin (2016) Le jardinier-mara\u00eecher \u2013 Manuel d\u2019agriculture biologique sur petite surface.<\/p>\n<p><a href=\"https:\/\/www.lejardiniermaraicher.com\" target=\"_blank\" rel=\"noopener noreferrer\">www.lejardiniermaraicher.com<\/a><\/p>\n<\/div><\/div><\/div><\/div><\/div><\/div><\/div><div class=\"fusion-layout-column fusion_builder_column fusion-builder-column-9 fusion_builder_column_2_5 2_5 fusion-flex-column\" style=\"--awb-bg-size:cover;--awb-width-large:40%;--awb-margin-top-large:0px;--awb-spacing-right-large:4.8%;--awb-margin-bottom-large:20px;--awb-spacing-left-large:4.8%;--awb-width-medium:100%;--awb-order-medium:0;--awb-spacing-right-medium:1.92%;--awb-spacing-left-medium:1.92%;--awb-width-small:100%;--awb-order-small:0;--awb-spacing-right-small:1.92%;--awb-spacing-left-small:1.92%;\"><div class=\"fusion-column-wrapper fusion-column-has-shadow fusion-flex-justify-content-flex-start fusion-content-layout-column\"><div class=\"fusion-image-carousel fusion-image-carousel-auto fusion-image-carousel-1 lightbox-enabled fusion-carousel-border\"><div class=\"awb-carousel awb-swiper awb-swiper-carousel awb-swiper-dots-position-bottom awb-carousel--carousel\" data-layout=\"carousel\" data-autoplay=\"yes\" data-autoplayspeed=\"2500\" data-autoplaypause=\"no\" data-columns=\"1\" data-columnsmedium=\"0\" data-columnssmall=\"0\" data-itemmargin=\"13\" data-itemwidth=\"180\" data-touchscroll=\"no\" data-freemode=\"no\" data-imagesize=\"auto\" data-scrollitems=\"0\" data-centeredslides=\"no\" data-rotationangle=\"50\" data-depth=\"100\" data-speed=\"500\" data-shadow=\"no\" style=\"--awb-columns:1;--awb-border-width:1px;--awb-border-color:#e9eaee;\"><div class=\"swiper-wrapper awb-image-carousel-wrapper fusion-flex-align-items-center\"><div class=\"swiper-slide\"><div class=\"fusion-carousel-item-wrapper\"><div class=\"fusion-image-wrapper hover-type-none\"><a data-rel=\"iLightbox[image_carousel_1]\" data-caption=\"(c) FiBL\" data-title=\"Ferme de Bud\u00e9 Design 1\" aria-label=\"Ferme de Bud\u00e9 Design 1\" href=\"https:\/\/agripedia.ch\/urbane-landwirtschaft\/wp-content\/uploads\/sites\/20\/2020\/12\/Bud\u00e9_Design_1_FiBL.jpg\" target=\"_self\"><img decoding=\"async\" width=\"1100\" height=\"735\" src=\"https:\/\/agripedia.ch\/agriculture-et-ville\/wp-content\/uploads\/sites\/20\/2020\/12\/Bud\u00e9_Design_1_FiBL.jpg\" class=\"attachment-full size-full\" alt=\"\" srcset=\"https:\/\/agripedia.ch\/agriculture-et-ville\/wp-content\/uploads\/sites\/20\/2020\/12\/Bud\u00e9_Design_1_FiBL-200x134.jpg 200w, https:\/\/agripedia.ch\/agriculture-et-ville\/wp-content\/uploads\/sites\/20\/2020\/12\/Bud\u00e9_Design_1_FiBL-300x200.jpg 300w, https:\/\/agripedia.ch\/agriculture-et-ville\/wp-content\/uploads\/sites\/20\/2020\/12\/Bud\u00e9_Design_1_FiBL-400x267.jpg 400w, https:\/\/agripedia.ch\/agriculture-et-ville\/wp-content\/uploads\/sites\/20\/2020\/12\/Bud\u00e9_Design_1_FiBL-600x401.jpg 600w, https:\/\/agripedia.ch\/agriculture-et-ville\/wp-content\/uploads\/sites\/20\/2020\/12\/Bud\u00e9_Design_1_FiBL-768x513.jpg 768w, https:\/\/agripedia.ch\/agriculture-et-ville\/wp-content\/uploads\/sites\/20\/2020\/12\/Bud\u00e9_Design_1_FiBL-800x535.jpg 800w, https:\/\/agripedia.ch\/agriculture-et-ville\/wp-content\/uploads\/sites\/20\/2020\/12\/Bud\u00e9_Design_1_FiBL-1024x684.jpg 1024w, https:\/\/agripedia.ch\/agriculture-et-ville\/wp-content\/uploads\/sites\/20\/2020\/12\/Bud\u00e9_Design_1_FiBL.jpg 1100w\" sizes=\"(max-width: 1100px) 100vw, 1100px\" \/><\/a><\/div><\/div><\/div><div class=\"swiper-slide\"><div class=\"fusion-carousel-item-wrapper\"><div class=\"fusion-image-wrapper hover-type-none\"><a data-rel=\"iLightbox[image_carousel_1]\" data-caption=\"(c) FiBL\" data-title=\"Ferme de Bud\u00e9 Design 2\" aria-label=\"Ferme de Bud\u00e9 Design 2\" href=\"https:\/\/agripedia.ch\/urbane-landwirtschaft\/wp-content\/uploads\/sites\/20\/2020\/12\/Bud\u00e9_Design_2_FiBL.jpg\" target=\"_self\"><img decoding=\"async\" width=\"1100\" height=\"735\" src=\"https:\/\/agripedia.ch\/agriculture-et-ville\/wp-content\/uploads\/sites\/20\/2020\/12\/Bud\u00e9_Design_2_FiBL.jpg\" class=\"attachment-full size-full\" alt=\"\" srcset=\"https:\/\/agripedia.ch\/agriculture-et-ville\/wp-content\/uploads\/sites\/20\/2020\/12\/Bud\u00e9_Design_2_FiBL-200x134.jpg 200w, https:\/\/agripedia.ch\/agriculture-et-ville\/wp-content\/uploads\/sites\/20\/2020\/12\/Bud\u00e9_Design_2_FiBL-300x200.jpg 300w, https:\/\/agripedia.ch\/agriculture-et-ville\/wp-content\/uploads\/sites\/20\/2020\/12\/Bud\u00e9_Design_2_FiBL-400x267.jpg 400w, https:\/\/agripedia.ch\/agriculture-et-ville\/wp-content\/uploads\/sites\/20\/2020\/12\/Bud\u00e9_Design_2_FiBL-600x401.jpg 600w, https:\/\/agripedia.ch\/agriculture-et-ville\/wp-content\/uploads\/sites\/20\/2020\/12\/Bud\u00e9_Design_2_FiBL-768x513.jpg 768w, https:\/\/agripedia.ch\/agriculture-et-ville\/wp-content\/uploads\/sites\/20\/2020\/12\/Bud\u00e9_Design_2_FiBL-800x535.jpg 800w, https:\/\/agripedia.ch\/agriculture-et-ville\/wp-content\/uploads\/sites\/20\/2020\/12\/Bud\u00e9_Design_2_FiBL-1024x684.jpg 1024w, https:\/\/agripedia.ch\/agriculture-et-ville\/wp-content\/uploads\/sites\/20\/2020\/12\/Bud\u00e9_Design_2_FiBL.jpg 1100w\" sizes=\"(max-width: 1100px) 100vw, 1100px\" \/><\/a><\/div><\/div><\/div><div class=\"swiper-slide\"><div class=\"fusion-carousel-item-wrapper\"><div class=\"fusion-image-wrapper hover-type-none\"><a data-rel=\"iLightbox[image_carousel_1]\" data-caption=\"(c) AGRIDEA\" data-title=\"Ferme de Bud\u00e9 Design 3\" aria-label=\"Ferme de Bud\u00e9 Design 3\" href=\"https:\/\/agripedia.ch\/urbane-landwirtschaft\/wp-content\/uploads\/sites\/20\/2020\/12\/Bud\u00e9_Design_3_Agridea.png\" target=\"_self\"><img decoding=\"async\" width=\"1100\" height=\"735\" src=\"https:\/\/agripedia.ch\/agriculture-et-ville\/wp-content\/uploads\/sites\/20\/2020\/12\/Bud\u00e9_Design_3_Agridea.png\" class=\"attachment-full size-full\" alt=\"\" srcset=\"https:\/\/agripedia.ch\/agriculture-et-ville\/wp-content\/uploads\/sites\/20\/2020\/12\/Bud\u00e9_Design_3_Agridea-200x134.png 200w, https:\/\/agripedia.ch\/agriculture-et-ville\/wp-content\/uploads\/sites\/20\/2020\/12\/Bud\u00e9_Design_3_Agridea-300x200.png 300w, https:\/\/agripedia.ch\/agriculture-et-ville\/wp-content\/uploads\/sites\/20\/2020\/12\/Bud\u00e9_Design_3_Agridea-400x267.png 400w, https:\/\/agripedia.ch\/agriculture-et-ville\/wp-content\/uploads\/sites\/20\/2020\/12\/Bud\u00e9_Design_3_Agridea-600x401.png 600w, https:\/\/agripedia.ch\/agriculture-et-ville\/wp-content\/uploads\/sites\/20\/2020\/12\/Bud\u00e9_Design_3_Agridea-768x513.png 768w, https:\/\/agripedia.ch\/agriculture-et-ville\/wp-content\/uploads\/sites\/20\/2020\/12\/Bud\u00e9_Design_3_Agridea-800x535.png 800w, https:\/\/agripedia.ch\/agriculture-et-ville\/wp-content\/uploads\/sites\/20\/2020\/12\/Bud\u00e9_Design_3_Agridea-1024x684.png 1024w, https:\/\/agripedia.ch\/agriculture-et-ville\/wp-content\/uploads\/sites\/20\/2020\/12\/Bud\u00e9_Design_3_Agridea.png 1100w\" sizes=\"(max-width: 1100px) 100vw, 1100px\" \/><\/a><\/div><\/div><\/div><div class=\"swiper-slide\"><div class=\"fusion-carousel-item-wrapper\"><div class=\"fusion-image-wrapper hover-type-none\"><a data-rel=\"iLightbox[image_carousel_1]\" data-caption=\"(c) FiBL\" data-title=\"Ferme de Bud\u00e9 Design 4\" aria-label=\"Ferme de Bud\u00e9 Design 4\" href=\"https:\/\/agripedia.ch\/urbane-landwirtschaft\/wp-content\/uploads\/sites\/20\/2020\/12\/Bud\u00e9_Design_4_FiBL-1.jpg\" target=\"_self\"><img decoding=\"async\" width=\"1100\" height=\"735\" src=\"https:\/\/agripedia.ch\/agriculture-et-ville\/wp-content\/uploads\/sites\/20\/2020\/12\/Bud\u00e9_Design_4_FiBL-1.jpg\" class=\"attachment-full size-full\" alt=\"\" srcset=\"https:\/\/agripedia.ch\/agriculture-et-ville\/wp-content\/uploads\/sites\/20\/2020\/12\/Bud\u00e9_Design_4_FiBL-1-200x134.jpg 200w, https:\/\/agripedia.ch\/agriculture-et-ville\/wp-content\/uploads\/sites\/20\/2020\/12\/Bud\u00e9_Design_4_FiBL-1-300x200.jpg 300w, https:\/\/agripedia.ch\/agriculture-et-ville\/wp-content\/uploads\/sites\/20\/2020\/12\/Bud\u00e9_Design_4_FiBL-1-400x267.jpg 400w, https:\/\/agripedia.ch\/agriculture-et-ville\/wp-content\/uploads\/sites\/20\/2020\/12\/Bud\u00e9_Design_4_FiBL-1-600x401.jpg 600w, https:\/\/agripedia.ch\/agriculture-et-ville\/wp-content\/uploads\/sites\/20\/2020\/12\/Bud\u00e9_Design_4_FiBL-1-768x513.jpg 768w, https:\/\/agripedia.ch\/agriculture-et-ville\/wp-content\/uploads\/sites\/20\/2020\/12\/Bud\u00e9_Design_4_FiBL-1-800x535.jpg 800w, https:\/\/agripedia.ch\/agriculture-et-ville\/wp-content\/uploads\/sites\/20\/2020\/12\/Bud\u00e9_Design_4_FiBL-1-1024x684.jpg 1024w, https:\/\/agripedia.ch\/agriculture-et-ville\/wp-content\/uploads\/sites\/20\/2020\/12\/Bud\u00e9_Design_4_FiBL-1.jpg 1100w\" sizes=\"(max-width: 1100px) 100vw, 1100px\" \/><\/a><\/div><\/div><\/div><\/div><div class=\"awb-swiper-button awb-swiper-button-prev\"><i class=\"awb-icon-angle-left\" aria-hidden=\"true\"><\/i><\/div><div class=\"awb-swiper-button awb-swiper-button-next\"><i class=\"awb-icon-angle-right\" aria-hidden=\"true\"><\/i><\/div><\/div><\/div><\/div><\/div><\/div><\/div><div class=\"fusion-fullwidth fullwidth-box fusion-builder-row-6 fusion-flex-container nonhundred-percent-fullwidth non-hundred-percent-height-scrolling\" style=\"--awb-border-radius-top-left:0px;--awb-border-radius-top-right:0px;--awb-border-radius-bottom-right:0px;--awb-border-radius-bottom-left:0px;--awb-flex-wrap:wrap;\" ><div class=\"fusion-builder-row fusion-row fusion-flex-align-items-flex-start fusion-flex-content-wrap\" style=\"max-width:1144px;margin-left: calc(-4% \/ 2 );margin-right: calc(-4% \/ 2 );\"><div class=\"fusion-layout-column fusion_builder_column fusion-builder-column-10 fusion_builder_column_1_1 1_1 fusion-flex-column mf-fiche\" style=\"--awb-bg-size:cover;--awb-width-large:100%;--awb-margin-top-large:0px;--awb-spacing-right-large:1.92%;--awb-margin-bottom-large:20px;--awb-spacing-left-large:1.92%;--awb-width-medium:100%;--awb-order-medium:0;--awb-spacing-right-medium:1.92%;--awb-spacing-left-medium:1.92%;--awb-width-small:100%;--awb-order-small:0;--awb-spacing-right-small:1.92%;--awb-spacing-left-small:1.92%;\"><div class=\"fusion-column-wrapper fusion-column-has-shadow fusion-flex-justify-content-flex-start fusion-content-layout-column\"><div class=\"accordian fusion-accordian mf-fiche-toggle\" style=\"--awb-border-size:1px;--awb-icon-size:20px;--awb-content-font-size:var(--awb-typography4-font-size);--awb-icon-alignment:left;--awb-hover-color:#ffffff;--awb-border-color:#cccccc;--awb-background-color:#ffffff;--awb-divider-color:var(--awb-color3);--awb-divider-hover-color:var(--awb-color3);--awb-icon-color:#7a7a7a;--awb-title-color:var(--awb-color8);--awb-content-color:var(--awb-color8);--awb-icon-box-color:#d8d8d8;--awb-toggle-hover-accent-color:#7a7a7a;--awb-title-font-family:var(--awb-typography1-font-family);--awb-title-font-weight:var(--awb-typography1-font-weight);--awb-title-font-style:var(--awb-typography1-font-style);--awb-title-font-size:16px;--awb-title-line-height:1.5;--awb-content-font-family:var(--awb-typography4-font-family);--awb-content-font-weight:var(--awb-typography4-font-weight);--awb-content-font-style:var(--awb-typography4-font-style);\" id=\"fiche-maraichage\"><div class=\"panel-group fusion-toggle-icon-unboxed\" id=\"accordion-149-2\"><div class=\"fusion-panel panel-default mf-fiche-toggle-content panel-c20421e81a0100060 fusion-toggle-no-divider fusion-toggle-boxed-mode\"><div class=\"panel-heading\"><h4 class=\"panel-title toggle\" id=\"toggle_c20421e81a0100060\"><a aria-expanded=\"false\" aria-controls=\"c20421e81a0100060\" role=\"button\" data-toggle=\"collapse\" data-target=\"#c20421e81a0100060\" href=\"#c20421e81a0100060\"><span class=\"fusion-toggle-icon-wrapper\" aria-hidden=\"true\"><i class=\"fa-fusion-box active-icon awb-icon-minus\" aria-hidden=\"true\"><\/i><i class=\"fa-fusion-box inactive-icon awb-icon-plus\" aria-hidden=\"true\"><\/i><\/span><span class=\"fusion-toggle-heading\">Fiche mara\u00eechage<\/span><\/a><\/h4><\/div><div id=\"c20421e81a0100060\" class=\"panel-collapse collapse \" aria-labelledby=\"toggle_c20421e81a0100060\"><div class=\"panel-body toggle-content fusion-clearfix\">\n<div class=\"fusion-builder-row fusion-builder-row-inner fusion-row fusion-flex-align-items-flex-start fusion-flex-content-wrap\" style=\"width:104% !important;max-width:104% !important;margin-left: calc(-4% \/ 2 );margin-right: calc(-4% \/ 2 );\"><div class=\"fusion-layout-column fusion_builder_column_inner fusion-builder-nested-column-0 fusion_builder_column_inner_1_2 1_2 fusion-flex-column\" style=\"--awb-bg-size:cover;--awb-width-large:50%;--awb-margin-top-large:0px;--awb-spacing-right-large:3.84%;--awb-margin-bottom-large:20px;--awb-spacing-left-large:3.84%;--awb-width-medium:100%;--awb-order-medium:0;--awb-spacing-right-medium:1.92%;--awb-spacing-left-medium:1.92%;--awb-width-small:100%;--awb-order-small:0;--awb-spacing-right-small:1.92%;--awb-spacing-left-small:1.92%;\"><div class=\"fusion-column-wrapper fusion-column-has-shadow fusion-flex-justify-content-flex-start fusion-content-layout-column\">\n<div class=\"fusion-text fusion-text-5\"><p><strong>Plan de culture<\/strong><\/p>\n<ul>\n<li>Semences et plantons de l\u2019ext\u00e9rieur<\/li>\n<li>Couverture maximale du sol avec paillage, enherbage des chemins et engrais vert<\/li>\n<li>B\u00e2chage en fin de culture<\/li>\n<\/ul>\n<p><strong>Rotations<\/strong><\/p>\n<ul>\n<li>Rotations sur 7 ans sur 7 jardins<\/li>\n<li>8<sup>\u00e8me<\/sup> jardin non-exploit\u00e9<\/li>\n<li>70 vari\u00e9t\u00e9s de fruits et l\u00e9gumes, pas de l\u00e9gumes de garde (except\u00e9 les pommes de terre)<\/li>\n<\/ul>\n<p>Le jardin d\u2019exp\u00e9rimentation contient herbes aromatiques (b\u00e2ch\u00e9es) et depuis 2 ans une Milpa (haricots, mais et courge)<\/p>\n<\/div>\n<\/div><\/div><div class=\"fusion-layout-column fusion_builder_column_inner fusion-builder-nested-column-1 fusion_builder_column_inner_1_2 1_2 fusion-flex-column\" style=\"--awb-bg-size:cover;--awb-width-large:50%;--awb-margin-top-large:0px;--awb-spacing-right-large:3.84%;--awb-margin-bottom-large:20px;--awb-spacing-left-large:3.84%;--awb-width-medium:100%;--awb-order-medium:0;--awb-spacing-right-medium:1.92%;--awb-spacing-left-medium:1.92%;--awb-width-small:100%;--awb-order-small:0;--awb-spacing-right-small:1.92%;--awb-spacing-left-small:1.92%;\"><div class=\"fusion-column-wrapper fusion-column-has-shadow fusion-flex-justify-content-flex-start fusion-content-layout-column\">\n<div class=\"fusion-image-carousel fusion-image-carousel-auto fusion-image-carousel-2 lightbox-enabled fusion-carousel-border\"><div class=\"awb-carousel awb-swiper awb-swiper-carousel awb-swiper-dots-position-bottom awb-carousel--carousel\" data-layout=\"carousel\" data-autoplay=\"yes\" data-autoplayspeed=\"2500\" data-autoplaypause=\"no\" data-columns=\"1\" data-columnsmedium=\"0\" data-columnssmall=\"0\" data-itemmargin=\"13\" data-itemwidth=\"180\" data-touchscroll=\"no\" data-freemode=\"no\" data-imagesize=\"auto\" data-scrollitems=\"0\" data-centeredslides=\"no\" data-rotationangle=\"50\" data-depth=\"100\" data-speed=\"500\" data-shadow=\"no\" style=\"--awb-columns:1;--awb-border-width:1px;--awb-border-color:#e9eaee;\"><div class=\"swiper-wrapper awb-image-carousel-wrapper fusion-flex-align-items-center\"><div class=\"swiper-slide\"><div class=\"fusion-carousel-item-wrapper\"><div class=\"fusion-image-wrapper hover-type-none\"><a data-rel=\"iLightbox[image_carousel_2]\" data-caption=\"(c) FiBL\" data-title=\"Ferme de Bud\u00e9 Fiche maraich\u00e8re 1\" aria-label=\"Ferme de Bud\u00e9 Fiche maraich\u00e8re 1\" href=\"https:\/\/agripedia.ch\/urbane-landwirtschaft\/wp-content\/uploads\/sites\/20\/2020\/12\/Bud\u00e9_Fiche-maraich\u00e8re_1_FiBL.jpg\" target=\"_self\"><img decoding=\"async\" width=\"1100\" height=\"735\" src=\"https:\/\/agripedia.ch\/agriculture-et-ville\/wp-content\/uploads\/sites\/20\/2020\/12\/Bud\u00e9_Fiche-maraich\u00e8re_1_FiBL.jpg\" class=\"attachment-full size-full\" alt=\"\" srcset=\"https:\/\/agripedia.ch\/agriculture-et-ville\/wp-content\/uploads\/sites\/20\/2020\/12\/Bud\u00e9_Fiche-maraich\u00e8re_1_FiBL-200x134.jpg 200w, https:\/\/agripedia.ch\/agriculture-et-ville\/wp-content\/uploads\/sites\/20\/2020\/12\/Bud\u00e9_Fiche-maraich\u00e8re_1_FiBL-300x200.jpg 300w, https:\/\/agripedia.ch\/agriculture-et-ville\/wp-content\/uploads\/sites\/20\/2020\/12\/Bud\u00e9_Fiche-maraich\u00e8re_1_FiBL-400x267.jpg 400w, https:\/\/agripedia.ch\/agriculture-et-ville\/wp-content\/uploads\/sites\/20\/2020\/12\/Bud\u00e9_Fiche-maraich\u00e8re_1_FiBL-600x401.jpg 600w, https:\/\/agripedia.ch\/agriculture-et-ville\/wp-content\/uploads\/sites\/20\/2020\/12\/Bud\u00e9_Fiche-maraich\u00e8re_1_FiBL-768x513.jpg 768w, https:\/\/agripedia.ch\/agriculture-et-ville\/wp-content\/uploads\/sites\/20\/2020\/12\/Bud\u00e9_Fiche-maraich\u00e8re_1_FiBL-800x535.jpg 800w, https:\/\/agripedia.ch\/agriculture-et-ville\/wp-content\/uploads\/sites\/20\/2020\/12\/Bud\u00e9_Fiche-maraich\u00e8re_1_FiBL-1024x684.jpg 1024w, https:\/\/agripedia.ch\/agriculture-et-ville\/wp-content\/uploads\/sites\/20\/2020\/12\/Bud\u00e9_Fiche-maraich\u00e8re_1_FiBL.jpg 1100w\" sizes=\"(max-width: 1100px) 100vw, 1100px\" \/><\/a><\/div><\/div><\/div><div class=\"swiper-slide\"><div class=\"fusion-carousel-item-wrapper\"><div class=\"fusion-image-wrapper hover-type-none\"><a data-rel=\"iLightbox[image_carousel_2]\" data-caption=\"(c) FiBL\" data-title=\"Ferme de Bud\u00e9 Fiche maraich\u00e8re 2\" aria-label=\"Ferme de Bud\u00e9 Fiche maraich\u00e8re 2\" href=\"https:\/\/agripedia.ch\/urbane-landwirtschaft\/wp-content\/uploads\/sites\/20\/2020\/12\/Bud\u00e9_Fiche-maraich\u00e8re_2_FiBL.jpg\" target=\"_self\"><img decoding=\"async\" width=\"1100\" height=\"735\" src=\"https:\/\/agripedia.ch\/agriculture-et-ville\/wp-content\/uploads\/sites\/20\/2020\/12\/Bud\u00e9_Fiche-maraich\u00e8re_2_FiBL.jpg\" class=\"attachment-full size-full\" alt=\"\" srcset=\"https:\/\/agripedia.ch\/agriculture-et-ville\/wp-content\/uploads\/sites\/20\/2020\/12\/Bud\u00e9_Fiche-maraich\u00e8re_2_FiBL-200x134.jpg 200w, https:\/\/agripedia.ch\/agriculture-et-ville\/wp-content\/uploads\/sites\/20\/2020\/12\/Bud\u00e9_Fiche-maraich\u00e8re_2_FiBL-300x200.jpg 300w, https:\/\/agripedia.ch\/agriculture-et-ville\/wp-content\/uploads\/sites\/20\/2020\/12\/Bud\u00e9_Fiche-maraich\u00e8re_2_FiBL-400x267.jpg 400w, https:\/\/agripedia.ch\/agriculture-et-ville\/wp-content\/uploads\/sites\/20\/2020\/12\/Bud\u00e9_Fiche-maraich\u00e8re_2_FiBL-600x401.jpg 600w, https:\/\/agripedia.ch\/agriculture-et-ville\/wp-content\/uploads\/sites\/20\/2020\/12\/Bud\u00e9_Fiche-maraich\u00e8re_2_FiBL-768x513.jpg 768w, https:\/\/agripedia.ch\/agriculture-et-ville\/wp-content\/uploads\/sites\/20\/2020\/12\/Bud\u00e9_Fiche-maraich\u00e8re_2_FiBL-800x535.jpg 800w, https:\/\/agripedia.ch\/agriculture-et-ville\/wp-content\/uploads\/sites\/20\/2020\/12\/Bud\u00e9_Fiche-maraich\u00e8re_2_FiBL-1024x684.jpg 1024w, https:\/\/agripedia.ch\/agriculture-et-ville\/wp-content\/uploads\/sites\/20\/2020\/12\/Bud\u00e9_Fiche-maraich\u00e8re_2_FiBL.jpg 1100w\" sizes=\"(max-width: 1100px) 100vw, 1100px\" \/><\/a><\/div><\/div><\/div><div class=\"swiper-slide\"><div class=\"fusion-carousel-item-wrapper\"><div class=\"fusion-image-wrapper hover-type-none\"><a data-rel=\"iLightbox[image_carousel_2]\" data-caption=\"(c) FiBL\" data-title=\"Ferme de Bud\u00e9 Fiche maraich\u00e8re 3\" aria-label=\"Ferme de Bud\u00e9 Fiche maraich\u00e8re 3\" href=\"https:\/\/agripedia.ch\/urbane-landwirtschaft\/wp-content\/uploads\/sites\/20\/2020\/12\/Bud\u00e9_Fiche-maraich\u00e8re_3_FiBL.jpg\" target=\"_self\"><img decoding=\"async\" width=\"1100\" height=\"735\" src=\"https:\/\/agripedia.ch\/agriculture-et-ville\/wp-content\/uploads\/sites\/20\/2020\/12\/Bud\u00e9_Fiche-maraich\u00e8re_3_FiBL.jpg\" class=\"attachment-full size-full\" alt=\"\" srcset=\"https:\/\/agripedia.ch\/agriculture-et-ville\/wp-content\/uploads\/sites\/20\/2020\/12\/Bud\u00e9_Fiche-maraich\u00e8re_3_FiBL-200x134.jpg 200w, https:\/\/agripedia.ch\/agriculture-et-ville\/wp-content\/uploads\/sites\/20\/2020\/12\/Bud\u00e9_Fiche-maraich\u00e8re_3_FiBL-300x200.jpg 300w, https:\/\/agripedia.ch\/agriculture-et-ville\/wp-content\/uploads\/sites\/20\/2020\/12\/Bud\u00e9_Fiche-maraich\u00e8re_3_FiBL-400x267.jpg 400w, https:\/\/agripedia.ch\/agriculture-et-ville\/wp-content\/uploads\/sites\/20\/2020\/12\/Bud\u00e9_Fiche-maraich\u00e8re_3_FiBL-600x401.jpg 600w, https:\/\/agripedia.ch\/agriculture-et-ville\/wp-content\/uploads\/sites\/20\/2020\/12\/Bud\u00e9_Fiche-maraich\u00e8re_3_FiBL-768x513.jpg 768w, https:\/\/agripedia.ch\/agriculture-et-ville\/wp-content\/uploads\/sites\/20\/2020\/12\/Bud\u00e9_Fiche-maraich\u00e8re_3_FiBL-800x535.jpg 800w, https:\/\/agripedia.ch\/agriculture-et-ville\/wp-content\/uploads\/sites\/20\/2020\/12\/Bud\u00e9_Fiche-maraich\u00e8re_3_FiBL-1024x684.jpg 1024w, https:\/\/agripedia.ch\/agriculture-et-ville\/wp-content\/uploads\/sites\/20\/2020\/12\/Bud\u00e9_Fiche-maraich\u00e8re_3_FiBL.jpg 1100w\" sizes=\"(max-width: 1100px) 100vw, 1100px\" \/><\/a><\/div><\/div><\/div><div class=\"swiper-slide\"><div class=\"fusion-carousel-item-wrapper\"><div class=\"fusion-image-wrapper hover-type-none\"><a data-rel=\"iLightbox[image_carousel_2]\" data-caption=\"(c) FiBL\" data-title=\"Ferme de Bud\u00e9 Fiche maraich\u00e8re 5\" aria-label=\"Ferme de Bud\u00e9 Fiche maraich\u00e8re 5\" href=\"https:\/\/agripedia.ch\/urbane-landwirtschaft\/wp-content\/uploads\/sites\/20\/2020\/12\/Bud\u00e9_Fiche-maraich\u00e8re_5_FiBL.jpg\" target=\"_self\"><img decoding=\"async\" width=\"1100\" height=\"735\" src=\"https:\/\/agripedia.ch\/agriculture-et-ville\/wp-content\/uploads\/sites\/20\/2020\/12\/Bud\u00e9_Fiche-maraich\u00e8re_5_FiBL.jpg\" class=\"attachment-full size-full\" alt=\"\" srcset=\"https:\/\/agripedia.ch\/agriculture-et-ville\/wp-content\/uploads\/sites\/20\/2020\/12\/Bud\u00e9_Fiche-maraich\u00e8re_5_FiBL-200x134.jpg 200w, https:\/\/agripedia.ch\/agriculture-et-ville\/wp-content\/uploads\/sites\/20\/2020\/12\/Bud\u00e9_Fiche-maraich\u00e8re_5_FiBL-300x200.jpg 300w, https:\/\/agripedia.ch\/agriculture-et-ville\/wp-content\/uploads\/sites\/20\/2020\/12\/Bud\u00e9_Fiche-maraich\u00e8re_5_FiBL-400x267.jpg 400w, https:\/\/agripedia.ch\/agriculture-et-ville\/wp-content\/uploads\/sites\/20\/2020\/12\/Bud\u00e9_Fiche-maraich\u00e8re_5_FiBL-600x401.jpg 600w, https:\/\/agripedia.ch\/agriculture-et-ville\/wp-content\/uploads\/sites\/20\/2020\/12\/Bud\u00e9_Fiche-maraich\u00e8re_5_FiBL-768x513.jpg 768w, https:\/\/agripedia.ch\/agriculture-et-ville\/wp-content\/uploads\/sites\/20\/2020\/12\/Bud\u00e9_Fiche-maraich\u00e8re_5_FiBL-800x535.jpg 800w, https:\/\/agripedia.ch\/agriculture-et-ville\/wp-content\/uploads\/sites\/20\/2020\/12\/Bud\u00e9_Fiche-maraich\u00e8re_5_FiBL-1024x684.jpg 1024w, https:\/\/agripedia.ch\/agriculture-et-ville\/wp-content\/uploads\/sites\/20\/2020\/12\/Bud\u00e9_Fiche-maraich\u00e8re_5_FiBL.jpg 1100w\" sizes=\"(max-width: 1100px) 100vw, 1100px\" \/><\/a><\/div><\/div><\/div><div class=\"swiper-slide\"><div class=\"fusion-carousel-item-wrapper\"><div class=\"fusion-image-wrapper hover-type-none\"><a data-rel=\"iLightbox[image_carousel_2]\" data-caption=\"(c) FiBL\" data-title=\"Ferme de Bud\u00e9 Fiche maraich\u00e8re 6\" aria-label=\"Ferme de Bud\u00e9 Fiche maraich\u00e8re 6\" href=\"https:\/\/agripedia.ch\/urbane-landwirtschaft\/wp-content\/uploads\/sites\/20\/2020\/12\/Bud\u00e9_Fiche-maraich\u00e8re_6_FiBL.jpg\" target=\"_self\"><img decoding=\"async\" width=\"1100\" height=\"735\" src=\"https:\/\/agripedia.ch\/agriculture-et-ville\/wp-content\/uploads\/sites\/20\/2020\/12\/Bud\u00e9_Fiche-maraich\u00e8re_6_FiBL.jpg\" class=\"attachment-full size-full\" alt=\"\" srcset=\"https:\/\/agripedia.ch\/agriculture-et-ville\/wp-content\/uploads\/sites\/20\/2020\/12\/Bud\u00e9_Fiche-maraich\u00e8re_6_FiBL-200x134.jpg 200w, https:\/\/agripedia.ch\/agriculture-et-ville\/wp-content\/uploads\/sites\/20\/2020\/12\/Bud\u00e9_Fiche-maraich\u00e8re_6_FiBL-300x200.jpg 300w, https:\/\/agripedia.ch\/agriculture-et-ville\/wp-content\/uploads\/sites\/20\/2020\/12\/Bud\u00e9_Fiche-maraich\u00e8re_6_FiBL-400x267.jpg 400w, https:\/\/agripedia.ch\/agriculture-et-ville\/wp-content\/uploads\/sites\/20\/2020\/12\/Bud\u00e9_Fiche-maraich\u00e8re_6_FiBL-600x401.jpg 600w, https:\/\/agripedia.ch\/agriculture-et-ville\/wp-content\/uploads\/sites\/20\/2020\/12\/Bud\u00e9_Fiche-maraich\u00e8re_6_FiBL-768x513.jpg 768w, https:\/\/agripedia.ch\/agriculture-et-ville\/wp-content\/uploads\/sites\/20\/2020\/12\/Bud\u00e9_Fiche-maraich\u00e8re_6_FiBL-800x535.jpg 800w, https:\/\/agripedia.ch\/agriculture-et-ville\/wp-content\/uploads\/sites\/20\/2020\/12\/Bud\u00e9_Fiche-maraich\u00e8re_6_FiBL-1024x684.jpg 1024w, https:\/\/agripedia.ch\/agriculture-et-ville\/wp-content\/uploads\/sites\/20\/2020\/12\/Bud\u00e9_Fiche-maraich\u00e8re_6_FiBL.jpg 1100w\" sizes=\"(max-width: 1100px) 100vw, 1100px\" \/><\/a><\/div><\/div><\/div><div class=\"swiper-slide\"><div class=\"fusion-carousel-item-wrapper\"><div class=\"fusion-image-wrapper hover-type-none\"><a data-rel=\"iLightbox[image_carousel_2]\" data-caption=\"(c) FiBL\" data-title=\"Ferme de Bud\u00e9 Fiche maraich\u00e8re 7\" aria-label=\"Ferme de Bud\u00e9 Fiche maraich\u00e8re 7\" href=\"https:\/\/agripedia.ch\/urbane-landwirtschaft\/wp-content\/uploads\/sites\/20\/2020\/12\/Bud\u00e9_Fiche-maraich\u00e8re_7_FiBL.jpg\" target=\"_self\"><img decoding=\"async\" width=\"1100\" height=\"735\" src=\"https:\/\/agripedia.ch\/agriculture-et-ville\/wp-content\/uploads\/sites\/20\/2020\/12\/Bud\u00e9_Fiche-maraich\u00e8re_7_FiBL.jpg\" class=\"attachment-full size-full\" alt=\"\" srcset=\"https:\/\/agripedia.ch\/agriculture-et-ville\/wp-content\/uploads\/sites\/20\/2020\/12\/Bud\u00e9_Fiche-maraich\u00e8re_7_FiBL-200x134.jpg 200w, https:\/\/agripedia.ch\/agriculture-et-ville\/wp-content\/uploads\/sites\/20\/2020\/12\/Bud\u00e9_Fiche-maraich\u00e8re_7_FiBL-300x200.jpg 300w, https:\/\/agripedia.ch\/agriculture-et-ville\/wp-content\/uploads\/sites\/20\/2020\/12\/Bud\u00e9_Fiche-maraich\u00e8re_7_FiBL-400x267.jpg 400w, https:\/\/agripedia.ch\/agriculture-et-ville\/wp-content\/uploads\/sites\/20\/2020\/12\/Bud\u00e9_Fiche-maraich\u00e8re_7_FiBL-600x401.jpg 600w, https:\/\/agripedia.ch\/agriculture-et-ville\/wp-content\/uploads\/sites\/20\/2020\/12\/Bud\u00e9_Fiche-maraich\u00e8re_7_FiBL-768x513.jpg 768w, https:\/\/agripedia.ch\/agriculture-et-ville\/wp-content\/uploads\/sites\/20\/2020\/12\/Bud\u00e9_Fiche-maraich\u00e8re_7_FiBL-800x535.jpg 800w, https:\/\/agripedia.ch\/agriculture-et-ville\/wp-content\/uploads\/sites\/20\/2020\/12\/Bud\u00e9_Fiche-maraich\u00e8re_7_FiBL-1024x684.jpg 1024w, https:\/\/agripedia.ch\/agriculture-et-ville\/wp-content\/uploads\/sites\/20\/2020\/12\/Bud\u00e9_Fiche-maraich\u00e8re_7_FiBL.jpg 1100w\" sizes=\"(max-width: 1100px) 100vw, 1100px\" \/><\/a><\/div><\/div><\/div><div class=\"swiper-slide\"><div class=\"fusion-carousel-item-wrapper\"><div class=\"fusion-image-wrapper hover-type-none\"><a data-rel=\"iLightbox[image_carousel_2]\" data-caption=\"(c) FiBL\" data-title=\"Ferme de Bud\u00e9 Fiche mariach\u00e8re 4\" aria-label=\"Ferme de Bud\u00e9 Fiche mariach\u00e8re 4\" href=\"https:\/\/agripedia.ch\/urbane-landwirtschaft\/wp-content\/uploads\/sites\/20\/2020\/12\/Bud\u00e9_Fiche-mariach\u00e8re_4_FiBL.jpg\" target=\"_self\"><img decoding=\"async\" width=\"1100\" height=\"735\" src=\"https:\/\/agripedia.ch\/agriculture-et-ville\/wp-content\/uploads\/sites\/20\/2020\/12\/Bud\u00e9_Fiche-mariach\u00e8re_4_FiBL.jpg\" class=\"attachment-full size-full\" alt=\"\" srcset=\"https:\/\/agripedia.ch\/agriculture-et-ville\/wp-content\/uploads\/sites\/20\/2020\/12\/Bud\u00e9_Fiche-mariach\u00e8re_4_FiBL-200x134.jpg 200w, https:\/\/agripedia.ch\/agriculture-et-ville\/wp-content\/uploads\/sites\/20\/2020\/12\/Bud\u00e9_Fiche-mariach\u00e8re_4_FiBL-300x200.jpg 300w, https:\/\/agripedia.ch\/agriculture-et-ville\/wp-content\/uploads\/sites\/20\/2020\/12\/Bud\u00e9_Fiche-mariach\u00e8re_4_FiBL-400x267.jpg 400w, https:\/\/agripedia.ch\/agriculture-et-ville\/wp-content\/uploads\/sites\/20\/2020\/12\/Bud\u00e9_Fiche-mariach\u00e8re_4_FiBL-600x401.jpg 600w, https:\/\/agripedia.ch\/agriculture-et-ville\/wp-content\/uploads\/sites\/20\/2020\/12\/Bud\u00e9_Fiche-mariach\u00e8re_4_FiBL-768x513.jpg 768w, https:\/\/agripedia.ch\/agriculture-et-ville\/wp-content\/uploads\/sites\/20\/2020\/12\/Bud\u00e9_Fiche-mariach\u00e8re_4_FiBL-800x535.jpg 800w, https:\/\/agripedia.ch\/agriculture-et-ville\/wp-content\/uploads\/sites\/20\/2020\/12\/Bud\u00e9_Fiche-mariach\u00e8re_4_FiBL-1024x684.jpg 1024w, https:\/\/agripedia.ch\/agriculture-et-ville\/wp-content\/uploads\/sites\/20\/2020\/12\/Bud\u00e9_Fiche-mariach\u00e8re_4_FiBL.jpg 1100w\" sizes=\"(max-width: 1100px) 100vw, 1100px\" \/><\/a><\/div><\/div><\/div><\/div><div class=\"awb-swiper-button awb-swiper-button-prev\"><i class=\"awb-icon-angle-left\" aria-hidden=\"true\"><\/i><\/div><div class=\"awb-swiper-button awb-swiper-button-next\"><i class=\"awb-icon-angle-right\" aria-hidden=\"true\"><\/i><\/div><\/div><\/div>\n<\/div><\/div><\/div>\n<p><strong>Fertilisation<\/strong><\/p>\n<ul>\n<li>Compost\u00a0: \u00bc sur place, le reste import\u00e9<\/li>\n<li>60% du jardin d\u00e9di\u00e9 couvert d\u2019engrais vert en hiver<\/li>\n<\/ul>\n<p><strong>Gestion des maladies et des ravageurs<\/strong><\/p>\n<ul>\n<li>Sant\u00e9 du sol<\/li>\n<li>Pr\u00e9vention : alternance de mac\u00e9ration chaque semaine lait \u2013 ail \u2013 m\u00e9lisse<\/li>\n<li>Filet anti-insectes<\/li>\n<li>Association de culture\u00a0: alliac\u00e9es & apiac\u00e9es contre la mouche mineuse<\/li>\n<li>Curatif\u00a0: Cuivre pour tomates (3x) et p\u00eachers<\/li>\n<li>Curatif\u00a0: Pyr\u00e8thre contre pucerons en dose hom\u00e9opathique lorsque n\u00e9cessaire<\/li>\n<li>Autres ravageurs : campagnol, limace pas trop fort<\/li>\n<\/ul>\n<p><strong>Autres informations<\/strong><\/p>\n<ul>\n<li>Difficult\u00e9 d\u2019obtenir de la paille Bio<\/li>\n<\/ul>\n<\/div><\/div><\/div><\/div><\/div><\/div><\/div><\/div><\/div><div class=\"fusion-fullwidth fullwidth-box fusion-builder-row-7 fusion-flex-container nonhundred-percent-fullwidth non-hundred-percent-height-scrolling\" style=\"--awb-border-radius-top-left:0px;--awb-border-radius-top-right:0px;--awb-border-radius-bottom-right:0px;--awb-border-radius-bottom-left:0px;--awb-flex-wrap:wrap;\" ><div class=\"fusion-builder-row fusion-row fusion-flex-align-items-flex-start fusion-flex-content-wrap\" style=\"max-width:1144px;margin-left: calc(-4% \/ 2 );margin-right: calc(-4% \/ 2 );\"><div class=\"fusion-layout-column fusion_builder_column fusion-builder-column-11 fusion_builder_column_1_1 1_1 fusion-flex-column mf-fiche\" style=\"--awb-bg-size:cover;--awb-width-large:100%;--awb-margin-top-large:0px;--awb-spacing-right-large:1.92%;--awb-margin-bottom-large:20px;--awb-spacing-left-large:1.92%;--awb-width-medium:100%;--awb-order-medium:0;--awb-spacing-right-medium:1.92%;--awb-spacing-left-medium:1.92%;--awb-width-small:100%;--awb-order-small:0;--awb-spacing-right-small:1.92%;--awb-spacing-left-small:1.92%;\"><div class=\"fusion-column-wrapper fusion-column-has-shadow fusion-flex-justify-content-flex-start fusion-content-layout-column\"><div class=\"accordian fusion-accordian mf-fiche-toggle\" style=\"--awb-border-size:1px;--awb-icon-size:20px;--awb-content-font-size:var(--awb-typography4-font-size);--awb-icon-alignment:left;--awb-hover-color:#ffffff;--awb-border-color:#cccccc;--awb-background-color:#ffffff;--awb-divider-color:var(--awb-color3);--awb-divider-hover-color:var(--awb-color3);--awb-icon-color:#7a7a7a;--awb-title-color:var(--awb-color8);--awb-content-color:var(--awb-color8);--awb-icon-box-color:#d8d8d8;--awb-toggle-hover-accent-color:#7a7a7a;--awb-title-font-family:var(--awb-typography1-font-family);--awb-title-font-weight:var(--awb-typography1-font-weight);--awb-title-font-style:var(--awb-typography1-font-style);--awb-title-font-size:16px;--awb-title-line-height:1.5;--awb-content-font-family:var(--awb-typography4-font-family);--awb-content-font-weight:var(--awb-typography4-font-weight);--awb-content-font-style:var(--awb-typography4-font-style);\" id=\"fiche-batiment-equipement\"><div class=\"panel-group fusion-toggle-icon-unboxed\" id=\"accordion-149-3\"><div class=\"fusion-panel panel-default mf-fiche-toggle-content panel-b51ed8fe6ef40a815 fusion-toggle-no-divider fusion-toggle-boxed-mode\"><div class=\"panel-heading\"><h4 class=\"panel-title toggle\" id=\"toggle_b51ed8fe6ef40a815\"><a aria-expanded=\"false\" aria-controls=\"b51ed8fe6ef40a815\" role=\"button\" data-toggle=\"collapse\" data-target=\"#b51ed8fe6ef40a815\" href=\"#b51ed8fe6ef40a815\"><span class=\"fusion-toggle-icon-wrapper\" aria-hidden=\"true\"><i class=\"fa-fusion-box active-icon awb-icon-minus\" aria-hidden=\"true\"><\/i><i class=\"fa-fusion-box inactive-icon awb-icon-plus\" aria-hidden=\"true\"><\/i><\/span><span class=\"fusion-toggle-heading\">Fiche b\u00e2timent et \u00e9quipement<\/span><\/a><\/h4><\/div><div id=\"b51ed8fe6ef40a815\" class=\"panel-collapse collapse \" aria-labelledby=\"toggle_b51ed8fe6ef40a815\"><div class=\"panel-body toggle-content fusion-clearfix\">\n<div class=\"fusion-builder-row fusion-builder-row-inner fusion-row fusion-flex-align-items-flex-start fusion-flex-content-wrap\" style=\"width:104% !important;max-width:104% !important;margin-left: calc(-4% \/ 2 );margin-right: calc(-4% \/ 2 );\"><div class=\"fusion-layout-column fusion_builder_column_inner fusion-builder-nested-column-2 fusion_builder_column_inner_1_2 1_2 fusion-flex-column\" style=\"--awb-bg-size:cover;--awb-width-large:50%;--awb-margin-top-large:0px;--awb-spacing-right-large:3.84%;--awb-margin-bottom-large:20px;--awb-spacing-left-large:3.84%;--awb-width-medium:100%;--awb-order-medium:0;--awb-spacing-right-medium:1.92%;--awb-spacing-left-medium:1.92%;--awb-width-small:100%;--awb-order-small:0;--awb-spacing-right-small:1.92%;--awb-spacing-left-small:1.92%;\"><div class=\"fusion-column-wrapper fusion-column-has-shadow fusion-flex-justify-content-flex-start fusion-content-layout-column\">\n<div class=\"fusion-text fusion-text-6\"><p><strong>B\u00e2timent et infrastructure<\/strong><\/p>\n<ul>\n<li>B\u00e2timent abritant le march\u00e9<\/li>\n<li>B\u00e2timent abritant la Maison de l\u2019Alimentation du Territoire<\/li>\n<li>B\u00e2timent suppl\u00e9mentaire avec remise \u00e0 outil<\/li>\n<li>Tunnel fixe automatique 9 x 31m<\/li>\n<\/ul>\n<p><strong>Mat\u00e9riel<\/strong><\/p>\n<ul>\n<li>Grelinette<\/li>\n<li>Herse rotative<\/li>\n<li>Charrue rotative<\/li>\n<li>Motoculteur<\/li>\n<li>S\u00e9choir<\/li>\n<\/ul>\n<\/div>\n<\/div><\/div><div class=\"fusion-layout-column fusion_builder_column_inner fusion-builder-nested-column-3 fusion_builder_column_inner_1_2 1_2 fusion-flex-column\" style=\"--awb-bg-size:cover;--awb-width-large:50%;--awb-margin-top-large:0px;--awb-spacing-right-large:3.84%;--awb-margin-bottom-large:20px;--awb-spacing-left-large:3.84%;--awb-width-medium:100%;--awb-order-medium:0;--awb-spacing-right-medium:1.92%;--awb-spacing-left-medium:1.92%;--awb-width-small:100%;--awb-order-small:0;--awb-spacing-right-small:1.92%;--awb-spacing-left-small:1.92%;\"><div class=\"fusion-column-wrapper fusion-column-has-shadow fusion-flex-justify-content-flex-start fusion-content-layout-column\">\n<div class=\"fusion-image-carousel fusion-image-carousel-auto fusion-image-carousel-3 lightbox-enabled fusion-carousel-border\"><div class=\"awb-carousel awb-swiper awb-swiper-carousel awb-swiper-dots-position-bottom awb-carousel--carousel\" data-layout=\"carousel\" data-autoplay=\"yes\" data-autoplayspeed=\"2500\" data-autoplaypause=\"no\" data-columns=\"1\" data-columnsmedium=\"0\" data-columnssmall=\"0\" data-itemmargin=\"13\" data-itemwidth=\"180\" data-touchscroll=\"no\" data-freemode=\"no\" data-imagesize=\"auto\" data-scrollitems=\"0\" data-centeredslides=\"no\" data-rotationangle=\"50\" data-depth=\"100\" data-speed=\"500\" data-shadow=\"no\" style=\"--awb-columns:1;--awb-border-width:1px;--awb-border-color:#e9eaee;\"><div class=\"swiper-wrapper awb-image-carousel-wrapper fusion-flex-align-items-center\"><div class=\"swiper-slide\"><div class=\"fusion-carousel-item-wrapper\"><div class=\"fusion-image-wrapper hover-type-none\"><a data-rel=\"iLightbox[image_carousel_3]\" data-caption=\"(c) FiBL\" data-title=\"Ferme de Bud\u00e9 Fiche batiment 1\" aria-label=\"Ferme de Bud\u00e9 Fiche batiment 1\" href=\"https:\/\/agripedia.ch\/urbane-landwirtschaft\/wp-content\/uploads\/sites\/20\/2020\/12\/Bud\u00e9_Fiche-batiment_1_FiBL.jpg\" target=\"_self\"><img decoding=\"async\" width=\"1100\" height=\"735\" src=\"https:\/\/agripedia.ch\/agriculture-et-ville\/wp-content\/uploads\/sites\/20\/2020\/12\/Bud\u00e9_Fiche-batiment_1_FiBL.jpg\" class=\"attachment-full size-full\" alt=\"\" srcset=\"https:\/\/agripedia.ch\/agriculture-et-ville\/wp-content\/uploads\/sites\/20\/2020\/12\/Bud\u00e9_Fiche-batiment_1_FiBL-200x134.jpg 200w, https:\/\/agripedia.ch\/agriculture-et-ville\/wp-content\/uploads\/sites\/20\/2020\/12\/Bud\u00e9_Fiche-batiment_1_FiBL-300x200.jpg 300w, https:\/\/agripedia.ch\/agriculture-et-ville\/wp-content\/uploads\/sites\/20\/2020\/12\/Bud\u00e9_Fiche-batiment_1_FiBL-400x267.jpg 400w, https:\/\/agripedia.ch\/agriculture-et-ville\/wp-content\/uploads\/sites\/20\/2020\/12\/Bud\u00e9_Fiche-batiment_1_FiBL-600x401.jpg 600w, https:\/\/agripedia.ch\/agriculture-et-ville\/wp-content\/uploads\/sites\/20\/2020\/12\/Bud\u00e9_Fiche-batiment_1_FiBL-768x513.jpg 768w, https:\/\/agripedia.ch\/agriculture-et-ville\/wp-content\/uploads\/sites\/20\/2020\/12\/Bud\u00e9_Fiche-batiment_1_FiBL-800x535.jpg 800w, https:\/\/agripedia.ch\/agriculture-et-ville\/wp-content\/uploads\/sites\/20\/2020\/12\/Bud\u00e9_Fiche-batiment_1_FiBL-1024x684.jpg 1024w, https:\/\/agripedia.ch\/agriculture-et-ville\/wp-content\/uploads\/sites\/20\/2020\/12\/Bud\u00e9_Fiche-batiment_1_FiBL.jpg 1100w\" sizes=\"(max-width: 1100px) 100vw, 1100px\" \/><\/a><\/div><\/div><\/div><div class=\"swiper-slide\"><div class=\"fusion-carousel-item-wrapper\"><div class=\"fusion-image-wrapper hover-type-none\"><a data-rel=\"iLightbox[image_carousel_3]\" data-caption=\"(c) FiBL\" data-title=\"Ferme de Bud\u00e9 Fiche batiment 2\" aria-label=\"Ferme de Bud\u00e9 Fiche batiment 2\" href=\"https:\/\/agripedia.ch\/urbane-landwirtschaft\/wp-content\/uploads\/sites\/20\/2020\/12\/Bud\u00e9_Fiche-batiment_2_FiBL.jpg\" target=\"_self\"><img decoding=\"async\" width=\"1100\" height=\"735\" src=\"https:\/\/agripedia.ch\/agriculture-et-ville\/wp-content\/uploads\/sites\/20\/2020\/12\/Bud\u00e9_Fiche-batiment_2_FiBL.jpg\" class=\"attachment-full size-full\" alt=\"\" srcset=\"https:\/\/agripedia.ch\/agriculture-et-ville\/wp-content\/uploads\/sites\/20\/2020\/12\/Bud\u00e9_Fiche-batiment_2_FiBL-200x134.jpg 200w, https:\/\/agripedia.ch\/agriculture-et-ville\/wp-content\/uploads\/sites\/20\/2020\/12\/Bud\u00e9_Fiche-batiment_2_FiBL-300x200.jpg 300w, https:\/\/agripedia.ch\/agriculture-et-ville\/wp-content\/uploads\/sites\/20\/2020\/12\/Bud\u00e9_Fiche-batiment_2_FiBL-400x267.jpg 400w, https:\/\/agripedia.ch\/agriculture-et-ville\/wp-content\/uploads\/sites\/20\/2020\/12\/Bud\u00e9_Fiche-batiment_2_FiBL-600x401.jpg 600w, https:\/\/agripedia.ch\/agriculture-et-ville\/wp-content\/uploads\/sites\/20\/2020\/12\/Bud\u00e9_Fiche-batiment_2_FiBL-768x513.jpg 768w, https:\/\/agripedia.ch\/agriculture-et-ville\/wp-content\/uploads\/sites\/20\/2020\/12\/Bud\u00e9_Fiche-batiment_2_FiBL-800x535.jpg 800w, https:\/\/agripedia.ch\/agriculture-et-ville\/wp-content\/uploads\/sites\/20\/2020\/12\/Bud\u00e9_Fiche-batiment_2_FiBL-1024x684.jpg 1024w, https:\/\/agripedia.ch\/agriculture-et-ville\/wp-content\/uploads\/sites\/20\/2020\/12\/Bud\u00e9_Fiche-batiment_2_FiBL.jpg 1100w\" sizes=\"(max-width: 1100px) 100vw, 1100px\" \/><\/a><\/div><\/div><\/div><div class=\"swiper-slide\"><div class=\"fusion-carousel-item-wrapper\"><div class=\"fusion-image-wrapper hover-type-none\"><a data-rel=\"iLightbox[image_carousel_3]\" data-caption=\"(c) FiBL\" data-title=\"Ferme de Bud\u00e9 Fiche batiment 3\" aria-label=\"Ferme de Bud\u00e9 Fiche batiment 3\" href=\"https:\/\/agripedia.ch\/urbane-landwirtschaft\/wp-content\/uploads\/sites\/20\/2020\/12\/Bud\u00e9_Fiche-batiment_3_FiBL.jpg\" target=\"_self\"><img decoding=\"async\" width=\"1100\" height=\"735\" src=\"https:\/\/agripedia.ch\/agriculture-et-ville\/wp-content\/uploads\/sites\/20\/2020\/12\/Bud\u00e9_Fiche-batiment_3_FiBL.jpg\" class=\"attachment-full size-full\" alt=\"\" srcset=\"https:\/\/agripedia.ch\/agriculture-et-ville\/wp-content\/uploads\/sites\/20\/2020\/12\/Bud\u00e9_Fiche-batiment_3_FiBL-200x134.jpg 200w, https:\/\/agripedia.ch\/agriculture-et-ville\/wp-content\/uploads\/sites\/20\/2020\/12\/Bud\u00e9_Fiche-batiment_3_FiBL-300x200.jpg 300w, https:\/\/agripedia.ch\/agriculture-et-ville\/wp-content\/uploads\/sites\/20\/2020\/12\/Bud\u00e9_Fiche-batiment_3_FiBL-400x267.jpg 400w, https:\/\/agripedia.ch\/agriculture-et-ville\/wp-content\/uploads\/sites\/20\/2020\/12\/Bud\u00e9_Fiche-batiment_3_FiBL-600x401.jpg 600w, https:\/\/agripedia.ch\/agriculture-et-ville\/wp-content\/uploads\/sites\/20\/2020\/12\/Bud\u00e9_Fiche-batiment_3_FiBL-768x513.jpg 768w, https:\/\/agripedia.ch\/agriculture-et-ville\/wp-content\/uploads\/sites\/20\/2020\/12\/Bud\u00e9_Fiche-batiment_3_FiBL-800x535.jpg 800w, https:\/\/agripedia.ch\/agriculture-et-ville\/wp-content\/uploads\/sites\/20\/2020\/12\/Bud\u00e9_Fiche-batiment_3_FiBL-1024x684.jpg 1024w, https:\/\/agripedia.ch\/agriculture-et-ville\/wp-content\/uploads\/sites\/20\/2020\/12\/Bud\u00e9_Fiche-batiment_3_FiBL.jpg 1100w\" sizes=\"(max-width: 1100px) 100vw, 1100px\" \/><\/a><\/div><\/div><\/div><div class=\"swiper-slide\"><div class=\"fusion-carousel-item-wrapper\"><div class=\"fusion-image-wrapper hover-type-none\"><a data-rel=\"iLightbox[image_carousel_3]\" data-caption=\"(c) FiBL\" data-title=\"Ferme de Bud\u00e9 Fiche equipement irrigation 2\" aria-label=\"Ferme de Bud\u00e9 Fiche equipement irrigation 2\" href=\"https:\/\/agripedia.ch\/urbane-landwirtschaft\/wp-content\/uploads\/sites\/20\/2020\/12\/Bud\u00e9_Fiche-equipement_irrigation_2_FiBL.jpg\" target=\"_self\"><img decoding=\"async\" width=\"1100\" height=\"735\" src=\"https:\/\/agripedia.ch\/agriculture-et-ville\/wp-content\/uploads\/sites\/20\/2020\/12\/Bud\u00e9_Fiche-equipement_irrigation_2_FiBL.jpg\" class=\"attachment-full size-full\" alt=\"\" srcset=\"https:\/\/agripedia.ch\/agriculture-et-ville\/wp-content\/uploads\/sites\/20\/2020\/12\/Bud\u00e9_Fiche-equipement_irrigation_2_FiBL-200x134.jpg 200w, https:\/\/agripedia.ch\/agriculture-et-ville\/wp-content\/uploads\/sites\/20\/2020\/12\/Bud\u00e9_Fiche-equipement_irrigation_2_FiBL-300x200.jpg 300w, https:\/\/agripedia.ch\/agriculture-et-ville\/wp-content\/uploads\/sites\/20\/2020\/12\/Bud\u00e9_Fiche-equipement_irrigation_2_FiBL-400x267.jpg 400w, https:\/\/agripedia.ch\/agriculture-et-ville\/wp-content\/uploads\/sites\/20\/2020\/12\/Bud\u00e9_Fiche-equipement_irrigation_2_FiBL-600x401.jpg 600w, https:\/\/agripedia.ch\/agriculture-et-ville\/wp-content\/uploads\/sites\/20\/2020\/12\/Bud\u00e9_Fiche-equipement_irrigation_2_FiBL-768x513.jpg 768w, https:\/\/agripedia.ch\/agriculture-et-ville\/wp-content\/uploads\/sites\/20\/2020\/12\/Bud\u00e9_Fiche-equipement_irrigation_2_FiBL-800x535.jpg 800w, https:\/\/agripedia.ch\/agriculture-et-ville\/wp-content\/uploads\/sites\/20\/2020\/12\/Bud\u00e9_Fiche-equipement_irrigation_2_FiBL-1024x684.jpg 1024w, https:\/\/agripedia.ch\/agriculture-et-ville\/wp-content\/uploads\/sites\/20\/2020\/12\/Bud\u00e9_Fiche-equipement_irrigation_2_FiBL.jpg 1100w\" sizes=\"(max-width: 1100px) 100vw, 1100px\" \/><\/a><\/div><\/div><\/div><div class=\"swiper-slide\"><div class=\"fusion-carousel-item-wrapper\"><div class=\"fusion-image-wrapper hover-type-none\"><a data-rel=\"iLightbox[image_carousel_3]\" data-caption=\"(c) FiBL\" data-title=\"Ferme de Bud\u00e9 Fiche equipement irrigation 1\" aria-label=\"Ferme de Bud\u00e9 Fiche equipement irrigation 1\" href=\"https:\/\/agripedia.ch\/urbane-landwirtschaft\/wp-content\/uploads\/sites\/20\/2020\/12\/Bud\u00e9_Fiche-equipement_irrigation_1_FiBL-1.jpg\" target=\"_self\"><img decoding=\"async\" width=\"1100\" height=\"735\" src=\"https:\/\/agripedia.ch\/agriculture-et-ville\/wp-content\/uploads\/sites\/20\/2020\/12\/Bud\u00e9_Fiche-equipement_irrigation_1_FiBL-1.jpg\" class=\"attachment-full size-full\" alt=\"\" srcset=\"https:\/\/agripedia.ch\/agriculture-et-ville\/wp-content\/uploads\/sites\/20\/2020\/12\/Bud\u00e9_Fiche-equipement_irrigation_1_FiBL-1-200x134.jpg 200w, https:\/\/agripedia.ch\/agriculture-et-ville\/wp-content\/uploads\/sites\/20\/2020\/12\/Bud\u00e9_Fiche-equipement_irrigation_1_FiBL-1-300x200.jpg 300w, https:\/\/agripedia.ch\/agriculture-et-ville\/wp-content\/uploads\/sites\/20\/2020\/12\/Bud\u00e9_Fiche-equipement_irrigation_1_FiBL-1-400x267.jpg 400w, https:\/\/agripedia.ch\/agriculture-et-ville\/wp-content\/uploads\/sites\/20\/2020\/12\/Bud\u00e9_Fiche-equipement_irrigation_1_FiBL-1-600x401.jpg 600w, https:\/\/agripedia.ch\/agriculture-et-ville\/wp-content\/uploads\/sites\/20\/2020\/12\/Bud\u00e9_Fiche-equipement_irrigation_1_FiBL-1-768x513.jpg 768w, https:\/\/agripedia.ch\/agriculture-et-ville\/wp-content\/uploads\/sites\/20\/2020\/12\/Bud\u00e9_Fiche-equipement_irrigation_1_FiBL-1-800x535.jpg 800w, https:\/\/agripedia.ch\/agriculture-et-ville\/wp-content\/uploads\/sites\/20\/2020\/12\/Bud\u00e9_Fiche-equipement_irrigation_1_FiBL-1-1024x684.jpg 1024w, https:\/\/agripedia.ch\/agriculture-et-ville\/wp-content\/uploads\/sites\/20\/2020\/12\/Bud\u00e9_Fiche-equipement_irrigation_1_FiBL-1.jpg 1100w\" sizes=\"(max-width: 1100px) 100vw, 1100px\" \/><\/a><\/div><\/div><\/div><div class=\"swiper-slide\"><div class=\"fusion-carousel-item-wrapper\"><div class=\"fusion-image-wrapper hover-type-none\"><a data-rel=\"iLightbox[image_carousel_3]\" data-caption=\"(c) FiBL\" data-title=\"Ferme de Bud\u00e9 Fiche mat\u00e9riel 2\" aria-label=\"Ferme de Bud\u00e9 Fiche mat\u00e9riel 2\" href=\"https:\/\/agripedia.ch\/urbane-landwirtschaft\/wp-content\/uploads\/sites\/20\/2020\/12\/Bud\u00e9_Fiche-mat\u00e9riel_2_FiBL.jpg\" target=\"_self\"><img decoding=\"async\" width=\"1100\" height=\"735\" src=\"https:\/\/agripedia.ch\/agriculture-et-ville\/wp-content\/uploads\/sites\/20\/2020\/12\/Bud\u00e9_Fiche-mat\u00e9riel_2_FiBL.jpg\" class=\"attachment-full size-full\" alt=\"\" srcset=\"https:\/\/agripedia.ch\/agriculture-et-ville\/wp-content\/uploads\/sites\/20\/2020\/12\/Bud\u00e9_Fiche-mat\u00e9riel_2_FiBL-200x134.jpg 200w, https:\/\/agripedia.ch\/agriculture-et-ville\/wp-content\/uploads\/sites\/20\/2020\/12\/Bud\u00e9_Fiche-mat\u00e9riel_2_FiBL-300x200.jpg 300w, https:\/\/agripedia.ch\/agriculture-et-ville\/wp-content\/uploads\/sites\/20\/2020\/12\/Bud\u00e9_Fiche-mat\u00e9riel_2_FiBL-400x267.jpg 400w, https:\/\/agripedia.ch\/agriculture-et-ville\/wp-content\/uploads\/sites\/20\/2020\/12\/Bud\u00e9_Fiche-mat\u00e9riel_2_FiBL-600x401.jpg 600w, https:\/\/agripedia.ch\/agriculture-et-ville\/wp-content\/uploads\/sites\/20\/2020\/12\/Bud\u00e9_Fiche-mat\u00e9riel_2_FiBL-768x513.jpg 768w, https:\/\/agripedia.ch\/agriculture-et-ville\/wp-content\/uploads\/sites\/20\/2020\/12\/Bud\u00e9_Fiche-mat\u00e9riel_2_FiBL-800x535.jpg 800w, https:\/\/agripedia.ch\/agriculture-et-ville\/wp-content\/uploads\/sites\/20\/2020\/12\/Bud\u00e9_Fiche-mat\u00e9riel_2_FiBL-1024x684.jpg 1024w, https:\/\/agripedia.ch\/agriculture-et-ville\/wp-content\/uploads\/sites\/20\/2020\/12\/Bud\u00e9_Fiche-mat\u00e9riel_2_FiBL.jpg 1100w\" sizes=\"(max-width: 1100px) 100vw, 1100px\" \/><\/a><\/div><\/div><\/div><div class=\"swiper-slide\"><div class=\"fusion-carousel-item-wrapper\"><div class=\"fusion-image-wrapper hover-type-none\"><a data-rel=\"iLightbox[image_carousel_3]\" data-caption=\"(c) FiBL\" data-title=\"Ferme de Bud\u00e9 Fiche mat\u00e9riel 3\" aria-label=\"Ferme de Bud\u00e9 Fiche mat\u00e9riel 3\" href=\"https:\/\/agripedia.ch\/urbane-landwirtschaft\/wp-content\/uploads\/sites\/20\/2020\/12\/Bud\u00e9_Fiche-mat\u00e9riel_3_FiBL.jpg\" target=\"_self\"><img decoding=\"async\" width=\"1100\" height=\"735\" src=\"https:\/\/agripedia.ch\/agriculture-et-ville\/wp-content\/uploads\/sites\/20\/2020\/12\/Bud\u00e9_Fiche-mat\u00e9riel_3_FiBL.jpg\" class=\"attachment-full size-full\" alt=\"\" srcset=\"https:\/\/agripedia.ch\/agriculture-et-ville\/wp-content\/uploads\/sites\/20\/2020\/12\/Bud\u00e9_Fiche-mat\u00e9riel_3_FiBL-200x134.jpg 200w, https:\/\/agripedia.ch\/agriculture-et-ville\/wp-content\/uploads\/sites\/20\/2020\/12\/Bud\u00e9_Fiche-mat\u00e9riel_3_FiBL-300x200.jpg 300w, https:\/\/agripedia.ch\/agriculture-et-ville\/wp-content\/uploads\/sites\/20\/2020\/12\/Bud\u00e9_Fiche-mat\u00e9riel_3_FiBL-400x267.jpg 400w, https:\/\/agripedia.ch\/agriculture-et-ville\/wp-content\/uploads\/sites\/20\/2020\/12\/Bud\u00e9_Fiche-mat\u00e9riel_3_FiBL-600x401.jpg 600w, https:\/\/agripedia.ch\/agriculture-et-ville\/wp-content\/uploads\/sites\/20\/2020\/12\/Bud\u00e9_Fiche-mat\u00e9riel_3_FiBL-768x513.jpg 768w, https:\/\/agripedia.ch\/agriculture-et-ville\/wp-content\/uploads\/sites\/20\/2020\/12\/Bud\u00e9_Fiche-mat\u00e9riel_3_FiBL-800x535.jpg 800w, https:\/\/agripedia.ch\/agriculture-et-ville\/wp-content\/uploads\/sites\/20\/2020\/12\/Bud\u00e9_Fiche-mat\u00e9riel_3_FiBL-1024x684.jpg 1024w, https:\/\/agripedia.ch\/agriculture-et-ville\/wp-content\/uploads\/sites\/20\/2020\/12\/Bud\u00e9_Fiche-mat\u00e9riel_3_FiBL.jpg 1100w\" sizes=\"(max-width: 1100px) 100vw, 1100px\" \/><\/a><\/div><\/div><\/div><div class=\"swiper-slide\"><div class=\"fusion-carousel-item-wrapper\"><div class=\"fusion-image-wrapper hover-type-none\"><a data-rel=\"iLightbox[image_carousel_3]\" data-caption=\"(c) FiBL\" data-title=\"Ferme de Bud\u00e9 Fiche mat\u00e9riel 1\" aria-label=\"Ferme de Bud\u00e9 Fiche mat\u00e9riel 1\" href=\"https:\/\/agripedia.ch\/urbane-landwirtschaft\/wp-content\/uploads\/sites\/20\/2020\/12\/Bud\u00e9_Fiche-mat\u00e9riel_1_FiBL.jpg\" target=\"_self\"><img decoding=\"async\" width=\"1100\" height=\"735\" src=\"https:\/\/agripedia.ch\/agriculture-et-ville\/wp-content\/uploads\/sites\/20\/2020\/12\/Bud\u00e9_Fiche-mat\u00e9riel_1_FiBL.jpg\" class=\"attachment-full size-full\" alt=\"\" srcset=\"https:\/\/agripedia.ch\/agriculture-et-ville\/wp-content\/uploads\/sites\/20\/2020\/12\/Bud\u00e9_Fiche-mat\u00e9riel_1_FiBL-200x134.jpg 200w, https:\/\/agripedia.ch\/agriculture-et-ville\/wp-content\/uploads\/sites\/20\/2020\/12\/Bud\u00e9_Fiche-mat\u00e9riel_1_FiBL-300x200.jpg 300w, https:\/\/agripedia.ch\/agriculture-et-ville\/wp-content\/uploads\/sites\/20\/2020\/12\/Bud\u00e9_Fiche-mat\u00e9riel_1_FiBL-400x267.jpg 400w, https:\/\/agripedia.ch\/agriculture-et-ville\/wp-content\/uploads\/sites\/20\/2020\/12\/Bud\u00e9_Fiche-mat\u00e9riel_1_FiBL-600x401.jpg 600w, https:\/\/agripedia.ch\/agriculture-et-ville\/wp-content\/uploads\/sites\/20\/2020\/12\/Bud\u00e9_Fiche-mat\u00e9riel_1_FiBL-768x513.jpg 768w, https:\/\/agripedia.ch\/agriculture-et-ville\/wp-content\/uploads\/sites\/20\/2020\/12\/Bud\u00e9_Fiche-mat\u00e9riel_1_FiBL-800x535.jpg 800w, https:\/\/agripedia.ch\/agriculture-et-ville\/wp-content\/uploads\/sites\/20\/2020\/12\/Bud\u00e9_Fiche-mat\u00e9riel_1_FiBL-1024x684.jpg 1024w, https:\/\/agripedia.ch\/agriculture-et-ville\/wp-content\/uploads\/sites\/20\/2020\/12\/Bud\u00e9_Fiche-mat\u00e9riel_1_FiBL.jpg 1100w\" sizes=\"(max-width: 1100px) 100vw, 1100px\" \/><\/a><\/div><\/div><\/div><\/div><div class=\"awb-swiper-button awb-swiper-button-prev\"><i class=\"awb-icon-angle-left\" aria-hidden=\"true\"><\/i><\/div><div class=\"awb-swiper-button awb-swiper-button-next\"><i class=\"awb-icon-angle-right\" aria-hidden=\"true\"><\/i><\/div><\/div><\/div>\n<\/div><\/div><\/div>\n<p><strong>Irrigation<\/strong><\/p>\n<ul>\n<li>Tous les jardins sont irrigu\u00e9s par des mini-sprinklers<\/li>\n<li>Tunnel en goutte \u00e0 goutte<\/li>\n<li>Herbes aromatiques en goutte \u00e0 goutte<\/li>\n<\/ul>\n<\/div><\/div><\/div><\/div><\/div><\/div><\/div><\/div><\/div><div class=\"fusion-fullwidth fullwidth-box fusion-builder-row-8 fusion-flex-container nonhundred-percent-fullwidth non-hundred-percent-height-scrolling\" style=\"--awb-border-radius-top-left:0px;--awb-border-radius-top-right:0px;--awb-border-radius-bottom-right:0px;--awb-border-radius-bottom-left:0px;--awb-flex-wrap:wrap;\" ><div class=\"fusion-builder-row fusion-row fusion-flex-align-items-flex-start fusion-flex-content-wrap\" style=\"max-width:1144px;margin-left: calc(-4% \/ 2 );margin-right: calc(-4% \/ 2 );\"><div class=\"fusion-layout-column fusion_builder_column fusion-builder-column-12 fusion_builder_column_1_1 1_1 fusion-flex-column mf-fiche\" style=\"--awb-bg-size:cover;--awb-width-large:100%;--awb-margin-top-large:0px;--awb-spacing-right-large:1.92%;--awb-margin-bottom-large:20px;--awb-spacing-left-large:1.92%;--awb-width-medium:100%;--awb-order-medium:0;--awb-spacing-right-medium:1.92%;--awb-spacing-left-medium:1.92%;--awb-width-small:100%;--awb-order-small:0;--awb-spacing-right-small:1.92%;--awb-spacing-left-small:1.92%;\"><div class=\"fusion-column-wrapper fusion-column-has-shadow fusion-flex-justify-content-flex-start fusion-content-layout-column\"><div class=\"accordian fusion-accordian mf-fiche-toggle\" style=\"--awb-border-size:1px;--awb-icon-size:20px;--awb-content-font-size:var(--awb-typography4-font-size);--awb-icon-alignment:left;--awb-hover-color:#ffffff;--awb-border-color:#cccccc;--awb-background-color:#ffffff;--awb-divider-color:var(--awb-color3);--awb-divider-hover-color:var(--awb-color3);--awb-icon-color:#7a7a7a;--awb-title-color:var(--awb-color8);--awb-content-color:var(--awb-color8);--awb-icon-box-color:#d8d8d8;--awb-toggle-hover-accent-color:#7a7a7a;--awb-title-font-family:var(--awb-typography1-font-family);--awb-title-font-weight:var(--awb-typography1-font-weight);--awb-title-font-style:var(--awb-typography1-font-style);--awb-title-font-size:16px;--awb-title-line-height:1.5;--awb-content-font-family:var(--awb-typography4-font-family);--awb-content-font-weight:var(--awb-typography4-font-weight);--awb-content-font-style:var(--awb-typography4-font-style);\" id=\"fiche-main-d-oeuvre\"><div class=\"panel-group fusion-toggle-icon-unboxed\" id=\"accordion-149-4\"><div class=\"fusion-panel panel-default mf-fiche-toggle-content panel-76bf1893796a2ed8b fusion-toggle-no-divider fusion-toggle-boxed-mode\"><div class=\"panel-heading\"><h4 class=\"panel-title toggle\" id=\"toggle_76bf1893796a2ed8b\"><a aria-expanded=\"false\" aria-controls=\"76bf1893796a2ed8b\" role=\"button\" data-toggle=\"collapse\" data-target=\"#76bf1893796a2ed8b\" href=\"#76bf1893796a2ed8b\"><span class=\"fusion-toggle-icon-wrapper\" aria-hidden=\"true\"><i class=\"fa-fusion-box active-icon awb-icon-minus\" aria-hidden=\"true\"><\/i><i class=\"fa-fusion-box inactive-icon awb-icon-plus\" aria-hidden=\"true\"><\/i><\/span><span class=\"fusion-toggle-heading\">Fiche travail et main d\u2019\u0153uvre<\/span><\/a><\/h4><\/div><div id=\"76bf1893796a2ed8b\" class=\"panel-collapse collapse \" aria-labelledby=\"toggle_76bf1893796a2ed8b\"><div class=\"panel-body toggle-content fusion-clearfix\">\n<div id=\"attachment_828\" style=\"width: 610px\" class=\"wp-caption alignright\"><img decoding=\"async\" aria-describedby=\"caption-attachment-828\" class=\"wp-image-828 size-fusion-600\" src=\"https:\/\/agripedia.ch\/urbane-landwirtschaft\/wp-content\/uploads\/sites\/20\/2020\/12\/Bud\u00e9_Fiche-travail_FiBL-600x401.jpg\" alt=\"\" width=\"600\" height=\"401\" srcset=\"https:\/\/agripedia.ch\/agriculture-et-ville\/wp-content\/uploads\/sites\/20\/2020\/12\/Bud\u00e9_Fiche-travail_FiBL-200x134.jpg 200w, https:\/\/agripedia.ch\/agriculture-et-ville\/wp-content\/uploads\/sites\/20\/2020\/12\/Bud\u00e9_Fiche-travail_FiBL-300x200.jpg 300w, https:\/\/agripedia.ch\/agriculture-et-ville\/wp-content\/uploads\/sites\/20\/2020\/12\/Bud\u00e9_Fiche-travail_FiBL-400x267.jpg 400w, https:\/\/agripedia.ch\/agriculture-et-ville\/wp-content\/uploads\/sites\/20\/2020\/12\/Bud\u00e9_Fiche-travail_FiBL-600x401.jpg 600w, https:\/\/agripedia.ch\/agriculture-et-ville\/wp-content\/uploads\/sites\/20\/2020\/12\/Bud\u00e9_Fiche-travail_FiBL-768x513.jpg 768w, https:\/\/agripedia.ch\/agriculture-et-ville\/wp-content\/uploads\/sites\/20\/2020\/12\/Bud\u00e9_Fiche-travail_FiBL-800x535.jpg 800w, https:\/\/agripedia.ch\/agriculture-et-ville\/wp-content\/uploads\/sites\/20\/2020\/12\/Bud\u00e9_Fiche-travail_FiBL-1024x684.jpg 1024w, https:\/\/agripedia.ch\/agriculture-et-ville\/wp-content\/uploads\/sites\/20\/2020\/12\/Bud\u00e9_Fiche-travail_FiBL.jpg 1100w\" sizes=\"(max-width: 600px) 100vw, 600px\" \/><p id=\"caption-attachment-828\" class=\"wp-caption-text\">(c) FiBL<\/p><\/div>\n<p><strong>Cellule de travail<\/strong><\/p>\n<p>Jardin\u00a0:<\/p>\n<p>2,8 \u00c9quivalents Temps Plein pour le jardin r\u00e9partis selon les saisons :<\/p>\n<ul>\n<li>2 salari\u00e9s fixes travaillant entre 50 et 60% \u00e0 l\u2019ann\u00e9e<\/li>\n<li>1 saisonnier \u00e0 80 % sur 6 mois<\/li>\n<li>2 stagiaires \u00e0 80% sur 6 mois<\/li>\n<li>2-3 personnes effectuant du b\u00e9n\u00e9volat (tous les jours pendant 1 \u00e0 3 semaines ou 1 jour par semaine sur minimum 2 mois. En \u00e9change, 20 CHF d\u2019achat hebdomadaire au march\u00e9.) ou des stages non-r\u00e9mun\u00e9r\u00e9s (\u00e9tudiants H\u00e9pia en Gestion de la Nature sur 2 ou 3 mois \u00e0 80%)<\/li>\n<\/ul>\n<p><strong>Organisation<\/strong><\/p>\n<p>Au total 13 ETP :<\/p>\n<ul>\n<li>r\u00e9partis entre 20-25 personnes selon la saison travaillant au maximum \u00e0 80 %<\/li>\n<li>1 personne compta, 1 personne administratif, 1 personne communication<\/li>\n<li>1 personne en cuisine<\/li>\n<li>1 personne pour l\u2019\u00e9cole \u00e0 la ferme<\/li>\n<li>5 personnes au jardin<\/li>\n<li>1 personne responsable pour chaque branche de vente au march\u00e9<\/li>\n<li>Vendeuses et vendeurs<\/li>\n<\/ul>\n<\/div><\/div><\/div><\/div><\/div><\/div><\/div><\/div><\/div><div class=\"fusion-fullwidth fullwidth-box fusion-builder-row-9 fusion-flex-container nonhundred-percent-fullwidth non-hundred-percent-height-scrolling\" style=\"--awb-border-radius-top-left:0px;--awb-border-radius-top-right:0px;--awb-border-radius-bottom-right:0px;--awb-border-radius-bottom-left:0px;--awb-flex-wrap:wrap;\" ><div class=\"fusion-builder-row fusion-row fusion-flex-align-items-flex-start fusion-flex-content-wrap\" style=\"max-width:1144px;margin-left: calc(-4% \/ 2 );margin-right: calc(-4% \/ 2 );\"><div class=\"fusion-layout-column fusion_builder_column fusion-builder-column-13 fusion_builder_column_1_1 1_1 fusion-flex-column mf-fiche\" style=\"--awb-bg-size:cover;--awb-width-large:100%;--awb-margin-top-large:0px;--awb-spacing-right-large:1.92%;--awb-margin-bottom-large:20px;--awb-spacing-left-large:1.92%;--awb-width-medium:100%;--awb-order-medium:0;--awb-spacing-right-medium:1.92%;--awb-spacing-left-medium:1.92%;--awb-width-small:100%;--awb-order-small:0;--awb-spacing-right-small:1.92%;--awb-spacing-left-small:1.92%;\"><div class=\"fusion-column-wrapper fusion-column-has-shadow fusion-flex-justify-content-flex-start fusion-content-layout-column\"><div class=\"accordian fusion-accordian mf-fiche-toggle\" style=\"--awb-border-size:1px;--awb-icon-size:20px;--awb-content-font-size:var(--awb-typography4-font-size);--awb-icon-alignment:left;--awb-hover-color:#ffffff;--awb-border-color:#cccccc;--awb-background-color:#ffffff;--awb-divider-color:var(--awb-color3);--awb-divider-hover-color:var(--awb-color3);--awb-icon-color:#7a7a7a;--awb-title-color:var(--awb-color8);--awb-content-color:var(--awb-color8);--awb-icon-box-color:#d8d8d8;--awb-toggle-hover-accent-color:#7a7a7a;--awb-title-font-family:var(--awb-typography1-font-family);--awb-title-font-weight:var(--awb-typography1-font-weight);--awb-title-font-style:var(--awb-typography1-font-style);--awb-title-font-size:16px;--awb-title-line-height:1.5;--awb-content-font-family:var(--awb-typography4-font-family);--awb-content-font-weight:var(--awb-typography4-font-weight);--awb-content-font-style:var(--awb-typography4-font-style);\" id=\"fiche-sociale\"><div class=\"panel-group fusion-toggle-icon-unboxed\" id=\"accordion-149-5\"><div class=\"fusion-panel panel-default mf-fiche-toggle-content panel-5d9303db9563add4d fusion-toggle-no-divider fusion-toggle-boxed-mode\"><div class=\"panel-heading\"><h4 class=\"panel-title toggle\" id=\"toggle_5d9303db9563add4d\"><a aria-expanded=\"false\" aria-controls=\"5d9303db9563add4d\" role=\"button\" data-toggle=\"collapse\" data-target=\"#5d9303db9563add4d\" href=\"#5d9303db9563add4d\"><span class=\"fusion-toggle-icon-wrapper\" aria-hidden=\"true\"><i class=\"fa-fusion-box active-icon awb-icon-minus\" aria-hidden=\"true\"><\/i><i class=\"fa-fusion-box inactive-icon awb-icon-plus\" aria-hidden=\"true\"><\/i><\/span><span class=\"fusion-toggle-heading\">Fiche sociale<\/span><\/a><\/h4><\/div><div id=\"5d9303db9563add4d\" class=\"panel-collapse collapse \" aria-labelledby=\"toggle_5d9303db9563add4d\"><div class=\"panel-body toggle-content fusion-clearfix\">\n<div id=\"attachment_830\" style=\"width: 410px\" class=\"wp-caption alignright\"><img decoding=\"async\" aria-describedby=\"caption-attachment-830\" class=\"wp-image-830 size-fusion-400\" src=\"https:\/\/agripedia.ch\/urbane-landwirtschaft\/wp-content\/uploads\/sites\/20\/2020\/12\/Bud\u00e9_Fiche-sociale_FiBL-400x437.jpg\" alt=\"\" width=\"400\" height=\"437\" srcset=\"https:\/\/agripedia.ch\/agriculture-et-ville\/wp-content\/uploads\/sites\/20\/2020\/12\/Bud\u00e9_Fiche-sociale_FiBL-200x218.jpg 200w, https:\/\/agripedia.ch\/agriculture-et-ville\/wp-content\/uploads\/sites\/20\/2020\/12\/Bud\u00e9_Fiche-sociale_FiBL-275x300.jpg 275w, https:\/\/agripedia.ch\/agriculture-et-ville\/wp-content\/uploads\/sites\/20\/2020\/12\/Bud\u00e9_Fiche-sociale_FiBL-400x437.jpg 400w, https:\/\/agripedia.ch\/agriculture-et-ville\/wp-content\/uploads\/sites\/20\/2020\/12\/Bud\u00e9_Fiche-sociale_FiBL-600x655.jpg 600w, https:\/\/agripedia.ch\/agriculture-et-ville\/wp-content\/uploads\/sites\/20\/2020\/12\/Bud\u00e9_Fiche-sociale_FiBL-768x839.jpg 768w, https:\/\/agripedia.ch\/agriculture-et-ville\/wp-content\/uploads\/sites\/20\/2020\/12\/Bud\u00e9_Fiche-sociale_FiBL-800x874.jpg 800w, https:\/\/agripedia.ch\/agriculture-et-ville\/wp-content\/uploads\/sites\/20\/2020\/12\/Bud\u00e9_Fiche-sociale_FiBL.jpg 900w\" sizes=\"(max-width: 400px) 100vw, 400px\" \/><p id=\"caption-attachment-830\" class=\"wp-caption-text\">(c) FiBL<\/p><\/div>\n<ul>\n<li>Tou-te-s les employ\u00e9-e-s sont \u00e0 80%<\/li>\n<li>Gouvernance horizontale<\/li>\n<li>Financement participatif ayant permis de construire le tunnel et de re-designer le jardin<\/li>\n<li>Lien social fort gr\u00e2ce \u00e0 sa position centrale et sa notori\u00e9t\u00e9<\/li>\n<li>Forte demande de b\u00e9n\u00e9volat de la part des citoyens<\/li>\n<\/ul>\n<\/div><\/div><\/div><\/div><\/div><\/div><\/div><\/div><\/div><div class=\"fusion-fullwidth fullwidth-box fusion-builder-row-10 fusion-flex-container nonhundred-percent-fullwidth non-hundred-percent-height-scrolling\" style=\"--awb-border-radius-top-left:0px;--awb-border-radius-top-right:0px;--awb-border-radius-bottom-right:0px;--awb-border-radius-bottom-left:0px;--awb-flex-wrap:wrap;\" ><div class=\"fusion-builder-row fusion-row fusion-flex-align-items-flex-start fusion-flex-content-wrap\" style=\"max-width:1144px;margin-left: calc(-4% \/ 2 );margin-right: calc(-4% \/ 2 );\"><div class=\"fusion-layout-column fusion_builder_column fusion-builder-column-14 fusion_builder_column_1_1 1_1 fusion-flex-column mf-fiche\" style=\"--awb-bg-size:cover;--awb-width-large:100%;--awb-margin-top-large:0px;--awb-spacing-right-large:1.92%;--awb-margin-bottom-large:20px;--awb-spacing-left-large:1.92%;--awb-width-medium:100%;--awb-order-medium:0;--awb-spacing-right-medium:1.92%;--awb-spacing-left-medium:1.92%;--awb-width-small:100%;--awb-order-small:0;--awb-spacing-right-small:1.92%;--awb-spacing-left-small:1.92%;\"><div class=\"fusion-column-wrapper fusion-column-has-shadow fusion-flex-justify-content-flex-start fusion-content-layout-column\"><div class=\"accordian fusion-accordian mf-fiche-toggle\" style=\"--awb-border-size:1px;--awb-icon-size:20px;--awb-content-font-size:var(--awb-typography4-font-size);--awb-icon-alignment:left;--awb-hover-color:#ffffff;--awb-border-color:#cccccc;--awb-background-color:#ffffff;--awb-divider-color:var(--awb-color3);--awb-divider-hover-color:var(--awb-color3);--awb-icon-color:#7a7a7a;--awb-title-color:var(--awb-color8);--awb-content-color:var(--awb-color8);--awb-icon-box-color:#d8d8d8;--awb-toggle-hover-accent-color:#7a7a7a;--awb-title-font-family:var(--awb-typography1-font-family);--awb-title-font-weight:var(--awb-typography1-font-weight);--awb-title-font-style:var(--awb-typography1-font-style);--awb-title-font-size:16px;--awb-title-line-height:1.5;--awb-content-font-family:var(--awb-typography4-font-family);--awb-content-font-weight:var(--awb-typography4-font-weight);--awb-content-font-style:var(--awb-typography4-font-style);\" id=\"fiche-environnementale\"><div class=\"panel-group fusion-toggle-icon-unboxed\" id=\"accordion-149-6\"><div class=\"fusion-panel panel-default mf-fiche-toggle-content panel-6ea690e28644db01f fusion-toggle-no-divider fusion-toggle-boxed-mode\"><div class=\"panel-heading\"><h4 class=\"panel-title toggle\" id=\"toggle_6ea690e28644db01f\"><a aria-expanded=\"false\" aria-controls=\"6ea690e28644db01f\" role=\"button\" data-toggle=\"collapse\" data-target=\"#6ea690e28644db01f\" href=\"#6ea690e28644db01f\"><span class=\"fusion-toggle-icon-wrapper\" aria-hidden=\"true\"><i class=\"fa-fusion-box active-icon awb-icon-minus\" aria-hidden=\"true\"><\/i><i class=\"fa-fusion-box inactive-icon awb-icon-plus\" aria-hidden=\"true\"><\/i><\/span><span class=\"fusion-toggle-heading\">Fiche environnementale<\/span><\/a><\/h4><\/div><div id=\"6ea690e28644db01f\" class=\"panel-collapse collapse \" aria-labelledby=\"toggle_6ea690e28644db01f\"><div class=\"panel-body toggle-content fusion-clearfix\">\n<ul>\n<li>Extr\u00eame attention port\u00e9e au sol<\/li>\n<li>35 sortes de l\u00e9gumes et 80 vari\u00e9t\u00e9s<\/li>\n<li>Importante pr\u00e9sence de vers de terre (H\u00e9pia)<\/li>\n<li>Pr\u00e9sence de moutons pour d\u00e9sherber<\/li>\n<li>3 ruches<\/li>\n<li>Cycle des nutriments non-boucl\u00e9 en raison de l\u2019important import de compost<\/li>\n<li>Aucun gaspillage alimentaire gr\u00e2ce \u00e0 l\u2019utilisation des invendus du march\u00e9 pour les repas<\/li>\n<\/ul>\n<\/div><\/div><\/div><\/div><\/div><\/div><\/div><\/div><\/div><div class=\"fusion-fullwidth fullwidth-box fusion-builder-row-11 fusion-flex-container nonhundred-percent-fullwidth non-hundred-percent-height-scrolling\" style=\"--awb-border-radius-top-left:0px;--awb-border-radius-top-right:0px;--awb-border-radius-bottom-right:0px;--awb-border-radius-bottom-left:0px;--awb-flex-wrap:wrap;\" ><div class=\"fusion-builder-row fusion-row fusion-flex-align-items-flex-start fusion-flex-content-wrap\" style=\"max-width:1144px;margin-left: calc(-4% \/ 2 );margin-right: calc(-4% \/ 2 );\"><div class=\"fusion-layout-column fusion_builder_column fusion-builder-column-15 fusion_builder_column_1_1 1_1 fusion-flex-column\" style=\"--awb-bg-size:cover;--awb-width-large:100%;--awb-margin-top-large:0px;--awb-spacing-right-large:1.92%;--awb-margin-bottom-large:20px;--awb-spacing-left-large:1.92%;--awb-width-medium:100%;--awb-order-medium:0;--awb-spacing-right-medium:1.92%;--awb-spacing-left-medium:1.92%;--awb-width-small:100%;--awb-order-small:0;--awb-spacing-right-small:1.92%;--awb-spacing-left-small:1.92%;\"><div class=\"fusion-column-wrapper fusion-column-has-shadow fusion-flex-justify-content-flex-start fusion-content-layout-column\">\n<div class=\"table-1\" id=\"chiffres-cles\">\n<table width=\"100%\">\n<tbody>\n<tr>\n<td><strong>Chiffres cl\u00e9s (partie production agricole)<br \/>\n<\/strong><\/td>\n<td><strong>Ann\u00e9e 2019<\/strong><\/td>\n<td><\/td>\n<\/tr>\n<tr>\n<td>\n<h5>SURFACES<\/h5>\n<\/td>\n<td><\/td>\n<td><\/td>\n<\/tr>\n<tr>\n<td>Surface agricole utile (SAU)<\/td>\n<td>9 450 m<sup>2<\/sup><\/td>\n<td><\/td>\n<\/tr>\n<tr>\n<td>Surface en mara\u00eechage<br \/>\n(planches mara\u00eech\u00e8res avec passe pieds, plein champ et sous-abri, y.c. planches en petits fruits)<\/td>\n<td>4 573 m<sup>2<\/sup><\/td>\n<td><\/td>\n<\/tr>\n<tr>\n<td>Taux d&rsquo;utilisation de la SAU au mara\u00eechage<\/td>\n<td>48 %<\/td>\n<td><\/td>\n<\/tr>\n<tr>\n<td>Taux de surface sous-abri (serre) \/ surface en mara\u00eechage<\/td>\n<td>8 %<\/td>\n<td><\/td>\n<\/tr>\n<tr>\n<td>\n<h5>MAIN D\u2019\u0152UVRE<\/h5>\n<\/td>\n<td><\/td>\n<td><\/td>\n<\/tr>\n<tr>\n<td>Equivalent Temps Plein (ETP) de la S\u00e0rl (ferme et magasin)<\/td>\n<td>13 ETP<\/td>\n<td><\/td>\n<\/tr>\n<tr>\n<td>ETP mara\u00eechage (ferme, hors administratif)<\/td>\n<td>2,8 ETP<\/td>\n<td><\/td>\n<\/tr>\n<tr>\n<td>Surface en mara\u00eechage \/ ETP mara\u00eechage<\/td>\n<td>1 632 m<sup>2<\/sup>\/ETP<\/td>\n<td><\/td>\n<\/tr>\n<tr>\n<td>\n<h5>DONN\u00c9ES \u00c9CONOMIQUES<\/h5>\n<\/td>\n<td><\/td>\n<td><\/td>\n<\/tr>\n<tr>\n<td>Chiffre d\u2019affaire du jardin \/ Chiffre d\u2019affaire de la SARL<\/td>\n<td>9%<\/td>\n<td><\/td>\n<\/tr>\n<tr>\n<td>Chiffre d\u2019affaire du mara\u00eechage \/ Chiffre d\u2019affaire du jardin<\/td>\n<td>78%<\/td>\n<td><\/td>\n<\/tr>\n<tr>\n<td>EBITDA* jardin \/ SAU<\/td>\n<td>27 224 CHF\/ha<\/td>\n<td><\/td>\n<\/tr>\n<tr>\n<td>EBITDA* jardin \/ ETP<\/td>\n<td>9 231 CHF\/ETP<\/td>\n<td><\/td>\n<\/tr>\n<tr>\n<td>\n<h5>DONN\u00c9ES \u00c9CONOMIQUES RAPPORT\u00c9ES \u00c0 LA SURFACE DU MARA\u00ceCHAGE<\/h5>\n<\/td>\n<td><\/td>\n<td><\/td>\n<\/tr>\n<tr>\n<td>+ Produits du mara\u00eechage<\/td>\n<td>33,33 CHF\/m<sup>2<\/sup><\/td>\n<td><\/td>\n<\/tr>\n<tr>\n<td>&#8211; Charges sp\u00e9cifiques du mara\u00eechage<\/td>\n<td>4,31 CHF\/m<sup>2<\/sup><\/td>\n<td><\/td>\n<\/tr>\n<tr>\n<td>= Marge brute comparable du mara\u00eechage<\/td>\n<td><strong>29,02 CHF\/m<sup>2<\/sup><\/strong><\/td>\n<td><\/td>\n<\/tr>\n<tr>\n<td>&#8211; Charges de personnels du mara\u00eechage<\/td>\n<td>27,83 CHF\/m<sup>2<\/sup><\/td>\n<td><\/td>\n<\/tr>\n<\/tbody>\n<\/table>\n<p>*<em>EBITDA\u00a0: Earnings before Interest, Taxes, Depreciation and Amortization.<\/em><br \/>\n<em>R\u00e9sultat des activit\u00e9s courantes d&rsquo;exploitation avant d\u00e9duction des int\u00e9r\u00eats (r\u00e9sultat financier), imp\u00f4ts et amortissements des immobilisations corporelles et incorporelles.<\/em><\/p>\n<\/div>\n<\/div><\/div><\/div><\/div><div class=\"fusion-fullwidth fullwidth-box fusion-builder-row-12 fusion-flex-container nonhundred-percent-fullwidth non-hundred-percent-height-scrolling\" style=\"--awb-border-radius-top-left:0px;--awb-border-radius-top-right:0px;--awb-border-radius-bottom-right:0px;--awb-border-radius-bottom-left:0px;--awb-flex-wrap:wrap;\" ><div class=\"fusion-builder-row fusion-row fusion-flex-align-items-flex-start fusion-flex-content-wrap\" style=\"max-width:1144px;margin-left: calc(-4% \/ 2 );margin-right: calc(-4% \/ 2 );\"><div class=\"fusion-layout-column fusion_builder_column fusion-builder-column-16 fusion_builder_column_1_1 1_1 fusion-flex-column\" style=\"--awb-bg-size:cover;--awb-width-large:100%;--awb-margin-top-large:0px;--awb-spacing-right-large:1.92%;--awb-margin-bottom-large:20px;--awb-spacing-left-large:1.92%;--awb-width-medium:100%;--awb-order-medium:0;--awb-spacing-right-medium:1.92%;--awb-spacing-left-medium:1.92%;--awb-width-small:100%;--awb-order-small:0;--awb-spacing-right-small:1.92%;--awb-spacing-left-small:1.92%;\" id=\"fiche-business-modele\"><div class=\"fusion-column-wrapper fusion-column-has-shadow fusion-flex-justify-content-flex-start fusion-content-layout-column\"><div class=\"fusion-title title fusion-title-5 fusion-sep-none fusion-title-text fusion-title-size-three mf-fiche-title\" id=\"business-modele\"><h3 class=\"fusion-title-heading title-heading-left fusion-responsive-typography-calculated\" style=\"margin:0;--fontSize:30;line-height:1.5;\">Fiche Business Mod\u00e8le<\/h3><\/div><div class=\"fusion-title title fusion-title-6 fusion-sep-none fusion-title-text fusion-title-size-four\"><h4 class=\"fusion-title-heading title-heading-left fusion-responsive-typography-calculated\" style=\"margin:0;--fontSize:24;--minFontSize:24;line-height:1.5;\">Canevas<\/h4><\/div>\n<div class=\"table-1 mf-canvas\">\n<table width=\"100%\">\n<tbody>\n<tr>\n<td rowspan=\"2\"><strong>Partenaires cl\u00e9s<\/strong><\/p>\n<ul>\n<li>200-300 fournisseurs<\/li>\n<li>Canton de Gen\u00e8ve<\/li>\n<li>HEPIA (stages)<\/li>\n<li>Ma-Terre<\/li>\n<\/ul>\n<\/td>\n<td><strong>Activit\u00e9s cl\u00e9s<\/strong><\/p>\n<ul>\n<li>Mara\u00eechage<\/li>\n<li>Vente au march\u00e9<\/li>\n<li>P\u00e9dagogie et sensibilisation<\/li>\n<\/ul>\n<\/td>\n<td colspan=\"2\" rowspan=\"2\"><strong>Proposition de Valeur<\/strong><\/p>\n<ul>\n<li>Fruits et l\u00e9gumes<\/li>\n<li>Revente de produits diversifi\u00e9s<\/li>\n<li>Ecole \u00e0 la ferme<\/li>\n<\/ul>\n<\/td>\n<td><strong>Relations Clients<\/strong><\/p>\n<ul>\n<li>Site internet, Newsletter, Instagram, Facebook<\/li>\n<li>Ev\u00e8nements<\/li>\n<li>B\u00e9n\u00e9volat<\/li>\n<li>Association des Amis de la Ferme de Bud\u00e9<\/li>\n<\/ul>\n<\/td>\n<td rowspan=\"2\"><strong>Groupe de Clients<\/strong><\/p>\n<ul>\n<li>Population genevoise<\/li>\n<li>Proximit\u00e9<\/li>\n<\/ul>\n<\/td>\n<\/tr>\n<tr>\n<td><strong>Ressources cl\u00e9s<\/strong><\/p>\n<ul>\n<li>Ressources humaines<\/li>\n<li>Emplacement<\/li>\n<li>Bail sur terrain non-agricole au centre de Gen\u00e8ve<\/li>\n<\/ul>\n<\/td>\n<td><strong>Canaux de Distribution<\/strong><\/p>\n<ul>\n<li>March\u00e9 de la Ferme de Bud\u00e9<\/li>\n<\/ul>\n<\/td>\n<\/tr>\n<tr>\n<td colspan=\"3\"><strong>Structure de co\u00fbt<\/strong><\/p>\n<ul>\n<li>Salaires<\/li>\n<li>Achat marchandise<\/li>\n<\/ul>\n<\/td>\n<td colspan=\"3\"><strong>Sources de revenus<\/strong><\/p>\n<ul>\n<li>March\u00e9<\/li>\n<li>Donations (crowdfunding)<\/li>\n<\/ul>\n<\/td>\n<\/tr>\n<\/tbody>\n<\/table>\n<\/div>\n<div class=\"accordian fusion-accordian mf-references-toggle\" style=\"--awb-border-size:1px;--awb-icon-size:20px;--awb-content-font-size:var(--awb-typography4-font-size);--awb-icon-alignment:left;--awb-hover-color:#ffffff;--awb-border-color:#cccccc;--awb-background-color:#ffffff;--awb-divider-color:var(--awb-color3);--awb-divider-hover-color:var(--awb-color3);--awb-icon-color:#7a7a7a;--awb-title-color:var(--awb-color8);--awb-content-color:var(--awb-color8);--awb-icon-box-color:#d8d8d8;--awb-toggle-hover-accent-color:#7a7a7a;--awb-title-font-family:var(--awb-typography1-font-family);--awb-title-font-weight:var(--awb-typography1-font-weight);--awb-title-font-style:var(--awb-typography1-font-style);--awb-title-font-size:16px;--awb-title-line-height:1.5;--awb-content-font-family:var(--awb-typography4-font-family);--awb-content-font-weight:var(--awb-typography4-font-weight);--awb-content-font-style:var(--awb-typography4-font-style);\"><div class=\"panel-group fusion-toggle-icon-unboxed\" id=\"accordion-149-7\"><div class=\"fusion-panel panel-default panel-22b4a0183f97d83f1 fusion-toggle-no-divider fusion-toggle-boxed-mode\"><div class=\"panel-heading\"><h4 class=\"panel-title toggle\" id=\"toggle_22b4a0183f97d83f1\"><a aria-expanded=\"false\" aria-controls=\"22b4a0183f97d83f1\" role=\"button\" data-toggle=\"collapse\" data-target=\"#22b4a0183f97d83f1\" href=\"#22b4a0183f97d83f1\"><span class=\"fusion-toggle-icon-wrapper\" aria-hidden=\"true\"><i class=\"fa-fusion-box active-icon awb-icon-minus\" aria-hidden=\"true\"><\/i><i class=\"fa-fusion-box inactive-icon awb-icon-plus\" aria-hidden=\"true\"><\/i><\/span><span class=\"fusion-toggle-heading\">Commentaires<\/span><\/a><\/h4><\/div><div id=\"22b4a0183f97d83f1\" class=\"panel-collapse collapse \" aria-labelledby=\"toggle_22b4a0183f97d83f1\"><div class=\"panel-body toggle-content fusion-clearfix\">\n<ul>\n<li>Part de la ferme dans le CA SARL\u00a0: 9% en 2019 (en augmentation)<\/li>\n<li>Employ\u00e9s sp\u00e9cialis\u00e9s travaillant au maximum \u00e0 80%<\/li>\n<\/ul>\n<\/div><\/div><\/div><\/div><\/div><\/div><\/div><\/div><\/div><div class=\"fusion-fullwidth fullwidth-box fusion-builder-row-13 fusion-flex-container nonhundred-percent-fullwidth non-hundred-percent-height-scrolling\" style=\"--awb-border-radius-top-left:0px;--awb-border-radius-top-right:0px;--awb-border-radius-bottom-right:0px;--awb-border-radius-bottom-left:0px;--awb-flex-wrap:wrap;\" ><div class=\"fusion-builder-row fusion-row fusion-flex-align-items-flex-start fusion-flex-content-wrap\" style=\"max-width:1144px;margin-left: calc(-4% \/ 2 );margin-right: calc(-4% \/ 2 );\"><div class=\"fusion-layout-column fusion_builder_column fusion-builder-column-17 fusion_builder_column_1_1 1_1 fusion-flex-column\" style=\"--awb-bg-size:cover;--awb-width-large:100%;--awb-margin-top-large:0px;--awb-spacing-right-large:1.92%;--awb-margin-bottom-large:20px;--awb-spacing-left-large:1.92%;--awb-width-medium:100%;--awb-order-medium:0;--awb-spacing-right-medium:1.92%;--awb-spacing-left-medium:1.92%;--awb-width-small:100%;--awb-order-small:0;--awb-spacing-right-small:1.92%;--awb-spacing-left-small:1.92%;\" id=\"temoignage\"><div class=\"fusion-column-wrapper fusion-column-has-shadow fusion-flex-justify-content-flex-start fusion-content-layout-column\"><div class=\"fusion-title title fusion-title-7 fusion-sep-none fusion-title-text fusion-title-size-three mf-fiche-title\" id=\"temoignages\"><h3 class=\"fusion-title-heading title-heading-left fusion-responsive-typography-calculated\" style=\"margin:0;--fontSize:30;line-height:1.5;\">T\u00e9moignage de l\u2019exploitant<\/h3><\/div><div class=\"fusion-testimonials classic awb-speech-bubble-show fusion-testimonials-1\" style=\"--awb-textcolor:#747474;--awb-backgroundcolor:#f6f6f6;--awb-testimonial-border-style:solid;--awb-testimonial-border-color:var(--awb-color3);--awb-border-top-left-radius:0px;--awb-border-top-right-radius:0px;--awb-border-bottom-left-radius:0px;--awb-border-bottom-right-radius:0px;--testimonial-border-width-top:0px;--testimonial-border-width-right:0px;--testimonial-border-width-bottom:0px;--testimonial-border-width-left:0px;\" data-random=\"0\" data-speed=\"4000\"><div class=\"reviews\"><div class=\"review active-testimonial no-avatar\"><blockquote><div class=\"awb-quote\"><div class=\"awb-quote-content\">\n<p>\u00ab\u00a0Nous ne sommes pas une \u00e9picerie de quartier mais plut\u00f4t une \u00e9picerie de ville\u00a0\u00bb<br \/>\n\u00ab\u00a0Le public cible, c\u2019est nous-m\u00eame\u00a0! Nous sommes tr\u00e8s diff\u00e9rents, et repr\u00e9sentons bien la population genevoise\u00a0\u00bb<br \/>\n\u00ab\u00a0La micro-agriculture bio-intensive est une option pour pouvoir produire beaucoup sur une petite surface\u00a0\u00bb<\/p>\n<\/div><\/div><span class=\"awb-triangle\"><\/span><\/blockquote><div class=\"author\"><span class=\"company-name\"><strong>Mara\u00eech\u00e8re<\/strong><span>, <\/span><span>Ferme de Bud\u00e9<\/span><\/span><\/div><\/div><\/div><\/div><\/div><\/div><\/div><\/div><div class=\"fusion-fullwidth fullwidth-box fusion-builder-row-14 fusion-flex-container nonhundred-percent-fullwidth non-hundred-percent-height-scrolling\" style=\"--awb-border-radius-top-left:0px;--awb-border-radius-top-right:0px;--awb-border-radius-bottom-right:0px;--awb-border-radius-bottom-left:0px;--awb-flex-wrap:wrap;\" ><div class=\"fusion-builder-row fusion-row fusion-flex-align-items-flex-start fusion-flex-content-wrap\" style=\"max-width:1144px;margin-left: calc(-4% \/ 2 );margin-right: calc(-4% \/ 2 );\"><div class=\"fusion-layout-column fusion_builder_column fusion-builder-column-18 fusion_builder_column_1_1 1_1 fusion-flex-column\" style=\"--awb-bg-size:cover;--awb-width-large:100%;--awb-margin-top-large:0px;--awb-spacing-right-large:1.92%;--awb-margin-bottom-large:20px;--awb-spacing-left-large:1.92%;--awb-width-medium:100%;--awb-order-medium:0;--awb-spacing-right-medium:1.92%;--awb-spacing-left-medium:1.92%;--awb-width-small:100%;--awb-order-small:0;--awb-spacing-right-small:1.92%;--awb-spacing-left-small:1.92%;\"><div class=\"fusion-column-wrapper fusion-column-has-shadow fusion-flex-justify-content-flex-start fusion-content-layout-column\"><div class=\"fusion-title title fusion-title-8 fusion-sep-none fusion-title-text fusion-title-size-three\" id=\"projets\"><h3 class=\"fusion-title-heading title-heading-left fusion-responsive-typography-calculated\" style=\"margin:0;--fontSize:30;line-height:1.5;\">Projets<\/h3><\/div><div class=\"fusion-text fusion-text-7\"><ul>\n<li>Cr\u00e9er un \u00e9tang avec l\u2019association<\/li>\n<li>Int\u00e9grer la Milpa dans la rotation mara\u00eech\u00e8re<\/li>\n<li>Etang dans l\u2019enclos \u00e0 mouton avec l\u2019association KARSH-GE<br \/>\n<a href=\"http:\/\/www.karch-ge.ch\/projets-en-cours\/101-etangs\/\" target=\"_blank\" rel=\"noopener noreferrer\">www.karch-ge.ch\/projets-en-cours\/101-etangs<\/a><\/li>\n<li>Haie fruiti\u00e8re \u00e0 l\u2019ouest avec le programme nature en ville<\/li>\n<li>Renouvellement plantation petits fruits<\/li>\n<li>Solution pour une gestion du compost moins physique (processus compostage et distribution sur le terrain)<\/li>\n<li>Am\u00e9lioration outillage et machines (r\u00e9colteuse \u00e0 mesclun)<\/li>\n<li>Int\u00e9gration poulailler mobile dans l\u2019itin\u00e9raire de soin au sol<\/li>\n<\/ul>\n<\/div><\/div><\/div><\/div><\/div><div class=\"fusion-fullwidth fullwidth-box fusion-builder-row-15 fusion-flex-container nonhundred-percent-fullwidth non-hundred-percent-height-scrolling\" style=\"--awb-border-radius-top-left:0px;--awb-border-radius-top-right:0px;--awb-border-radius-bottom-right:0px;--awb-border-radius-bottom-left:0px;--awb-flex-wrap:wrap;\" ><div class=\"fusion-builder-row fusion-row fusion-flex-align-items-flex-start fusion-flex-content-wrap\" style=\"max-width:1144px;margin-left: calc(-4% \/ 2 );margin-right: calc(-4% \/ 2 );\"><div class=\"fusion-layout-column fusion_builder_column fusion-builder-column-19 fusion_builder_column_1_1 1_1 fusion-flex-column\" style=\"--awb-bg-size:cover;--awb-width-large:100%;--awb-margin-top-large:0px;--awb-spacing-right-large:1.92%;--awb-margin-bottom-large:20px;--awb-spacing-left-large:1.92%;--awb-width-medium:100%;--awb-order-medium:0;--awb-spacing-right-medium:1.92%;--awb-spacing-left-medium:1.92%;--awb-width-small:100%;--awb-order-small:0;--awb-spacing-right-small:1.92%;--awb-spacing-left-small:1.92%;\" id=\"resultats-economiques\"><div class=\"fusion-column-wrapper fusion-column-has-shadow fusion-flex-justify-content-flex-start fusion-content-layout-column\"><div class=\"fusion-title title fusion-title-9 fusion-sep-none fusion-title-text fusion-title-size-three\"><h3 class=\"fusion-title-heading title-heading-left fusion-responsive-typography-calculated\" style=\"margin:0;--fontSize:30;line-height:1.5;\">R\u00e9sultats \u00e9conomiques<\/h3><\/div><div class=\"fusion-text fusion-text-8\"><h5>Tableau de r\u00e9sultats reconstitu\u00e9s \u00e0 partir de la comptabilit\u00e9 analytique 2019 de l\u2019activit\u00e9 de production seule<br \/>\n(ferme hors activit\u00e9s du magasin et de l\u2019\u00e9cole \u00e0 la ferme)<\/h5>\n<\/div><div class=\"fusion-image-element \" style=\"--awb-caption-title-font-family:var(--h2_typography-font-family);--awb-caption-title-font-weight:var(--h2_typography-font-weight);--awb-caption-title-font-style:var(--h2_typography-font-style);--awb-caption-title-size:var(--h2_typography-font-size);--awb-caption-title-transform:var(--h2_typography-text-transform);--awb-caption-title-line-height:var(--h2_typography-line-height);--awb-caption-title-letter-spacing:var(--h2_typography-letter-spacing);\"><span class=\" fusion-imageframe imageframe-none imageframe-2 hover-type-none\"><a href=\"https:\/\/agripedia.ch\/urbane-landwirtschaft\/wp-content\/uploads\/sites\/20\/2020\/12\/Bud\u00e9_R\u00e9sultats_graphique_Agridea.png\" class=\"fusion-lightbox\" data-rel=\"iLightbox[ef9ac73ca81f3fd0b1a]\" data-caption=\"Graphique: AGRIDEA\" data-title=\"Ferme de Bud\u00e9 R\u00e9sultats\" title=\"Ferme de Bud\u00e9 R\u00e9sultats\"><img decoding=\"async\" width=\"1100\" height=\"922\" src=\"https:\/\/agripedia.ch\/urbane-landwirtschaft\/wp-content\/uploads\/sites\/20\/2020\/12\/Bud\u00e9_R\u00e9sultats_graphique_Agridea.png\" alt class=\"img-responsive wp-image-832\" srcset=\"https:\/\/agripedia.ch\/agriculture-et-ville\/wp-content\/uploads\/sites\/20\/2020\/12\/Bud\u00e9_R\u00e9sultats_graphique_Agridea-200x168.png 200w, https:\/\/agripedia.ch\/agriculture-et-ville\/wp-content\/uploads\/sites\/20\/2020\/12\/Bud\u00e9_R\u00e9sultats_graphique_Agridea-400x335.png 400w, https:\/\/agripedia.ch\/agriculture-et-ville\/wp-content\/uploads\/sites\/20\/2020\/12\/Bud\u00e9_R\u00e9sultats_graphique_Agridea-600x503.png 600w, https:\/\/agripedia.ch\/agriculture-et-ville\/wp-content\/uploads\/sites\/20\/2020\/12\/Bud\u00e9_R\u00e9sultats_graphique_Agridea-800x671.png 800w, https:\/\/agripedia.ch\/agriculture-et-ville\/wp-content\/uploads\/sites\/20\/2020\/12\/Bud\u00e9_R\u00e9sultats_graphique_Agridea.png 1100w\" sizes=\"(max-width: 1024px) 100vw, (max-width: 640px) 100vw, 1100px\" \/><\/a><\/span><\/div><div class=\"fusion-text fusion-text-9\"><p><em>*EBITDA\u00a0: Earnings before Interest, Taxes, Depreciation and Amortization.<\/em><br \/>\n<em>R\u00e9sultat des activit\u00e9s courantes d\u2019exploitation avant d\u00e9duction des int\u00e9r\u00eats (r\u00e9sultat financier), imp\u00f4ts et amortissements des immobilisations corporelles et incorporelles.<\/em><\/p>\n<\/div><\/div><\/div><\/div><\/div><div class=\"fusion-fullwidth fullwidth-box fusion-builder-row-16 fusion-flex-container nonhundred-percent-fullwidth non-hundred-percent-height-scrolling\" style=\"--awb-border-radius-top-left:0px;--awb-border-radius-top-right:0px;--awb-border-radius-bottom-right:0px;--awb-border-radius-bottom-left:0px;--awb-flex-wrap:wrap;\" ><div class=\"fusion-builder-row fusion-row fusion-flex-align-items-flex-start fusion-flex-content-wrap\" style=\"max-width:1144px;margin-left: calc(-4% \/ 2 );margin-right: calc(-4% \/ 2 );\"><div class=\"fusion-layout-column fusion_builder_column fusion-builder-column-20 fusion_builder_column_1_1 1_1 fusion-flex-column\" style=\"--awb-bg-size:cover;--awb-width-large:100%;--awb-margin-top-large:0px;--awb-spacing-right-large:1.92%;--awb-margin-bottom-large:20px;--awb-spacing-left-large:1.92%;--awb-width-medium:100%;--awb-order-medium:0;--awb-spacing-right-medium:1.92%;--awb-spacing-left-medium:1.92%;--awb-width-small:100%;--awb-order-small:0;--awb-spacing-right-small:1.92%;--awb-spacing-left-small:1.92%;\"><div class=\"fusion-column-wrapper fusion-column-has-shadow fusion-flex-justify-content-flex-start fusion-content-layout-column\"><div class=\"fusion-text fusion-text-10\"><p><strong>Ce portrait a \u00e9t\u00e9 r\u00e9alis\u00e9 en collaboration avec :<br \/>\n<\/strong><\/p>\n<\/div><\/div><\/div><div class=\"fusion-layout-column fusion_builder_column fusion-builder-column-21 fusion_builder_column_1_4 1_4 fusion-flex-column\" style=\"--awb-bg-size:cover;--awb-width-large:25%;--awb-margin-top-large:0px;--awb-spacing-right-large:7.68%;--awb-margin-bottom-large:20px;--awb-spacing-left-large:7.68%;--awb-width-medium:100%;--awb-order-medium:0;--awb-spacing-right-medium:1.92%;--awb-spacing-left-medium:1.92%;--awb-width-small:100%;--awb-order-small:0;--awb-spacing-right-small:1.92%;--awb-spacing-left-small:1.92%;\"><div class=\"fusion-column-wrapper fusion-column-has-shadow fusion-flex-justify-content-flex-start fusion-content-layout-column\"><div class=\"fusion-image-element \" style=\"--awb-max-width:654px;--awb-caption-title-font-family:var(--h2_typography-font-family);--awb-caption-title-font-weight:var(--h2_typography-font-weight);--awb-caption-title-font-style:var(--h2_typography-font-style);--awb-caption-title-size:var(--h2_typography-font-size);--awb-caption-title-transform:var(--h2_typography-text-transform);--awb-caption-title-line-height:var(--h2_typography-line-height);--awb-caption-title-letter-spacing:var(--h2_typography-letter-spacing);\"><span class=\" fusion-imageframe imageframe-none imageframe-3 hover-type-none mf-logo\"><a class=\"fusion-no-lightbox\" href=\"https:\/\/www.agridea.ch\" target=\"_blank\" aria-label=\"AGRIDEA\" rel=\"noopener noreferrer\"><img decoding=\"async\" width=\"654\" height=\"134\" alt=\"Logo AGRIDEA\" src=\"https:\/\/agripedia.ch\/urbane-landwirtschaft\/wp-content\/uploads\/sites\/20\/2020\/11\/AGRIDEA_LOGO_WEB_RGB.jpg\" class=\"img-responsive wp-image-202\" srcset=\"https:\/\/agripedia.ch\/agriculture-et-ville\/wp-content\/uploads\/sites\/20\/2020\/11\/AGRIDEA_LOGO_WEB_RGB-200x41.jpg 200w, https:\/\/agripedia.ch\/agriculture-et-ville\/wp-content\/uploads\/sites\/20\/2020\/11\/AGRIDEA_LOGO_WEB_RGB-400x82.jpg 400w, https:\/\/agripedia.ch\/agriculture-et-ville\/wp-content\/uploads\/sites\/20\/2020\/11\/AGRIDEA_LOGO_WEB_RGB-600x123.jpg 600w, https:\/\/agripedia.ch\/agriculture-et-ville\/wp-content\/uploads\/sites\/20\/2020\/11\/AGRIDEA_LOGO_WEB_RGB.jpg 654w\" sizes=\"(max-width: 1024px) 100vw, (max-width: 640px) 100vw, 400px\" \/><\/a><\/span><\/div><\/div><\/div><div class=\"fusion-layout-column fusion_builder_column fusion-builder-column-22 fusion_builder_column_1_4 1_4 fusion-flex-column\" style=\"--awb-bg-size:cover;--awb-width-large:25%;--awb-margin-top-large:0px;--awb-spacing-right-large:7.68%;--awb-margin-bottom-large:20px;--awb-spacing-left-large:7.68%;--awb-width-medium:100%;--awb-order-medium:0;--awb-spacing-right-medium:1.92%;--awb-spacing-left-medium:1.92%;--awb-width-small:100%;--awb-order-small:0;--awb-spacing-right-small:1.92%;--awb-spacing-left-small:1.92%;\"><div class=\"fusion-column-wrapper fusion-column-has-shadow fusion-flex-justify-content-flex-start fusion-content-layout-column\"><div class=\"fusion-image-element \" style=\"--awb-max-width:286px;--awb-caption-title-font-family:var(--h2_typography-font-family);--awb-caption-title-font-weight:var(--h2_typography-font-weight);--awb-caption-title-font-style:var(--h2_typography-font-style);--awb-caption-title-size:var(--h2_typography-font-size);--awb-caption-title-transform:var(--h2_typography-text-transform);--awb-caption-title-line-height:var(--h2_typography-line-height);--awb-caption-title-letter-spacing:var(--h2_typography-letter-spacing);\"><span class=\" fusion-imageframe imageframe-none imageframe-4 hover-type-none mf-logo\"><img decoding=\"async\" width=\"286\" height=\"120\" alt=\"Logo FiBL\" title=\"FiBL\" src=\"https:\/\/agripedia.ch\/urbane-landwirtschaft\/wp-content\/uploads\/sites\/20\/2020\/11\/Logo-FiBL.jpg\" class=\"img-responsive wp-image-206\" srcset=\"https:\/\/agripedia.ch\/agriculture-et-ville\/wp-content\/uploads\/sites\/20\/2020\/11\/Logo-FiBL-200x84.jpg 200w, https:\/\/agripedia.ch\/agriculture-et-ville\/wp-content\/uploads\/sites\/20\/2020\/11\/Logo-FiBL.jpg 286w\" sizes=\"(max-width: 1024px) 100vw, (max-width: 640px) 100vw, 286px\" \/><\/span><\/div><\/div><\/div><div class=\"fusion-layout-column fusion_builder_column fusion-builder-column-23 fusion_builder_column_1_4 1_4 fusion-flex-column\" style=\"--awb-bg-size:cover;--awb-width-large:25%;--awb-margin-top-large:0px;--awb-spacing-right-large:7.68%;--awb-margin-bottom-large:20px;--awb-spacing-left-large:7.68%;--awb-width-medium:100%;--awb-order-medium:0;--awb-spacing-right-medium:1.92%;--awb-spacing-left-medium:1.92%;--awb-width-small:100%;--awb-order-small:0;--awb-spacing-right-small:1.92%;--awb-spacing-left-small:1.92%;\"><div class=\"fusion-column-wrapper fusion-column-has-shadow fusion-flex-justify-content-flex-start fusion-content-layout-column\"><div class=\"fusion-text fusion-text-11\"><p>Soutenu par :<\/p>\n<\/div><\/div><\/div><div class=\"fusion-layout-column fusion_builder_column fusion-builder-column-24 fusion_builder_column_1_4 1_4 fusion-flex-column\" style=\"--awb-bg-size:cover;--awb-width-large:25%;--awb-margin-top-large:0px;--awb-spacing-right-large:7.68%;--awb-margin-bottom-large:20px;--awb-spacing-left-large:7.68%;--awb-width-medium:100%;--awb-order-medium:0;--awb-spacing-right-medium:1.92%;--awb-spacing-left-medium:1.92%;--awb-width-small:100%;--awb-order-small:0;--awb-spacing-right-small:1.92%;--awb-spacing-left-small:1.92%;\"><div class=\"fusion-column-wrapper fusion-column-has-shadow fusion-flex-justify-content-flex-start fusion-content-layout-column\"><div class=\"fusion-image-element \" style=\"--awb-max-width:230px;--awb-caption-title-font-family:var(--h2_typography-font-family);--awb-caption-title-font-weight:var(--h2_typography-font-weight);--awb-caption-title-font-style:var(--h2_typography-font-style);--awb-caption-title-size:var(--h2_typography-font-size);--awb-caption-title-transform:var(--h2_typography-text-transform);--awb-caption-title-line-height:var(--h2_typography-line-height);--awb-caption-title-letter-spacing:var(--h2_typography-letter-spacing);\"><span class=\" fusion-imageframe imageframe-none imageframe-5 hover-type-none mf-logo\"><img decoding=\"async\" width=\"230\" height=\"78\" alt=\"Logo Canton de Vaud\" title=\"Canton de Vaud\" src=\"https:\/\/agripedia.ch\/urbane-landwirtschaft\/wp-content\/uploads\/sites\/20\/2020\/11\/Logo-Canton-de-Vaud.png\" class=\"img-responsive wp-image-204\" srcset=\"https:\/\/agripedia.ch\/agriculture-et-ville\/wp-content\/uploads\/sites\/20\/2020\/11\/Logo-Canton-de-Vaud-200x68.png 200w, https:\/\/agripedia.ch\/agriculture-et-ville\/wp-content\/uploads\/sites\/20\/2020\/11\/Logo-Canton-de-Vaud.png 230w\" sizes=\"(max-width: 1024px) 100vw, (max-width: 640px) 100vw, 230px\" \/><\/span><\/div><\/div><\/div><\/div><\/div><\/p>\n","protected":false},"excerpt":{"rendered":"","protected":false},"author":26,"featured_media":0,"parent":0,"menu_order":0,"comment_status":"closed","ping_status":"closed","template":"","meta":{"_sb_is_suggestion_mode":false,"_sb_show_suggestion_boards":false,"_sb_show_comment_boards":false,"_sb_suggestion_history":"","_sb_update_block_changes":"","_monsterinsights_skip_tracking":false,"_monsterinsights_sitenote_active":false,"_monsterinsights_sitenote_note":"","_monsterinsights_sitenote_category":0,"footnotes":""},"class_list":["post-149","page","type-page","status-publish","hentry"],"aioseo_notices":[],"_links":{"self":[{"href":"https:\/\/agripedia.ch\/agriculture-et-ville\/wp-json\/wp\/v2\/pages\/149","targetHints":{"allow":["GET"]}}],"collection":[{"href":"https:\/\/agripedia.ch\/agriculture-et-ville\/wp-json\/wp\/v2\/pages"}],"about":[{"href":"https:\/\/agripedia.ch\/agriculture-et-ville\/wp-json\/wp\/v2\/types\/page"}],"author":[{"embeddable":true,"href":"https:\/\/agripedia.ch\/agriculture-et-ville\/wp-json\/wp\/v2\/users\/26"}],"replies":[{"embeddable":true,"href":"https:\/\/agripedia.ch\/agriculture-et-ville\/wp-json\/wp\/v2\/comments?post=149"}],"version-history":[{"count":92,"href":"https:\/\/agripedia.ch\/agriculture-et-ville\/wp-json\/wp\/v2\/pages\/149\/revisions"}],"predecessor-version":[{"id":788,"href":"https:\/\/agripedia.ch\/agriculture-et-ville\/wp-json\/wp\/v2\/pages\/149\/revisions\/788"}],"wp:attachment":[{"href":"https:\/\/agripedia.ch\/agriculture-et-ville\/wp-json\/wp\/v2\/media?parent=149"}],"curies":[{"name":"wp","href":"https:\/\/api.w.org\/{rel}","templated":true}]}}