{"id":414,"date":"2020-11-26T16:34:00","date_gmt":"2020-11-26T16:34:00","guid":{"rendered":"https:\/\/agripedia.ch\/urbane-landwirtschaft\/?page_id=414"},"modified":"2021-03-26T14:48:56","modified_gmt":"2021-03-26T14:48:56","slug":"quartierhof-wynegg","status":"publish","type":"page","link":"https:\/\/agripedia.ch\/agriculture-et-ville\/de\/quartierhof-wynegg\/","title":{"rendered":"Quartierhof Wynegg"},"content":{"rendered":"<p><div class=\"fusion-fullwidth fullwidth-box fusion-builder-row-1 nonhundred-percent-fullwidth non-hundred-percent-height-scrolling\" style=\"--awb-border-radius-top-left:0px;--awb-border-radius-top-right:0px;--awb-border-radius-bottom-right:0px;--awb-border-radius-bottom-left:0px;--awb-flex-wrap:wrap;\" ><div class=\"fusion-builder-row fusion-row\"><div class=\"fusion-layout-column fusion_builder_column fusion-builder-column-0 fusion_builder_column_3_5 3_5 fusion-three-fifth fusion-column-first\" style=\"--awb-bg-size:cover;--awb-margin-bottom:0px;width:58.4%; margin-right: 4%;\"><div class=\"fusion-column-wrapper fusion-flex-column-wrapper-legacy\"><div class=\"fusion-text fusion-text-1\"><p>Der Quartierhof Wynegg ist der letzte verbliebene Bauernhof im Kreis 8 in Z\u00fcrich. Der Hof wird von der Quartierbev\u00f6lkerung betrieben, Tr\u00e4ger ist der Verein Quartierhof Wynegg. Der Hof ist Treffpunkt f\u00fcr die Bev\u00f6lkerung und bietet im Rahmen von Schule auf dem Bauernhof Workshops zu unterschiedlichen Themen f\u00fcr Schulklassen an. Wichtigstes Anliegen ist es, ein Freiraum f\u00fcr alle zu sein, die eingebettet in eine Gemeinschaft rund um die Themen Landwirtschaft und G\u00e4rtnern selbst etwas ausprobieren wollen. Im Vordergrund steht die Partizipation, nicht die Produktion.<\/p>\n<\/div><div class=\"fusion-clearfix\"><\/div><\/div><\/div><div class=\"fusion-layout-column fusion_builder_column fusion-builder-column-1 fusion_builder_column_2_5 2_5 fusion-two-fifth fusion-column-last\" style=\"--awb-bg-size:cover;width:37.6%;\"><div class=\"fusion-column-wrapper fusion-column-has-shadow fusion-flex-column-wrapper-legacy\"><div class=\"fusion-content-boxes content-boxes columns row fusion-columns-1 fusion-columns-total-1 fusion-content-boxes-1 content-boxes-icon-with-title content-left mf-summary\" style=\"--awb-hover-accent-color:#333333;--awb-circle-hover-accent-color:transparent;--awb-item-margin-bottom:40px;\" data-animationOffset=\"top-into-view\"><div style=\"--awb-backgroundcolor:rgba(255,255,255,0);\" class=\"fusion-column content-box-column content-box-column content-box-column-1 col-lg-12 col-md-12 col-sm-12 fusion-content-box-hover content-box-column-last content-box-column-last-in-row\"><div class=\"col content-box-wrapper content-wrapper link-area-link-icon icon-hover-animation-fade\" data-animationOffset=\"top-into-view\"><div class=\"heading icon-left\"><h2 class=\"content-box-heading fusion-responsive-typography-calculated\" style=\"--h2_typography-font-size:18px;--fontSize:18;line-height:1.5;\">Inhalt<\/h2><\/div><div class=\"fusion-clearfix\"><\/div><div class=\"content-container\">\n<ul>\n<li><a href=\"#steckbrief\">Steckbrief<\/a><\/li>\n<li><a href=\"#aktivit\u00e4ten\">Aktivit\u00e4ten<\/a><\/li>\n<li><a href=\"#arbeit\">Wer arbeitet mit?<\/a><\/li>\n<li><a href=\"#geschichte\">Geschichte und Zukunft<\/a><\/li>\n<li><a href=\"#finanzierung\">Finanzierung<\/a><\/li>\n<li><a href=\"#erfolge\">Erfolge<\/a><\/li>\n<li><a href=\"#herausforderungen\">Herausforderungen<\/a><\/li>\n<li><a href=\"#land\">Zugang zu Land<\/a><\/li>\n<li><a href=\"#stadtbezug\">Bezug zur Stadt<\/a><\/li>\n<li><a href=\"#st\u00e4rken\">St\u00e4rken<\/a><\/li>\n<\/ul>\n<\/div><\/div><\/div><div class=\"fusion-clearfix\"><\/div><\/div><div class=\"fusion-clearfix\"><\/div><\/div><\/div><\/div><\/div><div class=\"fusion-fullwidth fullwidth-box fusion-builder-row-2 fusion-flex-container mf-card-id nonhundred-percent-fullwidth non-hundred-percent-height-scrolling\" style=\"--awb-border-radius-top-left:0px;--awb-border-radius-top-right:0px;--awb-border-radius-bottom-right:0px;--awb-border-radius-bottom-left:0px;--awb-flex-wrap:wrap;\" ><div class=\"fusion-builder-row fusion-row fusion-flex-align-items-flex-start fusion-flex-content-wrap\" style=\"max-width:1144px;margin-left: calc(-4% \/ 2 );margin-right: calc(-4% \/ 2 );\"><div class=\"fusion-layout-column fusion_builder_column fusion-builder-column-2 fusion_builder_column_1_1 1_1 fusion-flex-column mf-card-id-heading\" style=\"--awb-bg-size:cover;--awb-width-large:100%;--awb-margin-top-large:0px;--awb-spacing-right-large:1.92%;--awb-margin-bottom-large:20px;--awb-spacing-left-large:1.92%;--awb-width-medium:100%;--awb-order-medium:0;--awb-spacing-right-medium:1.92%;--awb-spacing-left-medium:1.92%;--awb-width-small:100%;--awb-order-small:0;--awb-spacing-right-small:1.92%;--awb-spacing-left-small:1.92%;\" id=\"steckbrief\"><div class=\"fusion-column-wrapper fusion-column-has-shadow fusion-flex-justify-content-flex-start fusion-content-layout-column\"><div class=\"fusion-title title fusion-title-1 fusion-sep-none fusion-title-text fusion-title-size-four mf-card-id-title\"><h4 class=\"fusion-title-heading title-heading-left fusion-responsive-typography-calculated\" style=\"margin:0;--fontSize:24;--minFontSize:24;line-height:1.5;\">Steckbrief<\/h4><\/div><\/div><\/div><div class=\"fusion-layout-column fusion_builder_column fusion-builder-column-3 fusion_builder_column_1_2 1_2 fusion-flex-column\" style=\"--awb-bg-size:cover;--awb-width-large:50%;--awb-margin-top-large:0px;--awb-spacing-right-large:3.84%;--awb-margin-bottom-large:20px;--awb-spacing-left-large:3.84%;--awb-width-medium:100%;--awb-spacing-right-medium:1.92%;--awb-spacing-left-medium:1.92%;--awb-width-small:100%;--awb-spacing-right-small:1.92%;--awb-spacing-left-small:1.92%;\"><div class=\"fusion-column-wrapper fusion-column-has-shadow fusion-flex-justify-content-flex-start fusion-content-layout-column\"><div class=\"fusion-image-carousel fusion-image-carousel-auto fusion-image-carousel-1 lightbox-enabled fusion-carousel-border\"><div class=\"awb-carousel awb-swiper awb-swiper-carousel awb-swiper-dots-position-bottom awb-carousel--carousel\" data-layout=\"carousel\" data-autoplay=\"yes\" data-autoplayspeed=\"2500\" data-autoplaypause=\"no\" data-columns=\"1\" data-columnsmedium=\"0\" data-columnssmall=\"0\" data-itemmargin=\"13\" data-itemwidth=\"180\" data-touchscroll=\"no\" data-freemode=\"no\" data-imagesize=\"auto\" data-scrollitems=\"0\" data-centeredslides=\"no\" data-rotationangle=\"50\" data-depth=\"100\" data-speed=\"500\" data-shadow=\"no\" style=\"--awb-columns:1;--awb-border-width:1px;--awb-border-color:#e9eaee;\"><div class=\"swiper-wrapper awb-image-carousel-wrapper fusion-flex-align-items-center\"><div class=\"swiper-slide\"><div class=\"fusion-carousel-item-wrapper\"><div class=\"fusion-image-wrapper hover-type-none\"><a data-rel=\"iLightbox[image_carousel_1]\" data-caption=\"(c) AGRIDEA\" data-title=\"Quartierhof Wynegg (c) AGRIDEA\" aria-label=\"Quartierhof Wynegg (c) AGRIDEA\" href=\"https:\/\/agripedia.ch\/urbane-landwirtschaft\/wp-content\/uploads\/sites\/20\/2020\/12\/Quartierhof-Wynegg_c_AGRIDEA_2-1.jpg\" target=\"_self\"><img decoding=\"async\" width=\"1100\" height=\"824\" src=\"https:\/\/agripedia.ch\/agriculture-et-ville\/wp-content\/uploads\/sites\/20\/2020\/12\/Quartierhof-Wynegg_c_AGRIDEA_2-1.jpg\" class=\"attachment-full size-full\" alt=\"\" srcset=\"https:\/\/agripedia.ch\/agriculture-et-ville\/wp-content\/uploads\/sites\/20\/2020\/12\/Quartierhof-Wynegg_c_AGRIDEA_2-1-200x150.jpg 200w, https:\/\/agripedia.ch\/agriculture-et-ville\/wp-content\/uploads\/sites\/20\/2020\/12\/Quartierhof-Wynegg_c_AGRIDEA_2-1-300x225.jpg 300w, https:\/\/agripedia.ch\/agriculture-et-ville\/wp-content\/uploads\/sites\/20\/2020\/12\/Quartierhof-Wynegg_c_AGRIDEA_2-1-400x300.jpg 400w, https:\/\/agripedia.ch\/agriculture-et-ville\/wp-content\/uploads\/sites\/20\/2020\/12\/Quartierhof-Wynegg_c_AGRIDEA_2-1-600x449.jpg 600w, https:\/\/agripedia.ch\/agriculture-et-ville\/wp-content\/uploads\/sites\/20\/2020\/12\/Quartierhof-Wynegg_c_AGRIDEA_2-1-768x575.jpg 768w, https:\/\/agripedia.ch\/agriculture-et-ville\/wp-content\/uploads\/sites\/20\/2020\/12\/Quartierhof-Wynegg_c_AGRIDEA_2-1-800x599.jpg 800w, https:\/\/agripedia.ch\/agriculture-et-ville\/wp-content\/uploads\/sites\/20\/2020\/12\/Quartierhof-Wynegg_c_AGRIDEA_2-1-1024x767.jpg 1024w, https:\/\/agripedia.ch\/agriculture-et-ville\/wp-content\/uploads\/sites\/20\/2020\/12\/Quartierhof-Wynegg_c_AGRIDEA_2-1.jpg 1100w\" sizes=\"(max-width: 1100px) 100vw, 1100px\" \/><\/a><\/div><\/div><\/div><div class=\"swiper-slide\"><div class=\"fusion-carousel-item-wrapper\"><div class=\"fusion-image-wrapper hover-type-none\"><a data-rel=\"iLightbox[image_carousel_1]\" data-caption=\"(c) AGRIDEA\" data-title=\"Quartierhof Wynegg (c) AGRIDEA\" aria-label=\"Quartierhof Wynegg (c) AGRIDEA\" href=\"https:\/\/agripedia.ch\/urbane-landwirtschaft\/wp-content\/uploads\/sites\/20\/2020\/12\/Quartierhof-Wynegg_c_AGRIDEA_3-1.jpg\" target=\"_self\"><img decoding=\"async\" width=\"1100\" height=\"824\" src=\"https:\/\/agripedia.ch\/agriculture-et-ville\/wp-content\/uploads\/sites\/20\/2020\/12\/Quartierhof-Wynegg_c_AGRIDEA_3-1.jpg\" class=\"attachment-full size-full\" alt=\"\" srcset=\"https:\/\/agripedia.ch\/agriculture-et-ville\/wp-content\/uploads\/sites\/20\/2020\/12\/Quartierhof-Wynegg_c_AGRIDEA_3-1-200x150.jpg 200w, https:\/\/agripedia.ch\/agriculture-et-ville\/wp-content\/uploads\/sites\/20\/2020\/12\/Quartierhof-Wynegg_c_AGRIDEA_3-1-300x225.jpg 300w, https:\/\/agripedia.ch\/agriculture-et-ville\/wp-content\/uploads\/sites\/20\/2020\/12\/Quartierhof-Wynegg_c_AGRIDEA_3-1-400x300.jpg 400w, https:\/\/agripedia.ch\/agriculture-et-ville\/wp-content\/uploads\/sites\/20\/2020\/12\/Quartierhof-Wynegg_c_AGRIDEA_3-1-600x449.jpg 600w, https:\/\/agripedia.ch\/agriculture-et-ville\/wp-content\/uploads\/sites\/20\/2020\/12\/Quartierhof-Wynegg_c_AGRIDEA_3-1-768x575.jpg 768w, https:\/\/agripedia.ch\/agriculture-et-ville\/wp-content\/uploads\/sites\/20\/2020\/12\/Quartierhof-Wynegg_c_AGRIDEA_3-1-800x599.jpg 800w, https:\/\/agripedia.ch\/agriculture-et-ville\/wp-content\/uploads\/sites\/20\/2020\/12\/Quartierhof-Wynegg_c_AGRIDEA_3-1-1024x767.jpg 1024w, https:\/\/agripedia.ch\/agriculture-et-ville\/wp-content\/uploads\/sites\/20\/2020\/12\/Quartierhof-Wynegg_c_AGRIDEA_3-1.jpg 1100w\" sizes=\"(max-width: 1100px) 100vw, 1100px\" \/><\/a><\/div><\/div><\/div><div class=\"swiper-slide\"><div class=\"fusion-carousel-item-wrapper\"><div class=\"fusion-image-wrapper hover-type-none\"><a data-rel=\"iLightbox[image_carousel_1]\" data-caption=\"(c) AGRIDEA\" data-title=\"Quartierhof Wynegg (c) AGRIDEA\" aria-label=\"Quartierhof Wynegg (c) AGRIDEA\" href=\"https:\/\/agripedia.ch\/urbane-landwirtschaft\/wp-content\/uploads\/sites\/20\/2020\/12\/Quartierhof-Wynegg_c_AGRIDEA_4-1.jpg\" target=\"_self\"><img decoding=\"async\" width=\"1100\" height=\"824\" src=\"https:\/\/agripedia.ch\/agriculture-et-ville\/wp-content\/uploads\/sites\/20\/2020\/12\/Quartierhof-Wynegg_c_AGRIDEA_4-1.jpg\" class=\"attachment-full size-full\" alt=\"\" srcset=\"https:\/\/agripedia.ch\/agriculture-et-ville\/wp-content\/uploads\/sites\/20\/2020\/12\/Quartierhof-Wynegg_c_AGRIDEA_4-1-200x150.jpg 200w, https:\/\/agripedia.ch\/agriculture-et-ville\/wp-content\/uploads\/sites\/20\/2020\/12\/Quartierhof-Wynegg_c_AGRIDEA_4-1-300x225.jpg 300w, https:\/\/agripedia.ch\/agriculture-et-ville\/wp-content\/uploads\/sites\/20\/2020\/12\/Quartierhof-Wynegg_c_AGRIDEA_4-1-400x300.jpg 400w, https:\/\/agripedia.ch\/agriculture-et-ville\/wp-content\/uploads\/sites\/20\/2020\/12\/Quartierhof-Wynegg_c_AGRIDEA_4-1-600x449.jpg 600w, https:\/\/agripedia.ch\/agriculture-et-ville\/wp-content\/uploads\/sites\/20\/2020\/12\/Quartierhof-Wynegg_c_AGRIDEA_4-1-768x575.jpg 768w, https:\/\/agripedia.ch\/agriculture-et-ville\/wp-content\/uploads\/sites\/20\/2020\/12\/Quartierhof-Wynegg_c_AGRIDEA_4-1-800x599.jpg 800w, https:\/\/agripedia.ch\/agriculture-et-ville\/wp-content\/uploads\/sites\/20\/2020\/12\/Quartierhof-Wynegg_c_AGRIDEA_4-1-1024x767.jpg 1024w, https:\/\/agripedia.ch\/agriculture-et-ville\/wp-content\/uploads\/sites\/20\/2020\/12\/Quartierhof-Wynegg_c_AGRIDEA_4-1.jpg 1100w\" sizes=\"(max-width: 1100px) 100vw, 1100px\" \/><\/a><\/div><\/div><\/div><div class=\"swiper-slide\"><div class=\"fusion-carousel-item-wrapper\"><div class=\"fusion-image-wrapper hover-type-none\"><a data-rel=\"iLightbox[image_carousel_1]\" data-caption=\"(c) AGRIDEA\" data-title=\"Quartierhof Wynegg (c) AGRIDEA\" aria-label=\"Quartierhof Wynegg (c) AGRIDEA\" href=\"https:\/\/agripedia.ch\/urbane-landwirtschaft\/wp-content\/uploads\/sites\/20\/2020\/12\/Quartierhof-Wynegg_c_AGRIDEA_5-1.jpg\" target=\"_self\"><img decoding=\"async\" width=\"1100\" height=\"824\" src=\"https:\/\/agripedia.ch\/agriculture-et-ville\/wp-content\/uploads\/sites\/20\/2020\/12\/Quartierhof-Wynegg_c_AGRIDEA_5-1.jpg\" class=\"attachment-full size-full\" alt=\"\" srcset=\"https:\/\/agripedia.ch\/agriculture-et-ville\/wp-content\/uploads\/sites\/20\/2020\/12\/Quartierhof-Wynegg_c_AGRIDEA_5-1-200x150.jpg 200w, https:\/\/agripedia.ch\/agriculture-et-ville\/wp-content\/uploads\/sites\/20\/2020\/12\/Quartierhof-Wynegg_c_AGRIDEA_5-1-300x225.jpg 300w, https:\/\/agripedia.ch\/agriculture-et-ville\/wp-content\/uploads\/sites\/20\/2020\/12\/Quartierhof-Wynegg_c_AGRIDEA_5-1-400x300.jpg 400w, https:\/\/agripedia.ch\/agriculture-et-ville\/wp-content\/uploads\/sites\/20\/2020\/12\/Quartierhof-Wynegg_c_AGRIDEA_5-1-600x449.jpg 600w, https:\/\/agripedia.ch\/agriculture-et-ville\/wp-content\/uploads\/sites\/20\/2020\/12\/Quartierhof-Wynegg_c_AGRIDEA_5-1-768x575.jpg 768w, https:\/\/agripedia.ch\/agriculture-et-ville\/wp-content\/uploads\/sites\/20\/2020\/12\/Quartierhof-Wynegg_c_AGRIDEA_5-1-800x599.jpg 800w, https:\/\/agripedia.ch\/agriculture-et-ville\/wp-content\/uploads\/sites\/20\/2020\/12\/Quartierhof-Wynegg_c_AGRIDEA_5-1-1024x767.jpg 1024w, https:\/\/agripedia.ch\/agriculture-et-ville\/wp-content\/uploads\/sites\/20\/2020\/12\/Quartierhof-Wynegg_c_AGRIDEA_5-1.jpg 1100w\" sizes=\"(max-width: 1100px) 100vw, 1100px\" \/><\/a><\/div><\/div><\/div><\/div><div class=\"awb-swiper-button awb-swiper-button-prev\"><i class=\"awb-icon-angle-left\" aria-hidden=\"true\"><\/i><\/div><div class=\"awb-swiper-button awb-swiper-button-next\"><i class=\"awb-icon-angle-right\" aria-hidden=\"true\"><\/i><\/div><\/div><\/div><div class=\"fusion-separator fusion-full-width-sep agri-separator\" style=\"align-self: center;margin-left: auto;margin-right: auto;width:100%;\"><\/div><div class=\"fusion-title title fusion-title-2 fusion-sep-none fusion-title-text fusion-title-size-four mf-contact\"><h4 class=\"fusion-title-heading title-heading-left fusion-responsive-typography-calculated\" style=\"margin:0;--fontSize:24;--minFontSize:24;line-height:1.5;\">Kontakt<\/h4><\/div><div class=\"fusion-text fusion-text-2\"><p>Quartierhof Wynegg<br \/>\nWeineggstrasse 44a<br \/>\n8008 Z\u00fcrich<\/p>\n<\/div><\/div><\/div><div class=\"fusion-layout-column fusion_builder_column fusion-builder-column-4 fusion_builder_column_1_2 1_2 fusion-flex-column\" style=\"--awb-bg-size:cover;--awb-width-large:50%;--awb-margin-top-large:0px;--awb-spacing-right-large:3.84%;--awb-margin-bottom-large:20px;--awb-spacing-left-large:3.84%;--awb-width-medium:100%;--awb-spacing-right-medium:1.92%;--awb-spacing-left-medium:1.92%;--awb-width-small:100%;--awb-spacing-right-small:1.92%;--awb-spacing-left-small:1.92%;\"><div class=\"fusion-column-wrapper fusion-column-has-shadow fusion-flex-justify-content-flex-start fusion-content-layout-column\">\n<div class=\"table-2\">\n<table width=\"100%\">\n<tbody>\n<tr>\n<td align=\"left\"><strong>Name:\u00a0<\/strong><\/td>\n<td align=\"left\">Quartierhof Wynegg<\/td>\n<\/tr>\n<tr>\n<td align=\"left\"><strong>Link:\u00a0<\/strong><\/td>\n<td align=\"left\"><a href=\"https:\/\/www.quartierhof-wynegg.ch\" target=\"_blank\" rel=\"noopener noreferrer\">www.quartierhof-wynegg.ch<\/a><\/td>\n<\/tr>\n<tr>\n<td align=\"left\"><strong>Ort:\u00a0<\/strong><\/td>\n<td align=\"left\">Z\u00fcrich<\/td>\n<\/tr>\n<tr>\n<td align=\"left\"><strong>Rechtsform:\u00a0<\/strong><\/td>\n<td align=\"left\">Verein<\/td>\n<\/tr>\n<tr>\n<td align=\"left\"><strong>Mitarbeitende:\u00a0<\/strong><\/td>\n<td align=\"left\">1 Angestellte Person (70%), zum Teil Personen \u00fcber ein Arbeitsintegrationsprogramm, 10 Vorstandsmitglieder, ca. 300 aktive Vereinsmitglieder, von Fr\u00fchjahr bis Herbst 1x\/Monat Arbeitseins\u00e4tze mit Asylsuchenden<\/td>\n<\/tr>\n<tr>\n<td align=\"left\"><strong>Anz. Mitglieder:<\/strong><\/td>\n<td align=\"left\">ca. 300 aktive Vereinsmitglieder, ca. 1500 passive Vereinsmitglieder<\/td>\n<\/tr>\n<tr>\n<td align=\"left\"><strong>Jahresbudget:\u00a0<\/strong><\/td>\n<td align=\"left\">ca. CHF 120 000.\u2013 &amp; Mitgliederbeitr\u00e4ge (ca. 31 000.\u2013)<\/td>\n<\/tr>\n<tr>\n<td align=\"left\"><strong>Gr\u00f6sse:\u00a0<\/strong><\/td>\n<td align=\"left\">5 ha<\/td>\n<\/tr>\n<tr>\n<td align=\"left\"><strong>Landwirtschaftszone: <\/strong><\/td>\n<td align=\"left\">nein<\/td>\n<\/tr>\n<\/tbody>\n<\/table>\n<\/div>\n<\/div><\/div><\/div><\/div><div class=\"fusion-fullwidth fullwidth-box fusion-builder-row-3 nonhundred-percent-fullwidth non-hundred-percent-height-scrolling\" style=\"--awb-border-radius-top-left:0px;--awb-border-radius-top-right:0px;--awb-border-radius-bottom-right:0px;--awb-border-radius-bottom-left:0px;--awb-flex-wrap:wrap;\" ><div class=\"fusion-builder-row fusion-row\"><div class=\"fusion-layout-column fusion_builder_column fusion-builder-column-5 fusion_builder_column_1_1 1_1 fusion-one-full fusion-column-first fusion-column-last\" style=\"--awb-bg-size:cover;\" id=\"aktivit\u00e4ten\"><div class=\"fusion-column-wrapper fusion-column-has-shadow fusion-flex-column-wrapper-legacy\"><div class=\"fusion-title title fusion-title-3 fusion-sep-none fusion-title-text fusion-title-size-four\"><h4 class=\"fusion-title-heading title-heading-left fusion-responsive-typography-calculated\" style=\"margin:0;--fontSize:24;--minFontSize:24;line-height:1.5;\">Aktivit\u00e4ten<\/h4><\/div><div class=\"fusion-text fusion-text-3\"><p>Die Aktivit\u00e4ten am Quartierhof sind vielf\u00e4ltig. In insgesamt 12 verschiedenen Arbeitsgruppen halten die Mitglieder Hasen, H\u00fchner, Schafe und Ponys, Mulis und Wollschweine, produzieren Most, Schnaps und Wein und k\u00fcmmern sich um den Gem\u00fcsegarten und die Hochstammb\u00e4ume bzw. die Pflege der Naturschutzfl\u00e4chen. Ausserdem gibt es Angebote f\u00fcr Schulen und Kinderg\u00e4rten und verschiedene Anl\u00e4sse und Feste wie Heuen, Sonntagsgrills, das j\u00e4hrliche Mostfest als gr\u00f6sstes Fest, das Fr\u00fchlingsfest, die Metzgete, den w\u00f6chentlichen Mittagstisch etc. Im kleinen Hofladen werden Most und \u00dcbersch\u00fcsse aus dem Gemeinschaftsgarten und aus dem Obstgarten verkauft. Der Gemeinschaftsgarten wurde urspr\u00fcnglich gegr\u00fcndet, um eigene Produkte f\u00fcr die Anl\u00e4sse zu haben. Inzwischen reicht die Ernte ausserdem f\u00fcr zehn Gem\u00fcseabonnements.<\/p>\n<p>Auch wenn die Gewinne aus diesen Aktivit\u00e4ten durchaus ein relevanter Beitrag im Jahresbudget des Tr\u00e4gerverein des Quartierhofs sind, spielen die Produktion und die Vermarktung insgesamt keine tragende Rolle, denn die Partizipation und der Wissenstransfer stehen auf dem Quartierhof klar im Vordergrund. Ziel ist es, den Hof als Freiraum zu erhalten, in dem die Leute sich einbringen, selbst aktiv werden und voneinander lernen k\u00f6nnen. Insgesamt sind in den 12 Arbeitsgruppen ca. 300 Menschen aktiv. Die Hierarchien sind flach. Die Gruppen organisieren sich weitgehend selbst, sollten \u2013 abgesehen von der Miete \u2013 auch finanziell auf eigenen Beinen stehen und auch Entscheidungen, die die Gruppe betreffen, werden innerhalb der einzelnen Gruppen getroffen.<\/p>\n<p>Der Quartierhof basiert sehr stark auf den pers\u00f6nlichen Beziehungen zwischen den Menschen, insbesondere auch, was den Wissenstransfer betrifft. Wichtigste Wissensquelle ist das Netzwerk. So gibt es innerhalb der Gruppen immer erfahrene und weniger erfahrene Leute, die von den Erfahrenen lernen k\u00f6nnen. Beispielsweise in der Naturschutzgruppe: Einige der Mitglieder arbeiten auch beruflich in \u00e4hnlichen Bereichen, etwa ein erfahrener G\u00e4rtner. Austausch gibt es ausserdem mit einem befreundeten Bauern und die Mitarbeitenden vom botanischen Garten kommen zum Mittagstisch und stehen dort mit Rat zur Verf\u00fcgung. Zudem hat der Bewirtschafter inzwischen viel Fachwissen aufgebaut, durch die Arbeit auf dem Hof und punktuelle Weiterbildungen.<\/p>\n<\/div><div class=\"fusion-testimonials classic awb-speech-bubble-show fusion-testimonials-1\" style=\"--awb-textcolor:#747474;--awb-backgroundcolor:#f6f6f6;--awb-testimonial-border-style:solid;--awb-testimonial-border-color:var(--awb-color3);--awb-border-top-left-radius:0px;--awb-border-top-right-radius:0px;--awb-border-bottom-left-radius:0px;--awb-border-bottom-right-radius:0px;--testimonial-border-width-top:0px;--testimonial-border-width-right:0px;--testimonial-border-width-bottom:0px;--testimonial-border-width-left:0px;\" data-random=\"0\" data-speed=\"4000\"><div class=\"reviews\"><div class=\"review active-testimonial no-avatar\"><blockquote><div class=\"awb-quote\"><div class=\"awb-quote-content\">\n<p>\u00abDas Pers\u00f6nliche ist bei uns wichtig. Wir haben ein grosses Netzwerk, auf das wir zur\u00fcckgreifen k\u00f6nnen.\u00bb<\/p>\n<\/div><\/div><span class=\"awb-triangle\"><\/span><\/blockquote><div class=\"author\"><span class=\"company-name\"><strong>Lena Hochuli<\/strong><span>, <\/span><span>Vorstandsmitglied<\/span><\/span><\/div><\/div><\/div><\/div><div class=\"fusion-clearfix\"><\/div><\/div><\/div><div class=\"fusion-layout-column fusion_builder_column fusion-builder-column-6 fusion_builder_column_1_1 1_1 fusion-one-full fusion-column-first fusion-column-last\" style=\"--awb-bg-size:cover;\" id=\"arbeit\"><div class=\"fusion-column-wrapper fusion-column-has-shadow fusion-flex-column-wrapper-legacy\"><div class=\"fusion-title title fusion-title-4 fusion-sep-none fusion-title-text fusion-title-size-four\"><h4 class=\"fusion-title-heading title-heading-left fusion-responsive-typography-calculated\" style=\"margin:0;--fontSize:24;--minFontSize:24;line-height:1.5;\">Wer arbeitet mit?<\/h4><\/div><div class=\"fusion-text fusion-text-4\"><p>Tr\u00e4gerverein ist der Verein Quartierhof Wynegg. Im Vereinsvorstand sind derzeit 10 Personen aktiv, sie haben jeweils ihr eigenes Ressort. Die Hintergr\u00fcnde der Vorstandsmitglieder sind sehr unterschiedlich, ebenso wie ihr Alter und ihre r\u00e4umliche N\u00e4he zum Hof. Das Team ist damit ebenso vielf\u00e4ltig wie der Verein selbst und die Leute erg\u00e4nzen sich gut. Neben den Vorstandsmitgliedern engagieren sich ca. 300 aktive Mitglieder in den 12 thematischen Gruppen. Jede Arbeitsgruppe ist im Vorstand vertreten \u2013 in der Regel durch ein Vorstandsmitglied. Neben den Vorstandssitzungen gibt es regelm\u00e4ssige Sitzungen mit Vorstand und Gruppenvertreter\/innen, in denen strategische Fragen und gruppen\u00fcbergreifende Themen behandelt werden.<\/p>\n<p>Hans Peter Landert ist als \u00abBewirtschafter\u00bb die einzige fix angestellte Person (70%). Er k\u00fcmmert sich um die Landwirtschaft (Tiere f\u00fcttern, Obstbaumpflege, Instandhaltungsarbeiten etc.) und um die Vermietung der Remise. Der gelernte Keramiker hat zwar keine landwirtschaftliche Ausbildung, hat aber unterschiedliche Weiterbildungen zu wichtigen Themen besucht, beispielsweise zum Obstbaumschnitt. Immer wieder sind ausserdem Personen \u00fcber das HEKS auf dem Hof besch\u00e4ftigt. Zus\u00e4tzlich gibt es monatliche Arbeitseins\u00e4tze von Leuten aus dem Bundesasylzentrum Z\u00fcrich, v.a. f\u00fcr die Kompostanlage und f\u00fcr die Pflege der B\u00e4ume.<\/p>\n<\/div><div class=\"fusion-clearfix\"><\/div><\/div><\/div><div class=\"fusion-layout-column fusion_builder_column fusion-builder-column-7 fusion_builder_column_1_1 1_1 fusion-one-full fusion-column-first fusion-column-last\" style=\"--awb-bg-size:cover;\" id=\"geschichte\"><div class=\"fusion-column-wrapper fusion-column-has-shadow fusion-flex-column-wrapper-legacy\"><div class=\"fusion-title title fusion-title-5 fusion-sep-none fusion-title-text fusion-title-size-four\"><h4 class=\"fusion-title-heading title-heading-left fusion-responsive-typography-calculated\" style=\"margin:0;--fontSize:24;--minFontSize:24;line-height:1.5;\">Geschichte und Zukunft<\/h4><\/div><div class=\"fusion-text fusion-text-5\"><p>Der Quartierhof ist vor mehr als 20 Jahren als Zwischennutzung entstanden, nachdem die letzten Bewirtschafter aufgeh\u00f6rt hatten. Ein wichtiger Meilenstein in der Entwicklung des Hofs war die Gr\u00fcndung des Tr\u00e4gervereins Quartierhof Wynegg im Jahr 1997. In diesem Jahr wurden auch einzelne Geb\u00e4ude umgebaut bzw. saniert und die ersten Tiere, betreut von den ersten Arbeitsgruppen aus Quartierbewohnerinnen, zogen auf den Hof.<\/p>\n<p>Die Stadtbev\u00f6lkerung war von Anfang an wichtig f\u00fcr das Projekt: Zu Beginn waren es insbesondere engagierte Personen aus dem Umfeld des Quartiervereins, die sich daf\u00fcr einsetzten, den Hof zu erhalten und weiter zu nutzen \u2013 unter anderem auch durch Aktionen wie Einsprachen gegen Bauprojekte. Denn w\u00e4hrend ein Grossteil des Umlandes des Quartierhofes in der Freihaltezone ist, befindet sich das Hofgeb\u00e4ude mit ca. 10 000 m2 in der Wohnzone. Ein Umstand, der den Fortbestand des Hofes zeitweise gef\u00e4hrdet hat. Mit dem einstimmigen Beschluss des Z\u00fcrcher Gemeinderats im Jahr 2016, den Quartierhof und die Hofparzelle vom Kanton zu \u00fcbernehmen, ist der Quartierhof nun endg\u00fcltig gesichert.<\/p>\n<p>Der Verein ist \u00fcber die Jahre langsam, aber stetig gewachsen und gut abgesichert. Um dem Wachstum Rechnung zu tragen, wurde der Verein im Jahr 2012 neu strukturiert: Mit einem schlankeren Vorstand soll das Funktionieren des Vereins auch in Zukunft gew\u00e4hrleistet werden.<\/p>\n<\/div><div class=\"fusion-testimonials classic awb-speech-bubble-show fusion-testimonials-2\" style=\"--awb-textcolor:#747474;--awb-backgroundcolor:#f6f6f6;--awb-testimonial-border-style:solid;--awb-testimonial-border-color:var(--awb-color3);--awb-border-top-left-radius:0px;--awb-border-top-right-radius:0px;--awb-border-bottom-left-radius:0px;--awb-border-bottom-right-radius:0px;--testimonial-border-width-top:0px;--testimonial-border-width-right:0px;--testimonial-border-width-bottom:0px;--testimonial-border-width-left:0px;\" data-random=\"0\" data-speed=\"4000\"><div class=\"reviews\"><div class=\"review active-testimonial no-avatar\"><blockquote><div class=\"awb-quote\"><div class=\"awb-quote-content\">\n<p>\u00abUnser Hauptziel ist, dass es so weitergehen kann wie bisher; dass es auch weiterhin Platz f\u00fcr neue Ideen hat. Wichtig ist, dass wir kein \u201ageschlossener Club\u2018\u00a0werden, sondern dass neue Leute mit ihren Ideen kommen k\u00f6nnen. Daf\u00fcr versuchen wir im Rahmen des bevorstehenden Umbaus auch Platz zu schaffen.\u00bb<\/p>\n<\/div><\/div><span class=\"awb-triangle\"><\/span><\/blockquote><div class=\"author\"><span class=\"company-name\"><strong>Lena Hochuli<\/strong><span>, <\/span><span>Vorstandsmitglied<\/span><\/span><\/div><\/div><\/div><\/div><div class=\"fusion-clearfix\"><\/div><\/div><\/div><div class=\"fusion-layout-column fusion_builder_column fusion-builder-column-8 fusion_builder_column_1_1 1_1 fusion-one-full fusion-column-first fusion-column-last\" style=\"--awb-bg-size:cover;\"><div class=\"fusion-column-wrapper fusion-column-has-shadow fusion-flex-column-wrapper-legacy\"><div class=\"fusion-title title fusion-title-6 fusion-sep-none fusion-title-text fusion-title-size-four\" id=\"finanzierung\"><h4 class=\"fusion-title-heading title-heading-left fusion-responsive-typography-calculated\" style=\"margin:0;--fontSize:24;--minFontSize:24;line-height:1.5;\">Finanzierung<\/h4><\/div><div class=\"fusion-text fusion-text-6\"><p>Der Quartierhof erh\u00e4lt finanzielle Unterst\u00fctzung durch das Sozialdepartement der Stadt Z\u00fcrich (knapp CHF 50 000.\u2013). Ausserdem bringen die Vermietung der Remise, der Verkauf ab Hof (v.a. Most) und unterschiedliche Anl\u00e4sse wie das Mostfest oder die Hofk\u00fcche Einnahmen. Die Mitglieder bezahlen Mitgliederbeitr\u00e4ge in der H\u00f6he von CHF 40.00 pro Jahr.<br \/>\nKosten entstehen durch den Lohn f\u00fcr den Bewirtschafter (70% Fixanstellung), durch Instandhaltungsarbeiten, die Miete (derzeit CHF 1000.\u2013 im Monat) sowie f\u00fcr Anschaffungen, Reparaturen etc.<\/p>\n<p>Es gibt keine spezifische Zielgruppe. Der Quartierhof spricht interessierte Personen aus der Bev\u00f6lkerung an, die sich in den unterschiedlichen Gruppen engagieren wollen. Die Miete einmal ausgenommen, sollten die Gruppen die laufenden Kosten jeweils selbst tragen. Wenn Geld fehlt, k\u00f6nnen sie beim Vorstand aber auch ein Darlehen oder eine Gutschrift beantragen. Auch Entscheidungen f\u00fcr gr\u00f6ssere Anschaffungen\/Kosten, die mehrere Gruppen betreffen, werden im Vorstand per Mehrheitsentscheid getroffen. Knappe Entscheidungen gibt es erfahrungsgem\u00e4ss nicht, nach ausf\u00fchrlicher Diskussion herrscht meist Einstimmigkeit.<\/p>\n<\/div><div class=\"fusion-clearfix\"><\/div><\/div><\/div><div class=\"fusion-layout-column fusion_builder_column fusion-builder-column-9 fusion_builder_column_1_1 1_1 fusion-one-full fusion-column-first fusion-column-last\" style=\"--awb-bg-size:cover;\" id=\"erfolge\"><div class=\"fusion-column-wrapper fusion-column-has-shadow fusion-flex-column-wrapper-legacy\"><div class=\"fusion-title title fusion-title-7 fusion-sep-none fusion-title-text fusion-title-size-four\"><h4 class=\"fusion-title-heading title-heading-left fusion-responsive-typography-calculated\" style=\"margin:0;--fontSize:24;--minFontSize:24;line-height:1.5;\">Erfolge<\/h4><\/div><div class=\"fusion-text fusion-text-7\"><p>Insgesamt ist der Quartierhof ein grosser Erfolg. Der Verein ist langsam gewachsen und der Hof f\u00fcr die Zukunft gesichert. Wichtig daf\u00fcr waren und sind die N\u00e4he zur Bev\u00f6lkerung, die Offenheit und der Freiraum, den dieser bietet. Man kann sich mit eigenen, auch neuen Ideen einbringen und ist doch Teil einer gr\u00f6sseren Gemeinschaft. Damit ist der Hof breit abgest\u00fctzt und das Gelingen h\u00e4ngt nicht von einzelnen Leuten oder einzelnen Gruppen ab.<\/p>\n<\/div><div class=\"fusion-clearfix\"><\/div><\/div><\/div><div class=\"fusion-layout-column fusion_builder_column fusion-builder-column-10 fusion_builder_column_1_1 1_1 fusion-one-full fusion-column-first fusion-column-last\" style=\"--awb-bg-size:cover;\" id=\"herausforderungen\"><div class=\"fusion-column-wrapper fusion-column-has-shadow fusion-flex-column-wrapper-legacy\"><div class=\"fusion-title title fusion-title-8 fusion-sep-none fusion-title-text fusion-title-size-four\"><h4 class=\"fusion-title-heading title-heading-left fusion-responsive-typography-calculated\" style=\"margin:0;--fontSize:24;--minFontSize:24;line-height:1.5;\">Herausforderungen<\/h4><\/div><div class=\"fusion-text fusion-text-8\"><p>Derzeit befindet sich der Quartierhof in einer \u00dcbergangszeit. Bis 2016 war der Kanton Eigent\u00fcmer und damit Ansprechpartner f\u00fcr Geb\u00e4ude und Fl\u00e4chen, seit dem Landabtausch mit dem Kanton ist es nun die Stadt Z\u00fcrich. W\u00e4hrend der Kanton viel Freiraum bot, sind die Vorstellungen der Stadt konkreter \u2013 hat sie doch die Quartierh\u00f6fe auch in ihrer Landwirtschaftsstrategie verankert. Hinzu kommen Einschr\u00e4nkungen durch die Bau- und Zonenordnung, die nun f\u00fcr den Verein konkret sp\u00fcrbar sind und die m\u00f6glicherweise sogar den R\u00fcckbau einzelner Bauten (Koppeln f\u00fcr Ponys) notwendig machen.<\/p>\n<p>Eine weitere Herausforderung sind notwendige Investitionen f\u00fcr Renovationen. Lange Zeit wurde wenig in den Hof investiert, aufgrund der Hygiene- und Sicherheitsvorschriften sind jedoch bauliche Massnahmen notwendig. Die Baumassnahmen sollen ausserdem Spielraum f\u00fcr neue Aktivit\u00e4ten schaffen. Verhandlungen mit der Stadt dazu laufen und auch eine Machbarkeitsstudie wurde durchgef\u00fchrt. Der Verein ist zuversichtlich, dass eine gute L\u00f6sung gefunden werden kann. Denn auch die Stadt selbst hat ein Interesse daran, dass der Hof weiter besteht.<\/p>\n<p>Herausfordernd kann manchmal auch die bunte Mischung an Leuten sein, die am Quartierhof aktiv sind. Es \u201emenschelt\u201c \u2013 aber das ist zugleich ja auch positiv. Die starke Abh\u00e4ngigkeit vom ehrenamtlichen Engagement der Mitglieder bedeutet manchmal ausserdem, dass Ideen nur verwirklicht werden k\u00f6nnen, wenn sich ein Kernteam mit hohem Interesse daran bildet und bereit ist, sich daf\u00fcr zu engagieren.<\/p>\n<\/div><div class=\"fusion-clearfix\"><\/div><\/div><\/div><div class=\"fusion-layout-column fusion_builder_column fusion-builder-column-11 fusion_builder_column_1_1 1_1 fusion-one-full fusion-column-first fusion-column-last\" style=\"--awb-bg-size:cover;\" id=\"land\"><div class=\"fusion-column-wrapper fusion-column-has-shadow fusion-flex-column-wrapper-legacy\"><div class=\"fusion-title title fusion-title-9 fusion-sep-none fusion-title-text fusion-title-size-four\"><h4 class=\"fusion-title-heading title-heading-left fusion-responsive-typography-calculated\" style=\"margin:0;--fontSize:24;--minFontSize:24;line-height:1.5;\">Zugang zu Land<\/h4><\/div><div class=\"fusion-text fusion-text-9\"><p>Die insgesamt 5 ha Fl\u00e4che, die der Quartierhof inzwischen bewirtschaftet, sind z.T. Freihaltezone, z.T. aber auch Bauland. Der Hof und ein Teil der Fl\u00e4chen geh\u00f6ren der Stadt Z\u00fcrich (seit dem Landabtausch vor wenigen Jahren), ein Teil des Landes geh\u00f6rt noch dem Kanton und wird von der Stadt gepachtet. Der Verein mietet Hof und Land zu einem sehr moderaten Mietzins. Die Maschinen und Tiere geh\u00f6ren dem Verein.<\/p>\n<p>Der Quartierhof hat im Laufe der Jahre Fl\u00e4chen von der Stadt dazubekommen, in der Regel extensive Obstwiesen. Teilweise wurde der Verein auch angefragt, ob er Fl\u00e4chen \u00fcbernehmen kann. Denn die Mitglieder der Naturschutzgruppe hatten bereits viel Erfahrung, die Zusammenarbeit funktionierte gut und die Kosten f\u00fcr die Pflege der Fl\u00e4chen bleiben durch das ehrenamtliche Engagement niedrig.<\/p>\n<\/div><div class=\"fusion-clearfix\"><\/div><\/div><\/div><div class=\"fusion-layout-column fusion_builder_column fusion-builder-column-12 fusion_builder_column_1_1 1_1 fusion-one-full fusion-column-first fusion-column-last\" style=\"--awb-bg-size:cover;\" id=\"stadtbezug\"><div class=\"fusion-column-wrapper fusion-column-has-shadow fusion-flex-column-wrapper-legacy\"><div class=\"fusion-title title fusion-title-10 fusion-sep-none fusion-title-text fusion-title-size-four\"><h4 class=\"fusion-title-heading title-heading-left fusion-responsive-typography-calculated\" style=\"margin:0;--fontSize:24;--minFontSize:24;line-height:1.5;\">Bezug zur Stadt<\/h4><\/div><div class=\"fusion-text fusion-text-10\"><p>Der Quartierhof Wynegg sieht sich als wichtigen Player im Themenfeld urbane Landwirtschaft. Die Mitglieder sind Leute, die in der Stadt Z\u00fcrich leben. F\u00fcr sie ist der Hof Lernort und Treffpunkt, eine M\u00f6glichkeit Unterschiedliches rund um die Themen Landwirtschaft und Ern\u00e4hrung auszuprobieren und Wissen weiterzugeben. Als Mitglied beim Ern\u00e4hrungsforum Z\u00fcrich bringt sich der Quartierhof auch aktiv in aktuelle Debatten bzw. Projekte zum Thema ein.<\/p>\n<\/div><div class=\"fusion-testimonials classic awb-speech-bubble-show fusion-testimonials-3\" style=\"--awb-textcolor:#747474;--awb-backgroundcolor:#f6f6f6;--awb-testimonial-border-style:solid;--awb-testimonial-border-color:var(--awb-color3);--awb-border-top-left-radius:0px;--awb-border-top-right-radius:0px;--awb-border-bottom-left-radius:0px;--awb-border-bottom-right-radius:0px;--testimonial-border-width-top:0px;--testimonial-border-width-right:0px;--testimonial-border-width-bottom:0px;--testimonial-border-width-left:0px;\" data-random=\"0\" data-speed=\"4000\"><div class=\"reviews\"><div class=\"review active-testimonial no-avatar\"><blockquote><div class=\"awb-quote\"><div class=\"awb-quote-content\">\n<p>\u00abWir sehen uns immer mehr als Player im Bereich urbane Landwirtschaft, Nachhaltigkeit und regionale Produktion. Es gibt in Z\u00fcrich dazu immer mehr Initiativen. Wir sind Teil dieses entstehenden Netzwerks. Weniger im Bereich Produktion, aber im Bereich Wissenstransfer. Die Leute k\u00f6nnen hierher kommen und k\u00f6nnen selbst etwas lernen. Unsere Mitglieder sind ja Leute, die in der Stadt wohnen. Ihr Alltag hat nichts mit Landwirtschaft zu tun. Aber trotzdem sind sie sehr interessiert.\u00bb<\/p>\n<\/div><\/div><span class=\"awb-triangle\"><\/span><\/blockquote><div class=\"author\"><span class=\"company-name\"><strong>Lena Hochuli<\/strong><span>, <\/span><span>Vorstandsmitglied<\/span><\/span><\/div><\/div><\/div><\/div><div class=\"fusion-clearfix\"><\/div><\/div><\/div><div class=\"fusion-layout-column fusion_builder_column fusion-builder-column-13 fusion_builder_column_1_1 1_1 fusion-one-full fusion-column-first fusion-column-last\" style=\"--awb-bg-size:cover;\" id=\"st\u00e4rken\"><div class=\"fusion-column-wrapper fusion-column-has-shadow fusion-flex-column-wrapper-legacy\"><div class=\"fusion-title title fusion-title-11 fusion-sep-none fusion-title-text fusion-title-size-four\"><h4 class=\"fusion-title-heading title-heading-left fusion-responsive-typography-calculated\" style=\"margin:0;--fontSize:24;--minFontSize:24;line-height:1.5;\">St\u00e4rken<\/h4><\/div><div class=\"fusion-text fusion-text-11\"><ul>\n<li>Breit abgest\u00fctzter Verein als Tr\u00e4gerorganisation mit zw\u00f6lf unterschiedlichen Arbeitsgruppen, die sich um die unterschiedlichen T\u00e4tigkeitsbereiche k\u00fcmmern.<\/li>\n<li>Einfache Entscheidungsprozesse im Verein mit flachen Hierarchien und sehr selbst\u00e4ndig arbeitenden Arbeitsgruppen.<\/li>\n<li>Fokus auf Partizipation, Lern- und Erfahrungsr\u00e4ume bieten, die M\u00f6glichkeit selbst aktiv zu werden und \u00abeinfach einmal etwas zu machen\u00bb<\/li>\n<li>Finanzierung \u00fcber das Sozialdepartement der Stadt Z\u00fcrich (Bereich Soziokultur) sowie \u00fcber Feste und Mitgliederbeitr\u00e4ge<\/li>\n<\/ul>\n<p>Die Zitate stammen von Vorstandsmitglied Lena Hochuli. Die Fotos machte die AGRIDEA.<\/p>\n<\/div><div class=\"fusion-clearfix\"><\/div><\/div><\/div><\/div><\/div><\/p>\n","protected":false},"excerpt":{"rendered":"","protected":false},"author":234,"featured_media":0,"parent":0,"menu_order":0,"comment_status":"closed","ping_status":"closed","template":"","meta":{"_sb_is_suggestion_mode":false,"_sb_show_suggestion_boards":false,"_sb_show_comment_boards":false,"_sb_suggestion_history":"","_sb_update_block_changes":"","_monsterinsights_skip_tracking":false,"_monsterinsights_sitenote_active":false,"_monsterinsights_sitenote_note":"","_monsterinsights_sitenote_category":0,"footnotes":""},"class_list":["post-414","page","type-page","status-publish","hentry"],"aioseo_notices":[],"_links":{"self":[{"href":"https:\/\/agripedia.ch\/agriculture-et-ville\/de\/wp-json\/wp\/v2\/pages\/414","targetHints":{"allow":["GET"]}}],"collection":[{"href":"https:\/\/agripedia.ch\/agriculture-et-ville\/de\/wp-json\/wp\/v2\/pages"}],"about":[{"href":"https:\/\/agripedia.ch\/agriculture-et-ville\/de\/wp-json\/wp\/v2\/types\/page"}],"author":[{"embeddable":true,"href":"https:\/\/agripedia.ch\/agriculture-et-ville\/de\/wp-json\/wp\/v2\/users\/234"}],"replies":[{"embeddable":true,"href":"https:\/\/agripedia.ch\/agriculture-et-ville\/de\/wp-json\/wp\/v2\/comments?post=414"}],"version-history":[{"count":29,"href":"https:\/\/agripedia.ch\/agriculture-et-ville\/de\/wp-json\/wp\/v2\/pages\/414\/revisions"}],"predecessor-version":[{"id":1483,"href":"https:\/\/agripedia.ch\/agriculture-et-ville\/de\/wp-json\/wp\/v2\/pages\/414\/revisions\/1483"}],"wp:attachment":[{"href":"https:\/\/agripedia.ch\/agriculture-et-ville\/de\/wp-json\/wp\/v2\/media?parent=414"}],"curies":[{"name":"wp","href":"https:\/\/api.w.org\/{rel}","templated":true}]}}