{"id":1224,"date":"2020-11-24T08:19:47","date_gmt":"2020-11-24T08:19:47","guid":{"rendered":"https:\/\/agripedia.ch\/urbane-landwirtschaft\/ferme-de-bude\/"},"modified":"2022-08-25T08:27:11","modified_gmt":"2022-08-25T08:27:11","slug":"ferme-de-bude","status":"publish","type":"page","link":"https:\/\/agripedia.ch\/agriculture-et-ville\/de\/ferme-de-bude\/","title":{"rendered":"Ferme de Bud\u00e9"},"content":{"rendered":"<p><div class=\"fusion-fullwidth fullwidth-box fusion-builder-row-1 fusion-flex-container nonhundred-percent-fullwidth non-hundred-percent-height-scrolling\" style=\"--awb-border-radius-top-left:0px;--awb-border-radius-top-right:0px;--awb-border-radius-bottom-right:0px;--awb-border-radius-bottom-left:0px;--awb-flex-wrap:wrap;\" ><div class=\"fusion-builder-row fusion-row fusion-flex-align-items-flex-start fusion-flex-content-wrap\" style=\"max-width:1144px;margin-left: calc(-4% \/ 2 );margin-right: calc(-4% \/ 2 );\"><div class=\"fusion-layout-column fusion_builder_column fusion-builder-column-0 fusion_builder_column_3_5 3_5 fusion-flex-column\" style=\"--awb-bg-size:cover;--awb-width-large:60%;--awb-margin-top-large:0px;--awb-spacing-right-large:3.2%;--awb-margin-bottom-large:20px;--awb-spacing-left-large:3.2%;--awb-width-medium:100%;--awb-order-medium:0;--awb-spacing-right-medium:1.92%;--awb-spacing-left-medium:1.92%;--awb-width-small:100%;--awb-order-small:0;--awb-spacing-right-small:1.92%;--awb-spacing-left-small:1.92%;\"><div class=\"fusion-column-wrapper fusion-column-has-shadow fusion-flex-justify-content-flex-start fusion-content-layout-column\"><div class=\"fusion-text fusion-text-1\"><p>Die Ferme de Bud\u00e9 ist ein Stadtbauernhof, der Stadt und Land n\u00e4her zusammenbringen soll. Zu diesem Zweck werden auf dem Landwirtschaftsbetrieb im Zentrum von Genf landwirtschaftliche Produkte erzeugt, die in Genf und Umgebung verkauft werden. Mit p\u00e4dagogischen Ans\u00e4tzen wie Schule auf dem Bauernhof und anderen Aktivit\u00e4ten soll die junge Generation f\u00fcr die Landwirtschaft sensibilisiert und ihre Verbindung zum Land gest\u00e4rkt werden. Das zentrale Element der Ferme de Bud\u00e9 ist der Markt auf dem Hof. Die Beschaffungspolitik f\u00fcr die auf dem Markt verkauften Produkte orientiert sich an den beiden Hauptkriterien lokal und biologisch produziert. 80-90 % der angebotenen Produkte erf\u00fcllen diese beiden Kriterien. Der Verkaufspreis der Produkte wird nicht ausgehandelt, sondern von den Produzenten festgelegt.<\/p>\n<\/div><\/div><\/div><div class=\"fusion-layout-column fusion_builder_column fusion-builder-column-1 fusion_builder_column_2_5 2_5 fusion-flex-column\" style=\"--awb-bg-size:cover;--awb-width-large:40%;--awb-margin-top-large:0px;--awb-spacing-right-large:4.8%;--awb-margin-bottom-large:20px;--awb-spacing-left-large:4.8%;--awb-width-medium:100%;--awb-order-medium:0;--awb-spacing-right-medium:1.92%;--awb-spacing-left-medium:1.92%;--awb-width-small:100%;--awb-order-small:0;--awb-spacing-right-small:1.92%;--awb-spacing-left-small:1.92%;\"><div class=\"fusion-column-wrapper fusion-column-has-shadow fusion-flex-justify-content-flex-start fusion-content-layout-column\"><div class=\"fusion-content-boxes content-boxes columns row fusion-columns-1 fusion-columns-total-1 fusion-content-boxes-1 content-boxes-icon-with-title content-left mf-summary\" style=\"--awb-hover-accent-color:#333333;--awb-circle-hover-accent-color:transparent;--awb-item-margin-bottom:40px;\" data-animationOffset=\"top-into-view\"><div style=\"--awb-backgroundcolor:rgba(255,255,255,0);\" class=\"fusion-column content-box-column content-box-column content-box-column-1 col-lg-12 col-md-12 col-sm-12 fusion-content-box-hover content-box-column-last content-box-column-last-in-row\"><div class=\"col content-box-wrapper content-wrapper link-area-link-icon icon-hover-animation-fade\" data-animationOffset=\"top-into-view\"><div class=\"heading icon-left\"><h2 class=\"content-box-heading fusion-responsive-typography-calculated\" style=\"--h2_typography-font-size:18px;--fontSize:18;line-height:1.5;\">Inhalt<\/h2><\/div><div class=\"fusion-clearfix\"><\/div><div class=\"content-container\">\n<ul>\n<li><a href=\"#carte-id\">Steckbrief<\/a><\/li>\n<li><a href=\"#gouvernance\">Gouvernanz<\/a><\/li>\n<li><a href=\"#design\">Design<\/a><\/li>\n<li><a href=\"#fiche-maraichage\">Datenblatt Gem\u00fcsebau<\/a><\/li>\n<li><a href=\"#fiche-batiment-equipement\">Datenblatt Geb\u00e4ude und Maschinen<\/a><\/li>\n<li><a href=\"#fiche-main-d-oeuvre\">Datenblatt Arbeitskr\u00e4fte<\/a><\/li>\n<li><a href=\"#fiche-sociale\">Datenblatt Soziales<\/a><\/li>\n<li><a href=\"#fiche-environnementale\">Datenblatt Umwelt<\/a><\/li>\n<li><a href=\"#chiffres-cles\">Kennzahlen<\/a><\/li>\n<li><a href=\"#fiche-business-modele\">Datenblatt Businessmodell<\/a><\/li>\n<li><a href=\"#temoignage\">Der Bewirtschafter zu den angestrebten Zielen<\/a><\/li>\n<li><a href=\"#projets\">Projekte<\/a><\/li>\n<li><a href=\"#resultats-economiques\">Betriebsergebnis<\/a><\/li>\n<\/ul>\n<\/div><\/div><\/div><div class=\"fusion-clearfix\"><\/div><\/div><\/div><\/div><\/div><\/div><div class=\"fusion-fullwidth fullwidth-box fusion-builder-row-2 fusion-flex-container mf-card-id nonhundred-percent-fullwidth non-hundred-percent-height-scrolling\" style=\"--awb-border-radius-top-left:0px;--awb-border-radius-top-right:0px;--awb-border-radius-bottom-right:0px;--awb-border-radius-bottom-left:0px;--awb-flex-wrap:wrap;\" ><div class=\"fusion-builder-row fusion-row fusion-flex-align-items-flex-start fusion-flex-content-wrap\" style=\"max-width:1144px;margin-left: calc(-4% \/ 2 );margin-right: calc(-4% \/ 2 );\"><div class=\"fusion-layout-column fusion_builder_column fusion-builder-column-2 fusion_builder_column_1_1 1_1 fusion-flex-column mf-card-id-heading\" style=\"--awb-bg-size:cover;--awb-width-large:100%;--awb-margin-top-large:0px;--awb-spacing-right-large:1.92%;--awb-margin-bottom-large:20px;--awb-spacing-left-large:1.92%;--awb-width-medium:100%;--awb-order-medium:0;--awb-spacing-right-medium:1.92%;--awb-spacing-left-medium:1.92%;--awb-width-small:100%;--awb-order-small:0;--awb-spacing-right-small:1.92%;--awb-spacing-left-small:1.92%;\" id=\"carte-id\"><div class=\"fusion-column-wrapper fusion-column-has-shadow fusion-flex-justify-content-flex-start fusion-content-layout-column\"><div class=\"fusion-title title fusion-title-1 fusion-sep-none fusion-title-text fusion-title-size-four mf-card-id-title\"><h4 class=\"fusion-title-heading title-heading-left fusion-responsive-typography-calculated\" style=\"margin:0;--fontSize:24;--minFontSize:24;line-height:1.5;\">Steckbrief<\/h4><\/div><\/div><\/div><div class=\"fusion-layout-column fusion_builder_column fusion-builder-column-3 fusion_builder_column_1_2 1_2 fusion-flex-column\" style=\"--awb-bg-size:cover;--awb-width-large:50%;--awb-margin-top-large:0px;--awb-spacing-right-large:3.84%;--awb-margin-bottom-large:20px;--awb-spacing-left-large:3.84%;--awb-width-medium:100%;--awb-order-medium:0;--awb-spacing-right-medium:1.92%;--awb-spacing-left-medium:1.92%;--awb-width-small:100%;--awb-order-small:0;--awb-spacing-right-small:1.92%;--awb-spacing-left-small:1.92%;\"><div class=\"fusion-column-wrapper fusion-column-has-shadow fusion-flex-justify-content-flex-start fusion-content-layout-column\"><div class=\"fusion-image-element \" style=\"--awb-caption-title-font-family:var(--h2_typography-font-family);--awb-caption-title-font-weight:var(--h2_typography-font-weight);--awb-caption-title-font-style:var(--h2_typography-font-style);--awb-caption-title-size:var(--h2_typography-font-size);--awb-caption-title-transform:var(--h2_typography-text-transform);--awb-caption-title-line-height:var(--h2_typography-line-height);--awb-caption-title-letter-spacing:var(--h2_typography-letter-spacing);\"><span class=\" fusion-imageframe imageframe-none imageframe-1 hover-type-none\"><img decoding=\"async\" title=\"Ferme de Bud\u00e9\" src=\"https:\/\/agripedia.ch\/microfermes\/wp-content\/uploads\/sites\/25\/2020\/11\/batiment_ferme_de_bude-1024x684.jpg\" alt class=\"img-responsive wp-image-156\"\/><\/span><\/div><div class=\"fusion-separator fusion-full-width-sep agri-separator\" style=\"align-self: center;margin-left: auto;margin-right: auto;width:100%;\"><\/div><div class=\"fusion-title title fusion-title-2 fusion-sep-none fusion-title-text fusion-title-size-four mf-contact\"><h4 class=\"fusion-title-heading title-heading-left fusion-responsive-typography-calculated\" style=\"margin:0;--fontSize:24;--minFontSize:24;line-height:1.5;\">Kontakt<\/h4><\/div><div class=\"fusion-text fusion-text-2\"><p>Chemin Mo\u00efse-Duboule 2<br \/>\n1209 Gen\u00e8ve<\/p>\n<p><a href=\"http:\/\/www.ferme-de-bude.ch\">www.ferme-de-bude.ch<\/a><br \/>\n<a href=\"mailto:contact@ferme-de-bude.ch\">contact@ferme-de-bude.ch<\/a><br \/>\n<a href=\"https:\/\/www.facebook.com\/fermedebude\/\">Facebook<\/a><\/p>\n<p>Tel. 022 777 17 00<\/p>\n<\/div><\/div><\/div><div class=\"fusion-layout-column fusion_builder_column fusion-builder-column-4 fusion_builder_column_1_2 1_2 fusion-flex-column\" style=\"--awb-bg-size:cover;--awb-width-large:50%;--awb-margin-top-large:0px;--awb-spacing-right-large:3.84%;--awb-margin-bottom-large:20px;--awb-spacing-left-large:3.84%;--awb-width-medium:100%;--awb-order-medium:0;--awb-spacing-right-medium:1.92%;--awb-spacing-left-medium:1.92%;--awb-width-small:100%;--awb-order-small:0;--awb-spacing-right-small:1.92%;--awb-spacing-left-small:1.92%;\"><div class=\"fusion-column-wrapper fusion-column-has-shadow fusion-flex-justify-content-flex-start fusion-content-layout-column\">\n<div class=\"table-2\">\n<table width=\"100%\">\n<tbody>\n<tr>\n<td align=\"left\">Rechtsform<\/td>\n<td align=\"left\">GmbH &amp; Verein Les Amis de la Ferme de Bud\u00e9<\/td>\n<\/tr>\n<tr>\n<td align=\"left\">Arbeitskr\u00e4fte<\/td>\n<td align=\"left\">13 Vollzeit\u00e4quivalente (VZ\u00c4) f\u00fcr den Markt auf dem Hof, Garten, Schule auf dem Bauernhof und Verwaltung<\/td>\n<\/tr>\n<tr>\n<td align=\"left\">Produktion<\/td>\n<td align=\"left\">Obst und Gem\u00fcse f\u00fcr den Markt<br \/>\nAnteil Gem\u00fcsebau am Umsatz der GmbH: 6.7 % im Jahr 2019<\/td>\n<\/tr>\n<tr>\n<td align=\"left\">Verarbeitung<\/td>\n<td align=\"left\">punktuell (Trocknen von Gew\u00fcrzkr\u00e4utern, Cardy)<\/td>\n<\/tr>\n<tr>\n<td align=\"left\">Vermarktung<\/td>\n<td align=\"left\">Markt auf dem Hof<\/td>\n<\/tr>\n<tr>\n<td align=\"left\">Label<\/td>\n<td align=\"left\">Knospe Bio<\/td>\n<\/tr>\n<tr>\n<td align=\"left\">Dienstleitungen<\/td>\n<td align=\"left\">Gem\u00fcseanbau in einem \u00f6ffentlichen Park, passive Sensibilisierung f\u00fcr die Landwirtschaft, Pflege und Aufwertung eines \u00f6ffentlichen Raums<\/td>\n<\/tr>\n<tr>\n<td align=\"left\">Betriebsstart<\/td>\n<td align=\"left\">2009, Gartenumgestaltung 2016 und 2017, Tunnel 2019<\/td>\n<\/tr>\n<tr>\n<td align=\"left\">Gem\u00fcseanbaufl\u00e4che<\/td>\n<td align=\"left\">4573 m2 (mit Trittwegen)<\/td>\n<\/tr>\n<tr>\n<td align=\"left\">Landwirtschaftliche Nutzfl\u00e4che<\/td>\n<td align=\"left\">9450 m<sup>2<\/sup><\/p>\n<p>St\u00e4dtisches Gebiet<br \/>\nNichtlandwirtschaftszone, Nutzung geregelt durch Pachtvertrag mit dem Staat Genf<\/td>\n<\/tr>\n<tr>\n<td align=\"left\">Boden<\/td>\n<td align=\"left\"><\/td>\n<\/tr>\n<tr>\n<td align=\"left\">Klima<\/td>\n<td align=\"left\">sehr windig<\/td>\n<\/tr>\n<\/tbody>\n<\/table>\n<\/div>\n<\/div><\/div><\/div><\/div><div class=\"fusion-fullwidth fullwidth-box fusion-builder-row-3 fusion-flex-container nonhundred-percent-fullwidth non-hundred-percent-height-scrolling\" style=\"--awb-border-radius-top-left:0px;--awb-border-radius-top-right:0px;--awb-border-radius-bottom-right:0px;--awb-border-radius-bottom-left:0px;--awb-flex-wrap:wrap;\" ><div class=\"fusion-builder-row fusion-row fusion-flex-align-items-flex-start fusion-flex-content-wrap\" style=\"max-width:1144px;margin-left: calc(-4% \/ 2 );margin-right: calc(-4% \/ 2 );\"><div class=\"fusion-layout-column fusion_builder_column fusion-builder-column-5 fusion_builder_column_1_1 1_1 fusion-flex-column\" style=\"--awb-bg-size:cover;--awb-width-large:100%;--awb-margin-top-large:0px;--awb-spacing-right-large:1.92%;--awb-margin-bottom-large:20px;--awb-spacing-left-large:1.92%;--awb-width-medium:100%;--awb-order-medium:0;--awb-spacing-right-medium:1.92%;--awb-spacing-left-medium:1.92%;--awb-width-small:100%;--awb-order-small:0;--awb-spacing-right-small:1.92%;--awb-spacing-left-small:1.92%;\"><div class=\"fusion-column-wrapper fusion-column-has-shadow fusion-flex-justify-content-flex-start fusion-content-layout-column\"><iframe width=\"560\" height=\"315\" src=\"https:\/\/www.rts.ch\/play\/embed?urn=urn:rts:video:13300959&subdivisions=false\" allowfullscreen allow=\"geolocation *; encrypted-media\"><\/iframe>\n<span>Entretien avec D\u00e9lio Fiore-Donno, mara\u00eecher de la ferme de Bud\u00e9 (RTS, Couleurs d'\u00e9t\u00e9 du 11.08.2022)<\/span><\/div><\/div><\/div><\/div><div class=\"fusion-fullwidth fullwidth-box fusion-builder-row-4 fusion-flex-container nonhundred-percent-fullwidth non-hundred-percent-height-scrolling\" style=\"--awb-border-radius-top-left:0px;--awb-border-radius-top-right:0px;--awb-border-radius-bottom-right:0px;--awb-border-radius-bottom-left:0px;--awb-flex-wrap:wrap;\" ><div class=\"fusion-builder-row fusion-row fusion-flex-align-items-flex-start fusion-flex-content-wrap\" style=\"max-width:1144px;margin-left: calc(-4% \/ 2 );margin-right: calc(-4% \/ 2 );\"><div class=\"fusion-layout-column fusion_builder_column fusion-builder-column-6 fusion_builder_column_1_1 1_1 fusion-flex-column\" style=\"--awb-bg-size:cover;--awb-width-large:100%;--awb-margin-top-large:0px;--awb-spacing-right-large:1.92%;--awb-margin-bottom-large:20px;--awb-spacing-left-large:1.92%;--awb-width-medium:100%;--awb-order-medium:0;--awb-spacing-right-medium:1.92%;--awb-spacing-left-medium:1.92%;--awb-width-small:100%;--awb-order-small:0;--awb-spacing-right-small:1.92%;--awb-spacing-left-small:1.92%;\" id=\"gouvernance\"><div class=\"fusion-column-wrapper fusion-column-has-shadow fusion-flex-justify-content-flex-start fusion-content-layout-column\"><div class=\"fusion-title title fusion-title-3 fusion-sep-none fusion-title-text fusion-title-size-three\"><h3 class=\"fusion-title-heading title-heading-left fusion-responsive-typography-calculated\" style=\"margin:0;--fontSize:30;line-height:1.5;\">Gouvernanz<\/h3><\/div><div class=\"fusion-text fusion-text-3\"><p>Die Organisationsstruktur der GmbH ist flach. Die verschiedenen Teams (Markt, Garten, Schule auf dem Bauern-hof, Verwaltung) funktionieren nach dem Prinzip der gemeinsamen Verantwortung. Das Betriebssteuerungsgremi-um setzt sich aus allen Angestellten zusammen. Es werden regelm\u00e4ssig Plenarversammlungen abgehalten. Alle Mitarbeitenden erhalten denselben Lohn. Sie verpflichten sich, h\u00f6chstens 80 % zu arbeiten. Der Verein \u00abLes Amis de la Ferme de Bud\u00e9\u00bb wurde ins Leben gerufen, um ein Crowdfunding f\u00fcr die Neugestaltung des Gartens zu lancieren: Das Geld wurde von den Vereinsmitgliedern gespendet, die sich an dieser Kampagne beteiligten.<\/p>\n<\/div><\/div><\/div><\/div><\/div><div class=\"fusion-fullwidth fullwidth-box fusion-builder-row-5 fusion-flex-container nonhundred-percent-fullwidth non-hundred-percent-height-scrolling\" style=\"--awb-border-radius-top-left:0px;--awb-border-radius-top-right:0px;--awb-border-radius-bottom-right:0px;--awb-border-radius-bottom-left:0px;--awb-flex-wrap:wrap;\" ><div class=\"fusion-builder-row fusion-row fusion-flex-align-items-flex-start fusion-flex-content-wrap\" style=\"max-width:1144px;margin-left: calc(-4% \/ 2 );margin-right: calc(-4% \/ 2 );\"><div class=\"fusion-layout-column fusion_builder_column fusion-builder-column-7 fusion_builder_column_1_1 1_1 fusion-flex-column\" style=\"--awb-bg-size:cover;--awb-width-large:100%;--awb-margin-top-large:0px;--awb-spacing-right-large:1.92%;--awb-margin-bottom-large:20px;--awb-spacing-left-large:1.92%;--awb-width-medium:100%;--awb-order-medium:0;--awb-spacing-right-medium:1.92%;--awb-spacing-left-medium:1.92%;--awb-width-small:100%;--awb-order-small:0;--awb-spacing-right-small:1.92%;--awb-spacing-left-small:1.92%;\"><div class=\"fusion-column-wrapper fusion-column-has-shadow fusion-flex-justify-content-flex-start fusion-content-layout-column\"><div class=\"fusion-title title fusion-title-4 fusion-sep-none fusion-title-text fusion-title-size-three\" id=\"design\"><h3 class=\"fusion-title-heading title-heading-left fusion-responsive-typography-calculated\" style=\"margin:0;--fontSize:30;line-height:1.5;\">Design<\/h3><\/div><\/div><\/div><div class=\"fusion-layout-column fusion_builder_column fusion-builder-column-8 fusion_builder_column_3_5 3_5 fusion-flex-column\" style=\"--awb-bg-size:cover;--awb-width-large:60%;--awb-margin-top-large:0px;--awb-spacing-right-large:3.2%;--awb-margin-bottom-large:20px;--awb-spacing-left-large:3.2%;--awb-width-medium:100%;--awb-order-medium:0;--awb-spacing-right-medium:1.92%;--awb-spacing-left-medium:1.92%;--awb-width-small:100%;--awb-order-small:0;--awb-spacing-right-small:1.92%;--awb-spacing-left-small:1.92%;\"><div class=\"fusion-column-wrapper fusion-column-has-shadow fusion-flex-justify-content-flex-start fusion-content-layout-column\"><div class=\"fusion-text fusion-text-4\"><p>Inspiriert vom Modell Jean-Martin Fortier, ist die Hauptparzelle kleiner als 1 Hektare und wird ausschliesslich gem\u00fcsebaulich genutzt. Eine kleine Parzelle mit Gew\u00fcrzkr\u00e4utern und f\u00fcr die Schule auf dem Bauernhof geh\u00f6rt ebenso zum Betrieb wie ein kleiner Versuchsgarten.<\/p>\n<p>Die Hauptparzelle setzt sich aus 8 G\u00e4rten \u00e0 je 10 fixen Beeten zusammen. Diese sind 75 cm breit und 30 m lang. Die Trittwege zwischen den Beeten sind 45 cm breit. Auf der Parzelle steht auch ein fix installierter, 9 m breiter und 31 m langer Gem\u00fcsebautunnel mit 8 Beeten \u00e0 30 m. Zudem beherbergt die Parzelle 5 Reihen Beerenkulturen.<\/p>\n<p>Der Versuchsgarten umfasst 8 Beete \u00e0 30 m und 8 Beete \u00e0 25 m.<\/p>\n<\/div><div class=\"accordian fusion-accordian mf-references-toggle\" style=\"--awb-border-size:1px;--awb-icon-size:20px;--awb-content-font-size:var(--awb-typography4-font-size);--awb-icon-alignment:left;--awb-hover-color:#ffffff;--awb-border-color:#cccccc;--awb-background-color:#ffffff;--awb-divider-color:var(--awb-color3);--awb-divider-hover-color:var(--awb-color3);--awb-icon-color:#7a7a7a;--awb-title-color:var(--awb-color8);--awb-content-color:var(--awb-color8);--awb-icon-box-color:#d8d8d8;--awb-toggle-hover-accent-color:#7a7a7a;--awb-title-font-family:var(--awb-typography1-font-family);--awb-title-font-weight:var(--awb-typography1-font-weight);--awb-title-font-style:var(--awb-typography1-font-style);--awb-title-font-size:16px;--awb-title-line-height:1.5;--awb-content-font-family:var(--awb-typography4-font-family);--awb-content-font-weight:var(--awb-typography4-font-weight);--awb-content-font-style:var(--awb-typography4-font-style);\"><div class=\"panel-group fusion-toggle-icon-unboxed\" id=\"accordion-1224-1\"><div class=\"fusion-panel panel-default panel-97ca1a290f2e65cc4 fusion-toggle-no-divider fusion-toggle-boxed-mode\"><div class=\"panel-heading\"><h4 class=\"panel-title toggle\" id=\"toggle_97ca1a290f2e65cc4\"><a aria-expanded=\"false\" aria-controls=\"97ca1a290f2e65cc4\" role=\"button\" data-toggle=\"collapse\" data-target=\"#97ca1a290f2e65cc4\" href=\"#97ca1a290f2e65cc4\"><span class=\"fusion-toggle-icon-wrapper\" aria-hidden=\"true\"><i class=\"fa-fusion-box active-icon awb-icon-minus\" aria-hidden=\"true\"><\/i><i class=\"fa-fusion-box inactive-icon awb-icon-plus\" aria-hidden=\"true\"><\/i><\/span><span class=\"fusion-toggle-heading\">Design: Referenzen<\/span><\/a><\/h4><\/div><div id=\"97ca1a290f2e65cc4\" class=\"panel-collapse collapse \" aria-labelledby=\"toggle_97ca1a290f2e65cc4\"><div class=\"panel-body toggle-content fusion-clearfix\">\n<p>Fortier Jean-Martin (2016). Le jardinier-mara\u00eecher \u2013 Manuel d\u2019agriculture biologique sur petite surface.<\/p>\n<p><a href=\"https:\/\/www.lejardiniermaraicher.com\" target=\"_blank\" rel=\"noopener noreferrer\">www.lejardiniermaraicher.com<\/a><\/p>\n<\/div><\/div><\/div><\/div><\/div><\/div><\/div><div class=\"fusion-layout-column fusion_builder_column fusion-builder-column-9 fusion_builder_column_2_5 2_5 fusion-flex-column\" style=\"--awb-bg-size:cover;--awb-width-large:40%;--awb-margin-top-large:0px;--awb-spacing-right-large:4.8%;--awb-margin-bottom-large:20px;--awb-spacing-left-large:4.8%;--awb-width-medium:100%;--awb-order-medium:0;--awb-spacing-right-medium:1.92%;--awb-spacing-left-medium:1.92%;--awb-width-small:100%;--awb-order-small:0;--awb-spacing-right-small:1.92%;--awb-spacing-left-small:1.92%;\"><div class=\"fusion-column-wrapper fusion-column-has-shadow fusion-flex-justify-content-flex-start fusion-content-layout-column\"><div class=\"fusion-image-carousel fusion-image-carousel-auto fusion-image-carousel-1 lightbox-enabled fusion-carousel-border\"><div class=\"awb-carousel awb-swiper awb-swiper-carousel awb-swiper-dots-position-bottom awb-carousel--carousel\" data-layout=\"carousel\" data-autoplay=\"yes\" data-autoplayspeed=\"2500\" data-autoplaypause=\"no\" data-columns=\"1\" data-columnsmedium=\"0\" data-columnssmall=\"0\" data-itemmargin=\"13\" data-itemwidth=\"180\" data-touchscroll=\"no\" data-freemode=\"no\" data-imagesize=\"auto\" data-scrollitems=\"0\" data-centeredslides=\"no\" data-rotationangle=\"50\" data-depth=\"100\" data-speed=\"500\" data-shadow=\"no\" style=\"--awb-columns:1;--awb-border-width:1px;--awb-border-color:#e9eaee;\"><div class=\"swiper-wrapper awb-image-carousel-wrapper fusion-flex-align-items-center\"><div class=\"swiper-slide\"><div class=\"fusion-carousel-item-wrapper\"><div class=\"fusion-image-wrapper hover-type-none\"><a data-rel=\"iLightbox[image_carousel_1]\" data-caption=\"(c) FiBL\" data-title=\"Bud\u00e9_Design_1_FiBL\" aria-label=\"Bud\u00e9_Design_1_FiBL\" href=\"https:\/\/agripedia.ch\/urbane-landwirtschaft\/wp-content\/uploads\/sites\/20\/2020\/12\/Bud\u00e9_Design_1_FiBL.jpg\" target=\"_self\"><img decoding=\"async\" width=\"1100\" height=\"735\" src=\"https:\/\/agripedia.ch\/agriculture-et-ville\/wp-content\/uploads\/sites\/20\/2020\/12\/Bud\u00e9_Design_1_FiBL.jpg\" class=\"attachment-full size-full\" alt=\"\" srcset=\"https:\/\/agripedia.ch\/agriculture-et-ville\/wp-content\/uploads\/sites\/20\/2020\/12\/Bud\u00e9_Design_1_FiBL-200x134.jpg 200w, https:\/\/agripedia.ch\/agriculture-et-ville\/wp-content\/uploads\/sites\/20\/2020\/12\/Bud\u00e9_Design_1_FiBL-300x200.jpg 300w, https:\/\/agripedia.ch\/agriculture-et-ville\/wp-content\/uploads\/sites\/20\/2020\/12\/Bud\u00e9_Design_1_FiBL-400x267.jpg 400w, https:\/\/agripedia.ch\/agriculture-et-ville\/wp-content\/uploads\/sites\/20\/2020\/12\/Bud\u00e9_Design_1_FiBL-600x401.jpg 600w, https:\/\/agripedia.ch\/agriculture-et-ville\/wp-content\/uploads\/sites\/20\/2020\/12\/Bud\u00e9_Design_1_FiBL-768x513.jpg 768w, https:\/\/agripedia.ch\/agriculture-et-ville\/wp-content\/uploads\/sites\/20\/2020\/12\/Bud\u00e9_Design_1_FiBL-800x535.jpg 800w, https:\/\/agripedia.ch\/agriculture-et-ville\/wp-content\/uploads\/sites\/20\/2020\/12\/Bud\u00e9_Design_1_FiBL-1024x684.jpg 1024w, https:\/\/agripedia.ch\/agriculture-et-ville\/wp-content\/uploads\/sites\/20\/2020\/12\/Bud\u00e9_Design_1_FiBL.jpg 1100w\" sizes=\"(max-width: 1100px) 100vw, 1100px\" \/><\/a><\/div><\/div><\/div><div class=\"swiper-slide\"><div class=\"fusion-carousel-item-wrapper\"><div class=\"fusion-image-wrapper hover-type-none\"><a data-rel=\"iLightbox[image_carousel_1]\" data-caption=\"(c) FiBL\" data-title=\"Bud\u00e9_Design_2_FiBL\" aria-label=\"Bud\u00e9_Design_2_FiBL\" href=\"https:\/\/agripedia.ch\/urbane-landwirtschaft\/wp-content\/uploads\/sites\/20\/2020\/12\/Bud\u00e9_Design_2_FiBL.jpg\" target=\"_self\"><img decoding=\"async\" width=\"1100\" height=\"735\" src=\"https:\/\/agripedia.ch\/agriculture-et-ville\/wp-content\/uploads\/sites\/20\/2020\/12\/Bud\u00e9_Design_2_FiBL.jpg\" class=\"attachment-full size-full\" alt=\"\" srcset=\"https:\/\/agripedia.ch\/agriculture-et-ville\/wp-content\/uploads\/sites\/20\/2020\/12\/Bud\u00e9_Design_2_FiBL-200x134.jpg 200w, https:\/\/agripedia.ch\/agriculture-et-ville\/wp-content\/uploads\/sites\/20\/2020\/12\/Bud\u00e9_Design_2_FiBL-300x200.jpg 300w, https:\/\/agripedia.ch\/agriculture-et-ville\/wp-content\/uploads\/sites\/20\/2020\/12\/Bud\u00e9_Design_2_FiBL-400x267.jpg 400w, https:\/\/agripedia.ch\/agriculture-et-ville\/wp-content\/uploads\/sites\/20\/2020\/12\/Bud\u00e9_Design_2_FiBL-600x401.jpg 600w, https:\/\/agripedia.ch\/agriculture-et-ville\/wp-content\/uploads\/sites\/20\/2020\/12\/Bud\u00e9_Design_2_FiBL-768x513.jpg 768w, https:\/\/agripedia.ch\/agriculture-et-ville\/wp-content\/uploads\/sites\/20\/2020\/12\/Bud\u00e9_Design_2_FiBL-800x535.jpg 800w, https:\/\/agripedia.ch\/agriculture-et-ville\/wp-content\/uploads\/sites\/20\/2020\/12\/Bud\u00e9_Design_2_FiBL-1024x684.jpg 1024w, https:\/\/agripedia.ch\/agriculture-et-ville\/wp-content\/uploads\/sites\/20\/2020\/12\/Bud\u00e9_Design_2_FiBL.jpg 1100w\" sizes=\"(max-width: 1100px) 100vw, 1100px\" \/><\/a><\/div><\/div><\/div><div class=\"swiper-slide\"><div class=\"fusion-carousel-item-wrapper\"><div class=\"fusion-image-wrapper hover-type-none\"><a data-rel=\"iLightbox[image_carousel_1]\" data-caption=\"(c) AGRIDEA\" data-title=\"Bud\u00e9_Design_3_Agridea\" aria-label=\"Bud\u00e9_Design_3_Agridea\" href=\"https:\/\/agripedia.ch\/urbane-landwirtschaft\/wp-content\/uploads\/sites\/20\/2020\/12\/Bud\u00e9_Design_3_Agridea.png\" target=\"_self\"><img decoding=\"async\" width=\"1100\" height=\"735\" src=\"https:\/\/agripedia.ch\/agriculture-et-ville\/wp-content\/uploads\/sites\/20\/2020\/12\/Bud\u00e9_Design_3_Agridea.png\" class=\"attachment-full size-full\" alt=\"\" srcset=\"https:\/\/agripedia.ch\/agriculture-et-ville\/wp-content\/uploads\/sites\/20\/2020\/12\/Bud\u00e9_Design_3_Agridea-200x134.png 200w, https:\/\/agripedia.ch\/agriculture-et-ville\/wp-content\/uploads\/sites\/20\/2020\/12\/Bud\u00e9_Design_3_Agridea-300x200.png 300w, https:\/\/agripedia.ch\/agriculture-et-ville\/wp-content\/uploads\/sites\/20\/2020\/12\/Bud\u00e9_Design_3_Agridea-400x267.png 400w, https:\/\/agripedia.ch\/agriculture-et-ville\/wp-content\/uploads\/sites\/20\/2020\/12\/Bud\u00e9_Design_3_Agridea-600x401.png 600w, https:\/\/agripedia.ch\/agriculture-et-ville\/wp-content\/uploads\/sites\/20\/2020\/12\/Bud\u00e9_Design_3_Agridea-768x513.png 768w, https:\/\/agripedia.ch\/agriculture-et-ville\/wp-content\/uploads\/sites\/20\/2020\/12\/Bud\u00e9_Design_3_Agridea-800x535.png 800w, https:\/\/agripedia.ch\/agriculture-et-ville\/wp-content\/uploads\/sites\/20\/2020\/12\/Bud\u00e9_Design_3_Agridea-1024x684.png 1024w, https:\/\/agripedia.ch\/agriculture-et-ville\/wp-content\/uploads\/sites\/20\/2020\/12\/Bud\u00e9_Design_3_Agridea.png 1100w\" sizes=\"(max-width: 1100px) 100vw, 1100px\" \/><\/a><\/div><\/div><\/div><div class=\"swiper-slide\"><div class=\"fusion-carousel-item-wrapper\"><div class=\"fusion-image-wrapper hover-type-none\"><a data-rel=\"iLightbox[image_carousel_1]\" data-caption=\"(c) FiBL\" data-title=\"Bud\u00e9_Design_4_FiBL\" aria-label=\"Bud\u00e9_Design_4_FiBL\" href=\"https:\/\/agripedia.ch\/urbane-landwirtschaft\/wp-content\/uploads\/sites\/20\/2020\/12\/Bud\u00e9_Design_4_FiBL-1.jpg\" target=\"_self\"><img decoding=\"async\" width=\"1100\" height=\"735\" src=\"https:\/\/agripedia.ch\/agriculture-et-ville\/wp-content\/uploads\/sites\/20\/2020\/12\/Bud\u00e9_Design_4_FiBL-1.jpg\" class=\"attachment-full size-full\" alt=\"\" srcset=\"https:\/\/agripedia.ch\/agriculture-et-ville\/wp-content\/uploads\/sites\/20\/2020\/12\/Bud\u00e9_Design_4_FiBL-1-200x134.jpg 200w, https:\/\/agripedia.ch\/agriculture-et-ville\/wp-content\/uploads\/sites\/20\/2020\/12\/Bud\u00e9_Design_4_FiBL-1-300x200.jpg 300w, https:\/\/agripedia.ch\/agriculture-et-ville\/wp-content\/uploads\/sites\/20\/2020\/12\/Bud\u00e9_Design_4_FiBL-1-400x267.jpg 400w, https:\/\/agripedia.ch\/agriculture-et-ville\/wp-content\/uploads\/sites\/20\/2020\/12\/Bud\u00e9_Design_4_FiBL-1-600x401.jpg 600w, https:\/\/agripedia.ch\/agriculture-et-ville\/wp-content\/uploads\/sites\/20\/2020\/12\/Bud\u00e9_Design_4_FiBL-1-768x513.jpg 768w, https:\/\/agripedia.ch\/agriculture-et-ville\/wp-content\/uploads\/sites\/20\/2020\/12\/Bud\u00e9_Design_4_FiBL-1-800x535.jpg 800w, https:\/\/agripedia.ch\/agriculture-et-ville\/wp-content\/uploads\/sites\/20\/2020\/12\/Bud\u00e9_Design_4_FiBL-1-1024x684.jpg 1024w, https:\/\/agripedia.ch\/agriculture-et-ville\/wp-content\/uploads\/sites\/20\/2020\/12\/Bud\u00e9_Design_4_FiBL-1.jpg 1100w\" sizes=\"(max-width: 1100px) 100vw, 1100px\" \/><\/a><\/div><\/div><\/div><\/div><div class=\"awb-swiper-button awb-swiper-button-prev\"><i class=\"awb-icon-angle-left\" aria-hidden=\"true\"><\/i><\/div><div class=\"awb-swiper-button awb-swiper-button-next\"><i class=\"awb-icon-angle-right\" aria-hidden=\"true\"><\/i><\/div><\/div><\/div><\/div><\/div><\/div><\/div><div class=\"fusion-fullwidth fullwidth-box fusion-builder-row-6 fusion-flex-container nonhundred-percent-fullwidth non-hundred-percent-height-scrolling\" style=\"--awb-border-radius-top-left:0px;--awb-border-radius-top-right:0px;--awb-border-radius-bottom-right:0px;--awb-border-radius-bottom-left:0px;--awb-flex-wrap:wrap;\" ><div class=\"fusion-builder-row fusion-row fusion-flex-align-items-flex-start fusion-flex-content-wrap\" style=\"max-width:1144px;margin-left: calc(-4% \/ 2 );margin-right: calc(-4% \/ 2 );\"><div class=\"fusion-layout-column fusion_builder_column fusion-builder-column-10 fusion_builder_column_1_1 1_1 fusion-flex-column mf-fiche\" style=\"--awb-bg-size:cover;--awb-width-large:100%;--awb-margin-top-large:0px;--awb-spacing-right-large:1.92%;--awb-margin-bottom-large:20px;--awb-spacing-left-large:1.92%;--awb-width-medium:100%;--awb-order-medium:0;--awb-spacing-right-medium:1.92%;--awb-spacing-left-medium:1.92%;--awb-width-small:100%;--awb-order-small:0;--awb-spacing-right-small:1.92%;--awb-spacing-left-small:1.92%;\"><div class=\"fusion-column-wrapper fusion-column-has-shadow fusion-flex-justify-content-flex-start fusion-content-layout-column\"><div class=\"accordian fusion-accordian mf-fiche-toggle\" style=\"--awb-border-size:1px;--awb-icon-size:20px;--awb-content-font-size:var(--awb-typography4-font-size);--awb-icon-alignment:left;--awb-hover-color:#ffffff;--awb-border-color:#cccccc;--awb-background-color:#ffffff;--awb-divider-color:var(--awb-color3);--awb-divider-hover-color:var(--awb-color3);--awb-icon-color:#7a7a7a;--awb-title-color:var(--awb-color8);--awb-content-color:var(--awb-color8);--awb-icon-box-color:#d8d8d8;--awb-toggle-hover-accent-color:#7a7a7a;--awb-title-font-family:var(--awb-typography1-font-family);--awb-title-font-weight:var(--awb-typography1-font-weight);--awb-title-font-style:var(--awb-typography1-font-style);--awb-title-font-size:16px;--awb-title-line-height:1.5;--awb-content-font-family:var(--awb-typography4-font-family);--awb-content-font-weight:var(--awb-typography4-font-weight);--awb-content-font-style:var(--awb-typography4-font-style);\" id=\"fiche-maraichage\"><div class=\"panel-group fusion-toggle-icon-unboxed\" id=\"accordion-1224-2\"><div class=\"fusion-panel panel-default mf-fiche-toggle-content panel-a2385c8c0d1be270e fusion-toggle-no-divider fusion-toggle-boxed-mode\"><div class=\"panel-heading\"><h4 class=\"panel-title toggle\" id=\"toggle_a2385c8c0d1be270e\"><a aria-expanded=\"false\" aria-controls=\"a2385c8c0d1be270e\" role=\"button\" data-toggle=\"collapse\" data-target=\"#a2385c8c0d1be270e\" href=\"#a2385c8c0d1be270e\"><span class=\"fusion-toggle-icon-wrapper\" aria-hidden=\"true\"><i class=\"fa-fusion-box active-icon awb-icon-minus\" aria-hidden=\"true\"><\/i><i class=\"fa-fusion-box inactive-icon awb-icon-plus\" aria-hidden=\"true\"><\/i><\/span><span class=\"fusion-toggle-heading\">Datenblatt Gem\u00fcsebau<\/span><\/a><\/h4><\/div><div id=\"a2385c8c0d1be270e\" class=\"panel-collapse collapse \" aria-labelledby=\"toggle_a2385c8c0d1be270e\"><div class=\"panel-body toggle-content fusion-clearfix\">\n<p><strong>Anbauplan <\/strong><\/p>\n<ul>\n<li>Saatgut und Setzlinge werden zugekauft<\/li>\n<li>Maximale Bodenbedeckung durch Mulchen, Begr\u00fcnung der Wege und Gr\u00fcnd\u00fcngung<\/li>\n<li>Bodenbedeckung mit Mulchfolien im fortgeschrittenen Kulturstadium<\/li>\n<\/ul>\n<p><strong>Fruchtwechsel<\/strong><\/p>\n<ul>\n<li>7-J\u00e4hrige Fruchtfolge f\u00fcr 7 G\u00e4rten<\/li>\n<li>Der 8. Garten liegt jeweils brach.<\/li>\n<li>70 Sorten Obst und Gem\u00fcse, kein Lagergem\u00fcse (ausser Kartoffeln)<\/li>\n<\/ul>\n<p>Im Versuchsgarten werden Gew\u00fcrzkr\u00e4uter (mit Mulchfolien bedeckt) und seit 2 Jahren Milpa (Mischkultur Bohnen, Mais und K\u00fcrbis) angebaut<\/p>\n<p><strong>D\u00fcngung<\/strong><\/p>\n<ul>\n<li>Kompost: \u00bc Eigenproduktion, der Rest wird zugef\u00fchrt<\/li>\n<li>60 % der Anbaufl\u00e4che ist im Winter mit Gr\u00fcnd\u00fcngung begr\u00fcnt<\/li>\n<\/ul>\n<p><strong>Krankheits- und Sch\u00e4dlingsbek\u00e4mpfung<\/strong><\/p>\n<ul>\n<li>Bodengesundheit<\/li>\n<li>Vorbeugend: Abwechselnd w\u00f6chentliche Anwendung von Milch-, Knoblauch- und Melisse-Ausz\u00fcgen<\/li>\n<li>Insektenschutznetze<\/li>\n<li>Mischkulturanbau: Zwiebelgew\u00e4chse und Doldenbl\u00fctler gegen Minierfliegen<\/li>\n<li>Kurativ: Kupferbehandlungen f\u00fcr Tomatenstauden (3x) und Pfirsichb\u00e4ume<\/li>\n<li>Kurativ: Hom\u00f6opathische Behandlung mit Pyrethrum gegen Blattl\u00e4use bei Bedarf<\/li>\n<li>Andere Sch\u00e4dlinge: Feldmausvorkommen und Schneckendruck nicht allzu hoch<\/li>\n<\/ul>\n<p><strong>Weitere Informationen<\/strong><\/p>\n<ul>\n<li>Biostroh ist schwierig zu beschaffen<\/li>\n<\/ul>\n<\/div><\/div><\/div><\/div><\/div><\/div><\/div><\/div><\/div><div class=\"fusion-fullwidth fullwidth-box fusion-builder-row-7 fusion-flex-container nonhundred-percent-fullwidth non-hundred-percent-height-scrolling\" style=\"--awb-border-radius-top-left:0px;--awb-border-radius-top-right:0px;--awb-border-radius-bottom-right:0px;--awb-border-radius-bottom-left:0px;--awb-flex-wrap:wrap;\" ><div class=\"fusion-builder-row fusion-row fusion-flex-align-items-flex-start fusion-flex-content-wrap\" style=\"max-width:1144px;margin-left: calc(-4% \/ 2 );margin-right: calc(-4% \/ 2 );\"><div class=\"fusion-layout-column fusion_builder_column fusion-builder-column-11 fusion_builder_column_1_1 1_1 fusion-flex-column mf-fiche\" style=\"--awb-bg-size:cover;--awb-width-large:100%;--awb-margin-top-large:0px;--awb-spacing-right-large:1.92%;--awb-margin-bottom-large:20px;--awb-spacing-left-large:1.92%;--awb-width-medium:100%;--awb-order-medium:0;--awb-spacing-right-medium:1.92%;--awb-spacing-left-medium:1.92%;--awb-width-small:100%;--awb-order-small:0;--awb-spacing-right-small:1.92%;--awb-spacing-left-small:1.92%;\"><div class=\"fusion-column-wrapper fusion-column-has-shadow fusion-flex-justify-content-flex-start fusion-content-layout-column\"><div class=\"accordian fusion-accordian mf-fiche-toggle\" style=\"--awb-border-size:1px;--awb-icon-size:20px;--awb-content-font-size:var(--awb-typography4-font-size);--awb-icon-alignment:left;--awb-hover-color:#ffffff;--awb-border-color:#cccccc;--awb-background-color:#ffffff;--awb-divider-color:var(--awb-color3);--awb-divider-hover-color:var(--awb-color3);--awb-icon-color:#7a7a7a;--awb-title-color:var(--awb-color8);--awb-content-color:var(--awb-color8);--awb-icon-box-color:#d8d8d8;--awb-toggle-hover-accent-color:#7a7a7a;--awb-title-font-family:var(--awb-typography1-font-family);--awb-title-font-weight:var(--awb-typography1-font-weight);--awb-title-font-style:var(--awb-typography1-font-style);--awb-title-font-size:16px;--awb-title-line-height:1.5;--awb-content-font-family:var(--awb-typography4-font-family);--awb-content-font-weight:var(--awb-typography4-font-weight);--awb-content-font-style:var(--awb-typography4-font-style);\" id=\"fiche-batiment-equipement\"><div class=\"panel-group fusion-toggle-icon-unboxed\" id=\"accordion-1224-3\"><div class=\"fusion-panel panel-default mf-fiche-toggle-content panel-61d7eb2419d60d9fd fusion-toggle-no-divider fusion-toggle-boxed-mode\"><div class=\"panel-heading\"><h4 class=\"panel-title toggle\" id=\"toggle_61d7eb2419d60d9fd\"><a aria-expanded=\"false\" aria-controls=\"61d7eb2419d60d9fd\" role=\"button\" data-toggle=\"collapse\" data-target=\"#61d7eb2419d60d9fd\" href=\"#61d7eb2419d60d9fd\"><span class=\"fusion-toggle-icon-wrapper\" aria-hidden=\"true\"><i class=\"fa-fusion-box active-icon awb-icon-minus\" aria-hidden=\"true\"><\/i><i class=\"fa-fusion-box inactive-icon awb-icon-plus\" aria-hidden=\"true\"><\/i><\/span><span class=\"fusion-toggle-heading\">Datenblatt Geb\u00e4ude, Installationen und Ausr\u00fcstung <\/span><\/a><\/h4><\/div><div id=\"61d7eb2419d60d9fd\" class=\"panel-collapse collapse \" aria-labelledby=\"toggle_61d7eb2419d60d9fd\"><div class=\"panel-body toggle-content fusion-clearfix\">\n<p><strong>Geb\u00e4ude und Infrastruktur<\/strong><\/p>\n<ul>\n<li>Geb\u00e4ude f\u00fcr den Hofmarkt<\/li>\n<li>Geb\u00e4ude, worin das \u00abMaison de l\u2019Alimentation du Territoire\u00bb untergebracht ist<\/li>\n<li>Zus\u00e4tzliches Geb\u00e4ude mit Werkzeugschopf<\/li>\n<li>Fixer Gem\u00fcsebautunnel (automatisiert) 9 x 31 m<\/li>\n<\/ul>\n<p><strong>Maschinen und Werkzeuge<\/strong><\/p>\n<ul>\n<li>Grelinette<\/li>\n<li>Kreiselegge<\/li>\n<li>Drehpflug<\/li>\n<li>Motorfr\u00e4se<\/li>\n<li>Trocknungsanlage<\/li>\n<\/ul>\n<p><strong>Bew\u00e4sserung<\/strong><\/p>\n<ul>\n<li>Alle G\u00e4rten werden mit Minisprinklern bew\u00e4ssert<\/li>\n<li>Tropfbew\u00e4sserung im Tunnel<\/li>\n<li>Tropfbew\u00e4sserung f\u00fcr Gew\u00fcrzkr\u00e4uter<\/li>\n<\/ul>\n<\/div><\/div><\/div><\/div><\/div><\/div><\/div><\/div><\/div><div class=\"fusion-fullwidth fullwidth-box fusion-builder-row-8 fusion-flex-container nonhundred-percent-fullwidth non-hundred-percent-height-scrolling\" style=\"--awb-border-radius-top-left:0px;--awb-border-radius-top-right:0px;--awb-border-radius-bottom-right:0px;--awb-border-radius-bottom-left:0px;--awb-flex-wrap:wrap;\" ><div class=\"fusion-builder-row fusion-row fusion-flex-align-items-flex-start fusion-flex-content-wrap\" style=\"max-width:1144px;margin-left: calc(-4% \/ 2 );margin-right: calc(-4% \/ 2 );\"><div class=\"fusion-layout-column fusion_builder_column fusion-builder-column-12 fusion_builder_column_1_1 1_1 fusion-flex-column mf-fiche\" style=\"--awb-bg-size:cover;--awb-width-large:100%;--awb-margin-top-large:0px;--awb-spacing-right-large:1.92%;--awb-margin-bottom-large:20px;--awb-spacing-left-large:1.92%;--awb-width-medium:100%;--awb-order-medium:0;--awb-spacing-right-medium:1.92%;--awb-spacing-left-medium:1.92%;--awb-width-small:100%;--awb-order-small:0;--awb-spacing-right-small:1.92%;--awb-spacing-left-small:1.92%;\"><div class=\"fusion-column-wrapper fusion-column-has-shadow fusion-flex-justify-content-flex-start fusion-content-layout-column\"><div class=\"accordian fusion-accordian mf-fiche-toggle\" style=\"--awb-border-size:1px;--awb-icon-size:20px;--awb-content-font-size:var(--awb-typography4-font-size);--awb-icon-alignment:left;--awb-hover-color:#ffffff;--awb-border-color:#cccccc;--awb-background-color:#ffffff;--awb-divider-color:var(--awb-color3);--awb-divider-hover-color:var(--awb-color3);--awb-icon-color:#7a7a7a;--awb-title-color:var(--awb-color8);--awb-content-color:var(--awb-color8);--awb-icon-box-color:#d8d8d8;--awb-toggle-hover-accent-color:#7a7a7a;--awb-title-font-family:var(--awb-typography1-font-family);--awb-title-font-weight:var(--awb-typography1-font-weight);--awb-title-font-style:var(--awb-typography1-font-style);--awb-title-font-size:16px;--awb-title-line-height:1.5;--awb-content-font-family:var(--awb-typography4-font-family);--awb-content-font-weight:var(--awb-typography4-font-weight);--awb-content-font-style:var(--awb-typography4-font-style);\" id=\"fiche-main-d-oeuvre\"><div class=\"panel-group fusion-toggle-icon-unboxed\" id=\"accordion-1224-4\"><div class=\"fusion-panel panel-default mf-fiche-toggle-content panel-ce63d0c376b6fd1bb fusion-toggle-no-divider fusion-toggle-boxed-mode\"><div class=\"panel-heading\"><h4 class=\"panel-title toggle\" id=\"toggle_ce63d0c376b6fd1bb\"><a aria-expanded=\"false\" aria-controls=\"ce63d0c376b6fd1bb\" role=\"button\" data-toggle=\"collapse\" data-target=\"#ce63d0c376b6fd1bb\" href=\"#ce63d0c376b6fd1bb\"><span class=\"fusion-toggle-icon-wrapper\" aria-hidden=\"true\"><i class=\"fa-fusion-box active-icon awb-icon-minus\" aria-hidden=\"true\"><\/i><i class=\"fa-fusion-box inactive-icon awb-icon-plus\" aria-hidden=\"true\"><\/i><\/span><span class=\"fusion-toggle-heading\">Datenblatt Arbeitskr\u00e4fte <\/span><\/a><\/h4><\/div><div id=\"ce63d0c376b6fd1bb\" class=\"panel-collapse collapse \" aria-labelledby=\"toggle_ce63d0c376b6fd1bb\"><div class=\"panel-body toggle-content fusion-clearfix\">\n<div id=\"attachment_828\" style=\"width: 610px\" class=\"wp-caption alignright\"><img decoding=\"async\" aria-describedby=\"caption-attachment-828\" class=\"wp-image-828 size-fusion-600\" src=\"https:\/\/agripedia.ch\/urbane-landwirtschaft\/wp-content\/uploads\/sites\/20\/2020\/12\/Bud\u00e9_Fiche-travail_FiBL-600x401.jpg\" alt=\"\" width=\"600\" height=\"401\" srcset=\"https:\/\/agripedia.ch\/agriculture-et-ville\/wp-content\/uploads\/sites\/20\/2020\/12\/Bud\u00e9_Fiche-travail_FiBL-200x134.jpg 200w, https:\/\/agripedia.ch\/agriculture-et-ville\/wp-content\/uploads\/sites\/20\/2020\/12\/Bud\u00e9_Fiche-travail_FiBL-300x200.jpg 300w, https:\/\/agripedia.ch\/agriculture-et-ville\/wp-content\/uploads\/sites\/20\/2020\/12\/Bud\u00e9_Fiche-travail_FiBL-400x267.jpg 400w, https:\/\/agripedia.ch\/agriculture-et-ville\/wp-content\/uploads\/sites\/20\/2020\/12\/Bud\u00e9_Fiche-travail_FiBL-600x401.jpg 600w, https:\/\/agripedia.ch\/agriculture-et-ville\/wp-content\/uploads\/sites\/20\/2020\/12\/Bud\u00e9_Fiche-travail_FiBL-768x513.jpg 768w, https:\/\/agripedia.ch\/agriculture-et-ville\/wp-content\/uploads\/sites\/20\/2020\/12\/Bud\u00e9_Fiche-travail_FiBL-800x535.jpg 800w, https:\/\/agripedia.ch\/agriculture-et-ville\/wp-content\/uploads\/sites\/20\/2020\/12\/Bud\u00e9_Fiche-travail_FiBL-1024x684.jpg 1024w, https:\/\/agripedia.ch\/agriculture-et-ville\/wp-content\/uploads\/sites\/20\/2020\/12\/Bud\u00e9_Fiche-travail_FiBL.jpg 1100w\" sizes=\"(max-width: 600px) 100vw, 600px\" \/><p id=\"caption-attachment-828\" class=\"wp-caption-text\">(c) FiBL<\/p><\/div>\n<p><strong>Kernteam<\/strong><\/p>\n<p>2,8 Vollzeit\u00e4quivalente im Garten je nach Jahreszeit:<\/p>\n<ul>\n<li>2 Festangestellte, Besch\u00e4ftigungsgrad 50-60 %<\/li>\n<li>1 Saisonstelle f\u00fcr 6 Monate, Besch\u00e4ftigungsgrad 80 %<\/li>\n<li>2 Praktikumsstellen f\u00fcr 6 Monate, Besch\u00e4ftigungsgrad 80 %<\/li>\n<li>2-3 Freiwillige (Mitarbeit jeden Tag w\u00e4hrend 1-3 Wochen oder Mitarbeit 1 Tag pro Woche w\u00e4hrend mindestens 2 Monaten. Die Freiwilligen erhalten w\u00f6chentlich Waren vom Markt im Wert von 20 CHF)<\/li>\n<li>unbezahlte Praktika, 2 oder 3 Monate zu 80 % (Studierende der HEPIA, Vertiefung Gestion de la Nature)<\/li>\n<\/ul>\n<p><strong>Organisation<\/strong><\/p>\n<p>Total 13 VZ\u00c4:<\/p>\n<ul>\n<li>Aufgeteilt auf 20-25 Personen je nach Saison, Besch\u00e4ftigungsgrad h\u00f6chstens 80 %<\/li>\n<li>Buchhaltung: 1 Person, Verwaltung: 1 Person, Kommunikation: 1 Person<\/li>\n<li>K\u00fcche: 1 Person<\/li>\n<li>Schule auf dem Bauernhof: 1 Person<\/li>\n<li>Garten: 5 Personen<\/li>\n<li>Markt: 1 verantwortliche Person pro Verkaufsbereich<\/li>\n<li>Verk\u00e4uferinnen und Verk\u00e4ufer<\/li>\n<\/ul>\n<\/div><\/div><\/div><\/div><\/div><\/div><\/div><\/div><\/div><div class=\"fusion-fullwidth fullwidth-box fusion-builder-row-9 fusion-flex-container nonhundred-percent-fullwidth non-hundred-percent-height-scrolling\" style=\"--awb-border-radius-top-left:0px;--awb-border-radius-top-right:0px;--awb-border-radius-bottom-right:0px;--awb-border-radius-bottom-left:0px;--awb-flex-wrap:wrap;\" ><div class=\"fusion-builder-row fusion-row fusion-flex-align-items-flex-start fusion-flex-content-wrap\" style=\"max-width:1144px;margin-left: calc(-4% \/ 2 );margin-right: calc(-4% \/ 2 );\"><div class=\"fusion-layout-column fusion_builder_column fusion-builder-column-13 fusion_builder_column_1_1 1_1 fusion-flex-column mf-fiche\" style=\"--awb-bg-size:cover;--awb-width-large:100%;--awb-margin-top-large:0px;--awb-spacing-right-large:1.92%;--awb-margin-bottom-large:20px;--awb-spacing-left-large:1.92%;--awb-width-medium:100%;--awb-order-medium:0;--awb-spacing-right-medium:1.92%;--awb-spacing-left-medium:1.92%;--awb-width-small:100%;--awb-order-small:0;--awb-spacing-right-small:1.92%;--awb-spacing-left-small:1.92%;\"><div class=\"fusion-column-wrapper fusion-column-has-shadow fusion-flex-justify-content-flex-start fusion-content-layout-column\"><div class=\"accordian fusion-accordian mf-fiche-toggle\" style=\"--awb-border-size:1px;--awb-icon-size:20px;--awb-content-font-size:var(--awb-typography4-font-size);--awb-icon-alignment:left;--awb-hover-color:#ffffff;--awb-border-color:#cccccc;--awb-background-color:#ffffff;--awb-divider-color:var(--awb-color3);--awb-divider-hover-color:var(--awb-color3);--awb-icon-color:#7a7a7a;--awb-title-color:var(--awb-color8);--awb-content-color:var(--awb-color8);--awb-icon-box-color:#d8d8d8;--awb-toggle-hover-accent-color:#7a7a7a;--awb-title-font-family:var(--awb-typography1-font-family);--awb-title-font-weight:var(--awb-typography1-font-weight);--awb-title-font-style:var(--awb-typography1-font-style);--awb-title-font-size:16px;--awb-title-line-height:1.5;--awb-content-font-family:var(--awb-typography4-font-family);--awb-content-font-weight:var(--awb-typography4-font-weight);--awb-content-font-style:var(--awb-typography4-font-style);\" id=\"fiche-sociale\"><div class=\"panel-group fusion-toggle-icon-unboxed\" id=\"accordion-1224-5\"><div class=\"fusion-panel panel-default mf-fiche-toggle-content panel-0faa7d9bc4d8752c4 fusion-toggle-no-divider fusion-toggle-boxed-mode\"><div class=\"panel-heading\"><h4 class=\"panel-title toggle\" id=\"toggle_0faa7d9bc4d8752c4\"><a aria-expanded=\"false\" aria-controls=\"0faa7d9bc4d8752c4\" role=\"button\" data-toggle=\"collapse\" data-target=\"#0faa7d9bc4d8752c4\" href=\"#0faa7d9bc4d8752c4\"><span class=\"fusion-toggle-icon-wrapper\" aria-hidden=\"true\"><i class=\"fa-fusion-box active-icon awb-icon-minus\" aria-hidden=\"true\"><\/i><i class=\"fa-fusion-box inactive-icon awb-icon-plus\" aria-hidden=\"true\"><\/i><\/span><span class=\"fusion-toggle-heading\">Datenblatt Soziales <\/span><\/a><\/h4><\/div><div id=\"0faa7d9bc4d8752c4\" class=\"panel-collapse collapse \" aria-labelledby=\"toggle_0faa7d9bc4d8752c4\"><div class=\"panel-body toggle-content fusion-clearfix\">\n<div id=\"attachment_830\" style=\"width: 410px\" class=\"wp-caption alignright\"><img decoding=\"async\" aria-describedby=\"caption-attachment-830\" class=\"wp-image-830 size-fusion-400\" src=\"https:\/\/agripedia.ch\/urbane-landwirtschaft\/wp-content\/uploads\/sites\/20\/2020\/12\/Bud\u00e9_Fiche-sociale_FiBL-400x437.jpg\" alt=\"\" width=\"400\" height=\"437\" srcset=\"https:\/\/agripedia.ch\/agriculture-et-ville\/wp-content\/uploads\/sites\/20\/2020\/12\/Bud\u00e9_Fiche-sociale_FiBL-200x218.jpg 200w, https:\/\/agripedia.ch\/agriculture-et-ville\/wp-content\/uploads\/sites\/20\/2020\/12\/Bud\u00e9_Fiche-sociale_FiBL-275x300.jpg 275w, https:\/\/agripedia.ch\/agriculture-et-ville\/wp-content\/uploads\/sites\/20\/2020\/12\/Bud\u00e9_Fiche-sociale_FiBL-400x437.jpg 400w, https:\/\/agripedia.ch\/agriculture-et-ville\/wp-content\/uploads\/sites\/20\/2020\/12\/Bud\u00e9_Fiche-sociale_FiBL-600x655.jpg 600w, https:\/\/agripedia.ch\/agriculture-et-ville\/wp-content\/uploads\/sites\/20\/2020\/12\/Bud\u00e9_Fiche-sociale_FiBL-768x839.jpg 768w, https:\/\/agripedia.ch\/agriculture-et-ville\/wp-content\/uploads\/sites\/20\/2020\/12\/Bud\u00e9_Fiche-sociale_FiBL-800x874.jpg 800w, https:\/\/agripedia.ch\/agriculture-et-ville\/wp-content\/uploads\/sites\/20\/2020\/12\/Bud\u00e9_Fiche-sociale_FiBL.jpg 900w\" sizes=\"(max-width: 400px) 100vw, 400px\" \/><p id=\"caption-attachment-830\" class=\"wp-caption-text\">(c) FiBL<\/p><\/div>\n<ul>\n<li>Alle Angestellten arbeiten zu 80 %.<\/li>\n<li>Horizontale Governanz<\/li>\n<li>Mit partizipativer Finanzierung konnte der Tunnelbau und ein neues Gartendesign umgesetzt werden.<\/li>\n<li>Starke soziale Vernetzung dank zentraler Lage und Bekanntheit<\/li>\n<li>Grosse Nachfrage f\u00fcr freiwillige Mitarbeit seitens der Bev\u00f6lkerung<\/li>\n<\/ul>\n<\/div><\/div><\/div><\/div><\/div><\/div><\/div><\/div><\/div><div class=\"fusion-fullwidth fullwidth-box fusion-builder-row-10 fusion-flex-container nonhundred-percent-fullwidth non-hundred-percent-height-scrolling\" style=\"--awb-border-radius-top-left:0px;--awb-border-radius-top-right:0px;--awb-border-radius-bottom-right:0px;--awb-border-radius-bottom-left:0px;--awb-flex-wrap:wrap;\" ><div class=\"fusion-builder-row fusion-row fusion-flex-align-items-flex-start fusion-flex-content-wrap\" style=\"max-width:1144px;margin-left: calc(-4% \/ 2 );margin-right: calc(-4% \/ 2 );\"><div class=\"fusion-layout-column fusion_builder_column fusion-builder-column-14 fusion_builder_column_1_1 1_1 fusion-flex-column mf-fiche\" style=\"--awb-bg-size:cover;--awb-width-large:100%;--awb-margin-top-large:0px;--awb-spacing-right-large:1.92%;--awb-margin-bottom-large:20px;--awb-spacing-left-large:1.92%;--awb-width-medium:100%;--awb-order-medium:0;--awb-spacing-right-medium:1.92%;--awb-spacing-left-medium:1.92%;--awb-width-small:100%;--awb-order-small:0;--awb-spacing-right-small:1.92%;--awb-spacing-left-small:1.92%;\"><div class=\"fusion-column-wrapper fusion-column-has-shadow fusion-flex-justify-content-flex-start fusion-content-layout-column\"><div class=\"accordian fusion-accordian mf-fiche-toggle\" style=\"--awb-border-size:1px;--awb-icon-size:20px;--awb-content-font-size:var(--awb-typography4-font-size);--awb-icon-alignment:left;--awb-hover-color:#ffffff;--awb-border-color:#cccccc;--awb-background-color:#ffffff;--awb-divider-color:var(--awb-color3);--awb-divider-hover-color:var(--awb-color3);--awb-icon-color:#7a7a7a;--awb-title-color:var(--awb-color8);--awb-content-color:var(--awb-color8);--awb-icon-box-color:#d8d8d8;--awb-toggle-hover-accent-color:#7a7a7a;--awb-title-font-family:var(--awb-typography1-font-family);--awb-title-font-weight:var(--awb-typography1-font-weight);--awb-title-font-style:var(--awb-typography1-font-style);--awb-title-font-size:16px;--awb-title-line-height:1.5;--awb-content-font-family:var(--awb-typography4-font-family);--awb-content-font-weight:var(--awb-typography4-font-weight);--awb-content-font-style:var(--awb-typography4-font-style);\" id=\"fiche-environnementale\"><div class=\"panel-group fusion-toggle-icon-unboxed\" id=\"accordion-1224-6\"><div class=\"fusion-panel panel-default mf-fiche-toggle-content panel-da989f42571c654c6 fusion-toggle-no-divider fusion-toggle-boxed-mode\"><div class=\"panel-heading\"><h4 class=\"panel-title toggle\" id=\"toggle_da989f42571c654c6\"><a aria-expanded=\"false\" aria-controls=\"da989f42571c654c6\" role=\"button\" data-toggle=\"collapse\" data-target=\"#da989f42571c654c6\" href=\"#da989f42571c654c6\"><span class=\"fusion-toggle-icon-wrapper\" aria-hidden=\"true\"><i class=\"fa-fusion-box active-icon awb-icon-minus\" aria-hidden=\"true\"><\/i><i class=\"fa-fusion-box inactive-icon awb-icon-plus\" aria-hidden=\"true\"><\/i><\/span><span class=\"fusion-toggle-heading\">Datenblatt Umwelt<\/span><\/a><\/h4><\/div><div id=\"da989f42571c654c6\" class=\"panel-collapse collapse \" aria-labelledby=\"toggle_da989f42571c654c6\"><div class=\"panel-body toggle-content fusion-clearfix\">\n<ul>\n<li>Besonderer Fokus auf der Bodengesundheit<\/li>\n<li>35 Gem\u00fcsearten und 80 verschiedene Gem\u00fcsesorten<\/li>\n<li>Hoher Regenwurmbesatz (HEPIA)<\/li>\n<li>Unkrautregulierung mit Schafen<\/li>\n<li>3 Bienenv\u00f6lker<\/li>\n<li>N\u00e4hrstoffkreislauf wegen hoher ausserbetrieblicher Kompostzufuhr nicht geschlossen<\/li>\n<li>Keine Lebensmittelverschwendung, weil unverkaufte Waren in der K\u00fcche f\u00fcr die Mitarbeiterverpflegung verwertet werden<\/li>\n<\/ul>\n<\/div><\/div><\/div><\/div><\/div><\/div><\/div><\/div><\/div><div class=\"fusion-fullwidth fullwidth-box fusion-builder-row-11 fusion-flex-container nonhundred-percent-fullwidth non-hundred-percent-height-scrolling\" style=\"--awb-border-radius-top-left:0px;--awb-border-radius-top-right:0px;--awb-border-radius-bottom-right:0px;--awb-border-radius-bottom-left:0px;--awb-flex-wrap:wrap;\" ><div class=\"fusion-builder-row fusion-row fusion-flex-align-items-flex-start fusion-flex-content-wrap\" style=\"max-width:1144px;margin-left: calc(-4% \/ 2 );margin-right: calc(-4% \/ 2 );\"><div class=\"fusion-layout-column fusion_builder_column fusion-builder-column-15 fusion_builder_column_1_1 1_1 fusion-flex-column\" style=\"--awb-bg-size:cover;--awb-width-large:100%;--awb-margin-top-large:0px;--awb-spacing-right-large:1.92%;--awb-margin-bottom-large:20px;--awb-spacing-left-large:1.92%;--awb-width-medium:100%;--awb-order-medium:0;--awb-spacing-right-medium:1.92%;--awb-spacing-left-medium:1.92%;--awb-width-small:100%;--awb-order-small:0;--awb-spacing-right-small:1.92%;--awb-spacing-left-small:1.92%;\"><div class=\"fusion-column-wrapper fusion-column-has-shadow fusion-flex-justify-content-flex-start fusion-content-layout-column\">\n<div class=\"table-1\" id=\"chiffres-cles\">\n<table width=\"100%\">\n<tbody>\n<tr>\n<td><strong>Kennzahlen<br \/>\n<\/strong><\/td>\n<td><strong>Jahr 2019<\/strong><\/td>\n<td><\/td>\n<\/tr>\n<tr>\n<td>\n<h5>FL\u00c4CHE<\/h5>\n<\/td>\n<td><\/td>\n<td><\/td>\n<\/tr>\n<tr>\n<td>Landwirtschaftliche Nutzfl\u00e4che (LN)<\/td>\n<td>9 450 m<sup>2<\/sup><\/td>\n<td><\/td>\n<\/tr>\n<tr>\n<td>Gem\u00fcseanbaufl\u00e4che<br \/>\n(Gem\u00fcsebeete mit Trittwegen, Freiland und gesch\u00fctzter Anbau, inkl. Beete mit Beerenkulturen)<\/td>\n<td>4 573 m<sup>2<\/sup><\/td>\n<td><\/td>\n<\/tr>\n<tr>\n<td>Anteil Gem\u00fcsebau an der LN<\/td>\n<td>48 %<\/td>\n<td><\/td>\n<\/tr>\n<tr>\n<td>Anteil der gesch\u00fctzten Fl\u00e4chen (Tunnel) \/ Gesamtgem\u00fcseanbaufl\u00e4che<\/td>\n<td>8 %<\/td>\n<td><\/td>\n<\/tr>\n<tr>\n<td>\n<h5>ARBEITSKR\u00c4FTE<\/h5>\n<\/td>\n<td><\/td>\n<td><\/td>\n<\/tr>\n<tr>\n<td>Vollzeit\u00e4quivalente (VZ\u00c4) GmbH (Landwirtschaftsbetrieb und Hofladen)<\/td>\n<td>13 VZ\u00c4<\/td>\n<td><\/td>\n<\/tr>\n<tr>\n<td>VZ\u00c4 Gem\u00fcsebau (Landwirtschaftsbetrieb ohne Administration)<\/td>\n<td>2,8 VZ\u00c4<\/td>\n<td><\/td>\n<\/tr>\n<tr>\n<td>Gem\u00fcseanbaufl\u00e4che \/ VZ\u00c4 Gem\u00fcsebau<\/td>\n<td>1 632 m<sup>2<\/sup>\/VZ\u00c4<\/td>\n<td><\/td>\n<\/tr>\n<tr>\n<td>\n<h5>WIRTSCHAFTLICHE KENNZAHLEN<\/h5>\n<\/td>\n<td><\/td>\n<td><\/td>\n<\/tr>\n<tr>\n<td>Umsatz Garten \/ Umsatz GmbH<\/td>\n<td>9%<\/td>\n<td><\/td>\n<\/tr>\n<tr>\n<td>Umsatz Gem\u00fcsebau \/ Umsatz GmbH<\/td>\n<td>78%<\/td>\n<td><\/td>\n<\/tr>\n<tr>\n<td>EBITDA* Garten \/ LN<\/td>\n<td>27 224 CHF\/ha<\/td>\n<td><\/td>\n<\/tr>\n<tr>\n<td>EBITDA* Garten \/ VZ\u00c4<\/td>\n<td>9231 CHF\/VZ\u00c4<\/td>\n<td><\/td>\n<\/tr>\n<tr>\n<td>\n<h5>WIRTSCHAFTLICHE KENNZAHLEN BEZOGEN AUF GEM\u00dcSEANBAUFL\u00c4CHE<\/h5>\n<\/td>\n<td><\/td>\n<td><\/td>\n<\/tr>\n<tr>\n<td>+ Produkte aus dem Gem\u00fcseanbau<\/td>\n<td>33,33 CHF\/m<sup>2<\/sup><\/td>\n<td><\/td>\n<\/tr>\n<tr>\n<td>&#8211; Direktkosten Gem\u00fcsebau<\/td>\n<td>4,31 CHF\/m<sup>2<\/sup><\/td>\n<td><\/td>\n<\/tr>\n<tr>\n<td>= Direktkostenfreier Ertrag Gem\u00fcsebau<\/td>\n<td><strong>29,02 CHF\/m<sup>2<\/sup><\/strong><\/td>\n<td><\/td>\n<\/tr>\n<tr>\n<td>&#8211; Personalaufwand Gem\u00fcsebau<\/td>\n<td>27,83 CHF\/m<sup>2<\/sup><\/td>\n<td><\/td>\n<\/tr>\n<\/tbody>\n<\/table>\n<p><em>*EBITDA: Earnings before Interest, Taxes, Depreciation and Amortization.<\/em><br \/>\n<em>Gewinn vor Zinsen (finanzielle Ertr\u00e4ge), Steuern, Abschreibungen auf Sachanlagen und Abschreibungen auf immaterielle Verm\u00f6gensgegenst\u00e4nde<\/em><\/p>\n<\/div>\n<\/div><\/div><\/div><\/div><div class=\"fusion-fullwidth fullwidth-box fusion-builder-row-12 fusion-flex-container nonhundred-percent-fullwidth non-hundred-percent-height-scrolling\" style=\"--awb-border-radius-top-left:0px;--awb-border-radius-top-right:0px;--awb-border-radius-bottom-right:0px;--awb-border-radius-bottom-left:0px;--awb-flex-wrap:wrap;\" ><div class=\"fusion-builder-row fusion-row fusion-flex-align-items-flex-start fusion-flex-content-wrap\" style=\"max-width:1144px;margin-left: calc(-4% \/ 2 );margin-right: calc(-4% \/ 2 );\"><div class=\"fusion-layout-column fusion_builder_column fusion-builder-column-16 fusion_builder_column_1_1 1_1 fusion-flex-column\" style=\"--awb-bg-size:cover;--awb-width-large:100%;--awb-margin-top-large:0px;--awb-spacing-right-large:1.92%;--awb-margin-bottom-large:20px;--awb-spacing-left-large:1.92%;--awb-width-medium:100%;--awb-order-medium:0;--awb-spacing-right-medium:1.92%;--awb-spacing-left-medium:1.92%;--awb-width-small:100%;--awb-order-small:0;--awb-spacing-right-small:1.92%;--awb-spacing-left-small:1.92%;\" id=\"fiche-business-modele\"><div class=\"fusion-column-wrapper fusion-column-has-shadow fusion-flex-justify-content-flex-start fusion-content-layout-column\"><div class=\"fusion-title title fusion-title-5 fusion-sep-none fusion-title-text fusion-title-size-three mf-fiche-title\" id=\"business-modele\"><h3 class=\"fusion-title-heading title-heading-left fusion-responsive-typography-calculated\" style=\"margin:0;--fontSize:30;line-height:1.5;\">Datenblatt Businessmodell<\/h3><\/div><div class=\"fusion-title title fusion-title-6 fusion-sep-none fusion-title-text fusion-title-size-four\"><h4 class=\"fusion-title-heading title-heading-left fusion-responsive-typography-calculated\" style=\"margin:0;--fontSize:24;--minFontSize:24;line-height:1.5;\">Canvas<\/h4><\/div>\n<div class=\"table-1 mf-canvas\">\n<table width=\"100%\">\n<tbody>\n<tr>\n<td rowspan=\"2\"><strong>Schl\u00fcsselpartnerinnen und -partner<\/strong><\/p>\n<ul>\n<li>200 bis 300 Zulieferer<\/li>\n<li>Kanton Genf<\/li>\n<li>HEPIA (Praktika)<\/li>\n<li>Ma-Terre<\/li>\n<\/ul>\n<\/td>\n<td><strong>Schl\u00fcsselaktivit\u00e4ten<\/strong><\/p>\n<ul>\n<li>Gem\u00fcsebau<\/li>\n<li>Marktverkauf<\/li>\n<li>P\u00e4dagogik und Sensibilisierung<\/li>\n<\/ul>\n<\/td>\n<td colspan=\"2\" rowspan=\"2\"><strong>Wertversprechen<\/strong><\/p>\n<ul>\n<li>Obst und Gem\u00fcse<\/li>\n<li>Verkauf von verarbeiteten Produkten<\/li>\n<li>Schule auf dem Bauernhof<\/li>\n<\/ul>\n<\/td>\n<td><strong>Kundenbeziehungen<\/strong><\/p>\n<ul>\n<li>Internetsite, Newslet-ter, Instagram, Face-book<\/li>\n<li>Events<\/li>\n<li>Freiwilligenarbeit<\/li>\n<li>Verein Les Amis de la Ferme de Bud\u00e9<\/li>\n<\/ul>\n<\/td>\n<td rowspan=\"2\"><strong>Kundensegmente<\/strong><\/p>\n<ul>\n<li>Bev\u00f6lkerung von Genf<\/li>\n<li>Kundinnen und Kunden aus der nahen Umgebung<\/li>\n<\/ul>\n<\/td>\n<\/tr>\n<tr>\n<td><strong>Schl\u00fcsselressourcen<\/strong><\/p>\n<ul>\n<li>Menschen<\/li>\n<li>Geografische Lage<\/li>\n<li>Pachtvertrag f\u00fcr Nicht-landwirtschaftszone im Zentrum von Genf<\/li>\n<\/ul>\n<\/td>\n<td><strong>Vertriebskan\u00e4le<\/strong><\/p>\n<ul>\n<li>Hofmarkt auf der Ferme de Bud\u00e9<\/li>\n<\/ul>\n<\/td>\n<\/tr>\n<tr>\n<td colspan=\"3\"><strong>Strukturkosten<\/strong><\/p>\n<ul>\n<li>L\u00f6hne<\/li>\n<li>Warenzukauf<\/li>\n<\/ul>\n<\/td>\n<td colspan=\"3\"><strong>Einkommensquellen<\/strong><\/p>\n<ul>\n<li>Markt<\/li>\n<li>Spenden (crowdfunding)<\/li>\n<\/ul>\n<\/td>\n<\/tr>\n<\/tbody>\n<\/table>\n<\/div>\n<div class=\"accordian fusion-accordian mf-references-toggle\" style=\"--awb-border-size:1px;--awb-icon-size:20px;--awb-content-font-size:var(--awb-typography4-font-size);--awb-icon-alignment:left;--awb-hover-color:#ffffff;--awb-border-color:#cccccc;--awb-background-color:#ffffff;--awb-divider-color:var(--awb-color3);--awb-divider-hover-color:var(--awb-color3);--awb-icon-color:#7a7a7a;--awb-title-color:var(--awb-color8);--awb-content-color:var(--awb-color8);--awb-icon-box-color:#d8d8d8;--awb-toggle-hover-accent-color:#7a7a7a;--awb-title-font-family:var(--awb-typography1-font-family);--awb-title-font-weight:var(--awb-typography1-font-weight);--awb-title-font-style:var(--awb-typography1-font-style);--awb-title-font-size:16px;--awb-title-line-height:1.5;--awb-content-font-family:var(--awb-typography4-font-family);--awb-content-font-weight:var(--awb-typography4-font-weight);--awb-content-font-style:var(--awb-typography4-font-style);\"><div class=\"panel-group fusion-toggle-icon-unboxed\" id=\"accordion-1224-7\"><div class=\"fusion-panel panel-default panel-95b5b95c0079636e1 fusion-toggle-no-divider fusion-toggle-boxed-mode\"><div class=\"panel-heading\"><h4 class=\"panel-title toggle\" id=\"toggle_95b5b95c0079636e1\"><a aria-expanded=\"false\" aria-controls=\"95b5b95c0079636e1\" role=\"button\" data-toggle=\"collapse\" data-target=\"#95b5b95c0079636e1\" href=\"#95b5b95c0079636e1\"><span class=\"fusion-toggle-icon-wrapper\" aria-hidden=\"true\"><i class=\"fa-fusion-box active-icon awb-icon-minus\" aria-hidden=\"true\"><\/i><i class=\"fa-fusion-box inactive-icon awb-icon-plus\" aria-hidden=\"true\"><\/i><\/span><span class=\"fusion-toggle-heading\">Kommentare<\/span><\/a><\/h4><\/div><div id=\"95b5b95c0079636e1\" class=\"panel-collapse collapse \" aria-labelledby=\"toggle_95b5b95c0079636e1\"><div class=\"panel-body toggle-content fusion-clearfix\">\n<ul>\n<li>Anteil des Landwirtschaftsbetriebs am Umsatz der GmbH 9 % im Jahr 2019 (zunehmend)<\/li>\n<li>Besch\u00e4ftigungsgrad der qualifizierten Mitarbeitenden h\u00f6chstens 80 %<\/li>\n<\/ul>\n<\/div><\/div><\/div><\/div><\/div><\/div><\/div><\/div><\/div><div class=\"fusion-fullwidth fullwidth-box fusion-builder-row-13 fusion-flex-container nonhundred-percent-fullwidth non-hundred-percent-height-scrolling\" style=\"--awb-border-radius-top-left:0px;--awb-border-radius-top-right:0px;--awb-border-radius-bottom-right:0px;--awb-border-radius-bottom-left:0px;--awb-flex-wrap:wrap;\" ><div class=\"fusion-builder-row fusion-row fusion-flex-align-items-flex-start fusion-flex-content-wrap\" style=\"max-width:1144px;margin-left: calc(-4% \/ 2 );margin-right: calc(-4% \/ 2 );\"><div class=\"fusion-layout-column fusion_builder_column fusion-builder-column-17 fusion_builder_column_1_1 1_1 fusion-flex-column\" style=\"--awb-bg-size:cover;--awb-width-large:100%;--awb-margin-top-large:0px;--awb-spacing-right-large:1.92%;--awb-margin-bottom-large:20px;--awb-spacing-left-large:1.92%;--awb-width-medium:100%;--awb-order-medium:0;--awb-spacing-right-medium:1.92%;--awb-spacing-left-medium:1.92%;--awb-width-small:100%;--awb-order-small:0;--awb-spacing-right-small:1.92%;--awb-spacing-left-small:1.92%;\" id=\"temoignage\"><div class=\"fusion-column-wrapper fusion-column-has-shadow fusion-flex-justify-content-flex-start fusion-content-layout-column\"><div class=\"fusion-title title fusion-title-7 fusion-sep-none fusion-title-text fusion-title-size-three mf-fiche-title\" id=\"temoignages\"><h3 class=\"fusion-title-heading title-heading-left fusion-responsive-typography-calculated\" style=\"margin:0;--fontSize:30;line-height:1.5;\">Der Bewirtschafter zu den angestrebten Zielen<\/h3><\/div><div class=\"fusion-testimonials classic awb-speech-bubble-show fusion-testimonials-1\" style=\"--awb-textcolor:#747474;--awb-backgroundcolor:#f6f6f6;--awb-testimonial-border-style:solid;--awb-testimonial-border-color:var(--awb-color3);--awb-border-top-left-radius:0px;--awb-border-top-right-radius:0px;--awb-border-bottom-left-radius:0px;--awb-border-bottom-right-radius:0px;--testimonial-border-width-top:0px;--testimonial-border-width-right:0px;--testimonial-border-width-bottom:0px;--testimonial-border-width-left:0px;\" data-random=\"0\" data-speed=\"4000\"><div class=\"reviews\"><div class=\"review active-testimonial no-avatar\"><blockquote><div class=\"awb-quote\"><div class=\"awb-quote-content\">\n<p>\u00abWir sind nicht ein Quartier- sondern ein Stadtladen.\u00bb<br \/>\n\u00abUnser Hauptzielpublikum sind wir selbst! Wir sind alle sehr unterschiedlich und repr\u00e4sentativ f\u00fcr die Genfer Bev\u00f6lkerung.\u00bb<br \/>\n\u00abMit biointensiver Mikrolandwirtschaft kann auf kleiner Fl\u00e4che viel produziert werden\u00bb.<\/p>\n<\/div><\/div><span class=\"awb-triangle\"><\/span><\/blockquote><div class=\"author\"><span class=\"company-name\"><strong>Gem\u00fcseg\u00e4rtner<\/strong><span>, <\/span><span>Ferme de Bud\u00e9<\/span><\/span><\/div><\/div><\/div><\/div><\/div><\/div><\/div><\/div><div class=\"fusion-fullwidth fullwidth-box fusion-builder-row-14 fusion-flex-container nonhundred-percent-fullwidth non-hundred-percent-height-scrolling\" style=\"--awb-border-radius-top-left:0px;--awb-border-radius-top-right:0px;--awb-border-radius-bottom-right:0px;--awb-border-radius-bottom-left:0px;--awb-flex-wrap:wrap;\" ><div class=\"fusion-builder-row fusion-row fusion-flex-align-items-flex-start fusion-flex-content-wrap\" style=\"max-width:1144px;margin-left: calc(-4% \/ 2 );margin-right: calc(-4% \/ 2 );\"><div class=\"fusion-layout-column fusion_builder_column fusion-builder-column-18 fusion_builder_column_1_1 1_1 fusion-flex-column\" style=\"--awb-bg-size:cover;--awb-width-large:100%;--awb-margin-top-large:0px;--awb-spacing-right-large:1.92%;--awb-margin-bottom-large:20px;--awb-spacing-left-large:1.92%;--awb-width-medium:100%;--awb-order-medium:0;--awb-spacing-right-medium:1.92%;--awb-spacing-left-medium:1.92%;--awb-width-small:100%;--awb-order-small:0;--awb-spacing-right-small:1.92%;--awb-spacing-left-small:1.92%;\"><div class=\"fusion-column-wrapper fusion-column-has-shadow fusion-flex-justify-content-flex-start fusion-content-layout-column\"><div class=\"fusion-title title fusion-title-8 fusion-sep-none fusion-title-text fusion-title-size-three\" id=\"projets\"><h3 class=\"fusion-title-heading title-heading-left fusion-responsive-typography-calculated\" style=\"margin:0;--fontSize:30;line-height:1.5;\">Projekte<\/h3><\/div><div class=\"fusion-text fusion-text-5\"><ul>\n<li>Einen Teich bauen zusammen mit dem Verein<\/li>\n<li>Mischkultur Milpa (Bohnen, Mais, K\u00fcrbis) in die Gem\u00fcsefruchtfolge aufnehmen<\/li>\n<li>Einen Weiher im Schafgehege bauen in Zusammenarbeit mit der Vereinigung KARSH-GE<br \/>\n<a href=\"http:\/\/www.karch-ge.ch\/projets-en-cours\/101-etangs\/\" target=\"_blank\" rel=\"noopener noreferrer\">www.karch-ge.ch\/projets-en-cours\/101-etangs<\/a><\/li>\n<li>Wildobsthecke auf der Westseite pflanzen im Rahmen des Programms \u00abNature en ville\u00bb<\/li>\n<li>Erneuerung der Beerenanlage<\/li>\n<li>Kr\u00e4ftesparenderes Verfahren f\u00fcr die Kompostwirtschaft finden (Kompostierung und Kompostverteilung auf dem Feld)<\/li>\n<li>Verbesserungen im Bereich Werkzeuge und Maschinen (Schnittsalat-Erntemaschine)<\/li>\n<li>Mobiler Legehennenstall als Bestandteil ins Bodenpflegeprogramm aufnehmen<\/li>\n<\/ul>\n<\/div><\/div><\/div><\/div><\/div><div class=\"fusion-fullwidth fullwidth-box fusion-builder-row-15 fusion-flex-container nonhundred-percent-fullwidth non-hundred-percent-height-scrolling\" style=\"--awb-border-radius-top-left:0px;--awb-border-radius-top-right:0px;--awb-border-radius-bottom-right:0px;--awb-border-radius-bottom-left:0px;--awb-flex-wrap:wrap;\" ><div class=\"fusion-builder-row fusion-row fusion-flex-align-items-flex-start fusion-flex-content-wrap\" style=\"max-width:1144px;margin-left: calc(-4% \/ 2 );margin-right: calc(-4% \/ 2 );\"><div class=\"fusion-layout-column fusion_builder_column fusion-builder-column-19 fusion_builder_column_1_1 1_1 fusion-flex-column\" style=\"--awb-bg-size:cover;--awb-width-large:100%;--awb-margin-top-large:0px;--awb-spacing-right-large:1.92%;--awb-margin-bottom-large:20px;--awb-spacing-left-large:1.92%;--awb-width-medium:100%;--awb-order-medium:0;--awb-spacing-right-medium:1.92%;--awb-spacing-left-medium:1.92%;--awb-width-small:100%;--awb-order-small:0;--awb-spacing-right-small:1.92%;--awb-spacing-left-small:1.92%;\" id=\"resultats-economiques\"><div class=\"fusion-column-wrapper fusion-column-has-shadow fusion-flex-justify-content-flex-start fusion-content-layout-column\"><div class=\"fusion-title title fusion-title-9 fusion-sep-none fusion-title-text fusion-title-size-three\"><h3 class=\"fusion-title-heading title-heading-left fusion-responsive-typography-calculated\" style=\"margin:0;--fontSize:30;line-height:1.5;\">Betriebsergebnis<\/h3><\/div><div class=\"fusion-text fusion-text-6\"><p>Ertragstabelle erstellt aufgrund der analytischen Buchhaltungsergebnisse 2019 nur f\u00fcr den Produktionsbereich (Landwirtschaftsbetrieb ohne Laden und Schule auf dem Bauernhof)<\/p>\n<\/div><div class=\"fusion-image-element \" style=\"--awb-caption-title-font-family:var(--h2_typography-font-family);--awb-caption-title-font-weight:var(--h2_typography-font-weight);--awb-caption-title-font-style:var(--h2_typography-font-style);--awb-caption-title-size:var(--h2_typography-font-size);--awb-caption-title-transform:var(--h2_typography-text-transform);--awb-caption-title-line-height:var(--h2_typography-line-height);--awb-caption-title-letter-spacing:var(--h2_typography-letter-spacing);\"><span class=\" fusion-imageframe imageframe-none imageframe-2 hover-type-none\"><a href=\"https:\/\/agripedia.ch\/urbane-landwirtschaft\/wp-content\/uploads\/sites\/20\/2020\/12\/Bud\u00e9_R\u00e9sultats_graphique_Agridea.png\" class=\"fusion-lightbox\" data-rel=\"iLightbox[ef9ac73ca81f3fd0b1a]\" data-caption=\"Graphique: AGRIDEA\" data-title=\"Bud\u00e9_R\u00e9sultats_graphique_Agridea\" title=\"Bud\u00e9_R\u00e9sultats_graphique_Agridea\"><img decoding=\"async\" width=\"1100\" height=\"922\" src=\"https:\/\/agripedia.ch\/urbane-landwirtschaft\/wp-content\/uploads\/sites\/20\/2020\/12\/Bud\u00e9_R\u00e9sultats_graphique_Agridea.png\" alt class=\"img-responsive wp-image-833\" srcset=\"https:\/\/agripedia.ch\/agriculture-et-ville\/wp-content\/uploads\/sites\/20\/2020\/12\/Bud\u00e9_R\u00e9sultats_graphique_Agridea-200x168.png 200w, https:\/\/agripedia.ch\/agriculture-et-ville\/wp-content\/uploads\/sites\/20\/2020\/12\/Bud\u00e9_R\u00e9sultats_graphique_Agridea-400x335.png 400w, https:\/\/agripedia.ch\/agriculture-et-ville\/wp-content\/uploads\/sites\/20\/2020\/12\/Bud\u00e9_R\u00e9sultats_graphique_Agridea-600x503.png 600w, https:\/\/agripedia.ch\/agriculture-et-ville\/wp-content\/uploads\/sites\/20\/2020\/12\/Bud\u00e9_R\u00e9sultats_graphique_Agridea-800x671.png 800w, https:\/\/agripedia.ch\/agriculture-et-ville\/wp-content\/uploads\/sites\/20\/2020\/12\/Bud\u00e9_R\u00e9sultats_graphique_Agridea.png 1100w\" sizes=\"(max-width: 1024px) 100vw, (max-width: 640px) 100vw, 1100px\" \/><\/a><\/span><\/div><div class=\"fusion-text fusion-text-7\"><p><em>*EBITDA: Earnings before Interest, Taxes, Depreciation and Amortization.<\/em><br \/>\n<em>Gewinn vor Zinsen (finanzielle Ertr\u00e4ge), Steuern, Abschreibungen auf Sachanlagen und Abschreibungen auf imma-terielle Verm\u00f6gensgegenst\u00e4nde<\/em><\/p>\n<\/div><\/div><\/div><\/div><\/div><div class=\"fusion-fullwidth fullwidth-box fusion-builder-row-16 fusion-flex-container nonhundred-percent-fullwidth non-hundred-percent-height-scrolling\" style=\"--awb-border-radius-top-left:0px;--awb-border-radius-top-right:0px;--awb-border-radius-bottom-right:0px;--awb-border-radius-bottom-left:0px;--awb-flex-wrap:wrap;\" ><div class=\"fusion-builder-row fusion-row fusion-flex-align-items-flex-start fusion-flex-content-wrap\" style=\"max-width:1144px;margin-left: calc(-4% \/ 2 );margin-right: calc(-4% \/ 2 );\"><div class=\"fusion-layout-column fusion_builder_column fusion-builder-column-20 fusion_builder_column_1_1 1_1 fusion-flex-column\" style=\"--awb-bg-size:cover;--awb-width-large:100%;--awb-margin-top-large:0px;--awb-spacing-right-large:1.92%;--awb-margin-bottom-large:20px;--awb-spacing-left-large:1.92%;--awb-width-medium:100%;--awb-order-medium:0;--awb-spacing-right-medium:1.92%;--awb-spacing-left-medium:1.92%;--awb-width-small:100%;--awb-order-small:0;--awb-spacing-right-small:1.92%;--awb-spacing-left-small:1.92%;\"><div class=\"fusion-column-wrapper fusion-column-has-shadow fusion-flex-justify-content-flex-start fusion-content-layout-column\"><div class=\"fusion-text fusion-text-8\"><p><strong>Dieses Portr\u00e4t wurde realisiert in Zusammenarbeit mit:<br \/>\n<\/strong><\/p>\n<\/div><\/div><\/div><div class=\"fusion-layout-column fusion_builder_column fusion-builder-column-21 fusion_builder_column_1_4 1_4 fusion-flex-column\" style=\"--awb-bg-size:cover;--awb-width-large:25%;--awb-margin-top-large:0px;--awb-spacing-right-large:7.68%;--awb-margin-bottom-large:20px;--awb-spacing-left-large:7.68%;--awb-width-medium:100%;--awb-order-medium:0;--awb-spacing-right-medium:1.92%;--awb-spacing-left-medium:1.92%;--awb-width-small:100%;--awb-order-small:0;--awb-spacing-right-small:1.92%;--awb-spacing-left-small:1.92%;\"><div class=\"fusion-column-wrapper fusion-column-has-shadow fusion-flex-justify-content-flex-start fusion-content-layout-column\"><div class=\"fusion-image-element \" style=\"--awb-max-width:654px;--awb-caption-title-font-family:var(--h2_typography-font-family);--awb-caption-title-font-weight:var(--h2_typography-font-weight);--awb-caption-title-font-style:var(--h2_typography-font-style);--awb-caption-title-size:var(--h2_typography-font-size);--awb-caption-title-transform:var(--h2_typography-text-transform);--awb-caption-title-line-height:var(--h2_typography-line-height);--awb-caption-title-letter-spacing:var(--h2_typography-letter-spacing);\"><span class=\" fusion-imageframe imageframe-none imageframe-3 hover-type-none mf-logo\"><a class=\"fusion-no-lightbox\" href=\"https:\/\/www.agridea.ch\" target=\"_blank\" aria-label=\"AGRIDEA_LOGO_WEB_RGB\" rel=\"noopener noreferrer\"><img decoding=\"async\" width=\"654\" height=\"134\" alt=\"Logo AGRIDEA\" src=\"https:\/\/agripedia.ch\/urbane-landwirtschaft\/wp-content\/uploads\/sites\/20\/2020\/11\/AGRIDEA_LOGO_WEB_RGB.jpg\" class=\"img-responsive wp-image-203\" srcset=\"https:\/\/agripedia.ch\/agriculture-et-ville\/wp-content\/uploads\/sites\/20\/2020\/11\/AGRIDEA_LOGO_WEB_RGB-200x41.jpg 200w, https:\/\/agripedia.ch\/agriculture-et-ville\/wp-content\/uploads\/sites\/20\/2020\/11\/AGRIDEA_LOGO_WEB_RGB-400x82.jpg 400w, https:\/\/agripedia.ch\/agriculture-et-ville\/wp-content\/uploads\/sites\/20\/2020\/11\/AGRIDEA_LOGO_WEB_RGB-600x123.jpg 600w, https:\/\/agripedia.ch\/agriculture-et-ville\/wp-content\/uploads\/sites\/20\/2020\/11\/AGRIDEA_LOGO_WEB_RGB.jpg 654w\" sizes=\"(max-width: 1024px) 100vw, (max-width: 640px) 100vw, 400px\" \/><\/a><\/span><\/div><\/div><\/div><div class=\"fusion-layout-column fusion_builder_column fusion-builder-column-22 fusion_builder_column_1_4 1_4 fusion-flex-column\" style=\"--awb-bg-size:cover;--awb-width-large:25%;--awb-margin-top-large:0px;--awb-spacing-right-large:7.68%;--awb-margin-bottom-large:20px;--awb-spacing-left-large:7.68%;--awb-width-medium:100%;--awb-order-medium:0;--awb-spacing-right-medium:1.92%;--awb-spacing-left-medium:1.92%;--awb-width-small:100%;--awb-order-small:0;--awb-spacing-right-small:1.92%;--awb-spacing-left-small:1.92%;\"><div class=\"fusion-column-wrapper fusion-column-has-shadow fusion-flex-justify-content-flex-start fusion-content-layout-column\"><div class=\"fusion-image-element \" style=\"--awb-max-width:286px;--awb-caption-title-font-family:var(--h2_typography-font-family);--awb-caption-title-font-weight:var(--h2_typography-font-weight);--awb-caption-title-font-style:var(--h2_typography-font-style);--awb-caption-title-size:var(--h2_typography-font-size);--awb-caption-title-transform:var(--h2_typography-text-transform);--awb-caption-title-line-height:var(--h2_typography-line-height);--awb-caption-title-letter-spacing:var(--h2_typography-letter-spacing);\"><span class=\" fusion-imageframe imageframe-none imageframe-4 hover-type-none mf-logo\"><img decoding=\"async\" width=\"286\" height=\"120\" alt=\"Logo FiBL\" title=\"Logo FiBL\" src=\"https:\/\/agripedia.ch\/urbane-landwirtschaft\/wp-content\/uploads\/sites\/20\/2020\/11\/Logo-FiBL.jpg\" class=\"img-responsive wp-image-207\" srcset=\"https:\/\/agripedia.ch\/agriculture-et-ville\/wp-content\/uploads\/sites\/20\/2020\/11\/Logo-FiBL-200x84.jpg 200w, https:\/\/agripedia.ch\/agriculture-et-ville\/wp-content\/uploads\/sites\/20\/2020\/11\/Logo-FiBL.jpg 286w\" sizes=\"(max-width: 1024px) 100vw, (max-width: 640px) 100vw, 286px\" \/><\/span><\/div><\/div><\/div><div class=\"fusion-layout-column fusion_builder_column fusion-builder-column-23 fusion_builder_column_1_4 1_4 fusion-flex-column\" style=\"--awb-bg-size:cover;--awb-width-large:25%;--awb-margin-top-large:0px;--awb-spacing-right-large:7.68%;--awb-margin-bottom-large:20px;--awb-spacing-left-large:7.68%;--awb-width-medium:100%;--awb-order-medium:0;--awb-spacing-right-medium:1.92%;--awb-spacing-left-medium:1.92%;--awb-width-small:100%;--awb-order-small:0;--awb-spacing-right-small:1.92%;--awb-spacing-left-small:1.92%;\"><div class=\"fusion-column-wrapper fusion-column-has-shadow fusion-flex-justify-content-flex-start fusion-content-layout-column\"><div class=\"fusion-text fusion-text-9\"><p>Unterst\u00fctzt von:<\/p>\n<\/div><\/div><\/div><div class=\"fusion-layout-column fusion_builder_column fusion-builder-column-24 fusion_builder_column_1_4 1_4 fusion-flex-column\" style=\"--awb-bg-size:cover;--awb-width-large:25%;--awb-margin-top-large:0px;--awb-spacing-right-large:7.68%;--awb-margin-bottom-large:20px;--awb-spacing-left-large:7.68%;--awb-width-medium:100%;--awb-order-medium:0;--awb-spacing-right-medium:1.92%;--awb-spacing-left-medium:1.92%;--awb-width-small:100%;--awb-order-small:0;--awb-spacing-right-small:1.92%;--awb-spacing-left-small:1.92%;\"><div class=\"fusion-column-wrapper fusion-column-has-shadow fusion-flex-justify-content-flex-start fusion-content-layout-column\"><div class=\"fusion-image-element \" style=\"--awb-max-width:230px;--awb-caption-title-font-family:var(--h2_typography-font-family);--awb-caption-title-font-weight:var(--h2_typography-font-weight);--awb-caption-title-font-style:var(--h2_typography-font-style);--awb-caption-title-size:var(--h2_typography-font-size);--awb-caption-title-transform:var(--h2_typography-text-transform);--awb-caption-title-line-height:var(--h2_typography-line-height);--awb-caption-title-letter-spacing:var(--h2_typography-letter-spacing);\"><span class=\" fusion-imageframe imageframe-none imageframe-5 hover-type-none mf-logo\"><img decoding=\"async\" width=\"230\" height=\"78\" alt=\"Logo Canton de Vaud\" title=\"Logo Canton de Vaud\" src=\"https:\/\/agripedia.ch\/urbane-landwirtschaft\/wp-content\/uploads\/sites\/20\/2020\/11\/Logo-Canton-de-Vaud.png\" class=\"img-responsive wp-image-205\" srcset=\"https:\/\/agripedia.ch\/agriculture-et-ville\/wp-content\/uploads\/sites\/20\/2020\/11\/Logo-Canton-de-Vaud-200x68.png 200w, https:\/\/agripedia.ch\/agriculture-et-ville\/wp-content\/uploads\/sites\/20\/2020\/11\/Logo-Canton-de-Vaud.png 230w\" sizes=\"(max-width: 1024px) 100vw, (max-width: 640px) 100vw, 230px\" \/><\/span><\/div><\/div><\/div><\/div><\/div><\/p>\n","protected":false},"excerpt":{"rendered":"","protected":false},"author":26,"featured_media":0,"parent":0,"menu_order":0,"comment_status":"closed","ping_status":"closed","template":"","meta":{"_sb_is_suggestion_mode":false,"_sb_show_suggestion_boards":false,"_sb_show_comment_boards":false,"_sb_suggestion_history":"","_sb_update_block_changes":"","_monsterinsights_skip_tracking":false,"_monsterinsights_sitenote_active":false,"_monsterinsights_sitenote_note":"","_monsterinsights_sitenote_category":0,"footnotes":""},"class_list":["post-1224","page","type-page","status-publish","hentry"],"aioseo_notices":[],"_links":{"self":[{"href":"https:\/\/agripedia.ch\/agriculture-et-ville\/de\/wp-json\/wp\/v2\/pages\/1224","targetHints":{"allow":["GET"]}}],"collection":[{"href":"https:\/\/agripedia.ch\/agriculture-et-ville\/de\/wp-json\/wp\/v2\/pages"}],"about":[{"href":"https:\/\/agripedia.ch\/agriculture-et-ville\/de\/wp-json\/wp\/v2\/types\/page"}],"author":[{"embeddable":true,"href":"https:\/\/agripedia.ch\/agriculture-et-ville\/de\/wp-json\/wp\/v2\/users\/26"}],"replies":[{"embeddable":true,"href":"https:\/\/agripedia.ch\/agriculture-et-ville\/de\/wp-json\/wp\/v2\/comments?post=1224"}],"version-history":[{"count":19,"href":"https:\/\/agripedia.ch\/agriculture-et-ville\/de\/wp-json\/wp\/v2\/pages\/1224\/revisions"}],"predecessor-version":[{"id":2888,"href":"https:\/\/agripedia.ch\/agriculture-et-ville\/de\/wp-json\/wp\/v2\/pages\/1224\/revisions\/2888"}],"wp:attachment":[{"href":"https:\/\/agripedia.ch\/agriculture-et-ville\/de\/wp-json\/wp\/v2\/media?parent=1224"}],"curies":[{"name":"wp","href":"https:\/\/api.w.org\/{rel}","templated":true}]}}